{"id":63639,"date":"2025-07-30T15:46:03","date_gmt":"2025-07-30T13:46:03","guid":{"rendered":"https:\/\/www-preview.ek-retail.com\/ek-fashion\/"},"modified":"2026-04-02T14:59:14","modified_gmt":"2026-04-02T12:59:14","slug":"ek-fashion","status":"publish","type":"page","link":"https:\/\/www.ek-retail.com\/de\/ek-fashion\/","title":{"rendered":"EK Fashion"},"content":{"rendered":"\t\t<div data-elementor-type=\"wp-page\" data-elementor-id=\"63639\" class=\"elementor elementor-63639 elementor-49887\" data-elementor-post-type=\"page\">\n\t\t\t\t<div class=\"elementor-element elementor-element-ef2462b e-con-full hero-section e-flex e-con e-parent\" data-id=\"ef2462b\" data-element_type=\"container\" data-e-type=\"container\">\n\t\t<div class=\"elementor-element elementor-element-c50b0b0 e-con-full hero-image e-flex e-con e-child\" data-id=\"c50b0b0\" data-element_type=\"container\" data-e-type=\"container\" data-settings=\"{&quot;background_background&quot;:&quot;classic&quot;}\">\n\t\t\t\t<div class=\"elementor-element elementor-element-84359d5 elementor-widget elementor-widget-image\" data-id=\"84359d5\" data-element_type=\"widget\" data-e-type=\"widget\" data-widget_type=\"image.default\">\n\t\t\t\t<div class=\"elementor-widget-container\">\n\t\t\t\t\t\t\t\t\t\t\t\t\t\t\t<img fetchpriority=\"high\" decoding=\"async\" width=\"1527\" height=\"671\" src=\"https:\/\/www.ek-retail.com\/wp-content\/uploads\/2026\/02\/header_fashion.png\" class=\"attachment-full size-full wp-image-63605\" alt=\"\" srcset=\"https:\/\/www.ek-retail.com\/wp-content\/uploads\/2026\/02\/header_fashion.png 1527w, https:\/\/www.ek-retail.com\/wp-content\/uploads\/2026\/02\/header_fashion-300x132.png 300w, https:\/\/www.ek-retail.com\/wp-content\/uploads\/2026\/02\/header_fashion-1024x450.png 1024w, https:\/\/www.ek-retail.com\/wp-content\/uploads\/2026\/02\/header_fashion-768x337.png 768w\" sizes=\"(max-width: 1527px) 100vw, 1527px\" \/>\t\t\t\t\t\t\t\t\t\t\t\t\t\t\t<\/div>\n\t\t\t\t<\/div>\n\t\t\t\t<\/div>\n\t\t<div class=\"elementor-element elementor-element-a3525fc e-con-full ind-ek-icon hero-text  e-flex e-con e-child\" data-id=\"a3525fc\" data-element_type=\"container\" data-e-type=\"container\" data-settings=\"{&quot;background_background&quot;:&quot;classic&quot;}\">\n\t\t\t\t<div class=\"elementor-element elementor-element-548692e elementor-absolute hero-title elementor-widget elementor-widget-heading\" data-id=\"548692e\" data-element_type=\"widget\" data-e-type=\"widget\" data-settings=\"{&quot;_position&quot;:&quot;absolute&quot;}\" data-widget_type=\"heading.default\">\n\t\t\t\t<div class=\"elementor-widget-container\">\n\t\t\t\t\t<h1 class=\"elementor-heading-title elementor-size-default\">EK Fashion<\/h1>\t\t\t\t<\/div>\n\t\t\t\t<\/div>\n\t\t\t\t<div class=\"elementor-element elementor-element-5fbc795 elementor-widget elementor-widget-text-editor\" data-id=\"5fbc795\" data-element_type=\"widget\" data-e-type=\"widget\" data-widget_type=\"text-editor.default\">\n\t\t\t\t<div class=\"elementor-widget-container\">\n\t\t\t\t\t\t\t\t\t<p dir=\"auto\">Eine Gemeinschaft f\u00fcr individuellen Erfolg. Entdecken Sie, was EK Fashion f\u00fcr Sie tun kann. <\/p>\t\t\t\t\t\t\t\t<\/div>\n\t\t\t\t<\/div>\n\t\t\t\t<div class=\"elementor-element elementor-element-05c0221 elementor-align-left elementor-widget elementor-widget-button\" data-id=\"05c0221\" data-element_type=\"widget\" data-e-type=\"widget\" data-widget_type=\"button.default\">\n\t\t\t\t<div class=\"elementor-widget-container\">\n\t\t\t\t\t\t\t\t\t<div class=\"elementor-button-wrapper\">\n\t\t\t\t\t<a class=\"elementor-button elementor-button-link elementor-size-sm\" href=\"https:\/\/www.ek-retail.com\/de\/kontakt\/\">\n\t\t\t\t\t\t<span class=\"elementor-button-content-wrapper\">\n\t\t\t\t\t\t\t\t\t<span class=\"elementor-button-text\">Nehmen Sie Kontakt auf<\/span>\n\t\t\t\t\t<\/span>\n\t\t\t\t\t<\/a>\n\t\t\t\t<\/div>\n\t\t\t\t\t\t\t\t<\/div>\n\t\t\t\t<\/div>\n\t\t\t\t<\/div>\n\t\t\t\t<\/div>\n\t\t<div class=\"elementor-element elementor-element-9f24ba7 passion-local-section e-flex e-con-boxed e-con e-parent\" data-id=\"9f24ba7\" data-element_type=\"container\" data-e-type=\"container\">\n\t\t\t\t\t<div class=\"e-con-inner\">\n\t\t<div class=\"elementor-element elementor-element-fe26b23 e-con-full passion-local-left-box e-flex e-con e-child\" data-id=\"fe26b23\" data-element_type=\"container\" data-e-type=\"container\">\n\t\t\t\t<div class=\"elementor-element elementor-element-305be6a elementor-widget elementor-widget-heading\" data-id=\"305be6a\" data-element_type=\"widget\" data-e-type=\"widget\" data-widget_type=\"heading.default\">\n\t\t\t\t<div class=\"elementor-widget-container\">\n\t\t\t\t\t<h2 class=\"elementor-heading-title elementor-size-default\">Leidenschaft f\u00fcr den Local Hero<\/h2>\t\t\t\t<\/div>\n\t\t\t\t<\/div>\n\t\t\t\t<div class=\"elementor-element elementor-element-164e09b elementor-widget__width-initial elementor-widget elementor-widget-text-editor\" data-id=\"164e09b\" data-element_type=\"widget\" data-e-type=\"widget\" data-widget_type=\"text-editor.default\">\n\t\t\t\t<div class=\"elementor-widget-container\">\n\t\t\t\t\t\t\t\t\t<p>EK Fashion bietet pers\u00f6nliche Beratung und innovative Dienstleistungen, um Ihr Gesch\u00e4ft zukunftssicher zu machen. Mit ma\u00dfgeschneiderter Unterst\u00fctzung helfen wir Ihnen, intelligenter einzukaufen, Ressourcen zu schonen und in Ihrem lokalen Markt erfolgreich zu sein \u2013 und das alles, w\u00e4hrend Sie Ihrem einzigartigen Weg treu bleiben, unterst\u00fctzt durch die St\u00e4rke einer starken Gemeinschaft. <\/p>\t\t\t\t\t\t\t\t<\/div>\n\t\t\t\t<\/div>\n\t\t\t\t<\/div>\n\t\t<div class=\"elementor-element elementor-element-23c79e0 e-con-full passion-local-right-box e-flex e-con e-child\" data-id=\"23c79e0\" data-element_type=\"container\" data-e-type=\"container\">\n\t\t\t\t<div class=\"elementor-element elementor-element-94393b4 elementor-absolute bg-title elementor-widget elementor-widget-heading\" data-id=\"94393b4\" data-element_type=\"widget\" data-e-type=\"widget\" data-settings=\"{&quot;_position&quot;:&quot;absolute&quot;}\" data-widget_type=\"heading.default\">\n\t\t\t\t<div class=\"elementor-widget-container\">\n\t\t\t\t\t<h2 class=\"elementor-heading-title elementor-size-default\">Vorteile<\/h2>\t\t\t\t<\/div>\n\t\t\t\t<\/div>\n\t\t<div class=\"elementor-element elementor-element-0d43697 e-con-full text-box e-flex e-con e-child\" data-id=\"0d43697\" data-element_type=\"container\" data-e-type=\"container\" data-settings=\"{&quot;background_background&quot;:&quot;classic&quot;}\">\n\t\t\t\t<div class=\"elementor-element elementor-element-ab19706 elementor-widget__width-initial fashion-img elementor-widget elementor-widget-image\" data-id=\"ab19706\" data-element_type=\"widget\" data-e-type=\"widget\" data-widget_type=\"image.default\">\n\t\t\t\t<div class=\"elementor-widget-container\">\n\t\t\t\t\t\t\t\t\t\t\t\t\t\t\t<img decoding=\"async\" src=\"https:\/\/www.ek-retail.com\/wp-content\/uploads\/elementor\/thumbs\/fashion_anne_en_jet-rikh7coc8mrsd2kit2edpt8p1ize3bnnan7jlen0dc.png\" title=\"fashion_anne_en_jet\" alt=\"fashion_anne_en_jet\" loading=\"lazy\" \/>\t\t\t\t\t\t\t\t\t\t\t\t\t\t\t<\/div>\n\t\t\t\t<\/div>\n\t\t\t\t<div class=\"elementor-element elementor-element-e54b988 elementor-widget__width-initial elementor-widget elementor-widget-text-editor\" data-id=\"e54b988\" data-element_type=\"widget\" data-e-type=\"widget\" data-widget_type=\"text-editor.default\">\n\t\t\t\t<div class=\"elementor-widget-container\">\n\t\t\t\t\t\t\t\t\t<h4>Als Gr\u00fcnderinnen profitierten Anne und Jet sehr von der Unterst\u00fctzung von EK Fashion.<\/h4><p><em>\u201cWas haben sie nicht alles f\u00fcr uns getan? Die Account Manager waren f\u00fcr uns wie Psychologen. Sie haben uns besucht, uns beraten und uns dabei geholfen, den richtigen Markenmix zusammenzustellen. Selbst als wir noch geschlossen hatten und renovierten, waren sie f\u00fcr uns da. Das hat uns wirklich das Gef\u00fchl gegeben, gesehen zu werden.&#8220;    <\/em><\/p><p><span style=\"color: #f07e25;\">ANNE &amp; JET<\/span><br>Anne &amp; Jet Mode<\/p>\t\t\t\t\t\t\t\t<\/div>\n\t\t\t\t<\/div>\n\t\t\t\t<\/div>\n\t\t\t\t<\/div>\n\t\t\t\t\t<\/div>\n\t\t\t\t<\/div>\n\t\t<div class=\"elementor-element elementor-element-56b488b why-you-should-section e-flex e-con-boxed e-con e-parent\" data-id=\"56b488b\" data-element_type=\"container\" data-e-type=\"container\" data-settings=\"{&quot;background_background&quot;:&quot;classic&quot;}\">\n\t\t\t\t\t<div class=\"e-con-inner\">\n\t\t\t\t<div class=\"elementor-element elementor-element-772a62e elementor-widget elementor-widget-heading\" data-id=\"772a62e\" data-element_type=\"widget\" data-e-type=\"widget\" data-widget_type=\"heading.default\">\n\t\t\t\t<div class=\"elementor-widget-container\">\n\t\t\t\t\t<h2 class=\"elementor-heading-title elementor-size-default\">Warum EK Fashion die richtige Wahl f\u00fcr Sie ist!<\/h2>\t\t\t\t<\/div>\n\t\t\t\t<\/div>\n\t\t\t\t<div class=\"elementor-element elementor-element-1ebd0c7 elementor-widget__width-initial elementor-widget elementor-widget-text-editor\" data-id=\"1ebd0c7\" data-element_type=\"widget\" data-e-type=\"widget\" data-widget_type=\"text-editor.default\">\n\t\t\t\t<div class=\"elementor-widget-container\">\n\t\t\t\t\t\t\t\t\t<p>Gemeinsame Entwicklung durch Zusammenarbeit<br><\/p>\t\t\t\t\t\t\t\t<\/div>\n\t\t\t\t<\/div>\n\t\t<div class=\"elementor-element elementor-element-b6292fb e-grid e-con-full why-you-should-grid e-con e-child\" data-id=\"b6292fb\" data-element_type=\"container\" data-e-type=\"container\" data-settings=\"{&quot;background_background&quot;:&quot;classic&quot;}\">\n\t\t\t\t<div class=\"elementor-element elementor-element-dd3438e first elementor-cta--skin-cover elementor-widget elementor-widget-call-to-action\" data-id=\"dd3438e\" data-element_type=\"widget\" data-e-type=\"widget\" data-widget_type=\"call-to-action.default\">\n\t\t\t\t<div class=\"elementor-widget-container\">\n\t\t\t\t\t\t\t<div class=\"elementor-cta\">\n\t\t\t\t\t<div class=\"elementor-cta__bg-wrapper\">\n\t\t\t\t<div class=\"elementor-cta__bg elementor-bg\" style=\"background-image: url(https:\/\/www.ek-retail.com\/wp-content\/uploads\/2026\/01\/5.png);\" role=\"img\" aria-label=\"5\"><\/div>\n\t\t\t\t<div class=\"elementor-cta__bg-overlay\"><\/div>\n\t\t\t<\/div>\n\t\t\t\t\t\t\t<div class=\"elementor-cta__content\">\n\t\t\t\t\n\t\t\t\t\t\t\t\t\t<h2 class=\"elementor-cta__title elementor-cta__content-item elementor-content-item\">\n\t\t\t\t\t\tF\u00fcr Einzelh\u00e4ndler\t\t\t\t\t<\/h2>\n\t\t\t\t\n\t\t\t\t\t\t\t\t\t<div class=\"elementor-cta__description elementor-cta__content-item elementor-content-item\">\n\t\t\t\t\t\tAls Einzelh\u00e4ndler bei EK profitieren Sie von verbesserten Einkaufskonditionen, die g\u00fcnstigere Preisverhandlungen erm\u00f6glichen. Die Zentralregulierung reduziert Ihren administrativen Aufwand, w\u00e4hrend Sortimentsberatung, Omnichannel-Services und -Support, der Zugang zu Eigenmarken sowie Marketingunterst\u00fctzung und der Zugriff auf relevante Insights daf\u00fcr sorgen, dass Sie stets informiert und effizient bleiben. \t\t\t\t\t<\/div>\n\t\t\t\t\n\t\t\t\t\t\t\t<\/div>\n\t\t\t\t\t\t<\/div>\n\t\t\t\t\t\t<\/div>\n\t\t\t\t<\/div>\n\t\t\t\t<div class=\"elementor-element elementor-element-7f85e42 second elementor-cta--skin-cover elementor-widget elementor-widget-call-to-action\" data-id=\"7f85e42\" data-element_type=\"widget\" data-e-type=\"widget\" data-widget_type=\"call-to-action.default\">\n\t\t\t\t<div class=\"elementor-widget-container\">\n\t\t\t\t\t\t\t<div class=\"elementor-cta\">\n\t\t\t\t\t<div class=\"elementor-cta__bg-wrapper\">\n\t\t\t\t<div class=\"elementor-cta__bg elementor-bg\" style=\"background-image: url(https:\/\/www.ek-retail.com\/wp-content\/uploads\/2026\/01\/1.png);\" role=\"img\" aria-label=\"1\"><\/div>\n\t\t\t\t<div class=\"elementor-cta__bg-overlay\"><\/div>\n\t\t\t<\/div>\n\t\t\t\t\t\t\t<div class=\"elementor-cta__content\">\n\t\t\t\t\n\t\t\t\t\t\t\t\t\t<h2 class=\"elementor-cta__title elementor-cta__content-item elementor-content-item\">\n\t\t\t\t\t\tF\u00fcr Lieferanten\t\t\t\t\t<\/h2>\n\t\t\t\t\n\t\t\t\t\t\t\t\t\t<div class=\"elementor-cta__description elementor-cta__content-item elementor-content-item\">\n\t\t\t\t\t\tAls Lieferant im EK-Netzwerk profitieren Sie von einem h\u00f6heren Absatzvolumen durch den Zugang zu einem gr\u00f6\u00dferen H\u00e4ndlernetz. Langfristige Vertr\u00e4ge sorgen f\u00fcr Marktstabilit\u00e4t, w\u00e4hrend effiziente Distribution und zentrale Abrechnung Ihre Betriebskosten senken.  Dar\u00fcber hinaus erhalten Sie Zugang zu relevanten Marktzahlen, um Ihre Betriebsabl\u00e4ufe effizienter zu steuern.\t\t\t\t\t<\/div>\n\t\t\t\t\n\t\t\t\t\t\t\t<\/div>\n\t\t\t\t\t\t<\/div>\n\t\t\t\t\t\t<\/div>\n\t\t\t\t<\/div>\n\t\t\t\t<div class=\"elementor-element elementor-element-4cd119d third elementor-cta--skin-cover elementor-widget elementor-widget-call-to-action\" data-id=\"4cd119d\" data-element_type=\"widget\" data-e-type=\"widget\" data-widget_type=\"call-to-action.default\">\n\t\t\t\t<div class=\"elementor-widget-container\">\n\t\t\t\t\t\t\t<div class=\"elementor-cta\">\n\t\t\t\t\t<div class=\"elementor-cta__bg-wrapper\">\n\t\t\t\t<div class=\"elementor-cta__bg elementor-bg\" style=\"background-image: url(https:\/\/www.ek-retail.com\/wp-content\/uploads\/2026\/01\/2.png);\" role=\"img\" aria-label=\"2\"><\/div>\n\t\t\t\t<div class=\"elementor-cta__bg-overlay\"><\/div>\n\t\t\t<\/div>\n\t\t\t\t\t\t\t<div class=\"elementor-cta__content\">\n\t\t\t\t\n\t\t\t\t\t\t\t\t\t<h2 class=\"elementor-cta__title elementor-cta__content-item elementor-content-item\">\n\t\t\t\t\t\tF\u00fcr Dienstleister\t\t\t\t\t<\/h2>\n\t\t\t\t\n\t\t\t\t\t\t\t\t\t<div class=\"elementor-cta__description elementor-cta__content-item elementor-content-item\">\n\t\t\t\t\t\tAls Dienstleister bedeutet eine Partnerschaft mit EK den Zugang zu einem breiten Netzwerk mittelst\u00e4ndischer, unabh\u00e4ngiger Einzelh\u00e4ndler. Unser Leistungsspektrum unterst\u00fctzt Einzelh\u00e4ndler in den Bereichen Beschaffung, Marketing, Logistik und mehr, sodass sie sich ganz auf ihre Kunden konzentrieren k\u00f6nnen. \t\t\t\t\t<\/div>\n\t\t\t\t\n\t\t\t\t\t\t\t<\/div>\n\t\t\t\t\t\t<\/div>\n\t\t\t\t\t\t<\/div>\n\t\t\t\t<\/div>\n\t\t\t\t<\/div>\n\t\t\t\t\t<\/div>\n\t\t\t\t<\/div>\n\t\t<div class=\"elementor-element elementor-element-7aa86ad1 brands-caroussel-section e-flex e-con-boxed e-con e-parent\" data-id=\"7aa86ad1\" data-element_type=\"container\" data-e-type=\"container\" id=\"labels_anchor\" data-settings=\"{&quot;background_background&quot;:&quot;classic&quot;}\">\n\t\t\t\t\t<div class=\"e-con-inner\">\n\t\t\t\t<div class=\"elementor-element elementor-element-61378d10 elementor-widget__width-inherit elementor-widget elementor-widget-text-editor\" data-id=\"61378d10\" data-element_type=\"widget\" data-e-type=\"widget\" data-widget_type=\"text-editor.default\">\n\t\t\t\t<div class=\"elementor-widget-container\">\n\t\t\t\t\t\t\t\t\t<h2>Unsere Eigenmarken und Marken<\/h2><p>EK Fashion kombiniert exklusive Labels und starke Marken mit einem zuverl\u00e4ssigen Preis-Leistungs-Verh\u00e4ltnis. Von Damen- und Herrenmode \u00fcber Kinder- bis hin zu Babykleidung: Jede Marke in unserem Portfolio wird sorgf\u00e4ltig Statt ausgew\u00e4hlt eher kreiert, um zu Ihrer Region, Ihrer Zielgruppe und Ihrer Gesch\u00e4ftsidentit\u00e4t zu passen. <\/p>\t\t\t\t\t\t\t\t<\/div>\n\t\t\t\t<\/div>\n\t\t\t\t<div class=\"elementor-element elementor-element-1d72848 elementor-arrows-position-outside elementor-widget__width-inherit elementor-widget elementor-widget-n-carousel\" data-id=\"1d72848\" data-element_type=\"widget\" data-e-type=\"widget\" data-settings=\"{&quot;carousel_items&quot;:[{&quot;_id&quot;:&quot;ad88486&quot;,&quot;slide_title&quot;:&quot;J&#039;AMU&quot;},{&quot;slide_title&quot;:&quot;Slide #3&quot;,&quot;_id&quot;:&quot;145cdae&quot;},{&quot;_id&quot;:&quot;ebbb0b7&quot;,&quot;slide_title&quot;:&quot;Slide #4&quot;},{&quot;_id&quot;:&quot;7f2e2d3&quot;,&quot;slide_title&quot;:&quot;Slide #5&quot;},{&quot;_id&quot;:&quot;dfe5c09&quot;,&quot;slide_title&quot;:&quot;Slide #6&quot;},{&quot;_id&quot;:&quot;de1805e&quot;,&quot;slide_title&quot;:&quot;Slide #7&quot;},{&quot;_id&quot;:&quot;c4ef2cc&quot;,&quot;slide_title&quot;:&quot;Slide #8&quot;},{&quot;_id&quot;:&quot;099ebd8&quot;,&quot;slide_title&quot;:&quot;Slide #9&quot;},{&quot;_id&quot;:&quot;c95f259&quot;,&quot;slide_title&quot;:&quot;Slide #9&quot;},{&quot;_id&quot;:&quot;19ad8f1&quot;,&quot;slide_title&quot;:&quot;Slide #10&quot;},{&quot;_id&quot;:&quot;5168b72&quot;,&quot;slide_title&quot;:&quot;Folie #11&quot;}],&quot;slides_to_show&quot;:&quot;5&quot;,&quot;slides_to_scroll&quot;:&quot;1&quot;,&quot;image_spacing_custom&quot;:{&quot;unit&quot;:&quot;px&quot;,&quot;size&quot;:0,&quot;sizes&quot;:[]},&quot;slides_to_show_tablet&quot;:&quot;2&quot;,&quot;slides_to_show_mobile&quot;:&quot;1&quot;,&quot;infinite&quot;:&quot;yes&quot;,&quot;speed&quot;:500,&quot;offset_sides&quot;:&quot;none&quot;,&quot;arrows&quot;:&quot;yes&quot;,&quot;image_spacing_custom_tablet&quot;:{&quot;unit&quot;:&quot;px&quot;,&quot;size&quot;:&quot;&quot;,&quot;sizes&quot;:[]},&quot;image_spacing_custom_mobile&quot;:{&quot;unit&quot;:&quot;px&quot;,&quot;size&quot;:&quot;&quot;,&quot;sizes&quot;:[]}}\" data-widget_type=\"nested-carousel.default\">\n\t\t\t\t<div class=\"elementor-widget-container\">\n\t\t\t\t\t\t\t<div class=\"e-n-carousel swiper\" role=\"region\" aria-roledescription=\"carousel\" aria-label=\"Karussell\" dir=\"ltr\">\n\t\t\t<div class=\"swiper-wrapper\" aria-live=\"polite\">\n\t\t\t\t\t\t\t\t\t\t<div class=\"swiper-slide\" data-slide=\"1\" role=\"group\" aria-roledescription=\"slide\" aria-label=\"1 von 11\">\n\t\t\t\t\t\t\t<div class=\"elementor-element elementor-element-3e63fad e-flex e-con-boxed e-con e-child\" data-id=\"3e63fad\" data-element_type=\"container\" data-e-type=\"container\">\n\t\t\t\t\t<div class=\"e-con-inner\">\n\t\t\t\t<div class=\"elementor-element elementor-element-c0cf185 fashionbrandlogo elementor-widget elementor-widget-image\" data-id=\"c0cf185\" data-element_type=\"widget\" data-e-type=\"widget\" data-widget_type=\"image.default\">\n\t\t\t\t<div class=\"elementor-widget-container\">\n\t\t\t\t\t\t\t\t\t\t\t\t<figure class=\"wp-caption\">\n\t\t\t\t\t\t\t\t\t\t<img decoding=\"async\" width=\"300\" height=\"200\" src=\"https:\/\/www.ek-retail.com\/wp-content\/uploads\/2026\/02\/jamu-1.png\" class=\"attachment-large size-large wp-image-65710\" alt=\"\" \/>\t\t\t\t\t\t\t\t\t\t\t<figcaption class=\"widget-image-caption wp-caption-text\">J'AMU (Damen)<\/figcaption>\n\t\t\t\t\t\t\t\t\t\t<\/figure>\n\t\t\t\t\t\t\t\t\t<\/div>\n\t\t\t\t<\/div>\n\t\t\t\t\t<\/div>\n\t\t\t\t<\/div>\n\t\t\t\t\t\t\t\t<\/div>\n\t\t\t\t\t\t\t\t\t\t\t<div class=\"swiper-slide\" data-slide=\"2\" role=\"group\" aria-roledescription=\"slide\" aria-label=\"2 von 11\">\n\t\t\t\t\t\t\t<div class=\"elementor-element elementor-element-6c3e8f6b e-flex e-con-boxed e-con e-child\" data-id=\"6c3e8f6b\" data-element_type=\"container\" data-e-type=\"container\">\n\t\t\t\t\t<div class=\"e-con-inner\">\n\t\t\t\t<div class=\"elementor-element elementor-element-52fff91c fashionbrandlogo elementor-widget elementor-widget-image\" data-id=\"52fff91c\" data-element_type=\"widget\" data-e-type=\"widget\" data-widget_type=\"image.default\">\n\t\t\t\t<div class=\"elementor-widget-container\">\n\t\t\t\t\t\t\t\t\t\t\t\t<figure class=\"wp-caption\">\n\t\t\t\t\t\t\t\t\t\t\t<a href=\"https:\/\/www.ek-retail.com\/de\/brands\/die-geschichte-von-in-shape\/\">\n\t\t\t\t\t\t\t<img decoding=\"async\" width=\"300\" height=\"200\" src=\"https:\/\/www.ek-retail.com\/wp-content\/uploads\/2025\/12\/inshapelogo_grey.png\" class=\"attachment-large size-large wp-image-63610\" alt=\"\" \/>\t\t\t\t\t\t\t\t<\/a>\n\t\t\t\t\t\t\t\t\t\t\t<figcaption class=\"widget-image-caption wp-caption-text\">in shape (Damen)<\/figcaption>\n\t\t\t\t\t\t\t\t\t\t<\/figure>\n\t\t\t\t\t\t\t\t\t<\/div>\n\t\t\t\t<\/div>\n\t\t\t\t\t<\/div>\n\t\t\t\t<\/div>\n\t\t\t\t\t\t\t\t<\/div>\n\t\t\t\t\t\t\t\t\t\t\t<div class=\"swiper-slide\" data-slide=\"3\" role=\"group\" aria-roledescription=\"slide\" aria-label=\"3 von 11\">\n\t\t\t\t\t\t\t<div class=\"elementor-element elementor-element-74b3a3ae e-flex e-con-boxed e-con e-child\" data-id=\"74b3a3ae\" data-element_type=\"container\" data-e-type=\"container\">\n\t\t\t\t\t<div class=\"e-con-inner\">\n\t\t\t\t<div class=\"elementor-element elementor-element-6e2d4c10 fashionbrandlogo elementor-widget elementor-widget-image\" data-id=\"6e2d4c10\" data-element_type=\"widget\" data-e-type=\"widget\" data-widget_type=\"image.default\">\n\t\t\t\t<div class=\"elementor-widget-container\">\n\t\t\t\t\t\t\t\t\t\t\t\t<figure class=\"wp-caption\">\n\t\t\t\t\t\t\t\t\t\t\t<a href=\"https:\/\/www.bornwithappetite.com\/\" target=\"_blank\">\n\t\t\t\t\t\t\t<img loading=\"lazy\" decoding=\"async\" width=\"300\" height=\"200\" src=\"https:\/\/www.ek-retail.com\/wp-content\/uploads\/2025\/12\/bwalogo_grey.png\" class=\"attachment-large size-large wp-image-63611\" alt=\"\" \/>\t\t\t\t\t\t\t\t<\/a>\n\t\t\t\t\t\t\t\t\t\t\t<figcaption class=\"widget-image-caption wp-caption-text\">Born with Appetite (Herren)<\/figcaption>\n\t\t\t\t\t\t\t\t\t\t<\/figure>\n\t\t\t\t\t\t\t\t\t<\/div>\n\t\t\t\t<\/div>\n\t\t\t\t\t<\/div>\n\t\t\t\t<\/div>\n\t\t\t\t\t\t\t\t<\/div>\n\t\t\t\t\t\t\t\t\t\t\t<div class=\"swiper-slide\" data-slide=\"4\" role=\"group\" aria-roledescription=\"slide\" aria-label=\"4 von 11\">\n\t\t\t\t\t\t\t<div class=\"elementor-element elementor-element-6f59e894 e-flex e-con-boxed e-con e-child\" data-id=\"6f59e894\" data-element_type=\"container\" data-e-type=\"container\">\n\t\t\t\t\t<div class=\"e-con-inner\">\n\t\t\t\t<div class=\"elementor-element elementor-element-77c5ed09 fashionbrandlogo elementor-widget elementor-widget-image\" data-id=\"77c5ed09\" data-element_type=\"widget\" data-e-type=\"widget\" data-widget_type=\"image.default\">\n\t\t\t\t<div class=\"elementor-widget-container\">\n\t\t\t\t\t\t\t\t\t\t\t\t<figure class=\"wp-caption\">\n\t\t\t\t\t\t\t\t\t\t\t<a href=\"https:\/\/www.marcomanzini.nl\/\" target=\"_blank\">\n\t\t\t\t\t\t\t<img loading=\"lazy\" decoding=\"async\" width=\"300\" height=\"200\" src=\"https:\/\/www.ek-retail.com\/wp-content\/uploads\/2025\/12\/mmzlogo_grey.png\" class=\"attachment-large size-large wp-image-63612\" alt=\"\" \/>\t\t\t\t\t\t\t\t<\/a>\n\t\t\t\t\t\t\t\t\t\t\t<figcaption class=\"widget-image-caption wp-caption-text\">M.M.Z. Marco Manzini (Herren)<\/figcaption>\n\t\t\t\t\t\t\t\t\t\t<\/figure>\n\t\t\t\t\t\t\t\t\t<\/div>\n\t\t\t\t<\/div>\n\t\t\t\t\t<\/div>\n\t\t\t\t<\/div>\n\t\t\t\t\t\t\t\t<\/div>\n\t\t\t\t\t\t\t\t\t\t\t<div class=\"swiper-slide\" data-slide=\"5\" role=\"group\" aria-roledescription=\"slide\" aria-label=\"5 von 11\">\n\t\t\t\t\t\t\t<div class=\"elementor-element elementor-element-cd391aa e-flex e-con-boxed e-con e-child\" data-id=\"cd391aa\" data-element_type=\"container\" data-e-type=\"container\">\n\t\t\t\t\t<div class=\"e-con-inner\">\n\t\t\t\t<div class=\"elementor-element elementor-element-6207b35a fashionbrandlogo elementor-widget elementor-widget-image\" data-id=\"6207b35a\" data-element_type=\"widget\" data-e-type=\"widget\" data-widget_type=\"image.default\">\n\t\t\t\t<div class=\"elementor-widget-container\">\n\t\t\t\t\t\t\t\t\t\t\t\t<figure class=\"wp-caption\">\n\t\t\t\t\t\t\t\t\t\t\t<a href=\"https:\/\/www.ek-retail.com\/de\/brands\/die-geschichte-von-seven-dials\/\">\n\t\t\t\t\t\t\t<img loading=\"lazy\" decoding=\"async\" width=\"300\" height=\"200\" src=\"https:\/\/www.ek-retail.com\/wp-content\/uploads\/2025\/12\/sevendailslogo_grey.png\" class=\"attachment-large size-large wp-image-63613\" alt=\"\" \/>\t\t\t\t\t\t\t\t<\/a>\n\t\t\t\t\t\t\t\t\t\t\t<figcaption class=\"widget-image-caption wp-caption-text\">Seven Dials (Herren)<\/figcaption>\n\t\t\t\t\t\t\t\t\t\t<\/figure>\n\t\t\t\t\t\t\t\t\t<\/div>\n\t\t\t\t<\/div>\n\t\t\t\t\t<\/div>\n\t\t\t\t<\/div>\n\t\t\t\t\t\t\t\t<\/div>\n\t\t\t\t\t\t\t\t\t\t\t<div class=\"swiper-slide\" data-slide=\"6\" role=\"group\" aria-roledescription=\"slide\" aria-label=\"6 von 11\">\n\t\t\t\t\t\t\t<div class=\"elementor-element elementor-element-3e9ce35 e-flex e-con-boxed e-con e-child\" data-id=\"3e9ce35\" data-element_type=\"container\" data-e-type=\"container\">\n\t\t\t\t\t<div class=\"e-con-inner\">\n\t\t\t\t<div class=\"elementor-element elementor-element-bff552b fashionbrandlogo elementor-widget elementor-widget-image\" data-id=\"bff552b\" data-element_type=\"widget\" data-e-type=\"widget\" data-widget_type=\"image.default\">\n\t\t\t\t<div class=\"elementor-widget-container\">\n\t\t\t\t\t\t\t\t\t\t\t\t<figure class=\"wp-caption\">\n\t\t\t\t\t\t\t\t\t\t\t<a href=\"https:\/\/www.supplyandco.nl\/en\/\" target=\"_blank\">\n\t\t\t\t\t\t\t<img loading=\"lazy\" decoding=\"async\" width=\"300\" height=\"200\" src=\"https:\/\/www.ek-retail.com\/wp-content\/uploads\/2025\/12\/supplylogo_grey.png\" class=\"attachment-large size-large wp-image-63614\" alt=\"\" \/>\t\t\t\t\t\t\t\t<\/a>\n\t\t\t\t\t\t\t\t\t\t\t<figcaption class=\"widget-image-caption wp-caption-text\">SUPPLY &amp; CO. (Herren)<\/figcaption>\n\t\t\t\t\t\t\t\t\t\t<\/figure>\n\t\t\t\t\t\t\t\t\t<\/div>\n\t\t\t\t<\/div>\n\t\t\t\t\t<\/div>\n\t\t\t\t<\/div>\n\t\t\t\t\t\t\t\t<\/div>\n\t\t\t\t\t\t\t\t\t\t\t<div class=\"swiper-slide\" data-slide=\"7\" role=\"group\" aria-roledescription=\"slide\" aria-label=\"7 von 11\">\n\t\t\t\t\t\t\t<div class=\"elementor-element elementor-element-0aa7ff6 e-flex e-con-boxed e-con e-child\" data-id=\"0aa7ff6\" data-element_type=\"container\" data-e-type=\"container\">\n\t\t\t\t\t<div class=\"e-con-inner\">\n\t\t\t\t<div class=\"elementor-element elementor-element-a48c812 fashionbrandlogo elementor-widget elementor-widget-image\" data-id=\"a48c812\" data-element_type=\"widget\" data-e-type=\"widget\" data-widget_type=\"image.default\">\n\t\t\t\t<div class=\"elementor-widget-container\">\n\t\t\t\t\t\t\t\t\t\t\t\t<figure class=\"wp-caption\">\n\t\t\t\t\t\t\t\t\t\t\t<a href=\"https:\/\/www.garagebasics.eu\/\" target=\"_blank\">\n\t\t\t\t\t\t\t<img loading=\"lazy\" decoding=\"async\" width=\"300\" height=\"200\" src=\"https:\/\/www.ek-retail.com\/wp-content\/uploads\/2025\/12\/garagelogo_grey.png\" class=\"attachment-large size-large wp-image-63615\" alt=\"\" \/>\t\t\t\t\t\t\t\t<\/a>\n\t\t\t\t\t\t\t\t\t\t\t<figcaption class=\"widget-image-caption wp-caption-text\">Garage (Herren und Damen)<\/figcaption>\n\t\t\t\t\t\t\t\t\t\t<\/figure>\n\t\t\t\t\t\t\t\t\t<\/div>\n\t\t\t\t<\/div>\n\t\t\t\t\t<\/div>\n\t\t\t\t<\/div>\n\t\t\t\t\t\t\t\t<\/div>\n\t\t\t\t\t\t\t\t\t\t\t<div class=\"swiper-slide\" data-slide=\"8\" role=\"group\" aria-roledescription=\"slide\" aria-label=\"8 von 11\">\n\t\t\t\t\t\t\t<div class=\"elementor-element elementor-element-628214c e-flex e-con-boxed e-con e-child\" data-id=\"628214c\" data-element_type=\"container\" data-e-type=\"container\">\n\t\t\t\t\t<div class=\"e-con-inner\">\n\t\t\t\t<div class=\"elementor-element elementor-element-d5f57a1 fashionbrandlogo elementor-widget elementor-widget-image\" data-id=\"d5f57a1\" data-element_type=\"widget\" data-e-type=\"widget\" data-widget_type=\"image.default\">\n\t\t\t\t<div class=\"elementor-widget-container\">\n\t\t\t\t\t\t\t\t\t\t\t\t<figure class=\"wp-caption\">\n\t\t\t\t\t\t\t\t\t\t\t<a href=\"https:\/\/www.slater.nl\/collectie\/basic\/\" target=\"_blank\">\n\t\t\t\t\t\t\t<img loading=\"lazy\" decoding=\"async\" width=\"300\" height=\"200\" src=\"https:\/\/www.ek-retail.com\/wp-content\/uploads\/2025\/12\/slaterlogo_grey.png\" class=\"attachment-large size-large wp-image-63616\" alt=\"\" \/>\t\t\t\t\t\t\t\t<\/a>\n\t\t\t\t\t\t\t\t\t\t\t<figcaption class=\"widget-image-caption wp-caption-text\">Slater (Herren)<\/figcaption>\n\t\t\t\t\t\t\t\t\t\t<\/figure>\n\t\t\t\t\t\t\t\t\t<\/div>\n\t\t\t\t<\/div>\n\t\t\t\t\t<\/div>\n\t\t\t\t<\/div>\n\t\t\t\t\t\t\t\t<\/div>\n\t\t\t\t\t\t\t\t\t\t\t<div class=\"swiper-slide\" data-slide=\"9\" role=\"group\" aria-roledescription=\"slide\" aria-label=\"9 von 11\">\n\t\t\t\t\t\t\t<div class=\"elementor-element elementor-element-a2aeae8 e-flex e-con-boxed e-con e-child\" data-id=\"a2aeae8\" data-element_type=\"container\" data-e-type=\"container\">\n\t\t\t\t\t<div class=\"e-con-inner\">\n\t\t\t\t<div class=\"elementor-element elementor-element-26aeb5f fashionbrandlogo elementor-widget elementor-widget-image\" data-id=\"26aeb5f\" data-element_type=\"widget\" data-e-type=\"widget\" data-widget_type=\"image.default\">\n\t\t\t\t<div class=\"elementor-widget-container\">\n\t\t\t\t\t\t\t\t\t\t\t\t<figure class=\"wp-caption\">\n\t\t\t\t\t\t\t\t\t\t\t<a href=\"https:\/\/www.babyface.eu\/\" target=\"_blank\">\n\t\t\t\t\t\t\t<img loading=\"lazy\" decoding=\"async\" width=\"300\" height=\"200\" src=\"https:\/\/www.ek-retail.com\/wp-content\/uploads\/2025\/12\/babyfacelogo_grey_new.png\" class=\"attachment-large size-large wp-image-63617\" alt=\"\" \/>\t\t\t\t\t\t\t\t<\/a>\n\t\t\t\t\t\t\t\t\t\t\t<figcaption class=\"widget-image-caption wp-caption-text\">Babyface (Kinder)<\/figcaption>\n\t\t\t\t\t\t\t\t\t\t<\/figure>\n\t\t\t\t\t\t\t\t\t<\/div>\n\t\t\t\t<\/div>\n\t\t\t\t\t<\/div>\n\t\t\t\t<\/div>\n\t\t\t\t\t\t\t\t<\/div>\n\t\t\t\t\t\t\t\t\t\t\t<div class=\"swiper-slide\" data-slide=\"10\" role=\"group\" aria-roledescription=\"slide\" aria-label=\"10 von 11\">\n\t\t\t\t\t\t\t<div class=\"elementor-element elementor-element-88d4f05 e-flex e-con-boxed e-con e-child\" data-id=\"88d4f05\" data-element_type=\"container\" data-e-type=\"container\">\n\t\t\t\t\t<div class=\"e-con-inner\">\n\t\t\t\t<div class=\"elementor-element elementor-element-e0d5a95 fashionbrandlogo elementor-widget elementor-widget-image\" data-id=\"e0d5a95\" data-element_type=\"widget\" data-e-type=\"widget\" data-widget_type=\"image.default\">\n\t\t\t\t<div class=\"elementor-widget-container\">\n\t\t\t\t\t\t\t\t\t\t\t\t<figure class=\"wp-caption\">\n\t\t\t\t\t\t\t\t\t\t\t<a href=\"https:\/\/www.stainsandstories.com\/\" target=\"_blank\">\n\t\t\t\t\t\t\t<img loading=\"lazy\" decoding=\"async\" width=\"300\" height=\"200\" src=\"https:\/\/www.ek-retail.com\/wp-content\/uploads\/2025\/12\/stainslogo_grey.png\" class=\"attachment-large size-large wp-image-63618\" alt=\"\" \/>\t\t\t\t\t\t\t\t<\/a>\n\t\t\t\t\t\t\t\t\t\t\t<figcaption class=\"widget-image-caption wp-caption-text\">Stains &amp; Stories (Kinder)<\/figcaption>\n\t\t\t\t\t\t\t\t\t\t<\/figure>\n\t\t\t\t\t\t\t\t\t<\/div>\n\t\t\t\t<\/div>\n\t\t\t\t\t<\/div>\n\t\t\t\t<\/div>\n\t\t\t\t\t\t\t\t<\/div>\n\t\t\t\t\t\t\t\t\t\t\t<div class=\"swiper-slide\" data-slide=\"11\" role=\"group\" aria-roledescription=\"slide\" aria-label=\"11 von 11\">\n\t\t\t\t\t\t\t<div class=\"elementor-element elementor-element-1741905 e-flex e-con-boxed e-con e-child\" data-id=\"1741905\" data-element_type=\"container\" data-e-type=\"container\">\n\t\t\t\t\t<div class=\"e-con-inner\">\n\t\t\t\t<div class=\"elementor-element elementor-element-fa85616 fashionbrandlogo elementor-widget elementor-widget-image\" data-id=\"fa85616\" data-element_type=\"widget\" data-e-type=\"widget\" data-widget_type=\"image.default\">\n\t\t\t\t<div class=\"elementor-widget-container\">\n\t\t\t\t\t\t\t\t\t\t\t\t<figure class=\"wp-caption\">\n\t\t\t\t\t\t\t\t\t\t\t<a href=\"https:\/\/www.atinystory.com\/en\/\" target=\"_blank\">\n\t\t\t\t\t\t\t<img loading=\"lazy\" decoding=\"async\" width=\"300\" height=\"200\" src=\"https:\/\/www.ek-retail.com\/wp-content\/uploads\/2025\/12\/atinystorylogo_grey.png\" class=\"attachment-full size-full wp-image-63619\" alt=\"\" \/>\t\t\t\t\t\t\t\t<\/a>\n\t\t\t\t\t\t\t\t\t\t\t<figcaption class=\"widget-image-caption wp-caption-text\">A Tiny Story (Kinder)<\/figcaption>\n\t\t\t\t\t\t\t\t\t\t<\/figure>\n\t\t\t\t\t\t\t\t\t<\/div>\n\t\t\t\t<\/div>\n\t\t\t\t\t<\/div>\n\t\t\t\t<\/div>\n\t\t\t\t\t\t\t\t<\/div>\n\t\t\t\t\t\t\t\t<\/div>\n\t\t<\/div>\n\t\t\t\t\t<div class=\"elementor-swiper-button elementor-swiper-button-prev\" role=\"button\" tabindex=\"0\" aria-label=\"Voriger\">\n\t\t\t\t<i aria-hidden=\"true\" class=\"fas fa-chevron-left\"><\/i>\t\t\t<\/div>\n\t\t\t<div class=\"elementor-swiper-button elementor-swiper-button-next\" role=\"button\" tabindex=\"0\" aria-label=\"N\u00e4chster\">\n\t\t\t\t<i aria-hidden=\"true\" class=\"fas fa-chevron-right\"><\/i>\t\t\t<\/div>\n\t\t\t\t\t\t<\/div>\n\t\t\t\t<\/div>\n\t\t\t\t\t<\/div>\n\t\t\t\t<\/div>\n\t\t<div class=\"elementor-element elementor-element-21dc435b our-service-section e-flex e-con-boxed e-con e-parent\" data-id=\"21dc435b\" data-element_type=\"container\" data-e-type=\"container\" data-settings=\"{&quot;background_background&quot;:&quot;classic&quot;}\">\n\t\t\t\t\t<div class=\"e-con-inner\">\n\t\t\t\t<div class=\"elementor-element elementor-element-3cc8670 elementor-widget__width-initial elementor-widget elementor-widget-text-editor\" data-id=\"3cc8670\" data-element_type=\"widget\" data-e-type=\"widget\" data-widget_type=\"text-editor.default\">\n\t\t\t\t<div class=\"elementor-widget-container\">\n\t\t\t\t\t\t\t\t\t<h2><strong>EK Fashion: Unsere Dienstleistungen<\/strong><\/h2><div><p>Weltweit glauben immer mehr Menschen, dass weniger Konsum unsere Welt verbessert. Die Zukunft ist rosig f\u00fcr unabh\u00e4ngige Einzelh\u00e4ndler: Weniger Kunden sehen Kleidung als \u00fcberteuert an, und pers\u00f6nliche Beratung ist wichtiger denn je. Die Menschen wollen Lokal Heros \u2013 Modeunternehmer, die Qualit\u00e4t und Relevanz \u00fcber Quantit\u00e4t stellen. Wenn Sie sich auf das konzentrieren, was wirklich z\u00e4hlt, werden sich die Kunden f\u00fcr Sie entscheiden.   <\/p><p>EK Fashion st\u00e4rkt unabh\u00e4ngige Einzelh\u00e4ndler mit besseren Daten, kuratierten Kollektionen und effektiven Kan\u00e4len \u2013 die Bausteine f\u00fcr eine starke Performance im Fashion-Bereich.<\/p><\/div>\t\t\t\t\t\t\t\t<\/div>\n\t\t\t\t<\/div>\n\t\t<div class=\"elementor-element elementor-element-49f796c e-grid e-con-full e-con e-child\" data-id=\"49f796c\" data-element_type=\"container\" data-e-type=\"container\">\n\t\t\t\t<div class=\"elementor-element elementor-element-4b77305 elementor-widget elementor-widget-n-accordion\" data-id=\"4b77305\" data-element_type=\"widget\" data-e-type=\"widget\" data-settings=\"{&quot;default_state&quot;:&quot;all_collapsed&quot;,&quot;max_items_expended&quot;:&quot;one&quot;,&quot;n_accordion_animation_duration&quot;:{&quot;unit&quot;:&quot;ms&quot;,&quot;size&quot;:400,&quot;sizes&quot;:[]}}\" data-widget_type=\"nested-accordion.default\">\n\t\t\t\t<div class=\"elementor-widget-container\">\n\t\t\t\t\t\t\t<div class=\"e-n-accordion\" aria-label=\"Accordion. Open links with Enter or Space, close with Escape, and navigate with Arrow Keys\">\n\t\t\t\t\t\t<details id=\"e-n-accordion-item-7910\" class=\"e-n-accordion-item\" >\n\t\t\t\t<summary class=\"e-n-accordion-item-title\" data-accordion-index=\"1\" tabindex=\"0\" aria-expanded=\"false\" aria-controls=\"e-n-accordion-item-7910\" >\n\t\t\t\t\t<span class='e-n-accordion-item-title-header'><h4 class=\"e-n-accordion-item-title-text\"> Retail Consultant <\/h4><\/span>\n\t\t\t\t\t\t\t<span class='e-n-accordion-item-title-icon'>\n\t\t\t<span class='e-opened' ><i aria-hidden=\"true\" class=\"fas fa-angle-up\"><\/i><\/span>\n\t\t\t<span class='e-closed'><i aria-hidden=\"true\" class=\"fas fa-angle-down\"><\/i><\/span>\n\t\t<\/span>\n\n\t\t\t\t\t\t<\/summary>\n\t\t\t\t<div role=\"region\" aria-labelledby=\"e-n-accordion-item-7910\" class=\"elementor-element elementor-element-54c24a9 e-con-full e-flex e-con e-child\" data-id=\"54c24a9\" data-element_type=\"container\" data-e-type=\"container\">\n\t\t\t\t<div class=\"elementor-element elementor-element-f599a04 elementor-widget elementor-widget-text-editor\" data-id=\"f599a04\" data-element_type=\"widget\" data-e-type=\"widget\" data-widget_type=\"text-editor.default\">\n\t\t\t\t<div class=\"elementor-widget-container\">\n\t\t\t\t\t\t\t\t\t<p dir=\"auto\">EK Fashion unterst\u00fctzt Sie beim Aufbau einer Zukunft mit echtem Potenzial \u2013 f\u00fcr Ihre Kunden und Ihr Unternehmen. Erfolg h\u00e4ngt von intelligenten Entscheidungen ab. Mit ma\u00dfgeschneiderten Dienstleistungen und kompetenter Unterst\u00fctzung helfen wir Ihnen, intelligenter einzukaufen, Ressourcen zu schonen und Ihre Rolle im lokalen Markt zu st\u00e4rken.  <\/p><p dir=\"auto\"><strong>Konzentrieren Sie sich auf Qualit\u00e4t statt Quantit\u00e4t. Bieten Sie pers\u00f6nlichen Stil statt verg\u00e4nglicher Trends. <\/strong><\/p><p dir=\"auto\">Wir bieten flexible Kooperationsmodelle \u2013 von einfachen Zahlungspartnerschaften bis hin zur tiefen Integration in eine unserer Gruppen \u2013 ma\u00dfgeschneidert auf Ihre Bed\u00fcrfnisse. <a href=\"https:\/\/www.ek-retail.com\/de\/kontakt\/\">Fragen Sie uns.<\/a><\/p>\t\t\t\t\t\t\t\t<\/div>\n\t\t\t\t<\/div>\n\t\t\t\t<\/div>\n\t\t\t\t\t<\/details>\n\t\t\t\t\t\t<details id=\"e-n-accordion-item-7911\" class=\"e-n-accordion-item\" >\n\t\t\t\t<summary class=\"e-n-accordion-item-title\" data-accordion-index=\"2\" tabindex=\"-1\" aria-expanded=\"false\" aria-controls=\"e-n-accordion-item-7911\" >\n\t\t\t\t\t<span class='e-n-accordion-item-title-header'><h4 class=\"e-n-accordion-item-title-text\"> Business Intelligence <\/h4><\/span>\n\t\t\t\t\t\t\t<span class='e-n-accordion-item-title-icon'>\n\t\t\t<span class='e-opened' ><i aria-hidden=\"true\" class=\"fas fa-angle-up\"><\/i><\/span>\n\t\t\t<span class='e-closed'><i aria-hidden=\"true\" class=\"fas fa-angle-down\"><\/i><\/span>\n\t\t<\/span>\n\n\t\t\t\t\t\t<\/summary>\n\t\t\t\t<div role=\"region\" aria-labelledby=\"e-n-accordion-item-7911\" class=\"elementor-element elementor-element-60c99cf e-con-full e-flex e-con e-child\" data-id=\"60c99cf\" data-element_type=\"container\" data-e-type=\"container\">\n\t\t\t\t<div class=\"elementor-element elementor-element-29600d1 elementor-widget elementor-widget-text-editor\" data-id=\"29600d1\" data-element_type=\"widget\" data-e-type=\"widget\" data-widget_type=\"text-editor.default\">\n\t\t\t\t<div class=\"elementor-widget-container\">\n\t\t\t\t\t\t\t\t\t<p>Durch die Analyse von Einzelhandelsdaten in der gesamten Branche liefern wir wertvolle Einblicke und Prognosen zu Trends und Konsumverhalten. Mithilfe unserer einzigartigen Style-Matrix bieten wir Ihnen pragmatische L\u00f6sungen und eine ma\u00dfgeschneiderte Kollektionsberatung.  <a href=\"https:\/\/www.ek-retail.com\/de\/kontakt\/\" data-wplink-edit=\"true\">Fragen Sie uns.<\/a><\/p>\t\t\t\t\t\t\t\t<\/div>\n\t\t\t\t<\/div>\n\t\t\t\t<\/div>\n\t\t\t\t\t<\/details>\n\t\t\t\t\t\t<details id=\"e-n-accordion-item-7912\" class=\"e-n-accordion-item\" >\n\t\t\t\t<summary class=\"e-n-accordion-item-title\" data-accordion-index=\"3\" tabindex=\"-1\" aria-expanded=\"false\" aria-controls=\"e-n-accordion-item-7912\" >\n\t\t\t\t\t<span class='e-n-accordion-item-title-header'><h4 class=\"e-n-accordion-item-title-text\"> ESG <\/h4><\/span>\n\t\t\t\t\t\t\t<span class='e-n-accordion-item-title-icon'>\n\t\t\t<span class='e-opened' ><i aria-hidden=\"true\" class=\"fas fa-angle-up\"><\/i><\/span>\n\t\t\t<span class='e-closed'><i aria-hidden=\"true\" class=\"fas fa-angle-down\"><\/i><\/span>\n\t\t<\/span>\n\n\t\t\t\t\t\t<\/summary>\n\t\t\t\t<div role=\"region\" aria-labelledby=\"e-n-accordion-item-7912\" class=\"elementor-element elementor-element-1e44d85 e-con-full e-flex e-con e-child\" data-id=\"1e44d85\" data-element_type=\"container\" data-e-type=\"container\">\n\t\t\t\t<div class=\"elementor-element elementor-element-abaa4d4 elementor-widget elementor-widget-text-editor\" data-id=\"abaa4d4\" data-element_type=\"widget\" data-e-type=\"widget\" data-widget_type=\"text-editor.default\">\n\t\t\t\t<div class=\"elementor-widget-container\">\n\t\t\t\t\t\t\t\t\t<p>Im Jahr 2019 strukturierte EK Fashion ihre ESG-Politik um drei S\u00e4ulen: Unterst\u00fctzung der n\u00e4chsten Generation von Einzelh\u00e4ndlern, Reduzierung der Umweltbelastung und St\u00e4rkung der sozialen Wirkung. <a href=\"https:\/\/www.ek-retail.com\/de\/kontakt\/\" data-wplink-edit=\"true\">Fragen Sie uns.<\/a><\/p>\t\t\t\t\t\t\t\t<\/div>\n\t\t\t\t<\/div>\n\t\t\t\t<\/div>\n\t\t\t\t\t<\/details>\n\t\t\t\t\t\t<details id=\"e-n-accordion-item-7913\" class=\"e-n-accordion-item\" >\n\t\t\t\t<summary class=\"e-n-accordion-item-title\" data-accordion-index=\"4\" tabindex=\"-1\" aria-expanded=\"false\" aria-controls=\"e-n-accordion-item-7913\" >\n\t\t\t\t\t<span class='e-n-accordion-item-title-header'><h4 class=\"e-n-accordion-item-title-text\"> Loyalty Loop <\/h4><\/span>\n\t\t\t\t\t\t\t<span class='e-n-accordion-item-title-icon'>\n\t\t\t<span class='e-opened' ><i aria-hidden=\"true\" class=\"fas fa-angle-up\"><\/i><\/span>\n\t\t\t<span class='e-closed'><i aria-hidden=\"true\" class=\"fas fa-angle-down\"><\/i><\/span>\n\t\t<\/span>\n\n\t\t\t\t\t\t<\/summary>\n\t\t\t\t<div role=\"region\" aria-labelledby=\"e-n-accordion-item-7913\" class=\"elementor-element elementor-element-d92b40f e-flex e-con-boxed e-con e-child\" data-id=\"d92b40f\" data-element_type=\"container\" data-e-type=\"container\">\n\t\t\t\t\t<div class=\"e-con-inner\">\n\t\t\t\t<div class=\"elementor-element elementor-element-98decf6 elementor-widget elementor-widget-text-editor\" data-id=\"98decf6\" data-element_type=\"widget\" data-e-type=\"widget\" data-widget_type=\"text-editor.default\">\n\t\t\t\t<div class=\"elementor-widget-container\">\n\t\t\t\t\t\t\t\t\t<p>Ben\u00f6tigen Sie Hilfe, um st\u00e4rkere Kundenbeziehungen durch intelligente Tools, Einblicke und personalisiertes Engagement aufzubauen? <a href=\"MAILTO:EKFASHION@EK-RETAIL.COM\">Fragen Sie uns.<\/a><\/p>\t\t\t\t\t\t\t\t<\/div>\n\t\t\t\t<\/div>\n\t\t\t\t\t<\/div>\n\t\t\t\t<\/div>\n\t\t\t\t\t<\/details>\n\t\t\t\t\t<\/div>\n\t\t\t\t\t\t<\/div>\n\t\t\t\t<\/div>\n\t\t\t\t<div class=\"elementor-element elementor-element-1ad8a82 elementor-widget elementor-widget-n-accordion\" data-id=\"1ad8a82\" data-element_type=\"widget\" data-e-type=\"widget\" data-settings=\"{&quot;default_state&quot;:&quot;all_collapsed&quot;,&quot;max_items_expended&quot;:&quot;one&quot;,&quot;n_accordion_animation_duration&quot;:{&quot;unit&quot;:&quot;ms&quot;,&quot;size&quot;:400,&quot;sizes&quot;:[]}}\" data-widget_type=\"nested-accordion.default\">\n\t\t\t\t<div class=\"elementor-widget-container\">\n\t\t\t\t\t\t\t<div class=\"e-n-accordion\" aria-label=\"Accordion. Open links with Enter or Space, close with Escape, and navigate with Arrow Keys\">\n\t\t\t\t\t\t<details id=\"e-n-accordion-item-2810\" class=\"e-n-accordion-item\" >\n\t\t\t\t<summary class=\"e-n-accordion-item-title\" data-accordion-index=\"1\" tabindex=\"0\" aria-expanded=\"false\" aria-controls=\"e-n-accordion-item-2810\" >\n\t\t\t\t\t<span class='e-n-accordion-item-title-header'><h4 class=\"e-n-accordion-item-title-text\"> Marketing <\/h4><\/span>\n\t\t\t\t\t\t\t<span class='e-n-accordion-item-title-icon'>\n\t\t\t<span class='e-opened' ><i aria-hidden=\"true\" class=\"fas fa-angle-up\"><\/i><\/span>\n\t\t\t<span class='e-closed'><i aria-hidden=\"true\" class=\"fas fa-angle-down\"><\/i><\/span>\n\t\t<\/span>\n\n\t\t\t\t\t\t<\/summary>\n\t\t\t\t<div role=\"region\" aria-labelledby=\"e-n-accordion-item-2810\" class=\"elementor-element elementor-element-745aa8d e-con-full e-flex e-con e-child\" data-id=\"745aa8d\" data-element_type=\"container\" data-e-type=\"container\">\n\t\t\t\t<div class=\"elementor-element elementor-element-e8b2550 elementor-widget elementor-widget-text-editor\" data-id=\"e8b2550\" data-element_type=\"widget\" data-e-type=\"widget\" data-widget_type=\"text-editor.default\">\n\t\t\t\t<div class=\"elementor-widget-container\">\n\t\t\t\t\t\t\t\t\t<p><span data-olk-copy-source=\"MessageBody\">Wir unterst\u00fctzen Einzelh\u00e4ndler auf Anfrage bei ihren Marketingaktivit\u00e4ten \u2013 von SEO und E-Mail-Marketing bis hin zur Erstellung von Bannern, Social-Media-Posts und Werbematerialien f\u00fcr das Gesch\u00e4ft<\/span>. <a href=\"https:\/\/www.ek-retail.com\/de\/kontakt\/\">Fragen Sie uns.\u200b<\/a><\/p>\t\t\t\t\t\t\t\t<\/div>\n\t\t\t\t<\/div>\n\t\t\t\t<\/div>\n\t\t\t\t\t<\/details>\n\t\t\t\t\t\t<details id=\"e-n-accordion-item-2811\" class=\"e-n-accordion-item\" >\n\t\t\t\t<summary class=\"e-n-accordion-item-title\" data-accordion-index=\"2\" tabindex=\"-1\" aria-expanded=\"false\" aria-controls=\"e-n-accordion-item-2811\" >\n\t\t\t\t\t<span class='e-n-accordion-item-title-header'><h4 class=\"e-n-accordion-item-title-text\"> Omnichannel <\/h4><\/span>\n\t\t\t\t\t\t\t<span class='e-n-accordion-item-title-icon'>\n\t\t\t<span class='e-opened' ><i aria-hidden=\"true\" class=\"fas fa-angle-up\"><\/i><\/span>\n\t\t\t<span class='e-closed'><i aria-hidden=\"true\" class=\"fas fa-angle-down\"><\/i><\/span>\n\t\t<\/span>\n\n\t\t\t\t\t\t<\/summary>\n\t\t\t\t<div role=\"region\" aria-labelledby=\"e-n-accordion-item-2811\" class=\"elementor-element elementor-element-25c4af7 e-con-full e-flex e-con e-child\" data-id=\"25c4af7\" data-element_type=\"container\" data-e-type=\"container\">\n\t\t\t\t<div class=\"elementor-element elementor-element-fd49046 elementor-widget elementor-widget-text-editor\" data-id=\"fd49046\" data-element_type=\"widget\" data-e-type=\"widget\" data-widget_type=\"text-editor.default\">\n\t\t\t\t<div class=\"elementor-widget-container\">\n\t\t\t\t\t\t\t\t\t<p><span data-olk-copy-source=\"MessageBody\">Effizienter Omnichannel-Handel (OCR) erfordert eine nahtlose Zusammenarbeit zwischen allen Partnern, insbesondere wenn es um den Datenaustausch und die Online-Sichtbarkeit geht. EK Fashion fungiert als Bindeglied zwischen Marken und H\u00e4ndlern \u2013 und wir digitalisieren diesen Prozess. Ein breites Partnernetzwerk steht Ihnen zur Verf\u00fcgung, und eine Omnichannel-Beratung f\u00fcr Ihr Gesch\u00e4ft kann angefordert werden<\/span>. <a href=\"MAILTO:EKFASHION@EK-RETAIL.COM\">Fragen Sie uns.\u200b<\/a><\/p>\t\t\t\t\t\t\t\t<\/div>\n\t\t\t\t<\/div>\n\t\t\t\t<\/div>\n\t\t\t\t\t<\/details>\n\t\t\t\t\t\t<details id=\"e-n-accordion-item-2812\" class=\"e-n-accordion-item\" >\n\t\t\t\t<summary class=\"e-n-accordion-item-title\" data-accordion-index=\"3\" tabindex=\"-1\" aria-expanded=\"false\" aria-controls=\"e-n-accordion-item-2812\" >\n\t\t\t\t\t<span class='e-n-accordion-item-title-header'><h4 class=\"e-n-accordion-item-title-text\"> Produkt <\/h4><\/span>\n\t\t\t\t\t\t\t<span class='e-n-accordion-item-title-icon'>\n\t\t\t<span class='e-opened' ><i aria-hidden=\"true\" class=\"fas fa-angle-up\"><\/i><\/span>\n\t\t\t<span class='e-closed'><i aria-hidden=\"true\" class=\"fas fa-angle-down\"><\/i><\/span>\n\t\t<\/span>\n\n\t\t\t\t\t\t<\/summary>\n\t\t\t\t<div role=\"region\" aria-labelledby=\"e-n-accordion-item-2812\" class=\"elementor-element elementor-element-7f65f94 e-con-full e-flex e-con e-child\" data-id=\"7f65f94\" data-element_type=\"container\" data-e-type=\"container\">\n\t\t\t\t<div class=\"elementor-element elementor-element-84deac0 elementor-widget elementor-widget-text-editor\" data-id=\"84deac0\" data-element_type=\"widget\" data-e-type=\"widget\" data-widget_type=\"text-editor.default\">\n\t\t\t\t<div class=\"elementor-widget-container\">\n\t\t\t\t\t\t\t\t\t<p>Indem Sie verstehen, was Ihre Kunden wollen, und ihnen eine ma\u00dfgeschneiderte Beratung anbieten, helfen Sie ihnen, eine ausgewogene Garderobe zusammenzustellen. Das ganze Jahr \u00fcber bieten wir Ihnen exklusive Kollektionen von Damen-, Kinder- und Herrenmode \u2013 um sicherzustellen, dass sich Ihr Sortiment in einem wettbewerbsintensiven Markt abhebt und einzigartig bleibt.  <a href=\"MAILTO:EKFASHION@EK-RETAIL.COM\">Fragen Sie uns.<\/a><\/p>\t\t\t\t\t\t\t\t<\/div>\n\t\t\t\t<\/div>\n\t\t\t\t<\/div>\n\t\t\t\t\t<\/details>\n\t\t\t\t\t<\/div>\n\t\t\t\t\t\t<\/div>\n\t\t\t\t<\/div>\n\t\t\t\t<\/div>\n\t\t\t\t\t<\/div>\n\t\t\t\t<\/div>\n\t\t<div class=\"elementor-element elementor-element-e3b1903 news-slider-section elementor-hidden-mobile e-flex e-con-boxed e-con e-parent\" data-id=\"e3b1903\" data-element_type=\"container\" data-e-type=\"container\">\n\t\t\t\t\t<div class=\"e-con-inner\">\n\t\t\t\t<div class=\"elementor-element elementor-element-63ac834 elementor-widget__width-initial elementor-widget elementor-widget-heading\" data-id=\"63ac834\" data-element_type=\"widget\" data-e-type=\"widget\" data-widget_type=\"heading.default\">\n\t\t\t\t<div class=\"elementor-widget-container\">\n\t\t\t\t\t<h2 class=\"elementor-heading-title elementor-size-default\">Im Rampenlicht<\/h2>\t\t\t\t<\/div>\n\t\t\t\t<\/div>\n\t\t\t\t<div class=\"elementor-element elementor-element-913dba2 elementor-widget__width-initial elementor-widget elementor-widget-text-editor\" data-id=\"913dba2\" data-element_type=\"widget\" data-e-type=\"widget\" data-widget_type=\"text-editor.default\">\n\t\t\t\t<div class=\"elementor-widget-container\">\n\t\t\t\t\t\t\t\t\t<p>Hier finden Sie aktuelle Nachrichten aus dem Bereich Fashion.<\/p>\t\t\t\t\t\t\t\t<\/div>\n\t\t\t\t<\/div>\n\t\t\t\t<div class=\"elementor-element elementor-element-16e6b9c news-grid preserve-img-ratio-cover elementor-widget elementor-widget-the7_elements\" data-id=\"16e6b9c\" data-element_type=\"widget\" data-e-type=\"widget\" data-widget_type=\"the7_elements.default\">\n\t\t\t\t<div class=\"elementor-widget-container\">\n\t\t\t\t\t<div class=\"portfolio-shortcode the7-elementor-widget the7_elements-16e6b9c mode-grid dt-css-grid-wrap classic-layout-list description-under-image quick-scale-img content-bg-on enable-bg-rollover resize-by-browser-width loading-effect-move-up jquery-filter\" data-padding=\"20px\" data-mobile-columns-num=\"1\" data-tablet-columns-num=\"2\" data-desktop-columns-num=\"4\" data-wide-desktop-columns-num=\"4\" data-post-limit=\"-1\" data-pagination-mode=\"none\" data-scroll-offset=\"\" aria-live=\"assertive\"><div class=\"dt-css-grid custom-pagination-handler\"><div class=\"visible wf-cell\" data-post-id=\"64963\" data-date=\"2026-02-11T09:14:00+01:00\" data-name=\"Im Rampenlicht: Dolimah de Best-Dumernit \u2013 37 Jahre Leidenschaft f\u00fcr Mode bei Cees de Best B.V.\"><article class=\"post visible no-img post-64963 stories type-stories status-publish format-standard hentry category-ek-fashion description-off\" data-name=\"Im Rampenlicht: Dolimah de Best-Dumernit \u2013 37 Jahre Leidenschaft f\u00fcr Mode bei Cees de Best B.V.\" data-date=\"2026-02-11T09:14:00+01:00\">\n\n<div class=\"post-entry-content\">\n\n\t<h3 class=\"ele-entry-title\"><a href=\"https:\/\/www.ek-retail.com\/de\/stories\/im-rampenlicht-dolimah-de-best-dumernit-37-jahre-leidenschaft-fuer-mode-bei-cees-de-best-b-v\/\" rel=\"bookmark\" title=\"Im Rampenlicht: Dolimah de Best-Dumernit \u2013 37 Jahre Leidenschaft f\u00fcr Mode bei Cees de Best B.V.\">Im Rampenlicht: Dolimah de Best-Dumernit \u2013 37 Jahre Leidenschaft f\u00fcr Mode bei Cees de Best B.V.<\/a><\/h3><div class=\"entry-meta\"><span class=\"meta-item category-link\"><a href=\"https:\/\/www.ek-retail.com\/de\/category\/ek-fashion\/\" rel=\"tag\">EK Fashion<\/a><\/span><\/div><div class=\"entry-excerpt\"><p>\u00dcber Wachstum, Zusammenarbeit und die Zukunft der Mode Ein Leben in der ModeMit beeindruckenden 37 Jahren Erfahrung in der Modebranche darf sich Dolimah de Best-Dumernit&hellip;<\/p>\n<\/div><a href=\"https:\/\/www.ek-retail.com\/de\/stories\/im-rampenlicht-dolimah-de-best-dumernit-37-jahre-leidenschaft-fuer-mode-bei-cees-de-best-b-v\/\" target=\"\" aria-label=\"Lesen Sie mehr \u00fcber Im Rampenlicht: Dolimah de Best-Dumernit \u2013 37 Jahre Leidenschaft f\u00fcr Mode bei Cees de Best B.V.\" class=\"box-button elementor-button elementor-size-md\">Mehr erfahren<\/a>\n<\/div><\/article><\/div><div class=\"visible wf-cell\" data-post-id=\"64954\" data-date=\"2026-02-10T16:42:01+01:00\" data-name=\"Im Rampenlicht: Peter van \u2019t Veen \u2013 Der Unternehmer hinter JANSEN Amsterdam\"><article class=\"post visible no-img post-64954 stories type-stories status-publish format-standard hentry category-ek-fashion description-off\" data-name=\"Im Rampenlicht: Peter van \u2019t Veen \u2013 Der Unternehmer hinter JANSEN Amsterdam\" data-date=\"2026-02-10T16:42:01+01:00\">\n\n<div class=\"post-entry-content\">\n\n\t<h3 class=\"ele-entry-title\"><a href=\"https:\/\/www.ek-retail.com\/de\/stories\/im-rampenlicht-peter-van-t-veen-der-unternehmer-hinter-jansen-amsterdam\/\" rel=\"bookmark\" title=\"Im Rampenlicht: Peter van \u2019t Veen \u2013 Der Unternehmer hinter JANSEN Amsterdam\">Im Rampenlicht: Peter van \u2019t Veen \u2013 Der Unternehmer hinter JANSEN Amsterdam<\/a><\/h3><div class=\"entry-meta\"><span class=\"meta-item category-link\"><a href=\"https:\/\/www.ek-retail.com\/de\/category\/ek-fashion\/\" rel=\"tag\">EK Fashion<\/a><\/span><\/div><div class=\"entry-excerpt\"><p>Kleidung herstellen, die Frauen hilft, sich selbstbewusst und sch\u00f6n zu f\u00fchlen. Peter van \u2019t Veen ist ein echter Modemacher. Seine Reise begann 1985 in Enschede&hellip;<\/p>\n<\/div><a href=\"https:\/\/www.ek-retail.com\/de\/stories\/im-rampenlicht-peter-van-t-veen-der-unternehmer-hinter-jansen-amsterdam\/\" target=\"\" aria-label=\"Lesen Sie mehr \u00fcber Im Rampenlicht: Peter van \u2019t Veen \u2013 Der Unternehmer hinter JANSEN Amsterdam\" class=\"box-button elementor-button elementor-size-md\">Mehr erfahren<\/a>\n<\/div><\/article><\/div><div class=\"visible wf-cell\" data-post-id=\"63901\" data-date=\"2026-02-02T16:22:46+01:00\" data-name=\"Im Rampenlicht: Anne &amp; Jet Mode in Dokkum\"><article class=\"post visible no-img post-63901 stories type-stories status-publish format-standard hentry category-ek-fashion description-off\" data-name=\"Im Rampenlicht: Anne &amp; Jet Mode in Dokkum\" data-date=\"2026-02-02T16:22:46+01:00\">\n\n<div class=\"post-entry-content\">\n\n\t<h3 class=\"ele-entry-title\"><a href=\"https:\/\/www.ek-retail.com\/de\/stories\/im-rampenlicht-anne-jet-mode-in-dokkum\/\" rel=\"bookmark\" title=\"Im Rampenlicht: Anne &amp; Jet Mode in Dokkum\">Im Rampenlicht: Anne &amp; Jet Mode in Dokkum<\/a><\/h3><div class=\"entry-meta\"><span class=\"meta-item category-link\"><a href=\"https:\/\/www.ek-retail.com\/de\/category\/ek-fashion\/\" rel=\"tag\">EK Fashion<\/a><\/span><\/div><div class=\"entry-excerpt\"><p>Ein Gesch\u00e4ft, in dem Leidenschaft f\u00fcr Mode und pers\u00f6nlicher Service zusammenkommen Im Herzen von Dokkum finden Sie Anne &amp; Jet Mode, ein Gesch\u00e4ft, in dem&hellip;<\/p>\n<\/div><a href=\"https:\/\/www.ek-retail.com\/de\/stories\/im-rampenlicht-anne-jet-mode-in-dokkum\/\" target=\"\" aria-label=\"Lesen Sie mehr \u00fcber Im Rampenlicht: Anne &amp; Jet Mode in Dokkum\" class=\"box-button elementor-button elementor-size-md\">Mehr erfahren<\/a>\n<\/div><\/article><\/div><div class=\"visible wf-cell\" data-post-id=\"65605\" data-date=\"2025-12-03T13:15:00+01:00\" data-name=\"Frank Heus \u00fcbernimmt die Leitung von EK Fashion\"><article class=\"post visible no-img post-65605 stories type-stories status-publish format-standard hentry category-ek-fashion description-off\" data-name=\"Frank Heus \u00fcbernimmt die Leitung von EK Fashion\" data-date=\"2025-12-03T13:15:00+01:00\">\n\n<div class=\"post-entry-content\">\n\n\t<h3 class=\"ele-entry-title\"><a href=\"https:\/\/www.ek-retail.com\/de\/stories\/frank-heus-uebernimmt-die-leitung-von-ek-fashion\/\" rel=\"bookmark\" title=\"Frank Heus \u00fcbernimmt die Leitung von EK Fashion\">Frank Heus \u00fcbernimmt die Leitung von EK Fashion<\/a><\/h3><div class=\"entry-meta\"><span class=\"meta-item category-link\"><a href=\"https:\/\/www.ek-retail.com\/de\/category\/ek-fashion\/\" rel=\"tag\">EK Fashion<\/a><\/span><\/div><div class=\"entry-excerpt\"><p>Amersfoort\/Bielefeld, 3. Dezember 2025 \u2013 Frank Heus wird neuer Director der Business Unit EK Fashion: Der niederl\u00e4ndische Manager \u00fcbernimmt zum 1. Januar 2026 die Verantwortung&hellip;<\/p>\n<\/div><a href=\"https:\/\/www.ek-retail.com\/de\/stories\/frank-heus-uebernimmt-die-leitung-von-ek-fashion\/\" target=\"\" aria-label=\"Lesen Sie mehr \u00fcber Frank Heus \u00fcbernimmt die Leitung von EK Fashion\" class=\"box-button elementor-button elementor-size-md\">Mehr erfahren<\/a>\n<\/div><\/article><\/div><\/div><!-- iso-container|iso-grid --><\/div>\t\t\t\t<\/div>\n\t\t\t\t<\/div>\n\t\t\t\t\t<\/div>\n\t\t\t\t<\/div>\n\t\t<div class=\"elementor-element elementor-element-4a3e868 whats-going-section-mobile elementor-hidden-desktop elementor-hidden-tablet e-flex e-con-boxed e-con e-parent\" data-id=\"4a3e868\" data-element_type=\"container\" data-e-type=\"container\">\n\t\t\t\t\t<div class=\"e-con-inner\">\n\t\t\t\t<div class=\"elementor-element elementor-element-64f49f1 elementor-widget__width-initial elementor-widget elementor-widget-heading\" data-id=\"64f49f1\" data-element_type=\"widget\" data-e-type=\"widget\" data-widget_type=\"heading.default\">\n\t\t\t\t<div class=\"elementor-widget-container\">\n\t\t\t\t\t<h2 class=\"elementor-heading-title elementor-size-default\">Im Rampenlicht<\/h2>\t\t\t\t<\/div>\n\t\t\t\t<\/div>\n\t\t\t\t<div class=\"elementor-element elementor-element-7bf50ea elementor-widget__width-initial elementor-widget elementor-widget-text-editor\" data-id=\"7bf50ea\" data-element_type=\"widget\" data-e-type=\"widget\" data-widget_type=\"text-editor.default\">\n\t\t\t\t<div class=\"elementor-widget-container\">\n\t\t\t\t\t\t\t\t\t<p>Hier finden Sie aktuelle Nachrichten aus dem Bereich Fashion.<\/p>\t\t\t\t\t\t\t\t<\/div>\n\t\t\t\t<\/div>\n\t\t\t\t<div class=\"elementor-element elementor-element-b1c2fb5 bullets-fill-in arrows-relative-to-box_area elementor-widget elementor-widget-the7_elements_carousel\" data-id=\"b1c2fb5\" data-element_type=\"widget\" data-e-type=\"widget\" data-settings=\"{&quot;widget_columns_wide_desktop_breakpoint&quot;:768,&quot;widget_columns&quot;:3,&quot;widget_columns_tablet&quot;:2,&quot;widget_columns_mobile&quot;:1,&quot;gap_between_posts&quot;:{&quot;unit&quot;:&quot;px&quot;,&quot;size&quot;:15,&quot;sizes&quot;:[]},&quot;gap_between_posts_tablet&quot;:{&quot;unit&quot;:&quot;px&quot;,&quot;size&quot;:&quot;&quot;,&quot;sizes&quot;:[]},&quot;gap_between_posts_mobile&quot;:{&quot;unit&quot;:&quot;px&quot;,&quot;size&quot;:&quot;&quot;,&quot;sizes&quot;:[]}}\" data-widget_type=\"the7_elements_carousel.default\">\n\t\t\t\t<div class=\"elementor-widget-container\">\n\t\t\t\t\t<div class=\"disable-arrows-hover-bg the7_elements_carousel-b1c2fb5 owl-carousel portfolio-carousel-shortcode elementor-owl-carousel-call portfolio-shortcode the7-elementor-widget content-bg-on classic-layout-list description-under-image quick-scale-img enable-bg-rollover\" data-scroll-mode=\"1\" data-auto-height=\"false\" data-speed=\"600\" data-autoplay=\"false\" data-autoplay_speed=\"\"><article class=\"post visible no-img post-64963 stories type-stories status-publish format-standard hentry category-ek-fashion description-off\">\n\n<div class=\"post-entry-content\">\n\n\t<h3 class=\"ele-entry-title\"><a href=\"https:\/\/www.ek-retail.com\/de\/stories\/im-rampenlicht-dolimah-de-best-dumernit-37-jahre-leidenschaft-fuer-mode-bei-cees-de-best-b-v\/\" rel=\"bookmark\" title=\"Im Rampenlicht: Dolimah de Best-Dumernit \u2013 37 Jahre Leidenschaft f\u00fcr Mode bei Cees de Best B.V.\">Im Rampenlicht: Dolimah de Best-Dumernit \u2013 37 Jahre Leidenschaft f\u00fcr Mode bei Cees de Best B.V.<\/a><\/h3><div class=\"entry-meta\"><span class=\"meta-item category-link\"><a href=\"https:\/\/www.ek-retail.com\/de\/category\/ek-fashion\/\" rel=\"tag\">EK Fashion<\/a><\/span><a class=\"meta-item author vcard\" href=\"https:\/\/www.ek-retail.com\/de\/author\/bosma\/\" title=\"Zeige alle Beitr\u00e4ge von Bert Bosma\" rel=\"author external\">Von <span class=\"fn\">Bert Bosma<\/span><\/a><span class=\"meta-item data-link\"><time class=\"entry-date updated\" datetime=\"2026-02-11T09:14:00+01:00\">11. Februar 2026<\/time><\/span><\/div><div class=\"entry-excerpt\"><p>\u00dcber Wachstum, Zusammenarbeit und die Zukunft der Mode Ein Leben in der ModeMit beeindruckenden 37 Jahren Erfahrung in der Modebranche darf sich Dolimah de Best-Dumernit zu Recht eine erfahrene Modeexpertin nennen. Ihre Karriere begann bei Inkoopcombinatie Nederland, wonach sie bei Obema aufstieg. Dort arbeitete sie bereits intensiv mit Cees de Best zusammen. 1992 trat sie&hellip;<\/p>\n<\/div><a href=\"https:\/\/www.ek-retail.com\/de\/stories\/im-rampenlicht-dolimah-de-best-dumernit-37-jahre-leidenschaft-fuer-mode-bei-cees-de-best-b-v\/\" target=\"\" aria-label=\"Lesen Sie mehr \u00fcber Im Rampenlicht: Dolimah de Best-Dumernit \u2013 37 Jahre Leidenschaft f\u00fcr Mode bei Cees de Best B.V.\" class=\"box-button elementor-button elementor-size-xs\">Mehr erfahren<\/a>\n<\/div><\/article><article class=\"post visible no-img post-64954 stories type-stories status-publish format-standard hentry category-ek-fashion description-off\">\n\n<div class=\"post-entry-content\">\n\n\t<h3 class=\"ele-entry-title\"><a href=\"https:\/\/www.ek-retail.com\/de\/stories\/im-rampenlicht-peter-van-t-veen-der-unternehmer-hinter-jansen-amsterdam\/\" rel=\"bookmark\" title=\"Im Rampenlicht: Peter van \u2019t Veen \u2013 Der Unternehmer hinter JANSEN Amsterdam\">Im Rampenlicht: Peter van \u2019t Veen \u2013 Der Unternehmer hinter JANSEN Amsterdam<\/a><\/h3><div class=\"entry-meta\"><span class=\"meta-item category-link\"><a href=\"https:\/\/www.ek-retail.com\/de\/category\/ek-fashion\/\" rel=\"tag\">EK Fashion<\/a><\/span><a class=\"meta-item author vcard\" href=\"https:\/\/www.ek-retail.com\/de\/author\/bosma\/\" title=\"Zeige alle Beitr\u00e4ge von Bert Bosma\" rel=\"author external\">Von <span class=\"fn\">Bert Bosma<\/span><\/a><span class=\"meta-item data-link\"><time class=\"entry-date updated\" datetime=\"2026-02-10T16:42:01+01:00\">10. Februar 2026<\/time><\/span><\/div><div class=\"entry-excerpt\"><p>Kleidung herstellen, die Frauen hilft, sich selbstbewusst und sch\u00f6n zu f\u00fchlen. Peter van \u2019t Veen ist ein echter Modemacher. Seine Reise begann 1985 in Enschede und Groningen, wo er zusammen mit seinem Bruder Gesch\u00e4fte f\u00fchrte. Seine Schw\u00e4gerin und sein Bruder legten den Grundstein f\u00fcr die Marke Me &amp; Mrs. Jones, und auch Peter fand ganz&hellip;<\/p>\n<\/div><a href=\"https:\/\/www.ek-retail.com\/de\/stories\/im-rampenlicht-peter-van-t-veen-der-unternehmer-hinter-jansen-amsterdam\/\" target=\"\" aria-label=\"Lesen Sie mehr \u00fcber Im Rampenlicht: Peter van \u2019t Veen \u2013 Der Unternehmer hinter JANSEN Amsterdam\" class=\"box-button elementor-button elementor-size-xs\">Mehr erfahren<\/a>\n<\/div><\/article><article class=\"post visible no-img post-63901 stories type-stories status-publish format-standard hentry category-ek-fashion description-off\">\n\n<div class=\"post-entry-content\">\n\n\t<h3 class=\"ele-entry-title\"><a href=\"https:\/\/www.ek-retail.com\/de\/stories\/im-rampenlicht-anne-jet-mode-in-dokkum\/\" rel=\"bookmark\" title=\"Im Rampenlicht: Anne &amp; Jet Mode in Dokkum\">Im Rampenlicht: Anne &amp; Jet Mode in Dokkum<\/a><\/h3><div class=\"entry-meta\"><span class=\"meta-item category-link\"><a href=\"https:\/\/www.ek-retail.com\/de\/category\/ek-fashion\/\" rel=\"tag\">EK Fashion<\/a><\/span><a class=\"meta-item author vcard\" href=\"https:\/\/www.ek-retail.com\/de\/author\/bosma\/\" title=\"Zeige alle Beitr\u00e4ge von Bert Bosma\" rel=\"author external\">Von <span class=\"fn\">Bert Bosma<\/span><\/a><span class=\"meta-item data-link\"><time class=\"entry-date updated\" datetime=\"2026-02-02T16:22:46+01:00\">2. Februar 2026<\/time><\/span><\/div><div class=\"entry-excerpt\"><p>Ein Gesch\u00e4ft, in dem Leidenschaft f\u00fcr Mode und pers\u00f6nlicher Service zusammenkommen Im Herzen von Dokkum finden Sie Anne &amp; Jet Mode, ein Gesch\u00e4ft, in dem Leidenschaft f\u00fcr Mode und pers\u00f6nlicher Service zusammenkommen. Anne und Jet sind stolze Unternehmer mit einer beeindruckenden Geschichte. Von Nebenjobs in der Mode bis zur Verwirklichung ihres eigenen Gesch\u00e4fts \u2013 ihre&hellip;<\/p>\n<\/div><a href=\"https:\/\/www.ek-retail.com\/de\/stories\/im-rampenlicht-anne-jet-mode-in-dokkum\/\" target=\"\" aria-label=\"Lesen Sie mehr \u00fcber Im Rampenlicht: Anne &amp; Jet Mode in Dokkum\" class=\"box-button elementor-button elementor-size-xs\">Mehr erfahren<\/a>\n<\/div><\/article><article class=\"post visible no-img post-65605 stories type-stories status-publish format-standard hentry category-ek-fashion description-off\">\n\n<div class=\"post-entry-content\">\n\n\t<h3 class=\"ele-entry-title\"><a href=\"https:\/\/www.ek-retail.com\/de\/stories\/frank-heus-uebernimmt-die-leitung-von-ek-fashion\/\" rel=\"bookmark\" title=\"Frank Heus \u00fcbernimmt die Leitung von EK Fashion\">Frank Heus \u00fcbernimmt die Leitung von EK Fashion<\/a><\/h3><div class=\"entry-meta\"><span class=\"meta-item category-link\"><a href=\"https:\/\/www.ek-retail.com\/de\/category\/ek-fashion\/\" rel=\"tag\">EK Fashion<\/a><\/span><a class=\"meta-item author vcard\" href=\"https:\/\/www.ek-retail.com\/de\/author\/ramoeller\/\" title=\"Zeige alle Beitr\u00e4ge von Ramoeller\" rel=\"author external\">Von <span class=\"fn\">Ramoeller<\/span><\/a><span class=\"meta-item data-link\"><time class=\"entry-date updated\" datetime=\"2025-12-03T13:15:00+01:00\">3. Dezember 2025<\/time><\/span><\/div><div class=\"entry-excerpt\"><p>Amersfoort\/Bielefeld, 3. Dezember 2025 \u2013 Frank Heus wird neuer Director der Business Unit EK Fashion: Der niederl\u00e4ndische Manager \u00fcbernimmt zum 1. Januar 2026 die Verantwortung f\u00fcr das Fashion-Segment innerhalb der Mehrbranchenverbundgruppe EK Retail. Heus bringt umfassende F\u00fchrungserfahrung auf europ\u00e4ischer Ebene in den Bereichen Vertrieb, Marketing und Management mit. Zu seinen bisherigen Erfolgen z\u00e4hlt der erfolgreiche&hellip;<\/p>\n<\/div><a href=\"https:\/\/www.ek-retail.com\/de\/stories\/frank-heus-uebernimmt-die-leitung-von-ek-fashion\/\" target=\"\" aria-label=\"Lesen Sie mehr \u00fcber Frank Heus \u00fcbernimmt die Leitung von EK Fashion\" class=\"box-button elementor-button elementor-size-xs\">Mehr erfahren<\/a>\n<\/div><\/article><article class=\"post visible no-img post-63907 stories type-stories status-publish format-standard hentry category-ek-fashion description-off\">\n\n<div class=\"post-entry-content\">\n\n\t<h3 class=\"ele-entry-title\"><a href=\"https:\/\/www.ek-retail.com\/de\/stories\/im-fokus-fabienne-chapot\/\" rel=\"bookmark\" title=\"Im Fokus: Fabienne Chapot\">Im Fokus: Fabienne Chapot<\/a><\/h3><div class=\"entry-meta\"><span class=\"meta-item category-link\"><a href=\"https:\/\/www.ek-retail.com\/de\/category\/ek-fashion\/\" rel=\"tag\">EK Fashion<\/a><\/span><a class=\"meta-item author vcard\" href=\"https:\/\/www.ek-retail.com\/de\/author\/bosma\/\" title=\"Zeige alle Beitr\u00e4ge von Bert Bosma\" rel=\"author external\">Von <span class=\"fn\">Bert Bosma<\/span><\/a><span class=\"meta-item data-link\"><time class=\"entry-date updated\" datetime=\"2025-07-17T14:18:09+02:00\">17. Juli 2025<\/time><\/span><\/div><div class=\"entry-excerpt\"><p>\u201eEinen Hype zu erzeugen ist nicht schwer, ihn aufrechtzuerhalten schon.\u201c Erz\u00e4hlen Sie uns, wer ist Fabienne?\u201eIch bin Fabienne und arbeite seit 16 Jahren an Fabienne Chapot. Die Marke wurde 2006 gegr\u00fcndet und hie\u00df damals noch Fab. Das waren Taschen, Geldb\u00f6rsen und schlie\u00dflich auch Schuhe. 2015 sp\u00fcrte ich, dass die Marke ein riesiges Potenzial hatte, und&hellip;<\/p>\n<\/div><a href=\"https:\/\/www.ek-retail.com\/de\/stories\/im-fokus-fabienne-chapot\/\" target=\"\" aria-label=\"Lesen Sie mehr \u00fcber Im Fokus: Fabienne Chapot\" class=\"box-button elementor-button elementor-size-xs\">Mehr erfahren<\/a>\n<\/div><\/article><article class=\"post visible no-img post-63913 stories type-stories status-publish format-standard hentry category-ek-fashion description-off\">\n\n<div class=\"post-entry-content\">\n\n\t<h3 class=\"ele-entry-title\"><a href=\"https:\/\/www.ek-retail.com\/de\/stories\/im-rampenlicht-masai-copenhagen-jeroen-meijer\/\" rel=\"bookmark\" title=\"Im Rampenlicht: Masai Copenhagen \u2013 Jeroen Meijer\">Im Rampenlicht: Masai Copenhagen \u2013 Jeroen Meijer<\/a><\/h3><div class=\"entry-meta\"><span class=\"meta-item category-link\"><a href=\"https:\/\/www.ek-retail.com\/de\/category\/ek-fashion\/\" rel=\"tag\">EK Fashion<\/a><\/span><a class=\"meta-item author vcard\" href=\"https:\/\/www.ek-retail.com\/de\/author\/bosma\/\" title=\"Zeige alle Beitr\u00e4ge von Bert Bosma\" rel=\"author external\">Von <span class=\"fn\">Bert Bosma<\/span><\/a><span class=\"meta-item data-link\"><time class=\"entry-date updated\" datetime=\"2025-07-17T14:15:00+02:00\">17. Juli 2025<\/time><\/span><\/div><div class=\"entry-excerpt\"><p>\u201eDurchdacht entworfen in Kopenhagen, inspiriert von Frauen\u201c Jeroen ist Head of Sales Benelux bei Masai Copenhagen. Masai ist ein d\u00e4nisches Label, das 1992 von einem Bruder und einer Schwester gegr\u00fcndet wurde. Die Marke ist bekannt f\u00fcr ihren integrativen und positiven Ansatz in Bezug auf Mode und Kreativit\u00e4t. Es war daher keine \u00dcberraschung, dass Jeroen nach&hellip;<\/p>\n<\/div><a href=\"https:\/\/www.ek-retail.com\/de\/stories\/im-rampenlicht-masai-copenhagen-jeroen-meijer\/\" target=\"\" aria-label=\"Lesen Sie mehr \u00fcber Im Rampenlicht: Masai Copenhagen \u2013 Jeroen Meijer\" class=\"box-button elementor-button elementor-size-xs\">Mehr erfahren<\/a>\n<\/div><\/article><article class=\"post visible no-img post-63919 stories type-stories status-publish format-standard hentry category-ek-fashion description-off\">\n\n<div class=\"post-entry-content\">\n\n\t<h3 class=\"ele-entry-title\"><a href=\"https:\/\/www.ek-retail.com\/de\/stories\/im-rampenlicht-maribelle-mode-tineke-ottevanger\/\" rel=\"bookmark\" title=\"Im Rampenlicht: Maribelle Mode \u2013 Tineke Ottevanger\">Im Rampenlicht: Maribelle Mode \u2013 Tineke Ottevanger<\/a><\/h3><div class=\"entry-meta\"><span class=\"meta-item category-link\"><a href=\"https:\/\/www.ek-retail.com\/de\/category\/ek-fashion\/\" rel=\"tag\">EK Fashion<\/a><\/span><a class=\"meta-item author vcard\" href=\"https:\/\/www.ek-retail.com\/de\/author\/bosma\/\" title=\"Zeige alle Beitr\u00e4ge von Bert Bosma\" rel=\"author external\">Von <span class=\"fn\">Bert Bosma<\/span><\/a><span class=\"meta-item data-link\"><time class=\"entry-date updated\" datetime=\"2025-07-17T14:13:49+02:00\">17. Juli 2025<\/time><\/span><\/div><div class=\"entry-excerpt\"><p>\u201eMan muss jeden einzelnen Tag selbst eine angenehme Atmosph\u00e4re schaffen.\u201c Tineke ist seit 32 Jahren Inhaberin von Maribelle Mode, einem Damenmodegesch\u00e4ft in Klundert. Als sie 21 war, wurde im Dorf eine Ladenfl\u00e4che frei, und sie ergriff die Gelegenheit. Sie er\u00f6ffnete ihr eigenes Bekleidungsgesch\u00e4ft und f\u00fchrt viele Jahre sp\u00e4ter nun zwei Gesch\u00e4fte mit einem Team von&hellip;<\/p>\n<\/div><a href=\"https:\/\/www.ek-retail.com\/de\/stories\/im-rampenlicht-maribelle-mode-tineke-ottevanger\/\" target=\"\" aria-label=\"Lesen Sie mehr \u00fcber Im Rampenlicht: Maribelle Mode \u2013 Tineke Ottevanger\" class=\"box-button elementor-button elementor-size-xs\">Mehr erfahren<\/a>\n<\/div><\/article><article class=\"post visible no-img post-67806 stories type-stories status-publish format-standard hentry category-ek-fashion description-off\">\n\n<div class=\"post-entry-content\">\n\n\t<h3 class=\"ele-entry-title\"><a href=\"https:\/\/www.ek-retail.com\/de\/stories\/im-rampenlicht-arthurwillemijn-sander-van-buiten\/\" rel=\"bookmark\" title=\"Im Rampenlicht: Arthur&amp;Willemijn \u2013 Sander van Buiten\">Im Rampenlicht: Arthur&amp;Willemijn \u2013 Sander van Buiten<\/a><\/h3><div class=\"entry-meta\"><span class=\"meta-item category-link\"><a href=\"https:\/\/www.ek-retail.com\/de\/category\/ek-fashion\/\" rel=\"tag\">EK Fashion<\/a><\/span><a class=\"meta-item author vcard\" href=\"https:\/\/www.ek-retail.com\/de\/author\/bosma\/\" title=\"Zeige alle Beitr\u00e4ge von Bert Bosma\" rel=\"author external\">Von <span class=\"fn\">Bert Bosma<\/span><\/a><span class=\"meta-item data-link\"><time class=\"entry-date updated\" datetime=\"2025-07-17T14:12:48+02:00\">17. Juli 2025<\/time><\/span><\/div><div class=\"entry-excerpt\"><p>\u201eDem Kunden helfen und daf\u00fcr Wertsch\u00e4tzung erfahren. Tun Sie, was Sie leidenschaftlich gerne tun.\u201c Erz\u00e4hlen Sie uns, wer ist Sander?\u201eMein Name ist Sander van Buiten, und meine Eltern sind Arthur und Willemijn. Sie haben das Unternehmen vor 44 Jahren gegr\u00fcndet, und jetzt f\u00fchren meine Frau und ich die Gesch\u00e4fte. Sie hei\u00dft ebenfalls Willemijn, was anfangs&hellip;<\/p>\n<\/div><a href=\"https:\/\/www.ek-retail.com\/de\/stories\/im-rampenlicht-arthurwillemijn-sander-van-buiten\/\" target=\"\" aria-label=\"Lesen Sie mehr \u00fcber Im Rampenlicht: Arthur&amp;Willemijn \u2013 Sander van Buiten\" class=\"box-button elementor-button elementor-size-xs\">Mehr erfahren<\/a>\n<\/div><\/article><\/div><div class=\"owl-nav disabled\"><div class=\"owl-prev\" role=\"button\" tabindex=\"0\" aria-label=\"Prev slide\"><i class=\"feather feather-chevron-left\"><\/i><\/div><div class=\"owl-next\" role=\"button\" tabindex=\"0\" aria-label=\"Next slide\"><i class=\"feather feather-chevron-right\"><\/i><\/div><\/div>\t\t\t\t<\/div>\n\t\t\t\t<\/div>\n\t\t\t\t\t<\/div>\n\t\t\t\t<\/div>\n\t\t<div class=\"elementor-element elementor-element-8d16b52 custom-slider-section e-con-full e-flex e-con e-parent\" data-id=\"8d16b52\" data-element_type=\"container\" data-e-type=\"container\" data-settings=\"{&quot;background_background&quot;:&quot;classic&quot;}\">\n\t\t\t\t<div class=\"elementor-element elementor-element-ec6d32d elementor-widget-mobile__width-inherit elementor-widget elementor-widget-text-editor\" data-id=\"ec6d32d\" data-element_type=\"widget\" data-e-type=\"widget\" data-widget_type=\"text-editor.default\">\n\t\t\t\t<div class=\"elementor-widget-container\">\n\t\t\t\t\t\t\t\t\t<h2><strong>Gemeinsam st\u00e4rker<\/strong><\/h2><p dir=\"auto\">EK Fashion bietet verschiedene Kooperationsgruppen f\u00fcr Fashion H\u00e4ndler an, die sich auf Wissensaustausch, Inspiration und gemeinsames Wachstum konzentrieren. Nachfolgend finden Sie eine \u00dcbersicht \u00fcber diese Gruppen. <\/p>\t\t\t\t\t\t\t\t<\/div>\n\t\t\t\t<\/div>\n\t\t\t\t<div class=\"elementor-element elementor-element-eb75cb1 elementor-hidden-tablet elementor--h-position-left custom-slides elementor--v-position-middle elementor-arrows-position-inside elementor-widget elementor-widget-slides\" data-id=\"eb75cb1\" data-element_type=\"widget\" data-e-type=\"widget\" data-settings=\"{&quot;navigation&quot;:&quot;arrows&quot;,&quot;transition&quot;:&quot;fade&quot;,&quot;infinite&quot;:&quot;yes&quot;,&quot;transition_speed&quot;:500}\" data-widget_type=\"slides.default\">\n\t\t\t\t<div class=\"elementor-widget-container\">\n\t\t\t\t\t\t\t\t\t<div class=\"elementor-swiper\">\n\t\t\t\t\t<div class=\"elementor-slides-wrapper elementor-main-swiper swiper\" role=\"region\" aria-roledescription=\"carousel\" aria-label=\"Slider\" dir=\"ltr\" data-animation=\"fadeInRight\">\n\t\t\t\t<div class=\"swiper-wrapper elementor-slides\">\n\t\t\t\t\t\t\t\t\t\t<div class=\"elementor-repeater-item-353c42a swiper-slide\" role=\"group\" aria-roledescription=\"slide\"><div class=\"swiper-slide-bg\" role=\"img\" aria-label=\"9\"><\/div><div class=\"swiper-slide-inner\" ><div class=\"swiper-slide-contents\"><h2 class=\"elementor-slide-heading\">DECO Group (NL)<\/h2><p class=\"elementor-slide-description\"><p>Ein Zusammenschluss von 35 High-End-Herrenmodeh\u00e4ndlern, die fr\u00fcher Teil der DECO-Einzelhandelsorganisation waren. Die Gruppe ist in drei Cluster f\u00fcr einen offenen, vertraulichen Austausch unterteilt und trifft sich viermal im Jahr \u2013 einschlie\u00dflich internationaler Inspirationsreisen. <\/p>\n<\/p><\/div><\/div><\/div><div class=\"elementor-repeater-item-7427ab8 swiper-slide\" role=\"group\" aria-roledescription=\"slide\"><div class=\"swiper-slide-bg\" role=\"img\" aria-label=\"8\"><\/div><div class=\"swiper-slide-inner\" ><div class=\"swiper-slide-contents\"><h2 class=\"elementor-slide-heading\">Dutch Fashion Group (NL)<\/h2><p class=\"elementor-slide-description\"><p>Diese aktive Gruppe entstand 2021 aus dem Zusammenschluss der Dutch Fashion Group und der Forum Group und umfasst ~30 Unternehmer mit 40 Gesch\u00e4ften im mittleren bis oberen Mittelpreissegment. Zu den wichtigsten S\u00e4ulen geh\u00f6ren Benchmarking, Beratung zu Einzelhandelstrends und regionale Exklusivit\u00e4t. <\/p>\n<\/p><\/div><\/div><\/div><div class=\"elementor-repeater-item-0375152 swiper-slide\" role=\"group\" aria-roledescription=\"slide\"><div class=\"swiper-slide-bg\" role=\"img\" aria-label=\"7\"><\/div><div class=\"swiper-slide-inner\" ><div class=\"swiper-slide-contents\"><h2 class=\"elementor-slide-heading\">Fashion Connection (NL)<\/h2><p class=\"elementor-slide-description\"><p>Diese Gruppe konzentriert sich auf Damenmode in den Segmenten Trend und Actual und trifft sich sechsmal im Jahr, um Leistungsdaten und Markteinblicke auszutauschen. Zu den Aktivit\u00e4ten geh\u00f6ren Gesch\u00e4ftsbesuche, Trendpr\u00e4sentationen und Inspirationsreisen. <\/p>\n<\/p><\/div><\/div><\/div><div class=\"elementor-repeater-item-ea1ddbc swiper-slide\" role=\"group\" aria-roledescription=\"slide\"><div class=\"swiper-slide-bg\" role=\"img\" aria-label=\"5\"><\/div><div class=\"swiper-slide-inner\" ><div class=\"swiper-slide-contents\"><h2 class=\"elementor-slide-heading\">Retail Connect (NL)<\/h2><p class=\"elementor-slide-description\"><p>~20 Unternehmer mit fast 40 Gesch\u00e4ften im Bereich Damenmode. Die Gruppe konzentriert sich darauf, durch gemeinsame Einblicke in Trends, Nachhaltigkeit, F\u00fchrung und digitale Innovation relevant zu bleiben. <\/p>\n<\/p><\/div><\/div><\/div><div class=\"elementor-repeater-item-49db5e7 swiper-slide\" role=\"group\" aria-roledescription=\"slide\"><div class=\"swiper-slide-bg\" role=\"img\" aria-label=\"fashion_modealliance\"><\/div><div class=\"swiper-slide-inner\" ><div class=\"swiper-slide-contents\"><h2 class=\"elementor-slide-heading\">Mode Alliance (NL)<\/h2><p class=\"elementor-slide-description\"><p>Neun gro\u00dffl\u00e4chige Einzelh\u00e4ndler (1.000 m\u00b2+) arbeiten in den Bereichen Strategie, Daten, Personalwesen, Nachhaltigkeit und Markttrends zusammen. Beinhaltet St\u00e4dtereisen und thematische Sitzungen. <\/p>\n<\/p><\/div><\/div><\/div><div class=\"elementor-repeater-item-41b1a88 swiper-slide\" role=\"group\" aria-roledescription=\"slide\"><div class=\"swiper-slide-bg\" role=\"img\" aria-label=\"2\"><\/div><div class=\"swiper-slide-inner\" ><div class=\"swiper-slide-contents\"><h2 class=\"elementor-slide-heading\">Young Network (NL)<\/h2><p class=\"elementor-slide-description\"><p>Eine branchen\u00fcbergreifende Gruppe, die Mode, Sport, Heim und B\u00fccher umfasst. Die Mitglieder treffen sich dreimal im Jahr, um Ideen auszutauschen und ihre Netzwerke innerhalb von EK Retail auszubauen. <\/p>\n<\/p><\/div><\/div><\/div><div class=\"elementor-repeater-item-304966b swiper-slide\" role=\"group\" aria-roledescription=\"slide\"><div class=\"swiper-slide-bg\" role=\"img\" aria-label=\"3\"><\/div><div class=\"swiper-slide-inner\" ><div class=\"swiper-slide-contents\"><h2 class=\"elementor-slide-heading\">Kids Point (NL)<\/h2><p class=\"elementor-slide-description\"><p>Eine dynamische Gruppe von 11 Kinderfachgesch\u00e4ften, von gro\u00dfen Gesch\u00e4ften bis hin zu kleinen, unabh\u00e4ngigen Gesch\u00e4ften. Zu den Aktivit\u00e4ten geh\u00f6ren Benchmarking, Expertensitzungen und halbj\u00e4hrliche Trendpr\u00e4sentationen. <\/p>\n<\/p><\/div><\/div><\/div><div class=\"elementor-repeater-item-37a7914 swiper-slide\" role=\"group\" aria-roledescription=\"slide\"><div class=\"swiper-slide-bg\" role=\"img\" aria-label=\"b87c08e1-8381-4ea6-8aa3-17ceb4e172aa\"><\/div><div class=\"swiper-slide-inner\" ><div class=\"swiper-slide-contents\"><h2 class=\"elementor-slide-heading\">Impulz (NL)<\/h2><p class=\"elementor-slide-description\"><p>Die Impulz-Gruppe besteht aus 13 Unternehmern, die 23 mittelgro\u00dfe Gesch\u00e4fte vertreten, mit einem gemeinsamen Fokus auf das Damensegment im mittleren bis gehobenen Markt. Wir treffen uns mehrmals im Jahr, um Markteinblicke und alle relevanten Themen zu besprechen, die zu einer optimalen Performance auf der Verkaufsfl\u00e4che beitragen. Inspiration gewinnen wir durch j\u00e4hrliche St\u00e4dtetrips, Fachmessen und Trend-Sessions.  <\/p>\n<\/p><\/div><\/div><\/div><div class=\"elementor-repeater-item-5c5fb6c swiper-slide\" role=\"group\" aria-roledescription=\"slide\"><div class=\"swiper-slide-bg\" role=\"img\" aria-label=\"4\"><\/div><div class=\"swiper-slide-inner\" ><div class=\"swiper-slide-contents\"><h2 class=\"elementor-slide-heading\">Focus Group (NL)<\/h2><p class=\"elementor-slide-description\"><p>Eine langj\u00e4hrige Gruppe von 12 Mode- und Heimtextilh\u00e4ndlern, die den Schwerpunkt auf Damenmode im mittleren bis unteren Preissegment legen. Ideal f\u00fcr Unternehmen im Wandel, wie z. B. Nachfolge oder strategische Erneuerung. <\/p>\n<\/p><\/div><\/div><\/div><div class=\"elementor-repeater-item-9b3a6af swiper-slide\" role=\"group\" aria-roledescription=\"slide\"><div class=\"swiper-slide-bg\" role=\"img\" aria-label=\"Modegefl\u00fcster_Webseite\"><\/div><div class=\"swiper-slide-inner\" ><div class=\"swiper-slide-contents\"><h2 class=\"elementor-slide-heading\">Modegefl\u00fcster (D-A-CH)<\/h2><p class=\"elementor-slide-description\"><p>Modegefl\u00fcster ist ein digitales Event f\u00fcr D-A-CH-Handelspartner, das zwei- bis viermal pro Jahr stattfindet, um den Austausch zu zentralen Themen wie POS-Innovationen, Trends, Mitarbeiterthemen, Einkauf &amp; Bestellung sowie Anliegen rund um Lieferanten oder Dienstleister zu erm\u00f6glichen.<\/p>\n<\/p><\/div><\/div><\/div><div class=\"elementor-repeater-item-55ec2bc swiper-slide\" role=\"group\" aria-roledescription=\"slide\"><div class=\"swiper-slide-bg\" role=\"img\" aria-label=\"FIT Event_Webseite\"><\/div><div class=\"swiper-slide-inner\" ><div class=\"swiper-slide-contents\"><h2 class=\"elementor-slide-heading\">Fashion Inside Talk (D-A-CH)<\/h2><p class=\"elementor-slide-description\"><p>Fashion Inside Talk (F.I.T.) ist ein pers\u00f6nliches Networking-Event f\u00fcr D-A-CH-Einzelh\u00e4ndler, das zwei- bis dreimal pro Jahr stattfindet. Es konzentriert sich auf ausgew\u00e4hlte Branchenthemen und f\u00f6rdert den Austausch und die Zusammenarbeit mit Einzelh\u00e4ndlern, Partnern, Lieferanten und Dienstleistern. <\/p>\n<\/p><\/div><\/div><\/div>\t\t\t\t<\/div>\n\t\t\t\t\t\t\t\t\t\t\t\t\t\t\t<div class=\"elementor-swiper-button elementor-swiper-button-prev\" role=\"button\" tabindex=\"0\" aria-label=\"Vorheriger Slide\">\n\t\t\t\t\t\t\t<i aria-hidden=\"true\" class=\"eicon-chevron-left\"><\/i>\t\t\t\t\t\t<\/div>\n\t\t\t\t\t\t<div class=\"elementor-swiper-button elementor-swiper-button-next\" role=\"button\" tabindex=\"0\" aria-label=\"N\u00e4chster Slide\">\n\t\t\t\t\t\t\t<i aria-hidden=\"true\" class=\"eicon-chevron-right\"><\/i>\t\t\t\t\t\t<\/div>\n\t\t\t\t\t\t\t\t\t\t\t\t\t\t\t\t\t<\/div>\n\t\t\t\t<\/div>\n\t\t\t\t\t\t\t\t<\/div>\n\t\t\t\t<\/div>\n\t\t\t\t<\/div>\n\t\t<div class=\"elementor-element elementor-element-441dddb elementor-hidden-desktop elementor-hidden-tablet elementor-hidden-mobile e-flex e-con-boxed e-con e-parent\" data-id=\"441dddb\" data-element_type=\"container\" data-e-type=\"container\">\n\t\t\t\t\t<div class=\"e-con-inner\">\n\t\t\t\t<div class=\"elementor-element elementor-element-c5e9055 elementor-pagination-type-bullets elementor-arrows-position-inside elementor-pagination-position-outside elementor-widget elementor-widget-n-carousel\" data-id=\"c5e9055\" data-element_type=\"widget\" data-e-type=\"widget\" data-settings=\"{&quot;carousel_items&quot;:[{&quot;slide_title&quot;:&quot;DECO Group&quot;,&quot;_id&quot;:&quot;b9d2f92&quot;},{&quot;slide_title&quot;:&quot;Dutch Fashion Group&quot;,&quot;_id&quot;:&quot;97bb391&quot;},{&quot;slide_title&quot;:&quot;Fashion Connection&quot;,&quot;_id&quot;:&quot;354b4c3&quot;},{&quot;_id&quot;:&quot;5dd5584&quot;,&quot;slide_title&quot;:&quot;Focus Group&quot;},{&quot;_id&quot;:&quot;f7e260d&quot;,&quot;slide_title&quot;:&quot;IFP&quot;},{&quot;_id&quot;:&quot;ecd8a33&quot;,&quot;slide_title&quot;:&quot;Kidspoint&quot;},{&quot;_id&quot;:&quot;9d010f3&quot;,&quot;slide_title&quot;:&quot;Mode Alliance&quot;},{&quot;_id&quot;:&quot;9c06997&quot;,&quot;slide_title&quot;:&quot;Retail Connect&quot;},{&quot;_id&quot;:&quot;f7cca63&quot;,&quot;slide_title&quot;:&quot;Young Network&quot;}],&quot;slides_to_show&quot;:&quot;1&quot;,&quot;slides_to_show_tablet&quot;:&quot;2&quot;,&quot;slides_to_show_mobile&quot;:&quot;1&quot;,&quot;autoplay&quot;:&quot;yes&quot;,&quot;autoplay_speed&quot;:5000,&quot;pause_on_hover&quot;:&quot;yes&quot;,&quot;pause_on_interaction&quot;:&quot;yes&quot;,&quot;infinite&quot;:&quot;yes&quot;,&quot;speed&quot;:500,&quot;offset_sides&quot;:&quot;none&quot;,&quot;arrows&quot;:&quot;yes&quot;,&quot;pagination&quot;:&quot;bullets&quot;,&quot;image_spacing_custom&quot;:{&quot;unit&quot;:&quot;px&quot;,&quot;size&quot;:10,&quot;sizes&quot;:[]},&quot;image_spacing_custom_tablet&quot;:{&quot;unit&quot;:&quot;px&quot;,&quot;size&quot;:&quot;&quot;,&quot;sizes&quot;:[]},&quot;image_spacing_custom_mobile&quot;:{&quot;unit&quot;:&quot;px&quot;,&quot;size&quot;:&quot;&quot;,&quot;sizes&quot;:[]}}\" data-widget_type=\"nested-carousel.default\">\n\t\t\t\t<div class=\"elementor-widget-container\">\n\t\t\t\t\t\t\t<div class=\"e-n-carousel swiper\" role=\"region\" aria-roledescription=\"carousel\" aria-label=\"Karussell\" dir=\"ltr\">\n\t\t\t<div class=\"swiper-wrapper\" aria-live=\"off\">\n\t\t\t\t\t\t\t\t\t\t<div class=\"swiper-slide\" data-slide=\"1\" role=\"group\" aria-roledescription=\"slide\" aria-label=\"1 von 9\">\n\t\t\t\t\t\t\t<div class=\"elementor-element elementor-element-6283f1c e-flex e-con-boxed e-con e-child\" data-id=\"6283f1c\" data-element_type=\"container\" data-e-type=\"container\">\n\t\t\t\t\t<div class=\"e-con-inner\">\n\t\t<div class=\"elementor-element elementor-element-ce70c9e e-con-full e-flex e-con e-child\" data-id=\"ce70c9e\" data-element_type=\"container\" data-e-type=\"container\" data-settings=\"{&quot;background_background&quot;:&quot;slideshow&quot;,&quot;background_slideshow_gallery&quot;:[{&quot;id&quot;:63629,&quot;url&quot;:&quot;https:\\\/\\\/www.ek-retail.com\\\/wp-content\\\/uploads\\\/2025\\\/09\\\/6754cb4e-9a03-417e-bc7c-1651c1634615_rw_1920.jpg&quot;}],&quot;background_slideshow_loop&quot;:&quot;yes&quot;,&quot;background_slideshow_slide_duration&quot;:5000,&quot;background_slideshow_slide_transition&quot;:&quot;fade&quot;,&quot;background_slideshow_transition_duration&quot;:500}\">\n\t\t\t\t<\/div>\n\t\t<div class=\"elementor-element elementor-element-53943bd e-con-full e-flex e-con e-child\" data-id=\"53943bd\" data-element_type=\"container\" data-e-type=\"container\" data-settings=\"{&quot;background_background&quot;:&quot;classic&quot;}\">\n\t\t\t\t<div class=\"elementor-element elementor-element-fb379db elementor-widget elementor-widget-heading\" data-id=\"fb379db\" data-element_type=\"widget\" data-e-type=\"widget\" data-widget_type=\"heading.default\">\n\t\t\t\t<div class=\"elementor-widget-container\">\n\t\t\t\t\t<h2 class=\"elementor-heading-title elementor-size-default\">DECO Group\n\n\n\n\n\n<\/h2>\t\t\t\t<\/div>\n\t\t\t\t<\/div>\n\t\t\t\t<div class=\"elementor-element elementor-element-96881a7 elementor-widget elementor-widget-text-editor\" data-id=\"96881a7\" data-element_type=\"widget\" data-e-type=\"widget\" data-widget_type=\"text-editor.default\">\n\t\t\t\t<div class=\"elementor-widget-container\">\n\t\t\t\t\t\t\t\t\t<p dir=\"auto\">Ein Zusammenschluss von 35 High-End-Herrenmodeh\u00e4ndlern, die fr\u00fcher Teil der DECO-Einzelhandelsorganisation waren. Die Gruppe ist in drei Cluster f\u00fcr einen offenen, vertraulichen Austausch unterteilt und trifft sich viermal im Jahr \u2013 einschlie\u00dflich internationaler Inspirationsreisen. <\/p>\t\t\t\t\t\t\t\t<\/div>\n\t\t\t\t<\/div>\n\t\t<div class=\"elementor-element elementor-element-921ae15 e-con-full e-flex e-con e-child\" data-id=\"921ae15\" data-element_type=\"container\" data-e-type=\"container\">\n\t\t\t\t<div class=\"elementor-element elementor-element-de5ddd0 elementor-icon-list--layout-traditional elementor-list-item-link-full_width elementor-widget elementor-widget-icon-list\" data-id=\"de5ddd0\" data-element_type=\"widget\" data-e-type=\"widget\" data-widget_type=\"icon-list.default\">\n\t\t\t\t<div class=\"elementor-widget-container\">\n\t\t\t\t\t\t\t<ul class=\"elementor-icon-list-items\">\n\t\t\t\t\t\t\t<li class=\"elementor-icon-list-item\">\n\t\t\t\t\t\t\t\t\t\t<span class=\"elementor-icon-list-text\">Wilbert den Butter<\/span>\n\t\t\t\t\t\t\t\t\t<\/li>\n\t\t\t\t\t\t<\/ul>\n\t\t\t\t\t\t<\/div>\n\t\t\t\t<\/div>\n\t\t\t\t<div class=\"elementor-element elementor-element-a06f53b elementor-icon-list--layout-traditional elementor-list-item-link-full_width elementor-widget elementor-widget-icon-list\" data-id=\"a06f53b\" data-element_type=\"widget\" data-e-type=\"widget\" data-widget_type=\"icon-list.default\">\n\t\t\t\t<div class=\"elementor-widget-container\">\n\t\t\t\t\t\t\t<ul class=\"elementor-icon-list-items\">\n\t\t\t\t\t\t\t<li class=\"elementor-icon-list-item\">\n\t\t\t\t\t\t\t\t\t\t\t<a href=\"http:\/\/w.denbutter@ek-retail.com\">\n\n\t\t\t\t\t\t\t\t\t\t\t\t<span class=\"elementor-icon-list-icon\">\n\t\t\t\t\t\t\t<i aria-hidden=\"true\" class=\"feather feather-mail\"><\/i>\t\t\t\t\t\t<\/span>\n\t\t\t\t\t\t\t\t\t\t<span class=\"elementor-icon-list-text\">  w.denbutter@ek-retail.com<\/span>\n\t\t\t\t\t\t\t\t\t\t\t<\/a>\n\t\t\t\t\t\t\t\t\t<\/li>\n\t\t\t\t\t\t<\/ul>\n\t\t\t\t\t\t<\/div>\n\t\t\t\t<\/div>\n\t\t\t\t<div class=\"elementor-element elementor-element-7403a62 elementor-icon-list--layout-traditional elementor-list-item-link-full_width elementor-widget elementor-widget-icon-list\" data-id=\"7403a62\" data-element_type=\"widget\" data-e-type=\"widget\" data-widget_type=\"icon-list.default\">\n\t\t\t\t<div class=\"elementor-widget-container\">\n\t\t\t\t\t\t\t<ul class=\"elementor-icon-list-items\">\n\t\t\t\t\t\t\t<li class=\"elementor-icon-list-item\">\n\t\t\t\t\t\t\t\t\t\t\t<a href=\"http:\/\/+31%206%2033%2016%2042%2030\">\n\n\t\t\t\t\t\t\t\t\t\t\t\t<span class=\"elementor-icon-list-icon\">\n\t\t\t\t\t\t\t<i aria-hidden=\"true\" class=\"fas fa-phone-alt\"><\/i>\t\t\t\t\t\t<\/span>\n\t\t\t\t\t\t\t\t\t\t<span class=\"elementor-icon-list-text\">+31 6 33 16 42 30<\/span>\n\t\t\t\t\t\t\t\t\t\t\t<\/a>\n\t\t\t\t\t\t\t\t\t<\/li>\n\t\t\t\t\t\t<\/ul>\n\t\t\t\t\t\t<\/div>\n\t\t\t\t<\/div>\n\t\t\t\t<\/div>\n\t\t\t\t<\/div>\n\t\t\t\t\t<\/div>\n\t\t\t\t<\/div>\n\t\t\t\t\t\t\t\t<\/div>\n\t\t\t\t\t\t\t\t\t\t\t<div class=\"swiper-slide\" data-slide=\"2\" role=\"group\" aria-roledescription=\"slide\" aria-label=\"2 von 9\">\n\t\t\t\t\t\t\t<div class=\"elementor-element elementor-element-8a77d65 e-flex e-con-boxed e-con e-child\" data-id=\"8a77d65\" data-element_type=\"container\" data-e-type=\"container\">\n\t\t\t\t\t<div class=\"e-con-inner\">\n\t\t<div class=\"elementor-element elementor-element-333a9c8 e-con-full e-flex e-con e-child\" data-id=\"333a9c8\" data-element_type=\"container\" data-e-type=\"container\" data-settings=\"{&quot;background_background&quot;:&quot;slideshow&quot;,&quot;background_slideshow_gallery&quot;:[{&quot;id&quot;:63630,&quot;url&quot;:&quot;https:\\\/\\\/www.ek-retail.com\\\/wp-content\\\/uploads\\\/2025\\\/06\\\/footer-slider_0000.jpg&quot;}],&quot;background_slideshow_loop&quot;:&quot;yes&quot;,&quot;background_slideshow_slide_duration&quot;:5000,&quot;background_slideshow_slide_transition&quot;:&quot;fade&quot;,&quot;background_slideshow_transition_duration&quot;:500}\">\n\t\t\t\t<\/div>\n\t\t<div class=\"elementor-element elementor-element-c0d3b32 e-con-full e-flex e-con e-child\" data-id=\"c0d3b32\" data-element_type=\"container\" data-e-type=\"container\" data-settings=\"{&quot;background_background&quot;:&quot;classic&quot;}\">\n\t\t\t\t<div class=\"elementor-element elementor-element-71d5d69 elementor-widget elementor-widget-heading\" data-id=\"71d5d69\" data-element_type=\"widget\" data-e-type=\"widget\" data-widget_type=\"heading.default\">\n\t\t\t\t<div class=\"elementor-widget-container\">\n\t\t\t\t\t<h2 class=\"elementor-heading-title elementor-size-default\">Dutch Fashion Group\n\n\n\n\n\n<\/h2>\t\t\t\t<\/div>\n\t\t\t\t<\/div>\n\t\t\t\t<div class=\"elementor-element elementor-element-2610ff2 elementor-widget elementor-widget-text-editor\" data-id=\"2610ff2\" data-element_type=\"widget\" data-e-type=\"widget\" data-widget_type=\"text-editor.default\">\n\t\t\t\t<div class=\"elementor-widget-container\">\n\t\t\t\t\t\t\t\t\t<p dir=\"auto\">Diese aktive Gruppe entstand 2021 aus dem Zusammenschluss der Dutch Fashion Group und der Forum Group und umfasst ~30 Unternehmer mit 40 Gesch\u00e4ften im mittleren bis oberen Mittelpreissegment. Zu den wichtigsten S\u00e4ulen geh\u00f6ren Benchmarking, Beratung zu Einzelhandelstrends und regionale Exklusivit\u00e4t. <\/p>\t\t\t\t\t\t\t\t<\/div>\n\t\t\t\t<\/div>\n\t\t<div class=\"elementor-element elementor-element-902e718 e-con-full e-flex e-con e-child\" data-id=\"902e718\" data-element_type=\"container\" data-e-type=\"container\">\n\t\t\t\t<div class=\"elementor-element elementor-element-de9d8cd elementor-icon-list--layout-traditional elementor-list-item-link-full_width elementor-widget elementor-widget-icon-list\" data-id=\"de9d8cd\" data-element_type=\"widget\" data-e-type=\"widget\" data-widget_type=\"icon-list.default\">\n\t\t\t\t<div class=\"elementor-widget-container\">\n\t\t\t\t\t\t\t<ul class=\"elementor-icon-list-items\">\n\t\t\t\t\t\t\t<li class=\"elementor-icon-list-item\">\n\t\t\t\t\t\t\t\t\t\t<span class=\"elementor-icon-list-text\">Jan-Willem van der Loo &amp; Answell Mamman<\/span>\n\t\t\t\t\t\t\t\t\t<\/li>\n\t\t\t\t\t\t<\/ul>\n\t\t\t\t\t\t<\/div>\n\t\t\t\t<\/div>\n\t\t\t\t<div class=\"elementor-element elementor-element-cb1acd0 elementor-icon-list--layout-traditional elementor-list-item-link-full_width elementor-widget elementor-widget-icon-list\" data-id=\"cb1acd0\" data-element_type=\"widget\" data-e-type=\"widget\" data-widget_type=\"icon-list.default\">\n\t\t\t\t<div class=\"elementor-widget-container\">\n\t\t\t\t\t\t\t<ul class=\"elementor-icon-list-items\">\n\t\t\t\t\t\t\t<li class=\"elementor-icon-list-item\">\n\t\t\t\t\t\t\t\t\t\t\t<a href=\"http:\/\/j.vanderloo@ek-retail.com\">\n\n\t\t\t\t\t\t\t\t\t\t\t\t<span class=\"elementor-icon-list-icon\">\n\t\t\t\t\t\t\t<i aria-hidden=\"true\" class=\"feather feather-mail\"><\/i>\t\t\t\t\t\t<\/span>\n\t\t\t\t\t\t\t\t\t\t<span class=\"elementor-icon-list-text\">j.vanderloo@ek-retail.com<\/span>\n\t\t\t\t\t\t\t\t\t\t\t<\/a>\n\t\t\t\t\t\t\t\t\t<\/li>\n\t\t\t\t\t\t\t\t<li class=\"elementor-icon-list-item\">\n\t\t\t\t\t\t\t\t\t\t\t<a href=\"http:\/\/a.mamman@ek-retail.com\">\n\n\t\t\t\t\t\t\t\t\t\t\t\t<span class=\"elementor-icon-list-icon\">\n\t\t\t\t\t\t\t<i aria-hidden=\"true\" class=\"feather feather-mail\"><\/i>\t\t\t\t\t\t<\/span>\n\t\t\t\t\t\t\t\t\t\t<span class=\"elementor-icon-list-text\">a.mamman@ek-retail.com<\/span>\n\t\t\t\t\t\t\t\t\t\t\t<\/a>\n\t\t\t\t\t\t\t\t\t<\/li>\n\t\t\t\t\t\t<\/ul>\n\t\t\t\t\t\t<\/div>\n\t\t\t\t<\/div>\n\t\t\t\t<div class=\"elementor-element elementor-element-0654962 elementor-icon-list--layout-traditional elementor-list-item-link-full_width elementor-widget elementor-widget-icon-list\" data-id=\"0654962\" data-element_type=\"widget\" data-e-type=\"widget\" data-widget_type=\"icon-list.default\">\n\t\t\t\t<div class=\"elementor-widget-container\">\n\t\t\t\t\t\t\t<ul class=\"elementor-icon-list-items\">\n\t\t\t\t\t\t\t<li class=\"elementor-icon-list-item\">\n\t\t\t\t\t\t\t\t\t\t\t<a href=\"http:\/\/+31%206%2051%2022%2089%2049\">\n\n\t\t\t\t\t\t\t\t\t\t\t\t<span class=\"elementor-icon-list-icon\">\n\t\t\t\t\t\t\t<i aria-hidden=\"true\" class=\"fas fa-phone-alt\"><\/i>\t\t\t\t\t\t<\/span>\n\t\t\t\t\t\t\t\t\t\t<span class=\"elementor-icon-list-text\">+31 6 51 22 89 49<\/span>\n\t\t\t\t\t\t\t\t\t\t\t<\/a>\n\t\t\t\t\t\t\t\t\t<\/li>\n\t\t\t\t\t\t\t\t<li class=\"elementor-icon-list-item\">\n\t\t\t\t\t\t\t\t\t\t\t<a href=\"http:\/\/+31%206%2020%2032%2034%2030\">\n\n\t\t\t\t\t\t\t\t\t\t\t\t<span class=\"elementor-icon-list-icon\">\n\t\t\t\t\t\t\t<i aria-hidden=\"true\" class=\"fas fa-phone-alt\"><\/i>\t\t\t\t\t\t<\/span>\n\t\t\t\t\t\t\t\t\t\t<span class=\"elementor-icon-list-text\">+31 6 20 32 34 30<\/span>\n\t\t\t\t\t\t\t\t\t\t\t<\/a>\n\t\t\t\t\t\t\t\t\t<\/li>\n\t\t\t\t\t\t<\/ul>\n\t\t\t\t\t\t<\/div>\n\t\t\t\t<\/div>\n\t\t\t\t<\/div>\n\t\t\t\t<\/div>\n\t\t\t\t\t<\/div>\n\t\t\t\t<\/div>\n\t\t\t\t\t\t\t\t<\/div>\n\t\t\t\t\t\t\t\t\t\t\t<div class=\"swiper-slide\" data-slide=\"3\" role=\"group\" aria-roledescription=\"slide\" aria-label=\"3 von 9\">\n\t\t\t\t\t\t\t<div class=\"elementor-element elementor-element-a534409 e-flex e-con-boxed e-con e-child\" data-id=\"a534409\" data-element_type=\"container\" data-e-type=\"container\">\n\t\t\t\t\t<div class=\"e-con-inner\">\n\t\t<div class=\"elementor-element elementor-element-0c68f31 e-con-full e-flex e-con e-child\" data-id=\"0c68f31\" data-element_type=\"container\" data-e-type=\"container\" data-settings=\"{&quot;background_background&quot;:&quot;slideshow&quot;,&quot;background_slideshow_gallery&quot;:[{&quot;id&quot;:63631,&quot;url&quot;:&quot;https:\\\/\\\/www.ek-retail.com\\\/wp-content\\\/uploads\\\/2025\\\/06\\\/footer-slider_0001.jpg&quot;}],&quot;background_slideshow_loop&quot;:&quot;yes&quot;,&quot;background_slideshow_slide_duration&quot;:5000,&quot;background_slideshow_slide_transition&quot;:&quot;fade&quot;,&quot;background_slideshow_transition_duration&quot;:500}\">\n\t\t\t\t<\/div>\n\t\t<div class=\"elementor-element elementor-element-50ac5d4 e-con-full e-flex e-con e-child\" data-id=\"50ac5d4\" data-element_type=\"container\" data-e-type=\"container\" data-settings=\"{&quot;background_background&quot;:&quot;classic&quot;}\">\n\t\t\t\t<div class=\"elementor-element elementor-element-5245e9d elementor-widget elementor-widget-heading\" data-id=\"5245e9d\" data-element_type=\"widget\" data-e-type=\"widget\" data-widget_type=\"heading.default\">\n\t\t\t\t<div class=\"elementor-widget-container\">\n\t\t\t\t\t<h2 class=\"elementor-heading-title elementor-size-default\">Fashion Connection\n\n\n\n\n\n<\/h2>\t\t\t\t<\/div>\n\t\t\t\t<\/div>\n\t\t\t\t<div class=\"elementor-element elementor-element-0906fe1 elementor-widget elementor-widget-text-editor\" data-id=\"0906fe1\" data-element_type=\"widget\" data-e-type=\"widget\" data-widget_type=\"text-editor.default\">\n\t\t\t\t<div class=\"elementor-widget-container\">\n\t\t\t\t\t\t\t\t\t<p dir=\"auto\">Diese Gruppe konzentriert sich auf Damenmode in den Segmenten Trend und Actual und trifft sich sechsmal im Jahr, um Leistungsdaten und Markteinblicke auszutauschen. Zu den Aktivit\u00e4ten geh\u00f6ren Gesch\u00e4ftsbesuche, Trendpr\u00e4sentationen und Inspirationsreisen. <\/p>\t\t\t\t\t\t\t\t<\/div>\n\t\t\t\t<\/div>\n\t\t<div class=\"elementor-element elementor-element-15934e9 e-con-full e-flex e-con e-child\" data-id=\"15934e9\" data-element_type=\"container\" data-e-type=\"container\">\n\t\t\t\t<div class=\"elementor-element elementor-element-a705997 elementor-icon-list--layout-traditional elementor-list-item-link-full_width elementor-widget elementor-widget-icon-list\" data-id=\"a705997\" data-element_type=\"widget\" data-e-type=\"widget\" data-widget_type=\"icon-list.default\">\n\t\t\t\t<div class=\"elementor-widget-container\">\n\t\t\t\t\t\t\t<ul class=\"elementor-icon-list-items\">\n\t\t\t\t\t\t\t<li class=\"elementor-icon-list-item\">\n\t\t\t\t\t\t\t\t\t\t<span class=\"elementor-icon-list-text\">Anneke Heurckmans<\/span>\n\t\t\t\t\t\t\t\t\t<\/li>\n\t\t\t\t\t\t<\/ul>\n\t\t\t\t\t\t<\/div>\n\t\t\t\t<\/div>\n\t\t\t\t<div class=\"elementor-element elementor-element-c0ce4ce elementor-icon-list--layout-traditional elementor-list-item-link-full_width elementor-widget elementor-widget-icon-list\" data-id=\"c0ce4ce\" data-element_type=\"widget\" data-e-type=\"widget\" data-widget_type=\"icon-list.default\">\n\t\t\t\t<div class=\"elementor-widget-container\">\n\t\t\t\t\t\t\t<ul class=\"elementor-icon-list-items\">\n\t\t\t\t\t\t\t<li class=\"elementor-icon-list-item\">\n\t\t\t\t\t\t\t\t\t\t\t<a href=\"http:\/\/a.heurckmans@ek-retail.com\">\n\n\t\t\t\t\t\t\t\t\t\t\t\t<span class=\"elementor-icon-list-icon\">\n\t\t\t\t\t\t\t<i aria-hidden=\"true\" class=\"feather feather-mail\"><\/i>\t\t\t\t\t\t<\/span>\n\t\t\t\t\t\t\t\t\t\t<span class=\"elementor-icon-list-text\">a.heurckmans@ek-retail.com<\/span>\n\t\t\t\t\t\t\t\t\t\t\t<\/a>\n\t\t\t\t\t\t\t\t\t<\/li>\n\t\t\t\t\t\t<\/ul>\n\t\t\t\t\t\t<\/div>\n\t\t\t\t<\/div>\n\t\t\t\t<div class=\"elementor-element elementor-element-afae5b9 elementor-icon-list--layout-traditional elementor-list-item-link-full_width elementor-widget elementor-widget-icon-list\" data-id=\"afae5b9\" data-element_type=\"widget\" data-e-type=\"widget\" data-widget_type=\"icon-list.default\">\n\t\t\t\t<div class=\"elementor-widget-container\">\n\t\t\t\t\t\t\t<ul class=\"elementor-icon-list-items\">\n\t\t\t\t\t\t\t<li class=\"elementor-icon-list-item\">\n\t\t\t\t\t\t\t\t\t\t\t<a href=\"http:\/\/+31%206%2053%2016%2023%2097\">\n\n\t\t\t\t\t\t\t\t\t\t\t\t<span class=\"elementor-icon-list-icon\">\n\t\t\t\t\t\t\t<i aria-hidden=\"true\" class=\"fas fa-phone-alt\"><\/i>\t\t\t\t\t\t<\/span>\n\t\t\t\t\t\t\t\t\t\t<span class=\"elementor-icon-list-text\">+31 6 53 16 23 97<\/span>\n\t\t\t\t\t\t\t\t\t\t\t<\/a>\n\t\t\t\t\t\t\t\t\t<\/li>\n\t\t\t\t\t\t<\/ul>\n\t\t\t\t\t\t<\/div>\n\t\t\t\t<\/div>\n\t\t\t\t<\/div>\n\t\t\t\t<\/div>\n\t\t\t\t\t<\/div>\n\t\t\t\t<\/div>\n\t\t\t\t\t\t\t\t<\/div>\n\t\t\t\t\t\t\t\t\t\t\t<div class=\"swiper-slide\" data-slide=\"4\" role=\"group\" aria-roledescription=\"slide\" aria-label=\"4 von 9\">\n\t\t\t\t\t\t\t<div class=\"elementor-element elementor-element-c4a286e e-flex e-con-boxed e-con e-child\" data-id=\"c4a286e\" data-element_type=\"container\" data-e-type=\"container\">\n\t\t\t\t\t<div class=\"e-con-inner\">\n\t\t<div class=\"elementor-element elementor-element-8a698b8 e-con-full e-flex e-con e-child\" data-id=\"8a698b8\" data-element_type=\"container\" data-e-type=\"container\" data-settings=\"{&quot;background_background&quot;:&quot;slideshow&quot;,&quot;background_slideshow_gallery&quot;:[{&quot;id&quot;:63632,&quot;url&quot;:&quot;https:\\\/\\\/www.ek-retail.com\\\/wp-content\\\/uploads\\\/2025\\\/06\\\/footer-slider_0002.jpg&quot;}],&quot;background_slideshow_loop&quot;:&quot;yes&quot;,&quot;background_slideshow_slide_duration&quot;:5000,&quot;background_slideshow_slide_transition&quot;:&quot;fade&quot;,&quot;background_slideshow_transition_duration&quot;:500}\">\n\t\t\t\t<\/div>\n\t\t<div class=\"elementor-element elementor-element-b8a0bc1 e-con-full e-flex e-con e-child\" data-id=\"b8a0bc1\" data-element_type=\"container\" data-e-type=\"container\" data-settings=\"{&quot;background_background&quot;:&quot;classic&quot;}\">\n\t\t\t\t<div class=\"elementor-element elementor-element-a9a4659 elementor-widget elementor-widget-heading\" data-id=\"a9a4659\" data-element_type=\"widget\" data-e-type=\"widget\" data-widget_type=\"heading.default\">\n\t\t\t\t<div class=\"elementor-widget-container\">\n\t\t\t\t\t<h2 class=\"elementor-heading-title elementor-size-default\">Focus Group\n\n\n\n\n\n<\/h2>\t\t\t\t<\/div>\n\t\t\t\t<\/div>\n\t\t\t\t<div class=\"elementor-element elementor-element-d53daf8 elementor-widget elementor-widget-text-editor\" data-id=\"d53daf8\" data-element_type=\"widget\" data-e-type=\"widget\" data-widget_type=\"text-editor.default\">\n\t\t\t\t<div class=\"elementor-widget-container\">\n\t\t\t\t\t\t\t\t\t<p dir=\"auto\">Eine langj\u00e4hrige Gruppe von 12 Mode- und Heimtextilh\u00e4ndlern, die den Schwerpunkt auf Damenmode im mittleren bis unteren Preissegment legen. Ideal f\u00fcr Unternehmen im Wandel, wie z. B. Nachfolge oder strategische Erneuerung. <\/p>\t\t\t\t\t\t\t\t<\/div>\n\t\t\t\t<\/div>\n\t\t<div class=\"elementor-element elementor-element-fa693d0 e-con-full e-flex e-con e-child\" data-id=\"fa693d0\" data-element_type=\"container\" data-e-type=\"container\">\n\t\t\t\t<div class=\"elementor-element elementor-element-beb6512 elementor-icon-list--layout-traditional elementor-list-item-link-full_width elementor-widget elementor-widget-icon-list\" data-id=\"beb6512\" data-element_type=\"widget\" data-e-type=\"widget\" data-widget_type=\"icon-list.default\">\n\t\t\t\t<div class=\"elementor-widget-container\">\n\t\t\t\t\t\t\t<ul class=\"elementor-icon-list-items\">\n\t\t\t\t\t\t\t<li class=\"elementor-icon-list-item\">\n\t\t\t\t\t\t\t\t\t\t<span class=\"elementor-icon-list-text\">Inge Kamst<\/span>\n\t\t\t\t\t\t\t\t\t<\/li>\n\t\t\t\t\t\t<\/ul>\n\t\t\t\t\t\t<\/div>\n\t\t\t\t<\/div>\n\t\t\t\t<div class=\"elementor-element elementor-element-0a88029 elementor-icon-list--layout-traditional elementor-list-item-link-full_width elementor-widget elementor-widget-icon-list\" data-id=\"0a88029\" data-element_type=\"widget\" data-e-type=\"widget\" data-widget_type=\"icon-list.default\">\n\t\t\t\t<div class=\"elementor-widget-container\">\n\t\t\t\t\t\t\t<ul class=\"elementor-icon-list-items\">\n\t\t\t\t\t\t\t<li class=\"elementor-icon-list-item\">\n\t\t\t\t\t\t\t\t\t\t\t<a href=\"http:\/\/i.kamst@ek-retail.com\">\n\n\t\t\t\t\t\t\t\t\t\t\t\t<span class=\"elementor-icon-list-icon\">\n\t\t\t\t\t\t\t<i aria-hidden=\"true\" class=\"feather feather-mail\"><\/i>\t\t\t\t\t\t<\/span>\n\t\t\t\t\t\t\t\t\t\t<span class=\"elementor-icon-list-text\">i.kamst@ek-retail.com<\/span>\n\t\t\t\t\t\t\t\t\t\t\t<\/a>\n\t\t\t\t\t\t\t\t\t<\/li>\n\t\t\t\t\t\t<\/ul>\n\t\t\t\t\t\t<\/div>\n\t\t\t\t<\/div>\n\t\t\t\t<div class=\"elementor-element elementor-element-7529398 elementor-icon-list--layout-traditional elementor-list-item-link-full_width elementor-widget elementor-widget-icon-list\" data-id=\"7529398\" data-element_type=\"widget\" data-e-type=\"widget\" data-widget_type=\"icon-list.default\">\n\t\t\t\t<div class=\"elementor-widget-container\">\n\t\t\t\t\t\t\t<ul class=\"elementor-icon-list-items\">\n\t\t\t\t\t\t\t<li class=\"elementor-icon-list-item\">\n\t\t\t\t\t\t\t\t\t\t\t<a href=\"http:\/\/+31%206%2051%2088%2046%2006\">\n\n\t\t\t\t\t\t\t\t\t\t\t\t<span class=\"elementor-icon-list-icon\">\n\t\t\t\t\t\t\t<i aria-hidden=\"true\" class=\"fas fa-phone-alt\"><\/i>\t\t\t\t\t\t<\/span>\n\t\t\t\t\t\t\t\t\t\t<span class=\"elementor-icon-list-text\">+31 6 51 88 46 06<\/span>\n\t\t\t\t\t\t\t\t\t\t\t<\/a>\n\t\t\t\t\t\t\t\t\t<\/li>\n\t\t\t\t\t\t<\/ul>\n\t\t\t\t\t\t<\/div>\n\t\t\t\t<\/div>\n\t\t\t\t<\/div>\n\t\t\t\t<\/div>\n\t\t\t\t\t<\/div>\n\t\t\t\t<\/div>\n\t\t\t\t\t\t\t\t<\/div>\n\t\t\t\t\t\t\t\t\t\t\t<div class=\"swiper-slide\" data-slide=\"5\" role=\"group\" aria-roledescription=\"slide\" aria-label=\"5 von 9\">\n\t\t\t\t\t\t\t<div class=\"elementor-element elementor-element-87a8d56 e-flex e-con-boxed e-con e-child\" data-id=\"87a8d56\" data-element_type=\"container\" data-e-type=\"container\">\n\t\t\t\t\t<div class=\"e-con-inner\">\n\t\t<div class=\"elementor-element elementor-element-5fcf3e8 e-con-full e-flex e-con e-child\" data-id=\"5fcf3e8\" data-element_type=\"container\" data-e-type=\"container\" data-settings=\"{&quot;background_background&quot;:&quot;slideshow&quot;,&quot;background_slideshow_gallery&quot;:[{&quot;id&quot;:63629,&quot;url&quot;:&quot;https:\\\/\\\/www.ek-retail.com\\\/wp-content\\\/uploads\\\/2025\\\/09\\\/6754cb4e-9a03-417e-bc7c-1651c1634615_rw_1920.jpg&quot;}],&quot;background_slideshow_loop&quot;:&quot;yes&quot;,&quot;background_slideshow_slide_duration&quot;:5000,&quot;background_slideshow_slide_transition&quot;:&quot;fade&quot;,&quot;background_slideshow_transition_duration&quot;:500}\">\n\t\t\t\t<\/div>\n\t\t<div class=\"elementor-element elementor-element-5a9a53b e-con-full e-flex e-con e-child\" data-id=\"5a9a53b\" data-element_type=\"container\" data-e-type=\"container\" data-settings=\"{&quot;background_background&quot;:&quot;classic&quot;}\">\n\t\t\t\t<div class=\"elementor-element elementor-element-37362ff elementor-widget elementor-widget-heading\" data-id=\"37362ff\" data-element_type=\"widget\" data-e-type=\"widget\" data-widget_type=\"heading.default\">\n\t\t\t\t<div class=\"elementor-widget-container\">\n\t\t\t\t\t<h2 class=\"elementor-heading-title elementor-size-default\">IFP\n\n\n\n\n<\/h2>\t\t\t\t<\/div>\n\t\t\t\t<\/div>\n\t\t\t\t<div class=\"elementor-element elementor-element-2f21388 elementor-widget elementor-widget-text-editor\" data-id=\"2f21388\" data-element_type=\"widget\" data-e-type=\"widget\" data-widget_type=\"text-editor.default\">\n\t\t\t\t<div class=\"elementor-widget-container\">\n\t\t\t\t\t\t\t\t\t<p dir=\"auto\">Eine Herrenmode-Einkaufsgruppe von 15 Unternehmern, die gemeinsam Lieferantenvertr\u00e4ge aushandeln und die Eigenmarke Scotland Blue kaufen.<\/p>\t\t\t\t\t\t\t\t<\/div>\n\t\t\t\t<\/div>\n\t\t<div class=\"elementor-element elementor-element-701c36d e-con-full e-flex e-con e-child\" data-id=\"701c36d\" data-element_type=\"container\" data-e-type=\"container\">\n\t\t\t\t<div class=\"elementor-element elementor-element-f4d8cd5 elementor-icon-list--layout-traditional elementor-list-item-link-full_width elementor-widget elementor-widget-icon-list\" data-id=\"f4d8cd5\" data-element_type=\"widget\" data-e-type=\"widget\" data-widget_type=\"icon-list.default\">\n\t\t\t\t<div class=\"elementor-widget-container\">\n\t\t\t\t\t\t\t<ul class=\"elementor-icon-list-items\">\n\t\t\t\t\t\t\t<li class=\"elementor-icon-list-item\">\n\t\t\t\t\t\t\t\t\t\t<span class=\"elementor-icon-list-text\">Marianne Meuwese-Wielinga<\/span>\n\t\t\t\t\t\t\t\t\t<\/li>\n\t\t\t\t\t\t<\/ul>\n\t\t\t\t\t\t<\/div>\n\t\t\t\t<\/div>\n\t\t\t\t<div class=\"elementor-element elementor-element-3ae2d77 elementor-icon-list--layout-traditional elementor-list-item-link-full_width elementor-widget elementor-widget-icon-list\" data-id=\"3ae2d77\" data-element_type=\"widget\" data-e-type=\"widget\" data-widget_type=\"icon-list.default\">\n\t\t\t\t<div class=\"elementor-widget-container\">\n\t\t\t\t\t\t\t<ul class=\"elementor-icon-list-items\">\n\t\t\t\t\t\t\t<li class=\"elementor-icon-list-item\">\n\t\t\t\t\t\t\t\t\t\t\t<a href=\"http:\/\/m.meuwese@ek-retail.com\">\n\n\t\t\t\t\t\t\t\t\t\t\t\t<span class=\"elementor-icon-list-icon\">\n\t\t\t\t\t\t\t<i aria-hidden=\"true\" class=\"feather feather-mail\"><\/i>\t\t\t\t\t\t<\/span>\n\t\t\t\t\t\t\t\t\t\t<span class=\"elementor-icon-list-text\">m.meuwese@ek-retail.com<\/span>\n\t\t\t\t\t\t\t\t\t\t\t<\/a>\n\t\t\t\t\t\t\t\t\t<\/li>\n\t\t\t\t\t\t<\/ul>\n\t\t\t\t\t\t<\/div>\n\t\t\t\t<\/div>\n\t\t\t\t<div class=\"elementor-element elementor-element-378e2bf elementor-icon-list--layout-traditional elementor-list-item-link-full_width elementor-widget elementor-widget-icon-list\" data-id=\"378e2bf\" data-element_type=\"widget\" data-e-type=\"widget\" data-widget_type=\"icon-list.default\">\n\t\t\t\t<div class=\"elementor-widget-container\">\n\t\t\t\t\t\t\t<ul class=\"elementor-icon-list-items\">\n\t\t\t\t\t\t\t<li class=\"elementor-icon-list-item\">\n\t\t\t\t\t\t\t\t\t\t\t<a href=\"http:\/\/+31%206%2051%2011%2066%2081\">\n\n\t\t\t\t\t\t\t\t\t\t\t\t<span class=\"elementor-icon-list-icon\">\n\t\t\t\t\t\t\t<i aria-hidden=\"true\" class=\"fas fa-phone-alt\"><\/i>\t\t\t\t\t\t<\/span>\n\t\t\t\t\t\t\t\t\t\t<span class=\"elementor-icon-list-text\">+31 6 51 11 66 81<\/span>\n\t\t\t\t\t\t\t\t\t\t\t<\/a>\n\t\t\t\t\t\t\t\t\t<\/li>\n\t\t\t\t\t\t<\/ul>\n\t\t\t\t\t\t<\/div>\n\t\t\t\t<\/div>\n\t\t\t\t<\/div>\n\t\t\t\t<\/div>\n\t\t\t\t\t<\/div>\n\t\t\t\t<\/div>\n\t\t\t\t\t\t\t\t<\/div>\n\t\t\t\t\t\t\t\t\t\t\t<div class=\"swiper-slide\" data-slide=\"6\" role=\"group\" aria-roledescription=\"slide\" aria-label=\"6 von 9\">\n\t\t\t\t\t\t\t<div class=\"elementor-element elementor-element-ecee270 e-flex e-con-boxed e-con e-child\" data-id=\"ecee270\" data-element_type=\"container\" data-e-type=\"container\">\n\t\t\t\t\t<div class=\"e-con-inner\">\n\t\t<div class=\"elementor-element elementor-element-54cb021 e-con-full e-flex e-con e-child\" data-id=\"54cb021\" data-element_type=\"container\" data-e-type=\"container\" data-settings=\"{&quot;background_background&quot;:&quot;slideshow&quot;,&quot;background_slideshow_gallery&quot;:[{&quot;id&quot;:63630,&quot;url&quot;:&quot;https:\\\/\\\/www.ek-retail.com\\\/wp-content\\\/uploads\\\/2025\\\/06\\\/footer-slider_0000.jpg&quot;}],&quot;background_slideshow_loop&quot;:&quot;yes&quot;,&quot;background_slideshow_slide_duration&quot;:5000,&quot;background_slideshow_slide_transition&quot;:&quot;fade&quot;,&quot;background_slideshow_transition_duration&quot;:500}\">\n\t\t\t\t<\/div>\n\t\t<div class=\"elementor-element elementor-element-3f79ddd e-con-full e-flex e-con e-child\" data-id=\"3f79ddd\" data-element_type=\"container\" data-e-type=\"container\" data-settings=\"{&quot;background_background&quot;:&quot;classic&quot;}\">\n\t\t\t\t<div class=\"elementor-element elementor-element-15d07c3 elementor-widget elementor-widget-heading\" data-id=\"15d07c3\" data-element_type=\"widget\" data-e-type=\"widget\" data-widget_type=\"heading.default\">\n\t\t\t\t<div class=\"elementor-widget-container\">\n\t\t\t\t\t<h2 class=\"elementor-heading-title elementor-size-default\">Kidspoint\n\n\n\n\n<\/h2>\t\t\t\t<\/div>\n\t\t\t\t<\/div>\n\t\t\t\t<div class=\"elementor-element elementor-element-43a35cd elementor-widget elementor-widget-text-editor\" data-id=\"43a35cd\" data-element_type=\"widget\" data-e-type=\"widget\" data-widget_type=\"text-editor.default\">\n\t\t\t\t<div class=\"elementor-widget-container\">\n\t\t\t\t\t\t\t\t\t<p dir=\"auto\">Eine dynamische Gruppe von 11 Kinderfachgesch\u00e4ften, von gro\u00dfen Gesch\u00e4ften bis hin zu kleinen, unabh\u00e4ngigen Gesch\u00e4ften. Zu den Aktivit\u00e4ten geh\u00f6ren Benchmarking, Expertensitzungen und halbj\u00e4hrliche Trendpr\u00e4sentationen. <\/p>\t\t\t\t\t\t\t\t<\/div>\n\t\t\t\t<\/div>\n\t\t<div class=\"elementor-element elementor-element-5f5e9e1 e-con-full e-flex e-con e-child\" data-id=\"5f5e9e1\" data-element_type=\"container\" data-e-type=\"container\">\n\t\t\t\t<div class=\"elementor-element elementor-element-5be1488 elementor-icon-list--layout-traditional elementor-list-item-link-full_width elementor-widget elementor-widget-icon-list\" data-id=\"5be1488\" data-element_type=\"widget\" data-e-type=\"widget\" data-widget_type=\"icon-list.default\">\n\t\t\t\t<div class=\"elementor-widget-container\">\n\t\t\t\t\t\t\t<ul class=\"elementor-icon-list-items\">\n\t\t\t\t\t\t\t<li class=\"elementor-icon-list-item\">\n\t\t\t\t\t\t\t\t\t\t<span class=\"elementor-icon-list-text\">Inge Kamst<\/span>\n\t\t\t\t\t\t\t\t\t<\/li>\n\t\t\t\t\t\t<\/ul>\n\t\t\t\t\t\t<\/div>\n\t\t\t\t<\/div>\n\t\t\t\t<div class=\"elementor-element elementor-element-b49b996 elementor-icon-list--layout-traditional elementor-list-item-link-full_width elementor-widget elementor-widget-icon-list\" data-id=\"b49b996\" data-element_type=\"widget\" data-e-type=\"widget\" data-widget_type=\"icon-list.default\">\n\t\t\t\t<div class=\"elementor-widget-container\">\n\t\t\t\t\t\t\t<ul class=\"elementor-icon-list-items\">\n\t\t\t\t\t\t\t<li class=\"elementor-icon-list-item\">\n\t\t\t\t\t\t\t\t\t\t\t<a href=\"http:\/\/i.kamst@ek-retail.com\">\n\n\t\t\t\t\t\t\t\t\t\t\t\t<span class=\"elementor-icon-list-icon\">\n\t\t\t\t\t\t\t<i aria-hidden=\"true\" class=\"feather feather-mail\"><\/i>\t\t\t\t\t\t<\/span>\n\t\t\t\t\t\t\t\t\t\t<span class=\"elementor-icon-list-text\">i.kamst@ek-retail.com<\/span>\n\t\t\t\t\t\t\t\t\t\t\t<\/a>\n\t\t\t\t\t\t\t\t\t<\/li>\n\t\t\t\t\t\t<\/ul>\n\t\t\t\t\t\t<\/div>\n\t\t\t\t<\/div>\n\t\t\t\t<div class=\"elementor-element elementor-element-4fca034 elementor-icon-list--layout-traditional elementor-list-item-link-full_width elementor-widget elementor-widget-icon-list\" data-id=\"4fca034\" data-element_type=\"widget\" data-e-type=\"widget\" data-widget_type=\"icon-list.default\">\n\t\t\t\t<div class=\"elementor-widget-container\">\n\t\t\t\t\t\t\t<ul class=\"elementor-icon-list-items\">\n\t\t\t\t\t\t\t<li class=\"elementor-icon-list-item\">\n\t\t\t\t\t\t\t\t\t\t\t<a href=\"http:\/\/+31%206%2051%2088%2046%2006\">\n\n\t\t\t\t\t\t\t\t\t\t\t\t<span class=\"elementor-icon-list-icon\">\n\t\t\t\t\t\t\t<i aria-hidden=\"true\" class=\"fas fa-phone-alt\"><\/i>\t\t\t\t\t\t<\/span>\n\t\t\t\t\t\t\t\t\t\t<span class=\"elementor-icon-list-text\">+31 6 51 88 46 06<\/span>\n\t\t\t\t\t\t\t\t\t\t\t<\/a>\n\t\t\t\t\t\t\t\t\t<\/li>\n\t\t\t\t\t\t<\/ul>\n\t\t\t\t\t\t<\/div>\n\t\t\t\t<\/div>\n\t\t\t\t<\/div>\n\t\t\t\t<\/div>\n\t\t\t\t\t<\/div>\n\t\t\t\t<\/div>\n\t\t\t\t\t\t\t\t<\/div>\n\t\t\t\t\t\t\t\t\t\t\t<div class=\"swiper-slide\" data-slide=\"7\" role=\"group\" aria-roledescription=\"slide\" aria-label=\"7 von 9\">\n\t\t\t\t\t\t\t<div class=\"elementor-element elementor-element-bb91679 e-flex e-con-boxed e-con e-child\" data-id=\"bb91679\" data-element_type=\"container\" data-e-type=\"container\">\n\t\t\t\t\t<div class=\"e-con-inner\">\n\t\t<div class=\"elementor-element elementor-element-7c2811c e-con-full e-flex e-con e-child\" data-id=\"7c2811c\" data-element_type=\"container\" data-e-type=\"container\" data-settings=\"{&quot;background_background&quot;:&quot;slideshow&quot;,&quot;background_slideshow_gallery&quot;:[{&quot;id&quot;:63631,&quot;url&quot;:&quot;https:\\\/\\\/www.ek-retail.com\\\/wp-content\\\/uploads\\\/2025\\\/06\\\/footer-slider_0001.jpg&quot;}],&quot;background_slideshow_loop&quot;:&quot;yes&quot;,&quot;background_slideshow_slide_duration&quot;:5000,&quot;background_slideshow_slide_transition&quot;:&quot;fade&quot;,&quot;background_slideshow_transition_duration&quot;:500}\">\n\t\t\t\t<\/div>\n\t\t<div class=\"elementor-element elementor-element-ed8b0ca e-con-full e-flex e-con e-child\" data-id=\"ed8b0ca\" data-element_type=\"container\" data-e-type=\"container\" data-settings=\"{&quot;background_background&quot;:&quot;classic&quot;}\">\n\t\t\t\t<div class=\"elementor-element elementor-element-04cbb60 elementor-widget elementor-widget-heading\" data-id=\"04cbb60\" data-element_type=\"widget\" data-e-type=\"widget\" data-widget_type=\"heading.default\">\n\t\t\t\t<div class=\"elementor-widget-container\">\n\t\t\t\t\t<h2 class=\"elementor-heading-title elementor-size-default\">Mode Alliance\n\n\n\n\n<\/h2>\t\t\t\t<\/div>\n\t\t\t\t<\/div>\n\t\t\t\t<div class=\"elementor-element elementor-element-0e426dc elementor-widget elementor-widget-text-editor\" data-id=\"0e426dc\" data-element_type=\"widget\" data-e-type=\"widget\" data-widget_type=\"text-editor.default\">\n\t\t\t\t<div class=\"elementor-widget-container\">\n\t\t\t\t\t\t\t\t\t<p dir=\"auto\">Neun gro\u00dffl\u00e4chige Einzelh\u00e4ndler (1.000 m\u00b2+) arbeiten in den Bereichen Strategie, Daten, Personalwesen, Nachhaltigkeit und Markttrends zusammen. Beinhaltet St\u00e4dtereisen und thematische Sitzungen. <\/p>\t\t\t\t\t\t\t\t<\/div>\n\t\t\t\t<\/div>\n\t\t<div class=\"elementor-element elementor-element-c96a4d8 e-con-full e-flex e-con e-child\" data-id=\"c96a4d8\" data-element_type=\"container\" data-e-type=\"container\">\n\t\t\t\t<div class=\"elementor-element elementor-element-791e017 elementor-icon-list--layout-traditional elementor-list-item-link-full_width elementor-widget elementor-widget-icon-list\" data-id=\"791e017\" data-element_type=\"widget\" data-e-type=\"widget\" data-widget_type=\"icon-list.default\">\n\t\t\t\t<div class=\"elementor-widget-container\">\n\t\t\t\t\t\t\t<ul class=\"elementor-icon-list-items\">\n\t\t\t\t\t\t\t<li class=\"elementor-icon-list-item\">\n\t\t\t\t\t\t\t\t\t\t<span class=\"elementor-icon-list-text\">Marianne Meuwese-Wielinga<\/span>\n\t\t\t\t\t\t\t\t\t<\/li>\n\t\t\t\t\t\t<\/ul>\n\t\t\t\t\t\t<\/div>\n\t\t\t\t<\/div>\n\t\t\t\t<div class=\"elementor-element elementor-element-ffad729 elementor-icon-list--layout-traditional elementor-list-item-link-full_width elementor-widget elementor-widget-icon-list\" data-id=\"ffad729\" data-element_type=\"widget\" data-e-type=\"widget\" data-widget_type=\"icon-list.default\">\n\t\t\t\t<div class=\"elementor-widget-container\">\n\t\t\t\t\t\t\t<ul class=\"elementor-icon-list-items\">\n\t\t\t\t\t\t\t<li class=\"elementor-icon-list-item\">\n\t\t\t\t\t\t\t\t\t\t\t<a href=\"http:\/\/m.meuwese@ek-retail.com\">\n\n\t\t\t\t\t\t\t\t\t\t\t\t<span class=\"elementor-icon-list-icon\">\n\t\t\t\t\t\t\t<i aria-hidden=\"true\" class=\"feather feather-mail\"><\/i>\t\t\t\t\t\t<\/span>\n\t\t\t\t\t\t\t\t\t\t<span class=\"elementor-icon-list-text\">m.meuwese@ek-retail.com<\/span>\n\t\t\t\t\t\t\t\t\t\t\t<\/a>\n\t\t\t\t\t\t\t\t\t<\/li>\n\t\t\t\t\t\t<\/ul>\n\t\t\t\t\t\t<\/div>\n\t\t\t\t<\/div>\n\t\t\t\t<div class=\"elementor-element elementor-element-31f4db6 elementor-icon-list--layout-traditional elementor-list-item-link-full_width elementor-widget elementor-widget-icon-list\" data-id=\"31f4db6\" data-element_type=\"widget\" data-e-type=\"widget\" data-widget_type=\"icon-list.default\">\n\t\t\t\t<div class=\"elementor-widget-container\">\n\t\t\t\t\t\t\t<ul class=\"elementor-icon-list-items\">\n\t\t\t\t\t\t\t<li class=\"elementor-icon-list-item\">\n\t\t\t\t\t\t\t\t\t\t\t<a href=\"http:\/\/+31%206%2051%2011%2066%2081\">\n\n\t\t\t\t\t\t\t\t\t\t\t\t<span class=\"elementor-icon-list-icon\">\n\t\t\t\t\t\t\t<i aria-hidden=\"true\" class=\"fas fa-phone-alt\"><\/i>\t\t\t\t\t\t<\/span>\n\t\t\t\t\t\t\t\t\t\t<span class=\"elementor-icon-list-text\">+31 6 51 11 66 81<\/span>\n\t\t\t\t\t\t\t\t\t\t\t<\/a>\n\t\t\t\t\t\t\t\t\t<\/li>\n\t\t\t\t\t\t<\/ul>\n\t\t\t\t\t\t<\/div>\n\t\t\t\t<\/div>\n\t\t\t\t<\/div>\n\t\t\t\t<\/div>\n\t\t\t\t\t<\/div>\n\t\t\t\t<\/div>\n\t\t\t\t\t\t\t\t<\/div>\n\t\t\t\t\t\t\t\t\t\t\t<div class=\"swiper-slide\" data-slide=\"8\" role=\"group\" aria-roledescription=\"slide\" aria-label=\"8 von 9\">\n\t\t\t\t\t\t\t<div class=\"elementor-element elementor-element-749728a e-flex e-con-boxed e-con e-child\" data-id=\"749728a\" data-element_type=\"container\" data-e-type=\"container\">\n\t\t\t\t\t<div class=\"e-con-inner\">\n\t\t<div class=\"elementor-element elementor-element-bb79412 e-con-full e-flex e-con e-child\" data-id=\"bb79412\" data-element_type=\"container\" data-e-type=\"container\" data-settings=\"{&quot;background_background&quot;:&quot;slideshow&quot;,&quot;background_slideshow_gallery&quot;:[{&quot;id&quot;:63632,&quot;url&quot;:&quot;https:\\\/\\\/www.ek-retail.com\\\/wp-content\\\/uploads\\\/2025\\\/06\\\/footer-slider_0002.jpg&quot;}],&quot;background_slideshow_loop&quot;:&quot;yes&quot;,&quot;background_slideshow_slide_duration&quot;:5000,&quot;background_slideshow_slide_transition&quot;:&quot;fade&quot;,&quot;background_slideshow_transition_duration&quot;:500}\">\n\t\t\t\t<\/div>\n\t\t<div class=\"elementor-element elementor-element-1524a43 e-con-full e-flex e-con e-child\" data-id=\"1524a43\" data-element_type=\"container\" data-e-type=\"container\" data-settings=\"{&quot;background_background&quot;:&quot;classic&quot;}\">\n\t\t\t\t<div class=\"elementor-element elementor-element-391611e elementor-widget elementor-widget-heading\" data-id=\"391611e\" data-element_type=\"widget\" data-e-type=\"widget\" data-widget_type=\"heading.default\">\n\t\t\t\t<div class=\"elementor-widget-container\">\n\t\t\t\t\t<h2 class=\"elementor-heading-title elementor-size-default\">Retail Connect\n\n\n\n<\/h2>\t\t\t\t<\/div>\n\t\t\t\t<\/div>\n\t\t\t\t<div class=\"elementor-element elementor-element-bf0fe12 elementor-widget elementor-widget-text-editor\" data-id=\"bf0fe12\" data-element_type=\"widget\" data-e-type=\"widget\" data-widget_type=\"text-editor.default\">\n\t\t\t\t<div class=\"elementor-widget-container\">\n\t\t\t\t\t\t\t\t\t<p dir=\"auto\">~20 Unternehmer mit fast 40 Gesch\u00e4ften im Bereich Damenmode. Die Gruppe konzentriert sich darauf, durch gemeinsame Einblicke in Trends, Nachhaltigkeit, F\u00fchrung und digitale Innovation relevant zu bleiben. <\/p>\t\t\t\t\t\t\t\t<\/div>\n\t\t\t\t<\/div>\n\t\t<div class=\"elementor-element elementor-element-8bcc621 e-con-full e-flex e-con e-child\" data-id=\"8bcc621\" data-element_type=\"container\" data-e-type=\"container\">\n\t\t\t\t<div class=\"elementor-element elementor-element-fc0ed99 elementor-icon-list--layout-traditional elementor-list-item-link-full_width elementor-widget elementor-widget-icon-list\" data-id=\"fc0ed99\" data-element_type=\"widget\" data-e-type=\"widget\" data-widget_type=\"icon-list.default\">\n\t\t\t\t<div class=\"elementor-widget-container\">\n\t\t\t\t\t\t\t<ul class=\"elementor-icon-list-items\">\n\t\t\t\t\t\t\t<li class=\"elementor-icon-list-item\">\n\t\t\t\t\t\t\t\t\t\t<span class=\"elementor-icon-list-text\">Alm Wiggers-de Boer<\/span>\n\t\t\t\t\t\t\t\t\t<\/li>\n\t\t\t\t\t\t<\/ul>\n\t\t\t\t\t\t<\/div>\n\t\t\t\t<\/div>\n\t\t\t\t<div class=\"elementor-element elementor-element-c43adf6 elementor-icon-list--layout-traditional elementor-list-item-link-full_width elementor-widget elementor-widget-icon-list\" data-id=\"c43adf6\" data-element_type=\"widget\" data-e-type=\"widget\" data-widget_type=\"icon-list.default\">\n\t\t\t\t<div class=\"elementor-widget-container\">\n\t\t\t\t\t\t\t<ul class=\"elementor-icon-list-items\">\n\t\t\t\t\t\t\t<li class=\"elementor-icon-list-item\">\n\t\t\t\t\t\t\t\t\t\t\t<a href=\"http:\/\/a.wiggers@ek-retail.com\">\n\n\t\t\t\t\t\t\t\t\t\t\t\t<span class=\"elementor-icon-list-icon\">\n\t\t\t\t\t\t\t<i aria-hidden=\"true\" class=\"feather feather-mail\"><\/i>\t\t\t\t\t\t<\/span>\n\t\t\t\t\t\t\t\t\t\t<span class=\"elementor-icon-list-text\">a.wiggers@ek-retail.com<\/span>\n\t\t\t\t\t\t\t\t\t\t\t<\/a>\n\t\t\t\t\t\t\t\t\t<\/li>\n\t\t\t\t\t\t<\/ul>\n\t\t\t\t\t\t<\/div>\n\t\t\t\t<\/div>\n\t\t\t\t<div class=\"elementor-element elementor-element-e3b829b elementor-icon-list--layout-traditional elementor-list-item-link-full_width elementor-widget elementor-widget-icon-list\" data-id=\"e3b829b\" data-element_type=\"widget\" data-e-type=\"widget\" data-widget_type=\"icon-list.default\">\n\t\t\t\t<div class=\"elementor-widget-container\">\n\t\t\t\t\t\t\t<ul class=\"elementor-icon-list-items\">\n\t\t\t\t\t\t\t<li class=\"elementor-icon-list-item\">\n\t\t\t\t\t\t\t\t\t\t\t<a href=\"http:\/\/+31%206%2051%2052%2002%2095\">\n\n\t\t\t\t\t\t\t\t\t\t\t\t<span class=\"elementor-icon-list-icon\">\n\t\t\t\t\t\t\t<i aria-hidden=\"true\" class=\"fas fa-phone-alt\"><\/i>\t\t\t\t\t\t<\/span>\n\t\t\t\t\t\t\t\t\t\t<span class=\"elementor-icon-list-text\">+31 6 51 52 02 95<\/span>\n\t\t\t\t\t\t\t\t\t\t\t<\/a>\n\t\t\t\t\t\t\t\t\t<\/li>\n\t\t\t\t\t\t<\/ul>\n\t\t\t\t\t\t<\/div>\n\t\t\t\t<\/div>\n\t\t\t\t<\/div>\n\t\t\t\t<\/div>\n\t\t\t\t\t<\/div>\n\t\t\t\t<\/div>\n\t\t\t\t\t\t\t\t<\/div>\n\t\t\t\t\t\t\t\t\t\t\t<div class=\"swiper-slide\" data-slide=\"9\" role=\"group\" aria-roledescription=\"slide\" aria-label=\"9 von 9\">\n\t\t\t\t\t\t\t<div class=\"elementor-element elementor-element-78a0bff e-flex e-con-boxed e-con e-child\" data-id=\"78a0bff\" data-element_type=\"container\" data-e-type=\"container\">\n\t\t\t\t\t<div class=\"e-con-inner\">\n\t\t<div class=\"elementor-element elementor-element-9dd4997 e-con-full e-flex e-con e-child\" data-id=\"9dd4997\" data-element_type=\"container\" data-e-type=\"container\" data-settings=\"{&quot;background_background&quot;:&quot;slideshow&quot;,&quot;background_slideshow_gallery&quot;:[{&quot;id&quot;:63629,&quot;url&quot;:&quot;https:\\\/\\\/www.ek-retail.com\\\/wp-content\\\/uploads\\\/2025\\\/09\\\/6754cb4e-9a03-417e-bc7c-1651c1634615_rw_1920.jpg&quot;}],&quot;background_slideshow_loop&quot;:&quot;yes&quot;,&quot;background_slideshow_slide_duration&quot;:5000,&quot;background_slideshow_slide_transition&quot;:&quot;fade&quot;,&quot;background_slideshow_transition_duration&quot;:500}\">\n\t\t\t\t<\/div>\n\t\t<div class=\"elementor-element elementor-element-540195a e-con-full e-flex e-con e-child\" data-id=\"540195a\" data-element_type=\"container\" data-e-type=\"container\" data-settings=\"{&quot;background_background&quot;:&quot;classic&quot;}\">\n\t\t\t\t<div class=\"elementor-element elementor-element-45ebd69 elementor-widget elementor-widget-heading\" data-id=\"45ebd69\" data-element_type=\"widget\" data-e-type=\"widget\" data-widget_type=\"heading.default\">\n\t\t\t\t<div class=\"elementor-widget-container\">\n\t\t\t\t\t<h2 class=\"elementor-heading-title elementor-size-default\">Young Network\n\n\n\n<\/h2>\t\t\t\t<\/div>\n\t\t\t\t<\/div>\n\t\t\t\t<div class=\"elementor-element elementor-element-0328062 elementor-widget elementor-widget-text-editor\" data-id=\"0328062\" data-element_type=\"widget\" data-e-type=\"widget\" data-widget_type=\"text-editor.default\">\n\t\t\t\t<div class=\"elementor-widget-container\">\n\t\t\t\t\t\t\t\t\t<p dir=\"auto\">Eine branchen\u00fcbergreifende Gruppe, die Mode, Sport, Heim und B\u00fccher umfasst. Die Mitglieder treffen sich dreimal im Jahr, um Ideen auszutauschen und ihre Netzwerke innerhalb von EK Retail auszubauen. <\/p>\t\t\t\t\t\t\t\t<\/div>\n\t\t\t\t<\/div>\n\t\t\t\t<\/div>\n\t\t\t\t\t<\/div>\n\t\t\t\t<\/div>\n\t\t\t\t\t\t\t\t<\/div>\n\t\t\t\t\t\t\t\t<\/div>\n\t\t<\/div>\n\t\t\t\t\t<div class=\"elementor-swiper-button elementor-swiper-button-prev\" role=\"button\" tabindex=\"0\" aria-label=\"Voriger\">\n\t\t\t\t<i aria-hidden=\"true\" class=\"eicon-chevron-left\"><\/i>\t\t\t<\/div>\n\t\t\t<div class=\"elementor-swiper-button elementor-swiper-button-next\" role=\"button\" tabindex=\"0\" aria-label=\"N\u00e4chster\">\n\t\t\t\t<i aria-hidden=\"true\" class=\"eicon-chevron-right\"><\/i>\t\t\t<\/div>\n\t\t\t\t\t<div class=\"swiper-pagination\"><\/div>\n\t\t\t\t\t\t<\/div>\n\t\t\t\t<\/div>\n\t\t\t\t\t<\/div>\n\t\t\t\t<\/div>\n\t\t<div class=\"elementor-element elementor-element-e1e51d1 news-slider-section e-flex e-con-boxed e-con e-parent\" data-id=\"e1e51d1\" data-element_type=\"container\" data-e-type=\"container\">\n\t\t\t\t\t<div class=\"e-con-inner\">\n\t\t\t\t<div class=\"elementor-element elementor-element-069559a elementor-widget__width-initial elementor-widget elementor-widget-heading\" data-id=\"069559a\" data-element_type=\"widget\" data-e-type=\"widget\" data-widget_type=\"heading.default\">\n\t\t\t\t<div class=\"elementor-widget-container\">\n\t\t\t\t\t<h2 class=\"elementor-heading-title elementor-size-default\">Podcasts (NL)<\/h2>\t\t\t\t<\/div>\n\t\t\t\t<\/div>\n\t\t\t\t<div class=\"elementor-element elementor-element-7b398d3 elementor-widget__width-initial elementor-widget elementor-widget-text-editor\" data-id=\"7b398d3\" data-element_type=\"widget\" data-e-type=\"widget\" data-widget_type=\"text-editor.default\">\n\t\t\t\t<div class=\"elementor-widget-container\">\n\t\t\t\t\t\t\t\t\t<p>Entdecken Sie spannende Einblicke aus der Welt der Mode in unseren Podcast-Episoden. Die Podcasts sind auf Niederl\u00e4ndisch verf\u00fcgbar.<\/p>\t\t\t\t\t\t\t\t<\/div>\n\t\t\t\t<\/div>\n\t\t\t\t<div class=\"elementor-element elementor-element-a174b3b news-grid preserve-img-ratio-cover elementor-widget elementor-widget-the7_elements\" data-id=\"a174b3b\" data-element_type=\"widget\" data-e-type=\"widget\" data-widget_type=\"the7_elements.default\">\n\t\t\t\t<div class=\"elementor-widget-container\">\n\t\t\t\t\t<div class=\"portfolio-shortcode the7-elementor-widget the7_elements-a174b3b mode-grid dt-css-grid-wrap classic-layout-list description-under-image quick-scale-img meta-info-off content-bg-on enable-bg-rollover resize-by-browser-width loading-effect-move-up jquery-filter\" data-padding=\"20px\" data-mobile-columns-num=\"1\" data-tablet-columns-num=\"2\" data-desktop-columns-num=\"4\" data-wide-desktop-columns-num=\"4\" data-post-limit=\"4\" data-pagination-mode=\"load-more\" data-scroll-offset=\"\" aria-live=\"assertive\"><div class=\"dt-css-grid custom-pagination-handler\"><div class=\"visible wf-cell\" data-post-id=\"68136\" data-date=\"2026-05-01T08:43:39+02:00\" data-name=\"S4E9 - TriaD\u2019oro - Doron de Goede\"><article class=\"post visible post-68136 podcasts type-podcasts status-publish format-standard has-post-thumbnail hentry season_categories-s4\" data-name=\"S4E9 &#8211; TriaD\u2019oro &#8211; Doron de Goede\" data-date=\"2026-05-01T08:43:39+02:00\">\n\n\t<div class=\"post-thumbnail-wrap\">\n\t\t<div class=\"post-thumbnail\">\n\n\t\t\t<a class=\"post-thumbnail-rollover img-css-resize-wrapper\" aria-label=\"Post image\" href=\"https:\/\/www.ek-retail.com\/de\/podcasts\/s4e9-triadoro-doron-de-goede-duplicate-67989\/\"><img loading=\"lazy\" decoding=\"async\" width=\"1520\" height=\"640\" src=\"https:\/\/www.ek-retail.com\/wp-content\/uploads\/2026\/04\/Website-Podcast-Fashion-in-Motion-1.png\" class=\"attachment-full size-full preload-me aspect\" alt=\"\" srcset=\"https:\/\/www.ek-retail.com\/wp-content\/uploads\/2026\/04\/Website-Podcast-Fashion-in-Motion-1.png 1520w, https:\/\/www.ek-retail.com\/wp-content\/uploads\/2026\/04\/Website-Podcast-Fashion-in-Motion-1-300x126.png 300w, https:\/\/www.ek-retail.com\/wp-content\/uploads\/2026\/04\/Website-Podcast-Fashion-in-Motion-1-1024x431.png 1024w, https:\/\/www.ek-retail.com\/wp-content\/uploads\/2026\/04\/Website-Podcast-Fashion-in-Motion-1-768x323.png 768w\" sizes=\"(max-width: 1520px) 100vw, 1520px\" style=\"--ratio: 1520 \/ 640;\" \/><span class=\"the7-hover-icon\"><i aria-hidden=\"true\" class=\"fas fa-microphone-alt\"><\/i><\/span><\/a>\n\t\t<\/div>\n\t<\/div>\n\n\n<div class=\"post-entry-content\">\n\n\t<h4 class=\"ele-entry-title\"><a href=\"https:\/\/www.ek-retail.com\/de\/podcasts\/s4e9-triadoro-doron-de-goede-duplicate-67989\/\" rel=\"bookmark\" title=\"S4E9 &#8211; TriaD\u2019oro &#8211; Doron de Goede\">S4E9 &#8211; TriaD\u2019oro &#8211; Doron de Goede<\/a><\/h4><a href=\"https:\/\/www.ek-retail.com\/de\/podcasts\/s4e9-triadoro-doron-de-goede-duplicate-67989\/\" target=\"\" aria-label=\"Lesen Sie mehr \u00fcber S4E9 &#8211; TriaD\u2019oro &#8211; Doron de Goede\" class=\"box-button elementor-button elementor-size-md\">Mehr erfahren<\/a>\n<\/div><\/article><\/div><div class=\"visible wf-cell\" data-post-id=\"67618\" data-date=\"2026-03-30T15:38:48+02:00\" data-name=\"S4E8 - Lady Day - Jessica &amp; Madelon\"><article class=\"post visible post-67618 podcasts type-podcasts status-publish format-standard has-post-thumbnail hentry season_categories-s4\" data-name=\"S4E8 &#8211; Lady Day &#8211; Jessica &amp; Madelon\" data-date=\"2026-03-30T15:38:48+02:00\">\n\n\t<div class=\"post-thumbnail-wrap\">\n\t\t<div class=\"post-thumbnail\">\n\n\t\t\t<a class=\"post-thumbnail-rollover img-css-resize-wrapper\" aria-label=\"Post image\" href=\"https:\/\/www.ek-retail.com\/de\/podcasts\/s4e8-lady-day-van-comfy-naar-confident\/\"><img loading=\"lazy\" decoding=\"async\" width=\"1520\" height=\"640\" src=\"https:\/\/www.ek-retail.com\/wp-content\/uploads\/2026\/03\/Website-Podcast-Fashion-in-Motion.png\" class=\"attachment-full size-full preload-me aspect\" alt=\"\" srcset=\"https:\/\/www.ek-retail.com\/wp-content\/uploads\/2026\/03\/Website-Podcast-Fashion-in-Motion.png 1520w, https:\/\/www.ek-retail.com\/wp-content\/uploads\/2026\/03\/Website-Podcast-Fashion-in-Motion-300x126.png 300w, https:\/\/www.ek-retail.com\/wp-content\/uploads\/2026\/03\/Website-Podcast-Fashion-in-Motion-1024x431.png 1024w, https:\/\/www.ek-retail.com\/wp-content\/uploads\/2026\/03\/Website-Podcast-Fashion-in-Motion-768x323.png 768w\" sizes=\"(max-width: 1520px) 100vw, 1520px\" style=\"--ratio: 1520 \/ 640;\" \/><span class=\"the7-hover-icon\"><i aria-hidden=\"true\" class=\"fas fa-microphone-alt\"><\/i><\/span><\/a>\n\t\t<\/div>\n\t<\/div>\n\n\n<div class=\"post-entry-content\">\n\n\t<h4 class=\"ele-entry-title\"><a href=\"https:\/\/www.ek-retail.com\/de\/podcasts\/s4e8-lady-day-van-comfy-naar-confident\/\" rel=\"bookmark\" title=\"S4E8 &#8211; Lady Day &#8211; Jessica &amp; Madelon\">S4E8 &#8211; Lady Day &#8211; Jessica &amp; Madelon<\/a><\/h4><a href=\"https:\/\/www.ek-retail.com\/de\/podcasts\/s4e8-lady-day-van-comfy-naar-confident\/\" target=\"\" aria-label=\"Lesen Sie mehr \u00fcber S4E8 &#8211; Lady Day &#8211; Jessica &amp; Madelon\" class=\"box-button elementor-button elementor-size-md\">Mehr erfahren<\/a>\n<\/div><\/article><\/div><div class=\"visible wf-cell\" data-post-id=\"65093\" data-date=\"2026-02-13T12:38:20+01:00\" data-name=\"S4E7 - Magic Bodyfashion - Marc\"><article class=\"post visible post-65093 podcasts type-podcasts status-publish format-standard has-post-thumbnail hentry season_categories-s4\" data-name=\"S4E7 &#8211; Magic Bodyfashion &#8211; Marc\" data-date=\"2026-02-13T12:38:20+01:00\">\n\n\t<div class=\"post-thumbnail-wrap\">\n\t\t<div class=\"post-thumbnail\">\n\n\t\t\t<a class=\"post-thumbnail-rollover img-css-resize-wrapper\" aria-label=\"Post image\" href=\"https:\/\/www.ek-retail.com\/de\/podcasts\/s4e7-magic-bodyfashion\/\"><img loading=\"lazy\" decoding=\"async\" width=\"1280\" height=\"552\" src=\"https:\/\/www.ek-retail.com\/wp-content\/uploads\/2026\/02\/website-podcast-fashion-in-motion-3-2.jpg\" class=\"attachment-full size-full preload-me aspect\" alt=\"\" srcset=\"https:\/\/www.ek-retail.com\/wp-content\/uploads\/2026\/02\/website-podcast-fashion-in-motion-3-2.jpg 1280w, https:\/\/www.ek-retail.com\/wp-content\/uploads\/2026\/02\/website-podcast-fashion-in-motion-3-2-300x129.jpg 300w, https:\/\/www.ek-retail.com\/wp-content\/uploads\/2026\/02\/website-podcast-fashion-in-motion-3-2-1024x442.jpg 1024w, https:\/\/www.ek-retail.com\/wp-content\/uploads\/2026\/02\/website-podcast-fashion-in-motion-3-2-768x331.jpg 768w\" sizes=\"(max-width: 1280px) 100vw, 1280px\" style=\"--ratio: 1280 \/ 552;\" \/><span class=\"the7-hover-icon\"><i aria-hidden=\"true\" class=\"fas fa-microphone-alt\"><\/i><\/span><\/a>\n\t\t<\/div>\n\t<\/div>\n\n\n<div class=\"post-entry-content\">\n\n\t<h4 class=\"ele-entry-title\"><a href=\"https:\/\/www.ek-retail.com\/de\/podcasts\/s4e7-magic-bodyfashion\/\" rel=\"bookmark\" title=\"S4E7 &#8211; Magic Bodyfashion &#8211; Marc\">S4E7 &#8211; Magic Bodyfashion &#8211; Marc<\/a><\/h4><a href=\"https:\/\/www.ek-retail.com\/de\/podcasts\/s4e7-magic-bodyfashion\/\" target=\"\" aria-label=\"Lesen Sie mehr \u00fcber S4E7 &#8211; Magic Bodyfashion &#8211; Marc\" class=\"box-button elementor-button elementor-size-md\">Mehr erfahren<\/a>\n<\/div><\/article><\/div><div class=\"visible wf-cell\" data-post-id=\"65046\" data-date=\"2026-02-10T13:46:06+01:00\" data-name=\"S4E6 \u2013 EK Fashion \u2013 Agiato\"><article class=\"post visible no-img post-65046 podcasts type-podcasts status-publish format-standard hentry\" data-name=\"S4E6 \u2013 EK Fashion \u2013 Agiato\" data-date=\"2026-02-10T13:46:06+01:00\">\n\n<div class=\"post-entry-content\">\n\n\t<h4 class=\"ele-entry-title\"><a href=\"https:\/\/www.ek-retail.com\/de\/podcasts\/s4e6-ek-fashion-agiato\/\" rel=\"bookmark\" title=\"S4E6 \u2013 EK Fashion \u2013 Agiato\">S4E6 \u2013 EK Fashion \u2013 Agiato<\/a><\/h4><a href=\"https:\/\/www.ek-retail.com\/de\/podcasts\/s4e6-ek-fashion-agiato\/\" target=\"\" aria-label=\"Lesen Sie mehr \u00fcber S4E6 \u2013 EK Fashion \u2013 Agiato\" class=\"box-button elementor-button elementor-size-md\">Mehr erfahren<\/a>\n<\/div><\/article><\/div><div class=\"hidden wf-cell\" data-post-id=\"64636\" data-date=\"2026-02-10T13:43:24+01:00\" data-name=\"S4E5 - MSCH Copenhagen - Mieke &amp; Eveline\"><article class=\"post visible post-64636 podcasts type-podcasts status-publish format-standard has-post-thumbnail hentry season_categories-s4\" data-name=\"S4E5 &#8211; MSCH Copenhagen &#8211; Mieke &#038; Eveline\" data-date=\"2026-02-10T13:43:24+01:00\">\n\n\t<div class=\"post-thumbnail-wrap\">\n\t\t<div class=\"post-thumbnail\">\n\n\t\t\t<a class=\"post-thumbnail-rollover img-css-resize-wrapper\" aria-label=\"Post image\" href=\"https:\/\/www.ek-retail.com\/de\/podcasts\/s4e5-ek-fashion-msch-copenhagen\/\"><img loading=\"lazy\" decoding=\"async\" width=\"1280\" height=\"552\" src=\"https:\/\/www.ek-retail.com\/wp-content\/uploads\/2026\/02\/website-podcast-fashion-in-motion-4.jpg\" class=\"attachment-full size-full preload-me aspect\" alt=\"\" srcset=\"https:\/\/www.ek-retail.com\/wp-content\/uploads\/2026\/02\/website-podcast-fashion-in-motion-4.jpg 1280w, https:\/\/www.ek-retail.com\/wp-content\/uploads\/2026\/02\/website-podcast-fashion-in-motion-4-300x129.jpg 300w, https:\/\/www.ek-retail.com\/wp-content\/uploads\/2026\/02\/website-podcast-fashion-in-motion-4-1024x442.jpg 1024w, https:\/\/www.ek-retail.com\/wp-content\/uploads\/2026\/02\/website-podcast-fashion-in-motion-4-768x331.jpg 768w\" sizes=\"(max-width: 1280px) 100vw, 1280px\" style=\"--ratio: 1280 \/ 552;\" \/><span class=\"the7-hover-icon\"><i aria-hidden=\"true\" class=\"fas fa-microphone-alt\"><\/i><\/span><\/a>\n\t\t<\/div>\n\t<\/div>\n\n\n<div class=\"post-entry-content\">\n\n\t<h4 class=\"ele-entry-title\"><a href=\"https:\/\/www.ek-retail.com\/de\/podcasts\/s4e5-ek-fashion-msch-copenhagen\/\" rel=\"bookmark\" title=\"S4E5 &#8211; MSCH Copenhagen &#8211; Mieke &#038; Eveline\">S4E5 &#8211; MSCH Copenhagen &#8211; Mieke &#038; Eveline<\/a><\/h4><a href=\"https:\/\/www.ek-retail.com\/de\/podcasts\/s4e5-ek-fashion-msch-copenhagen\/\" target=\"\" aria-label=\"Lesen Sie mehr \u00fcber S4E5 &#8211; MSCH Copenhagen &#8211; Mieke &#038; Eveline\" class=\"box-button elementor-button elementor-size-md\">Mehr erfahren<\/a>\n<\/div><\/article><\/div><div class=\"hidden wf-cell\" data-post-id=\"64627\" data-date=\"2026-02-10T13:40:49+01:00\" data-name=\"S4E4 - Honn\u00eate Atelier - Patricia &amp; Christel\"><article class=\"post visible post-64627 podcasts type-podcasts status-publish format-standard has-post-thumbnail hentry season_categories-s4\" data-name=\"S4E4 &#8211; Honn\u00eate Atelier &#8211; Patricia &#038; Christel\" data-date=\"2026-02-10T13:40:49+01:00\">\n\n\t<div class=\"post-thumbnail-wrap\">\n\t\t<div class=\"post-thumbnail\">\n\n\t\t\t<a class=\"post-thumbnail-rollover img-css-resize-wrapper\" aria-label=\"Post image\" href=\"https:\/\/www.ek-retail.com\/de\/podcasts\/s4e4-ek-fashion-honnete-atelier\/\"><img loading=\"lazy\" decoding=\"async\" width=\"800\" height=\"337\" src=\"https:\/\/www.ek-retail.com\/wp-content\/uploads\/2026\/02\/ca07bbce-f564-4c08-816c-1e6cfcd93a57.jpg\" class=\"attachment-full size-full preload-me aspect\" alt=\"\" srcset=\"https:\/\/www.ek-retail.com\/wp-content\/uploads\/2026\/02\/ca07bbce-f564-4c08-816c-1e6cfcd93a57.jpg 800w, https:\/\/www.ek-retail.com\/wp-content\/uploads\/2026\/02\/ca07bbce-f564-4c08-816c-1e6cfcd93a57-300x126.jpg 300w, https:\/\/www.ek-retail.com\/wp-content\/uploads\/2026\/02\/ca07bbce-f564-4c08-816c-1e6cfcd93a57-768x324.jpg 768w\" sizes=\"(max-width: 800px) 100vw, 800px\" style=\"--ratio: 800 \/ 337;\" \/><span class=\"the7-hover-icon\"><i aria-hidden=\"true\" class=\"fas fa-microphone-alt\"><\/i><\/span><\/a>\n\t\t<\/div>\n\t<\/div>\n\n\n<div class=\"post-entry-content\">\n\n\t<h4 class=\"ele-entry-title\"><a href=\"https:\/\/www.ek-retail.com\/de\/podcasts\/s4e4-ek-fashion-honnete-atelier\/\" rel=\"bookmark\" title=\"S4E4 &#8211; Honn\u00eate Atelier &#8211; Patricia &#038; Christel\">S4E4 &#8211; Honn\u00eate Atelier &#8211; Patricia &#038; Christel<\/a><\/h4><a href=\"https:\/\/www.ek-retail.com\/de\/podcasts\/s4e4-ek-fashion-honnete-atelier\/\" target=\"\" aria-label=\"Lesen Sie mehr \u00fcber S4E4 &#8211; Honn\u00eate Atelier &#8211; Patricia &#038; Christel\" class=\"box-button elementor-button elementor-size-md\">Mehr erfahren<\/a>\n<\/div><\/article><\/div><div class=\"hidden wf-cell\" data-post-id=\"64625\" data-date=\"2026-02-10T13:36:59+01:00\" data-name=\"S4E3 - MY PAPER BAG - Ralf\"><article class=\"post visible post-64625 podcasts type-podcasts status-publish format-standard has-post-thumbnail hentry season_categories-s4\" data-name=\"S4E3 &#8211; MY PAPER BAG &#8211; Ralf\" data-date=\"2026-02-10T13:36:59+01:00\">\n\n\t<div class=\"post-thumbnail-wrap\">\n\t\t<div class=\"post-thumbnail\">\n\n\t\t\t<a class=\"post-thumbnail-rollover img-css-resize-wrapper\" aria-label=\"Post image\" href=\"https:\/\/www.ek-retail.com\/de\/podcasts\/s4e3-my-paper-bag\/\"><img loading=\"lazy\" decoding=\"async\" width=\"1280\" height=\"552\" src=\"https:\/\/www.ek-retail.com\/wp-content\/uploads\/2026\/02\/website-podcast-fashion-in-motion-3-1.jpg\" class=\"attachment-full size-full preload-me aspect\" alt=\"\" srcset=\"https:\/\/www.ek-retail.com\/wp-content\/uploads\/2026\/02\/website-podcast-fashion-in-motion-3-1.jpg 1280w, https:\/\/www.ek-retail.com\/wp-content\/uploads\/2026\/02\/website-podcast-fashion-in-motion-3-1-300x129.jpg 300w, https:\/\/www.ek-retail.com\/wp-content\/uploads\/2026\/02\/website-podcast-fashion-in-motion-3-1-1024x442.jpg 1024w, https:\/\/www.ek-retail.com\/wp-content\/uploads\/2026\/02\/website-podcast-fashion-in-motion-3-1-768x331.jpg 768w\" sizes=\"(max-width: 1280px) 100vw, 1280px\" style=\"--ratio: 1280 \/ 552;\" \/><span class=\"the7-hover-icon\"><i aria-hidden=\"true\" class=\"fas fa-microphone-alt\"><\/i><\/span><\/a>\n\t\t<\/div>\n\t<\/div>\n\n\n<div class=\"post-entry-content\">\n\n\t<h4 class=\"ele-entry-title\"><a href=\"https:\/\/www.ek-retail.com\/de\/podcasts\/s4e3-my-paper-bag\/\" rel=\"bookmark\" title=\"S4E3 &#8211; MY PAPER BAG &#8211; Ralf\">S4E3 &#8211; MY PAPER BAG &#8211; Ralf<\/a><\/h4><a href=\"https:\/\/www.ek-retail.com\/de\/podcasts\/s4e3-my-paper-bag\/\" target=\"\" aria-label=\"Lesen Sie mehr \u00fcber S4E3 &#8211; MY PAPER BAG &#8211; Ralf\" class=\"box-button elementor-button elementor-size-md\">Mehr erfahren<\/a>\n<\/div><\/article><\/div><div class=\"hidden wf-cell\" data-post-id=\"64623\" data-date=\"2026-02-10T13:30:54+01:00\" data-name=\"S4E2 - Brax - Jan-Hendrik, Antonia &amp; Annaly\"><article class=\"post visible post-64623 podcasts type-podcasts status-publish format-standard has-post-thumbnail hentry season_categories-s4\" data-name=\"S4E2 &#8211; Brax &#8211; Jan-Hendrik, Antonia &#038; Annaly\" data-date=\"2026-02-10T13:30:54+01:00\">\n\n\t<div class=\"post-thumbnail-wrap\">\n\t\t<div class=\"post-thumbnail\">\n\n\t\t\t<a class=\"post-thumbnail-rollover img-css-resize-wrapper\" aria-label=\"Post image\" href=\"https:\/\/www.ek-retail.com\/de\/podcasts\/s4e2-brax\/\"><img loading=\"lazy\" decoding=\"async\" width=\"1280\" height=\"552\" src=\"https:\/\/www.ek-retail.com\/wp-content\/uploads\/2026\/02\/fashion-in-motion-brax.jpg\" class=\"attachment-full size-full preload-me aspect\" alt=\"\" srcset=\"https:\/\/www.ek-retail.com\/wp-content\/uploads\/2026\/02\/fashion-in-motion-brax.jpg 1280w, https:\/\/www.ek-retail.com\/wp-content\/uploads\/2026\/02\/fashion-in-motion-brax-300x129.jpg 300w, https:\/\/www.ek-retail.com\/wp-content\/uploads\/2026\/02\/fashion-in-motion-brax-1024x442.jpg 1024w, https:\/\/www.ek-retail.com\/wp-content\/uploads\/2026\/02\/fashion-in-motion-brax-768x331.jpg 768w\" sizes=\"(max-width: 1280px) 100vw, 1280px\" style=\"--ratio: 1280 \/ 552;\" \/><span class=\"the7-hover-icon\"><i aria-hidden=\"true\" class=\"fas fa-microphone-alt\"><\/i><\/span><\/a>\n\t\t<\/div>\n\t<\/div>\n\n\n<div class=\"post-entry-content\">\n\n\t<h4 class=\"ele-entry-title\"><a href=\"https:\/\/www.ek-retail.com\/de\/podcasts\/s4e2-brax\/\" rel=\"bookmark\" title=\"S4E2 &#8211; Brax &#8211; Jan-Hendrik, Antonia &#038; Annaly\">S4E2 &#8211; Brax &#8211; Jan-Hendrik, Antonia &#038; Annaly<\/a><\/h4><a href=\"https:\/\/www.ek-retail.com\/de\/podcasts\/s4e2-brax\/\" target=\"\" aria-label=\"Lesen Sie mehr \u00fcber S4E2 &#8211; Brax &#8211; Jan-Hendrik, Antonia &#038; Annaly\" class=\"box-button elementor-button elementor-size-md\">Mehr erfahren<\/a>\n<\/div><\/article><\/div><div class=\"hidden wf-cell\" data-post-id=\"64616\" data-date=\"2026-02-10T13:27:31+01:00\" data-name=\"S4E1 - Kimara - Merlijn &amp; Kimberley\"><article class=\"post visible post-64616 podcasts type-podcasts status-publish format-standard has-post-thumbnail hentry season_categories-s4\" data-name=\"S4E1 &#8211; Kimara &#8211; Merlijn &#038; Kimberley\" data-date=\"2026-02-10T13:27:31+01:00\">\n\n\t<div class=\"post-thumbnail-wrap\">\n\t\t<div class=\"post-thumbnail\">\n\n\t\t\t<a class=\"post-thumbnail-rollover img-css-resize-wrapper\" aria-label=\"Post image\" href=\"https:\/\/www.ek-retail.com\/de\/podcasts\/s4e1-kimara\/\"><img loading=\"lazy\" decoding=\"async\" width=\"1280\" height=\"552\" src=\"https:\/\/www.ek-retail.com\/wp-content\/uploads\/2026\/02\/website-podcast-fashion-in-motion-3.jpg\" class=\"attachment-full size-full preload-me aspect\" alt=\"\" srcset=\"https:\/\/www.ek-retail.com\/wp-content\/uploads\/2026\/02\/website-podcast-fashion-in-motion-3.jpg 1280w, https:\/\/www.ek-retail.com\/wp-content\/uploads\/2026\/02\/website-podcast-fashion-in-motion-3-300x129.jpg 300w, https:\/\/www.ek-retail.com\/wp-content\/uploads\/2026\/02\/website-podcast-fashion-in-motion-3-1024x442.jpg 1024w, https:\/\/www.ek-retail.com\/wp-content\/uploads\/2026\/02\/website-podcast-fashion-in-motion-3-768x331.jpg 768w\" sizes=\"(max-width: 1280px) 100vw, 1280px\" style=\"--ratio: 1280 \/ 552;\" \/><span class=\"the7-hover-icon\"><i aria-hidden=\"true\" class=\"fas fa-microphone-alt\"><\/i><\/span><\/a>\n\t\t<\/div>\n\t<\/div>\n\n\n<div class=\"post-entry-content\">\n\n\t<h4 class=\"ele-entry-title\"><a href=\"https:\/\/www.ek-retail.com\/de\/podcasts\/s4e1-kimara\/\" rel=\"bookmark\" title=\"S4E1 &#8211; Kimara &#8211; Merlijn &#038; Kimberley\">S4E1 &#8211; Kimara &#8211; Merlijn &#038; Kimberley<\/a><\/h4><a href=\"https:\/\/www.ek-retail.com\/de\/podcasts\/s4e1-kimara\/\" target=\"\" aria-label=\"Lesen Sie mehr \u00fcber S4E1 &#8211; Kimara &#8211; Merlijn &#038; Kimberley\" class=\"box-button elementor-button elementor-size-md\">Mehr erfahren<\/a>\n<\/div><\/article><\/div><div class=\"hidden wf-cell\" data-post-id=\"64609\" data-date=\"2026-02-10T13:24:36+01:00\" data-name=\"S3E6 - EK Fashion on email marketing\"><article class=\"post visible post-64609 podcasts type-podcasts status-publish format-standard has-post-thumbnail hentry season_categories-s3\" data-name=\"S3E6 &#8211; EK Fashion on email marketing\" data-date=\"2026-02-10T13:24:36+01:00\">\n\n\t<div class=\"post-thumbnail-wrap\">\n\t\t<div class=\"post-thumbnail\">\n\n\t\t\t<a class=\"post-thumbnail-rollover img-css-resize-wrapper\" aria-label=\"Post image\" href=\"https:\/\/www.ek-retail.com\/de\/podcasts\/s3e6-ek-fashion-on-email-marketing\/\"><img loading=\"lazy\" decoding=\"async\" width=\"1280\" height=\"552\" src=\"https:\/\/www.ek-retail.com\/wp-content\/uploads\/2026\/02\/ek-fashion-shannon-en-elisa.jpg\" class=\"attachment-full size-full preload-me aspect\" alt=\"\" srcset=\"https:\/\/www.ek-retail.com\/wp-content\/uploads\/2026\/02\/ek-fashion-shannon-en-elisa.jpg 1280w, https:\/\/www.ek-retail.com\/wp-content\/uploads\/2026\/02\/ek-fashion-shannon-en-elisa-300x129.jpg 300w, https:\/\/www.ek-retail.com\/wp-content\/uploads\/2026\/02\/ek-fashion-shannon-en-elisa-1024x442.jpg 1024w, https:\/\/www.ek-retail.com\/wp-content\/uploads\/2026\/02\/ek-fashion-shannon-en-elisa-768x331.jpg 768w\" sizes=\"(max-width: 1280px) 100vw, 1280px\" style=\"--ratio: 1280 \/ 552;\" \/><span class=\"the7-hover-icon\"><i aria-hidden=\"true\" class=\"fas fa-microphone-alt\"><\/i><\/span><\/a>\n\t\t<\/div>\n\t<\/div>\n\n\n<div class=\"post-entry-content\">\n\n\t<h4 class=\"ele-entry-title\"><a href=\"https:\/\/www.ek-retail.com\/de\/podcasts\/s3e6-ek-fashion-on-email-marketing\/\" rel=\"bookmark\" title=\"S3E6 &#8211; EK Fashion on email marketing\">S3E6 &#8211; EK Fashion on email marketing<\/a><\/h4><a href=\"https:\/\/www.ek-retail.com\/de\/podcasts\/s3e6-ek-fashion-on-email-marketing\/\" target=\"\" aria-label=\"Lesen Sie mehr \u00fcber S3E6 &#8211; EK Fashion on email marketing\" class=\"box-button elementor-button elementor-size-md\">Mehr erfahren<\/a>\n<\/div><\/article><\/div><div class=\"hidden wf-cell\" data-post-id=\"64603\" data-date=\"2026-02-10T13:21:05+01:00\" data-name=\"S3E5 - Lyle &amp; Scott - Chris\"><article class=\"post visible post-64603 podcasts type-podcasts status-publish format-standard has-post-thumbnail hentry season_categories-s3\" data-name=\"S3E5 &#8211; Lyle &amp; Scott &#8211; Chris\" data-date=\"2026-02-10T13:21:05+01:00\">\n\n\t<div class=\"post-thumbnail-wrap\">\n\t\t<div class=\"post-thumbnail\">\n\n\t\t\t<a class=\"post-thumbnail-rollover img-css-resize-wrapper\" aria-label=\"Post image\" href=\"https:\/\/www.ek-retail.com\/de\/podcasts\/s3e5-lyle-scott-chris\/\"><img loading=\"lazy\" decoding=\"async\" width=\"1280\" height=\"552\" src=\"https:\/\/www.ek-retail.com\/wp-content\/uploads\/2026\/02\/website-podcast-fashion-in-motion.jpg\" class=\"attachment-full size-full preload-me aspect\" alt=\"\" srcset=\"https:\/\/www.ek-retail.com\/wp-content\/uploads\/2026\/02\/website-podcast-fashion-in-motion.jpg 1280w, https:\/\/www.ek-retail.com\/wp-content\/uploads\/2026\/02\/website-podcast-fashion-in-motion-300x129.jpg 300w, https:\/\/www.ek-retail.com\/wp-content\/uploads\/2026\/02\/website-podcast-fashion-in-motion-1024x442.jpg 1024w, https:\/\/www.ek-retail.com\/wp-content\/uploads\/2026\/02\/website-podcast-fashion-in-motion-768x331.jpg 768w\" sizes=\"(max-width: 1280px) 100vw, 1280px\" style=\"--ratio: 1280 \/ 552;\" \/><span class=\"the7-hover-icon\"><i aria-hidden=\"true\" class=\"fas fa-microphone-alt\"><\/i><\/span><\/a>\n\t\t<\/div>\n\t<\/div>\n\n\n<div class=\"post-entry-content\">\n\n\t<h4 class=\"ele-entry-title\"><a href=\"https:\/\/www.ek-retail.com\/de\/podcasts\/s3e5-lyle-scott-chris\/\" rel=\"bookmark\" title=\"S3E5 &#8211; Lyle &amp; Scott &#8211; Chris\">S3E5 &#8211; Lyle &amp; Scott &#8211; Chris<\/a><\/h4><a href=\"https:\/\/www.ek-retail.com\/de\/podcasts\/s3e5-lyle-scott-chris\/\" target=\"\" aria-label=\"Lesen Sie mehr \u00fcber S3E5 &#8211; Lyle &amp; Scott &#8211; Chris\" class=\"box-button elementor-button elementor-size-md\">Mehr erfahren<\/a>\n<\/div><\/article><\/div><div class=\"hidden wf-cell\" data-post-id=\"64598\" data-date=\"2026-02-10T13:17:49+01:00\" data-name=\"S3E4 - Thera from EK Retail on events\"><article class=\"post visible post-64598 podcasts type-podcasts status-publish format-standard has-post-thumbnail hentry season_categories-s3\" data-name=\"S3E4 &#8211; Thera from EK Retail on events\" data-date=\"2026-02-10T13:17:49+01:00\">\n\n\t<div class=\"post-thumbnail-wrap\">\n\t\t<div class=\"post-thumbnail\">\n\n\t\t\t<a class=\"post-thumbnail-rollover img-css-resize-wrapper\" aria-label=\"Post image\" href=\"https:\/\/www.ek-retail.com\/de\/podcasts\/s3e4-thera-from-ek-retail\/\"><img loading=\"lazy\" decoding=\"async\" width=\"1280\" height=\"552\" src=\"https:\/\/www.ek-retail.com\/wp-content\/uploads\/2026\/02\/website-podcast-fashion-in-motion-2.jpg\" class=\"attachment-full size-full preload-me aspect\" alt=\"\" srcset=\"https:\/\/www.ek-retail.com\/wp-content\/uploads\/2026\/02\/website-podcast-fashion-in-motion-2.jpg 1280w, https:\/\/www.ek-retail.com\/wp-content\/uploads\/2026\/02\/website-podcast-fashion-in-motion-2-300x129.jpg 300w, https:\/\/www.ek-retail.com\/wp-content\/uploads\/2026\/02\/website-podcast-fashion-in-motion-2-1024x442.jpg 1024w, https:\/\/www.ek-retail.com\/wp-content\/uploads\/2026\/02\/website-podcast-fashion-in-motion-2-768x331.jpg 768w\" sizes=\"(max-width: 1280px) 100vw, 1280px\" style=\"--ratio: 1280 \/ 552;\" \/><span class=\"the7-hover-icon\"><i aria-hidden=\"true\" class=\"fas fa-microphone-alt\"><\/i><\/span><\/a>\n\t\t<\/div>\n\t<\/div>\n\n\n<div class=\"post-entry-content\">\n\n\t<h4 class=\"ele-entry-title\"><a href=\"https:\/\/www.ek-retail.com\/de\/podcasts\/s3e4-thera-from-ek-retail\/\" rel=\"bookmark\" title=\"S3E4 &#8211; Thera from EK Retail on events\">S3E4 &#8211; Thera from EK Retail on events<\/a><\/h4><a href=\"https:\/\/www.ek-retail.com\/de\/podcasts\/s3e4-thera-from-ek-retail\/\" target=\"\" aria-label=\"Lesen Sie mehr \u00fcber S3E4 &#8211; Thera from EK Retail on events\" class=\"box-button elementor-button elementor-size-md\">Mehr erfahren<\/a>\n<\/div><\/article><\/div><div class=\"hidden wf-cell\" data-post-id=\"64595\" data-date=\"2026-02-10T13:14:19+01:00\" data-name=\"S3E3 - Pure Path - Jamy and Anno\"><article class=\"post visible post-64595 podcasts type-podcasts status-publish format-standard has-post-thumbnail hentry season_categories-s3\" data-name=\"S3E3 &#8211; Pure Path &#8211; Jamy and Anno\" data-date=\"2026-02-10T13:14:19+01:00\">\n\n\t<div class=\"post-thumbnail-wrap\">\n\t\t<div class=\"post-thumbnail\">\n\n\t\t\t<a class=\"post-thumbnail-rollover img-css-resize-wrapper\" aria-label=\"Post image\" href=\"https:\/\/www.ek-retail.com\/de\/podcasts\/s3e3-pure-path-jamy-and-anno\/\"><img loading=\"lazy\" decoding=\"async\" width=\"1280\" height=\"552\" src=\"https:\/\/www.ek-retail.com\/wp-content\/uploads\/2026\/02\/pure-path-in-de-podcas-fashion-in-motion.jpg\" class=\"attachment-full size-full preload-me aspect\" alt=\"\" srcset=\"https:\/\/www.ek-retail.com\/wp-content\/uploads\/2026\/02\/pure-path-in-de-podcas-fashion-in-motion.jpg 1280w, https:\/\/www.ek-retail.com\/wp-content\/uploads\/2026\/02\/pure-path-in-de-podcas-fashion-in-motion-300x129.jpg 300w, https:\/\/www.ek-retail.com\/wp-content\/uploads\/2026\/02\/pure-path-in-de-podcas-fashion-in-motion-1024x442.jpg 1024w, https:\/\/www.ek-retail.com\/wp-content\/uploads\/2026\/02\/pure-path-in-de-podcas-fashion-in-motion-768x331.jpg 768w\" sizes=\"(max-width: 1280px) 100vw, 1280px\" style=\"--ratio: 1280 \/ 552;\" \/><span class=\"the7-hover-icon\"><i aria-hidden=\"true\" class=\"fas fa-microphone-alt\"><\/i><\/span><\/a>\n\t\t<\/div>\n\t<\/div>\n\n\n<div class=\"post-entry-content\">\n\n\t<h4 class=\"ele-entry-title\"><a href=\"https:\/\/www.ek-retail.com\/de\/podcasts\/s3e3-pure-path-jamy-and-anno\/\" rel=\"bookmark\" title=\"S3E3 &#8211; Pure Path &#8211; Jamy and Anno\">S3E3 &#8211; Pure Path &#8211; Jamy and Anno<\/a><\/h4><a href=\"https:\/\/www.ek-retail.com\/de\/podcasts\/s3e3-pure-path-jamy-and-anno\/\" target=\"\" aria-label=\"Lesen Sie mehr \u00fcber S3E3 &#8211; Pure Path &#8211; Jamy and Anno\" class=\"box-button elementor-button elementor-size-md\">Mehr erfahren<\/a>\n<\/div><\/article><\/div><div class=\"hidden wf-cell\" data-post-id=\"64593\" data-date=\"2026-02-10T13:08:47+01:00\" data-name=\"S3E2 - tritonX - Freek\"><article class=\"post visible post-64593 podcasts type-podcasts status-publish format-standard has-post-thumbnail hentry season_categories-s3\" data-name=\"S3E2 &#8211; tritonX &#8211; Freek\" data-date=\"2026-02-10T13:08:47+01:00\">\n\n\t<div class=\"post-thumbnail-wrap\">\n\t\t<div class=\"post-thumbnail\">\n\n\t\t\t<a class=\"post-thumbnail-rollover img-css-resize-wrapper\" aria-label=\"Post image\" href=\"https:\/\/www.ek-retail.com\/de\/podcasts\/s3e2-tritonx-freek\/\"><img loading=\"lazy\" decoding=\"async\" width=\"1280\" height=\"552\" src=\"https:\/\/www.ek-retail.com\/wp-content\/uploads\/2026\/02\/website-podcast-fashion-in-motion-1-2.jpg\" class=\"attachment-full size-full preload-me aspect\" alt=\"\" srcset=\"https:\/\/www.ek-retail.com\/wp-content\/uploads\/2026\/02\/website-podcast-fashion-in-motion-1-2.jpg 1280w, https:\/\/www.ek-retail.com\/wp-content\/uploads\/2026\/02\/website-podcast-fashion-in-motion-1-2-300x129.jpg 300w, https:\/\/www.ek-retail.com\/wp-content\/uploads\/2026\/02\/website-podcast-fashion-in-motion-1-2-1024x442.jpg 1024w, https:\/\/www.ek-retail.com\/wp-content\/uploads\/2026\/02\/website-podcast-fashion-in-motion-1-2-768x331.jpg 768w\" sizes=\"(max-width: 1280px) 100vw, 1280px\" style=\"--ratio: 1280 \/ 552;\" \/><span class=\"the7-hover-icon\"><i aria-hidden=\"true\" class=\"fas fa-microphone-alt\"><\/i><\/span><\/a>\n\t\t<\/div>\n\t<\/div>\n\n\n<div class=\"post-entry-content\">\n\n\t<h4 class=\"ele-entry-title\"><a href=\"https:\/\/www.ek-retail.com\/de\/podcasts\/s3e2-tritonx-freek\/\" rel=\"bookmark\" title=\"S3E2 &#8211; tritonX &#8211; Freek\">S3E2 &#8211; tritonX &#8211; Freek<\/a><\/h4><a href=\"https:\/\/www.ek-retail.com\/de\/podcasts\/s3e2-tritonx-freek\/\" target=\"\" aria-label=\"Lesen Sie mehr \u00fcber S3E2 &#8211; tritonX &#8211; Freek\" class=\"box-button elementor-button elementor-size-md\">Mehr erfahren<\/a>\n<\/div><\/article><\/div><div class=\"hidden wf-cell\" data-post-id=\"64413\" data-date=\"2026-02-10T10:34:18+01:00\" data-name=\"S3E1 - Dstrezzed - Daan &amp; Dennis\"><article class=\"post visible post-64413 podcasts type-podcasts status-publish format-standard has-post-thumbnail hentry season_categories-s3\" data-name=\"S3E1 &#8211; Dstrezzed &#8211; Daan &#038; Dennis\" data-date=\"2026-02-10T10:34:18+01:00\">\n\n\t<div class=\"post-thumbnail-wrap\">\n\t\t<div class=\"post-thumbnail\">\n\n\t\t\t<a class=\"post-thumbnail-rollover img-css-resize-wrapper\" aria-label=\"Post image\" href=\"https:\/\/www.ek-retail.com\/de\/podcasts\/s3e1-dstrezzed\/\"><img loading=\"lazy\" decoding=\"async\" width=\"1280\" height=\"552\" src=\"https:\/\/www.ek-retail.com\/wp-content\/uploads\/2026\/02\/website-podcast-fashion-in-motion-1-1.jpg\" class=\"attachment-full size-full preload-me aspect\" alt=\"\" srcset=\"https:\/\/www.ek-retail.com\/wp-content\/uploads\/2026\/02\/website-podcast-fashion-in-motion-1-1.jpg 1280w, https:\/\/www.ek-retail.com\/wp-content\/uploads\/2026\/02\/website-podcast-fashion-in-motion-1-1-300x129.jpg 300w, https:\/\/www.ek-retail.com\/wp-content\/uploads\/2026\/02\/website-podcast-fashion-in-motion-1-1-1024x442.jpg 1024w, https:\/\/www.ek-retail.com\/wp-content\/uploads\/2026\/02\/website-podcast-fashion-in-motion-1-1-768x331.jpg 768w\" sizes=\"(max-width: 1280px) 100vw, 1280px\" style=\"--ratio: 1280 \/ 552;\" \/><span class=\"the7-hover-icon\"><i aria-hidden=\"true\" class=\"fas fa-microphone-alt\"><\/i><\/span><\/a>\n\t\t<\/div>\n\t<\/div>\n\n\n<div class=\"post-entry-content\">\n\n\t<h4 class=\"ele-entry-title\"><a href=\"https:\/\/www.ek-retail.com\/de\/podcasts\/s3e1-dstrezzed\/\" rel=\"bookmark\" title=\"S3E1 &#8211; Dstrezzed &#8211; Daan &#038; Dennis\">S3E1 &#8211; Dstrezzed &#8211; Daan &#038; Dennis<\/a><\/h4><a href=\"https:\/\/www.ek-retail.com\/de\/podcasts\/s3e1-dstrezzed\/\" target=\"\" aria-label=\"Lesen Sie mehr \u00fcber S3E1 &#8211; Dstrezzed &#8211; Daan &#038; Dennis\" class=\"box-button elementor-button elementor-size-md\">Mehr erfahren<\/a>\n<\/div><\/article><\/div><div class=\"hidden wf-cell\" data-post-id=\"64407\" data-date=\"2026-02-09T16:02:42+01:00\" data-name=\"S2E6 - Black Bananas - Vicente &amp; Patrick\"><article class=\"post visible post-64407 podcasts type-podcasts status-publish format-standard has-post-thumbnail hentry season_categories-s2\" data-name=\"S2E6 &#8211; Black Bananas &#8211; Vicente &#038; Patrick\" data-date=\"2026-02-09T16:02:42+01:00\">\n\n\t<div class=\"post-thumbnail-wrap\">\n\t\t<div class=\"post-thumbnail\">\n\n\t\t\t<a class=\"post-thumbnail-rollover img-css-resize-wrapper\" aria-label=\"Post image\" href=\"https:\/\/www.ek-retail.com\/de\/podcasts\/s2e6-black-bananas-vicente-en-patrick\/\"><img loading=\"lazy\" decoding=\"async\" width=\"1280\" height=\"552\" src=\"https:\/\/www.ek-retail.com\/wp-content\/uploads\/2026\/02\/website-black-bananas.jpg\" class=\"attachment-full size-full preload-me aspect\" alt=\"\" srcset=\"https:\/\/www.ek-retail.com\/wp-content\/uploads\/2026\/02\/website-black-bananas.jpg 1280w, https:\/\/www.ek-retail.com\/wp-content\/uploads\/2026\/02\/website-black-bananas-300x129.jpg 300w, https:\/\/www.ek-retail.com\/wp-content\/uploads\/2026\/02\/website-black-bananas-1024x442.jpg 1024w, https:\/\/www.ek-retail.com\/wp-content\/uploads\/2026\/02\/website-black-bananas-768x331.jpg 768w\" sizes=\"(max-width: 1280px) 100vw, 1280px\" style=\"--ratio: 1280 \/ 552;\" \/><span class=\"the7-hover-icon\"><i aria-hidden=\"true\" class=\"fas fa-microphone-alt\"><\/i><\/span><\/a>\n\t\t<\/div>\n\t<\/div>\n\n\n<div class=\"post-entry-content\">\n\n\t<h4 class=\"ele-entry-title\"><a href=\"https:\/\/www.ek-retail.com\/de\/podcasts\/s2e6-black-bananas-vicente-en-patrick\/\" rel=\"bookmark\" title=\"S2E6 &#8211; Black Bananas &#8211; Vicente &#038; Patrick\">S2E6 &#8211; Black Bananas &#8211; Vicente &#038; Patrick<\/a><\/h4><a href=\"https:\/\/www.ek-retail.com\/de\/podcasts\/s2e6-black-bananas-vicente-en-patrick\/\" target=\"\" aria-label=\"Lesen Sie mehr \u00fcber S2E6 &#8211; Black Bananas &#8211; Vicente &#038; Patrick\" class=\"box-button elementor-button elementor-size-md\">Mehr erfahren<\/a>\n<\/div><\/article><\/div><div class=\"hidden wf-cell\" data-post-id=\"64402\" data-date=\"2026-02-09T15:58:20+01:00\" data-name=\"S2E5 - Kuyichi - Chris Konings\"><article class=\"post visible post-64402 podcasts type-podcasts status-publish format-standard has-post-thumbnail hentry season_categories-s2\" data-name=\"S2E5 &#8211; Kuyichi &#8211; Chris Konings\" data-date=\"2026-02-09T15:58:20+01:00\">\n\n\t<div class=\"post-thumbnail-wrap\">\n\t\t<div class=\"post-thumbnail\">\n\n\t\t\t<a class=\"post-thumbnail-rollover img-css-resize-wrapper\" aria-label=\"Post image\" href=\"https:\/\/www.ek-retail.com\/de\/podcasts\/s2e5-kuyichi-chris\/\"><img loading=\"lazy\" decoding=\"async\" width=\"1280\" height=\"552\" src=\"https:\/\/www.ek-retail.com\/wp-content\/uploads\/2026\/02\/in-de-podcast-kuyichi-chris.jpg\" class=\"attachment-full size-full preload-me aspect\" alt=\"\" srcset=\"https:\/\/www.ek-retail.com\/wp-content\/uploads\/2026\/02\/in-de-podcast-kuyichi-chris.jpg 1280w, https:\/\/www.ek-retail.com\/wp-content\/uploads\/2026\/02\/in-de-podcast-kuyichi-chris-300x129.jpg 300w, https:\/\/www.ek-retail.com\/wp-content\/uploads\/2026\/02\/in-de-podcast-kuyichi-chris-1024x442.jpg 1024w, https:\/\/www.ek-retail.com\/wp-content\/uploads\/2026\/02\/in-de-podcast-kuyichi-chris-768x331.jpg 768w\" sizes=\"(max-width: 1280px) 100vw, 1280px\" style=\"--ratio: 1280 \/ 552;\" \/><span class=\"the7-hover-icon\"><i aria-hidden=\"true\" class=\"fas fa-microphone-alt\"><\/i><\/span><\/a>\n\t\t<\/div>\n\t<\/div>\n\n\n<div class=\"post-entry-content\">\n\n\t<h4 class=\"ele-entry-title\"><a href=\"https:\/\/www.ek-retail.com\/de\/podcasts\/s2e5-kuyichi-chris\/\" rel=\"bookmark\" title=\"S2E5 &#8211; Kuyichi &#8211; Chris Konings\">S2E5 &#8211; Kuyichi &#8211; Chris Konings<\/a><\/h4><a href=\"https:\/\/www.ek-retail.com\/de\/podcasts\/s2e5-kuyichi-chris\/\" target=\"\" aria-label=\"Lesen Sie mehr \u00fcber S2E5 &#8211; Kuyichi &#8211; Chris Konings\" class=\"box-button elementor-button elementor-size-md\">Mehr erfahren<\/a>\n<\/div><\/article><\/div><div class=\"hidden wf-cell\" data-post-id=\"64397\" data-date=\"2026-02-09T15:54:56+01:00\" data-name=\"S2E4 - Meijers Mode - Miquet\"><article class=\"post visible post-64397 podcasts type-podcasts status-publish format-standard has-post-thumbnail hentry season_categories-s2\" data-name=\"S2E4 &#8211; Meijers Mode &#8211; Miquet\" data-date=\"2026-02-09T15:54:56+01:00\">\n\n\t<div class=\"post-thumbnail-wrap\">\n\t\t<div class=\"post-thumbnail\">\n\n\t\t\t<a class=\"post-thumbnail-rollover img-css-resize-wrapper\" aria-label=\"Post image\" href=\"https:\/\/www.ek-retail.com\/de\/podcasts\/s2e4-meijers-mode-miquet\/\"><img loading=\"lazy\" decoding=\"async\" width=\"1280\" height=\"552\" src=\"https:\/\/www.ek-retail.com\/wp-content\/uploads\/2026\/02\/website-meijers-mode-loyalty-loop.jpg\" class=\"attachment-full size-full preload-me aspect\" alt=\"\" srcset=\"https:\/\/www.ek-retail.com\/wp-content\/uploads\/2026\/02\/website-meijers-mode-loyalty-loop.jpg 1280w, https:\/\/www.ek-retail.com\/wp-content\/uploads\/2026\/02\/website-meijers-mode-loyalty-loop-300x129.jpg 300w, https:\/\/www.ek-retail.com\/wp-content\/uploads\/2026\/02\/website-meijers-mode-loyalty-loop-1024x442.jpg 1024w, https:\/\/www.ek-retail.com\/wp-content\/uploads\/2026\/02\/website-meijers-mode-loyalty-loop-768x331.jpg 768w\" sizes=\"(max-width: 1280px) 100vw, 1280px\" style=\"--ratio: 1280 \/ 552;\" \/><span class=\"the7-hover-icon\"><i aria-hidden=\"true\" class=\"fas fa-microphone-alt\"><\/i><\/span><\/a>\n\t\t<\/div>\n\t<\/div>\n\n\n<div class=\"post-entry-content\">\n\n\t<h4 class=\"ele-entry-title\"><a href=\"https:\/\/www.ek-retail.com\/de\/podcasts\/s2e4-meijers-mode-miquet\/\" rel=\"bookmark\" title=\"S2E4 &#8211; Meijers Mode &#8211; Miquet\">S2E4 &#8211; Meijers Mode &#8211; Miquet<\/a><\/h4><a href=\"https:\/\/www.ek-retail.com\/de\/podcasts\/s2e4-meijers-mode-miquet\/\" target=\"\" aria-label=\"Lesen Sie mehr \u00fcber S2E4 &#8211; Meijers Mode &#8211; Miquet\" class=\"box-button elementor-button elementor-size-md\">Mehr erfahren<\/a>\n<\/div><\/article><\/div><div class=\"hidden wf-cell\" data-post-id=\"64368\" data-date=\"2026-02-09T15:48:49+01:00\" data-name=\"S2E3 - Zusss-  Femke\"><article class=\"post visible post-64368 podcasts type-podcasts status-publish format-standard has-post-thumbnail hentry season_categories-s2\" data-name=\"S2E3 &#8211; Zusss-  Femke\" data-date=\"2026-02-09T15:48:49+01:00\">\n\n\t<div class=\"post-thumbnail-wrap\">\n\t\t<div class=\"post-thumbnail\">\n\n\t\t\t<a class=\"post-thumbnail-rollover img-css-resize-wrapper\" aria-label=\"Post image\" href=\"https:\/\/www.ek-retail.com\/de\/podcasts\/s2e3-zusss-femke\/\"><img loading=\"lazy\" decoding=\"async\" width=\"1280\" height=\"552\" src=\"https:\/\/www.ek-retail.com\/wp-content\/uploads\/2026\/02\/podcast-fashion-in-motion-zusss.jpg\" class=\"attachment-full size-full preload-me aspect\" alt=\"\" srcset=\"https:\/\/www.ek-retail.com\/wp-content\/uploads\/2026\/02\/podcast-fashion-in-motion-zusss.jpg 1280w, https:\/\/www.ek-retail.com\/wp-content\/uploads\/2026\/02\/podcast-fashion-in-motion-zusss-300x129.jpg 300w, https:\/\/www.ek-retail.com\/wp-content\/uploads\/2026\/02\/podcast-fashion-in-motion-zusss-1024x442.jpg 1024w, https:\/\/www.ek-retail.com\/wp-content\/uploads\/2026\/02\/podcast-fashion-in-motion-zusss-768x331.jpg 768w\" sizes=\"(max-width: 1280px) 100vw, 1280px\" style=\"--ratio: 1280 \/ 552;\" \/><span class=\"the7-hover-icon\"><i aria-hidden=\"true\" class=\"fas fa-microphone-alt\"><\/i><\/span><\/a>\n\t\t<\/div>\n\t<\/div>\n\n\n<div class=\"post-entry-content\">\n\n\t<h4 class=\"ele-entry-title\"><a href=\"https:\/\/www.ek-retail.com\/de\/podcasts\/s2e3-zusss-femke\/\" rel=\"bookmark\" title=\"S2E3 &#8211; Zusss-  Femke\">S2E3 &#8211; Zusss-  Femke<\/a><\/h4><a href=\"https:\/\/www.ek-retail.com\/de\/podcasts\/s2e3-zusss-femke\/\" target=\"\" aria-label=\"Lesen Sie mehr \u00fcber S2E3 &#8211; Zusss-  Femke\" class=\"box-button elementor-button elementor-size-md\">Mehr erfahren<\/a>\n<\/div><\/article><\/div><div class=\"hidden wf-cell\" data-post-id=\"64351\" data-date=\"2026-02-09T14:16:39+01:00\" data-name=\"S2E2 - YAYA\u00a0 - Maaike\"><article class=\"post visible post-64351 podcasts type-podcasts status-publish format-standard has-post-thumbnail hentry season_categories-s2\" data-name=\"S2E2 &#8211; YAYA\u00a0 &#8211; Maaike\" data-date=\"2026-02-09T14:16:39+01:00\">\n\n\t<div class=\"post-thumbnail-wrap\">\n\t\t<div class=\"post-thumbnail\">\n\n\t\t\t<a class=\"post-thumbnail-rollover img-css-resize-wrapper\" aria-label=\"Post image\" href=\"https:\/\/www.ek-retail.com\/de\/podcasts\/s2e1-yaya-maaike\/\"><img loading=\"lazy\" decoding=\"async\" width=\"1280\" height=\"552\" src=\"https:\/\/www.ek-retail.com\/wp-content\/uploads\/2026\/02\/podcast-fashion-in-motion-yaya.jpg\" class=\"attachment-full size-full preload-me aspect\" alt=\"\" srcset=\"https:\/\/www.ek-retail.com\/wp-content\/uploads\/2026\/02\/podcast-fashion-in-motion-yaya.jpg 1280w, https:\/\/www.ek-retail.com\/wp-content\/uploads\/2026\/02\/podcast-fashion-in-motion-yaya-300x129.jpg 300w, https:\/\/www.ek-retail.com\/wp-content\/uploads\/2026\/02\/podcast-fashion-in-motion-yaya-1024x442.jpg 1024w, https:\/\/www.ek-retail.com\/wp-content\/uploads\/2026\/02\/podcast-fashion-in-motion-yaya-768x331.jpg 768w\" sizes=\"(max-width: 1280px) 100vw, 1280px\" style=\"--ratio: 1280 \/ 552;\" \/><span class=\"the7-hover-icon\"><i aria-hidden=\"true\" class=\"fas fa-microphone-alt\"><\/i><\/span><\/a>\n\t\t<\/div>\n\t<\/div>\n\n\n<div class=\"post-entry-content\">\n\n\t<h4 class=\"ele-entry-title\"><a href=\"https:\/\/www.ek-retail.com\/de\/podcasts\/s2e1-yaya-maaike\/\" rel=\"bookmark\" title=\"S2E2 &#8211; YAYA\u00a0 &#8211; Maaike\">S2E2 &#8211; YAYA\u00a0 &#8211; Maaike<\/a><\/h4><a href=\"https:\/\/www.ek-retail.com\/de\/podcasts\/s2e1-yaya-maaike\/\" target=\"\" aria-label=\"Lesen Sie mehr \u00fcber S2E2 &#8211; YAYA\u00a0 &#8211; Maaike\" class=\"box-button elementor-button elementor-size-md\">Mehr erfahren<\/a>\n<\/div><\/article><\/div><div class=\"hidden wf-cell\" data-post-id=\"64344\" data-date=\"2026-02-09T13:59:19+01:00\" data-name=\"S2E1 - G-Maxx - Ylana &amp; Sarah\"><article class=\"post visible post-64344 podcasts type-podcasts status-publish format-standard has-post-thumbnail hentry season_categories-s2\" data-name=\"S2E1 &#8211; G-Maxx &#8211; Ylana &#038; Sarah\" data-date=\"2026-02-09T13:59:19+01:00\">\n\n\t<div class=\"post-thumbnail-wrap\">\n\t\t<div class=\"post-thumbnail\">\n\n\t\t\t<a class=\"post-thumbnail-rollover img-css-resize-wrapper\" aria-label=\"Post image\" href=\"https:\/\/www.ek-retail.com\/de\/podcasts\/s1e10-g-maxx-ylana-en-sarah\/\"><img loading=\"lazy\" decoding=\"async\" width=\"1280\" height=\"552\" src=\"https:\/\/www.ek-retail.com\/wp-content\/uploads\/2026\/02\/gmaxx-in-fashioni-n-motion.jpg\" class=\"attachment-full size-full preload-me aspect\" alt=\"\" srcset=\"https:\/\/www.ek-retail.com\/wp-content\/uploads\/2026\/02\/gmaxx-in-fashioni-n-motion.jpg 1280w, https:\/\/www.ek-retail.com\/wp-content\/uploads\/2026\/02\/gmaxx-in-fashioni-n-motion-300x129.jpg 300w, https:\/\/www.ek-retail.com\/wp-content\/uploads\/2026\/02\/gmaxx-in-fashioni-n-motion-1024x442.jpg 1024w, https:\/\/www.ek-retail.com\/wp-content\/uploads\/2026\/02\/gmaxx-in-fashioni-n-motion-768x331.jpg 768w\" sizes=\"(max-width: 1280px) 100vw, 1280px\" style=\"--ratio: 1280 \/ 552;\" \/><span class=\"the7-hover-icon\"><i aria-hidden=\"true\" class=\"fas fa-microphone-alt\"><\/i><\/span><\/a>\n\t\t<\/div>\n\t<\/div>\n\n\n<div class=\"post-entry-content\">\n\n\t<h4 class=\"ele-entry-title\"><a href=\"https:\/\/www.ek-retail.com\/de\/podcasts\/s1e10-g-maxx-ylana-en-sarah\/\" rel=\"bookmark\" title=\"S2E1 &#8211; G-Maxx &#8211; Ylana &#038; Sarah\">S2E1 &#8211; G-Maxx &#8211; Ylana &#038; Sarah<\/a><\/h4><a href=\"https:\/\/www.ek-retail.com\/de\/podcasts\/s1e10-g-maxx-ylana-en-sarah\/\" target=\"\" aria-label=\"Lesen Sie mehr \u00fcber S2E1 &#8211; G-Maxx &#8211; Ylana &#038; Sarah\" class=\"box-button elementor-button elementor-size-md\">Mehr erfahren<\/a>\n<\/div><\/article><\/div><div class=\"hidden wf-cell\" data-post-id=\"64274\" data-date=\"2026-02-09T11:53:36+01:00\" data-name=\"S1E10 - EK Fashion - Een belangrijk websitedesign\"><article class=\"post visible post-64274 podcasts type-podcasts status-publish format-standard has-post-thumbnail hentry season_categories-s1\" data-name=\"S1E10 &#8211; EK Fashion &#8211; Een belangrijk websitedesign\" data-date=\"2026-02-09T11:53:36+01:00\">\n\n\t<div class=\"post-thumbnail-wrap\">\n\t\t<div class=\"post-thumbnail\">\n\n\t\t\t<a class=\"post-thumbnail-rollover img-css-resize-wrapper\" aria-label=\"Post image\" href=\"https:\/\/www.ek-retail.com\/de\/podcasts\/s1e9-ek-fashion-een-belangrijk-websitedesign\/\"><img loading=\"lazy\" decoding=\"async\" width=\"1280\" height=\"552\" src=\"https:\/\/www.ek-retail.com\/wp-content\/uploads\/2026\/02\/website-podcast-fashion-in-motion-1.jpg\" class=\"attachment-full size-full preload-me aspect\" alt=\"\" srcset=\"https:\/\/www.ek-retail.com\/wp-content\/uploads\/2026\/02\/website-podcast-fashion-in-motion-1.jpg 1280w, https:\/\/www.ek-retail.com\/wp-content\/uploads\/2026\/02\/website-podcast-fashion-in-motion-1-300x129.jpg 300w, https:\/\/www.ek-retail.com\/wp-content\/uploads\/2026\/02\/website-podcast-fashion-in-motion-1-1024x442.jpg 1024w, https:\/\/www.ek-retail.com\/wp-content\/uploads\/2026\/02\/website-podcast-fashion-in-motion-1-768x331.jpg 768w\" sizes=\"(max-width: 1280px) 100vw, 1280px\" style=\"--ratio: 1280 \/ 552;\" \/><span class=\"the7-hover-icon\"><i aria-hidden=\"true\" class=\"fas fa-microphone-alt\"><\/i><\/span><\/a>\n\t\t<\/div>\n\t<\/div>\n\n\n<div class=\"post-entry-content\">\n\n\t<h4 class=\"ele-entry-title\"><a href=\"https:\/\/www.ek-retail.com\/de\/podcasts\/s1e9-ek-fashion-een-belangrijk-websitedesign\/\" rel=\"bookmark\" title=\"S1E10 &#8211; EK Fashion &#8211; Een belangrijk websitedesign\">S1E10 &#8211; EK Fashion &#8211; Een belangrijk websitedesign<\/a><\/h4><a href=\"https:\/\/www.ek-retail.com\/de\/podcasts\/s1e9-ek-fashion-een-belangrijk-websitedesign\/\" target=\"\" aria-label=\"Lesen Sie mehr \u00fcber S1E10 &#8211; EK Fashion &#8211; Een belangrijk websitedesign\" class=\"box-button elementor-button elementor-size-md\">Mehr erfahren<\/a>\n<\/div><\/article><\/div><div class=\"hidden wf-cell\" data-post-id=\"64268\" data-date=\"2026-02-09T11:48:35+01:00\" data-name=\"S1E9 - JOSH V - Josh Veldhuizen\"><article class=\"post visible post-64268 podcasts type-podcasts status-publish format-standard has-post-thumbnail hentry season_categories-s1\" data-name=\"S1E9 &#8211; JOSH V &#8211; Josh Veldhuizen\" data-date=\"2026-02-09T11:48:35+01:00\">\n\n\t<div class=\"post-thumbnail-wrap\">\n\t\t<div class=\"post-thumbnail\">\n\n\t\t\t<a class=\"post-thumbnail-rollover img-css-resize-wrapper\" aria-label=\"Post image\" href=\"https:\/\/www.ek-retail.com\/de\/podcasts\/s1e9-josh-v-josh-veldhuizen\/\"><img loading=\"lazy\" decoding=\"async\" width=\"1280\" height=\"552\" src=\"https:\/\/www.ek-retail.com\/wp-content\/uploads\/2026\/02\/website-podcast-fashion-in-motion-josh-v.jpg\" class=\"attachment-full size-full preload-me aspect\" alt=\"\" srcset=\"https:\/\/www.ek-retail.com\/wp-content\/uploads\/2026\/02\/website-podcast-fashion-in-motion-josh-v.jpg 1280w, https:\/\/www.ek-retail.com\/wp-content\/uploads\/2026\/02\/website-podcast-fashion-in-motion-josh-v-300x129.jpg 300w, https:\/\/www.ek-retail.com\/wp-content\/uploads\/2026\/02\/website-podcast-fashion-in-motion-josh-v-1024x442.jpg 1024w, https:\/\/www.ek-retail.com\/wp-content\/uploads\/2026\/02\/website-podcast-fashion-in-motion-josh-v-768x331.jpg 768w\" sizes=\"(max-width: 1280px) 100vw, 1280px\" style=\"--ratio: 1280 \/ 552;\" \/><span class=\"the7-hover-icon\"><i aria-hidden=\"true\" class=\"fas fa-microphone-alt\"><\/i><\/span><\/a>\n\t\t<\/div>\n\t<\/div>\n\n\n<div class=\"post-entry-content\">\n\n\t<h4 class=\"ele-entry-title\"><a href=\"https:\/\/www.ek-retail.com\/de\/podcasts\/s1e9-josh-v-josh-veldhuizen\/\" rel=\"bookmark\" title=\"S1E9 &#8211; JOSH V &#8211; Josh Veldhuizen\">S1E9 &#8211; JOSH V &#8211; Josh Veldhuizen<\/a><\/h4><a href=\"https:\/\/www.ek-retail.com\/de\/podcasts\/s1e9-josh-v-josh-veldhuizen\/\" target=\"\" aria-label=\"Lesen Sie mehr \u00fcber S1E9 &#8211; JOSH V &#8211; Josh Veldhuizen\" class=\"box-button elementor-button elementor-size-md\">Mehr erfahren<\/a>\n<\/div><\/article><\/div><div class=\"hidden wf-cell\" data-post-id=\"64262\" data-date=\"2026-02-09T11:43:37+01:00\" data-name=\"S1E8 - De Rode Winkel - Daan Broekman\"><article class=\"post visible post-64262 podcasts type-podcasts status-publish format-standard has-post-thumbnail hentry season_categories-s1\" data-name=\"S1E8 &#8211; De Rode Winkel &#8211; Daan Broekman\" data-date=\"2026-02-09T11:43:37+01:00\">\n\n\t<div class=\"post-thumbnail-wrap\">\n\t\t<div class=\"post-thumbnail\">\n\n\t\t\t<a class=\"post-thumbnail-rollover img-css-resize-wrapper\" aria-label=\"Post image\" href=\"https:\/\/www.ek-retail.com\/de\/podcasts\/s1e8-de-rode-winkel-daan-broekman\/\"><img loading=\"lazy\" decoding=\"async\" width=\"1280\" height=\"552\" src=\"https:\/\/www.ek-retail.com\/wp-content\/uploads\/2026\/02\/daan-broekman-fashion-in-motion.jpg\" class=\"attachment-full size-full preload-me aspect\" alt=\"\" srcset=\"https:\/\/www.ek-retail.com\/wp-content\/uploads\/2026\/02\/daan-broekman-fashion-in-motion.jpg 1280w, https:\/\/www.ek-retail.com\/wp-content\/uploads\/2026\/02\/daan-broekman-fashion-in-motion-300x129.jpg 300w, https:\/\/www.ek-retail.com\/wp-content\/uploads\/2026\/02\/daan-broekman-fashion-in-motion-1024x442.jpg 1024w, https:\/\/www.ek-retail.com\/wp-content\/uploads\/2026\/02\/daan-broekman-fashion-in-motion-768x331.jpg 768w\" sizes=\"(max-width: 1280px) 100vw, 1280px\" style=\"--ratio: 1280 \/ 552;\" \/><span class=\"the7-hover-icon\"><i aria-hidden=\"true\" class=\"fas fa-microphone-alt\"><\/i><\/span><\/a>\n\t\t<\/div>\n\t<\/div>\n\n\n<div class=\"post-entry-content\">\n\n\t<h4 class=\"ele-entry-title\"><a href=\"https:\/\/www.ek-retail.com\/de\/podcasts\/s1e8-de-rode-winkel-daan-broekman\/\" rel=\"bookmark\" title=\"S1E8 &#8211; De Rode Winkel &#8211; Daan Broekman\">S1E8 &#8211; De Rode Winkel &#8211; Daan Broekman<\/a><\/h4><a href=\"https:\/\/www.ek-retail.com\/de\/podcasts\/s1e8-de-rode-winkel-daan-broekman\/\" target=\"\" aria-label=\"Lesen Sie mehr \u00fcber S1E8 &#8211; De Rode Winkel &#8211; Daan Broekman\" class=\"box-button elementor-button elementor-size-md\">Mehr erfahren<\/a>\n<\/div><\/article><\/div><div class=\"hidden wf-cell\" data-post-id=\"64255\" data-date=\"2026-02-09T11:12:40+01:00\" data-name=\"S1E7 - Chocoloco - Martijn Heus\"><article class=\"post visible post-64255 podcasts type-podcasts status-publish format-standard has-post-thumbnail hentry season_categories-s1\" data-name=\"S1E7 &#8211; Chocoloco &#8211; Martijn Heus\" data-date=\"2026-02-09T11:12:40+01:00\">\n\n\t<div class=\"post-thumbnail-wrap\">\n\t\t<div class=\"post-thumbnail\">\n\n\t\t\t<a class=\"post-thumbnail-rollover img-css-resize-wrapper\" aria-label=\"Post image\" href=\"https:\/\/www.ek-retail.com\/de\/podcasts\/s1e7-chocoloco-martijn-heus\/\"><img loading=\"lazy\" decoding=\"async\" width=\"1280\" height=\"552\" src=\"https:\/\/www.ek-retail.com\/wp-content\/uploads\/2026\/02\/chocoloco-website.jpg\" class=\"attachment-full size-full preload-me aspect\" alt=\"\" srcset=\"https:\/\/www.ek-retail.com\/wp-content\/uploads\/2026\/02\/chocoloco-website.jpg 1280w, https:\/\/www.ek-retail.com\/wp-content\/uploads\/2026\/02\/chocoloco-website-300x129.jpg 300w, https:\/\/www.ek-retail.com\/wp-content\/uploads\/2026\/02\/chocoloco-website-1024x442.jpg 1024w, https:\/\/www.ek-retail.com\/wp-content\/uploads\/2026\/02\/chocoloco-website-768x331.jpg 768w\" sizes=\"(max-width: 1280px) 100vw, 1280px\" style=\"--ratio: 1280 \/ 552;\" \/><span class=\"the7-hover-icon\"><i aria-hidden=\"true\" class=\"fas fa-microphone-alt\"><\/i><\/span><\/a>\n\t\t<\/div>\n\t<\/div>\n\n\n<div class=\"post-entry-content\">\n\n\t<h4 class=\"ele-entry-title\"><a href=\"https:\/\/www.ek-retail.com\/de\/podcasts\/s1e7-chocoloco-martijn-heus\/\" rel=\"bookmark\" title=\"S1E7 &#8211; Chocoloco &#8211; Martijn Heus\">S1E7 &#8211; Chocoloco &#8211; Martijn Heus<\/a><\/h4><a href=\"https:\/\/www.ek-retail.com\/de\/podcasts\/s1e7-chocoloco-martijn-heus\/\" target=\"\" aria-label=\"Lesen Sie mehr \u00fcber S1E7 &#8211; Chocoloco &#8211; Martijn Heus\" class=\"box-button elementor-button elementor-size-md\">Mehr erfahren<\/a>\n<\/div><\/article><\/div><div class=\"hidden wf-cell\" data-post-id=\"64245\" data-date=\"2026-02-09T11:01:55+01:00\" data-name=\"S1E6 - Frank and Lucie | Robert\"><article class=\"post visible post-64245 podcasts type-podcasts status-publish format-standard has-post-thumbnail hentry season_categories-s1\" data-name=\"S1E6 &#8211; Frank and Lucie | Robert\" data-date=\"2026-02-09T11:01:55+01:00\">\n\n\t<div class=\"post-thumbnail-wrap\">\n\t\t<div class=\"post-thumbnail\">\n\n\t\t\t<a class=\"post-thumbnail-rollover img-css-resize-wrapper\" aria-label=\"Post image\" href=\"https:\/\/www.ek-retail.com\/de\/podcasts\/s1e4-westen-mannen-johan-van-westen-duplicate-57772\/\"><img loading=\"lazy\" decoding=\"async\" width=\"1280\" height=\"552\" src=\"https:\/\/www.ek-retail.com\/wp-content\/uploads\/2026\/02\/frank-and-lucie-website.jpg\" class=\"attachment-full size-full preload-me aspect\" alt=\"\" srcset=\"https:\/\/www.ek-retail.com\/wp-content\/uploads\/2026\/02\/frank-and-lucie-website.jpg 1280w, https:\/\/www.ek-retail.com\/wp-content\/uploads\/2026\/02\/frank-and-lucie-website-300x129.jpg 300w, https:\/\/www.ek-retail.com\/wp-content\/uploads\/2026\/02\/frank-and-lucie-website-1024x442.jpg 1024w, https:\/\/www.ek-retail.com\/wp-content\/uploads\/2026\/02\/frank-and-lucie-website-768x331.jpg 768w\" sizes=\"(max-width: 1280px) 100vw, 1280px\" style=\"--ratio: 1280 \/ 552;\" \/><span class=\"the7-hover-icon\"><i aria-hidden=\"true\" class=\"fas fa-microphone-alt\"><\/i><\/span><\/a>\n\t\t<\/div>\n\t<\/div>\n\n\n<div class=\"post-entry-content\">\n\n\t<h4 class=\"ele-entry-title\"><a href=\"https:\/\/www.ek-retail.com\/de\/podcasts\/s1e4-westen-mannen-johan-van-westen-duplicate-57772\/\" rel=\"bookmark\" title=\"S1E6 &#8211; Frank and Lucie | Robert\">S1E6 &#8211; Frank and Lucie | Robert<\/a><\/h4><a href=\"https:\/\/www.ek-retail.com\/de\/podcasts\/s1e4-westen-mannen-johan-van-westen-duplicate-57772\/\" target=\"\" aria-label=\"Lesen Sie mehr \u00fcber S1E6 &#8211; Frank and Lucie | Robert\" class=\"box-button elementor-button elementor-size-md\">Mehr erfahren<\/a>\n<\/div><\/article><\/div><div class=\"hidden wf-cell\" data-post-id=\"58055\" data-date=\"2025-12-10T15:11:57+01:00\" data-name=\"S1E5 - EK - Past TikTok in marketingstrategie?\"><article class=\"post visible post-58055 podcasts type-podcasts status-publish format-standard has-post-thumbnail hentry season_categories-s1\" data-name=\"S1E5 &#8211; EK &#8211; Past TikTok in marketingstrategie?\" data-date=\"2025-12-10T15:11:57+01:00\">\n\n\t<div class=\"post-thumbnail-wrap\">\n\t\t<div class=\"post-thumbnail\">\n\n\t\t\t<a class=\"post-thumbnail-rollover img-css-resize-wrapper\" aria-label=\"Post image\" href=\"https:\/\/www.ek-retail.com\/de\/podcasts\/elementor-58055\/\"><img loading=\"lazy\" decoding=\"async\" width=\"1280\" height=\"552\" src=\"https:\/\/www.ek-retail.com\/wp-content\/uploads\/2025\/12\/website-podcast-fashion-in-motion.jpg\" class=\"attachment-full size-full preload-me aspect\" alt=\"\" srcset=\"https:\/\/www.ek-retail.com\/wp-content\/uploads\/2025\/12\/website-podcast-fashion-in-motion.jpg 1280w, https:\/\/www.ek-retail.com\/wp-content\/uploads\/2025\/12\/website-podcast-fashion-in-motion-300x129.jpg 300w, https:\/\/www.ek-retail.com\/wp-content\/uploads\/2025\/12\/website-podcast-fashion-in-motion-1024x442.jpg 1024w, https:\/\/www.ek-retail.com\/wp-content\/uploads\/2025\/12\/website-podcast-fashion-in-motion-768x331.jpg 768w\" sizes=\"(max-width: 1280px) 100vw, 1280px\" style=\"--ratio: 1280 \/ 552;\" \/><span class=\"the7-hover-icon\"><i aria-hidden=\"true\" class=\"fas fa-microphone-alt\"><\/i><\/span><\/a>\n\t\t<\/div>\n\t<\/div>\n\n\n<div class=\"post-entry-content\">\n\n\t<h4 class=\"ele-entry-title\"><a href=\"https:\/\/www.ek-retail.com\/de\/podcasts\/elementor-58055\/\" rel=\"bookmark\" title=\"S1E5 &#8211; EK &#8211; Past TikTok in marketingstrategie?\">S1E5 &#8211; EK &#8211; Past TikTok in marketingstrategie?<\/a><\/h4><a href=\"https:\/\/www.ek-retail.com\/de\/podcasts\/elementor-58055\/\" target=\"\" aria-label=\"Lesen Sie mehr \u00fcber S1E5 &#8211; EK &#8211; Past TikTok in marketingstrategie?\" class=\"box-button elementor-button elementor-size-md\">Mehr erfahren<\/a>\n<\/div><\/article><\/div><div class=\"hidden wf-cell\" data-post-id=\"57772\" data-date=\"2025-12-10T10:48:20+01:00\" data-name=\"S1E4 - Westen Mannen - Johan van Westen\"><article class=\"post visible post-57772 podcasts type-podcasts status-publish format-standard has-post-thumbnail hentry season_categories-s1\" data-name=\"S1E4 &#8211; Westen Mannen &#8211; Johan van Westen\" data-date=\"2025-12-10T10:48:20+01:00\">\n\n\t<div class=\"post-thumbnail-wrap\">\n\t\t<div class=\"post-thumbnail\">\n\n\t\t\t<a class=\"post-thumbnail-rollover img-css-resize-wrapper\" aria-label=\"Post image\" href=\"https:\/\/www.ek-retail.com\/de\/podcasts\/s1e4-westen-mannen-johan-van-westen\/\"><img loading=\"lazy\" decoding=\"async\" width=\"1280\" height=\"552\" src=\"https:\/\/www.ek-retail.com\/wp-content\/uploads\/2025\/12\/westen-mannen-website.jpg\" class=\"attachment-full size-full preload-me aspect\" alt=\"\" srcset=\"https:\/\/www.ek-retail.com\/wp-content\/uploads\/2025\/12\/westen-mannen-website.jpg 1280w, https:\/\/www.ek-retail.com\/wp-content\/uploads\/2025\/12\/westen-mannen-website-300x129.jpg 300w, https:\/\/www.ek-retail.com\/wp-content\/uploads\/2025\/12\/westen-mannen-website-1024x442.jpg 1024w, https:\/\/www.ek-retail.com\/wp-content\/uploads\/2025\/12\/westen-mannen-website-768x331.jpg 768w\" sizes=\"(max-width: 1280px) 100vw, 1280px\" style=\"--ratio: 1280 \/ 552;\" \/><span class=\"the7-hover-icon\"><i aria-hidden=\"true\" class=\"fas fa-microphone-alt\"><\/i><\/span><\/a>\n\t\t<\/div>\n\t<\/div>\n\n\n<div class=\"post-entry-content\">\n\n\t<h4 class=\"ele-entry-title\"><a href=\"https:\/\/www.ek-retail.com\/de\/podcasts\/s1e4-westen-mannen-johan-van-westen\/\" rel=\"bookmark\" title=\"S1E4 &#8211; Westen Mannen &#8211; Johan van Westen\">S1E4 &#8211; Westen Mannen &#8211; Johan van Westen<\/a><\/h4><a href=\"https:\/\/www.ek-retail.com\/de\/podcasts\/s1e4-westen-mannen-johan-van-westen\/\" target=\"\" aria-label=\"Lesen Sie mehr \u00fcber S1E4 &#8211; Westen Mannen &#8211; Johan van Westen\" class=\"box-button elementor-button elementor-size-md\">Mehr erfahren<\/a>\n<\/div><\/article><\/div><div class=\"hidden wf-cell\" data-post-id=\"48626\" data-date=\"2025-07-15T17:00:55+02:00\" data-name=\"S1E3 - De drie gouden regels van emailmarketing\"><article class=\"post visible post-48626 podcasts type-podcasts status-publish format-standard has-post-thumbnail hentry season_categories-s1\" data-name=\"S1E3 &#8211; De drie gouden regels van emailmarketing\" data-date=\"2025-07-15T17:00:55+02:00\">\n\n\t<div class=\"post-thumbnail-wrap\">\n\t\t<div class=\"post-thumbnail\">\n\n\t\t\t<a class=\"post-thumbnail-rollover img-css-resize-wrapper\" aria-label=\"Post image\" href=\"https:\/\/www.ek-retail.com\/de\/podcasts\/in-de-podcast-ek-fashion-de-drie-gouden-regels-van-emailmarketing\/\"><img loading=\"lazy\" decoding=\"async\" width=\"1280\" height=\"552\" src=\"https:\/\/www.ek-retail.com\/wp-content\/uploads\/2025\/07\/podcast-fashion-in-motion-yaya.jpg\" class=\"attachment-full size-full preload-me aspect\" alt=\"\" srcset=\"https:\/\/www.ek-retail.com\/wp-content\/uploads\/2025\/07\/podcast-fashion-in-motion-yaya.jpg 1280w, https:\/\/www.ek-retail.com\/wp-content\/uploads\/2025\/07\/podcast-fashion-in-motion-yaya-300x129.jpg 300w, https:\/\/www.ek-retail.com\/wp-content\/uploads\/2025\/07\/podcast-fashion-in-motion-yaya-1024x442.jpg 1024w, https:\/\/www.ek-retail.com\/wp-content\/uploads\/2025\/07\/podcast-fashion-in-motion-yaya-768x331.jpg 768w\" sizes=\"(max-width: 1280px) 100vw, 1280px\" style=\"--ratio: 1280 \/ 552;\" \/><span class=\"the7-hover-icon\"><i aria-hidden=\"true\" class=\"fas fa-microphone-alt\"><\/i><\/span><\/a>\n\t\t<\/div>\n\t<\/div>\n\n\n<div class=\"post-entry-content\">\n\n\t<h4 class=\"ele-entry-title\"><a href=\"https:\/\/www.ek-retail.com\/de\/podcasts\/in-de-podcast-ek-fashion-de-drie-gouden-regels-van-emailmarketing\/\" rel=\"bookmark\" title=\"S1E3 &#8211; De drie gouden regels van emailmarketing\">S1E3 &#8211; De drie gouden regels van emailmarketing<\/a><\/h4><a href=\"https:\/\/www.ek-retail.com\/de\/podcasts\/in-de-podcast-ek-fashion-de-drie-gouden-regels-van-emailmarketing\/\" target=\"\" aria-label=\"Lesen Sie mehr \u00fcber S1E3 &#8211; De drie gouden regels van emailmarketing\" class=\"box-button elementor-button elementor-size-md\">Mehr erfahren<\/a>\n<\/div><\/article><\/div><div class=\"hidden wf-cell\" data-post-id=\"48618\" data-date=\"2025-07-15T16:54:06+02:00\" data-name=\"S1E2 - Quotrell Hans Peters\"><article class=\"post visible post-48618 podcasts type-podcasts status-publish format-standard has-post-thumbnail hentry season_categories-s1\" data-name=\"S1E2 &#8211; Quotrell Hans Peters\" data-date=\"2025-07-15T16:54:06+02:00\">\n\n\t<div class=\"post-thumbnail-wrap\">\n\t\t<div class=\"post-thumbnail\">\n\n\t\t\t<a class=\"post-thumbnail-rollover img-css-resize-wrapper\" aria-label=\"Post image\" href=\"https:\/\/www.ek-retail.com\/de\/podcasts\/48618\/\"><img loading=\"lazy\" decoding=\"async\" width=\"1280\" height=\"552\" src=\"https:\/\/www.ek-retail.com\/wp-content\/uploads\/2025\/07\/quotrell-website.jpg\" class=\"attachment-full size-full preload-me aspect\" alt=\"\" srcset=\"https:\/\/www.ek-retail.com\/wp-content\/uploads\/2025\/07\/quotrell-website.jpg 1280w, https:\/\/www.ek-retail.com\/wp-content\/uploads\/2025\/07\/quotrell-website-300x129.jpg 300w, https:\/\/www.ek-retail.com\/wp-content\/uploads\/2025\/07\/quotrell-website-1024x442.jpg 1024w, https:\/\/www.ek-retail.com\/wp-content\/uploads\/2025\/07\/quotrell-website-768x331.jpg 768w\" sizes=\"(max-width: 1280px) 100vw, 1280px\" style=\"--ratio: 1280 \/ 552;\" \/><span class=\"the7-hover-icon\"><i aria-hidden=\"true\" class=\"fas fa-microphone-alt\"><\/i><\/span><\/a>\n\t\t<\/div>\n\t<\/div>\n\n\n<div class=\"post-entry-content\">\n\n\t<h4 class=\"ele-entry-title\"><a href=\"https:\/\/www.ek-retail.com\/de\/podcasts\/48618\/\" rel=\"bookmark\" title=\"S1E2 &#8211; Quotrell Hans Peters\">S1E2 &#8211; Quotrell Hans Peters<\/a><\/h4><a href=\"https:\/\/www.ek-retail.com\/de\/podcasts\/48618\/\" target=\"\" aria-label=\"Lesen Sie mehr \u00fcber S1E2 &#8211; Quotrell Hans Peters\" class=\"box-button elementor-button elementor-size-md\">Mehr erfahren<\/a>\n<\/div><\/article><\/div><div class=\"hidden wf-cell\" data-post-id=\"48571\" data-date=\"2025-07-14T16:07:41+02:00\" data-name=\"S1E1 - Hoe start ik met duurzaamheid?\"><article class=\"post visible post-48571 podcasts type-podcasts status-publish format-standard has-post-thumbnail hentry season_categories-s1\" data-name=\"S1E1 &#8211; Hoe start ik met duurzaamheid?\" data-date=\"2025-07-14T16:07:41+02:00\">\n\n\t<div class=\"post-thumbnail-wrap\">\n\t\t<div class=\"post-thumbnail\">\n\n\t\t\t<a class=\"post-thumbnail-rollover img-css-resize-wrapper\" aria-label=\"Post image\" href=\"https:\/\/www.ek-retail.com\/de\/podcasts\/in-de-podcast-ek-fashion-hoe-start-ik-met-duurzaamheid\/\"><img loading=\"lazy\" decoding=\"async\" width=\"1280\" height=\"552\" src=\"https:\/\/www.ek-retail.com\/wp-content\/uploads\/2025\/07\/website-format-ek-1.jpg\" class=\"attachment-full size-full preload-me aspect\" alt=\"\" srcset=\"https:\/\/www.ek-retail.com\/wp-content\/uploads\/2025\/07\/website-format-ek-1.jpg 1280w, https:\/\/www.ek-retail.com\/wp-content\/uploads\/2025\/07\/website-format-ek-1-300x129.jpg 300w, https:\/\/www.ek-retail.com\/wp-content\/uploads\/2025\/07\/website-format-ek-1-1024x442.jpg 1024w, https:\/\/www.ek-retail.com\/wp-content\/uploads\/2025\/07\/website-format-ek-1-768x331.jpg 768w\" sizes=\"(max-width: 1280px) 100vw, 1280px\" style=\"--ratio: 1280 \/ 552;\" \/><span class=\"the7-hover-icon\"><i aria-hidden=\"true\" class=\"fas fa-microphone-alt\"><\/i><\/span><\/a>\n\t\t<\/div>\n\t<\/div>\n\n\n<div class=\"post-entry-content\">\n\n\t<h4 class=\"ele-entry-title\"><a href=\"https:\/\/www.ek-retail.com\/de\/podcasts\/in-de-podcast-ek-fashion-hoe-start-ik-met-duurzaamheid\/\" rel=\"bookmark\" title=\"S1E1 &#8211; Hoe start ik met duurzaamheid?\">S1E1 &#8211; Hoe start ik met duurzaamheid?<\/a><\/h4><a href=\"https:\/\/www.ek-retail.com\/de\/podcasts\/in-de-podcast-ek-fashion-hoe-start-ik-met-duurzaamheid\/\" target=\"\" aria-label=\"Lesen Sie mehr \u00fcber S1E1 &#8211; Hoe start ik met duurzaamheid?\" class=\"box-button elementor-button elementor-size-md\">Mehr erfahren<\/a>\n<\/div><\/article><\/div><\/div><!-- iso-container|iso-grid --><div class=\"paginator filter-decorations paginator-more-button filter-pointer-underline\">\n\t\t\t\t<a class=\"button-load-more highlighted filter-item\" href=\"javascript:void(0);\" data-dt-page=\"1\" ><span class=\"button-caption\">Mehr<\/span><i aria-hidden=\"true\" class=\"fas fa-arrow-circle-down\"><\/i><\/a>\n\t\t\t<\/div><\/div>\t\t\t\t<\/div>\n\t\t\t\t<\/div>\n\t\t\t\t\t<\/div>\n\t\t\t\t<\/div>\n\t\t\t\t<\/div>\n\t\t","protected":false},"excerpt":{"rendered":"<p>EK Fashion Eine Gemeinschaft f\u00fcr individuellen Erfolg. Entdecken Sie, was EK Fashion f\u00fcr Sie tun kann. Nehmen Sie Kontakt auf Leidenschaft f\u00fcr den Local Hero EK Fashion bietet pers\u00f6nliche Beratung und innovative Dienstleistungen, um Ihr Gesch\u00e4ft zukunftssicher zu machen. Mit ma\u00dfgeschneiderter Unterst\u00fctzung helfen wir Ihnen, intelligenter einzukaufen, Ressourcen zu schonen und in Ihrem lokalen Markt&hellip;<\/p>\n","protected":false},"author":2,"featured_media":0,"parent":0,"menu_order":0,"comment_status":"closed","ping_status":"closed","template":"elementor_header_footer","meta":{"footnotes":""},"class_list":["post-63639","page","type-page","status-publish","hentry"],"_links":{"self":[{"href":"https:\/\/www.ek-retail.com\/de\/wp-json\/wp\/v2\/pages\/63639","targetHints":{"allow":["GET"]}}],"collection":[{"href":"https:\/\/www.ek-retail.com\/de\/wp-json\/wp\/v2\/pages"}],"about":[{"href":"https:\/\/www.ek-retail.com\/de\/wp-json\/wp\/v2\/types\/page"}],"author":[{"embeddable":true,"href":"https:\/\/www.ek-retail.com\/de\/wp-json\/wp\/v2\/users\/2"}],"replies":[{"embeddable":true,"href":"https:\/\/www.ek-retail.com\/de\/wp-json\/wp\/v2\/comments?post=63639"}],"version-history":[{"count":0,"href":"https:\/\/www.ek-retail.com\/de\/wp-json\/wp\/v2\/pages\/63639\/revisions"}],"wp:attachment":[{"href":"https:\/\/www.ek-retail.com\/de\/wp-json\/wp\/v2\/media?parent=63639"}],"curies":[{"name":"wp","href":"https:\/\/api.w.org\/{rel}","templated":true}]}}