{"id":63805,"date":"2025-07-31T10:22:08","date_gmt":"2025-07-31T08:22:08","guid":{"rendered":"https:\/\/www-preview.ek-retail.com\/ek-france\/"},"modified":"2026-02-17T14:14:15","modified_gmt":"2026-02-17T13:14:15","slug":"ek-france","status":"publish","type":"page","link":"https:\/\/www.ek-retail.com\/de\/ek-france\/","title":{"rendered":"EK France"},"content":{"rendered":"\t\t<div data-elementor-type=\"wp-page\" data-elementor-id=\"63805\" class=\"elementor elementor-63805 elementor-49951\" data-elementor-post-type=\"page\">\n\t\t\t\t<div class=\"elementor-element elementor-element-1d4f7e8a hero-section e-flex e-con-boxed e-con e-parent\" data-id=\"1d4f7e8a\" data-element_type=\"container\" data-e-type=\"container\">\n\t\t\t\t\t<div class=\"e-con-inner\">\n\t\t<div class=\"elementor-element elementor-element-738da91e e-con-full e-flex e-con e-child\" data-id=\"738da91e\" data-element_type=\"container\" data-e-type=\"container\" data-settings=\"{&quot;background_background&quot;:&quot;classic&quot;}\">\n\t\t\t\t<div class=\"elementor-element elementor-element-55facb5 elementor-widget elementor-widget-image\" data-id=\"55facb5\" data-element_type=\"widget\" data-e-type=\"widget\" data-widget_type=\"image.default\">\n\t\t\t\t<div class=\"elementor-widget-container\">\n\t\t\t\t\t\t\t\t\t\t\t\t\t\t\t<img fetchpriority=\"high\" decoding=\"async\" width=\"1483\" height=\"652\" src=\"https:\/\/www.ek-retail.com\/wp-content\/uploads\/2025\/12\/EK-HOME-960x640-1-e1765458865891.jpg\" class=\"attachment-full size-full wp-image-63791\" alt=\"\" srcset=\"https:\/\/www.ek-retail.com\/wp-content\/uploads\/2025\/12\/EK-HOME-960x640-1-e1765458865891.jpg 1483w, https:\/\/www.ek-retail.com\/wp-content\/uploads\/2025\/12\/EK-HOME-960x640-1-e1765458865891-300x132.jpg 300w, https:\/\/www.ek-retail.com\/wp-content\/uploads\/2025\/12\/EK-HOME-960x640-1-e1765458865891-1024x450.jpg 1024w, https:\/\/www.ek-retail.com\/wp-content\/uploads\/2025\/12\/EK-HOME-960x640-1-e1765458865891-768x338.jpg 768w\" sizes=\"(max-width: 1483px) 100vw, 1483px\" \/>\t\t\t\t\t\t\t\t\t\t\t\t\t\t\t<\/div>\n\t\t\t\t<\/div>\n\t\t\t\t<\/div>\n\t\t<div class=\"elementor-element elementor-element-2c57bac8 e-con-full ind-ek-icon hero-text  e-flex e-con e-child\" data-id=\"2c57bac8\" data-element_type=\"container\" data-e-type=\"container\" data-settings=\"{&quot;background_background&quot;:&quot;classic&quot;}\">\n\t\t\t\t<div class=\"elementor-element elementor-element-4659e308 elementor-absolute hero-title elementor-widget elementor-widget-heading\" data-id=\"4659e308\" data-element_type=\"widget\" data-e-type=\"widget\" data-settings=\"{&quot;_position&quot;:&quot;absolute&quot;}\" data-widget_type=\"heading.default\">\n\t\t\t\t<div class=\"elementor-widget-container\">\n\t\t\t\t\t<h1 class=\"elementor-heading-title elementor-size-default\">EK FRANCE<\/h1>\t\t\t\t<\/div>\n\t\t\t\t<\/div>\n\t\t\t\t<div class=\"elementor-element elementor-element-723d41de elementor-widget elementor-widget-text-editor\" data-id=\"723d41de\" data-element_type=\"widget\" data-e-type=\"widget\" data-widget_type=\"text-editor.default\">\n\t\t\t\t<div class=\"elementor-widget-container\">\n\t\t\t\t\t\t\t\t\t<p dir=\"auto\">EK France vereint 160 unabh\u00e4ngige Einzelh\u00e4ndler, die sich auf Tischkultur, Heimdekoration und K\u00fcchenartikel spezialisiert haben, insbesondere durch die Marken Ambiance &amp; Styles und Culinarion. <\/p>\t\t\t\t\t\t\t\t<\/div>\n\t\t\t\t<\/div>\n\t\t\t\t<\/div>\n\t\t\t\t\t<\/div>\n\t\t\t\t<\/div>\n\t\t<div class=\"elementor-element elementor-element-14092ce passion-local-section e-flex e-con-boxed e-con e-parent\" data-id=\"14092ce\" data-element_type=\"container\" data-e-type=\"container\" id=\"anchor-whatwedoFR\">\n\t\t\t\t\t<div class=\"e-con-inner\">\n\t\t<div class=\"elementor-element elementor-element-30e1132 e-con-full passion-local-left-box e-flex e-con e-child\" data-id=\"30e1132\" data-element_type=\"container\" data-e-type=\"container\">\n\t\t\t\t<div class=\"elementor-element elementor-element-dea477f elementor-widget elementor-widget-heading\" data-id=\"dea477f\" data-element_type=\"widget\" data-e-type=\"widget\" data-widget_type=\"heading.default\">\n\t\t\t\t<div class=\"elementor-widget-container\">\n\t\t\t\t\t<h2 class=\"elementor-heading-title elementor-size-default\">Was wir tun<\/h2>\t\t\t\t<\/div>\n\t\t\t\t<\/div>\n\t\t\t\t<div class=\"elementor-element elementor-element-d22e127 elementor-widget__width-initial elementor-widget elementor-widget-text-editor\" data-id=\"d22e127\" data-element_type=\"widget\" data-e-type=\"widget\" data-widget_type=\"text-editor.default\">\n\t\t\t\t<div class=\"elementor-widget-container\">\n\t\t\t\t\t\t\t\t\t<p dir=\"auto\">EK France, eine Tochtergesellschaft der Genossenschaft EK Retail, unterst\u00fctzt seit 1991 unabh\u00e4ngige Einzelh\u00e4ndler in Frankreich. EK France hat ihren Sitz in Nanterre und arbeitet mit einem genossenschaftlichen und partnerschaftlichen Handelsmodell, das die St\u00e4rke einer gro\u00dfen Organisation mit der Flexibilit\u00e4t des lokalen Unternehmertums verbindet. Unsere Mission ist es, den Mitgliedsunternehmen eine umfassende Palette von Dienstleistungen anzubieten \u2013 darunter Marketing, Finanzen, Ladenkonzepte, IT-\/Digitall\u00f6sungen, Schulungen und Supply-Chain-Support \u2013 und gleichzeitig ihre Unabh\u00e4ngigkeit und lokale Identit\u00e4t zu wahren.  <\/p>\t\t\t\t\t\t\t\t<\/div>\n\t\t\t\t<\/div>\n\t\t\t\t<\/div>\n\t\t<div class=\"elementor-element elementor-element-93ed453 e-con-full passion-local-right-box e-flex e-con e-child\" data-id=\"93ed453\" data-element_type=\"container\" data-e-type=\"container\">\n\t\t\t\t<div class=\"elementor-element elementor-element-06db188 elementor-absolute bg-title elementor-widget elementor-widget-heading\" data-id=\"06db188\" data-element_type=\"widget\" data-e-type=\"widget\" data-settings=\"{&quot;_position&quot;:&quot;absolute&quot;}\" data-widget_type=\"heading.default\">\n\t\t\t\t<div class=\"elementor-widget-container\">\n\t\t\t\t\t<h2 class=\"elementor-heading-title elementor-size-default\">Vorteile<\/h2>\t\t\t\t<\/div>\n\t\t\t\t<\/div>\n\t\t<div class=\"elementor-element elementor-element-27a5b76 e-con-full text-box e-flex e-con e-child\" data-id=\"27a5b76\" data-element_type=\"container\" data-e-type=\"container\" data-settings=\"{&quot;background_background&quot;:&quot;classic&quot;}\">\n\t\t\t\t<div class=\"elementor-element elementor-element-ecd1919 elementor-widget__width-initial elementor-widget elementor-widget-image\" data-id=\"ecd1919\" data-element_type=\"widget\" data-e-type=\"widget\" data-widget_type=\"image.default\">\n\t\t\t\t<div class=\"elementor-widget-container\">\n\t\t\t\t\t\t\t\t\t\t\t\t\t\t\t<img decoding=\"async\" width=\"273\" height=\"385\" src=\"https:\/\/www.ek-retail.com\/wp-content\/uploads\/2025\/12\/statementgeber-Ek-France.jpg\" class=\"attachment-large size-large wp-image-63792\" alt=\"\" srcset=\"https:\/\/www.ek-retail.com\/wp-content\/uploads\/2025\/12\/statementgeber-Ek-France.jpg 273w, https:\/\/www.ek-retail.com\/wp-content\/uploads\/2025\/12\/statementgeber-Ek-France-213x300.jpg 213w\" sizes=\"(max-width: 273px) 100vw, 273px\" \/>\t\t\t\t\t\t\t\t\t\t\t\t\t\t\t<\/div>\n\t\t\t\t<\/div>\n\t\t\t\t<div class=\"elementor-element elementor-element-547e78d elementor-widget__width-initial elementor-widget elementor-widget-text-editor\" data-id=\"547e78d\" data-element_type=\"widget\" data-e-type=\"widget\" data-widget_type=\"text-editor.default\">\n\t\t\t\t<div class=\"elementor-widget-container\">\n\t\t\t\t\t\t\t\t\t<p><br><em>Bei EK France stehen Freundlichkeit und gemeinsame Erlebnisse an erster Stelle. Wir helfen Einzelh\u00e4ndlern, durch kompetente Unterst\u00fctzung, ma\u00dfgeschneiderte L\u00f6sungen und kontinuierliche Beratung inspirierende und leistungsstarke Gesch\u00e4fte zu schaffen &#8211; und bauen ein Netzwerk auf, in dem Service und Kompetenz Ihre st\u00e4rkste Signatur sind. <\/em><\/p><p><span style=\"color: var(--e-global-color-el_color_1_2);\"><br>FABRICE BONTEMPS<br><\/span>CULINARION NIMES<\/p>\t\t\t\t\t\t\t\t<\/div>\n\t\t\t\t<\/div>\n\t\t\t\t<\/div>\n\t\t\t\t<\/div>\n\t\t\t\t\t<\/div>\n\t\t\t\t<\/div>\n\t\t<div class=\"elementor-element elementor-element-299c8a3 why-you-should-section e-flex e-con-boxed e-con e-parent\" data-id=\"299c8a3\" data-element_type=\"container\" data-e-type=\"container\" id=\"anchor_EKFRANCE\" data-settings=\"{&quot;background_background&quot;:&quot;classic&quot;}\">\n\t\t\t\t\t<div class=\"e-con-inner\">\n\t\t\t\t<div class=\"elementor-element elementor-element-b8c8082 elementor-widget elementor-widget-heading\" data-id=\"b8c8082\" data-element_type=\"widget\" data-e-type=\"widget\" data-widget_type=\"heading.default\">\n\t\t\t\t<div class=\"elementor-widget-container\">\n\t\t\t\t\t<h2 class=\"elementor-heading-title elementor-size-default\">Warum Sie EK France beitreten sollten!<\/h2>\t\t\t\t<\/div>\n\t\t\t\t<\/div>\n\t\t\t\t<div class=\"elementor-element elementor-element-8d9e3af elementor-widget__width-initial elementor-widget elementor-widget-text-editor\" data-id=\"8d9e3af\" data-element_type=\"widget\" data-e-type=\"widget\" data-widget_type=\"text-editor.default\">\n\t\t\t\t<div class=\"elementor-widget-container\">\n\t\t\t\t\t\t\t\t\t<p>Gemeinsame Entwicklung durch Zusammenarbeit<br><\/p>\t\t\t\t\t\t\t\t<\/div>\n\t\t\t\t<\/div>\n\t\t<div class=\"elementor-element elementor-element-5c29900 e-grid e-con-full why-you-should-grid e-con e-child\" data-id=\"5c29900\" data-element_type=\"container\" data-e-type=\"container\" data-settings=\"{&quot;background_background&quot;:&quot;classic&quot;}\">\n\t\t\t\t<div class=\"elementor-element elementor-element-33702dc first elementor-cta--skin-cover elementor-widget elementor-widget-call-to-action\" data-id=\"33702dc\" data-element_type=\"widget\" data-e-type=\"widget\" data-widget_type=\"call-to-action.default\">\n\t\t\t\t<div class=\"elementor-widget-container\">\n\t\t\t\t\t\t\t<div class=\"elementor-cta\">\n\t\t\t\t\t<div class=\"elementor-cta__bg-wrapper\">\n\t\t\t\t<div class=\"elementor-cta__bg elementor-bg\" style=\"background-image: url(https:\/\/www.ek-retail.com\/wp-content\/uploads\/2025\/10\/Photo-of-the-team.jpg);\" role=\"img\" aria-label=\"Foto des Teams\"><\/div>\n\t\t\t\t<div class=\"elementor-cta__bg-overlay\"><\/div>\n\t\t\t<\/div>\n\t\t\t\t\t\t\t<div class=\"elementor-cta__content\">\n\t\t\t\t\n\t\t\t\t\t\t\t\t\t<h2 class=\"elementor-cta__title elementor-cta__content-item elementor-content-item\">\n\t\t\t\t\t\tF\u00fcr Einzelh\u00e4ndler\t\t\t\t\t<\/h2>\n\t\t\t\t\n\t\t\t\t\t\t\t\t\t<div class=\"elementor-cta__description elementor-cta__content-item elementor-content-item\">\n\t\t\t\t\t\tAls Einzelh\u00e4ndler bei EK profitieren Sie von verbesserten Einkaufsbedingungen, die Ihnen g\u00fcnstigere Preisverhandlungen erm\u00f6glichen. Die Zentralregulierung reduziert Ihren Verwaltungsaufwand, w\u00e4hrend Sie durch Marketingunterst\u00fctzung und Zugang zu relevanten Informationen stets auf dem Laufenden bleiben und effizient arbeiten k\u00f6nnen. \t\t\t\t\t<\/div>\n\t\t\t\t\n\t\t\t\t\t\t\t<\/div>\n\t\t\t\t\t\t<\/div>\n\t\t\t\t\t\t<\/div>\n\t\t\t\t<\/div>\n\t\t\t\t<div class=\"elementor-element elementor-element-a5af879 second elementor-cta--skin-cover elementor-widget elementor-widget-call-to-action\" data-id=\"a5af879\" data-element_type=\"widget\" data-e-type=\"widget\" data-widget_type=\"call-to-action.default\">\n\t\t\t\t<div class=\"elementor-widget-container\">\n\t\t\t\t\t\t\t<div class=\"elementor-cta\">\n\t\t\t\t\t<div class=\"elementor-cta__bg-wrapper\">\n\t\t\t\t<div class=\"elementor-cta__bg elementor-bg\" style=\"background-image: url(https:\/\/www.ek-retail.com\/wp-content\/uploads\/2025\/10\/vitrine-2-scaled.jpg);\" role=\"img\" aria-label=\"vitrine (2)\"><\/div>\n\t\t\t\t<div class=\"elementor-cta__bg-overlay\"><\/div>\n\t\t\t<\/div>\n\t\t\t\t\t\t\t<div class=\"elementor-cta__content\">\n\t\t\t\t\n\t\t\t\t\t\t\t\t\t<h2 class=\"elementor-cta__title elementor-cta__content-item elementor-content-item\">\n\t\t\t\t\t\tF\u00fcr Lieferanten\t\t\t\t\t<\/h2>\n\t\t\t\t\n\t\t\t\t\t\t\t\t\t<div class=\"elementor-cta__description elementor-cta__content-item elementor-content-item\">\n\t\t\t\t\t\tAls Lieferant im EK-Netzwerk profitierst du von einem h\u00f6heren Absatzvolumen durch den Zugang zu einem gr\u00f6\u00dferen H\u00e4ndlernetz. Langfristige Vertr\u00e4ge sorgen f\u00fcr Marktstabilit\u00e4t, w\u00e4hrend effiziente Distribution und zentrale Abrechnung die Betriebskosten senken. \t\t\t\t\t<\/div>\n\t\t\t\t\n\t\t\t\t\t\t\t<\/div>\n\t\t\t\t\t\t<\/div>\n\t\t\t\t\t\t<\/div>\n\t\t\t\t<\/div>\n\t\t\t\t<div class=\"elementor-element elementor-element-bfb2f65 third elementor-cta--skin-cover elementor-widget elementor-widget-call-to-action\" data-id=\"bfb2f65\" data-element_type=\"widget\" data-e-type=\"widget\" data-widget_type=\"call-to-action.default\">\n\t\t\t\t<div class=\"elementor-widget-container\">\n\t\t\t\t\t\t\t<div class=\"elementor-cta\">\n\t\t\t\t\t<div class=\"elementor-cta__bg-wrapper\">\n\t\t\t\t<div class=\"elementor-cta__bg elementor-bg\" style=\"background-image: url(https:\/\/www.ek-retail.com\/wp-content\/uploads\/2025\/10\/3-11-1.jpg);\" role=\"img\" aria-label=\"3-11-1\"><\/div>\n\t\t\t\t<div class=\"elementor-cta__bg-overlay\"><\/div>\n\t\t\t<\/div>\n\t\t\t\t\t\t\t<div class=\"elementor-cta__content\">\n\t\t\t\t\n\t\t\t\t\t\t\t\t\t<h2 class=\"elementor-cta__title elementor-cta__content-item elementor-content-item\">\n\t\t\t\t\t\tF\u00fcr Dienstleister\t\t\t\t\t<\/h2>\n\t\t\t\t\n\t\t\t\t\t\t\t\t\t<div class=\"elementor-cta__description elementor-cta__content-item elementor-content-item\">\n\t\t\t\t\t\tAls Dienstleister bedeutet eine Partnerschaft mit EK den Zugang zu einem breiten Netzwerk mittelst\u00e4ndischer, unabh\u00e4ngiger Einzelh\u00e4ndler. Unser Leistungsspektrum unterst\u00fctzt Einzelh\u00e4ndler in den Bereichen Beschaffung, Marketing, Logistik und mehr, sodass sie sich ganz auf Ihre Kunden konzentrieren k\u00f6nnen. \t\t\t\t\t<\/div>\n\t\t\t\t\n\t\t\t\t\t\t\t<\/div>\n\t\t\t\t\t\t<\/div>\n\t\t\t\t\t\t<\/div>\n\t\t\t\t<\/div>\n\t\t\t\t<\/div>\n\t\t\t\t\t<\/div>\n\t\t\t\t<\/div>\n\t\t<div class=\"elementor-element elementor-element-2531902 brands-caroussel-section e-flex e-con-boxed e-con e-parent\" data-id=\"2531902\" data-element_type=\"container\" data-e-type=\"container\" data-settings=\"{&quot;background_background&quot;:&quot;classic&quot;}\">\n\t\t\t\t\t<div class=\"e-con-inner\">\n\t\t\t\t<div class=\"elementor-element elementor-element-129db15 elementor-widget__width-inherit elementor-widget elementor-widget-text-editor\" data-id=\"129db15\" data-element_type=\"widget\" data-e-type=\"widget\" data-widget_type=\"text-editor.default\">\n\t\t\t\t<div class=\"elementor-widget-container\">\n\t\t\t\t\t\t\t\t\t<h2><strong>Unsere Shop-Konzepte<\/strong><\/h2><p>Erfahren Sie mehr \u00fcber unsere zwei erfolgreichen Shop-Konzepte in Frankreich.<\/p>\t\t\t\t\t\t\t\t<\/div>\n\t\t\t\t<\/div>\n\t\t\t\t<div class=\"elementor-element elementor-element-efcd47b elementor-arrows-position-outside elementor-widget__width-inherit elementor-widget elementor-widget-n-carousel\" data-id=\"efcd47b\" data-element_type=\"widget\" data-e-type=\"widget\" data-settings=\"{&quot;carousel_items&quot;:[{&quot;slide_title&quot;:&quot;Slide #1&quot;,&quot;_id&quot;:&quot;b681537&quot;},{&quot;slide_title&quot;:&quot;Slide #1&quot;,&quot;_id&quot;:&quot;376a96f&quot;},{&quot;slide_title&quot;:&quot;chef_en_co&quot;,&quot;_id&quot;:&quot;7164e38&quot;}],&quot;slides_to_show&quot;:&quot;3&quot;,&quot;slides_to_scroll&quot;:&quot;1&quot;,&quot;image_spacing_custom&quot;:{&quot;unit&quot;:&quot;px&quot;,&quot;size&quot;:19,&quot;sizes&quot;:[]},&quot;slides_to_show_tablet&quot;:&quot;2&quot;,&quot;slides_to_show_mobile&quot;:&quot;1&quot;,&quot;infinite&quot;:&quot;yes&quot;,&quot;speed&quot;:500,&quot;offset_sides&quot;:&quot;none&quot;,&quot;arrows&quot;:&quot;yes&quot;,&quot;image_spacing_custom_tablet&quot;:{&quot;unit&quot;:&quot;px&quot;,&quot;size&quot;:&quot;&quot;,&quot;sizes&quot;:[]},&quot;image_spacing_custom_mobile&quot;:{&quot;unit&quot;:&quot;px&quot;,&quot;size&quot;:&quot;&quot;,&quot;sizes&quot;:[]}}\" data-widget_type=\"nested-carousel.default\">\n\t\t\t\t<div class=\"elementor-widget-container\">\n\t\t\t\t\t\t\t<div class=\"e-n-carousel swiper\" role=\"region\" aria-roledescription=\"carousel\" aria-label=\"Karussell\" dir=\"ltr\">\n\t\t\t<div class=\"swiper-wrapper\" aria-live=\"polite\">\n\t\t\t\t\t\t\t\t\t\t<div class=\"swiper-slide\" data-slide=\"1\" role=\"group\" aria-roledescription=\"slide\" aria-label=\"1 von 3\">\n\t\t\t\t\t\t\t<div data-premium-element-link=\"{&quot;type&quot;:&quot;url&quot;,&quot;link&quot;:{&quot;url&quot;:&quot;https:\\\/\\\/www.culinarion.com\\\/&quot;,&quot;is_external&quot;:&quot;on&quot;,&quot;nofollow&quot;:&quot;&quot;,&quot;custom_attributes&quot;:&quot;&quot;},&quot;href&quot;:&quot;https:\\\/\\\/www.culinarion.com\\\/&quot;}\" style=\"cursor: pointer\" class=\"elementor-element elementor-element-d7cc765 logo-wrapper premium-wrapper-link-yes e-flex e-con-boxed e-con e-child\" data-id=\"d7cc765\" data-element_type=\"container\" data-e-type=\"container\" id=\"logo_01\">\n\t\t\t\t\t<div class=\"e-con-inner\">\n\t\t\t\t<div class=\"elementor-element elementor-element-3f2a940 elementor-widget elementor-widget-image\" data-id=\"3f2a940\" data-element_type=\"widget\" data-e-type=\"widget\" data-widget_type=\"image.default\">\n\t\t\t\t<div class=\"elementor-widget-container\">\n\t\t\t\t\t\t\t\t\t\t\t\t\t\t\t\t<a href=\"https:\/\/www.culinarion.com\/\" target=\"_blank\">\n\t\t\t\t\t\t\t<img decoding=\"async\" width=\"300\" height=\"200\" src=\"https:\/\/www.ek-retail.com\/wp-content\/uploads\/2025\/12\/culinarion_2_grey.png\" class=\"attachment-large size-large wp-image-63793\" alt=\"\" \/>\t\t\t\t\t\t\t\t<\/a>\n\t\t\t\t\t\t\t\t\t\t\t\t\t\t\t<\/div>\n\t\t\t\t<\/div>\n\t\t\t\t\t<\/div>\n\t\t\t\t<\/div>\n\t\t\t\t\t\t\t\t<\/div>\n\t\t\t\t\t\t\t\t\t\t\t<div class=\"swiper-slide\" data-slide=\"2\" role=\"group\" aria-roledescription=\"slide\" aria-label=\"2 von 3\">\n\t\t\t\t\t\t\t<div data-premium-element-link=\"{&quot;type&quot;:&quot;url&quot;,&quot;link&quot;:{&quot;url&quot;:&quot;https:\\\/\\\/ambianceetstyles.com\\\/&quot;,&quot;is_external&quot;:&quot;on&quot;,&quot;nofollow&quot;:&quot;&quot;,&quot;custom_attributes&quot;:&quot;&quot;},&quot;href&quot;:&quot;https:\\\/\\\/ambianceetstyles.com\\\/&quot;}\" style=\"cursor: pointer\" class=\"elementor-element elementor-element-b8974aa logo-wrapper premium-wrapper-link-yes e-flex e-con-boxed e-con e-child\" data-id=\"b8974aa\" data-element_type=\"container\" data-e-type=\"container\" id=\"logo_02\">\n\t\t\t\t\t<div class=\"e-con-inner\">\n\t\t\t\t<div class=\"elementor-element elementor-element-e58806c elementor-widget elementor-widget-image\" data-id=\"e58806c\" data-element_type=\"widget\" data-e-type=\"widget\" id=\"logo_01\" data-widget_type=\"image.default\">\n\t\t\t\t<div class=\"elementor-widget-container\">\n\t\t\t\t\t\t\t\t\t\t\t\t\t\t\t\t<a href=\"https:\/\/ambianceetstyles.com\/\" target=\"_blank\">\n\t\t\t\t\t\t\t<img loading=\"lazy\" decoding=\"async\" width=\"300\" height=\"200\" src=\"https:\/\/www.ek-retail.com\/wp-content\/uploads\/2025\/12\/amb_grey.png\" class=\"attachment-large size-large wp-image-63794\" alt=\"\" \/>\t\t\t\t\t\t\t\t<\/a>\n\t\t\t\t\t\t\t\t\t\t\t\t\t\t\t<\/div>\n\t\t\t\t<\/div>\n\t\t\t\t\t<\/div>\n\t\t\t\t<\/div>\n\t\t\t\t\t\t\t\t<\/div>\n\t\t\t\t\t\t\t\t\t\t\t<div class=\"swiper-slide\" data-slide=\"3\" role=\"group\" aria-roledescription=\"slide\" aria-label=\"3 von 3\">\n\t\t\t\t\t\t\t<div data-premium-element-link=\"{&quot;type&quot;:&quot;url&quot;,&quot;link&quot;:{&quot;url&quot;:&quot;https:\\\/\\\/www.culinarion.com\\\/marques\\\/200\\\/chefs-co&quot;,&quot;is_external&quot;:&quot;on&quot;,&quot;nofollow&quot;:&quot;&quot;,&quot;custom_attributes&quot;:&quot;&quot;},&quot;href&quot;:&quot;https:\\\/\\\/www.culinarion.com\\\/marques\\\/200\\\/chefs-co&quot;}\" style=\"cursor: pointer\" class=\"elementor-element elementor-element-ee6b628 logo-wrapper premium-wrapper-link-yes e-flex e-con-boxed e-con e-child\" data-id=\"ee6b628\" data-element_type=\"container\" data-e-type=\"container\" id=\"logo_03\">\n\t\t\t\t\t<div class=\"e-con-inner\">\n\t\t\t\t<div class=\"elementor-element elementor-element-ac685f3 elementor-widget elementor-widget-image\" data-id=\"ac685f3\" data-element_type=\"widget\" data-e-type=\"widget\" data-widget_type=\"image.default\">\n\t\t\t\t<div class=\"elementor-widget-container\">\n\t\t\t\t\t\t\t\t\t\t\t\t\t\t\t\t<a href=\"https:\/\/ambianceetstyles.com\/\" target=\"_blank\">\n\t\t\t\t\t\t\t<img loading=\"lazy\" decoding=\"async\" width=\"300\" height=\"200\" src=\"https:\/\/www.ek-retail.com\/wp-content\/uploads\/2025\/09\/chefs-co-002.png\" class=\"attachment-large size-large wp-image-63129\" alt=\"\" \/>\t\t\t\t\t\t\t\t<\/a>\n\t\t\t\t\t\t\t\t\t\t\t\t\t\t\t<\/div>\n\t\t\t\t<\/div>\n\t\t\t\t\t<\/div>\n\t\t\t\t<\/div>\n\t\t\t\t\t\t\t\t<\/div>\n\t\t\t\t\t\t\t\t<\/div>\n\t\t<\/div>\n\t\t\t\t\t<div class=\"elementor-swiper-button elementor-swiper-button-prev\" role=\"button\" tabindex=\"0\" aria-label=\"Voriger\">\n\t\t\t\t<i aria-hidden=\"true\" class=\"feather feather-chevron-left\"><\/i>\t\t\t<\/div>\n\t\t\t<div class=\"elementor-swiper-button elementor-swiper-button-next\" role=\"button\" tabindex=\"0\" aria-label=\"N\u00e4chster\">\n\t\t\t\t<i aria-hidden=\"true\" class=\"feather feather-chevron-right\"><\/i>\t\t\t<\/div>\n\t\t\t\t\t\t<\/div>\n\t\t\t\t<\/div>\n\t\t\t\t\t<\/div>\n\t\t\t\t<\/div>\n\t\t<div class=\"elementor-element elementor-element-c682e4b e-con-full out-branches-section e-flex e-con e-parent\" data-id=\"c682e4b\" data-element_type=\"container\" data-e-type=\"container\">\n\t\t\t\t<div class=\"elementor-element elementor-element-7d73711 elementor-widget elementor-widget-heading\" data-id=\"7d73711\" data-element_type=\"widget\" data-e-type=\"widget\" data-widget_type=\"heading.default\">\n\t\t\t\t<div class=\"elementor-widget-container\">\n\t\t\t\t\t<h2 class=\"elementor-heading-title elementor-size-default\">EK France<\/h2>\t\t\t\t<\/div>\n\t\t\t\t<\/div>\n\t\t<div class=\"elementor-element elementor-element-1024df5 e-con-full out-branches-inner e-flex e-con e-child\" data-id=\"1024df5\" data-element_type=\"container\" data-e-type=\"container\">\n\t\t\t\t<div class=\"elementor-element elementor-element-89226fc tabs-box e-n-tabs-mobile elementor-widget elementor-widget-n-tabs\" data-id=\"89226fc\" data-element_type=\"widget\" data-e-type=\"widget\" data-settings=\"{&quot;tabs_justify_horizontal&quot;:&quot;start&quot;,&quot;horizontal_scroll&quot;:&quot;disable&quot;}\" data-widget_type=\"nested-tabs.default\">\n\t\t\t\t<div class=\"elementor-widget-container\">\n\t\t\t\t\t\t\t<div class=\"e-n-tabs\" data-widget-number=\"143795964\" aria-label=\"Tabs. Open items with Enter or Space, close with Escape and navigate using the Arrow keys.\">\n\t\t\t<div class=\"e-n-tabs-heading\" role=\"tablist\">\n\t\t\t\t\t<button id=\"e-n-tab-title-1437959641\" data-tab-title-id=\"e-n-tab-title-1437959641\" class=\"e-n-tab-title\" aria-selected=\"true\" data-tab-index=\"1\" role=\"tab\" tabindex=\"0\" aria-controls=\"e-n-tab-content-1437959641\" style=\"--n-tabs-title-order: 1;\">\n\t\t\t\t\t\t<span class=\"e-n-tab-title-text\">\n\t\t\t\tCulinarion\t\t\t<\/span>\n\t\t<\/button>\n\t\t\t\t<button id=\"e-n-tab-title-1437959642\" data-tab-title-id=\"e-n-tab-title-1437959642\" class=\"e-n-tab-title\" aria-selected=\"false\" data-tab-index=\"2\" role=\"tab\" tabindex=\"-1\" aria-controls=\"e-n-tab-content-1437959642\" style=\"--n-tabs-title-order: 2;\">\n\t\t\t\t\t\t<span class=\"e-n-tab-title-text\">\n\t\t\t\tAmbiance &amp; Styles\t\t\t<\/span>\n\t\t<\/button>\n\t\t\t\t\t<\/div>\n\t\t\t<div class=\"e-n-tabs-content\">\n\t\t\t\t<div id=\"e-n-tab-content-1437959641\" role=\"tabpanel\" aria-labelledby=\"e-n-tab-title-1437959641\" data-tab-index=\"1\" style=\"--n-tabs-title-order: 1;\" class=\"e-active elementor-element elementor-element-a9315e6 e-con-full e-flex e-con e-child\" data-id=\"a9315e6\" data-element_type=\"container\" data-e-type=\"container\">\n\t\t\t\t<div class=\"elementor-element elementor-element-d64b3de elementor-widget__width-initial elementor-absolute icon-box content-align-left icon-box-vertical-align-top icon-vertical-align-start elementor-widget elementor-widget-the7_image_box_grid_widget\" data-id=\"d64b3de\" data-element_type=\"widget\" data-e-type=\"widget\" data-settings=\"{&quot;_position&quot;:&quot;absolute&quot;,&quot;_animation&quot;:&quot;none&quot;}\" data-widget_type=\"the7_image_box_grid_widget.default\">\n\t\t\t\t<div class=\"elementor-widget-container\">\n\t\t\t\t\t<div class=\"the7-box-grid-wrapper the7-elementor-widget loading-effect-none the7_image_box_grid_widget-d64b3de\">\t\t\t<div class=\"dt-css-grid\">\n\t\t\t\t\t\t\t\t\t<div class=\"wf-cell shown\">\n\t\t\t\t\t\t<a class=\"the7-image-box-wrapper the7-box-wrapper the7-elementor-widget box-hover\" >\t\t\t\t\t\t\t<div class=\"box-content-wrapper\">\n\n\t\t\t\t\t\t\t\t\t\t\t\t\t\t\t\t\t<div class=\"elementor-image-div \">\n\t\t\t\t\t\t\t\t\t\t<div class=\"post-thumbnail-rollover img-css-resize-wrapper\"><img loading=\"lazy\" decoding=\"async\" width=\"300\" height=\"200\" src=\"https:\/\/www.ek-retail.com\/wp-content\/uploads\/2025\/12\/culinarion_2_grey.png\" class=\"attachment-full size-full preload-me aspect\" alt=\"\" style=\"--ratio: 300 \/ 200;\" \/><\/div>\t\t\t\t\t\t\t\t\t<\/div>\n\t\t\t\t\t\t\t\t\t\t\t\t\t\t\t\t<div class=\"box-content\">\n\t\t\t\t\t\t\t\t\t\t\t\t\t\t\t\t\t<\/div>\n\t\t\t\t\t\t\t<\/div>\n\t\t\t\t\t\t<\/a>\t\t\t\t\t<\/div>\n\t\t\t\t\t\t\t\t<\/div>\n\t\t\t<\/div>\t\t\t\t<\/div>\n\t\t\t\t<\/div>\n\t\t\t\t<div class=\"elementor-element elementor-element-330e849 elementor--h-position-center elementor--v-position-middle elementor-pagination-position-inside elementor-widget elementor-widget-slides\" data-id=\"330e849\" data-element_type=\"widget\" data-e-type=\"widget\" data-settings=\"{&quot;navigation&quot;:&quot;dots&quot;,&quot;infinite&quot;:&quot;yes&quot;,&quot;transition&quot;:&quot;slide&quot;,&quot;transition_speed&quot;:500}\" data-widget_type=\"slides.default\">\n\t\t\t\t<div class=\"elementor-widget-container\">\n\t\t\t\t\t\t\t\t\t<div class=\"elementor-swiper\">\n\t\t\t\t\t<div class=\"elementor-slides-wrapper elementor-main-swiper swiper\" role=\"region\" aria-roledescription=\"carousel\" aria-label=\"Slider\" dir=\"ltr\" data-animation=\"fadeInUp\">\n\t\t\t\t<div class=\"swiper-wrapper elementor-slides\">\n\t\t\t\t\t\t\t\t\t\t<div class=\"elementor-repeater-item-d54002b swiper-slide\" role=\"group\" aria-roledescription=\"slide\"><div class=\"swiper-slide-bg\" role=\"img\" aria-label=\"Foto Culinarion Shop\"><\/div><a class=\"swiper-slide-inner\" href=\"https:\/\/www.culinarion.com\/\" target=\"_blank\"><div class=\"swiper-slide-contents\"><div class=\"elementor-slide-heading\">F\u00fcr leidenschaftliche Hobbyk\u00f6che<\/div><div class=\"elementor-slide-description\"><p>Culinarion ist ein Premium-K\u00fcchenkonzept f\u00fcr urbane, lebensmittelbegeisterte Kunden - sowohl M\u00e4nner als auch Frauen - die eine Leidenschaft f\u00fcr das Kochen haben. Die Gesch\u00e4fte bieten eine sorgf\u00e4ltig zusammengestellte Multi-Marken-Auswahl an hochwertigen, innovativen Werkzeugen in den wichtigsten kulinarischen Kategorien: Kochen, Zubereiten, Schneiden, Backen, Reinigen und Aufbewahren. Mit einer warmen \u201ekulinarischen Werkstatt\u201c-Atmosph\u00e4re verbindet Culinarion kompetente Beratung mit Produkten in Profiqualit\u00e4t.   <\/p>\n<p>Die Gesch\u00e4fte sind durchschnittlich 120 m\u00b2 gro\u00df und befinden sich in Stadtzentren, ohne Eintrittsgeb\u00fchren oder Lizenzgeb\u00fchren, und erzielen eine starke Leistung mit durchschnittlich 4.500 \u20ac\/m\u00b2 Umsatz. <\/p>\n<\/div><div  class=\"elementor-button elementor-slide-button elementor-size-sm\">Zur B2C-Website<\/div><\/div><\/a><\/div>\t\t\t\t<\/div>\n\t\t\t\t\t\t\t<\/div>\n\t\t\t\t<\/div>\n\t\t\t\t\t\t\t\t<\/div>\n\t\t\t\t<\/div>\n\t\t\t\t<\/div>\n\t\t<div id=\"e-n-tab-content-1437959642\" role=\"tabpanel\" aria-labelledby=\"e-n-tab-title-1437959642\" data-tab-index=\"2\" style=\"--n-tabs-title-order: 2;\" class=\" elementor-element elementor-element-73bd292 e-con-full e-flex e-con e-child\" data-id=\"73bd292\" data-element_type=\"container\" data-e-type=\"container\">\n\t\t\t\t<div class=\"elementor-element elementor-element-19ceaeb elementor-widget__width-initial elementor-absolute icon-box content-align-left icon-box-vertical-align-top icon-vertical-align-start elementor-widget elementor-widget-the7_image_box_grid_widget\" data-id=\"19ceaeb\" data-element_type=\"widget\" data-e-type=\"widget\" data-settings=\"{&quot;_position&quot;:&quot;absolute&quot;,&quot;_animation&quot;:&quot;none&quot;}\" data-widget_type=\"the7_image_box_grid_widget.default\">\n\t\t\t\t<div class=\"elementor-widget-container\">\n\t\t\t\t\t<div class=\"the7-box-grid-wrapper the7-elementor-widget loading-effect-none the7_image_box_grid_widget-19ceaeb\">\t\t\t<div class=\"dt-css-grid\">\n\t\t\t\t\t\t\t\t\t<div class=\"wf-cell shown\">\n\t\t\t\t\t\t<a class=\"the7-image-box-wrapper the7-box-wrapper the7-elementor-widget box-hover\" >\t\t\t\t\t\t\t<div class=\"box-content-wrapper\">\n\n\t\t\t\t\t\t\t\t\t\t\t\t\t\t\t\t\t<div class=\"elementor-image-div \">\n\t\t\t\t\t\t\t\t\t\t<div class=\"post-thumbnail-rollover img-css-resize-wrapper\"><img loading=\"lazy\" decoding=\"async\" width=\"300\" height=\"200\" src=\"https:\/\/www.ek-retail.com\/wp-content\/uploads\/2025\/12\/amb_grey.png\" class=\"attachment-full size-full preload-me aspect\" alt=\"\" style=\"--ratio: 300 \/ 200;\" \/><\/div>\t\t\t\t\t\t\t\t\t<\/div>\n\t\t\t\t\t\t\t\t\t\t\t\t\t\t\t\t<div class=\"box-content\">\n\t\t\t\t\t\t\t\t\t\t\t\t\t\t\t\t\t<\/div>\n\t\t\t\t\t\t\t<\/div>\n\t\t\t\t\t\t<\/a>\t\t\t\t\t<\/div>\n\t\t\t\t\t\t\t\t<\/div>\n\t\t\t<\/div>\t\t\t\t<\/div>\n\t\t\t\t<\/div>\n\t\t\t\t<div class=\"elementor-element elementor-element-1f814ee elementor--h-position-center elementor--v-position-middle elementor-pagination-position-inside elementor-widget elementor-widget-slides\" data-id=\"1f814ee\" data-element_type=\"widget\" data-e-type=\"widget\" data-settings=\"{&quot;navigation&quot;:&quot;dots&quot;,&quot;infinite&quot;:&quot;yes&quot;,&quot;transition&quot;:&quot;slide&quot;,&quot;transition_speed&quot;:500}\" data-widget_type=\"slides.default\">\n\t\t\t\t<div class=\"elementor-widget-container\">\n\t\t\t\t\t\t\t\t\t<div class=\"elementor-swiper\">\n\t\t\t\t\t<div class=\"elementor-slides-wrapper elementor-main-swiper swiper\" role=\"region\" aria-roledescription=\"carousel\" aria-label=\"Slider\" dir=\"ltr\" data-animation=\"fadeInUp\">\n\t\t\t\t<div class=\"swiper-wrapper elementor-slides\">\n\t\t\t\t\t\t\t\t\t\t<div class=\"elementor-repeater-item-d54002b swiper-slide\" role=\"group\" aria-roledescription=\"slide\"><div class=\"swiper-slide-bg\" role=\"img\" aria-label=\"Foto A&amp;S Shop\"><\/div><a class=\"swiper-slide-inner\" href=\"https:\/\/ambianceetstyles.com\/\" target=\"_blank\"><div class=\"swiper-slide-contents\"><div class=\"elementor-slide-heading\">Elegantes Wohnen leicht gemacht<\/div><div class=\"elementor-slide-description\"><p>Ambiance &amp; Styles bietet ein raffiniertes Einkaufserlebnis mit Fokus auf Tischkultur, K\u00fcchenartikel und Wohnaccessoires. Die Marke ist im mittleren bis gehobenen Marktsegment positioniert und arbeitet mit Top-Namen zusammen, um stilvolle Multi-Marken-Kollektionen anzubieten.<br \/>\nMit einem starken Fokus auf Genuss, Teilen und Geselligkeit ziehen die Gesch\u00e4fte ein \u00fcberwiegend weibliches Publikum durch ansprechende Veranstaltungen und interaktive Workshops an. Die Gesch\u00e4ftsformate reichen von 250\u2013400 m\u00b2, ohne Eintrittsgeb\u00fchren oder Lizenzgeb\u00fchren, und mit einer starken Umsatzleistung.  <\/p>\n<\/div><div  class=\"elementor-button elementor-slide-button elementor-size-sm\">Zur B2C-Website<\/div><\/div><\/a><\/div>\t\t\t\t<\/div>\n\t\t\t\t\t\t\t<\/div>\n\t\t\t\t<\/div>\n\t\t\t\t\t\t\t\t<\/div>\n\t\t\t\t<\/div>\n\t\t\t\t<\/div>\n\t\t\t\t\t<\/div>\n\t\t<\/div>\n\t\t\t\t\t\t<\/div>\n\t\t\t\t<\/div>\n\t\t\t\t<\/div>\n\t\t\t\t<\/div>\n\t\t<div class=\"elementor-element elementor-element-b856945 news-slider-section elementor-hidden-mobile elementor-hidden-desktop elementor-hidden-tablet e-flex e-con-boxed e-con e-child\" data-id=\"b856945\" data-element_type=\"container\" data-e-type=\"container\">\n\t\t\t\t\t<div class=\"e-con-inner\">\n\t\t\t\t<div class=\"elementor-element elementor-element-ca92ade elementor-widget__width-initial elementor-widget elementor-widget-heading\" data-id=\"ca92ade\" data-element_type=\"widget\" data-e-type=\"widget\" data-widget_type=\"heading.default\">\n\t\t\t\t<div class=\"elementor-widget-container\">\n\t\t\t\t\t<h2 class=\"elementor-heading-title elementor-size-default\">Neuigkeiten von EK France<\/h2>\t\t\t\t<\/div>\n\t\t\t\t<\/div>\n\t\t\t\t<div class=\"elementor-element elementor-element-0ad3d6f elementor-widget__width-initial elementor-widget elementor-widget-text-editor\" data-id=\"0ad3d6f\" data-element_type=\"widget\" data-e-type=\"widget\" data-widget_type=\"text-editor.default\">\n\t\t\t\t<div class=\"elementor-widget-container\">\n\t\t\t\t\t\t\t\t\t<p>Hier finden Sie die neuesten Nachrichten von unseren Mitgliedern in Frankreich.<\/p>\t\t\t\t\t\t\t\t<\/div>\n\t\t\t\t<\/div>\n\t\t\t\t<div class=\"elementor-element elementor-element-6bb4875 news-grid preserve-img-ratio-cover elementor-widget elementor-widget-the7_elements\" data-id=\"6bb4875\" data-element_type=\"widget\" data-e-type=\"widget\" data-widget_type=\"the7_elements.default\">\n\t\t\t\t<div class=\"elementor-widget-container\">\n\t\t\t\t\t<div class=\"portfolio-shortcode the7-elementor-widget the7_elements-6bb4875 mode-grid dt-css-grid-wrap classic-layout-list description-under-image quick-scale-img content-bg-on enable-bg-rollover resize-by-browser-width loading-effect-move-up jquery-filter\" data-padding=\"20px\" data-mobile-columns-num=\"1\" data-tablet-columns-num=\"2\" data-desktop-columns-num=\"4\" data-wide-desktop-columns-num=\"4\" data-post-limit=\"-1\" data-pagination-mode=\"none\" data-scroll-offset=\"\" aria-live=\"assertive\"><div class=\"dt-css-grid custom-pagination-handler\"><div class=\"visible wf-cell\" data-post-id=\"67816\" data-date=\"2026-02-19T13:51:41+01:00\" data-name=\"Einzigartige Zusammenarbeit zwischen EK Living und Auping f\u00fchrt zur Einf\u00fchrung einer neuen Matratzenmarke: Topdream\"><article class=\"post visible no-img post-67816 type-post status-publish format-standard hentry category-ek-living category-presse category-312 category-334 description-off\" data-name=\"Einzigartige Zusammenarbeit zwischen EK Living und Auping f\u00fchrt zur Einf\u00fchrung einer neuen Matratzenmarke: Topdream\" data-date=\"2026-02-19T13:51:41+01:00\">\n\n<div class=\"post-entry-content\">\n\n\t<h3 class=\"ele-entry-title\"><a href=\"https:\/\/www.ek-retail.com\/de\/2026\/02\/19\/einzigartige-zusammenarbeit-zwischen-ek-living-und-auping-fuehrt-zur-einfuehrung-einer-neuen-matratzenmarke-topdream\/\" rel=\"bookmark\" title=\"Einzigartige Zusammenarbeit zwischen EK Living und Auping f\u00fchrt zur Einf\u00fchrung einer neuen Matratzenmarke: Topdream\">Einzigartige Zusammenarbeit zwischen EK Living und Auping f\u00fchrt zur Einf\u00fchrung einer neuen Matratzenmarke: Topdream<\/a><\/h3><div class=\"entry-meta\"><span class=\"meta-item category-link\"><a href=\"https:\/\/www.ek-retail.com\/de\/category\/ek-living\/\" rel=\"tag\">EK Living<\/a>, <a href=\"https:\/\/www.ek-retail.com\/de\/category\/presse\/\" rel=\"tag\">Presse<\/a><\/span><a href=\"https:\/\/www.ek-retail.com\/de\/2026\/02\/19\/\" title=\"13:51\" class=\"meta-item data-link\" rel=\"bookmark\"><time class=\"entry-date updated\" datetime=\"2026-02-19T13:51:41+01:00\">19. Februar 2026<\/time><\/a><\/div><div class=\"entry-excerpt\"><p>16. Februar \u2013 EK Living und Koninklijke Auping freuen sich, eine einzigartige Zusammenarbeit in der Schlafbranche bekannt zu geben. Gemeinsam bringen sie Topdream auf den&hellip;<\/p>\n<\/div><a href=\"https:\/\/www.ek-retail.com\/de\/2026\/02\/19\/einzigartige-zusammenarbeit-zwischen-ek-living-und-auping-fuehrt-zur-einfuehrung-einer-neuen-matratzenmarke-topdream\/\" target=\"\" aria-label=\"Lesen Sie mehr \u00fcber Einzigartige Zusammenarbeit zwischen EK Living und Auping f\u00fchrt zur Einf\u00fchrung einer neuen Matratzenmarke: Topdream\" class=\"box-button elementor-button elementor-size-md\">Mehr erfahren<\/a>\n<\/div><\/article><\/div><div class=\"visible wf-cell\" data-post-id=\"66076\" data-date=\"2026-02-19T13:33:21+01:00\" data-name=\"De Binnenhuisadviseurs und EK Living b\u00fcndeln ihre Kr\u00e4fte\"><article class=\"post visible no-img post-66076 type-post status-publish format-standard hentry category-ek-living category-presse category-312 category-334 description-off\" data-name=\"De Binnenhuisadviseurs und EK Living b\u00fcndeln ihre Kr\u00e4fte\" data-date=\"2026-02-19T13:33:21+01:00\">\n\n<div class=\"post-entry-content\">\n\n\t<h3 class=\"ele-entry-title\"><a href=\"https:\/\/www.ek-retail.com\/de\/2026\/02\/19\/de-binnenhuisadviseurs-und-ek-living-buendeln-ihre-kraefte\/\" rel=\"bookmark\" title=\"De Binnenhuisadviseurs und EK Living b\u00fcndeln ihre Kr\u00e4fte\">De Binnenhuisadviseurs und EK Living b\u00fcndeln ihre Kr\u00e4fte<\/a><\/h3><div class=\"entry-meta\"><span class=\"meta-item category-link\"><a href=\"https:\/\/www.ek-retail.com\/de\/category\/ek-living\/\" rel=\"tag\">EK Living<\/a>, <a href=\"https:\/\/www.ek-retail.com\/de\/category\/presse\/\" rel=\"tag\">Presse<\/a><\/span><a href=\"https:\/\/www.ek-retail.com\/de\/2026\/02\/19\/\" title=\"13:33\" class=\"meta-item data-link\" rel=\"bookmark\"><time class=\"entry-date updated\" datetime=\"2026-02-19T13:33:21+01:00\">19. Februar 2026<\/time><\/a><\/div><div class=\"entry-excerpt\"><p>De Binnenhuisadviseurs und EK Living sind eine strategische Partnerschaft eingegangen. Die Partnerschaft wird die Position beider Parteien im Bereich Heimtextilien und Wohneinrichtungen st\u00e4rken, wobei das&hellip;<\/p>\n<\/div><a href=\"https:\/\/www.ek-retail.com\/de\/2026\/02\/19\/de-binnenhuisadviseurs-und-ek-living-buendeln-ihre-kraefte\/\" target=\"\" aria-label=\"Lesen Sie mehr \u00fcber De Binnenhuisadviseurs und EK Living b\u00fcndeln ihre Kr\u00e4fte\" class=\"box-button elementor-button elementor-size-md\">Mehr erfahren<\/a>\n<\/div><\/article><\/div><div class=\"visible wf-cell\" data-post-id=\"67823\" data-date=\"2025-12-12T15:05:00+01:00\" data-name=\"Aufsichtsrat von EK Retail konstituiert sich neu\"><article class=\"post visible no-img post-67823 type-post status-publish format-standard hentry category-nicht-kategorisiert\" data-name=\"Aufsichtsrat von EK Retail konstituiert sich neu\" data-date=\"2025-12-12T15:05:00+01:00\">\n\n<div class=\"post-entry-content\">\n\n\t<h3 class=\"ele-entry-title\"><a href=\"https:\/\/www.ek-retail.com\/de\/2025\/12\/12\/aufsichtsrat-von-ek-retail-konstituiert-sich-neu\/\" rel=\"bookmark\" title=\"Aufsichtsrat von EK Retail konstituiert sich neu\">Aufsichtsrat von EK Retail konstituiert sich neu<\/a><\/h3><div class=\"entry-meta\"><span class=\"meta-item category-link\"><a href=\"https:\/\/www.ek-retail.com\/de\/category\/nicht-kategorisiert\/\" rel=\"tag\">Nicht kategorisiert<\/a><\/span><a href=\"https:\/\/www.ek-retail.com\/de\/2025\/12\/12\/\" title=\"15:05\" class=\"meta-item data-link\" rel=\"bookmark\"><time class=\"entry-date updated\" datetime=\"2025-12-12T15:05:00+01:00\">12. Dezember 2025<\/time><\/a><\/div><div class=\"entry-excerpt\"><p>Bielefeld, 18. September 2025 Vertreterversammlung w\u00e4hlt Johan G.M. Vlassak in den Aufsichtsrat \/ Dr. Marc Zgaga zum neuen stellvertretenden Aufsichtsratsvorsitzenden ernannt Am 16. September 2025&hellip;<\/p>\n<\/div><a href=\"https:\/\/www.ek-retail.com\/de\/2025\/12\/12\/aufsichtsrat-von-ek-retail-konstituiert-sich-neu\/\" target=\"\" aria-label=\"Lesen Sie mehr \u00fcber Aufsichtsrat von EK Retail konstituiert sich neu\" class=\"box-button elementor-button elementor-size-md\">Mehr erfahren<\/a>\n<\/div><\/article><\/div><\/div><!-- iso-container|iso-grid --><\/div>\t\t\t\t<\/div>\n\t\t\t\t<\/div>\n\t\t\t\t\t<\/div>\n\t\t\t\t<\/div>\n\t\t<div class=\"elementor-element elementor-element-3f724fe whats-going-section-mobile elementor-hidden-desktop elementor-hidden-tablet elementor-hidden-mobile e-flex e-con-boxed e-con e-parent\" data-id=\"3f724fe\" data-element_type=\"container\" data-e-type=\"container\">\n\t\t\t\t\t<div class=\"e-con-inner\">\n\t\t\t\t<div class=\"elementor-element elementor-element-3b61d2f elementor-widget__width-initial elementor-widget elementor-widget-heading\" data-id=\"3b61d2f\" data-element_type=\"widget\" data-e-type=\"widget\" data-widget_type=\"heading.default\">\n\t\t\t\t<div class=\"elementor-widget-container\">\n\t\t\t\t\t<h2 class=\"elementor-heading-title elementor-size-default\">Neuigkeiten von EK France<\/h2>\t\t\t\t<\/div>\n\t\t\t\t<\/div>\n\t\t\t\t<div class=\"elementor-element elementor-element-207c70f elementor-widget__width-initial elementor-widget elementor-widget-text-editor\" data-id=\"207c70f\" data-element_type=\"widget\" data-e-type=\"widget\" data-widget_type=\"text-editor.default\">\n\t\t\t\t<div class=\"elementor-widget-container\">\n\t\t\t\t\t\t\t\t\t<p>Hier finden Sie die neuesten Nachrichten von unseren Mitgliedern in Frankreich.<\/p>\t\t\t\t\t\t\t\t<\/div>\n\t\t\t\t<\/div>\n\t\t\t\t<div class=\"elementor-element elementor-element-b5898f5 bullets-fill-in arrows-relative-to-box_area elementor-widget elementor-widget-the7_elements_carousel\" data-id=\"b5898f5\" data-element_type=\"widget\" data-e-type=\"widget\" data-settings=\"{&quot;widget_columns_wide_desktop_breakpoint&quot;:768,&quot;widget_columns&quot;:3,&quot;widget_columns_tablet&quot;:2,&quot;widget_columns_mobile&quot;:1,&quot;gap_between_posts&quot;:{&quot;unit&quot;:&quot;px&quot;,&quot;size&quot;:15,&quot;sizes&quot;:[]},&quot;gap_between_posts_tablet&quot;:{&quot;unit&quot;:&quot;px&quot;,&quot;size&quot;:&quot;&quot;,&quot;sizes&quot;:[]},&quot;gap_between_posts_mobile&quot;:{&quot;unit&quot;:&quot;px&quot;,&quot;size&quot;:&quot;&quot;,&quot;sizes&quot;:[]}}\" data-widget_type=\"the7_elements_carousel.default\">\n\t\t\t\t<div class=\"elementor-widget-container\">\n\t\t\t\t\t<div class=\"disable-arrows-hover-bg the7_elements_carousel-b5898f5 owl-carousel portfolio-carousel-shortcode elementor-owl-carousel-call portfolio-shortcode the7-elementor-widget content-bg-on classic-layout-list description-under-image quick-scale-img enable-bg-rollover\" data-scroll-mode=\"1\" data-auto-height=\"false\" data-speed=\"600\" data-autoplay=\"false\" data-autoplay_speed=\"\"><article class=\"post visible no-img post-67816 type-post status-publish format-standard hentry category-ek-living category-presse\">\n\n<div class=\"post-entry-content\">\n\n\t<h3 class=\"ele-entry-title\"><a href=\"https:\/\/www.ek-retail.com\/de\/2026\/02\/19\/einzigartige-zusammenarbeit-zwischen-ek-living-und-auping-fuehrt-zur-einfuehrung-einer-neuen-matratzenmarke-topdream\/\" rel=\"bookmark\" title=\"Einzigartige Zusammenarbeit zwischen EK Living und Auping f\u00fchrt zur Einf\u00fchrung einer neuen Matratzenmarke: Topdream\">Einzigartige Zusammenarbeit zwischen EK Living und Auping f\u00fchrt zur Einf\u00fchrung einer neuen Matratzenmarke: Topdream<\/a><\/h3><div class=\"entry-meta\"><span class=\"meta-item category-link\"><a href=\"https:\/\/www.ek-retail.com\/de\/category\/ek-living\/\" rel=\"tag\">EK Living<\/a>, <a href=\"https:\/\/www.ek-retail.com\/de\/category\/presse\/\" rel=\"tag\">Presse<\/a><\/span><a class=\"meta-item author vcard\" href=\"https:\/\/www.ek-retail.com\/de\/author\/melina\/\" title=\"Zeige alle Beitr\u00e4ge von Melina\" rel=\"author external\">Von <span class=\"fn\">Melina<\/span><\/a><a href=\"https:\/\/www.ek-retail.com\/de\/2026\/02\/19\/\" title=\"13:51\" class=\"meta-item data-link\" rel=\"bookmark\"><time class=\"entry-date updated\" datetime=\"2026-02-19T13:51:41+01:00\">19. Februar 2026<\/time><\/a><\/div><div class=\"entry-excerpt\"><p>16. Februar \u2013 EK Living und Koninklijke Auping freuen sich, eine einzigartige Zusammenarbeit in der Schlafbranche bekannt zu geben. Gemeinsam bringen sie Topdream auf den Markt \u2013 eine exklusive, zirkul\u00e4re Matratzenkollektion, die speziell f\u00fcr die Mitglieder von EK Living entwickelt wurde. Die neue Kollektion besteht aus drei hochwertigen Matratzen, die jeweils in zwei H\u00e4rtegraden erh\u00e4ltlich&hellip;<\/p>\n<\/div><a href=\"https:\/\/www.ek-retail.com\/de\/2026\/02\/19\/einzigartige-zusammenarbeit-zwischen-ek-living-und-auping-fuehrt-zur-einfuehrung-einer-neuen-matratzenmarke-topdream\/\" target=\"\" aria-label=\"Lesen Sie mehr \u00fcber Einzigartige Zusammenarbeit zwischen EK Living und Auping f\u00fchrt zur Einf\u00fchrung einer neuen Matratzenmarke: Topdream\" class=\"box-button elementor-button elementor-size-xs\">Mehr erfahren<\/a>\n<\/div><\/article><article class=\"post visible no-img post-66076 type-post status-publish format-standard hentry category-ek-living category-presse\">\n\n<div class=\"post-entry-content\">\n\n\t<h3 class=\"ele-entry-title\"><a href=\"https:\/\/www.ek-retail.com\/de\/2026\/02\/19\/de-binnenhuisadviseurs-und-ek-living-buendeln-ihre-kraefte\/\" rel=\"bookmark\" title=\"De Binnenhuisadviseurs und EK Living b\u00fcndeln ihre Kr\u00e4fte\">De Binnenhuisadviseurs und EK Living b\u00fcndeln ihre Kr\u00e4fte<\/a><\/h3><div class=\"entry-meta\"><span class=\"meta-item category-link\"><a href=\"https:\/\/www.ek-retail.com\/de\/category\/ek-living\/\" rel=\"tag\">EK Living<\/a>, <a href=\"https:\/\/www.ek-retail.com\/de\/category\/presse\/\" rel=\"tag\">Presse<\/a><\/span><a class=\"meta-item author vcard\" href=\"https:\/\/www.ek-retail.com\/de\/author\/melina\/\" title=\"Zeige alle Beitr\u00e4ge von Melina\" rel=\"author external\">Von <span class=\"fn\">Melina<\/span><\/a><a href=\"https:\/\/www.ek-retail.com\/de\/2026\/02\/19\/\" title=\"13:33\" class=\"meta-item data-link\" rel=\"bookmark\"><time class=\"entry-date updated\" datetime=\"2026-02-19T13:33:21+01:00\">19. Februar 2026<\/time><\/a><\/div><div class=\"entry-excerpt\"><p>De Binnenhuisadviseurs und EK Living sind eine strategische Partnerschaft eingegangen. Die Partnerschaft wird die Position beider Parteien im Bereich Heimtextilien und Wohneinrichtungen st\u00e4rken, wobei das Unternehmertum unabh\u00e4ngiger Einrichtungsfachgesch\u00e4fte explizit im Mittelpunkt bleibt. De Binnenhuisadviseurs ist ein nationales Kollektiv von 29 spezialisierten Einrichtungsfachgesch\u00e4ften, das sich auf gr\u00f6\u00dfere, ambitionierte Unternehmer im Bereich Wohneinrichtungen konzentriert. Im Jahr 2025&hellip;<\/p>\n<\/div><a href=\"https:\/\/www.ek-retail.com\/de\/2026\/02\/19\/de-binnenhuisadviseurs-und-ek-living-buendeln-ihre-kraefte\/\" target=\"\" aria-label=\"Lesen Sie mehr \u00fcber De Binnenhuisadviseurs und EK Living b\u00fcndeln ihre Kr\u00e4fte\" class=\"box-button elementor-button elementor-size-xs\">Mehr erfahren<\/a>\n<\/div><\/article><article class=\"post visible no-img post-67823 type-post status-publish format-standard hentry category-nicht-kategorisiert\">\n\n<div class=\"post-entry-content\">\n\n\t<h3 class=\"ele-entry-title\"><a href=\"https:\/\/www.ek-retail.com\/de\/2025\/12\/12\/aufsichtsrat-von-ek-retail-konstituiert-sich-neu\/\" rel=\"bookmark\" title=\"Aufsichtsrat von EK Retail konstituiert sich neu\">Aufsichtsrat von EK Retail konstituiert sich neu<\/a><\/h3><div class=\"entry-meta\"><span class=\"meta-item category-link\"><a href=\"https:\/\/www.ek-retail.com\/de\/category\/nicht-kategorisiert\/\" rel=\"tag\">Nicht kategorisiert<\/a><\/span><a class=\"meta-item author vcard\" href=\"https:\/\/www.ek-retail.com\/de\/author\/melina\/\" title=\"Zeige alle Beitr\u00e4ge von Melina\" rel=\"author external\">Von <span class=\"fn\">Melina<\/span><\/a><a href=\"https:\/\/www.ek-retail.com\/de\/2025\/12\/12\/\" title=\"15:05\" class=\"meta-item data-link\" rel=\"bookmark\"><time class=\"entry-date updated\" datetime=\"2025-12-12T15:05:00+01:00\">12. Dezember 2025<\/time><\/a><\/div><div class=\"entry-excerpt\"><p>Bielefeld, 18. September 2025 Vertreterversammlung w\u00e4hlt Johan G.M. Vlassak in den Aufsichtsrat \/ Dr. Marc Zgaga zum neuen stellvertretenden Aufsichtsratsvorsitzenden ernannt Am 16. September 2025 kamen die Mitgliedervertreter von EK Retail nach der j\u00e4hrlichen Generalversammlung im April in Amersfoort (Niederlande) erneut zusammen \u2013 dieses Mal am deutschen Hauptsitz des Unternehmens in Bielefeld. Neben weiteren Tagesordnungspunkten&hellip;<\/p>\n<\/div><a href=\"https:\/\/www.ek-retail.com\/de\/2025\/12\/12\/aufsichtsrat-von-ek-retail-konstituiert-sich-neu\/\" target=\"\" aria-label=\"Lesen Sie mehr \u00fcber Aufsichtsrat von EK Retail konstituiert sich neu\" class=\"box-button elementor-button elementor-size-xs\">Mehr erfahren<\/a>\n<\/div><\/article><\/div><div class=\"owl-nav disabled\"><div class=\"owl-prev\" role=\"button\" tabindex=\"0\" aria-label=\"Prev slide\"><i class=\"feather feather-chevron-left\"><\/i><\/div><div class=\"owl-next\" role=\"button\" tabindex=\"0\" aria-label=\"Next slide\"><i class=\"feather feather-chevron-right\"><\/i><\/div><\/div>\t\t\t\t<\/div>\n\t\t\t\t<\/div>\n\t\t\t\t\t<\/div>\n\t\t\t\t<\/div>\n\t\t<div class=\"elementor-element elementor-element-645b17b1 elementor-hidden-desktop elementor-hidden-tablet elementor-hidden-mobile e-flex e-con-boxed e-con e-parent\" data-id=\"645b17b1\" data-element_type=\"container\" data-e-type=\"container\">\n\t\t\t\t\t<div class=\"e-con-inner\">\n\t\t\t\t<div class=\"elementor-element elementor-element-65cd12c3 elementor-widget__width-initial elementor-widget elementor-widget-text-editor\" data-id=\"65cd12c3\" data-element_type=\"widget\" data-e-type=\"widget\" data-widget_type=\"text-editor.default\">\n\t\t\t\t<div class=\"elementor-widget-container\">\n\t\t\t\t\t\t\t\t\t<h2><strong>Unsere Gesch\u00e4fte <\/strong><\/h2><p>Lernen Sie einige unserer franz\u00f6sischen Einzelh\u00e4ndler kennen. <\/p>\t\t\t\t\t\t\t\t<\/div>\n\t\t\t\t<\/div>\n\t\t\t\t<div class=\"elementor-element elementor-element-3db004f1 elementor--h-position-left elementor-pagination-position-outside elementor--v-position-middle elementor-widget elementor-widget-slides\" data-id=\"3db004f1\" data-element_type=\"widget\" data-e-type=\"widget\" data-settings=\"{&quot;navigation&quot;:&quot;dots&quot;,&quot;transition&quot;:&quot;fade&quot;,&quot;transition_speed&quot;:1200,&quot;infinite&quot;:&quot;yes&quot;}\" data-widget_type=\"slides.default\">\n\t\t\t\t<div class=\"elementor-widget-container\">\n\t\t\t\t\t\t\t\t\t<div class=\"elementor-swiper\">\n\t\t\t\t\t<div class=\"elementor-slides-wrapper elementor-main-swiper swiper\" role=\"region\" aria-roledescription=\"carousel\" aria-label=\"Slider\" dir=\"ltr\" data-animation=\"fadeInUp\">\n\t\t\t\t<div class=\"swiper-wrapper elementor-slides\">\n\t\t\t\t\t\t\t\t\t\t<div class=\"elementor-repeater-item-95062e3 swiper-slide\" role=\"group\" aria-roledescription=\"slide\"><div class=\"swiper-slide-bg\" role=\"img\" aria-label=\"vitrine (2)\"><\/div><div class=\"swiper-slide-inner\" ><div class=\"swiper-slide-contents\"><\/div><\/div><\/div><div class=\"elementor-repeater-item-200e2d2 swiper-slide\" role=\"group\" aria-roledescription=\"slide\"><div class=\"swiper-slide-bg\" role=\"img\" aria-label=\"WhatsApp Image 2025-04-10 \u00e0 19.51.45_3f181055\"><\/div><div class=\"swiper-slide-inner\" ><div class=\"swiper-slide-contents\"><\/div><\/div><\/div><div class=\"elementor-repeater-item-8de7bd8 swiper-slide\" role=\"group\" aria-roledescription=\"slide\"><div class=\"swiper-slide-bg\" role=\"img\" aria-label=\"20230928_205214\"><\/div><div class=\"swiper-slide-inner\" ><div class=\"swiper-slide-contents\"><\/div><\/div><\/div>\t\t\t\t<\/div>\n\t\t\t\t\t\t\t\t\t\t\t\t\t\t\t\t\t\t\t\t<div class=\"swiper-pagination\"><\/div>\n\t\t\t\t\t\t\t\t\t\t\t\t<\/div>\n\t\t\t\t<\/div>\n\t\t\t\t\t\t\t\t<\/div>\n\t\t\t\t<\/div>\n\t\t\t\t\t<\/div>\n\t\t\t\t<\/div>\n\t\t\t\t<\/div>\n\t\t","protected":false},"excerpt":{"rendered":"<p>EK FRANCE EK France vereint 160 unabh\u00e4ngige Einzelh\u00e4ndler, die sich auf Tischkultur, Heimdekoration und K\u00fcchenartikel spezialisiert haben, insbesondere durch die Marken Ambiance &amp; Styles und Culinarion. Was wir tun EK France, eine Tochtergesellschaft der Genossenschaft EK Retail, unterst\u00fctzt seit 1991 unabh\u00e4ngige Einzelh\u00e4ndler in Frankreich. EK France hat ihren Sitz in Nanterre und arbeitet mit einem&hellip;<\/p>\n","protected":false},"author":2,"featured_media":0,"parent":0,"menu_order":0,"comment_status":"closed","ping_status":"closed","template":"elementor_header_footer","meta":{"footnotes":""},"class_list":["post-63805","page","type-page","status-publish","hentry"],"_links":{"self":[{"href":"https:\/\/www.ek-retail.com\/de\/wp-json\/wp\/v2\/pages\/63805","targetHints":{"allow":["GET"]}}],"collection":[{"href":"https:\/\/www.ek-retail.com\/de\/wp-json\/wp\/v2\/pages"}],"about":[{"href":"https:\/\/www.ek-retail.com\/de\/wp-json\/wp\/v2\/types\/page"}],"author":[{"embeddable":true,"href":"https:\/\/www.ek-retail.com\/de\/wp-json\/wp\/v2\/users\/2"}],"replies":[{"embeddable":true,"href":"https:\/\/www.ek-retail.com\/de\/wp-json\/wp\/v2\/comments?post=63805"}],"version-history":[{"count":0,"href":"https:\/\/www.ek-retail.com\/de\/wp-json\/wp\/v2\/pages\/63805\/revisions"}],"wp:attachment":[{"href":"https:\/\/www.ek-retail.com\/de\/wp-json\/wp\/v2\/media?parent=63805"}],"curies":[{"name":"wp","href":"https:\/\/api.w.org\/{rel}","templated":true}]}}