{"id":63535,"date":"2025-07-30T15:46:03","date_gmt":"2025-07-30T13:46:03","guid":{"rendered":"https:\/\/www-preview.ek-retail.com\/ek-fashion\/"},"modified":"2026-03-16T13:48:21","modified_gmt":"2026-03-16T12:48:21","slug":"ek-fashion","status":"publish","type":"page","link":"https:\/\/www.ek-retail.com\/fr\/ek-fashion\/","title":{"rendered":"EK Fashion"},"content":{"rendered":"\t\t<div data-elementor-type=\"wp-page\" data-elementor-id=\"63535\" class=\"elementor elementor-63535 elementor-49887\" data-elementor-post-type=\"page\">\n\t\t\t\t<div class=\"elementor-element elementor-element-ef2462b e-con-full hero-section e-flex e-con e-parent\" data-id=\"ef2462b\" data-element_type=\"container\" data-e-type=\"container\">\n\t\t<div class=\"elementor-element elementor-element-c50b0b0 e-con-full hero-image e-flex e-con e-child\" data-id=\"c50b0b0\" data-element_type=\"container\" data-e-type=\"container\" data-settings=\"{&quot;background_background&quot;:&quot;classic&quot;}\">\n\t\t\t\t<div class=\"elementor-element elementor-element-84359d5 elementor-widget elementor-widget-image\" data-id=\"84359d5\" data-element_type=\"widget\" data-e-type=\"widget\" data-widget_type=\"image.default\">\n\t\t\t\t<div class=\"elementor-widget-container\">\n\t\t\t\t\t\t\t\t\t\t\t\t\t\t\t<img fetchpriority=\"high\" decoding=\"async\" width=\"1527\" height=\"671\" src=\"https:\/\/www.ek-retail.com\/wp-content\/uploads\/2026\/02\/header_fashion.png\" class=\"attachment-full size-full wp-image-63490\" alt=\"\" srcset=\"https:\/\/www.ek-retail.com\/wp-content\/uploads\/2026\/02\/header_fashion.png 1527w, https:\/\/www.ek-retail.com\/wp-content\/uploads\/2026\/02\/header_fashion-300x132.png 300w, https:\/\/www.ek-retail.com\/wp-content\/uploads\/2026\/02\/header_fashion-1024x450.png 1024w, https:\/\/www.ek-retail.com\/wp-content\/uploads\/2026\/02\/header_fashion-768x337.png 768w\" sizes=\"(max-width: 1527px) 100vw, 1527px\" \/>\t\t\t\t\t\t\t\t\t\t\t\t\t\t\t<\/div>\n\t\t\t\t<\/div>\n\t\t\t\t<\/div>\n\t\t<div class=\"elementor-element elementor-element-a3525fc e-con-full ind-ek-icon hero-text  e-flex e-con e-child\" data-id=\"a3525fc\" data-element_type=\"container\" data-e-type=\"container\" data-settings=\"{&quot;background_background&quot;:&quot;classic&quot;}\">\n\t\t\t\t<div class=\"elementor-element elementor-element-548692e elementor-absolute hero-title elementor-widget elementor-widget-heading\" data-id=\"548692e\" data-element_type=\"widget\" data-e-type=\"widget\" data-settings=\"{&quot;_position&quot;:&quot;absolute&quot;}\" data-widget_type=\"heading.default\">\n\t\t\t\t<div class=\"elementor-widget-container\">\n\t\t\t\t\t<h1 class=\"elementor-heading-title elementor-size-default\">EK Fashion<\/h1>\t\t\t\t<\/div>\n\t\t\t\t<\/div>\n\t\t\t\t<div class=\"elementor-element elementor-element-5fbc795 elementor-widget elementor-widget-text-editor\" data-id=\"5fbc795\" data-element_type=\"widget\" data-e-type=\"widget\" data-widget_type=\"text-editor.default\">\n\t\t\t\t<div class=\"elementor-widget-container\">\n\t\t\t\t\t\t\t\t\t<p dir=\"auto\">Une communaut\u00e9 pour la r\u00e9ussite individuelle. D\u00e9couvrez ce qu&rsquo;EK Fashion peut faire pour vous. <\/p>\t\t\t\t\t\t\t\t<\/div>\n\t\t\t\t<\/div>\n\t\t\t\t<div class=\"elementor-element elementor-element-05c0221 elementor-align-left elementor-widget elementor-widget-button\" data-id=\"05c0221\" data-element_type=\"widget\" data-e-type=\"widget\" data-widget_type=\"button.default\">\n\t\t\t\t<div class=\"elementor-widget-container\">\n\t\t\t\t\t\t\t\t\t<div class=\"elementor-button-wrapper\">\n\t\t\t\t\t<a class=\"elementor-button elementor-button-link elementor-size-sm\" href=\"https:\/\/www.ek-retail.com\/fr\/contact\/\">\n\t\t\t\t\t\t<span class=\"elementor-button-content-wrapper\">\n\t\t\t\t\t\t\t\t\t<span class=\"elementor-button-text\">Contactez-nous<\/span>\n\t\t\t\t\t<\/span>\n\t\t\t\t\t<\/a>\n\t\t\t\t<\/div>\n\t\t\t\t\t\t\t\t<\/div>\n\t\t\t\t<\/div>\n\t\t\t\t<\/div>\n\t\t\t\t<\/div>\n\t\t<div class=\"elementor-element elementor-element-9f24ba7 passion-local-section e-flex e-con-boxed e-con e-parent\" data-id=\"9f24ba7\" data-element_type=\"container\" data-e-type=\"container\">\n\t\t\t\t\t<div class=\"e-con-inner\">\n\t\t<div class=\"elementor-element elementor-element-fe26b23 e-con-full passion-local-left-box e-flex e-con e-child\" data-id=\"fe26b23\" data-element_type=\"container\" data-e-type=\"container\">\n\t\t\t\t<div class=\"elementor-element elementor-element-305be6a elementor-widget elementor-widget-heading\" data-id=\"305be6a\" data-element_type=\"widget\" data-e-type=\"widget\" data-widget_type=\"heading.default\">\n\t\t\t\t<div class=\"elementor-widget-container\">\n\t\t\t\t\t<h2 class=\"elementor-heading-title elementor-size-default\">Passion pour le h\u00e9ros local<\/h2>\t\t\t\t<\/div>\n\t\t\t\t<\/div>\n\t\t\t\t<div class=\"elementor-element elementor-element-164e09b elementor-widget__width-initial elementor-widget elementor-widget-text-editor\" data-id=\"164e09b\" data-element_type=\"widget\" data-e-type=\"widget\" data-widget_type=\"text-editor.default\">\n\t\t\t\t<div class=\"elementor-widget-container\">\n\t\t\t\t\t\t\t\t\t<p>EK Fashion offre des conseils personnalis\u00e9s et des services innovants pour pr\u00e9parer votre magasin \u00e0 l&rsquo;avenir. Gr\u00e2ce \u00e0 un soutien sur mesure, nous vous aidons \u00e0 acheter plus intelligemment, \u00e0 r\u00e9duire le gaspillage et \u00e0 prosp\u00e9rer sur votre march\u00e9 local, tout en restant fid\u00e8le \u00e0 votre propre voie, soutenus par la force d&rsquo;une communaut\u00e9 puissante. <\/p>\t\t\t\t\t\t\t\t<\/div>\n\t\t\t\t<\/div>\n\t\t\t\t<\/div>\n\t\t<div class=\"elementor-element elementor-element-23c79e0 e-con-full passion-local-right-box e-flex e-con e-child\" data-id=\"23c79e0\" data-element_type=\"container\" data-e-type=\"container\">\n\t\t\t\t<div class=\"elementor-element elementor-element-94393b4 elementor-absolute bg-title elementor-widget elementor-widget-heading\" data-id=\"94393b4\" data-element_type=\"widget\" data-e-type=\"widget\" data-settings=\"{&quot;_position&quot;:&quot;absolute&quot;}\" data-widget_type=\"heading.default\">\n\t\t\t\t<div class=\"elementor-widget-container\">\n\t\t\t\t\t<h2 class=\"elementor-heading-title elementor-size-default\">avantages<\/h2>\t\t\t\t<\/div>\n\t\t\t\t<\/div>\n\t\t<div class=\"elementor-element elementor-element-0d43697 e-con-full text-box e-flex e-con e-child\" data-id=\"0d43697\" data-element_type=\"container\" data-e-type=\"container\" data-settings=\"{&quot;background_background&quot;:&quot;classic&quot;}\">\n\t\t\t\t<div class=\"elementor-element elementor-element-ab19706 elementor-widget__width-initial fashion-img elementor-widget elementor-widget-image\" data-id=\"ab19706\" data-element_type=\"widget\" data-e-type=\"widget\" data-widget_type=\"image.default\">\n\t\t\t\t<div class=\"elementor-widget-container\">\n\t\t\t\t\t\t\t\t\t\t\t\t\t\t\t<img decoding=\"async\" src=\"https:\/\/www.ek-retail.com\/wp-content\/uploads\/elementor\/thumbs\/fashion_anne_en_jet-rikh7coc8mrsd2kit2edpt8p1ize3bnnan7jlen0dc.png\" title=\"fashion_anne_en_jet\" alt=\"fashion_anne_en_jet\" loading=\"lazy\" \/>\t\t\t\t\t\t\t\t\t\t\t\t\t\t\t<\/div>\n\t\t\t\t<\/div>\n\t\t\t\t<div class=\"elementor-element elementor-element-e54b988 elementor-widget__width-initial elementor-widget elementor-widget-text-editor\" data-id=\"e54b988\" data-element_type=\"widget\" data-e-type=\"widget\" data-widget_type=\"text-editor.default\">\n\t\t\t\t<div class=\"elementor-widget-container\">\n\t\t\t\t\t\t\t\t\t<h4>En tant que jeunes entrepreneurs, Anne et Jet ont grandement b\u00e9n\u00e9fici\u00e9 du soutien d&rsquo;<strong data-start=\"4076\" data-end=\"4090\">EK Fashion<\/strong>.<\/h4><p><em>\u201c\u00ab Que n&rsquo;ont-ils pas fait pour nous ? Les consultants en mode ont \u00e9t\u00e9 comme des psychologues pour nous. Ils nous ont rendu visite, nous ont donn\u00e9 des conseils et nous ont aid\u00e9s \u00e0 constituer le bon mix de marques. M\u00eame lorsque nous \u00e9tions encore ferm\u00e9s pour r\u00e9novation, ils \u00e9taient l\u00e0 pour nous. Cela nous a vraiment donn\u00e9 le sentiment d&rsquo;\u00eatre pris en consid\u00e9ration. \u00bb\u00a0\u00bb    <\/em><\/p><p>ANNE &amp; JET<br>Anne &amp; Jet Mode<\/p>\t\t\t\t\t\t\t\t<\/div>\n\t\t\t\t<\/div>\n\t\t\t\t<\/div>\n\t\t\t\t<\/div>\n\t\t\t\t\t<\/div>\n\t\t\t\t<\/div>\n\t\t<div class=\"elementor-element elementor-element-56b488b why-you-should-section e-flex e-con-boxed e-con e-parent\" data-id=\"56b488b\" data-element_type=\"container\" data-e-type=\"container\" data-settings=\"{&quot;background_background&quot;:&quot;classic&quot;}\">\n\t\t\t\t\t<div class=\"e-con-inner\">\n\t\t\t\t<div class=\"elementor-element elementor-element-772a62e elementor-widget elementor-widget-heading\" data-id=\"772a62e\" data-element_type=\"widget\" data-e-type=\"widget\" data-widget_type=\"heading.default\">\n\t\t\t\t<div class=\"elementor-widget-container\">\n\t\t\t\t\t<h2 class=\"elementor-heading-title elementor-size-default\">Pourquoi devriez-vous rejoindre EK Fashion&nbsp;!<\/h2>\t\t\t\t<\/div>\n\t\t\t\t<\/div>\n\t\t\t\t<div class=\"elementor-element elementor-element-1ebd0c7 elementor-widget__width-initial elementor-widget elementor-widget-text-editor\" data-id=\"1ebd0c7\" data-element_type=\"widget\" data-e-type=\"widget\" data-widget_type=\"text-editor.default\">\n\t\t\t\t<div class=\"elementor-widget-container\">\n\t\t\t\t\t\t\t\t\t<p>Valeur ajout\u00e9e gr\u00e2ce \u00e0 la collaboration<br><\/p>\t\t\t\t\t\t\t\t<\/div>\n\t\t\t\t<\/div>\n\t\t<div class=\"elementor-element elementor-element-b6292fb e-grid e-con-full why-you-should-grid e-con e-child\" data-id=\"b6292fb\" data-element_type=\"container\" data-e-type=\"container\" data-settings=\"{&quot;background_background&quot;:&quot;classic&quot;}\">\n\t\t\t\t<div class=\"elementor-element elementor-element-dd3438e first elementor-cta--skin-cover elementor-widget elementor-widget-call-to-action\" data-id=\"dd3438e\" data-element_type=\"widget\" data-e-type=\"widget\" data-widget_type=\"call-to-action.default\">\n\t\t\t\t<div class=\"elementor-widget-container\">\n\t\t\t\t\t\t\t<div class=\"elementor-cta\">\n\t\t\t\t\t<div class=\"elementor-cta__bg-wrapper\">\n\t\t\t\t<div class=\"elementor-cta__bg elementor-bg\" style=\"background-image: url(https:\/\/www.ek-retail.com\/wp-content\/uploads\/2026\/01\/5.png);\" role=\"img\" aria-label=\"5\"><\/div>\n\t\t\t\t<div class=\"elementor-cta__bg-overlay\"><\/div>\n\t\t\t<\/div>\n\t\t\t\t\t\t\t<div class=\"elementor-cta__content\">\n\t\t\t\t\n\t\t\t\t\t\t\t\t\t<h2 class=\"elementor-cta__title elementor-cta__content-item elementor-content-item\">\n\t\t\t\t\t\tPour les d\u00e9taillants\t\t\t\t\t<\/h2>\n\t\t\t\t\n\t\t\t\t\t\t\t\t\t<div class=\"elementor-cta__description elementor-cta__content-item elementor-content-item\">\n\t\t\t\t\t\tEn tant que d\u00e9taillant chez EK, vous b\u00e9n\u00e9ficiez de conditions d\u2019achat am\u00e9lior\u00e9es, ce qui permet des n\u00e9gociations de prix plus favorables. La facturation centralis\u00e9e r\u00e9duit votre charge de travail administrative, tandis que le soutien marketing et l\u2019acc\u00e8s \u00e0 des informations pertinentes vous tiennent inform\u00e9 et efficace. \t\t\t\t\t<\/div>\n\t\t\t\t\n\t\t\t\t\t\t\t<\/div>\n\t\t\t\t\t\t<\/div>\n\t\t\t\t\t\t<\/div>\n\t\t\t\t<\/div>\n\t\t\t\t<div class=\"elementor-element elementor-element-7f85e42 second elementor-cta--skin-cover elementor-widget elementor-widget-call-to-action\" data-id=\"7f85e42\" data-element_type=\"widget\" data-e-type=\"widget\" data-widget_type=\"call-to-action.default\">\n\t\t\t\t<div class=\"elementor-widget-container\">\n\t\t\t\t\t\t\t<div class=\"elementor-cta\">\n\t\t\t\t\t<div class=\"elementor-cta__bg-wrapper\">\n\t\t\t\t<div class=\"elementor-cta__bg elementor-bg\" style=\"background-image: url(https:\/\/www.ek-retail.com\/wp-content\/uploads\/2026\/01\/1.png);\" role=\"img\" aria-label=\"1\"><\/div>\n\t\t\t\t<div class=\"elementor-cta__bg-overlay\"><\/div>\n\t\t\t<\/div>\n\t\t\t\t\t\t\t<div class=\"elementor-cta__content\">\n\t\t\t\t\n\t\t\t\t\t\t\t\t\t<h2 class=\"elementor-cta__title elementor-cta__content-item elementor-content-item\">\n\t\t\t\t\t\tPour les fournisseurs\t\t\t\t\t<\/h2>\n\t\t\t\t\n\t\t\t\t\t\t\t\t\t<div class=\"elementor-cta__description elementor-cta__content-item elementor-content-item\">\n\t\t\t\t\t\tEn tant que fournisseur au sein du r\u00e9seau EK, vous profitez d\u2019une augmentation du volume des ventes gr\u00e2ce \u00e0 l\u2019acc\u00e8s \u00e0 un r\u00e9seau plus vaste de d\u00e9taillants. Les contrats \u00e0 long terme assurent la stabilit\u00e9 du march\u00e9, tandis qu\u2019une distribution efficace et une facturation centralis\u00e9e r\u00e9duisent les co\u00fbts op\u00e9rationnels. \t\t\t\t\t<\/div>\n\t\t\t\t\n\t\t\t\t\t\t\t<\/div>\n\t\t\t\t\t\t<\/div>\n\t\t\t\t\t\t<\/div>\n\t\t\t\t<\/div>\n\t\t\t\t<div class=\"elementor-element elementor-element-4cd119d third elementor-cta--skin-cover elementor-widget elementor-widget-call-to-action\" data-id=\"4cd119d\" data-element_type=\"widget\" data-e-type=\"widget\" data-widget_type=\"call-to-action.default\">\n\t\t\t\t<div class=\"elementor-widget-container\">\n\t\t\t\t\t\t\t<div class=\"elementor-cta\">\n\t\t\t\t\t<div class=\"elementor-cta__bg-wrapper\">\n\t\t\t\t<div class=\"elementor-cta__bg elementor-bg\" style=\"background-image: url(https:\/\/www.ek-retail.com\/wp-content\/uploads\/2026\/01\/2.png);\" role=\"img\" aria-label=\"2\"><\/div>\n\t\t\t\t<div class=\"elementor-cta__bg-overlay\"><\/div>\n\t\t\t<\/div>\n\t\t\t\t\t\t\t<div class=\"elementor-cta__content\">\n\t\t\t\t\n\t\t\t\t\t\t\t\t\t<h2 class=\"elementor-cta__title elementor-cta__content-item elementor-content-item\">\n\t\t\t\t\t\tPour les fournisseurs de services\t\t\t\t\t<\/h2>\n\t\t\t\t\n\t\t\t\t\t\t\t\t\t<div class=\"elementor-cta__description elementor-cta__content-item elementor-content-item\">\n\t\t\t\t\t\tEn tant que fournisseur de services, un partenariat avec EK signifie avoir acc\u00e8s \u00e0 un vaste r\u00e9seau de d\u00e9taillants ind\u00e9pendants de taille moyenne. Notre gamme de services soutient les d\u00e9taillants dans les domaines de l\u2019approvisionnement, du marketing, de la logistique et plus encore, leur permettant de se concentrer sur leurs clients. \t\t\t\t\t<\/div>\n\t\t\t\t\n\t\t\t\t\t\t\t<\/div>\n\t\t\t\t\t\t<\/div>\n\t\t\t\t\t\t<\/div>\n\t\t\t\t<\/div>\n\t\t\t\t<\/div>\n\t\t\t\t\t<\/div>\n\t\t\t\t<\/div>\n\t\t<div class=\"elementor-element elementor-element-7aa86ad1 brands-caroussel-section e-flex e-con-boxed e-con e-parent\" data-id=\"7aa86ad1\" data-element_type=\"container\" data-e-type=\"container\" id=\"labels_anchor\" data-settings=\"{&quot;background_background&quot;:&quot;classic&quot;}\">\n\t\t\t\t\t<div class=\"e-con-inner\">\n\t\t\t\t<div class=\"elementor-element elementor-element-61378d10 elementor-widget__width-inherit elementor-widget elementor-widget-text-editor\" data-id=\"61378d10\" data-element_type=\"widget\" data-e-type=\"widget\" data-widget_type=\"text-editor.default\">\n\t\t\t\t<div class=\"elementor-widget-container\">\n\t\t\t\t\t\t\t\t\t<h2>Nos marques de distributeur et nos marques<\/h2><p>EK Fashion associe des marques exclusives et des marques fortes \u00e0 un rapport qualit\u00e9-prix fiable. Des v\u00eatements pour femmes, hommes, enfants et b\u00e9b\u00e9s&nbsp;: chaque marque de notre portefeuille est soigneusement s\u00e9lectionn\u00e9e pour correspondre \u00e0 votre r\u00e9gion, \u00e0 votre public cible et \u00e0 l&rsquo;identit\u00e9 de votre magasin. <\/p>\t\t\t\t\t\t\t\t<\/div>\n\t\t\t\t<\/div>\n\t\t\t\t<div class=\"elementor-element elementor-element-1d72848 elementor-arrows-position-outside elementor-widget__width-inherit elementor-widget elementor-widget-n-carousel\" data-id=\"1d72848\" data-element_type=\"widget\" data-e-type=\"widget\" data-settings=\"{&quot;carousel_items&quot;:[{&quot;_id&quot;:&quot;ad88486&quot;,&quot;slide_title&quot;:&quot;J&#039;AMU&quot;},{&quot;slide_title&quot;:&quot;Slide #3&quot;,&quot;_id&quot;:&quot;145cdae&quot;},{&quot;_id&quot;:&quot;ebbb0b7&quot;,&quot;slide_title&quot;:&quot;Slide #4&quot;},{&quot;_id&quot;:&quot;7f2e2d3&quot;,&quot;slide_title&quot;:&quot;Slide #5&quot;},{&quot;_id&quot;:&quot;dfe5c09&quot;,&quot;slide_title&quot;:&quot;Slide #6&quot;},{&quot;_id&quot;:&quot;de1805e&quot;,&quot;slide_title&quot;:&quot;Slide #7&quot;},{&quot;_id&quot;:&quot;c4ef2cc&quot;,&quot;slide_title&quot;:&quot;Slide #8&quot;},{&quot;_id&quot;:&quot;099ebd8&quot;,&quot;slide_title&quot;:&quot;Slide #9&quot;},{&quot;_id&quot;:&quot;c95f259&quot;,&quot;slide_title&quot;:&quot;Slide #9&quot;},{&quot;_id&quot;:&quot;19ad8f1&quot;,&quot;slide_title&quot;:&quot;Slide #10&quot;},{&quot;_id&quot;:&quot;5168b72&quot;,&quot;slide_title&quot;:&quot;Folie #11&quot;}],&quot;slides_to_show&quot;:&quot;5&quot;,&quot;slides_to_scroll&quot;:&quot;1&quot;,&quot;image_spacing_custom&quot;:{&quot;unit&quot;:&quot;px&quot;,&quot;size&quot;:0,&quot;sizes&quot;:[]},&quot;slides_to_show_tablet&quot;:&quot;2&quot;,&quot;slides_to_show_mobile&quot;:&quot;1&quot;,&quot;infinite&quot;:&quot;yes&quot;,&quot;speed&quot;:500,&quot;offset_sides&quot;:&quot;none&quot;,&quot;arrows&quot;:&quot;yes&quot;,&quot;image_spacing_custom_tablet&quot;:{&quot;unit&quot;:&quot;px&quot;,&quot;size&quot;:&quot;&quot;,&quot;sizes&quot;:[]},&quot;image_spacing_custom_mobile&quot;:{&quot;unit&quot;:&quot;px&quot;,&quot;size&quot;:&quot;&quot;,&quot;sizes&quot;:[]}}\" data-widget_type=\"nested-carousel.default\">\n\t\t\t\t<div class=\"elementor-widget-container\">\n\t\t\t\t\t\t\t<div class=\"e-n-carousel swiper\" role=\"region\" aria-roledescription=\"carousel\" aria-label=\"Karussell\" dir=\"ltr\">\n\t\t\t<div class=\"swiper-wrapper\" aria-live=\"polite\">\n\t\t\t\t\t\t\t\t\t\t<div class=\"swiper-slide\" data-slide=\"1\" role=\"group\" aria-roledescription=\"slide\" aria-label=\"1 sur 11\">\n\t\t\t\t\t\t\t<div class=\"elementor-element elementor-element-3e63fad e-flex e-con-boxed e-con e-child\" data-id=\"3e63fad\" data-element_type=\"container\" data-e-type=\"container\">\n\t\t\t\t\t<div class=\"e-con-inner\">\n\t\t\t\t<div class=\"elementor-element elementor-element-c0cf185 fashionbrandlogo elementor-widget elementor-widget-image\" data-id=\"c0cf185\" data-element_type=\"widget\" data-e-type=\"widget\" data-widget_type=\"image.default\">\n\t\t\t\t<div class=\"elementor-widget-container\">\n\t\t\t\t\t\t\t\t\t\t\t\t<figure class=\"wp-caption\">\n\t\t\t\t\t\t\t\t\t\t<img decoding=\"async\" width=\"300\" height=\"200\" src=\"https:\/\/www.ek-retail.com\/wp-content\/uploads\/2026\/02\/jamu-1.png\" class=\"attachment-large size-large wp-image-65470\" alt=\"\" \/>\t\t\t\t\t\t\t\t\t\t\t<figcaption class=\"widget-image-caption wp-caption-text\">J'AMU<\/figcaption>\n\t\t\t\t\t\t\t\t\t\t<\/figure>\n\t\t\t\t\t\t\t\t\t<\/div>\n\t\t\t\t<\/div>\n\t\t\t\t\t<\/div>\n\t\t\t\t<\/div>\n\t\t\t\t\t\t\t\t<\/div>\n\t\t\t\t\t\t\t\t\t\t\t<div class=\"swiper-slide\" data-slide=\"2\" role=\"group\" aria-roledescription=\"slide\" aria-label=\"2 sur 11\">\n\t\t\t\t\t\t\t<div class=\"elementor-element elementor-element-6c3e8f6b e-flex e-con-boxed e-con e-child\" data-id=\"6c3e8f6b\" data-element_type=\"container\" data-e-type=\"container\">\n\t\t\t\t\t<div class=\"e-con-inner\">\n\t\t\t\t<div class=\"elementor-element elementor-element-52fff91c fashionbrandlogo elementor-widget elementor-widget-image\" data-id=\"52fff91c\" data-element_type=\"widget\" data-e-type=\"widget\" data-widget_type=\"image.default\">\n\t\t\t\t<div class=\"elementor-widget-container\">\n\t\t\t\t\t\t\t\t\t\t\t\t<figure class=\"wp-caption\">\n\t\t\t\t\t\t\t\t\t\t\t<a href=\"https:\/\/www.ek-retail.com\/fr\/brands\/lhistoire-din-shape\/\">\n\t\t\t\t\t\t\t<img decoding=\"async\" width=\"300\" height=\"200\" src=\"https:\/\/www.ek-retail.com\/wp-content\/uploads\/2025\/12\/inshapelogo_grey.png\" class=\"attachment-large size-large wp-image-63498\" alt=\"\" \/>\t\t\t\t\t\t\t\t<\/a>\n\t\t\t\t\t\t\t\t\t\t\t<figcaption class=\"widget-image-caption wp-caption-text\">in shape<\/figcaption>\n\t\t\t\t\t\t\t\t\t\t<\/figure>\n\t\t\t\t\t\t\t\t\t<\/div>\n\t\t\t\t<\/div>\n\t\t\t\t\t<\/div>\n\t\t\t\t<\/div>\n\t\t\t\t\t\t\t\t<\/div>\n\t\t\t\t\t\t\t\t\t\t\t<div class=\"swiper-slide\" data-slide=\"3\" role=\"group\" aria-roledescription=\"slide\" aria-label=\"3 sur 11\">\n\t\t\t\t\t\t\t<div class=\"elementor-element elementor-element-74b3a3ae e-flex e-con-boxed e-con e-child\" data-id=\"74b3a3ae\" data-element_type=\"container\" data-e-type=\"container\">\n\t\t\t\t\t<div class=\"e-con-inner\">\n\t\t\t\t<div class=\"elementor-element elementor-element-6e2d4c10 fashionbrandlogo elementor-widget elementor-widget-image\" data-id=\"6e2d4c10\" data-element_type=\"widget\" data-e-type=\"widget\" data-widget_type=\"image.default\">\n\t\t\t\t<div class=\"elementor-widget-container\">\n\t\t\t\t\t\t\t\t\t\t\t\t<figure class=\"wp-caption\">\n\t\t\t\t\t\t\t\t\t\t\t<a href=\"https:\/\/www.bornwithappetite.com\/\" target=\"_blank\">\n\t\t\t\t\t\t\t<img loading=\"lazy\" decoding=\"async\" width=\"300\" height=\"200\" src=\"https:\/\/www.ek-retail.com\/wp-content\/uploads\/2025\/12\/bwalogo_grey.png\" class=\"attachment-large size-large wp-image-63500\" alt=\"\" \/>\t\t\t\t\t\t\t\t<\/a>\n\t\t\t\t\t\t\t\t\t\t\t<figcaption class=\"widget-image-caption wp-caption-text\">Born with Appetite<\/figcaption>\n\t\t\t\t\t\t\t\t\t\t<\/figure>\n\t\t\t\t\t\t\t\t\t<\/div>\n\t\t\t\t<\/div>\n\t\t\t\t\t<\/div>\n\t\t\t\t<\/div>\n\t\t\t\t\t\t\t\t<\/div>\n\t\t\t\t\t\t\t\t\t\t\t<div class=\"swiper-slide\" data-slide=\"4\" role=\"group\" aria-roledescription=\"slide\" aria-label=\"4 sur 11\">\n\t\t\t\t\t\t\t<div class=\"elementor-element elementor-element-6f59e894 e-flex e-con-boxed e-con e-child\" data-id=\"6f59e894\" data-element_type=\"container\" data-e-type=\"container\">\n\t\t\t\t\t<div class=\"e-con-inner\">\n\t\t\t\t<div class=\"elementor-element elementor-element-77c5ed09 fashionbrandlogo elementor-widget elementor-widget-image\" data-id=\"77c5ed09\" data-element_type=\"widget\" data-e-type=\"widget\" data-widget_type=\"image.default\">\n\t\t\t\t<div class=\"elementor-widget-container\">\n\t\t\t\t\t\t\t\t\t\t\t\t<figure class=\"wp-caption\">\n\t\t\t\t\t\t\t\t\t\t\t<a href=\"https:\/\/www.marcomanzini.nl\/\" target=\"_blank\">\n\t\t\t\t\t\t\t<img loading=\"lazy\" decoding=\"async\" width=\"300\" height=\"200\" src=\"https:\/\/www.ek-retail.com\/wp-content\/uploads\/2025\/12\/mmzlogo_grey.png\" class=\"attachment-large size-large wp-image-63501\" alt=\"\" \/>\t\t\t\t\t\t\t\t<\/a>\n\t\t\t\t\t\t\t\t\t\t\t<figcaption class=\"widget-image-caption wp-caption-text\">M.M.Z. Marco Manzini<\/figcaption>\n\t\t\t\t\t\t\t\t\t\t<\/figure>\n\t\t\t\t\t\t\t\t\t<\/div>\n\t\t\t\t<\/div>\n\t\t\t\t\t<\/div>\n\t\t\t\t<\/div>\n\t\t\t\t\t\t\t\t<\/div>\n\t\t\t\t\t\t\t\t\t\t\t<div class=\"swiper-slide\" data-slide=\"5\" role=\"group\" aria-roledescription=\"slide\" aria-label=\"5 sur 11\">\n\t\t\t\t\t\t\t<div class=\"elementor-element elementor-element-cd391aa e-flex e-con-boxed e-con e-child\" data-id=\"cd391aa\" data-element_type=\"container\" data-e-type=\"container\">\n\t\t\t\t\t<div class=\"e-con-inner\">\n\t\t\t\t<div class=\"elementor-element elementor-element-6207b35a fashionbrandlogo elementor-widget elementor-widget-image\" data-id=\"6207b35a\" data-element_type=\"widget\" data-e-type=\"widget\" data-widget_type=\"image.default\">\n\t\t\t\t<div class=\"elementor-widget-container\">\n\t\t\t\t\t\t\t\t\t\t\t\t<figure class=\"wp-caption\">\n\t\t\t\t\t\t\t\t\t\t\t<a href=\"https:\/\/www.ek-retail.com\/fr\/brands\/lhistoire-de-seven-dials\/\">\n\t\t\t\t\t\t\t<img loading=\"lazy\" decoding=\"async\" width=\"300\" height=\"200\" src=\"https:\/\/www.ek-retail.com\/wp-content\/uploads\/2025\/12\/sevendailslogo_grey.png\" class=\"attachment-large size-large wp-image-63503\" alt=\"\" \/>\t\t\t\t\t\t\t\t<\/a>\n\t\t\t\t\t\t\t\t\t\t\t<figcaption class=\"widget-image-caption wp-caption-text\">Seven Dials<\/figcaption>\n\t\t\t\t\t\t\t\t\t\t<\/figure>\n\t\t\t\t\t\t\t\t\t<\/div>\n\t\t\t\t<\/div>\n\t\t\t\t\t<\/div>\n\t\t\t\t<\/div>\n\t\t\t\t\t\t\t\t<\/div>\n\t\t\t\t\t\t\t\t\t\t\t<div class=\"swiper-slide\" data-slide=\"6\" role=\"group\" aria-roledescription=\"slide\" aria-label=\"6 sur 11\">\n\t\t\t\t\t\t\t<div class=\"elementor-element elementor-element-3e9ce35 e-flex e-con-boxed e-con e-child\" data-id=\"3e9ce35\" data-element_type=\"container\" data-e-type=\"container\">\n\t\t\t\t\t<div class=\"e-con-inner\">\n\t\t\t\t<div class=\"elementor-element elementor-element-bff552b fashionbrandlogo elementor-widget elementor-widget-image\" data-id=\"bff552b\" data-element_type=\"widget\" data-e-type=\"widget\" data-widget_type=\"image.default\">\n\t\t\t\t<div class=\"elementor-widget-container\">\n\t\t\t\t\t\t\t\t\t\t\t\t<figure class=\"wp-caption\">\n\t\t\t\t\t\t\t\t\t\t\t<a href=\"https:\/\/www.supplyandco.nl\/en\/\" target=\"_blank\">\n\t\t\t\t\t\t\t<img loading=\"lazy\" decoding=\"async\" width=\"300\" height=\"200\" src=\"https:\/\/www.ek-retail.com\/wp-content\/uploads\/2025\/12\/supplylogo_grey.png\" class=\"attachment-large size-large wp-image-63505\" alt=\"\" \/>\t\t\t\t\t\t\t\t<\/a>\n\t\t\t\t\t\t\t\t\t\t\t<figcaption class=\"widget-image-caption wp-caption-text\">SUPPLY &amp; CO.<\/figcaption>\n\t\t\t\t\t\t\t\t\t\t<\/figure>\n\t\t\t\t\t\t\t\t\t<\/div>\n\t\t\t\t<\/div>\n\t\t\t\t\t<\/div>\n\t\t\t\t<\/div>\n\t\t\t\t\t\t\t\t<\/div>\n\t\t\t\t\t\t\t\t\t\t\t<div class=\"swiper-slide\" data-slide=\"7\" role=\"group\" aria-roledescription=\"slide\" aria-label=\"7 sur 11\">\n\t\t\t\t\t\t\t<div class=\"elementor-element elementor-element-0aa7ff6 e-flex e-con-boxed e-con e-child\" data-id=\"0aa7ff6\" data-element_type=\"container\" data-e-type=\"container\">\n\t\t\t\t\t<div class=\"e-con-inner\">\n\t\t\t\t<div class=\"elementor-element elementor-element-a48c812 fashionbrandlogo elementor-widget elementor-widget-image\" data-id=\"a48c812\" data-element_type=\"widget\" data-e-type=\"widget\" data-widget_type=\"image.default\">\n\t\t\t\t<div class=\"elementor-widget-container\">\n\t\t\t\t\t\t\t\t\t\t\t\t<figure class=\"wp-caption\">\n\t\t\t\t\t\t\t\t\t\t\t<a href=\"https:\/\/www.garagebasics.eu\/\" target=\"_blank\">\n\t\t\t\t\t\t\t<img loading=\"lazy\" decoding=\"async\" width=\"300\" height=\"200\" src=\"https:\/\/www.ek-retail.com\/wp-content\/uploads\/2025\/12\/garagelogo_grey.png\" class=\"attachment-large size-large wp-image-63507\" alt=\"\" \/>\t\t\t\t\t\t\t\t<\/a>\n\t\t\t\t\t\t\t\t\t\t\t<figcaption class=\"widget-image-caption wp-caption-text\">Garage<\/figcaption>\n\t\t\t\t\t\t\t\t\t\t<\/figure>\n\t\t\t\t\t\t\t\t\t<\/div>\n\t\t\t\t<\/div>\n\t\t\t\t\t<\/div>\n\t\t\t\t<\/div>\n\t\t\t\t\t\t\t\t<\/div>\n\t\t\t\t\t\t\t\t\t\t\t<div class=\"swiper-slide\" data-slide=\"8\" role=\"group\" aria-roledescription=\"slide\" aria-label=\"8 sur 11\">\n\t\t\t\t\t\t\t<div class=\"elementor-element elementor-element-628214c e-flex e-con-boxed e-con e-child\" data-id=\"628214c\" data-element_type=\"container\" data-e-type=\"container\">\n\t\t\t\t\t<div class=\"e-con-inner\">\n\t\t\t\t<div class=\"elementor-element elementor-element-d5f57a1 fashionbrandlogo elementor-widget elementor-widget-image\" data-id=\"d5f57a1\" data-element_type=\"widget\" data-e-type=\"widget\" data-widget_type=\"image.default\">\n\t\t\t\t<div class=\"elementor-widget-container\">\n\t\t\t\t\t\t\t\t\t\t\t\t<figure class=\"wp-caption\">\n\t\t\t\t\t\t\t\t\t\t\t<a href=\"https:\/\/www.slater.nl\/collectie\/basic\/\" target=\"_blank\">\n\t\t\t\t\t\t\t<img loading=\"lazy\" decoding=\"async\" width=\"300\" height=\"200\" src=\"https:\/\/www.ek-retail.com\/wp-content\/uploads\/2025\/12\/slaterlogo_grey.png\" class=\"attachment-large size-large wp-image-63509\" alt=\"\" \/>\t\t\t\t\t\t\t\t<\/a>\n\t\t\t\t\t\t\t\t\t\t\t<figcaption class=\"widget-image-caption wp-caption-text\">Slater<\/figcaption>\n\t\t\t\t\t\t\t\t\t\t<\/figure>\n\t\t\t\t\t\t\t\t\t<\/div>\n\t\t\t\t<\/div>\n\t\t\t\t\t<\/div>\n\t\t\t\t<\/div>\n\t\t\t\t\t\t\t\t<\/div>\n\t\t\t\t\t\t\t\t\t\t\t<div class=\"swiper-slide\" data-slide=\"9\" role=\"group\" aria-roledescription=\"slide\" aria-label=\"9 sur 11\">\n\t\t\t\t\t\t\t<div class=\"elementor-element elementor-element-a2aeae8 e-flex e-con-boxed e-con e-child\" data-id=\"a2aeae8\" data-element_type=\"container\" data-e-type=\"container\">\n\t\t\t\t\t<div class=\"e-con-inner\">\n\t\t\t\t<div class=\"elementor-element elementor-element-26aeb5f fashionbrandlogo elementor-widget elementor-widget-image\" data-id=\"26aeb5f\" data-element_type=\"widget\" data-e-type=\"widget\" data-widget_type=\"image.default\">\n\t\t\t\t<div class=\"elementor-widget-container\">\n\t\t\t\t\t\t\t\t\t\t\t\t<figure class=\"wp-caption\">\n\t\t\t\t\t\t\t\t\t\t\t<a href=\"https:\/\/www.babyface.eu\/\" target=\"_blank\">\n\t\t\t\t\t\t\t<img loading=\"lazy\" decoding=\"async\" width=\"300\" height=\"200\" src=\"https:\/\/www.ek-retail.com\/wp-content\/uploads\/2025\/12\/babyfacelogo_grey_new.png\" class=\"attachment-large size-large wp-image-63510\" alt=\"\" \/>\t\t\t\t\t\t\t\t<\/a>\n\t\t\t\t\t\t\t\t\t\t\t<figcaption class=\"widget-image-caption wp-caption-text\">Babyface<\/figcaption>\n\t\t\t\t\t\t\t\t\t\t<\/figure>\n\t\t\t\t\t\t\t\t\t<\/div>\n\t\t\t\t<\/div>\n\t\t\t\t\t<\/div>\n\t\t\t\t<\/div>\n\t\t\t\t\t\t\t\t<\/div>\n\t\t\t\t\t\t\t\t\t\t\t<div class=\"swiper-slide\" data-slide=\"10\" role=\"group\" aria-roledescription=\"slide\" aria-label=\"10 sur 11\">\n\t\t\t\t\t\t\t<div class=\"elementor-element elementor-element-88d4f05 e-flex e-con-boxed e-con e-child\" data-id=\"88d4f05\" data-element_type=\"container\" data-e-type=\"container\">\n\t\t\t\t\t<div class=\"e-con-inner\">\n\t\t\t\t<div class=\"elementor-element elementor-element-e0d5a95 fashionbrandlogo elementor-widget elementor-widget-image\" data-id=\"e0d5a95\" data-element_type=\"widget\" data-e-type=\"widget\" data-widget_type=\"image.default\">\n\t\t\t\t<div class=\"elementor-widget-container\">\n\t\t\t\t\t\t\t\t\t\t\t\t<figure class=\"wp-caption\">\n\t\t\t\t\t\t\t\t\t\t\t<a href=\"https:\/\/www.stainsandstories.com\/\" target=\"_blank\">\n\t\t\t\t\t\t\t<img loading=\"lazy\" decoding=\"async\" width=\"300\" height=\"200\" src=\"https:\/\/www.ek-retail.com\/wp-content\/uploads\/2025\/12\/stainslogo_grey.png\" class=\"attachment-large size-large wp-image-63511\" alt=\"\" \/>\t\t\t\t\t\t\t\t<\/a>\n\t\t\t\t\t\t\t\t\t\t\t<figcaption class=\"widget-image-caption wp-caption-text\">Stains &amp; Stories<\/figcaption>\n\t\t\t\t\t\t\t\t\t\t<\/figure>\n\t\t\t\t\t\t\t\t\t<\/div>\n\t\t\t\t<\/div>\n\t\t\t\t\t<\/div>\n\t\t\t\t<\/div>\n\t\t\t\t\t\t\t\t<\/div>\n\t\t\t\t\t\t\t\t\t\t\t<div class=\"swiper-slide\" data-slide=\"11\" role=\"group\" aria-roledescription=\"slide\" aria-label=\"11 sur 11\">\n\t\t\t\t\t\t\t<div class=\"elementor-element elementor-element-1741905 e-flex e-con-boxed e-con e-child\" data-id=\"1741905\" data-element_type=\"container\" data-e-type=\"container\">\n\t\t\t\t\t<div class=\"e-con-inner\">\n\t\t\t\t<div class=\"elementor-element elementor-element-fa85616 fashionbrandlogo elementor-widget elementor-widget-image\" data-id=\"fa85616\" data-element_type=\"widget\" data-e-type=\"widget\" data-widget_type=\"image.default\">\n\t\t\t\t<div class=\"elementor-widget-container\">\n\t\t\t\t\t\t\t\t\t\t\t\t<figure class=\"wp-caption\">\n\t\t\t\t\t\t\t\t\t\t\t<a href=\"https:\/\/www.atinystory.com\/en\/\" target=\"_blank\">\n\t\t\t\t\t\t\t<img loading=\"lazy\" decoding=\"async\" width=\"300\" height=\"200\" src=\"https:\/\/www.ek-retail.com\/wp-content\/uploads\/2025\/12\/atinystorylogo_grey.png\" class=\"attachment-full size-full wp-image-63512\" alt=\"\" \/>\t\t\t\t\t\t\t\t<\/a>\n\t\t\t\t\t\t\t\t\t\t\t<figcaption class=\"widget-image-caption wp-caption-text\">A Tiny Story<\/figcaption>\n\t\t\t\t\t\t\t\t\t\t<\/figure>\n\t\t\t\t\t\t\t\t\t<\/div>\n\t\t\t\t<\/div>\n\t\t\t\t\t<\/div>\n\t\t\t\t<\/div>\n\t\t\t\t\t\t\t\t<\/div>\n\t\t\t\t\t\t\t\t<\/div>\n\t\t<\/div>\n\t\t\t\t\t<div class=\"elementor-swiper-button elementor-swiper-button-prev\" role=\"button\" tabindex=\"0\" aria-label=\"Pr\u00e9c\u00e9dent\">\n\t\t\t\t<i aria-hidden=\"true\" class=\"fas fa-chevron-left\"><\/i>\t\t\t<\/div>\n\t\t\t<div class=\"elementor-swiper-button elementor-swiper-button-next\" role=\"button\" tabindex=\"0\" aria-label=\"Suivant\">\n\t\t\t\t<i aria-hidden=\"true\" class=\"fas fa-chevron-right\"><\/i>\t\t\t<\/div>\n\t\t\t\t\t\t<\/div>\n\t\t\t\t<\/div>\n\t\t\t\t\t<\/div>\n\t\t\t\t<\/div>\n\t\t<div class=\"elementor-element elementor-element-21dc435b our-service-section e-flex e-con-boxed e-con e-parent\" data-id=\"21dc435b\" data-element_type=\"container\" data-e-type=\"container\" data-settings=\"{&quot;background_background&quot;:&quot;classic&quot;}\">\n\t\t\t\t\t<div class=\"e-con-inner\">\n\t\t\t\t<div class=\"elementor-element elementor-element-3cc8670 elementor-widget__width-initial elementor-widget elementor-widget-text-editor\" data-id=\"3cc8670\" data-element_type=\"widget\" data-e-type=\"widget\" data-widget_type=\"text-editor.default\">\n\t\t\t\t<div class=\"elementor-widget-container\">\n\t\t\t\t\t\t\t\t\t<h2><strong>EK Fashion&nbsp;: Nos services<\/strong><\/h2><div><p>\u00c0 l&rsquo;\u00e9chelle mondiale, de plus en plus de personnes pensent que consommer moins am\u00e9liore notre monde. L&rsquo;avenir est prometteur pour les d\u00e9taillants ind\u00e9pendants&nbsp;: moins de clients consid\u00e8rent les v\u00eatements comme trop chers, et les conseils personnalis\u00e9s comptent plus que jamais. Les gens veulent des h\u00e9ros locaux, des entrepreneurs de la mode qui privil\u00e9gient la qualit\u00e9 et la pertinence \u00e0 la quantit\u00e9. Lorsque vous vous concentrez sur ce qui compte vraiment, les clients vous choisiront.   <\/p><p>EK Fashion donne aux d\u00e9taillants ind\u00e9pendants les moyens d&rsquo;acc\u00e9der \u00e0 de meilleures donn\u00e9es, \u00e0 des collections s\u00e9lectionn\u00e9es et \u00e0 des canaux efficaces, les \u00e9l\u00e9ments constitutifs d&rsquo;une solide performance dans le secteur de la mode.<\/p><\/div>\t\t\t\t\t\t\t\t<\/div>\n\t\t\t\t<\/div>\n\t\t<div class=\"elementor-element elementor-element-49f796c e-grid e-con-full e-con e-child\" data-id=\"49f796c\" data-element_type=\"container\" data-e-type=\"container\">\n\t\t\t\t<div class=\"elementor-element elementor-element-4b77305 elementor-widget elementor-widget-n-accordion\" data-id=\"4b77305\" data-element_type=\"widget\" data-e-type=\"widget\" data-settings=\"{&quot;default_state&quot;:&quot;all_collapsed&quot;,&quot;max_items_expended&quot;:&quot;one&quot;,&quot;n_accordion_animation_duration&quot;:{&quot;unit&quot;:&quot;ms&quot;,&quot;size&quot;:400,&quot;sizes&quot;:[]}}\" data-widget_type=\"nested-accordion.default\">\n\t\t\t\t<div class=\"elementor-widget-container\">\n\t\t\t\t\t\t\t<div class=\"e-n-accordion\" aria-label=\"Accordion. Open links with Enter or Space, close with Escape, and navigate with Arrow Keys\">\n\t\t\t\t\t\t<details id=\"e-n-accordion-item-7910\" class=\"e-n-accordion-item\" >\n\t\t\t\t<summary class=\"e-n-accordion-item-title\" data-accordion-index=\"1\" tabindex=\"0\" aria-expanded=\"false\" aria-controls=\"e-n-accordion-item-7910\" >\n\t\t\t\t\t<span class='e-n-accordion-item-title-header'><h4 class=\"e-n-accordion-item-title-text\"> Consultant en vente au d\u00e9tail <\/h4><\/span>\n\t\t\t\t\t\t\t<span class='e-n-accordion-item-title-icon'>\n\t\t\t<span class='e-opened' ><i aria-hidden=\"true\" class=\"fas fa-angle-up\"><\/i><\/span>\n\t\t\t<span class='e-closed'><i aria-hidden=\"true\" class=\"fas fa-angle-down\"><\/i><\/span>\n\t\t<\/span>\n\n\t\t\t\t\t\t<\/summary>\n\t\t\t\t<div role=\"region\" aria-labelledby=\"e-n-accordion-item-7910\" class=\"elementor-element elementor-element-54c24a9 e-con-full e-flex e-con e-child\" data-id=\"54c24a9\" data-element_type=\"container\" data-e-type=\"container\">\n\t\t\t\t<div class=\"elementor-element elementor-element-f599a04 elementor-widget elementor-widget-text-editor\" data-id=\"f599a04\" data-element_type=\"widget\" data-e-type=\"widget\" data-widget_type=\"text-editor.default\">\n\t\t\t\t<div class=\"elementor-widget-container\">\n\t\t\t\t\t\t\t\t\t<p dir=\"auto\">EK Fashion vous aide \u00e0 b\u00e2tir un avenir avec un r\u00e9el potentiel, pour vos clients et votre entreprise. Le succ\u00e8s d\u00e9pend de choix judicieux. Gr\u00e2ce \u00e0 des services sur mesure et \u00e0 un soutien d&rsquo;experts, nous vous aidons \u00e0 acheter plus intelligemment, \u00e0 r\u00e9duire le gaspillage et \u00e0 renforcer votre r\u00f4le sur le march\u00e9 local.  <\/p><p dir=\"auto\"><strong>Mettez l&rsquo;accent sur la qualit\u00e9 plut\u00f4t que sur la quantit\u00e9. Offrez un style personnel au lieu de tendances passag\u00e8res. <\/strong><\/p><p dir=\"auto\">Nous proposons des mod\u00e8les de collaboration flexibles, allant de simples partenariats de paiement \u00e0 une int\u00e9gration profonde au sein de l&rsquo;un de nos groupes, personnalis\u00e9s pour r\u00e9pondre \u00e0 vos besoins. <a href=\"https:\/\/www.ek-retail.com\/fr\/contact\/\">Demandez-nous.\u200b<\/a><\/p>\t\t\t\t\t\t\t\t<\/div>\n\t\t\t\t<\/div>\n\t\t\t\t<\/div>\n\t\t\t\t\t<\/details>\n\t\t\t\t\t\t<details id=\"e-n-accordion-item-7911\" class=\"e-n-accordion-item\" >\n\t\t\t\t<summary class=\"e-n-accordion-item-title\" data-accordion-index=\"2\" tabindex=\"-1\" aria-expanded=\"false\" aria-controls=\"e-n-accordion-item-7911\" >\n\t\t\t\t\t<span class='e-n-accordion-item-title-header'><h4 class=\"e-n-accordion-item-title-text\"> Informatique d\u00e9cisionnelle <\/h4><\/span>\n\t\t\t\t\t\t\t<span class='e-n-accordion-item-title-icon'>\n\t\t\t<span class='e-opened' ><i aria-hidden=\"true\" class=\"fas fa-angle-up\"><\/i><\/span>\n\t\t\t<span class='e-closed'><i aria-hidden=\"true\" class=\"fas fa-angle-down\"><\/i><\/span>\n\t\t<\/span>\n\n\t\t\t\t\t\t<\/summary>\n\t\t\t\t<div role=\"region\" aria-labelledby=\"e-n-accordion-item-7911\" class=\"elementor-element elementor-element-60c99cf e-con-full e-flex e-con e-child\" data-id=\"60c99cf\" data-element_type=\"container\" data-e-type=\"container\">\n\t\t\t\t<div class=\"elementor-element elementor-element-29600d1 elementor-widget elementor-widget-text-editor\" data-id=\"29600d1\" data-element_type=\"widget\" data-e-type=\"widget\" data-widget_type=\"text-editor.default\">\n\t\t\t\t<div class=\"elementor-widget-container\">\n\t\t\t\t\t\t\t\t\t<p> En analysant les donn\u00e9es de vente au d\u00e9tail dans l&rsquo;ensemble du secteur, nous fournissons des informations pr\u00e9cieuses et des pr\u00e9visions sur les tendances et le comportement des consommateurs. Gr\u00e2ce \u00e0 notre matrice de style unique, nous vous fournissons des solutions pragmatiques et des conseils personnalis\u00e9s en mati\u00e8re de collection.  <a href=\"https:\/\/www.ek-retail.com\/fr\/contact\/\">Demandez-nous.\u200b<\/a><\/p>\t\t\t\t\t\t\t\t<\/div>\n\t\t\t\t<\/div>\n\t\t\t\t<\/div>\n\t\t\t\t\t<\/details>\n\t\t\t\t\t\t<details id=\"e-n-accordion-item-7912\" class=\"e-n-accordion-item\" >\n\t\t\t\t<summary class=\"e-n-accordion-item-title\" data-accordion-index=\"3\" tabindex=\"-1\" aria-expanded=\"false\" aria-controls=\"e-n-accordion-item-7912\" >\n\t\t\t\t\t<span class='e-n-accordion-item-title-header'><h4 class=\"e-n-accordion-item-title-text\"> ESG <\/h4><\/span>\n\t\t\t\t\t\t\t<span class='e-n-accordion-item-title-icon'>\n\t\t\t<span class='e-opened' ><i aria-hidden=\"true\" class=\"fas fa-angle-up\"><\/i><\/span>\n\t\t\t<span class='e-closed'><i aria-hidden=\"true\" class=\"fas fa-angle-down\"><\/i><\/span>\n\t\t<\/span>\n\n\t\t\t\t\t\t<\/summary>\n\t\t\t\t<div role=\"region\" aria-labelledby=\"e-n-accordion-item-7912\" class=\"elementor-element elementor-element-1e44d85 e-con-full e-flex e-con e-child\" data-id=\"1e44d85\" data-element_type=\"container\" data-e-type=\"container\">\n\t\t\t\t<div class=\"elementor-element elementor-element-abaa4d4 elementor-widget elementor-widget-text-editor\" data-id=\"abaa4d4\" data-element_type=\"widget\" data-e-type=\"widget\" data-widget_type=\"text-editor.default\">\n\t\t\t\t<div class=\"elementor-widget-container\">\n\t\t\t\t\t\t\t\t\t<p>En 2019, EK Fashion a structur\u00e9 sa politique ESG autour de trois piliers : soutenir la prochaine g\u00e9n\u00e9ration de d\u00e9taillants, r\u00e9duire l&rsquo;impact environnemental et renforcer l&rsquo;impact social. <a href=\"https:\/\/www.ek-retail.com\/fr\/contact\/\">Demandez-nous.\u200b<\/a><\/p>\t\t\t\t\t\t\t\t<\/div>\n\t\t\t\t<\/div>\n\t\t\t\t<\/div>\n\t\t\t\t\t<\/details>\n\t\t\t\t\t\t<details id=\"e-n-accordion-item-7913\" class=\"e-n-accordion-item\" >\n\t\t\t\t<summary class=\"e-n-accordion-item-title\" data-accordion-index=\"4\" tabindex=\"-1\" aria-expanded=\"false\" aria-controls=\"e-n-accordion-item-7913\" >\n\t\t\t\t\t<span class='e-n-accordion-item-title-header'><h4 class=\"e-n-accordion-item-title-text\"> Boucle de fid\u00e9lisation <\/h4><\/span>\n\t\t\t\t\t\t\t<span class='e-n-accordion-item-title-icon'>\n\t\t\t<span class='e-opened' ><i aria-hidden=\"true\" class=\"fas fa-angle-up\"><\/i><\/span>\n\t\t\t<span class='e-closed'><i aria-hidden=\"true\" class=\"fas fa-angle-down\"><\/i><\/span>\n\t\t<\/span>\n\n\t\t\t\t\t\t<\/summary>\n\t\t\t\t<div role=\"region\" aria-labelledby=\"e-n-accordion-item-7913\" class=\"elementor-element elementor-element-d92b40f e-flex e-con-boxed e-con e-child\" data-id=\"d92b40f\" data-element_type=\"container\" data-e-type=\"container\">\n\t\t\t\t\t<div class=\"e-con-inner\">\n\t\t\t\t<div class=\"elementor-element elementor-element-98decf6 elementor-widget elementor-widget-text-editor\" data-id=\"98decf6\" data-element_type=\"widget\" data-e-type=\"widget\" data-widget_type=\"text-editor.default\">\n\t\t\t\t<div class=\"elementor-widget-container\">\n\t\t\t\t\t\t\t\t\t<p>Besoin d&rsquo;aide pour \u00e9tablir des relations clients plus solides gr\u00e2ce \u00e0 des outils intelligents, des informations et un engagement personnalis\u00e9&nbsp;? <a href=\"MAILTO:EKFASHION@EK-RETAIL.COM\">Demandez-nous.\u200b<\/a><\/p>\t\t\t\t\t\t\t\t<\/div>\n\t\t\t\t<\/div>\n\t\t\t\t\t<\/div>\n\t\t\t\t<\/div>\n\t\t\t\t\t<\/details>\n\t\t\t\t\t<\/div>\n\t\t\t\t\t\t<\/div>\n\t\t\t\t<\/div>\n\t\t\t\t<div class=\"elementor-element elementor-element-1ad8a82 elementor-widget elementor-widget-n-accordion\" data-id=\"1ad8a82\" data-element_type=\"widget\" data-e-type=\"widget\" data-settings=\"{&quot;default_state&quot;:&quot;all_collapsed&quot;,&quot;max_items_expended&quot;:&quot;one&quot;,&quot;n_accordion_animation_duration&quot;:{&quot;unit&quot;:&quot;ms&quot;,&quot;size&quot;:400,&quot;sizes&quot;:[]}}\" data-widget_type=\"nested-accordion.default\">\n\t\t\t\t<div class=\"elementor-widget-container\">\n\t\t\t\t\t\t\t<div class=\"e-n-accordion\" aria-label=\"Accordion. Open links with Enter or Space, close with Escape, and navigate with Arrow Keys\">\n\t\t\t\t\t\t<details id=\"e-n-accordion-item-2810\" class=\"e-n-accordion-item\" >\n\t\t\t\t<summary class=\"e-n-accordion-item-title\" data-accordion-index=\"1\" tabindex=\"0\" aria-expanded=\"false\" aria-controls=\"e-n-accordion-item-2810\" >\n\t\t\t\t\t<span class='e-n-accordion-item-title-header'><h4 class=\"e-n-accordion-item-title-text\"> Marketing <\/h4><\/span>\n\t\t\t\t\t\t\t<span class='e-n-accordion-item-title-icon'>\n\t\t\t<span class='e-opened' ><i aria-hidden=\"true\" class=\"fas fa-angle-up\"><\/i><\/span>\n\t\t\t<span class='e-closed'><i aria-hidden=\"true\" class=\"fas fa-angle-down\"><\/i><\/span>\n\t\t<\/span>\n\n\t\t\t\t\t\t<\/summary>\n\t\t\t\t<div role=\"region\" aria-labelledby=\"e-n-accordion-item-2810\" class=\"elementor-element elementor-element-745aa8d e-con-full e-flex e-con e-child\" data-id=\"745aa8d\" data-element_type=\"container\" data-e-type=\"container\">\n\t\t\t\t<div class=\"elementor-element elementor-element-e8b2550 elementor-widget elementor-widget-text-editor\" data-id=\"e8b2550\" data-element_type=\"widget\" data-e-type=\"widget\" data-widget_type=\"text-editor.default\">\n\t\t\t\t<div class=\"elementor-widget-container\">\n\t\t\t\t\t\t\t\t\t<p>Nous soutenons les d\u00e9taillants dans toutes leurs activit\u00e9s de marketing, du r\u00e9f\u00e9rencement et du marketing par courriel \u00e0 la cr\u00e9ation de banni\u00e8res et de mat\u00e9riel promotionnel en magasin. <a href=\"https:\/\/www.ek-retail.com\/fr\/contact\/\">Demandez-nous.\u200b<\/a><\/p>\t\t\t\t\t\t\t\t<\/div>\n\t\t\t\t<\/div>\n\t\t\t\t<\/div>\n\t\t\t\t\t<\/details>\n\t\t\t\t\t\t<details id=\"e-n-accordion-item-2811\" class=\"e-n-accordion-item\" >\n\t\t\t\t<summary class=\"e-n-accordion-item-title\" data-accordion-index=\"2\" tabindex=\"-1\" aria-expanded=\"false\" aria-controls=\"e-n-accordion-item-2811\" >\n\t\t\t\t\t<span class='e-n-accordion-item-title-header'><h4 class=\"e-n-accordion-item-title-text\"> Omnicanal <\/h4><\/span>\n\t\t\t\t\t\t\t<span class='e-n-accordion-item-title-icon'>\n\t\t\t<span class='e-opened' ><i aria-hidden=\"true\" class=\"fas fa-angle-up\"><\/i><\/span>\n\t\t\t<span class='e-closed'><i aria-hidden=\"true\" class=\"fas fa-angle-down\"><\/i><\/span>\n\t\t<\/span>\n\n\t\t\t\t\t\t<\/summary>\n\t\t\t\t<div role=\"region\" aria-labelledby=\"e-n-accordion-item-2811\" class=\"elementor-element elementor-element-25c4af7 e-con-full e-flex e-con e-child\" data-id=\"25c4af7\" data-element_type=\"container\" data-e-type=\"container\">\n\t\t\t\t<div class=\"elementor-element elementor-element-fd49046 elementor-widget elementor-widget-text-editor\" data-id=\"fd49046\" data-element_type=\"widget\" data-e-type=\"widget\" data-widget_type=\"text-editor.default\">\n\t\t\t\t<div class=\"elementor-widget-container\">\n\t\t\t\t\t\t\t\t\t<p> La vente au d\u00e9tail omnicanale efficace (OCR) n\u00e9cessite une collaboration transparente entre tous les partenaires en mati\u00e8re d&rsquo;\u00e9change de donn\u00e9es. EK Fashion sert de lien entre les marques et les d\u00e9taillants, et nous num\u00e9risons l&rsquo;ensemble du processus.  <a href=\"MAILTO:EKFASHION@EK-RETAIL.COM\" data-wplink-edit=\"true\">Demandez-nous.\u200b<\/a><\/p>\t\t\t\t\t\t\t\t<\/div>\n\t\t\t\t<\/div>\n\t\t\t\t<\/div>\n\t\t\t\t\t<\/details>\n\t\t\t\t\t\t<details id=\"e-n-accordion-item-2812\" class=\"e-n-accordion-item\" >\n\t\t\t\t<summary class=\"e-n-accordion-item-title\" data-accordion-index=\"3\" tabindex=\"-1\" aria-expanded=\"false\" aria-controls=\"e-n-accordion-item-2812\" >\n\t\t\t\t\t<span class='e-n-accordion-item-title-header'><h4 class=\"e-n-accordion-item-title-text\"> Produit <\/h4><\/span>\n\t\t\t\t\t\t\t<span class='e-n-accordion-item-title-icon'>\n\t\t\t<span class='e-opened' ><i aria-hidden=\"true\" class=\"fas fa-angle-up\"><\/i><\/span>\n\t\t\t<span class='e-closed'><i aria-hidden=\"true\" class=\"fas fa-angle-down\"><\/i><\/span>\n\t\t<\/span>\n\n\t\t\t\t\t\t<\/summary>\n\t\t\t\t<div role=\"region\" aria-labelledby=\"e-n-accordion-item-2812\" class=\"elementor-element elementor-element-7f65f94 e-con-full e-flex e-con e-child\" data-id=\"7f65f94\" data-element_type=\"container\" data-e-type=\"container\">\n\t\t\t\t<div class=\"elementor-element elementor-element-84deac0 elementor-widget elementor-widget-text-editor\" data-id=\"84deac0\" data-element_type=\"widget\" data-e-type=\"widget\" data-widget_type=\"text-editor.default\">\n\t\t\t\t<div class=\"elementor-widget-container\">\n\t\t\t\t\t\t\t\t\t<p>En comprenant ce que vos clients veulent et en leur offrant des conseils personnalis\u00e9s, vous les aidez \u00e0 constituer une garde-robe \u00e9quilibr\u00e9e. Tout au long de l&rsquo;ann\u00e9e, nous vous proposons des collections exclusives de mode pour femmes, enfants et hommes, ce qui garantit que votre assortiment se d\u00e9marque et reste unique sur un march\u00e9 concurrentiel.  <a href=\"MAILTO:EKFASHION@EK-RETAIL.COM\" data-wplink-edit=\"true\">Demandez-nous.\u200b<\/a><\/p>\t\t\t\t\t\t\t\t<\/div>\n\t\t\t\t<\/div>\n\t\t\t\t<\/div>\n\t\t\t\t\t<\/details>\n\t\t\t\t\t<\/div>\n\t\t\t\t\t\t<\/div>\n\t\t\t\t<\/div>\n\t\t\t\t<\/div>\n\t\t\t\t\t<\/div>\n\t\t\t\t<\/div>\n\t\t<div class=\"elementor-element elementor-element-e3b1903 news-slider-section elementor-hidden-mobile e-flex e-con-boxed e-con e-parent\" data-id=\"e3b1903\" data-element_type=\"container\" data-e-type=\"container\">\n\t\t\t\t\t<div class=\"e-con-inner\">\n\t\t\t\t<div class=\"elementor-element elementor-element-63ac834 elementor-widget__width-initial elementor-widget elementor-widget-heading\" data-id=\"63ac834\" data-element_type=\"widget\" data-e-type=\"widget\" data-widget_type=\"heading.default\">\n\t\t\t\t<div class=\"elementor-widget-container\">\n\t\t\t\t\t<h2 class=\"elementor-heading-title elementor-size-default\">Sous les projecteurs<\/h2>\t\t\t\t<\/div>\n\t\t\t\t<\/div>\n\t\t\t\t<div class=\"elementor-element elementor-element-913dba2 elementor-widget__width-initial elementor-widget elementor-widget-text-editor\" data-id=\"913dba2\" data-element_type=\"widget\" data-e-type=\"widget\" data-widget_type=\"text-editor.default\">\n\t\t\t\t<div class=\"elementor-widget-container\">\n\t\t\t\t\t\t\t\t\t<p>Vous trouverez ici toutes les derni\u00e8res nouvelles sur le th\u00e8me de la mode.<\/p>\t\t\t\t\t\t\t\t<\/div>\n\t\t\t\t<\/div>\n\t\t\t\t<div class=\"elementor-element elementor-element-16e6b9c news-grid preserve-img-ratio-cover elementor-widget elementor-widget-the7_elements\" data-id=\"16e6b9c\" data-element_type=\"widget\" data-e-type=\"widget\" data-widget_type=\"the7_elements.default\">\n\t\t\t\t<div class=\"elementor-widget-container\">\n\t\t\t\t\t<div class=\"portfolio-shortcode the7-elementor-widget the7_elements-16e6b9c mode-grid dt-css-grid-wrap classic-layout-list description-under-image quick-scale-img content-bg-on enable-bg-rollover resize-by-browser-width loading-effect-move-up jquery-filter\" data-padding=\"20px\" data-mobile-columns-num=\"1\" data-tablet-columns-num=\"2\" data-desktop-columns-num=\"4\" data-wide-desktop-columns-num=\"4\" data-post-limit=\"-1\" data-pagination-mode=\"none\" data-scroll-offset=\"\" aria-live=\"assertive\"><div class=\"dt-css-grid custom-pagination-handler\"><div class=\"visible wf-cell\" data-post-id=\"64961\" data-date=\"2026-02-11T09:14:00+01:00\" data-name=\"Sous les projecteurs : Dolimah de Best-Dumernit \u2013 37 ans de passion pour la mode chez Cees de Best B.V.\"><article class=\"post visible no-img post-64961 stories type-stories status-publish format-standard hentry category-ek-fashion description-off\" data-name=\"Sous les projecteurs : Dolimah de Best-Dumernit \u2013 37 ans de passion pour la mode chez Cees de Best B.V.\" data-date=\"2026-02-11T09:14:00+01:00\">\n\n<div class=\"post-entry-content\">\n\n\t<h3 class=\"ele-entry-title\"><a href=\"https:\/\/www.ek-retail.com\/fr\/stories\/sous-les-projecteurs-dolimah-de-best-dumernit-37-ans-de-passion-pour-la-mode-chez-cees-de-best-b-v\/\" rel=\"bookmark\" title=\"Sous les projecteurs : Dolimah de Best-Dumernit \u2013 37 ans de passion pour la mode chez Cees de Best B.V.\">Sous les projecteurs : Dolimah de Best-Dumernit \u2013 37 ans de passion pour la mode chez Cees de Best B.V.<\/a><\/h3><div class=\"entry-meta\"><span class=\"meta-item category-link\"><a href=\"https:\/\/www.ek-retail.com\/fr\/category\/ek-fashion\/\" rel=\"tag\">EK Fashion<\/a><\/span><\/div><div class=\"entry-excerpt\"><p>\u00c0 propos de croissance, de collaboration et de l&rsquo;avenir de la mode\u00a0\u00bb Une vie dans la modeAvec pas moins de 37 ans d&rsquo;exp\u00e9rience dans le&hellip;<\/p>\n<\/div><a href=\"https:\/\/www.ek-retail.com\/fr\/stories\/sous-les-projecteurs-dolimah-de-best-dumernit-37-ans-de-passion-pour-la-mode-chez-cees-de-best-b-v\/\" target=\"\" aria-label=\"En savoir plus sur Sous les projecteurs : Dolimah de Best-Dumernit \u2013 37 ans de passion pour la mode chez Cees de Best B.V.\" class=\"box-button elementor-button elementor-size-md\">En savoir plus<\/a>\n<\/div><\/article><\/div><div class=\"visible wf-cell\" data-post-id=\"64952\" data-date=\"2026-02-10T16:42:01+01:00\" data-name=\"In de spotlight: Peter van \u2019t Veen \u2013 De ondernemer achter JANSEN Amsterdam\"><article class=\"post visible no-img post-64952 stories type-stories status-publish format-standard hentry category-ek-fashion description-off\" data-name=\"In de spotlight: Peter van \u2019t Veen \u2013 De ondernemer achter JANSEN Amsterdam\" data-date=\"2026-02-10T16:42:01+01:00\">\n\n<div class=\"post-entry-content\">\n\n\t<h3 class=\"ele-entry-title\"><a href=\"https:\/\/www.ek-retail.com\/fr\/stories\/in-de-spotlight-peter-van-t-veen-de-ondernemer-achter-jansen-amsterdam\/\" rel=\"bookmark\" title=\"In de spotlight: Peter van \u2019t Veen \u2013 De ondernemer achter JANSEN Amsterdam\">In de spotlight: Peter van \u2019t Veen \u2013 De ondernemer achter JANSEN Amsterdam<\/a><\/h3><div class=\"entry-meta\"><span class=\"meta-item category-link\"><a href=\"https:\/\/www.ek-retail.com\/fr\/category\/ek-fashion\/\" rel=\"tag\">EK Fashion<\/a><\/span><\/div><div class=\"entry-excerpt\"><p>Cr\u00e9er des v\u00eatements qui aident les femmes \u00e0 se sentir confiantes et belles. Peter van &lsquo;t Veen est un v\u00e9ritable homme de mode. Son parcours&hellip;<\/p>\n<\/div><a href=\"https:\/\/www.ek-retail.com\/fr\/stories\/in-de-spotlight-peter-van-t-veen-de-ondernemer-achter-jansen-amsterdam\/\" target=\"\" aria-label=\"En savoir plus sur In de spotlight: Peter van \u2019t Veen \u2013 De ondernemer achter JANSEN Amsterdam\" class=\"box-button elementor-button elementor-size-md\">En savoir plus<\/a>\n<\/div><\/article><\/div><div class=\"visible wf-cell\" data-post-id=\"63899\" data-date=\"2026-02-02T16:22:46+01:00\" data-name=\"\u00c0 la une : Anne &amp; Jet Mode \u00e0 Dokkum\"><article class=\"post visible no-img post-63899 stories type-stories status-publish format-standard hentry category-ek-fashion description-off\" data-name=\"\u00c0 la une : Anne &amp; Jet Mode \u00e0 Dokkum\" data-date=\"2026-02-02T16:22:46+01:00\">\n\n<div class=\"post-entry-content\">\n\n\t<h3 class=\"ele-entry-title\"><a href=\"https:\/\/www.ek-retail.com\/fr\/stories\/pleins-feux-sur-anne-jet-mode-a-dokkum\/\" rel=\"bookmark\" title=\"\u00c0 la une : Anne &amp; Jet Mode \u00e0 Dokkum\">\u00c0 la une : Anne &amp; Jet Mode \u00e0 Dokkum<\/a><\/h3><div class=\"entry-meta\"><span class=\"meta-item category-link\"><a href=\"https:\/\/www.ek-retail.com\/fr\/category\/ek-fashion\/\" rel=\"tag\">EK Fashion<\/a><\/span><\/div><div class=\"entry-excerpt\"><p>Un magasin o\u00f9 la passion pour la mode et le service personnalis\u00e9 se rencontrent Au c\u0153ur de Dokkum, vous trouverez Anne &amp; Jet Mode, un&hellip;<\/p>\n<\/div><a href=\"https:\/\/www.ek-retail.com\/fr\/stories\/pleins-feux-sur-anne-jet-mode-a-dokkum\/\" target=\"\" aria-label=\"En savoir plus sur \u00c0 la une : Anne &amp; Jet Mode \u00e0 Dokkum\" class=\"box-button elementor-button elementor-size-md\">En savoir plus<\/a>\n<\/div><\/article><\/div><div class=\"visible wf-cell\" data-post-id=\"65612\" data-date=\"2025-12-03T13:15:00+01:00\" data-name=\"Frank Heus prend la direction d&#039;EK Fashion\"><article class=\"post visible no-img post-65612 stories type-stories status-publish format-standard hentry category-ek-fashion description-off\" data-name=\"Frank Heus prend la direction d&rsquo;EK Fashion\" data-date=\"2025-12-03T13:15:00+01:00\">\n\n<div class=\"post-entry-content\">\n\n\t<h3 class=\"ele-entry-title\"><a href=\"https:\/\/www.ek-retail.com\/fr\/stories\/frank-heus-prend-la-direction-dek-fashion\/\" rel=\"bookmark\" title=\"Frank Heus prend la direction d&rsquo;EK Fashion\">Frank Heus prend la direction d&rsquo;EK Fashion<\/a><\/h3><div class=\"entry-meta\"><span class=\"meta-item category-link\"><a href=\"https:\/\/www.ek-retail.com\/fr\/category\/ek-fashion\/\" rel=\"tag\">EK Fashion<\/a><\/span><\/div><div class=\"entry-excerpt\"><p>Amersfoort\/Bielefeld, 3 d\u00e9cembre 2025 \u2013 Frank Heus deviendra le nouveau directeur de l&rsquo;unit\u00e9 commerciale EK Fashion : Le dirigeant n\u00e9erlandais prendra la responsabilit\u00e9 du segment&hellip;<\/p>\n<\/div><a href=\"https:\/\/www.ek-retail.com\/fr\/stories\/frank-heus-prend-la-direction-dek-fashion\/\" target=\"\" aria-label=\"En savoir plus sur Frank Heus prend la direction d&rsquo;EK Fashion\" class=\"box-button elementor-button elementor-size-md\">En savoir plus<\/a>\n<\/div><\/article><\/div><\/div><!-- iso-container|iso-grid --><\/div>\t\t\t\t<\/div>\n\t\t\t\t<\/div>\n\t\t\t\t\t<\/div>\n\t\t\t\t<\/div>\n\t\t<div class=\"elementor-element elementor-element-4a3e868 whats-going-section-mobile elementor-hidden-desktop elementor-hidden-tablet e-flex e-con-boxed e-con e-parent\" data-id=\"4a3e868\" data-element_type=\"container\" data-e-type=\"container\">\n\t\t\t\t\t<div class=\"e-con-inner\">\n\t\t\t\t<div class=\"elementor-element elementor-element-64f49f1 elementor-widget__width-initial elementor-widget elementor-widget-heading\" data-id=\"64f49f1\" data-element_type=\"widget\" data-e-type=\"widget\" data-widget_type=\"heading.default\">\n\t\t\t\t<div class=\"elementor-widget-container\">\n\t\t\t\t\t<h2 class=\"elementor-heading-title elementor-size-default\">Sous les projecteurs<\/h2>\t\t\t\t<\/div>\n\t\t\t\t<\/div>\n\t\t\t\t<div class=\"elementor-element elementor-element-7bf50ea elementor-widget__width-initial elementor-widget elementor-widget-text-editor\" data-id=\"7bf50ea\" data-element_type=\"widget\" data-e-type=\"widget\" data-widget_type=\"text-editor.default\">\n\t\t\t\t<div class=\"elementor-widget-container\">\n\t\t\t\t\t\t\t\t\t<p>Vous trouverez ici toutes les derni\u00e8res nouvelles sur le th\u00e8me de la mode.<\/p>\t\t\t\t\t\t\t\t<\/div>\n\t\t\t\t<\/div>\n\t\t\t\t<div class=\"elementor-element elementor-element-b1c2fb5 bullets-fill-in arrows-relative-to-box_area elementor-widget elementor-widget-the7_elements_carousel\" data-id=\"b1c2fb5\" data-element_type=\"widget\" data-e-type=\"widget\" data-settings=\"{&quot;widget_columns_wide_desktop_breakpoint&quot;:768,&quot;widget_columns&quot;:3,&quot;widget_columns_tablet&quot;:2,&quot;widget_columns_mobile&quot;:1,&quot;gap_between_posts&quot;:{&quot;unit&quot;:&quot;px&quot;,&quot;size&quot;:15,&quot;sizes&quot;:[]},&quot;gap_between_posts_tablet&quot;:{&quot;unit&quot;:&quot;px&quot;,&quot;size&quot;:&quot;&quot;,&quot;sizes&quot;:[]},&quot;gap_between_posts_mobile&quot;:{&quot;unit&quot;:&quot;px&quot;,&quot;size&quot;:&quot;&quot;,&quot;sizes&quot;:[]}}\" data-widget_type=\"the7_elements_carousel.default\">\n\t\t\t\t<div class=\"elementor-widget-container\">\n\t\t\t\t\t<div class=\"disable-arrows-hover-bg the7_elements_carousel-b1c2fb5 owl-carousel portfolio-carousel-shortcode elementor-owl-carousel-call portfolio-shortcode the7-elementor-widget content-bg-on classic-layout-list description-under-image quick-scale-img enable-bg-rollover\" data-scroll-mode=\"1\" data-auto-height=\"false\" data-speed=\"600\" data-autoplay=\"false\" data-autoplay_speed=\"\"><article class=\"post visible no-img post-64961 stories type-stories status-publish format-standard hentry category-ek-fashion description-off\">\n\n<div class=\"post-entry-content\">\n\n\t<h3 class=\"ele-entry-title\"><a href=\"https:\/\/www.ek-retail.com\/fr\/stories\/sous-les-projecteurs-dolimah-de-best-dumernit-37-ans-de-passion-pour-la-mode-chez-cees-de-best-b-v\/\" rel=\"bookmark\" title=\"Sous les projecteurs : Dolimah de Best-Dumernit \u2013 37 ans de passion pour la mode chez Cees de Best B.V.\">Sous les projecteurs : Dolimah de Best-Dumernit \u2013 37 ans de passion pour la mode chez Cees de Best B.V.<\/a><\/h3><div class=\"entry-meta\"><span class=\"meta-item category-link\"><a href=\"https:\/\/www.ek-retail.com\/fr\/category\/ek-fashion\/\" rel=\"tag\">EK Fashion<\/a><\/span><a class=\"meta-item author vcard\" href=\"https:\/\/www.ek-retail.com\/fr\/author\/bosma\/\" title=\"Voir tous les articles par Bert Bosma\" rel=\"author external\">Par <span class=\"fn\">Bert Bosma<\/span><\/a><span class=\"meta-item data-link\"><time class=\"entry-date updated\" datetime=\"2026-02-11T09:14:00+01:00\">11 f\u00e9vrier 2026<\/time><\/span><\/div><div class=\"entry-excerpt\"><p>\u00c0 propos de croissance, de collaboration et de l&rsquo;avenir de la mode\u00a0\u00bb Une vie dans la modeAvec pas moins de 37 ans d&rsquo;exp\u00e9rience dans le secteur de la mode, Dolimah de Best-Dumernit peut \u00e0 juste titre se consid\u00e9rer comme une professionnelle de la mode chevronn\u00e9e. Sa carri\u00e8re a commenc\u00e9 chez Inkoopcombinatie Nederland, puis elle a&hellip;<\/p>\n<\/div><a href=\"https:\/\/www.ek-retail.com\/fr\/stories\/sous-les-projecteurs-dolimah-de-best-dumernit-37-ans-de-passion-pour-la-mode-chez-cees-de-best-b-v\/\" target=\"\" aria-label=\"En savoir plus sur Sous les projecteurs : Dolimah de Best-Dumernit \u2013 37 ans de passion pour la mode chez Cees de Best B.V.\" class=\"box-button elementor-button elementor-size-xs\">En savoir plus<\/a>\n<\/div><\/article><article class=\"post visible no-img post-64952 stories type-stories status-publish format-standard hentry category-ek-fashion description-off\">\n\n<div class=\"post-entry-content\">\n\n\t<h3 class=\"ele-entry-title\"><a href=\"https:\/\/www.ek-retail.com\/fr\/stories\/in-de-spotlight-peter-van-t-veen-de-ondernemer-achter-jansen-amsterdam\/\" rel=\"bookmark\" title=\"In de spotlight: Peter van \u2019t Veen \u2013 De ondernemer achter JANSEN Amsterdam\">In de spotlight: Peter van \u2019t Veen \u2013 De ondernemer achter JANSEN Amsterdam<\/a><\/h3><div class=\"entry-meta\"><span class=\"meta-item category-link\"><a href=\"https:\/\/www.ek-retail.com\/fr\/category\/ek-fashion\/\" rel=\"tag\">EK Fashion<\/a><\/span><a class=\"meta-item author vcard\" href=\"https:\/\/www.ek-retail.com\/fr\/author\/bosma\/\" title=\"Voir tous les articles par Bert Bosma\" rel=\"author external\">Par <span class=\"fn\">Bert Bosma<\/span><\/a><span class=\"meta-item data-link\"><time class=\"entry-date updated\" datetime=\"2026-02-10T16:42:01+01:00\">10 f\u00e9vrier 2026<\/time><\/span><\/div><div class=\"entry-excerpt\"><p>Cr\u00e9er des v\u00eatements qui aident les femmes \u00e0 se sentir confiantes et belles. Peter van &lsquo;t Veen est un v\u00e9ritable homme de mode. Son parcours a commenc\u00e9 en 1985 \u00e0 Enschede et Groningue, o\u00f9 il dirigeait des magasins avec son fr\u00e8re. Sa belle-s\u0153ur et son fr\u00e8re ont \u00e9t\u00e9 \u00e0 l&rsquo;origine de la marque Me &amp;&hellip;<\/p>\n<\/div><a href=\"https:\/\/www.ek-retail.com\/fr\/stories\/in-de-spotlight-peter-van-t-veen-de-ondernemer-achter-jansen-amsterdam\/\" target=\"\" aria-label=\"En savoir plus sur In de spotlight: Peter van \u2019t Veen \u2013 De ondernemer achter JANSEN Amsterdam\" class=\"box-button elementor-button elementor-size-xs\">En savoir plus<\/a>\n<\/div><\/article><article class=\"post visible no-img post-63899 stories type-stories status-publish format-standard hentry category-ek-fashion description-off\">\n\n<div class=\"post-entry-content\">\n\n\t<h3 class=\"ele-entry-title\"><a href=\"https:\/\/www.ek-retail.com\/fr\/stories\/pleins-feux-sur-anne-jet-mode-a-dokkum\/\" rel=\"bookmark\" title=\"\u00c0 la une : Anne &amp; Jet Mode \u00e0 Dokkum\">\u00c0 la une : Anne &amp; Jet Mode \u00e0 Dokkum<\/a><\/h3><div class=\"entry-meta\"><span class=\"meta-item category-link\"><a href=\"https:\/\/www.ek-retail.com\/fr\/category\/ek-fashion\/\" rel=\"tag\">EK Fashion<\/a><\/span><a class=\"meta-item author vcard\" href=\"https:\/\/www.ek-retail.com\/fr\/author\/bosma\/\" title=\"Voir tous les articles par Bert Bosma\" rel=\"author external\">Par <span class=\"fn\">Bert Bosma<\/span><\/a><span class=\"meta-item data-link\"><time class=\"entry-date updated\" datetime=\"2026-02-02T16:22:46+01:00\">2 f\u00e9vrier 2026<\/time><\/span><\/div><div class=\"entry-excerpt\"><p>Un magasin o\u00f9 la passion pour la mode et le service personnalis\u00e9 se rencontrent Au c\u0153ur de Dokkum, vous trouverez Anne &amp; Jet Mode, un magasin o\u00f9 la passion pour la mode et le service personnalis\u00e9 se rencontrent. Anne et Jet sont des entrepreneurs fiers avec une histoire impressionnante. Des petits boulots dans la mode&hellip;<\/p>\n<\/div><a href=\"https:\/\/www.ek-retail.com\/fr\/stories\/pleins-feux-sur-anne-jet-mode-a-dokkum\/\" target=\"\" aria-label=\"En savoir plus sur \u00c0 la une : Anne &amp; Jet Mode \u00e0 Dokkum\" class=\"box-button elementor-button elementor-size-xs\">En savoir plus<\/a>\n<\/div><\/article><article class=\"post visible no-img post-65612 stories type-stories status-publish format-standard hentry category-ek-fashion description-off\">\n\n<div class=\"post-entry-content\">\n\n\t<h3 class=\"ele-entry-title\"><a href=\"https:\/\/www.ek-retail.com\/fr\/stories\/frank-heus-prend-la-direction-dek-fashion\/\" rel=\"bookmark\" title=\"Frank Heus prend la direction d&rsquo;EK Fashion\">Frank Heus prend la direction d&rsquo;EK Fashion<\/a><\/h3><div class=\"entry-meta\"><span class=\"meta-item category-link\"><a href=\"https:\/\/www.ek-retail.com\/fr\/category\/ek-fashion\/\" rel=\"tag\">EK Fashion<\/a><\/span><a class=\"meta-item author vcard\" href=\"https:\/\/www.ek-retail.com\/fr\/author\/ramoeller\/\" title=\"Voir tous les articles par Ramoeller\" rel=\"author external\">Par <span class=\"fn\">Ramoeller<\/span><\/a><span class=\"meta-item data-link\"><time class=\"entry-date updated\" datetime=\"2025-12-03T13:15:00+01:00\">3 d\u00e9cembre 2025<\/time><\/span><\/div><div class=\"entry-excerpt\"><p>Amersfoort\/Bielefeld, 3 d\u00e9cembre 2025 \u2013 Frank Heus deviendra le nouveau directeur de l&rsquo;unit\u00e9 commerciale EK Fashion : Le dirigeant n\u00e9erlandais prendra la responsabilit\u00e9 du segment mode au sein du groupe multisectoriel EK Retail \u00e0 compter du 1er janvier 2026. Heus apporte une vaste exp\u00e9rience en leadership au niveau europ\u00e9en dans les domaines de la vente,&hellip;<\/p>\n<\/div><a href=\"https:\/\/www.ek-retail.com\/fr\/stories\/frank-heus-prend-la-direction-dek-fashion\/\" target=\"\" aria-label=\"En savoir plus sur Frank Heus prend la direction d&rsquo;EK Fashion\" class=\"box-button elementor-button elementor-size-xs\">En savoir plus<\/a>\n<\/div><\/article><article class=\"post visible no-img post-63905 stories type-stories status-publish format-standard hentry category-ek-fashion description-off\">\n\n<div class=\"post-entry-content\">\n\n\t<h3 class=\"ele-entry-title\"><a href=\"https:\/\/www.ek-retail.com\/fr\/stories\/pleins-feux-sur-fabienne-chapot\/\" rel=\"bookmark\" title=\"Pleins feux sur&nbsp;: Fabienne Chapot\">Pleins feux sur&nbsp;: Fabienne Chapot<\/a><\/h3><div class=\"entry-meta\"><span class=\"meta-item category-link\"><a href=\"https:\/\/www.ek-retail.com\/fr\/category\/ek-fashion\/\" rel=\"tag\">EK Fashion<\/a><\/span><a class=\"meta-item author vcard\" href=\"https:\/\/www.ek-retail.com\/fr\/author\/bosma\/\" title=\"Voir tous les articles par Bert Bosma\" rel=\"author external\">Par <span class=\"fn\">Bert Bosma<\/span><\/a><span class=\"meta-item data-link\"><time class=\"entry-date updated\" datetime=\"2025-07-17T14:18:09+02:00\">17 juillet 2025<\/time><\/span><\/div><div class=\"entry-excerpt\"><p>&lsquo;\u00ab\u00a0Ce n\u2019est pas si difficile de cr\u00e9er un engouement, c\u2019est difficile de le maintenir.\u00a0\u00bb Dites-nous, qui est Fabienne\u00a0?\u00ab\u00a0Je suis Fabienne et je travaille sur Fabienne Chapot depuis 16\u00a0ans maintenant. L\u2019entreprise a \u00e9t\u00e9 fond\u00e9e en\u00a02006 et, \u00e0 l\u2019\u00e9poque, la marque s\u2019appelait encore Fab. Il s\u2019agissait de sacs, de portefeuilles et, finalement, aussi de chaussures. En\u00a02015, j\u2019ai&hellip;<\/p>\n<\/div><a href=\"https:\/\/www.ek-retail.com\/fr\/stories\/pleins-feux-sur-fabienne-chapot\/\" target=\"\" aria-label=\"En savoir plus sur Pleins feux sur&nbsp;: Fabienne Chapot\" class=\"box-button elementor-button elementor-size-xs\">En savoir plus<\/a>\n<\/div><\/article><article class=\"post visible no-img post-63911 stories type-stories status-publish format-standard hentry category-ek-fashion description-off\">\n\n<div class=\"post-entry-content\">\n\n\t<h3 class=\"ele-entry-title\"><a href=\"https:\/\/www.ek-retail.com\/fr\/stories\/sous-les-projecteurs-masai-copenhagen-jeroen-meijer\/\" rel=\"bookmark\" title=\"Sous les projecteurs : Masai Copenhagen \u2013 Jeroen Meijer\">Sous les projecteurs : Masai Copenhagen \u2013 Jeroen Meijer<\/a><\/h3><div class=\"entry-meta\"><span class=\"meta-item category-link\"><a href=\"https:\/\/www.ek-retail.com\/fr\/category\/ek-fashion\/\" rel=\"tag\">EK Fashion<\/a><\/span><a class=\"meta-item author vcard\" href=\"https:\/\/www.ek-retail.com\/fr\/author\/bosma\/\" title=\"Voir tous les articles par Bert Bosma\" rel=\"author external\">Par <span class=\"fn\">Bert Bosma<\/span><\/a><span class=\"meta-item data-link\"><time class=\"entry-date updated\" datetime=\"2025-07-17T14:15:00+02:00\">17 juillet 2025<\/time><\/span><\/div><div class=\"entry-excerpt\"><p>\u00ab Con\u00e7u avec r\u00e9flexion \u00e0 Copenhague, inspir\u00e9 par les femmes \u00bb Jeroen est responsable des ventes Benelux chez Masai Copenhagen. Masai est une marque danoise fond\u00e9e en 1992 par un fr\u00e8re et une s\u0153ur. La marque est connue pour son approche inclusive et positive de la mode et de la cr\u00e9ativit\u00e9. Il n&rsquo;\u00e9tait donc pas&hellip;<\/p>\n<\/div><a href=\"https:\/\/www.ek-retail.com\/fr\/stories\/sous-les-projecteurs-masai-copenhagen-jeroen-meijer\/\" target=\"\" aria-label=\"En savoir plus sur Sous les projecteurs : Masai Copenhagen \u2013 Jeroen Meijer\" class=\"box-button elementor-button elementor-size-xs\">En savoir plus<\/a>\n<\/div><\/article><article class=\"post visible no-img post-63917 stories type-stories status-publish format-standard hentry category-ek-fashion description-off\">\n\n<div class=\"post-entry-content\">\n\n\t<h3 class=\"ele-entry-title\"><a href=\"https:\/\/www.ek-retail.com\/fr\/stories\/pleins-feux-sur-maribelle-mode-tineke-ottevanger\/\" rel=\"bookmark\" title=\"Pleins feux sur&nbsp;: Maribelle Mode &#8211; Tineke Ottevanger\">Pleins feux sur&nbsp;: Maribelle Mode &#8211; Tineke Ottevanger<\/a><\/h3><div class=\"entry-meta\"><span class=\"meta-item category-link\"><a href=\"https:\/\/www.ek-retail.com\/fr\/category\/ek-fashion\/\" rel=\"tag\">EK Fashion<\/a><\/span><a class=\"meta-item author vcard\" href=\"https:\/\/www.ek-retail.com\/fr\/author\/bosma\/\" title=\"Voir tous les articles par Bert Bosma\" rel=\"author external\">Par <span class=\"fn\">Bert Bosma<\/span><\/a><span class=\"meta-item data-link\"><time class=\"entry-date updated\" datetime=\"2025-07-17T14:13:49+02:00\">17 juillet 2025<\/time><\/span><\/div><div class=\"entry-excerpt\"><p>\u00ab\u00a0Vous devez cr\u00e9er vous-m\u00eame une atmosph\u00e8re agr\u00e9able chaque jour.\u00a0\u00bb Tineke est propri\u00e9taire de Maribelle Mode, un magasin de mode f\u00e9minine \u00e0 Klundert, depuis 32\u00a0ans. Lorsqu\u2019elle avait 21\u00a0ans, un espace de vente au d\u00e9tail s\u2019est lib\u00e9r\u00e9 dans le village, et elle a saisi l\u2019occasion. Elle a ouvert son propre magasin de v\u00eatements et, de nombreuses ann\u00e9es&hellip;<\/p>\n<\/div><a href=\"https:\/\/www.ek-retail.com\/fr\/stories\/pleins-feux-sur-maribelle-mode-tineke-ottevanger\/\" target=\"\" aria-label=\"En savoir plus sur Pleins feux sur&nbsp;: Maribelle Mode &#8211; Tineke Ottevanger\" class=\"box-button elementor-button elementor-size-xs\">En savoir plus<\/a>\n<\/div><\/article><\/div><div class=\"owl-nav disabled\"><div class=\"owl-prev\" role=\"button\" tabindex=\"0\" aria-label=\"Prev slide\"><i class=\"feather feather-chevron-left\"><\/i><\/div><div class=\"owl-next\" role=\"button\" tabindex=\"0\" aria-label=\"Next slide\"><i class=\"feather feather-chevron-right\"><\/i><\/div><\/div>\t\t\t\t<\/div>\n\t\t\t\t<\/div>\n\t\t\t\t\t<\/div>\n\t\t\t\t<\/div>\n\t\t<div class=\"elementor-element elementor-element-8d16b52 custom-slider-section e-con-full e-flex e-con e-parent\" data-id=\"8d16b52\" data-element_type=\"container\" data-e-type=\"container\" data-settings=\"{&quot;background_background&quot;:&quot;classic&quot;}\">\n\t\t\t\t<div class=\"elementor-element elementor-element-ec6d32d elementor-widget-mobile__width-inherit elementor-widget elementor-widget-text-editor\" data-id=\"ec6d32d\" data-element_type=\"widget\" data-e-type=\"widget\" data-widget_type=\"text-editor.default\">\n\t\t\t\t<div class=\"elementor-widget-container\">\n\t\t\t\t\t\t\t\t\t<h2><strong>Plus forts ensemble dans la mode<\/strong><\/h2><p dir=\"auto\">EK Fashion propose diff\u00e9rents groupes de collaboration pour les entrepreneurs de la mode, ax\u00e9s sur le partage des connaissances, l&rsquo;inspiration et la croissance conjointe. Vous trouverez ci-dessous un aper\u00e7u de ces groupes. <\/p>\t\t\t\t\t\t\t\t<\/div>\n\t\t\t\t<\/div>\n\t\t\t\t<div class=\"elementor-element elementor-element-eb75cb1 elementor-hidden-tablet elementor--h-position-left custom-slides elementor--v-position-middle elementor-arrows-position-inside elementor-widget elementor-widget-slides\" data-id=\"eb75cb1\" data-element_type=\"widget\" data-e-type=\"widget\" data-settings=\"{&quot;navigation&quot;:&quot;arrows&quot;,&quot;transition&quot;:&quot;fade&quot;,&quot;infinite&quot;:&quot;yes&quot;,&quot;transition_speed&quot;:500}\" data-widget_type=\"slides.default\">\n\t\t\t\t<div class=\"elementor-widget-container\">\n\t\t\t\t\t\t\t\t\t<div class=\"elementor-swiper\">\n\t\t\t\t\t<div class=\"elementor-slides-wrapper elementor-main-swiper swiper\" role=\"region\" aria-roledescription=\"carousel\" aria-label=\"Slider\" dir=\"ltr\" data-animation=\"fadeInRight\">\n\t\t\t\t<div class=\"swiper-wrapper elementor-slides\">\n\t\t\t\t\t\t\t\t\t\t<div class=\"elementor-repeater-item-353c42a swiper-slide\" role=\"group\" aria-roledescription=\"slide\"><div class=\"swiper-slide-bg\" role=\"img\" aria-label=\"9\"><\/div><div class=\"swiper-slide-inner\" ><div class=\"swiper-slide-contents\"><h2 class=\"elementor-slide-heading\">DECO Group (NL)<\/h2><p class=\"elementor-slide-description\"><p>Un collectif de 35&nbsp;d\u00e9taillants de v\u00eatements pour hommes haut de gamme, qui faisaient auparavant partie de l'organisation de vente au d\u00e9tail DECO. Divis\u00e9 en trois groupes pour un \u00e9change ouvert et confidentiel, le groupe se r\u00e9unit quatre fois par an, y compris pour des voyages d'inspiration internationaux. <\/p>\n<\/p><\/div><\/div><\/div><div class=\"elementor-repeater-item-7427ab8 swiper-slide\" role=\"group\" aria-roledescription=\"slide\"><div class=\"swiper-slide-bg\" role=\"img\" aria-label=\"8\"><\/div><div class=\"swiper-slide-inner\" ><div class=\"swiper-slide-contents\"><h2 class=\"elementor-slide-heading\">Dutch Fashion Group (NL)<\/h2><p class=\"elementor-slide-description\"><p>Issu de la fusion du Dutch Fashion Group et du Forum Group en 2021, ce groupe actif comprend ~30&nbsp;entrepreneurs avec 40&nbsp;magasins dans le segment moyen \u00e0 sup\u00e9rieur. Les principaux piliers comprennent l'analyse comparative, les conseils sur les tendances de la vente au d\u00e9tail et l'exclusivit\u00e9 r\u00e9gionale. <\/p>\n<\/p><\/div><\/div><\/div><div class=\"elementor-repeater-item-0375152 swiper-slide\" role=\"group\" aria-roledescription=\"slide\"><div class=\"swiper-slide-bg\" role=\"img\" aria-label=\"7\"><\/div><div class=\"swiper-slide-inner\" ><div class=\"swiper-slide-contents\"><h2 class=\"elementor-slide-heading\">Fashion Connection (NL)<\/h2><p class=\"elementor-slide-description\"><p>Ax\u00e9 sur la mode f\u00e9minine dans les segments Tendances et Actuels, ce groupe se r\u00e9unit six fois par an pour \u00e9changer des donn\u00e9es de performance et des informations sur le march\u00e9. Les activit\u00e9s comprennent des visites de magasins, des pr\u00e9sentations de tendances et des voyages d'inspiration. <\/p>\n<\/p><\/div><\/div><\/div><div class=\"elementor-repeater-item-ea1ddbc swiper-slide\" role=\"group\" aria-roledescription=\"slide\"><div class=\"swiper-slide-bg\" role=\"img\" aria-label=\"5\"><\/div><div class=\"swiper-slide-inner\" ><div class=\"swiper-slide-contents\"><h2 class=\"elementor-slide-heading\">Retail Connect (NL)<\/h2><p class=\"elementor-slide-description\"><p>~20&nbsp;entrepreneurs avec pr\u00e8s de 40&nbsp;magasins de mode f\u00e9minine. Le groupe se concentre sur le maintien de la pertinence gr\u00e2ce \u00e0 des informations partag\u00e9es sur les tendances, la durabilit\u00e9, le leadership et l'innovation num\u00e9rique. <\/p>\n<\/p><\/div><\/div><\/div><div class=\"elementor-repeater-item-49db5e7 swiper-slide\" role=\"group\" aria-roledescription=\"slide\"><div class=\"swiper-slide-bg\" role=\"img\" aria-label=\"fashion_modealliance\"><\/div><div class=\"swiper-slide-inner\" ><div class=\"swiper-slide-contents\"><h2 class=\"elementor-slide-heading\">Mode Alliance (NL)<\/h2><p class=\"elementor-slide-description\"><p>Neuf d\u00e9taillants grand format (1&nbsp;000&nbsp;m\u00b2+) collaborent sur la strat\u00e9gie, les donn\u00e9es, les RH, la durabilit\u00e9 et les tendances du march\u00e9. Comprend des voyages en ville et des sessions th\u00e9matiques. <\/p>\n<\/p><\/div><\/div><\/div><div class=\"elementor-repeater-item-41b1a88 swiper-slide\" role=\"group\" aria-roledescription=\"slide\"><div class=\"swiper-slide-bg\" role=\"img\" aria-label=\"2\"><\/div><div class=\"swiper-slide-inner\" ><div class=\"swiper-slide-contents\"><h2 class=\"elementor-slide-heading\">Young Network (NL)<\/h2><p class=\"elementor-slide-description\"><p>Un groupe intersectoriel comprenant la mode, le sport, la maison et les livres. Les membres se r\u00e9unissent trois fois par an pour \u00e9changer des id\u00e9es et d\u00e9velopper leurs r\u00e9seaux au sein d'EK Retail. <\/p>\n<\/p><\/div><\/div><\/div><div class=\"elementor-repeater-item-304966b swiper-slide\" role=\"group\" aria-roledescription=\"slide\"><div class=\"swiper-slide-bg\" role=\"img\" aria-label=\"3\"><\/div><div class=\"swiper-slide-inner\" ><div class=\"swiper-slide-contents\"><h2 class=\"elementor-slide-heading\">Kids Point (NL)<\/h2><p class=\"elementor-slide-description\"><p>Un groupe dynamique de 11&nbsp;d\u00e9taillants de mode pour enfants, allant des grands magasins aux petits ind\u00e9pendants. Les activit\u00e9s comprennent l'analyse comparative, des sessions d'experts et des pr\u00e9sentations de tendances semestrielles. <\/p>\n<\/p><\/div><\/div><\/div><div class=\"elementor-repeater-item-37a7914 swiper-slide\" role=\"group\" aria-roledescription=\"slide\"><div class=\"swiper-slide-bg\" role=\"img\" aria-label=\"1\"><\/div><div class=\"swiper-slide-inner\" ><div class=\"swiper-slide-contents\"><h2 class=\"elementor-slide-heading\">IFP (NL)<\/h2><p class=\"elementor-slide-description\"><p>Un groupe d'achat de v\u00eatements pour hommes compos\u00e9 de 15&nbsp;entrepreneurs, n\u00e9gociant conjointement des accords avec les fournisseurs et achetant la marque de distributeur Scotland Blue.<\/p>\n<\/p><\/div><\/div><\/div><div class=\"elementor-repeater-item-5c5fb6c swiper-slide\" role=\"group\" aria-roledescription=\"slide\"><div class=\"swiper-slide-bg\" role=\"img\" aria-label=\"4\"><\/div><div class=\"swiper-slide-inner\" ><div class=\"swiper-slide-contents\"><h2 class=\"elementor-slide-heading\">Focus Group (NL)<\/h2><p class=\"elementor-slide-description\"><p>Un groupe de longue date de 12&nbsp;d\u00e9taillants de mode et d'articles pour la maison, mettant l'accent sur la mode f\u00e9minine dans le segment moyen-bas \u00e0 moyen. Id\u00e9al pour les entreprises en transition, telles que la succession ou le renouvellement strat\u00e9gique. <\/p>\n<\/p><\/div><\/div><\/div><div class=\"elementor-repeater-item-9b3a6af swiper-slide\" role=\"group\" aria-roledescription=\"slide\"><div class=\"swiper-slide-bg\" role=\"img\" aria-label=\"Site web Modegefl\u00fcster\"><\/div><div class=\"swiper-slide-inner\" ><div class=\"swiper-slide-contents\"><h2 class=\"elementor-slide-heading\">Modegefl\u00fcster (D-A-CH)<\/h2><p class=\"elementor-slide-description\"><p>Modegefl\u00fcster est un \u00e9v\u00e9nement num\u00e9rique destin\u00e9 aux partenaires de vente au d\u00e9tail de la r\u00e9gion D-A-CH, organis\u00e9 2 \u00e0 4 fois par an pour permettre des \u00e9changes sur des th\u00e8mes cl\u00e9s tels que les innovations en point de vente (POS), les tendances, les questions relatives au personnel, les achats et les commandes, ainsi que les probl\u00e9matiques li\u00e9es aux fournisseurs ou aux prestataires de services.<\/p>\n<\/p><\/div><\/div><\/div><div class=\"elementor-repeater-item-55ec2bc swiper-slide\" role=\"group\" aria-roledescription=\"slide\"><div class=\"swiper-slide-bg\" role=\"img\" aria-label=\"Site web de l\u2019\u00e9v\u00e9nement FIT\"><\/div><div class=\"swiper-slide-inner\" ><div class=\"swiper-slide-contents\"><h2 class=\"elementor-slide-heading\">Fashion Inside Talk (D-A-CH)<\/h2><p class=\"elementor-slide-description\"><p>Fashion Inside Talk (F.I.T.) est un \u00e9v\u00e9nement de r\u00e9seautage en pr\u00e9sentiel pour les d\u00e9taillants de la r\u00e9gion D-A-CH, organis\u00e9 2 \u00e0 3 fois par an. Il se concentre sur des th\u00e8mes sectoriels sp\u00e9cifiques et favorise l\u2019\u00e9change et la collaboration avec les d\u00e9taillants, les partenaires, les fournisseurs et les prestataires de services. <\/p>\n<\/p><\/div><\/div><\/div>\t\t\t\t<\/div>\n\t\t\t\t\t\t\t\t\t\t\t\t\t\t\t<div class=\"elementor-swiper-button elementor-swiper-button-prev\" role=\"button\" tabindex=\"0\" aria-label=\"Diapositive pr\u00e9c\u00e9dente\">\n\t\t\t\t\t\t\t<i aria-hidden=\"true\" class=\"eicon-chevron-left\"><\/i>\t\t\t\t\t\t<\/div>\n\t\t\t\t\t\t<div class=\"elementor-swiper-button elementor-swiper-button-next\" role=\"button\" tabindex=\"0\" aria-label=\"Diapositive suivante\">\n\t\t\t\t\t\t\t<i aria-hidden=\"true\" class=\"eicon-chevron-right\"><\/i>\t\t\t\t\t\t<\/div>\n\t\t\t\t\t\t\t\t\t\t\t\t\t\t\t\t\t<\/div>\n\t\t\t\t<\/div>\n\t\t\t\t\t\t\t\t<\/div>\n\t\t\t\t<\/div>\n\t\t\t\t<\/div>\n\t\t<div class=\"elementor-element elementor-element-441dddb elementor-hidden-desktop elementor-hidden-tablet elementor-hidden-mobile e-flex e-con-boxed e-con e-parent\" data-id=\"441dddb\" data-element_type=\"container\" data-e-type=\"container\">\n\t\t\t\t\t<div class=\"e-con-inner\">\n\t\t\t\t<div class=\"elementor-element elementor-element-c5e9055 elementor-pagination-type-bullets elementor-arrows-position-inside elementor-pagination-position-outside elementor-widget elementor-widget-n-carousel\" data-id=\"c5e9055\" data-element_type=\"widget\" data-e-type=\"widget\" data-settings=\"{&quot;carousel_items&quot;:[{&quot;slide_title&quot;:&quot;DECO Group&quot;,&quot;_id&quot;:&quot;b9d2f92&quot;},{&quot;slide_title&quot;:&quot;Dutch Fashion Group&quot;,&quot;_id&quot;:&quot;97bb391&quot;},{&quot;slide_title&quot;:&quot;Fashion Connection&quot;,&quot;_id&quot;:&quot;354b4c3&quot;},{&quot;_id&quot;:&quot;5dd5584&quot;,&quot;slide_title&quot;:&quot;Focus Group&quot;},{&quot;_id&quot;:&quot;f7e260d&quot;,&quot;slide_title&quot;:&quot;IFP&quot;},{&quot;_id&quot;:&quot;ecd8a33&quot;,&quot;slide_title&quot;:&quot;Kidspoint&quot;},{&quot;_id&quot;:&quot;9d010f3&quot;,&quot;slide_title&quot;:&quot;Mode Alliance&quot;},{&quot;_id&quot;:&quot;9c06997&quot;,&quot;slide_title&quot;:&quot;Retail Connect&quot;},{&quot;_id&quot;:&quot;f7cca63&quot;,&quot;slide_title&quot;:&quot;Young Network&quot;}],&quot;slides_to_show&quot;:&quot;1&quot;,&quot;slides_to_show_tablet&quot;:&quot;2&quot;,&quot;slides_to_show_mobile&quot;:&quot;1&quot;,&quot;autoplay&quot;:&quot;yes&quot;,&quot;autoplay_speed&quot;:5000,&quot;pause_on_hover&quot;:&quot;yes&quot;,&quot;pause_on_interaction&quot;:&quot;yes&quot;,&quot;infinite&quot;:&quot;yes&quot;,&quot;speed&quot;:500,&quot;offset_sides&quot;:&quot;none&quot;,&quot;arrows&quot;:&quot;yes&quot;,&quot;pagination&quot;:&quot;bullets&quot;,&quot;image_spacing_custom&quot;:{&quot;unit&quot;:&quot;px&quot;,&quot;size&quot;:10,&quot;sizes&quot;:[]},&quot;image_spacing_custom_tablet&quot;:{&quot;unit&quot;:&quot;px&quot;,&quot;size&quot;:&quot;&quot;,&quot;sizes&quot;:[]},&quot;image_spacing_custom_mobile&quot;:{&quot;unit&quot;:&quot;px&quot;,&quot;size&quot;:&quot;&quot;,&quot;sizes&quot;:[]}}\" data-widget_type=\"nested-carousel.default\">\n\t\t\t\t<div class=\"elementor-widget-container\">\n\t\t\t\t\t\t\t<div class=\"e-n-carousel swiper\" role=\"region\" aria-roledescription=\"carousel\" aria-label=\"Karussell\" dir=\"ltr\">\n\t\t\t<div class=\"swiper-wrapper\" aria-live=\"off\">\n\t\t\t\t\t\t\t\t\t\t<div class=\"swiper-slide\" data-slide=\"1\" role=\"group\" aria-roledescription=\"slide\" aria-label=\"1 sur 9\">\n\t\t\t\t\t\t\t<div class=\"elementor-element elementor-element-6283f1c e-flex e-con-boxed e-con e-child\" data-id=\"6283f1c\" data-element_type=\"container\" data-e-type=\"container\">\n\t\t\t\t\t<div class=\"e-con-inner\">\n\t\t<div class=\"elementor-element elementor-element-ce70c9e e-con-full e-flex e-con e-child\" data-id=\"ce70c9e\" data-element_type=\"container\" data-e-type=\"container\" data-settings=\"{&quot;background_background&quot;:&quot;slideshow&quot;,&quot;background_slideshow_gallery&quot;:[{&quot;id&quot;:63522,&quot;url&quot;:&quot;https:\\\/\\\/www.ek-retail.com\\\/wp-content\\\/uploads\\\/2025\\\/09\\\/6754cb4e-9a03-417e-bc7c-1651c1634615_rw_1920.jpg&quot;}],&quot;background_slideshow_loop&quot;:&quot;yes&quot;,&quot;background_slideshow_slide_duration&quot;:5000,&quot;background_slideshow_slide_transition&quot;:&quot;fade&quot;,&quot;background_slideshow_transition_duration&quot;:500}\">\n\t\t\t\t<\/div>\n\t\t<div class=\"elementor-element elementor-element-53943bd e-con-full e-flex e-con e-child\" data-id=\"53943bd\" data-element_type=\"container\" data-e-type=\"container\" data-settings=\"{&quot;background_background&quot;:&quot;classic&quot;}\">\n\t\t\t\t<div class=\"elementor-element elementor-element-fb379db elementor-widget elementor-widget-heading\" data-id=\"fb379db\" data-element_type=\"widget\" data-e-type=\"widget\" data-widget_type=\"heading.default\">\n\t\t\t\t<div class=\"elementor-widget-container\">\n\t\t\t\t\t<h2 class=\"elementor-heading-title elementor-size-default\">Groupe DECO\n\n\n\n\n\n<\/h2>\t\t\t\t<\/div>\n\t\t\t\t<\/div>\n\t\t\t\t<div class=\"elementor-element elementor-element-96881a7 elementor-widget elementor-widget-text-editor\" data-id=\"96881a7\" data-element_type=\"widget\" data-e-type=\"widget\" data-widget_type=\"text-editor.default\">\n\t\t\t\t<div class=\"elementor-widget-container\">\n\t\t\t\t\t\t\t\t\t<p dir=\"auto\">Un collectif de 35&nbsp;d\u00e9taillants de v\u00eatements pour hommes haut de gamme, qui faisaient auparavant partie de l&rsquo;organisation de vente au d\u00e9tail DECO. Divis\u00e9 en trois groupes pour un \u00e9change ouvert et confidentiel, le groupe se r\u00e9unit quatre fois par an, y compris pour des voyages d&rsquo;inspiration internationaux. <\/p>\t\t\t\t\t\t\t\t<\/div>\n\t\t\t\t<\/div>\n\t\t<div class=\"elementor-element elementor-element-921ae15 e-con-full e-flex e-con e-child\" data-id=\"921ae15\" data-element_type=\"container\" data-e-type=\"container\">\n\t\t\t\t<div class=\"elementor-element elementor-element-de5ddd0 elementor-icon-list--layout-traditional elementor-list-item-link-full_width elementor-widget elementor-widget-icon-list\" data-id=\"de5ddd0\" data-element_type=\"widget\" data-e-type=\"widget\" data-widget_type=\"icon-list.default\">\n\t\t\t\t<div class=\"elementor-widget-container\">\n\t\t\t\t\t\t\t<ul class=\"elementor-icon-list-items\">\n\t\t\t\t\t\t\t<li class=\"elementor-icon-list-item\">\n\t\t\t\t\t\t\t\t\t\t<span class=\"elementor-icon-list-text\">Wilbert den Butter<\/span>\n\t\t\t\t\t\t\t\t\t<\/li>\n\t\t\t\t\t\t<\/ul>\n\t\t\t\t\t\t<\/div>\n\t\t\t\t<\/div>\n\t\t\t\t<div class=\"elementor-element elementor-element-a06f53b elementor-icon-list--layout-traditional elementor-list-item-link-full_width elementor-widget elementor-widget-icon-list\" data-id=\"a06f53b\" data-element_type=\"widget\" data-e-type=\"widget\" data-widget_type=\"icon-list.default\">\n\t\t\t\t<div class=\"elementor-widget-container\">\n\t\t\t\t\t\t\t<ul class=\"elementor-icon-list-items\">\n\t\t\t\t\t\t\t<li class=\"elementor-icon-list-item\">\n\t\t\t\t\t\t\t\t\t\t\t<a href=\"http:\/\/w.denbutter@ek-retail.com\">\n\n\t\t\t\t\t\t\t\t\t\t\t\t<span class=\"elementor-icon-list-icon\">\n\t\t\t\t\t\t\t<i aria-hidden=\"true\" class=\"feather feather-mail\"><\/i>\t\t\t\t\t\t<\/span>\n\t\t\t\t\t\t\t\t\t\t<span class=\"elementor-icon-list-text\">  w.denbutter@ek-retail.com<\/span>\n\t\t\t\t\t\t\t\t\t\t\t<\/a>\n\t\t\t\t\t\t\t\t\t<\/li>\n\t\t\t\t\t\t<\/ul>\n\t\t\t\t\t\t<\/div>\n\t\t\t\t<\/div>\n\t\t\t\t<div class=\"elementor-element elementor-element-7403a62 elementor-icon-list--layout-traditional elementor-list-item-link-full_width elementor-widget elementor-widget-icon-list\" data-id=\"7403a62\" data-element_type=\"widget\" data-e-type=\"widget\" data-widget_type=\"icon-list.default\">\n\t\t\t\t<div class=\"elementor-widget-container\">\n\t\t\t\t\t\t\t<ul class=\"elementor-icon-list-items\">\n\t\t\t\t\t\t\t<li class=\"elementor-icon-list-item\">\n\t\t\t\t\t\t\t\t\t\t\t<a href=\"http:\/\/+31%206%2033%2016%2042%2030\">\n\n\t\t\t\t\t\t\t\t\t\t\t\t<span class=\"elementor-icon-list-icon\">\n\t\t\t\t\t\t\t<i aria-hidden=\"true\" class=\"fas fa-phone-alt\"><\/i>\t\t\t\t\t\t<\/span>\n\t\t\t\t\t\t\t\t\t\t<span class=\"elementor-icon-list-text\">+31 6 33 16 42 30<\/span>\n\t\t\t\t\t\t\t\t\t\t\t<\/a>\n\t\t\t\t\t\t\t\t\t<\/li>\n\t\t\t\t\t\t<\/ul>\n\t\t\t\t\t\t<\/div>\n\t\t\t\t<\/div>\n\t\t\t\t<\/div>\n\t\t\t\t<\/div>\n\t\t\t\t\t<\/div>\n\t\t\t\t<\/div>\n\t\t\t\t\t\t\t\t<\/div>\n\t\t\t\t\t\t\t\t\t\t\t<div class=\"swiper-slide\" data-slide=\"2\" role=\"group\" aria-roledescription=\"slide\" aria-label=\"2 sur 9\">\n\t\t\t\t\t\t\t<div class=\"elementor-element elementor-element-8a77d65 e-flex e-con-boxed e-con e-child\" data-id=\"8a77d65\" data-element_type=\"container\" data-e-type=\"container\">\n\t\t\t\t\t<div class=\"e-con-inner\">\n\t\t<div class=\"elementor-element elementor-element-333a9c8 e-con-full e-flex e-con e-child\" data-id=\"333a9c8\" data-element_type=\"container\" data-e-type=\"container\" data-settings=\"{&quot;background_background&quot;:&quot;slideshow&quot;,&quot;background_slideshow_gallery&quot;:[{&quot;id&quot;:63523,&quot;url&quot;:&quot;https:\\\/\\\/www.ek-retail.com\\\/wp-content\\\/uploads\\\/2025\\\/06\\\/footer-slider_0000.jpg&quot;}],&quot;background_slideshow_loop&quot;:&quot;yes&quot;,&quot;background_slideshow_slide_duration&quot;:5000,&quot;background_slideshow_slide_transition&quot;:&quot;fade&quot;,&quot;background_slideshow_transition_duration&quot;:500}\">\n\t\t\t\t<\/div>\n\t\t<div class=\"elementor-element elementor-element-c0d3b32 e-con-full e-flex e-con e-child\" data-id=\"c0d3b32\" data-element_type=\"container\" data-e-type=\"container\" data-settings=\"{&quot;background_background&quot;:&quot;classic&quot;}\">\n\t\t\t\t<div class=\"elementor-element elementor-element-71d5d69 elementor-widget elementor-widget-heading\" data-id=\"71d5d69\" data-element_type=\"widget\" data-e-type=\"widget\" data-widget_type=\"heading.default\">\n\t\t\t\t<div class=\"elementor-widget-container\">\n\t\t\t\t\t<h2 class=\"elementor-heading-title elementor-size-default\">Groupe de mode n\u00e9erlandais\n\n\n\n\n\n<\/h2>\t\t\t\t<\/div>\n\t\t\t\t<\/div>\n\t\t\t\t<div class=\"elementor-element elementor-element-2610ff2 elementor-widget elementor-widget-text-editor\" data-id=\"2610ff2\" data-element_type=\"widget\" data-e-type=\"widget\" data-widget_type=\"text-editor.default\">\n\t\t\t\t<div class=\"elementor-widget-container\">\n\t\t\t\t\t\t\t\t\t<p dir=\"auto\">Issu de la fusion du Dutch Fashion Group et du Forum Group en 2021, ce groupe actif comprend ~30&nbsp;entrepreneurs avec 40&nbsp;magasins dans le segment moyen \u00e0 sup\u00e9rieur. Les principaux piliers comprennent l&rsquo;analyse comparative, les conseils sur les tendances de la vente au d\u00e9tail et l&rsquo;exclusivit\u00e9 r\u00e9gionale. <\/p>\t\t\t\t\t\t\t\t<\/div>\n\t\t\t\t<\/div>\n\t\t<div class=\"elementor-element elementor-element-902e718 e-con-full e-flex e-con e-child\" data-id=\"902e718\" data-element_type=\"container\" data-e-type=\"container\">\n\t\t\t\t<div class=\"elementor-element elementor-element-de9d8cd elementor-icon-list--layout-traditional elementor-list-item-link-full_width elementor-widget elementor-widget-icon-list\" data-id=\"de9d8cd\" data-element_type=\"widget\" data-e-type=\"widget\" data-widget_type=\"icon-list.default\">\n\t\t\t\t<div class=\"elementor-widget-container\">\n\t\t\t\t\t\t\t<ul class=\"elementor-icon-list-items\">\n\t\t\t\t\t\t\t<li class=\"elementor-icon-list-item\">\n\t\t\t\t\t\t\t\t\t\t<span class=\"elementor-icon-list-text\">Jan-Willem van der Loo &amp; Answell Mamman<\/span>\n\t\t\t\t\t\t\t\t\t<\/li>\n\t\t\t\t\t\t<\/ul>\n\t\t\t\t\t\t<\/div>\n\t\t\t\t<\/div>\n\t\t\t\t<div class=\"elementor-element elementor-element-cb1acd0 elementor-icon-list--layout-traditional elementor-list-item-link-full_width elementor-widget elementor-widget-icon-list\" data-id=\"cb1acd0\" data-element_type=\"widget\" data-e-type=\"widget\" data-widget_type=\"icon-list.default\">\n\t\t\t\t<div class=\"elementor-widget-container\">\n\t\t\t\t\t\t\t<ul class=\"elementor-icon-list-items\">\n\t\t\t\t\t\t\t<li class=\"elementor-icon-list-item\">\n\t\t\t\t\t\t\t\t\t\t\t<a href=\"http:\/\/j.vanderloo@ek-retail.com\">\n\n\t\t\t\t\t\t\t\t\t\t\t\t<span class=\"elementor-icon-list-icon\">\n\t\t\t\t\t\t\t<i aria-hidden=\"true\" class=\"feather feather-mail\"><\/i>\t\t\t\t\t\t<\/span>\n\t\t\t\t\t\t\t\t\t\t<span class=\"elementor-icon-list-text\">j.vanderloo@ek-retail.com<\/span>\n\t\t\t\t\t\t\t\t\t\t\t<\/a>\n\t\t\t\t\t\t\t\t\t<\/li>\n\t\t\t\t\t\t\t\t<li class=\"elementor-icon-list-item\">\n\t\t\t\t\t\t\t\t\t\t\t<a href=\"http:\/\/a.mamman@ek-retail.com\">\n\n\t\t\t\t\t\t\t\t\t\t\t\t<span class=\"elementor-icon-list-icon\">\n\t\t\t\t\t\t\t<i aria-hidden=\"true\" class=\"feather feather-mail\"><\/i>\t\t\t\t\t\t<\/span>\n\t\t\t\t\t\t\t\t\t\t<span class=\"elementor-icon-list-text\">a.mamman@ek-retail.com<\/span>\n\t\t\t\t\t\t\t\t\t\t\t<\/a>\n\t\t\t\t\t\t\t\t\t<\/li>\n\t\t\t\t\t\t<\/ul>\n\t\t\t\t\t\t<\/div>\n\t\t\t\t<\/div>\n\t\t\t\t<div class=\"elementor-element elementor-element-0654962 elementor-icon-list--layout-traditional elementor-list-item-link-full_width elementor-widget elementor-widget-icon-list\" data-id=\"0654962\" data-element_type=\"widget\" data-e-type=\"widget\" data-widget_type=\"icon-list.default\">\n\t\t\t\t<div class=\"elementor-widget-container\">\n\t\t\t\t\t\t\t<ul class=\"elementor-icon-list-items\">\n\t\t\t\t\t\t\t<li class=\"elementor-icon-list-item\">\n\t\t\t\t\t\t\t\t\t\t\t<a href=\"http:\/\/+31%206%2051%2022%2089%2049\">\n\n\t\t\t\t\t\t\t\t\t\t\t\t<span class=\"elementor-icon-list-icon\">\n\t\t\t\t\t\t\t<i aria-hidden=\"true\" class=\"fas fa-phone-alt\"><\/i>\t\t\t\t\t\t<\/span>\n\t\t\t\t\t\t\t\t\t\t<span class=\"elementor-icon-list-text\">+31 6 51 22 89 49<\/span>\n\t\t\t\t\t\t\t\t\t\t\t<\/a>\n\t\t\t\t\t\t\t\t\t<\/li>\n\t\t\t\t\t\t\t\t<li class=\"elementor-icon-list-item\">\n\t\t\t\t\t\t\t\t\t\t\t<a href=\"http:\/\/+31%206%2020%2032%2034%2030\">\n\n\t\t\t\t\t\t\t\t\t\t\t\t<span class=\"elementor-icon-list-icon\">\n\t\t\t\t\t\t\t<i aria-hidden=\"true\" class=\"fas fa-phone-alt\"><\/i>\t\t\t\t\t\t<\/span>\n\t\t\t\t\t\t\t\t\t\t<span class=\"elementor-icon-list-text\">+31 6 20 32 34 30<\/span>\n\t\t\t\t\t\t\t\t\t\t\t<\/a>\n\t\t\t\t\t\t\t\t\t<\/li>\n\t\t\t\t\t\t<\/ul>\n\t\t\t\t\t\t<\/div>\n\t\t\t\t<\/div>\n\t\t\t\t<\/div>\n\t\t\t\t<\/div>\n\t\t\t\t\t<\/div>\n\t\t\t\t<\/div>\n\t\t\t\t\t\t\t\t<\/div>\n\t\t\t\t\t\t\t\t\t\t\t<div class=\"swiper-slide\" data-slide=\"3\" role=\"group\" aria-roledescription=\"slide\" aria-label=\"3 sur 9\">\n\t\t\t\t\t\t\t<div class=\"elementor-element elementor-element-a534409 e-flex e-con-boxed e-con e-child\" data-id=\"a534409\" data-element_type=\"container\" data-e-type=\"container\">\n\t\t\t\t\t<div class=\"e-con-inner\">\n\t\t<div class=\"elementor-element elementor-element-0c68f31 e-con-full e-flex e-con e-child\" data-id=\"0c68f31\" data-element_type=\"container\" data-e-type=\"container\" data-settings=\"{&quot;background_background&quot;:&quot;slideshow&quot;,&quot;background_slideshow_gallery&quot;:[{&quot;id&quot;:63524,&quot;url&quot;:&quot;https:\\\/\\\/www.ek-retail.com\\\/wp-content\\\/uploads\\\/2025\\\/06\\\/footer-slider_0001.jpg&quot;}],&quot;background_slideshow_loop&quot;:&quot;yes&quot;,&quot;background_slideshow_slide_duration&quot;:5000,&quot;background_slideshow_slide_transition&quot;:&quot;fade&quot;,&quot;background_slideshow_transition_duration&quot;:500}\">\n\t\t\t\t<\/div>\n\t\t<div class=\"elementor-element elementor-element-50ac5d4 e-con-full e-flex e-con e-child\" data-id=\"50ac5d4\" data-element_type=\"container\" data-e-type=\"container\" data-settings=\"{&quot;background_background&quot;:&quot;classic&quot;}\">\n\t\t\t\t<div class=\"elementor-element elementor-element-5245e9d elementor-widget elementor-widget-heading\" data-id=\"5245e9d\" data-element_type=\"widget\" data-e-type=\"widget\" data-widget_type=\"heading.default\">\n\t\t\t\t<div class=\"elementor-widget-container\">\n\t\t\t\t\t<h2 class=\"elementor-heading-title elementor-size-default\">Connexion mode\n\n\n\n\n\n<\/h2>\t\t\t\t<\/div>\n\t\t\t\t<\/div>\n\t\t\t\t<div class=\"elementor-element elementor-element-0906fe1 elementor-widget elementor-widget-text-editor\" data-id=\"0906fe1\" data-element_type=\"widget\" data-e-type=\"widget\" data-widget_type=\"text-editor.default\">\n\t\t\t\t<div class=\"elementor-widget-container\">\n\t\t\t\t\t\t\t\t\t<p dir=\"auto\">Ax\u00e9 sur la mode f\u00e9minine dans les segments Tendances et Actuels, ce groupe se r\u00e9unit six fois par an pour \u00e9changer des donn\u00e9es de performance et des informations sur le march\u00e9. Les activit\u00e9s comprennent des visites de magasins, des pr\u00e9sentations de tendances et des voyages d&rsquo;inspiration. <\/p>\t\t\t\t\t\t\t\t<\/div>\n\t\t\t\t<\/div>\n\t\t<div class=\"elementor-element elementor-element-15934e9 e-con-full e-flex e-con e-child\" data-id=\"15934e9\" data-element_type=\"container\" data-e-type=\"container\">\n\t\t\t\t<div class=\"elementor-element elementor-element-a705997 elementor-icon-list--layout-traditional elementor-list-item-link-full_width elementor-widget elementor-widget-icon-list\" data-id=\"a705997\" data-element_type=\"widget\" data-e-type=\"widget\" data-widget_type=\"icon-list.default\">\n\t\t\t\t<div class=\"elementor-widget-container\">\n\t\t\t\t\t\t\t<ul class=\"elementor-icon-list-items\">\n\t\t\t\t\t\t\t<li class=\"elementor-icon-list-item\">\n\t\t\t\t\t\t\t\t\t\t<span class=\"elementor-icon-list-text\">Anneke Heurckmans<\/span>\n\t\t\t\t\t\t\t\t\t<\/li>\n\t\t\t\t\t\t<\/ul>\n\t\t\t\t\t\t<\/div>\n\t\t\t\t<\/div>\n\t\t\t\t<div class=\"elementor-element elementor-element-c0ce4ce elementor-icon-list--layout-traditional elementor-list-item-link-full_width elementor-widget elementor-widget-icon-list\" data-id=\"c0ce4ce\" data-element_type=\"widget\" data-e-type=\"widget\" data-widget_type=\"icon-list.default\">\n\t\t\t\t<div class=\"elementor-widget-container\">\n\t\t\t\t\t\t\t<ul class=\"elementor-icon-list-items\">\n\t\t\t\t\t\t\t<li class=\"elementor-icon-list-item\">\n\t\t\t\t\t\t\t\t\t\t\t<a href=\"http:\/\/a.heurckmans@ek-retail.com\">\n\n\t\t\t\t\t\t\t\t\t\t\t\t<span class=\"elementor-icon-list-icon\">\n\t\t\t\t\t\t\t<i aria-hidden=\"true\" class=\"feather feather-mail\"><\/i>\t\t\t\t\t\t<\/span>\n\t\t\t\t\t\t\t\t\t\t<span class=\"elementor-icon-list-text\">a.heurckmans@ek-retail.com<\/span>\n\t\t\t\t\t\t\t\t\t\t\t<\/a>\n\t\t\t\t\t\t\t\t\t<\/li>\n\t\t\t\t\t\t<\/ul>\n\t\t\t\t\t\t<\/div>\n\t\t\t\t<\/div>\n\t\t\t\t<div class=\"elementor-element elementor-element-afae5b9 elementor-icon-list--layout-traditional elementor-list-item-link-full_width elementor-widget elementor-widget-icon-list\" data-id=\"afae5b9\" data-element_type=\"widget\" data-e-type=\"widget\" data-widget_type=\"icon-list.default\">\n\t\t\t\t<div class=\"elementor-widget-container\">\n\t\t\t\t\t\t\t<ul class=\"elementor-icon-list-items\">\n\t\t\t\t\t\t\t<li class=\"elementor-icon-list-item\">\n\t\t\t\t\t\t\t\t\t\t\t<a href=\"http:\/\/+31%206%2053%2016%2023%2097\">\n\n\t\t\t\t\t\t\t\t\t\t\t\t<span class=\"elementor-icon-list-icon\">\n\t\t\t\t\t\t\t<i aria-hidden=\"true\" class=\"fas fa-phone-alt\"><\/i>\t\t\t\t\t\t<\/span>\n\t\t\t\t\t\t\t\t\t\t<span class=\"elementor-icon-list-text\">+31 6 53 16 23 97<\/span>\n\t\t\t\t\t\t\t\t\t\t\t<\/a>\n\t\t\t\t\t\t\t\t\t<\/li>\n\t\t\t\t\t\t<\/ul>\n\t\t\t\t\t\t<\/div>\n\t\t\t\t<\/div>\n\t\t\t\t<\/div>\n\t\t\t\t<\/div>\n\t\t\t\t\t<\/div>\n\t\t\t\t<\/div>\n\t\t\t\t\t\t\t\t<\/div>\n\t\t\t\t\t\t\t\t\t\t\t<div class=\"swiper-slide\" data-slide=\"4\" role=\"group\" aria-roledescription=\"slide\" aria-label=\"4 sur 9\">\n\t\t\t\t\t\t\t<div class=\"elementor-element elementor-element-c4a286e e-flex e-con-boxed e-con e-child\" data-id=\"c4a286e\" data-element_type=\"container\" data-e-type=\"container\">\n\t\t\t\t\t<div class=\"e-con-inner\">\n\t\t<div class=\"elementor-element elementor-element-8a698b8 e-con-full e-flex e-con e-child\" data-id=\"8a698b8\" data-element_type=\"container\" data-e-type=\"container\" data-settings=\"{&quot;background_background&quot;:&quot;slideshow&quot;,&quot;background_slideshow_gallery&quot;:[{&quot;id&quot;:63525,&quot;url&quot;:&quot;https:\\\/\\\/www.ek-retail.com\\\/wp-content\\\/uploads\\\/2025\\\/06\\\/footer-slider_0002.jpg&quot;}],&quot;background_slideshow_loop&quot;:&quot;yes&quot;,&quot;background_slideshow_slide_duration&quot;:5000,&quot;background_slideshow_slide_transition&quot;:&quot;fade&quot;,&quot;background_slideshow_transition_duration&quot;:500}\">\n\t\t\t\t<\/div>\n\t\t<div class=\"elementor-element elementor-element-b8a0bc1 e-con-full e-flex e-con e-child\" data-id=\"b8a0bc1\" data-element_type=\"container\" data-e-type=\"container\" data-settings=\"{&quot;background_background&quot;:&quot;classic&quot;}\">\n\t\t\t\t<div class=\"elementor-element elementor-element-a9a4659 elementor-widget elementor-widget-heading\" data-id=\"a9a4659\" data-element_type=\"widget\" data-e-type=\"widget\" data-widget_type=\"heading.default\">\n\t\t\t\t<div class=\"elementor-widget-container\">\n\t\t\t\t\t<h2 class=\"elementor-heading-title elementor-size-default\">Groupe de discussion\n\n\n\n\n\n<\/h2>\t\t\t\t<\/div>\n\t\t\t\t<\/div>\n\t\t\t\t<div class=\"elementor-element elementor-element-d53daf8 elementor-widget elementor-widget-text-editor\" data-id=\"d53daf8\" data-element_type=\"widget\" data-e-type=\"widget\" data-widget_type=\"text-editor.default\">\n\t\t\t\t<div class=\"elementor-widget-container\">\n\t\t\t\t\t\t\t\t\t<p dir=\"auto\">Un groupe de longue date de 12&nbsp;d\u00e9taillants de mode et d&rsquo;articles pour la maison, mettant l&rsquo;accent sur la mode f\u00e9minine dans le segment moyen-bas \u00e0 moyen. Id\u00e9al pour les entreprises en transition, telles que la succession ou le renouvellement strat\u00e9gique. <\/p>\t\t\t\t\t\t\t\t<\/div>\n\t\t\t\t<\/div>\n\t\t<div class=\"elementor-element elementor-element-fa693d0 e-con-full e-flex e-con e-child\" data-id=\"fa693d0\" data-element_type=\"container\" data-e-type=\"container\">\n\t\t\t\t<div class=\"elementor-element elementor-element-beb6512 elementor-icon-list--layout-traditional elementor-list-item-link-full_width elementor-widget elementor-widget-icon-list\" data-id=\"beb6512\" data-element_type=\"widget\" data-e-type=\"widget\" data-widget_type=\"icon-list.default\">\n\t\t\t\t<div class=\"elementor-widget-container\">\n\t\t\t\t\t\t\t<ul class=\"elementor-icon-list-items\">\n\t\t\t\t\t\t\t<li class=\"elementor-icon-list-item\">\n\t\t\t\t\t\t\t\t\t\t<span class=\"elementor-icon-list-text\">Inge Kamst<\/span>\n\t\t\t\t\t\t\t\t\t<\/li>\n\t\t\t\t\t\t<\/ul>\n\t\t\t\t\t\t<\/div>\n\t\t\t\t<\/div>\n\t\t\t\t<div class=\"elementor-element elementor-element-0a88029 elementor-icon-list--layout-traditional elementor-list-item-link-full_width elementor-widget elementor-widget-icon-list\" data-id=\"0a88029\" data-element_type=\"widget\" data-e-type=\"widget\" data-widget_type=\"icon-list.default\">\n\t\t\t\t<div class=\"elementor-widget-container\">\n\t\t\t\t\t\t\t<ul class=\"elementor-icon-list-items\">\n\t\t\t\t\t\t\t<li class=\"elementor-icon-list-item\">\n\t\t\t\t\t\t\t\t\t\t\t<a href=\"http:\/\/i.kamst@ek-retail.com\">\n\n\t\t\t\t\t\t\t\t\t\t\t\t<span class=\"elementor-icon-list-icon\">\n\t\t\t\t\t\t\t<i aria-hidden=\"true\" class=\"feather feather-mail\"><\/i>\t\t\t\t\t\t<\/span>\n\t\t\t\t\t\t\t\t\t\t<span class=\"elementor-icon-list-text\">i.kamst@ek-retail.com<\/span>\n\t\t\t\t\t\t\t\t\t\t\t<\/a>\n\t\t\t\t\t\t\t\t\t<\/li>\n\t\t\t\t\t\t<\/ul>\n\t\t\t\t\t\t<\/div>\n\t\t\t\t<\/div>\n\t\t\t\t<div class=\"elementor-element elementor-element-7529398 elementor-icon-list--layout-traditional elementor-list-item-link-full_width elementor-widget elementor-widget-icon-list\" data-id=\"7529398\" data-element_type=\"widget\" data-e-type=\"widget\" data-widget_type=\"icon-list.default\">\n\t\t\t\t<div class=\"elementor-widget-container\">\n\t\t\t\t\t\t\t<ul class=\"elementor-icon-list-items\">\n\t\t\t\t\t\t\t<li class=\"elementor-icon-list-item\">\n\t\t\t\t\t\t\t\t\t\t\t<a href=\"http:\/\/+31%206%2051%2088%2046%2006\">\n\n\t\t\t\t\t\t\t\t\t\t\t\t<span class=\"elementor-icon-list-icon\">\n\t\t\t\t\t\t\t<i aria-hidden=\"true\" class=\"fas fa-phone-alt\"><\/i>\t\t\t\t\t\t<\/span>\n\t\t\t\t\t\t\t\t\t\t<span class=\"elementor-icon-list-text\">+31 6 51 88 46 06<\/span>\n\t\t\t\t\t\t\t\t\t\t\t<\/a>\n\t\t\t\t\t\t\t\t\t<\/li>\n\t\t\t\t\t\t<\/ul>\n\t\t\t\t\t\t<\/div>\n\t\t\t\t<\/div>\n\t\t\t\t<\/div>\n\t\t\t\t<\/div>\n\t\t\t\t\t<\/div>\n\t\t\t\t<\/div>\n\t\t\t\t\t\t\t\t<\/div>\n\t\t\t\t\t\t\t\t\t\t\t<div class=\"swiper-slide\" data-slide=\"5\" role=\"group\" aria-roledescription=\"slide\" aria-label=\"5 sur 9\">\n\t\t\t\t\t\t\t<div class=\"elementor-element elementor-element-87a8d56 e-flex e-con-boxed e-con e-child\" data-id=\"87a8d56\" data-element_type=\"container\" data-e-type=\"container\">\n\t\t\t\t\t<div class=\"e-con-inner\">\n\t\t<div class=\"elementor-element elementor-element-5fcf3e8 e-con-full e-flex e-con e-child\" data-id=\"5fcf3e8\" data-element_type=\"container\" data-e-type=\"container\" data-settings=\"{&quot;background_background&quot;:&quot;slideshow&quot;,&quot;background_slideshow_gallery&quot;:[{&quot;id&quot;:63522,&quot;url&quot;:&quot;https:\\\/\\\/www.ek-retail.com\\\/wp-content\\\/uploads\\\/2025\\\/09\\\/6754cb4e-9a03-417e-bc7c-1651c1634615_rw_1920.jpg&quot;}],&quot;background_slideshow_loop&quot;:&quot;yes&quot;,&quot;background_slideshow_slide_duration&quot;:5000,&quot;background_slideshow_slide_transition&quot;:&quot;fade&quot;,&quot;background_slideshow_transition_duration&quot;:500}\">\n\t\t\t\t<\/div>\n\t\t<div class=\"elementor-element elementor-element-5a9a53b e-con-full e-flex e-con e-child\" data-id=\"5a9a53b\" data-element_type=\"container\" data-e-type=\"container\" data-settings=\"{&quot;background_background&quot;:&quot;classic&quot;}\">\n\t\t\t\t<div class=\"elementor-element elementor-element-37362ff elementor-widget elementor-widget-heading\" data-id=\"37362ff\" data-element_type=\"widget\" data-e-type=\"widget\" data-widget_type=\"heading.default\">\n\t\t\t\t<div class=\"elementor-widget-container\">\n\t\t\t\t\t<h2 class=\"elementor-heading-title elementor-size-default\">IFP\n\n\n\n\n<\/h2>\t\t\t\t<\/div>\n\t\t\t\t<\/div>\n\t\t\t\t<div class=\"elementor-element elementor-element-2f21388 elementor-widget elementor-widget-text-editor\" data-id=\"2f21388\" data-element_type=\"widget\" data-e-type=\"widget\" data-widget_type=\"text-editor.default\">\n\t\t\t\t<div class=\"elementor-widget-container\">\n\t\t\t\t\t\t\t\t\t<p dir=\"auto\">Un groupe d&rsquo;achat de v\u00eatements pour hommes compos\u00e9 de 15&nbsp;entrepreneurs, n\u00e9gociant conjointement des accords avec les fournisseurs et achetant la marque de distributeur Scotland Blue.<\/p>\t\t\t\t\t\t\t\t<\/div>\n\t\t\t\t<\/div>\n\t\t<div class=\"elementor-element elementor-element-701c36d e-con-full e-flex e-con e-child\" data-id=\"701c36d\" data-element_type=\"container\" data-e-type=\"container\">\n\t\t\t\t<div class=\"elementor-element elementor-element-f4d8cd5 elementor-icon-list--layout-traditional elementor-list-item-link-full_width elementor-widget elementor-widget-icon-list\" data-id=\"f4d8cd5\" data-element_type=\"widget\" data-e-type=\"widget\" data-widget_type=\"icon-list.default\">\n\t\t\t\t<div class=\"elementor-widget-container\">\n\t\t\t\t\t\t\t<ul class=\"elementor-icon-list-items\">\n\t\t\t\t\t\t\t<li class=\"elementor-icon-list-item\">\n\t\t\t\t\t\t\t\t\t\t<span class=\"elementor-icon-list-text\">Marianne Meuwese-Wielinga<\/span>\n\t\t\t\t\t\t\t\t\t<\/li>\n\t\t\t\t\t\t<\/ul>\n\t\t\t\t\t\t<\/div>\n\t\t\t\t<\/div>\n\t\t\t\t<div class=\"elementor-element elementor-element-3ae2d77 elementor-icon-list--layout-traditional elementor-list-item-link-full_width elementor-widget elementor-widget-icon-list\" data-id=\"3ae2d77\" data-element_type=\"widget\" data-e-type=\"widget\" data-widget_type=\"icon-list.default\">\n\t\t\t\t<div class=\"elementor-widget-container\">\n\t\t\t\t\t\t\t<ul class=\"elementor-icon-list-items\">\n\t\t\t\t\t\t\t<li class=\"elementor-icon-list-item\">\n\t\t\t\t\t\t\t\t\t\t\t<a href=\"http:\/\/m.meuwese@ek-retail.com\">\n\n\t\t\t\t\t\t\t\t\t\t\t\t<span class=\"elementor-icon-list-icon\">\n\t\t\t\t\t\t\t<i aria-hidden=\"true\" class=\"feather feather-mail\"><\/i>\t\t\t\t\t\t<\/span>\n\t\t\t\t\t\t\t\t\t\t<span class=\"elementor-icon-list-text\">m.meuwese@ek-retail.com<\/span>\n\t\t\t\t\t\t\t\t\t\t\t<\/a>\n\t\t\t\t\t\t\t\t\t<\/li>\n\t\t\t\t\t\t<\/ul>\n\t\t\t\t\t\t<\/div>\n\t\t\t\t<\/div>\n\t\t\t\t<div class=\"elementor-element elementor-element-378e2bf elementor-icon-list--layout-traditional elementor-list-item-link-full_width elementor-widget elementor-widget-icon-list\" data-id=\"378e2bf\" data-element_type=\"widget\" data-e-type=\"widget\" data-widget_type=\"icon-list.default\">\n\t\t\t\t<div class=\"elementor-widget-container\">\n\t\t\t\t\t\t\t<ul class=\"elementor-icon-list-items\">\n\t\t\t\t\t\t\t<li class=\"elementor-icon-list-item\">\n\t\t\t\t\t\t\t\t\t\t\t<a href=\"http:\/\/+31%206%2051%2011%2066%2081\">\n\n\t\t\t\t\t\t\t\t\t\t\t\t<span class=\"elementor-icon-list-icon\">\n\t\t\t\t\t\t\t<i aria-hidden=\"true\" class=\"fas fa-phone-alt\"><\/i>\t\t\t\t\t\t<\/span>\n\t\t\t\t\t\t\t\t\t\t<span class=\"elementor-icon-list-text\">+31 6 51 11 66 81<\/span>\n\t\t\t\t\t\t\t\t\t\t\t<\/a>\n\t\t\t\t\t\t\t\t\t<\/li>\n\t\t\t\t\t\t<\/ul>\n\t\t\t\t\t\t<\/div>\n\t\t\t\t<\/div>\n\t\t\t\t<\/div>\n\t\t\t\t<\/div>\n\t\t\t\t\t<\/div>\n\t\t\t\t<\/div>\n\t\t\t\t\t\t\t\t<\/div>\n\t\t\t\t\t\t\t\t\t\t\t<div class=\"swiper-slide\" data-slide=\"6\" role=\"group\" aria-roledescription=\"slide\" aria-label=\"6 sur 9\">\n\t\t\t\t\t\t\t<div class=\"elementor-element elementor-element-ecee270 e-flex e-con-boxed e-con e-child\" data-id=\"ecee270\" data-element_type=\"container\" data-e-type=\"container\">\n\t\t\t\t\t<div class=\"e-con-inner\">\n\t\t<div class=\"elementor-element elementor-element-54cb021 e-con-full e-flex e-con e-child\" data-id=\"54cb021\" data-element_type=\"container\" data-e-type=\"container\" data-settings=\"{&quot;background_background&quot;:&quot;slideshow&quot;,&quot;background_slideshow_gallery&quot;:[{&quot;id&quot;:63523,&quot;url&quot;:&quot;https:\\\/\\\/www.ek-retail.com\\\/wp-content\\\/uploads\\\/2025\\\/06\\\/footer-slider_0000.jpg&quot;}],&quot;background_slideshow_loop&quot;:&quot;yes&quot;,&quot;background_slideshow_slide_duration&quot;:5000,&quot;background_slideshow_slide_transition&quot;:&quot;fade&quot;,&quot;background_slideshow_transition_duration&quot;:500}\">\n\t\t\t\t<\/div>\n\t\t<div class=\"elementor-element elementor-element-3f79ddd e-con-full e-flex e-con e-child\" data-id=\"3f79ddd\" data-element_type=\"container\" data-e-type=\"container\" data-settings=\"{&quot;background_background&quot;:&quot;classic&quot;}\">\n\t\t\t\t<div class=\"elementor-element elementor-element-15d07c3 elementor-widget elementor-widget-heading\" data-id=\"15d07c3\" data-element_type=\"widget\" data-e-type=\"widget\" data-widget_type=\"heading.default\">\n\t\t\t\t<div class=\"elementor-widget-container\">\n\t\t\t\t\t<h2 class=\"elementor-heading-title elementor-size-default\">Kidspoint\n\n\n\n\n<\/h2>\t\t\t\t<\/div>\n\t\t\t\t<\/div>\n\t\t\t\t<div class=\"elementor-element elementor-element-43a35cd elementor-widget elementor-widget-text-editor\" data-id=\"43a35cd\" data-element_type=\"widget\" data-e-type=\"widget\" data-widget_type=\"text-editor.default\">\n\t\t\t\t<div class=\"elementor-widget-container\">\n\t\t\t\t\t\t\t\t\t<p dir=\"auto\">Un groupe dynamique de 11&nbsp;d\u00e9taillants de mode pour enfants, allant des grands magasins aux petits ind\u00e9pendants. Les activit\u00e9s comprennent l&rsquo;analyse comparative, des sessions d&rsquo;experts et des pr\u00e9sentations de tendances semestrielles. <\/p>\t\t\t\t\t\t\t\t<\/div>\n\t\t\t\t<\/div>\n\t\t<div class=\"elementor-element elementor-element-5f5e9e1 e-con-full e-flex e-con e-child\" data-id=\"5f5e9e1\" data-element_type=\"container\" data-e-type=\"container\">\n\t\t\t\t<div class=\"elementor-element elementor-element-5be1488 elementor-icon-list--layout-traditional elementor-list-item-link-full_width elementor-widget elementor-widget-icon-list\" data-id=\"5be1488\" data-element_type=\"widget\" data-e-type=\"widget\" data-widget_type=\"icon-list.default\">\n\t\t\t\t<div class=\"elementor-widget-container\">\n\t\t\t\t\t\t\t<ul class=\"elementor-icon-list-items\">\n\t\t\t\t\t\t\t<li class=\"elementor-icon-list-item\">\n\t\t\t\t\t\t\t\t\t\t<span class=\"elementor-icon-list-text\">Inge Kamst<\/span>\n\t\t\t\t\t\t\t\t\t<\/li>\n\t\t\t\t\t\t<\/ul>\n\t\t\t\t\t\t<\/div>\n\t\t\t\t<\/div>\n\t\t\t\t<div class=\"elementor-element elementor-element-b49b996 elementor-icon-list--layout-traditional elementor-list-item-link-full_width elementor-widget elementor-widget-icon-list\" data-id=\"b49b996\" data-element_type=\"widget\" data-e-type=\"widget\" data-widget_type=\"icon-list.default\">\n\t\t\t\t<div class=\"elementor-widget-container\">\n\t\t\t\t\t\t\t<ul class=\"elementor-icon-list-items\">\n\t\t\t\t\t\t\t<li class=\"elementor-icon-list-item\">\n\t\t\t\t\t\t\t\t\t\t\t<a href=\"http:\/\/i.kamst@ek-retail.com\">\n\n\t\t\t\t\t\t\t\t\t\t\t\t<span class=\"elementor-icon-list-icon\">\n\t\t\t\t\t\t\t<i aria-hidden=\"true\" class=\"feather feather-mail\"><\/i>\t\t\t\t\t\t<\/span>\n\t\t\t\t\t\t\t\t\t\t<span class=\"elementor-icon-list-text\">i.kamst@ek-retail.com<\/span>\n\t\t\t\t\t\t\t\t\t\t\t<\/a>\n\t\t\t\t\t\t\t\t\t<\/li>\n\t\t\t\t\t\t<\/ul>\n\t\t\t\t\t\t<\/div>\n\t\t\t\t<\/div>\n\t\t\t\t<div class=\"elementor-element elementor-element-4fca034 elementor-icon-list--layout-traditional elementor-list-item-link-full_width elementor-widget elementor-widget-icon-list\" data-id=\"4fca034\" data-element_type=\"widget\" data-e-type=\"widget\" data-widget_type=\"icon-list.default\">\n\t\t\t\t<div class=\"elementor-widget-container\">\n\t\t\t\t\t\t\t<ul class=\"elementor-icon-list-items\">\n\t\t\t\t\t\t\t<li class=\"elementor-icon-list-item\">\n\t\t\t\t\t\t\t\t\t\t\t<a href=\"http:\/\/+31%206%2051%2088%2046%2006\">\n\n\t\t\t\t\t\t\t\t\t\t\t\t<span class=\"elementor-icon-list-icon\">\n\t\t\t\t\t\t\t<i aria-hidden=\"true\" class=\"fas fa-phone-alt\"><\/i>\t\t\t\t\t\t<\/span>\n\t\t\t\t\t\t\t\t\t\t<span class=\"elementor-icon-list-text\">+31 6 51 88 46 06<\/span>\n\t\t\t\t\t\t\t\t\t\t\t<\/a>\n\t\t\t\t\t\t\t\t\t<\/li>\n\t\t\t\t\t\t<\/ul>\n\t\t\t\t\t\t<\/div>\n\t\t\t\t<\/div>\n\t\t\t\t<\/div>\n\t\t\t\t<\/div>\n\t\t\t\t\t<\/div>\n\t\t\t\t<\/div>\n\t\t\t\t\t\t\t\t<\/div>\n\t\t\t\t\t\t\t\t\t\t\t<div class=\"swiper-slide\" data-slide=\"7\" role=\"group\" aria-roledescription=\"slide\" aria-label=\"7 sur 9\">\n\t\t\t\t\t\t\t<div class=\"elementor-element elementor-element-bb91679 e-flex e-con-boxed e-con e-child\" data-id=\"bb91679\" data-element_type=\"container\" data-e-type=\"container\">\n\t\t\t\t\t<div class=\"e-con-inner\">\n\t\t<div class=\"elementor-element elementor-element-7c2811c e-con-full e-flex e-con e-child\" data-id=\"7c2811c\" data-element_type=\"container\" data-e-type=\"container\" data-settings=\"{&quot;background_background&quot;:&quot;slideshow&quot;,&quot;background_slideshow_gallery&quot;:[{&quot;id&quot;:63524,&quot;url&quot;:&quot;https:\\\/\\\/www.ek-retail.com\\\/wp-content\\\/uploads\\\/2025\\\/06\\\/footer-slider_0001.jpg&quot;}],&quot;background_slideshow_loop&quot;:&quot;yes&quot;,&quot;background_slideshow_slide_duration&quot;:5000,&quot;background_slideshow_slide_transition&quot;:&quot;fade&quot;,&quot;background_slideshow_transition_duration&quot;:500}\">\n\t\t\t\t<\/div>\n\t\t<div class=\"elementor-element elementor-element-ed8b0ca e-con-full e-flex e-con e-child\" data-id=\"ed8b0ca\" data-element_type=\"container\" data-e-type=\"container\" data-settings=\"{&quot;background_background&quot;:&quot;classic&quot;}\">\n\t\t\t\t<div class=\"elementor-element elementor-element-04cbb60 elementor-widget elementor-widget-heading\" data-id=\"04cbb60\" data-element_type=\"widget\" data-e-type=\"widget\" data-widget_type=\"heading.default\">\n\t\t\t\t<div class=\"elementor-widget-container\">\n\t\t\t\t\t<h2 class=\"elementor-heading-title elementor-size-default\">Alliance mode\n\n\n\n\n<\/h2>\t\t\t\t<\/div>\n\t\t\t\t<\/div>\n\t\t\t\t<div class=\"elementor-element elementor-element-0e426dc elementor-widget elementor-widget-text-editor\" data-id=\"0e426dc\" data-element_type=\"widget\" data-e-type=\"widget\" data-widget_type=\"text-editor.default\">\n\t\t\t\t<div class=\"elementor-widget-container\">\n\t\t\t\t\t\t\t\t\t<p dir=\"auto\">Neuf d\u00e9taillants grand format (1&nbsp;000&nbsp;m\u00b2+) collaborent sur la strat\u00e9gie, les donn\u00e9es, les RH, la durabilit\u00e9 et les tendances du march\u00e9. Comprend des voyages en ville et des sessions th\u00e9matiques. <\/p>\t\t\t\t\t\t\t\t<\/div>\n\t\t\t\t<\/div>\n\t\t<div class=\"elementor-element elementor-element-c96a4d8 e-con-full e-flex e-con e-child\" data-id=\"c96a4d8\" data-element_type=\"container\" data-e-type=\"container\">\n\t\t\t\t<div class=\"elementor-element elementor-element-791e017 elementor-icon-list--layout-traditional elementor-list-item-link-full_width elementor-widget elementor-widget-icon-list\" data-id=\"791e017\" data-element_type=\"widget\" data-e-type=\"widget\" data-widget_type=\"icon-list.default\">\n\t\t\t\t<div class=\"elementor-widget-container\">\n\t\t\t\t\t\t\t<ul class=\"elementor-icon-list-items\">\n\t\t\t\t\t\t\t<li class=\"elementor-icon-list-item\">\n\t\t\t\t\t\t\t\t\t\t<span class=\"elementor-icon-list-text\">Marianne Meuwese-Wielinga<\/span>\n\t\t\t\t\t\t\t\t\t<\/li>\n\t\t\t\t\t\t<\/ul>\n\t\t\t\t\t\t<\/div>\n\t\t\t\t<\/div>\n\t\t\t\t<div class=\"elementor-element elementor-element-ffad729 elementor-icon-list--layout-traditional elementor-list-item-link-full_width elementor-widget elementor-widget-icon-list\" data-id=\"ffad729\" data-element_type=\"widget\" data-e-type=\"widget\" data-widget_type=\"icon-list.default\">\n\t\t\t\t<div class=\"elementor-widget-container\">\n\t\t\t\t\t\t\t<ul class=\"elementor-icon-list-items\">\n\t\t\t\t\t\t\t<li class=\"elementor-icon-list-item\">\n\t\t\t\t\t\t\t\t\t\t\t<a href=\"http:\/\/m.meuwese@ek-retail.com\">\n\n\t\t\t\t\t\t\t\t\t\t\t\t<span class=\"elementor-icon-list-icon\">\n\t\t\t\t\t\t\t<i aria-hidden=\"true\" class=\"feather feather-mail\"><\/i>\t\t\t\t\t\t<\/span>\n\t\t\t\t\t\t\t\t\t\t<span class=\"elementor-icon-list-text\">m.meuwese@ek-retail.com<\/span>\n\t\t\t\t\t\t\t\t\t\t\t<\/a>\n\t\t\t\t\t\t\t\t\t<\/li>\n\t\t\t\t\t\t<\/ul>\n\t\t\t\t\t\t<\/div>\n\t\t\t\t<\/div>\n\t\t\t\t<div class=\"elementor-element elementor-element-31f4db6 elementor-icon-list--layout-traditional elementor-list-item-link-full_width elementor-widget elementor-widget-icon-list\" data-id=\"31f4db6\" data-element_type=\"widget\" data-e-type=\"widget\" data-widget_type=\"icon-list.default\">\n\t\t\t\t<div class=\"elementor-widget-container\">\n\t\t\t\t\t\t\t<ul class=\"elementor-icon-list-items\">\n\t\t\t\t\t\t\t<li class=\"elementor-icon-list-item\">\n\t\t\t\t\t\t\t\t\t\t\t<a href=\"http:\/\/+31%206%2051%2011%2066%2081\">\n\n\t\t\t\t\t\t\t\t\t\t\t\t<span class=\"elementor-icon-list-icon\">\n\t\t\t\t\t\t\t<i aria-hidden=\"true\" class=\"fas fa-phone-alt\"><\/i>\t\t\t\t\t\t<\/span>\n\t\t\t\t\t\t\t\t\t\t<span class=\"elementor-icon-list-text\">+31 6 51 11 66 81<\/span>\n\t\t\t\t\t\t\t\t\t\t\t<\/a>\n\t\t\t\t\t\t\t\t\t<\/li>\n\t\t\t\t\t\t<\/ul>\n\t\t\t\t\t\t<\/div>\n\t\t\t\t<\/div>\n\t\t\t\t<\/div>\n\t\t\t\t<\/div>\n\t\t\t\t\t<\/div>\n\t\t\t\t<\/div>\n\t\t\t\t\t\t\t\t<\/div>\n\t\t\t\t\t\t\t\t\t\t\t<div class=\"swiper-slide\" data-slide=\"8\" role=\"group\" aria-roledescription=\"slide\" aria-label=\"8 sur 9\">\n\t\t\t\t\t\t\t<div class=\"elementor-element elementor-element-749728a e-flex e-con-boxed e-con e-child\" data-id=\"749728a\" data-element_type=\"container\" data-e-type=\"container\">\n\t\t\t\t\t<div class=\"e-con-inner\">\n\t\t<div class=\"elementor-element elementor-element-bb79412 e-con-full e-flex e-con e-child\" data-id=\"bb79412\" data-element_type=\"container\" data-e-type=\"container\" data-settings=\"{&quot;background_background&quot;:&quot;slideshow&quot;,&quot;background_slideshow_gallery&quot;:[{&quot;id&quot;:63525,&quot;url&quot;:&quot;https:\\\/\\\/www.ek-retail.com\\\/wp-content\\\/uploads\\\/2025\\\/06\\\/footer-slider_0002.jpg&quot;}],&quot;background_slideshow_loop&quot;:&quot;yes&quot;,&quot;background_slideshow_slide_duration&quot;:5000,&quot;background_slideshow_slide_transition&quot;:&quot;fade&quot;,&quot;background_slideshow_transition_duration&quot;:500}\">\n\t\t\t\t<\/div>\n\t\t<div class=\"elementor-element elementor-element-1524a43 e-con-full e-flex e-con e-child\" data-id=\"1524a43\" data-element_type=\"container\" data-e-type=\"container\" data-settings=\"{&quot;background_background&quot;:&quot;classic&quot;}\">\n\t\t\t\t<div class=\"elementor-element elementor-element-391611e elementor-widget elementor-widget-heading\" data-id=\"391611e\" data-element_type=\"widget\" data-e-type=\"widget\" data-widget_type=\"heading.default\">\n\t\t\t\t<div class=\"elementor-widget-container\">\n\t\t\t\t\t<h2 class=\"elementor-heading-title elementor-size-default\">Connexion vente au d\u00e9tail\n\n\n\n<\/h2>\t\t\t\t<\/div>\n\t\t\t\t<\/div>\n\t\t\t\t<div class=\"elementor-element elementor-element-bf0fe12 elementor-widget elementor-widget-text-editor\" data-id=\"bf0fe12\" data-element_type=\"widget\" data-e-type=\"widget\" data-widget_type=\"text-editor.default\">\n\t\t\t\t<div class=\"elementor-widget-container\">\n\t\t\t\t\t\t\t\t\t<p dir=\"auto\">~20&nbsp;entrepreneurs avec pr\u00e8s de 40&nbsp;magasins de mode f\u00e9minine. Le groupe se concentre sur le maintien de la pertinence gr\u00e2ce \u00e0 des informations partag\u00e9es sur les tendances, la durabilit\u00e9, le leadership et l&rsquo;innovation num\u00e9rique. <\/p>\t\t\t\t\t\t\t\t<\/div>\n\t\t\t\t<\/div>\n\t\t<div class=\"elementor-element elementor-element-8bcc621 e-con-full e-flex e-con e-child\" data-id=\"8bcc621\" data-element_type=\"container\" data-e-type=\"container\">\n\t\t\t\t<div class=\"elementor-element elementor-element-fc0ed99 elementor-icon-list--layout-traditional elementor-list-item-link-full_width elementor-widget elementor-widget-icon-list\" data-id=\"fc0ed99\" data-element_type=\"widget\" data-e-type=\"widget\" data-widget_type=\"icon-list.default\">\n\t\t\t\t<div class=\"elementor-widget-container\">\n\t\t\t\t\t\t\t<ul class=\"elementor-icon-list-items\">\n\t\t\t\t\t\t\t<li class=\"elementor-icon-list-item\">\n\t\t\t\t\t\t\t\t\t\t<span class=\"elementor-icon-list-text\">Alm Wiggers-de Boer<\/span>\n\t\t\t\t\t\t\t\t\t<\/li>\n\t\t\t\t\t\t<\/ul>\n\t\t\t\t\t\t<\/div>\n\t\t\t\t<\/div>\n\t\t\t\t<div class=\"elementor-element elementor-element-c43adf6 elementor-icon-list--layout-traditional elementor-list-item-link-full_width elementor-widget elementor-widget-icon-list\" data-id=\"c43adf6\" data-element_type=\"widget\" data-e-type=\"widget\" data-widget_type=\"icon-list.default\">\n\t\t\t\t<div class=\"elementor-widget-container\">\n\t\t\t\t\t\t\t<ul class=\"elementor-icon-list-items\">\n\t\t\t\t\t\t\t<li class=\"elementor-icon-list-item\">\n\t\t\t\t\t\t\t\t\t\t\t<a href=\"http:\/\/a.wiggers@ek-retail.com\">\n\n\t\t\t\t\t\t\t\t\t\t\t\t<span class=\"elementor-icon-list-icon\">\n\t\t\t\t\t\t\t<i aria-hidden=\"true\" class=\"feather feather-mail\"><\/i>\t\t\t\t\t\t<\/span>\n\t\t\t\t\t\t\t\t\t\t<span class=\"elementor-icon-list-text\">a.wiggers@ek-retail.com<\/span>\n\t\t\t\t\t\t\t\t\t\t\t<\/a>\n\t\t\t\t\t\t\t\t\t<\/li>\n\t\t\t\t\t\t<\/ul>\n\t\t\t\t\t\t<\/div>\n\t\t\t\t<\/div>\n\t\t\t\t<div class=\"elementor-element elementor-element-e3b829b elementor-icon-list--layout-traditional elementor-list-item-link-full_width elementor-widget elementor-widget-icon-list\" data-id=\"e3b829b\" data-element_type=\"widget\" data-e-type=\"widget\" data-widget_type=\"icon-list.default\">\n\t\t\t\t<div class=\"elementor-widget-container\">\n\t\t\t\t\t\t\t<ul class=\"elementor-icon-list-items\">\n\t\t\t\t\t\t\t<li class=\"elementor-icon-list-item\">\n\t\t\t\t\t\t\t\t\t\t\t<a href=\"http:\/\/+31%206%2051%2052%2002%2095\">\n\n\t\t\t\t\t\t\t\t\t\t\t\t<span class=\"elementor-icon-list-icon\">\n\t\t\t\t\t\t\t<i aria-hidden=\"true\" class=\"fas fa-phone-alt\"><\/i>\t\t\t\t\t\t<\/span>\n\t\t\t\t\t\t\t\t\t\t<span class=\"elementor-icon-list-text\">+31 6 51 52 02 95<\/span>\n\t\t\t\t\t\t\t\t\t\t\t<\/a>\n\t\t\t\t\t\t\t\t\t<\/li>\n\t\t\t\t\t\t<\/ul>\n\t\t\t\t\t\t<\/div>\n\t\t\t\t<\/div>\n\t\t\t\t<\/div>\n\t\t\t\t<\/div>\n\t\t\t\t\t<\/div>\n\t\t\t\t<\/div>\n\t\t\t\t\t\t\t\t<\/div>\n\t\t\t\t\t\t\t\t\t\t\t<div class=\"swiper-slide\" data-slide=\"9\" role=\"group\" aria-roledescription=\"slide\" aria-label=\"9 sur 9\">\n\t\t\t\t\t\t\t<div class=\"elementor-element elementor-element-78a0bff e-flex e-con-boxed e-con e-child\" data-id=\"78a0bff\" data-element_type=\"container\" data-e-type=\"container\">\n\t\t\t\t\t<div class=\"e-con-inner\">\n\t\t<div class=\"elementor-element elementor-element-9dd4997 e-con-full e-flex e-con e-child\" data-id=\"9dd4997\" data-element_type=\"container\" data-e-type=\"container\" data-settings=\"{&quot;background_background&quot;:&quot;slideshow&quot;,&quot;background_slideshow_gallery&quot;:[{&quot;id&quot;:63522,&quot;url&quot;:&quot;https:\\\/\\\/www.ek-retail.com\\\/wp-content\\\/uploads\\\/2025\\\/09\\\/6754cb4e-9a03-417e-bc7c-1651c1634615_rw_1920.jpg&quot;}],&quot;background_slideshow_loop&quot;:&quot;yes&quot;,&quot;background_slideshow_slide_duration&quot;:5000,&quot;background_slideshow_slide_transition&quot;:&quot;fade&quot;,&quot;background_slideshow_transition_duration&quot;:500}\">\n\t\t\t\t<\/div>\n\t\t<div class=\"elementor-element elementor-element-540195a e-con-full e-flex e-con e-child\" data-id=\"540195a\" data-element_type=\"container\" data-e-type=\"container\" data-settings=\"{&quot;background_background&quot;:&quot;classic&quot;}\">\n\t\t\t\t<div class=\"elementor-element elementor-element-45ebd69 elementor-widget elementor-widget-heading\" data-id=\"45ebd69\" data-element_type=\"widget\" data-e-type=\"widget\" data-widget_type=\"heading.default\">\n\t\t\t\t<div class=\"elementor-widget-container\">\n\t\t\t\t\t<h2 class=\"elementor-heading-title elementor-size-default\">Jeune r\u00e9seau\n\n\n\n<\/h2>\t\t\t\t<\/div>\n\t\t\t\t<\/div>\n\t\t\t\t<div class=\"elementor-element elementor-element-0328062 elementor-widget elementor-widget-text-editor\" data-id=\"0328062\" data-element_type=\"widget\" data-e-type=\"widget\" data-widget_type=\"text-editor.default\">\n\t\t\t\t<div class=\"elementor-widget-container\">\n\t\t\t\t\t\t\t\t\t<p dir=\"auto\">Un groupe intersectoriel comprenant la mode, le sport, la maison et les livres. Les membres se r\u00e9unissent trois fois par an pour \u00e9changer des id\u00e9es et d\u00e9velopper leurs r\u00e9seaux au sein d&rsquo;EK Retail. <\/p>\t\t\t\t\t\t\t\t<\/div>\n\t\t\t\t<\/div>\n\t\t\t\t<\/div>\n\t\t\t\t\t<\/div>\n\t\t\t\t<\/div>\n\t\t\t\t\t\t\t\t<\/div>\n\t\t\t\t\t\t\t\t<\/div>\n\t\t<\/div>\n\t\t\t\t\t<div class=\"elementor-swiper-button elementor-swiper-button-prev\" role=\"button\" tabindex=\"0\" aria-label=\"Pr\u00e9c\u00e9dent\">\n\t\t\t\t<i aria-hidden=\"true\" class=\"eicon-chevron-left\"><\/i>\t\t\t<\/div>\n\t\t\t<div class=\"elementor-swiper-button elementor-swiper-button-next\" role=\"button\" tabindex=\"0\" aria-label=\"Suivant\">\n\t\t\t\t<i aria-hidden=\"true\" class=\"eicon-chevron-right\"><\/i>\t\t\t<\/div>\n\t\t\t\t\t<div class=\"swiper-pagination\"><\/div>\n\t\t\t\t\t\t<\/div>\n\t\t\t\t<\/div>\n\t\t\t\t\t<\/div>\n\t\t\t\t<\/div>\n\t\t<div class=\"elementor-element elementor-element-e1e51d1 news-slider-section e-flex e-con-boxed e-con e-parent\" data-id=\"e1e51d1\" data-element_type=\"container\" data-e-type=\"container\">\n\t\t\t\t\t<div class=\"e-con-inner\">\n\t\t\t\t<div class=\"elementor-element elementor-element-069559a elementor-widget__width-initial elementor-widget elementor-widget-heading\" data-id=\"069559a\" data-element_type=\"widget\" data-e-type=\"widget\" data-widget_type=\"heading.default\">\n\t\t\t\t<div class=\"elementor-widget-container\">\n\t\t\t\t\t<h2 class=\"elementor-heading-title elementor-size-default\">Podcasts (NL)<\/h2>\t\t\t\t<\/div>\n\t\t\t\t<\/div>\n\t\t\t\t<div class=\"elementor-element elementor-element-7b398d3 elementor-widget__width-initial elementor-widget elementor-widget-text-editor\" data-id=\"7b398d3\" data-element_type=\"widget\" data-e-type=\"widget\" data-widget_type=\"text-editor.default\">\n\t\t\t\t<div class=\"elementor-widget-container\">\n\t\t\t\t\t\t\t\t\t<p>D\u00e9couvrez des informations passionnantes sur le monde de la mode dans nos \u00e9pisodes de podcast. Les podcasts sont uniquement disponibles en n\u00e9erlandais<\/p>\t\t\t\t\t\t\t\t<\/div>\n\t\t\t\t<\/div>\n\t\t\t\t<div class=\"elementor-element elementor-element-a174b3b news-grid preserve-img-ratio-cover elementor-widget elementor-widget-the7_elements\" data-id=\"a174b3b\" data-element_type=\"widget\" data-e-type=\"widget\" data-widget_type=\"the7_elements.default\">\n\t\t\t\t<div class=\"elementor-widget-container\">\n\t\t\t\t\t<div class=\"portfolio-shortcode the7-elementor-widget the7_elements-a174b3b mode-grid dt-css-grid-wrap classic-layout-list description-under-image quick-scale-img meta-info-off content-bg-on enable-bg-rollover resize-by-browser-width loading-effect-move-up jquery-filter\" data-padding=\"20px\" data-mobile-columns-num=\"1\" data-tablet-columns-num=\"2\" data-desktop-columns-num=\"4\" data-wide-desktop-columns-num=\"4\" data-post-limit=\"4\" data-pagination-mode=\"load-more\" data-scroll-offset=\"\" aria-live=\"assertive\"><div class=\"dt-css-grid custom-pagination-handler\"><div class=\"visible wf-cell\" data-post-id=\"68136\" data-date=\"2026-05-01T08:43:39+02:00\" data-name=\"S4E9 - TriaD\u2019oro - Doron de Goede\"><article class=\"post visible post-68136 podcasts type-podcasts status-publish format-standard has-post-thumbnail hentry season_categories-s4\" data-name=\"S4E9 &#8211; TriaD\u2019oro &#8211; Doron de Goede\" data-date=\"2026-05-01T08:43:39+02:00\">\n\n\t<div class=\"post-thumbnail-wrap\">\n\t\t<div class=\"post-thumbnail\">\n\n\t\t\t<a class=\"post-thumbnail-rollover img-css-resize-wrapper\" aria-label=\"Image article\" href=\"https:\/\/www.ek-retail.com\/fr\/podcasts\/s4e9-triadoro-doron-de-goede-duplicate-67989\/\"><img loading=\"lazy\" decoding=\"async\" width=\"1520\" height=\"640\" src=\"https:\/\/www.ek-retail.com\/wp-content\/uploads\/2026\/04\/Website-Podcast-Fashion-in-Motion-1.png\" class=\"attachment-full size-full preload-me aspect\" alt=\"\" srcset=\"https:\/\/www.ek-retail.com\/wp-content\/uploads\/2026\/04\/Website-Podcast-Fashion-in-Motion-1.png 1520w, https:\/\/www.ek-retail.com\/wp-content\/uploads\/2026\/04\/Website-Podcast-Fashion-in-Motion-1-300x126.png 300w, https:\/\/www.ek-retail.com\/wp-content\/uploads\/2026\/04\/Website-Podcast-Fashion-in-Motion-1-1024x431.png 1024w, https:\/\/www.ek-retail.com\/wp-content\/uploads\/2026\/04\/Website-Podcast-Fashion-in-Motion-1-768x323.png 768w\" sizes=\"(max-width: 1520px) 100vw, 1520px\" style=\"--ratio: 1520 \/ 640;\" \/><span class=\"the7-hover-icon\"><i aria-hidden=\"true\" class=\"fas fa-microphone-alt\"><\/i><\/span><\/a>\n\t\t<\/div>\n\t<\/div>\n\n\n<div class=\"post-entry-content\">\n\n\t<h4 class=\"ele-entry-title\"><a href=\"https:\/\/www.ek-retail.com\/fr\/podcasts\/s4e9-triadoro-doron-de-goede-duplicate-67989\/\" rel=\"bookmark\" title=\"S4E9 &#8211; TriaD\u2019oro &#8211; Doron de Goede\">S4E9 &#8211; TriaD\u2019oro &#8211; Doron de Goede<\/a><\/h4><a href=\"https:\/\/www.ek-retail.com\/fr\/podcasts\/s4e9-triadoro-doron-de-goede-duplicate-67989\/\" target=\"\" aria-label=\"En savoir plus sur S4E9 &#8211; TriaD\u2019oro &#8211; Doron de Goede\" class=\"box-button elementor-button elementor-size-md\">En savoir plus<\/a>\n<\/div><\/article><\/div><div class=\"visible wf-cell\" data-post-id=\"67618\" data-date=\"2026-03-30T15:38:48+02:00\" data-name=\"S4E8 - Lady Day - Jessica &amp; Madelon\"><article class=\"post visible post-67618 podcasts type-podcasts status-publish format-standard has-post-thumbnail hentry season_categories-s4\" data-name=\"S4E8 &#8211; Lady Day &#8211; Jessica &amp; Madelon\" data-date=\"2026-03-30T15:38:48+02:00\">\n\n\t<div class=\"post-thumbnail-wrap\">\n\t\t<div class=\"post-thumbnail\">\n\n\t\t\t<a class=\"post-thumbnail-rollover img-css-resize-wrapper\" aria-label=\"Image article\" href=\"https:\/\/www.ek-retail.com\/fr\/podcasts\/s4e8-lady-day-van-comfy-naar-confident\/\"><img loading=\"lazy\" decoding=\"async\" width=\"1520\" height=\"640\" src=\"https:\/\/www.ek-retail.com\/wp-content\/uploads\/2026\/03\/Website-Podcast-Fashion-in-Motion.png\" class=\"attachment-full size-full preload-me aspect\" alt=\"\" srcset=\"https:\/\/www.ek-retail.com\/wp-content\/uploads\/2026\/03\/Website-Podcast-Fashion-in-Motion.png 1520w, https:\/\/www.ek-retail.com\/wp-content\/uploads\/2026\/03\/Website-Podcast-Fashion-in-Motion-300x126.png 300w, https:\/\/www.ek-retail.com\/wp-content\/uploads\/2026\/03\/Website-Podcast-Fashion-in-Motion-1024x431.png 1024w, https:\/\/www.ek-retail.com\/wp-content\/uploads\/2026\/03\/Website-Podcast-Fashion-in-Motion-768x323.png 768w\" sizes=\"(max-width: 1520px) 100vw, 1520px\" style=\"--ratio: 1520 \/ 640;\" \/><span class=\"the7-hover-icon\"><i aria-hidden=\"true\" class=\"fas fa-microphone-alt\"><\/i><\/span><\/a>\n\t\t<\/div>\n\t<\/div>\n\n\n<div class=\"post-entry-content\">\n\n\t<h4 class=\"ele-entry-title\"><a href=\"https:\/\/www.ek-retail.com\/fr\/podcasts\/s4e8-lady-day-van-comfy-naar-confident\/\" rel=\"bookmark\" title=\"S4E8 &#8211; Lady Day &#8211; Jessica &amp; Madelon\">S4E8 &#8211; Lady Day &#8211; Jessica &amp; Madelon<\/a><\/h4><a href=\"https:\/\/www.ek-retail.com\/fr\/podcasts\/s4e8-lady-day-van-comfy-naar-confident\/\" target=\"\" aria-label=\"En savoir plus sur S4E8 &#8211; Lady Day &#8211; Jessica &amp; Madelon\" class=\"box-button elementor-button elementor-size-md\">En savoir plus<\/a>\n<\/div><\/article><\/div><div class=\"visible wf-cell\" data-post-id=\"65093\" data-date=\"2026-02-13T12:38:20+01:00\" data-name=\"S4E7 - Magic Bodyfashion - Marc\"><article class=\"post visible post-65093 podcasts type-podcasts status-publish format-standard has-post-thumbnail hentry season_categories-s4\" data-name=\"S4E7 &#8211; Magic Bodyfashion &#8211; Marc\" data-date=\"2026-02-13T12:38:20+01:00\">\n\n\t<div class=\"post-thumbnail-wrap\">\n\t\t<div class=\"post-thumbnail\">\n\n\t\t\t<a class=\"post-thumbnail-rollover img-css-resize-wrapper\" aria-label=\"Image article\" href=\"https:\/\/www.ek-retail.com\/fr\/podcasts\/s4e7-magic-bodyfashion\/\"><img loading=\"lazy\" decoding=\"async\" width=\"1280\" height=\"552\" src=\"https:\/\/www.ek-retail.com\/wp-content\/uploads\/2026\/02\/website-podcast-fashion-in-motion-3-2.jpg\" class=\"attachment-full size-full preload-me aspect\" alt=\"\" srcset=\"https:\/\/www.ek-retail.com\/wp-content\/uploads\/2026\/02\/website-podcast-fashion-in-motion-3-2.jpg 1280w, https:\/\/www.ek-retail.com\/wp-content\/uploads\/2026\/02\/website-podcast-fashion-in-motion-3-2-300x129.jpg 300w, https:\/\/www.ek-retail.com\/wp-content\/uploads\/2026\/02\/website-podcast-fashion-in-motion-3-2-1024x442.jpg 1024w, https:\/\/www.ek-retail.com\/wp-content\/uploads\/2026\/02\/website-podcast-fashion-in-motion-3-2-768x331.jpg 768w\" sizes=\"(max-width: 1280px) 100vw, 1280px\" style=\"--ratio: 1280 \/ 552;\" \/><span class=\"the7-hover-icon\"><i aria-hidden=\"true\" class=\"fas fa-microphone-alt\"><\/i><\/span><\/a>\n\t\t<\/div>\n\t<\/div>\n\n\n<div class=\"post-entry-content\">\n\n\t<h4 class=\"ele-entry-title\"><a href=\"https:\/\/www.ek-retail.com\/fr\/podcasts\/s4e7-magic-bodyfashion\/\" rel=\"bookmark\" title=\"S4E7 &#8211; Magic Bodyfashion &#8211; Marc\">S4E7 &#8211; Magic Bodyfashion &#8211; Marc<\/a><\/h4><a href=\"https:\/\/www.ek-retail.com\/fr\/podcasts\/s4e7-magic-bodyfashion\/\" target=\"\" aria-label=\"En savoir plus sur S4E7 &#8211; Magic Bodyfashion &#8211; Marc\" class=\"box-button elementor-button elementor-size-md\">En savoir plus<\/a>\n<\/div><\/article><\/div><div class=\"visible wf-cell\" data-post-id=\"64646\" data-date=\"2026-02-10T13:46:06+01:00\" data-name=\"S4E6 - Agiato - Anthony\"><article class=\"post visible post-64646 podcasts type-podcasts status-publish format-standard has-post-thumbnail hentry season_categories-s4\" data-name=\"S4E6 &#8211; Agiato &#8211; Anthony\" data-date=\"2026-02-10T13:46:06+01:00\">\n\n\t<div class=\"post-thumbnail-wrap\">\n\t\t<div class=\"post-thumbnail\">\n\n\t\t\t<a class=\"post-thumbnail-rollover img-css-resize-wrapper\" aria-label=\"Image article\" href=\"https:\/\/www.ek-retail.com\/fr\/podcasts\/s4e6-ek-fashion-agiato\/\"><img loading=\"lazy\" decoding=\"async\" width=\"1280\" height=\"552\" src=\"https:\/\/www.ek-retail.com\/wp-content\/uploads\/2026\/02\/website-podcast-fashion-in-motion-agiato.jpg\" class=\"attachment-full size-full preload-me aspect\" alt=\"\" srcset=\"https:\/\/www.ek-retail.com\/wp-content\/uploads\/2026\/02\/website-podcast-fashion-in-motion-agiato.jpg 1280w, https:\/\/www.ek-retail.com\/wp-content\/uploads\/2026\/02\/website-podcast-fashion-in-motion-agiato-300x129.jpg 300w, https:\/\/www.ek-retail.com\/wp-content\/uploads\/2026\/02\/website-podcast-fashion-in-motion-agiato-1024x442.jpg 1024w, https:\/\/www.ek-retail.com\/wp-content\/uploads\/2026\/02\/website-podcast-fashion-in-motion-agiato-768x331.jpg 768w\" sizes=\"(max-width: 1280px) 100vw, 1280px\" style=\"--ratio: 1280 \/ 552;\" \/><span class=\"the7-hover-icon\"><i aria-hidden=\"true\" class=\"fas fa-microphone-alt\"><\/i><\/span><\/a>\n\t\t<\/div>\n\t<\/div>\n\n\n<div class=\"post-entry-content\">\n\n\t<h4 class=\"ele-entry-title\"><a href=\"https:\/\/www.ek-retail.com\/fr\/podcasts\/s4e6-ek-fashion-agiato\/\" rel=\"bookmark\" title=\"S4E6 &#8211; Agiato &#8211; Anthony\">S4E6 &#8211; Agiato &#8211; Anthony<\/a><\/h4><a href=\"https:\/\/www.ek-retail.com\/fr\/podcasts\/s4e6-ek-fashion-agiato\/\" target=\"\" aria-label=\"En savoir plus sur S4E6 &#8211; Agiato &#8211; Anthony\" class=\"box-button elementor-button elementor-size-md\">En savoir plus<\/a>\n<\/div><\/article><\/div><div class=\"hidden wf-cell\" data-post-id=\"64636\" data-date=\"2026-02-10T13:43:24+01:00\" data-name=\"S4E5 - MSCH Copenhagen - Mieke &amp; Eveline\"><article class=\"post visible post-64636 podcasts type-podcasts status-publish format-standard has-post-thumbnail hentry season_categories-s4\" data-name=\"S4E5 &#8211; MSCH Copenhagen &#8211; Mieke &#038; Eveline\" data-date=\"2026-02-10T13:43:24+01:00\">\n\n\t<div class=\"post-thumbnail-wrap\">\n\t\t<div class=\"post-thumbnail\">\n\n\t\t\t<a class=\"post-thumbnail-rollover img-css-resize-wrapper\" aria-label=\"Image article\" href=\"https:\/\/www.ek-retail.com\/fr\/podcasts\/s4e5-ek-fashion-msch-copenhagen\/\"><img loading=\"lazy\" decoding=\"async\" width=\"1280\" height=\"552\" src=\"https:\/\/www.ek-retail.com\/wp-content\/uploads\/2026\/02\/website-podcast-fashion-in-motion-4.jpg\" class=\"attachment-full size-full preload-me aspect\" alt=\"\" srcset=\"https:\/\/www.ek-retail.com\/wp-content\/uploads\/2026\/02\/website-podcast-fashion-in-motion-4.jpg 1280w, https:\/\/www.ek-retail.com\/wp-content\/uploads\/2026\/02\/website-podcast-fashion-in-motion-4-300x129.jpg 300w, https:\/\/www.ek-retail.com\/wp-content\/uploads\/2026\/02\/website-podcast-fashion-in-motion-4-1024x442.jpg 1024w, https:\/\/www.ek-retail.com\/wp-content\/uploads\/2026\/02\/website-podcast-fashion-in-motion-4-768x331.jpg 768w\" sizes=\"(max-width: 1280px) 100vw, 1280px\" style=\"--ratio: 1280 \/ 552;\" \/><span class=\"the7-hover-icon\"><i aria-hidden=\"true\" class=\"fas fa-microphone-alt\"><\/i><\/span><\/a>\n\t\t<\/div>\n\t<\/div>\n\n\n<div class=\"post-entry-content\">\n\n\t<h4 class=\"ele-entry-title\"><a href=\"https:\/\/www.ek-retail.com\/fr\/podcasts\/s4e5-ek-fashion-msch-copenhagen\/\" rel=\"bookmark\" title=\"S4E5 &#8211; MSCH Copenhagen &#8211; Mieke &#038; Eveline\">S4E5 &#8211; MSCH Copenhagen &#8211; Mieke &#038; Eveline<\/a><\/h4><a href=\"https:\/\/www.ek-retail.com\/fr\/podcasts\/s4e5-ek-fashion-msch-copenhagen\/\" target=\"\" aria-label=\"En savoir plus sur S4E5 &#8211; MSCH Copenhagen &#8211; Mieke &#038; Eveline\" class=\"box-button elementor-button elementor-size-md\">En savoir plus<\/a>\n<\/div><\/article><\/div><div class=\"hidden wf-cell\" data-post-id=\"64627\" data-date=\"2026-02-10T13:40:49+01:00\" data-name=\"S4E4 - Honn\u00eate Atelier - Patricia &amp; Christel\"><article class=\"post visible post-64627 podcasts type-podcasts status-publish format-standard has-post-thumbnail hentry season_categories-s4\" data-name=\"S4E4 &#8211; Honn\u00eate Atelier &#8211; Patricia &#038; Christel\" data-date=\"2026-02-10T13:40:49+01:00\">\n\n\t<div class=\"post-thumbnail-wrap\">\n\t\t<div class=\"post-thumbnail\">\n\n\t\t\t<a class=\"post-thumbnail-rollover img-css-resize-wrapper\" aria-label=\"Image article\" href=\"https:\/\/www.ek-retail.com\/fr\/podcasts\/s4e4-ek-fashion-honnete-atelier\/\"><img loading=\"lazy\" decoding=\"async\" width=\"800\" height=\"337\" src=\"https:\/\/www.ek-retail.com\/wp-content\/uploads\/2026\/02\/ca07bbce-f564-4c08-816c-1e6cfcd93a57.jpg\" class=\"attachment-full size-full preload-me aspect\" alt=\"\" srcset=\"https:\/\/www.ek-retail.com\/wp-content\/uploads\/2026\/02\/ca07bbce-f564-4c08-816c-1e6cfcd93a57.jpg 800w, https:\/\/www.ek-retail.com\/wp-content\/uploads\/2026\/02\/ca07bbce-f564-4c08-816c-1e6cfcd93a57-300x126.jpg 300w, https:\/\/www.ek-retail.com\/wp-content\/uploads\/2026\/02\/ca07bbce-f564-4c08-816c-1e6cfcd93a57-768x324.jpg 768w\" sizes=\"(max-width: 800px) 100vw, 800px\" style=\"--ratio: 800 \/ 337;\" \/><span class=\"the7-hover-icon\"><i aria-hidden=\"true\" class=\"fas fa-microphone-alt\"><\/i><\/span><\/a>\n\t\t<\/div>\n\t<\/div>\n\n\n<div class=\"post-entry-content\">\n\n\t<h4 class=\"ele-entry-title\"><a href=\"https:\/\/www.ek-retail.com\/fr\/podcasts\/s4e4-ek-fashion-honnete-atelier\/\" rel=\"bookmark\" title=\"S4E4 &#8211; Honn\u00eate Atelier &#8211; Patricia &#038; Christel\">S4E4 &#8211; Honn\u00eate Atelier &#8211; Patricia &#038; Christel<\/a><\/h4><a href=\"https:\/\/www.ek-retail.com\/fr\/podcasts\/s4e4-ek-fashion-honnete-atelier\/\" target=\"\" aria-label=\"En savoir plus sur S4E4 &#8211; Honn\u00eate Atelier &#8211; Patricia &#038; Christel\" class=\"box-button elementor-button elementor-size-md\">En savoir plus<\/a>\n<\/div><\/article><\/div><div class=\"hidden wf-cell\" data-post-id=\"64625\" data-date=\"2026-02-10T13:36:59+01:00\" data-name=\"S4E3 - MY PAPER BAG - Ralf\"><article class=\"post visible post-64625 podcasts type-podcasts status-publish format-standard has-post-thumbnail hentry season_categories-s4\" data-name=\"S4E3 &#8211; MY PAPER BAG &#8211; Ralf\" data-date=\"2026-02-10T13:36:59+01:00\">\n\n\t<div class=\"post-thumbnail-wrap\">\n\t\t<div class=\"post-thumbnail\">\n\n\t\t\t<a class=\"post-thumbnail-rollover img-css-resize-wrapper\" aria-label=\"Image article\" href=\"https:\/\/www.ek-retail.com\/fr\/podcasts\/s4e3-my-paper-bag\/\"><img loading=\"lazy\" decoding=\"async\" width=\"1280\" height=\"552\" src=\"https:\/\/www.ek-retail.com\/wp-content\/uploads\/2026\/02\/website-podcast-fashion-in-motion-3-1.jpg\" class=\"attachment-full size-full preload-me aspect\" alt=\"\" srcset=\"https:\/\/www.ek-retail.com\/wp-content\/uploads\/2026\/02\/website-podcast-fashion-in-motion-3-1.jpg 1280w, https:\/\/www.ek-retail.com\/wp-content\/uploads\/2026\/02\/website-podcast-fashion-in-motion-3-1-300x129.jpg 300w, https:\/\/www.ek-retail.com\/wp-content\/uploads\/2026\/02\/website-podcast-fashion-in-motion-3-1-1024x442.jpg 1024w, https:\/\/www.ek-retail.com\/wp-content\/uploads\/2026\/02\/website-podcast-fashion-in-motion-3-1-768x331.jpg 768w\" sizes=\"(max-width: 1280px) 100vw, 1280px\" style=\"--ratio: 1280 \/ 552;\" \/><span class=\"the7-hover-icon\"><i aria-hidden=\"true\" class=\"fas fa-microphone-alt\"><\/i><\/span><\/a>\n\t\t<\/div>\n\t<\/div>\n\n\n<div class=\"post-entry-content\">\n\n\t<h4 class=\"ele-entry-title\"><a href=\"https:\/\/www.ek-retail.com\/fr\/podcasts\/s4e3-my-paper-bag\/\" rel=\"bookmark\" title=\"S4E3 &#8211; MY PAPER BAG &#8211; Ralf\">S4E3 &#8211; MY PAPER BAG &#8211; Ralf<\/a><\/h4><a href=\"https:\/\/www.ek-retail.com\/fr\/podcasts\/s4e3-my-paper-bag\/\" target=\"\" aria-label=\"En savoir plus sur S4E3 &#8211; MY PAPER BAG &#8211; Ralf\" class=\"box-button elementor-button elementor-size-md\">En savoir plus<\/a>\n<\/div><\/article><\/div><div class=\"hidden wf-cell\" data-post-id=\"64623\" data-date=\"2026-02-10T13:30:54+01:00\" data-name=\"S4E2 - Brax - Jan-Hendrik, Antonia &amp; Annaly\"><article class=\"post visible post-64623 podcasts type-podcasts status-publish format-standard has-post-thumbnail hentry season_categories-s4\" data-name=\"S4E2 &#8211; Brax &#8211; Jan-Hendrik, Antonia &#038; Annaly\" data-date=\"2026-02-10T13:30:54+01:00\">\n\n\t<div class=\"post-thumbnail-wrap\">\n\t\t<div class=\"post-thumbnail\">\n\n\t\t\t<a class=\"post-thumbnail-rollover img-css-resize-wrapper\" aria-label=\"Image article\" href=\"https:\/\/www.ek-retail.com\/fr\/podcasts\/s4e2-brax\/\"><img loading=\"lazy\" decoding=\"async\" width=\"1280\" height=\"552\" src=\"https:\/\/www.ek-retail.com\/wp-content\/uploads\/2026\/02\/fashion-in-motion-brax.jpg\" class=\"attachment-full size-full preload-me aspect\" alt=\"\" srcset=\"https:\/\/www.ek-retail.com\/wp-content\/uploads\/2026\/02\/fashion-in-motion-brax.jpg 1280w, https:\/\/www.ek-retail.com\/wp-content\/uploads\/2026\/02\/fashion-in-motion-brax-300x129.jpg 300w, https:\/\/www.ek-retail.com\/wp-content\/uploads\/2026\/02\/fashion-in-motion-brax-1024x442.jpg 1024w, https:\/\/www.ek-retail.com\/wp-content\/uploads\/2026\/02\/fashion-in-motion-brax-768x331.jpg 768w\" sizes=\"(max-width: 1280px) 100vw, 1280px\" style=\"--ratio: 1280 \/ 552;\" \/><span class=\"the7-hover-icon\"><i aria-hidden=\"true\" class=\"fas fa-microphone-alt\"><\/i><\/span><\/a>\n\t\t<\/div>\n\t<\/div>\n\n\n<div class=\"post-entry-content\">\n\n\t<h4 class=\"ele-entry-title\"><a href=\"https:\/\/www.ek-retail.com\/fr\/podcasts\/s4e2-brax\/\" rel=\"bookmark\" title=\"S4E2 &#8211; Brax &#8211; Jan-Hendrik, Antonia &#038; Annaly\">S4E2 &#8211; Brax &#8211; Jan-Hendrik, Antonia &#038; Annaly<\/a><\/h4><a href=\"https:\/\/www.ek-retail.com\/fr\/podcasts\/s4e2-brax\/\" target=\"\" aria-label=\"En savoir plus sur S4E2 &#8211; Brax &#8211; Jan-Hendrik, Antonia &#038; Annaly\" class=\"box-button elementor-button elementor-size-md\">En savoir plus<\/a>\n<\/div><\/article><\/div><div class=\"hidden wf-cell\" data-post-id=\"64616\" data-date=\"2026-02-10T13:27:31+01:00\" data-name=\"S4E1 - Kimara - Merlijn &amp; Kimberley\"><article class=\"post visible post-64616 podcasts type-podcasts status-publish format-standard has-post-thumbnail hentry season_categories-s4\" data-name=\"S4E1 &#8211; Kimara &#8211; Merlijn &#038; Kimberley\" data-date=\"2026-02-10T13:27:31+01:00\">\n\n\t<div class=\"post-thumbnail-wrap\">\n\t\t<div class=\"post-thumbnail\">\n\n\t\t\t<a class=\"post-thumbnail-rollover img-css-resize-wrapper\" aria-label=\"Image article\" href=\"https:\/\/www.ek-retail.com\/fr\/podcasts\/s4e1-kimara\/\"><img loading=\"lazy\" decoding=\"async\" width=\"1280\" height=\"552\" src=\"https:\/\/www.ek-retail.com\/wp-content\/uploads\/2026\/02\/website-podcast-fashion-in-motion-3.jpg\" class=\"attachment-full size-full preload-me aspect\" alt=\"\" srcset=\"https:\/\/www.ek-retail.com\/wp-content\/uploads\/2026\/02\/website-podcast-fashion-in-motion-3.jpg 1280w, https:\/\/www.ek-retail.com\/wp-content\/uploads\/2026\/02\/website-podcast-fashion-in-motion-3-300x129.jpg 300w, https:\/\/www.ek-retail.com\/wp-content\/uploads\/2026\/02\/website-podcast-fashion-in-motion-3-1024x442.jpg 1024w, https:\/\/www.ek-retail.com\/wp-content\/uploads\/2026\/02\/website-podcast-fashion-in-motion-3-768x331.jpg 768w\" sizes=\"(max-width: 1280px) 100vw, 1280px\" style=\"--ratio: 1280 \/ 552;\" \/><span class=\"the7-hover-icon\"><i aria-hidden=\"true\" class=\"fas fa-microphone-alt\"><\/i><\/span><\/a>\n\t\t<\/div>\n\t<\/div>\n\n\n<div class=\"post-entry-content\">\n\n\t<h4 class=\"ele-entry-title\"><a href=\"https:\/\/www.ek-retail.com\/fr\/podcasts\/s4e1-kimara\/\" rel=\"bookmark\" title=\"S4E1 &#8211; Kimara &#8211; Merlijn &#038; Kimberley\">S4E1 &#8211; Kimara &#8211; Merlijn &#038; Kimberley<\/a><\/h4><a href=\"https:\/\/www.ek-retail.com\/fr\/podcasts\/s4e1-kimara\/\" target=\"\" aria-label=\"En savoir plus sur S4E1 &#8211; Kimara &#8211; Merlijn &#038; Kimberley\" class=\"box-button elementor-button elementor-size-md\">En savoir plus<\/a>\n<\/div><\/article><\/div><div class=\"hidden wf-cell\" data-post-id=\"64609\" data-date=\"2026-02-10T13:24:36+01:00\" data-name=\"S3E6 - EK Fashion on email marketing\"><article class=\"post visible post-64609 podcasts type-podcasts status-publish format-standard has-post-thumbnail hentry season_categories-s3\" data-name=\"S3E6 &#8211; EK Fashion on email marketing\" data-date=\"2026-02-10T13:24:36+01:00\">\n\n\t<div class=\"post-thumbnail-wrap\">\n\t\t<div class=\"post-thumbnail\">\n\n\t\t\t<a class=\"post-thumbnail-rollover img-css-resize-wrapper\" aria-label=\"Image article\" href=\"https:\/\/www.ek-retail.com\/fr\/podcasts\/s3e6-ek-fashion-on-email-marketing\/\"><img loading=\"lazy\" decoding=\"async\" width=\"1280\" height=\"552\" src=\"https:\/\/www.ek-retail.com\/wp-content\/uploads\/2026\/02\/ek-fashion-shannon-en-elisa.jpg\" class=\"attachment-full size-full preload-me aspect\" alt=\"\" srcset=\"https:\/\/www.ek-retail.com\/wp-content\/uploads\/2026\/02\/ek-fashion-shannon-en-elisa.jpg 1280w, https:\/\/www.ek-retail.com\/wp-content\/uploads\/2026\/02\/ek-fashion-shannon-en-elisa-300x129.jpg 300w, https:\/\/www.ek-retail.com\/wp-content\/uploads\/2026\/02\/ek-fashion-shannon-en-elisa-1024x442.jpg 1024w, https:\/\/www.ek-retail.com\/wp-content\/uploads\/2026\/02\/ek-fashion-shannon-en-elisa-768x331.jpg 768w\" sizes=\"(max-width: 1280px) 100vw, 1280px\" style=\"--ratio: 1280 \/ 552;\" \/><span class=\"the7-hover-icon\"><i aria-hidden=\"true\" class=\"fas fa-microphone-alt\"><\/i><\/span><\/a>\n\t\t<\/div>\n\t<\/div>\n\n\n<div class=\"post-entry-content\">\n\n\t<h4 class=\"ele-entry-title\"><a href=\"https:\/\/www.ek-retail.com\/fr\/podcasts\/s3e6-ek-fashion-on-email-marketing\/\" rel=\"bookmark\" title=\"S3E6 &#8211; EK Fashion on email marketing\">S3E6 &#8211; EK Fashion on email marketing<\/a><\/h4><a href=\"https:\/\/www.ek-retail.com\/fr\/podcasts\/s3e6-ek-fashion-on-email-marketing\/\" target=\"\" aria-label=\"En savoir plus sur S3E6 &#8211; EK Fashion on email marketing\" class=\"box-button elementor-button elementor-size-md\">En savoir plus<\/a>\n<\/div><\/article><\/div><div class=\"hidden wf-cell\" data-post-id=\"64603\" data-date=\"2026-02-10T13:21:05+01:00\" data-name=\"S3E5 - Lyle &amp; Scott - Chris\"><article class=\"post visible post-64603 podcasts type-podcasts status-publish format-standard has-post-thumbnail hentry season_categories-s3\" data-name=\"S3E5 &#8211; Lyle &amp; Scott &#8211; Chris\" data-date=\"2026-02-10T13:21:05+01:00\">\n\n\t<div class=\"post-thumbnail-wrap\">\n\t\t<div class=\"post-thumbnail\">\n\n\t\t\t<a class=\"post-thumbnail-rollover img-css-resize-wrapper\" aria-label=\"Image article\" href=\"https:\/\/www.ek-retail.com\/fr\/podcasts\/s3e5-lyle-scott-chris\/\"><img loading=\"lazy\" decoding=\"async\" width=\"1280\" height=\"552\" src=\"https:\/\/www.ek-retail.com\/wp-content\/uploads\/2026\/02\/website-podcast-fashion-in-motion.jpg\" class=\"attachment-full size-full preload-me aspect\" alt=\"\" srcset=\"https:\/\/www.ek-retail.com\/wp-content\/uploads\/2026\/02\/website-podcast-fashion-in-motion.jpg 1280w, https:\/\/www.ek-retail.com\/wp-content\/uploads\/2026\/02\/website-podcast-fashion-in-motion-300x129.jpg 300w, https:\/\/www.ek-retail.com\/wp-content\/uploads\/2026\/02\/website-podcast-fashion-in-motion-1024x442.jpg 1024w, https:\/\/www.ek-retail.com\/wp-content\/uploads\/2026\/02\/website-podcast-fashion-in-motion-768x331.jpg 768w\" sizes=\"(max-width: 1280px) 100vw, 1280px\" style=\"--ratio: 1280 \/ 552;\" \/><span class=\"the7-hover-icon\"><i aria-hidden=\"true\" class=\"fas fa-microphone-alt\"><\/i><\/span><\/a>\n\t\t<\/div>\n\t<\/div>\n\n\n<div class=\"post-entry-content\">\n\n\t<h4 class=\"ele-entry-title\"><a href=\"https:\/\/www.ek-retail.com\/fr\/podcasts\/s3e5-lyle-scott-chris\/\" rel=\"bookmark\" title=\"S3E5 &#8211; Lyle &amp; Scott &#8211; Chris\">S3E5 &#8211; Lyle &amp; Scott &#8211; Chris<\/a><\/h4><a href=\"https:\/\/www.ek-retail.com\/fr\/podcasts\/s3e5-lyle-scott-chris\/\" target=\"\" aria-label=\"En savoir plus sur S3E5 &#8211; Lyle &amp; Scott &#8211; Chris\" class=\"box-button elementor-button elementor-size-md\">En savoir plus<\/a>\n<\/div><\/article><\/div><div class=\"hidden wf-cell\" data-post-id=\"64598\" data-date=\"2026-02-10T13:17:49+01:00\" data-name=\"S3E4 - Thera from EK Retail on events\"><article class=\"post visible post-64598 podcasts type-podcasts status-publish format-standard has-post-thumbnail hentry season_categories-s3\" data-name=\"S3E4 &#8211; Thera from EK Retail on events\" data-date=\"2026-02-10T13:17:49+01:00\">\n\n\t<div class=\"post-thumbnail-wrap\">\n\t\t<div class=\"post-thumbnail\">\n\n\t\t\t<a class=\"post-thumbnail-rollover img-css-resize-wrapper\" aria-label=\"Image article\" href=\"https:\/\/www.ek-retail.com\/fr\/podcasts\/s3e4-thera-from-ek-retail\/\"><img loading=\"lazy\" decoding=\"async\" width=\"1280\" height=\"552\" src=\"https:\/\/www.ek-retail.com\/wp-content\/uploads\/2026\/02\/website-podcast-fashion-in-motion-2.jpg\" class=\"attachment-full size-full preload-me aspect\" alt=\"\" srcset=\"https:\/\/www.ek-retail.com\/wp-content\/uploads\/2026\/02\/website-podcast-fashion-in-motion-2.jpg 1280w, https:\/\/www.ek-retail.com\/wp-content\/uploads\/2026\/02\/website-podcast-fashion-in-motion-2-300x129.jpg 300w, https:\/\/www.ek-retail.com\/wp-content\/uploads\/2026\/02\/website-podcast-fashion-in-motion-2-1024x442.jpg 1024w, https:\/\/www.ek-retail.com\/wp-content\/uploads\/2026\/02\/website-podcast-fashion-in-motion-2-768x331.jpg 768w\" sizes=\"(max-width: 1280px) 100vw, 1280px\" style=\"--ratio: 1280 \/ 552;\" \/><span class=\"the7-hover-icon\"><i aria-hidden=\"true\" class=\"fas fa-microphone-alt\"><\/i><\/span><\/a>\n\t\t<\/div>\n\t<\/div>\n\n\n<div class=\"post-entry-content\">\n\n\t<h4 class=\"ele-entry-title\"><a href=\"https:\/\/www.ek-retail.com\/fr\/podcasts\/s3e4-thera-from-ek-retail\/\" rel=\"bookmark\" title=\"S3E4 &#8211; Thera from EK Retail on events\">S3E4 &#8211; Thera from EK Retail on events<\/a><\/h4><a href=\"https:\/\/www.ek-retail.com\/fr\/podcasts\/s3e4-thera-from-ek-retail\/\" target=\"\" aria-label=\"En savoir plus sur S3E4 &#8211; Thera from EK Retail on events\" class=\"box-button elementor-button elementor-size-md\">En savoir plus<\/a>\n<\/div><\/article><\/div><div class=\"hidden wf-cell\" data-post-id=\"64595\" data-date=\"2026-02-10T13:14:19+01:00\" data-name=\"S3E3 - Pure Path - Jamy and Anno\"><article class=\"post visible post-64595 podcasts type-podcasts status-publish format-standard has-post-thumbnail hentry season_categories-s3\" data-name=\"S3E3 &#8211; Pure Path &#8211; Jamy and Anno\" data-date=\"2026-02-10T13:14:19+01:00\">\n\n\t<div class=\"post-thumbnail-wrap\">\n\t\t<div class=\"post-thumbnail\">\n\n\t\t\t<a class=\"post-thumbnail-rollover img-css-resize-wrapper\" aria-label=\"Image article\" href=\"https:\/\/www.ek-retail.com\/fr\/podcasts\/s3e3-pure-path-jamy-and-anno\/\"><img loading=\"lazy\" decoding=\"async\" width=\"1280\" height=\"552\" src=\"https:\/\/www.ek-retail.com\/wp-content\/uploads\/2026\/02\/pure-path-in-de-podcas-fashion-in-motion.jpg\" class=\"attachment-full size-full preload-me aspect\" alt=\"\" srcset=\"https:\/\/www.ek-retail.com\/wp-content\/uploads\/2026\/02\/pure-path-in-de-podcas-fashion-in-motion.jpg 1280w, https:\/\/www.ek-retail.com\/wp-content\/uploads\/2026\/02\/pure-path-in-de-podcas-fashion-in-motion-300x129.jpg 300w, https:\/\/www.ek-retail.com\/wp-content\/uploads\/2026\/02\/pure-path-in-de-podcas-fashion-in-motion-1024x442.jpg 1024w, https:\/\/www.ek-retail.com\/wp-content\/uploads\/2026\/02\/pure-path-in-de-podcas-fashion-in-motion-768x331.jpg 768w\" sizes=\"(max-width: 1280px) 100vw, 1280px\" style=\"--ratio: 1280 \/ 552;\" \/><span class=\"the7-hover-icon\"><i aria-hidden=\"true\" class=\"fas fa-microphone-alt\"><\/i><\/span><\/a>\n\t\t<\/div>\n\t<\/div>\n\n\n<div class=\"post-entry-content\">\n\n\t<h4 class=\"ele-entry-title\"><a href=\"https:\/\/www.ek-retail.com\/fr\/podcasts\/s3e3-pure-path-jamy-and-anno\/\" rel=\"bookmark\" title=\"S3E3 &#8211; Pure Path &#8211; Jamy and Anno\">S3E3 &#8211; Pure Path &#8211; Jamy and Anno<\/a><\/h4><a href=\"https:\/\/www.ek-retail.com\/fr\/podcasts\/s3e3-pure-path-jamy-and-anno\/\" target=\"\" aria-label=\"En savoir plus sur S3E3 &#8211; Pure Path &#8211; Jamy and Anno\" class=\"box-button elementor-button elementor-size-md\">En savoir plus<\/a>\n<\/div><\/article><\/div><div class=\"hidden wf-cell\" data-post-id=\"64593\" data-date=\"2026-02-10T13:08:47+01:00\" data-name=\"S3E2 - tritonX - Freek\"><article class=\"post visible post-64593 podcasts type-podcasts status-publish format-standard has-post-thumbnail hentry season_categories-s3\" data-name=\"S3E2 &#8211; tritonX &#8211; Freek\" data-date=\"2026-02-10T13:08:47+01:00\">\n\n\t<div class=\"post-thumbnail-wrap\">\n\t\t<div class=\"post-thumbnail\">\n\n\t\t\t<a class=\"post-thumbnail-rollover img-css-resize-wrapper\" aria-label=\"Image article\" href=\"https:\/\/www.ek-retail.com\/fr\/podcasts\/s3e2-tritonx-freek\/\"><img loading=\"lazy\" decoding=\"async\" width=\"1280\" height=\"552\" src=\"https:\/\/www.ek-retail.com\/wp-content\/uploads\/2026\/02\/website-podcast-fashion-in-motion-1-2.jpg\" class=\"attachment-full size-full preload-me aspect\" alt=\"\" srcset=\"https:\/\/www.ek-retail.com\/wp-content\/uploads\/2026\/02\/website-podcast-fashion-in-motion-1-2.jpg 1280w, https:\/\/www.ek-retail.com\/wp-content\/uploads\/2026\/02\/website-podcast-fashion-in-motion-1-2-300x129.jpg 300w, https:\/\/www.ek-retail.com\/wp-content\/uploads\/2026\/02\/website-podcast-fashion-in-motion-1-2-1024x442.jpg 1024w, https:\/\/www.ek-retail.com\/wp-content\/uploads\/2026\/02\/website-podcast-fashion-in-motion-1-2-768x331.jpg 768w\" sizes=\"(max-width: 1280px) 100vw, 1280px\" style=\"--ratio: 1280 \/ 552;\" \/><span class=\"the7-hover-icon\"><i aria-hidden=\"true\" class=\"fas fa-microphone-alt\"><\/i><\/span><\/a>\n\t\t<\/div>\n\t<\/div>\n\n\n<div class=\"post-entry-content\">\n\n\t<h4 class=\"ele-entry-title\"><a href=\"https:\/\/www.ek-retail.com\/fr\/podcasts\/s3e2-tritonx-freek\/\" rel=\"bookmark\" title=\"S3E2 &#8211; tritonX &#8211; Freek\">S3E2 &#8211; tritonX &#8211; Freek<\/a><\/h4><a href=\"https:\/\/www.ek-retail.com\/fr\/podcasts\/s3e2-tritonx-freek\/\" target=\"\" aria-label=\"En savoir plus sur S3E2 &#8211; tritonX &#8211; Freek\" class=\"box-button elementor-button elementor-size-md\">En savoir plus<\/a>\n<\/div><\/article><\/div><div class=\"hidden wf-cell\" data-post-id=\"64413\" data-date=\"2026-02-10T10:34:18+01:00\" data-name=\"S3E1 - Dstrezzed - Daan &amp; Dennis\"><article class=\"post visible post-64413 podcasts type-podcasts status-publish format-standard has-post-thumbnail hentry season_categories-s3\" data-name=\"S3E1 &#8211; Dstrezzed &#8211; Daan &#038; Dennis\" data-date=\"2026-02-10T10:34:18+01:00\">\n\n\t<div class=\"post-thumbnail-wrap\">\n\t\t<div class=\"post-thumbnail\">\n\n\t\t\t<a class=\"post-thumbnail-rollover img-css-resize-wrapper\" aria-label=\"Image article\" href=\"https:\/\/www.ek-retail.com\/fr\/podcasts\/s3e1-dstrezzed\/\"><img loading=\"lazy\" decoding=\"async\" width=\"1280\" height=\"552\" src=\"https:\/\/www.ek-retail.com\/wp-content\/uploads\/2026\/02\/website-podcast-fashion-in-motion-1-1.jpg\" class=\"attachment-full size-full preload-me aspect\" alt=\"\" srcset=\"https:\/\/www.ek-retail.com\/wp-content\/uploads\/2026\/02\/website-podcast-fashion-in-motion-1-1.jpg 1280w, https:\/\/www.ek-retail.com\/wp-content\/uploads\/2026\/02\/website-podcast-fashion-in-motion-1-1-300x129.jpg 300w, https:\/\/www.ek-retail.com\/wp-content\/uploads\/2026\/02\/website-podcast-fashion-in-motion-1-1-1024x442.jpg 1024w, https:\/\/www.ek-retail.com\/wp-content\/uploads\/2026\/02\/website-podcast-fashion-in-motion-1-1-768x331.jpg 768w\" sizes=\"(max-width: 1280px) 100vw, 1280px\" style=\"--ratio: 1280 \/ 552;\" \/><span class=\"the7-hover-icon\"><i aria-hidden=\"true\" class=\"fas fa-microphone-alt\"><\/i><\/span><\/a>\n\t\t<\/div>\n\t<\/div>\n\n\n<div class=\"post-entry-content\">\n\n\t<h4 class=\"ele-entry-title\"><a href=\"https:\/\/www.ek-retail.com\/fr\/podcasts\/s3e1-dstrezzed\/\" rel=\"bookmark\" title=\"S3E1 &#8211; Dstrezzed &#8211; Daan &#038; Dennis\">S3E1 &#8211; Dstrezzed &#8211; Daan &#038; Dennis<\/a><\/h4><a href=\"https:\/\/www.ek-retail.com\/fr\/podcasts\/s3e1-dstrezzed\/\" target=\"\" aria-label=\"En savoir plus sur S3E1 &#8211; Dstrezzed &#8211; Daan &#038; Dennis\" class=\"box-button elementor-button elementor-size-md\">En savoir plus<\/a>\n<\/div><\/article><\/div><div class=\"hidden wf-cell\" data-post-id=\"64407\" data-date=\"2026-02-09T16:02:42+01:00\" data-name=\"S2E6 - Black Bananas - Vicente &amp; Patrick\"><article class=\"post visible post-64407 podcasts type-podcasts status-publish format-standard has-post-thumbnail hentry season_categories-s2\" data-name=\"S2E6 &#8211; Black Bananas &#8211; Vicente &#038; Patrick\" data-date=\"2026-02-09T16:02:42+01:00\">\n\n\t<div class=\"post-thumbnail-wrap\">\n\t\t<div class=\"post-thumbnail\">\n\n\t\t\t<a class=\"post-thumbnail-rollover img-css-resize-wrapper\" aria-label=\"Image article\" href=\"https:\/\/www.ek-retail.com\/fr\/podcasts\/s2e6-black-bananas-vicente-en-patrick\/\"><img loading=\"lazy\" decoding=\"async\" width=\"1280\" height=\"552\" src=\"https:\/\/www.ek-retail.com\/wp-content\/uploads\/2026\/02\/website-black-bananas.jpg\" class=\"attachment-full size-full preload-me aspect\" alt=\"\" srcset=\"https:\/\/www.ek-retail.com\/wp-content\/uploads\/2026\/02\/website-black-bananas.jpg 1280w, https:\/\/www.ek-retail.com\/wp-content\/uploads\/2026\/02\/website-black-bananas-300x129.jpg 300w, https:\/\/www.ek-retail.com\/wp-content\/uploads\/2026\/02\/website-black-bananas-1024x442.jpg 1024w, https:\/\/www.ek-retail.com\/wp-content\/uploads\/2026\/02\/website-black-bananas-768x331.jpg 768w\" sizes=\"(max-width: 1280px) 100vw, 1280px\" style=\"--ratio: 1280 \/ 552;\" \/><span class=\"the7-hover-icon\"><i aria-hidden=\"true\" class=\"fas fa-microphone-alt\"><\/i><\/span><\/a>\n\t\t<\/div>\n\t<\/div>\n\n\n<div class=\"post-entry-content\">\n\n\t<h4 class=\"ele-entry-title\"><a href=\"https:\/\/www.ek-retail.com\/fr\/podcasts\/s2e6-black-bananas-vicente-en-patrick\/\" rel=\"bookmark\" title=\"S2E6 &#8211; Black Bananas &#8211; Vicente &#038; Patrick\">S2E6 &#8211; Black Bananas &#8211; Vicente &#038; Patrick<\/a><\/h4><a href=\"https:\/\/www.ek-retail.com\/fr\/podcasts\/s2e6-black-bananas-vicente-en-patrick\/\" target=\"\" aria-label=\"En savoir plus sur S2E6 &#8211; Black Bananas &#8211; Vicente &#038; Patrick\" class=\"box-button elementor-button elementor-size-md\">En savoir plus<\/a>\n<\/div><\/article><\/div><div class=\"hidden wf-cell\" data-post-id=\"64402\" data-date=\"2026-02-09T15:58:20+01:00\" data-name=\"S2E5 - Kuyichi - Chris Konings\"><article class=\"post visible post-64402 podcasts type-podcasts status-publish format-standard has-post-thumbnail hentry season_categories-s2\" data-name=\"S2E5 &#8211; Kuyichi &#8211; Chris Konings\" data-date=\"2026-02-09T15:58:20+01:00\">\n\n\t<div class=\"post-thumbnail-wrap\">\n\t\t<div class=\"post-thumbnail\">\n\n\t\t\t<a class=\"post-thumbnail-rollover img-css-resize-wrapper\" aria-label=\"Image article\" href=\"https:\/\/www.ek-retail.com\/fr\/podcasts\/s2e5-kuyichi-chris\/\"><img loading=\"lazy\" decoding=\"async\" width=\"1280\" height=\"552\" src=\"https:\/\/www.ek-retail.com\/wp-content\/uploads\/2026\/02\/in-de-podcast-kuyichi-chris.jpg\" class=\"attachment-full size-full preload-me aspect\" alt=\"\" srcset=\"https:\/\/www.ek-retail.com\/wp-content\/uploads\/2026\/02\/in-de-podcast-kuyichi-chris.jpg 1280w, https:\/\/www.ek-retail.com\/wp-content\/uploads\/2026\/02\/in-de-podcast-kuyichi-chris-300x129.jpg 300w, https:\/\/www.ek-retail.com\/wp-content\/uploads\/2026\/02\/in-de-podcast-kuyichi-chris-1024x442.jpg 1024w, https:\/\/www.ek-retail.com\/wp-content\/uploads\/2026\/02\/in-de-podcast-kuyichi-chris-768x331.jpg 768w\" sizes=\"(max-width: 1280px) 100vw, 1280px\" style=\"--ratio: 1280 \/ 552;\" \/><span class=\"the7-hover-icon\"><i aria-hidden=\"true\" class=\"fas fa-microphone-alt\"><\/i><\/span><\/a>\n\t\t<\/div>\n\t<\/div>\n\n\n<div class=\"post-entry-content\">\n\n\t<h4 class=\"ele-entry-title\"><a href=\"https:\/\/www.ek-retail.com\/fr\/podcasts\/s2e5-kuyichi-chris\/\" rel=\"bookmark\" title=\"S2E5 &#8211; Kuyichi &#8211; Chris Konings\">S2E5 &#8211; Kuyichi &#8211; Chris Konings<\/a><\/h4><a href=\"https:\/\/www.ek-retail.com\/fr\/podcasts\/s2e5-kuyichi-chris\/\" target=\"\" aria-label=\"En savoir plus sur S2E5 &#8211; Kuyichi &#8211; Chris Konings\" class=\"box-button elementor-button elementor-size-md\">En savoir plus<\/a>\n<\/div><\/article><\/div><div class=\"hidden wf-cell\" data-post-id=\"64397\" data-date=\"2026-02-09T15:54:56+01:00\" data-name=\"S2E4 - Meijers Mode - Miquet\"><article class=\"post visible post-64397 podcasts type-podcasts status-publish format-standard has-post-thumbnail hentry season_categories-s2\" data-name=\"S2E4 &#8211; Meijers Mode &#8211; Miquet\" data-date=\"2026-02-09T15:54:56+01:00\">\n\n\t<div class=\"post-thumbnail-wrap\">\n\t\t<div class=\"post-thumbnail\">\n\n\t\t\t<a class=\"post-thumbnail-rollover img-css-resize-wrapper\" aria-label=\"Image article\" href=\"https:\/\/www.ek-retail.com\/fr\/podcasts\/s2e4-meijers-mode-miquet\/\"><img loading=\"lazy\" decoding=\"async\" width=\"1280\" height=\"552\" src=\"https:\/\/www.ek-retail.com\/wp-content\/uploads\/2026\/02\/website-meijers-mode-loyalty-loop.jpg\" class=\"attachment-full size-full preload-me aspect\" alt=\"\" srcset=\"https:\/\/www.ek-retail.com\/wp-content\/uploads\/2026\/02\/website-meijers-mode-loyalty-loop.jpg 1280w, https:\/\/www.ek-retail.com\/wp-content\/uploads\/2026\/02\/website-meijers-mode-loyalty-loop-300x129.jpg 300w, https:\/\/www.ek-retail.com\/wp-content\/uploads\/2026\/02\/website-meijers-mode-loyalty-loop-1024x442.jpg 1024w, https:\/\/www.ek-retail.com\/wp-content\/uploads\/2026\/02\/website-meijers-mode-loyalty-loop-768x331.jpg 768w\" sizes=\"(max-width: 1280px) 100vw, 1280px\" style=\"--ratio: 1280 \/ 552;\" \/><span class=\"the7-hover-icon\"><i aria-hidden=\"true\" class=\"fas fa-microphone-alt\"><\/i><\/span><\/a>\n\t\t<\/div>\n\t<\/div>\n\n\n<div class=\"post-entry-content\">\n\n\t<h4 class=\"ele-entry-title\"><a href=\"https:\/\/www.ek-retail.com\/fr\/podcasts\/s2e4-meijers-mode-miquet\/\" rel=\"bookmark\" title=\"S2E4 &#8211; Meijers Mode &#8211; Miquet\">S2E4 &#8211; Meijers Mode &#8211; Miquet<\/a><\/h4><a href=\"https:\/\/www.ek-retail.com\/fr\/podcasts\/s2e4-meijers-mode-miquet\/\" target=\"\" aria-label=\"En savoir plus sur S2E4 &#8211; Meijers Mode &#8211; Miquet\" class=\"box-button elementor-button elementor-size-md\">En savoir plus<\/a>\n<\/div><\/article><\/div><div class=\"hidden wf-cell\" data-post-id=\"64368\" data-date=\"2026-02-09T15:48:49+01:00\" data-name=\"S2E3 - Zusss-  Femke\"><article class=\"post visible post-64368 podcasts type-podcasts status-publish format-standard has-post-thumbnail hentry season_categories-s2\" data-name=\"S2E3 &#8211; Zusss-  Femke\" data-date=\"2026-02-09T15:48:49+01:00\">\n\n\t<div class=\"post-thumbnail-wrap\">\n\t\t<div class=\"post-thumbnail\">\n\n\t\t\t<a class=\"post-thumbnail-rollover img-css-resize-wrapper\" aria-label=\"Image article\" href=\"https:\/\/www.ek-retail.com\/fr\/podcasts\/s2e3-zusss-femke\/\"><img loading=\"lazy\" decoding=\"async\" width=\"1280\" height=\"552\" src=\"https:\/\/www.ek-retail.com\/wp-content\/uploads\/2026\/02\/podcast-fashion-in-motion-zusss.jpg\" class=\"attachment-full size-full preload-me aspect\" alt=\"\" srcset=\"https:\/\/www.ek-retail.com\/wp-content\/uploads\/2026\/02\/podcast-fashion-in-motion-zusss.jpg 1280w, https:\/\/www.ek-retail.com\/wp-content\/uploads\/2026\/02\/podcast-fashion-in-motion-zusss-300x129.jpg 300w, https:\/\/www.ek-retail.com\/wp-content\/uploads\/2026\/02\/podcast-fashion-in-motion-zusss-1024x442.jpg 1024w, https:\/\/www.ek-retail.com\/wp-content\/uploads\/2026\/02\/podcast-fashion-in-motion-zusss-768x331.jpg 768w\" sizes=\"(max-width: 1280px) 100vw, 1280px\" style=\"--ratio: 1280 \/ 552;\" \/><span class=\"the7-hover-icon\"><i aria-hidden=\"true\" class=\"fas fa-microphone-alt\"><\/i><\/span><\/a>\n\t\t<\/div>\n\t<\/div>\n\n\n<div class=\"post-entry-content\">\n\n\t<h4 class=\"ele-entry-title\"><a href=\"https:\/\/www.ek-retail.com\/fr\/podcasts\/s2e3-zusss-femke\/\" rel=\"bookmark\" title=\"S2E3 &#8211; Zusss-  Femke\">S2E3 &#8211; Zusss-  Femke<\/a><\/h4><a href=\"https:\/\/www.ek-retail.com\/fr\/podcasts\/s2e3-zusss-femke\/\" target=\"\" aria-label=\"En savoir plus sur S2E3 &#8211; Zusss-  Femke\" class=\"box-button elementor-button elementor-size-md\">En savoir plus<\/a>\n<\/div><\/article><\/div><div class=\"hidden wf-cell\" data-post-id=\"64351\" data-date=\"2026-02-09T14:16:39+01:00\" data-name=\"S2E2 - YAYA\u00a0 - Maaike\"><article class=\"post visible post-64351 podcasts type-podcasts status-publish format-standard has-post-thumbnail hentry season_categories-s2\" data-name=\"S2E2 &#8211; YAYA\u00a0 &#8211; Maaike\" data-date=\"2026-02-09T14:16:39+01:00\">\n\n\t<div class=\"post-thumbnail-wrap\">\n\t\t<div class=\"post-thumbnail\">\n\n\t\t\t<a class=\"post-thumbnail-rollover img-css-resize-wrapper\" aria-label=\"Image article\" href=\"https:\/\/www.ek-retail.com\/fr\/podcasts\/s2e1-yaya-maaike\/\"><img loading=\"lazy\" decoding=\"async\" width=\"1280\" height=\"552\" src=\"https:\/\/www.ek-retail.com\/wp-content\/uploads\/2026\/02\/podcast-fashion-in-motion-yaya.jpg\" class=\"attachment-full size-full preload-me aspect\" alt=\"\" srcset=\"https:\/\/www.ek-retail.com\/wp-content\/uploads\/2026\/02\/podcast-fashion-in-motion-yaya.jpg 1280w, https:\/\/www.ek-retail.com\/wp-content\/uploads\/2026\/02\/podcast-fashion-in-motion-yaya-300x129.jpg 300w, https:\/\/www.ek-retail.com\/wp-content\/uploads\/2026\/02\/podcast-fashion-in-motion-yaya-1024x442.jpg 1024w, https:\/\/www.ek-retail.com\/wp-content\/uploads\/2026\/02\/podcast-fashion-in-motion-yaya-768x331.jpg 768w\" sizes=\"(max-width: 1280px) 100vw, 1280px\" style=\"--ratio: 1280 \/ 552;\" \/><span class=\"the7-hover-icon\"><i aria-hidden=\"true\" class=\"fas fa-microphone-alt\"><\/i><\/span><\/a>\n\t\t<\/div>\n\t<\/div>\n\n\n<div class=\"post-entry-content\">\n\n\t<h4 class=\"ele-entry-title\"><a href=\"https:\/\/www.ek-retail.com\/fr\/podcasts\/s2e1-yaya-maaike\/\" rel=\"bookmark\" title=\"S2E2 &#8211; YAYA\u00a0 &#8211; Maaike\">S2E2 &#8211; YAYA\u00a0 &#8211; Maaike<\/a><\/h4><a href=\"https:\/\/www.ek-retail.com\/fr\/podcasts\/s2e1-yaya-maaike\/\" target=\"\" aria-label=\"En savoir plus sur S2E2 &#8211; YAYA\u00a0 &#8211; Maaike\" class=\"box-button elementor-button elementor-size-md\">En savoir plus<\/a>\n<\/div><\/article><\/div><div class=\"hidden wf-cell\" data-post-id=\"64344\" data-date=\"2026-02-09T13:59:19+01:00\" data-name=\"S2E1 - G-Maxx - Ylana &amp; Sarah\"><article class=\"post visible post-64344 podcasts type-podcasts status-publish format-standard has-post-thumbnail hentry season_categories-s2\" data-name=\"S2E1 &#8211; G-Maxx &#8211; Ylana &#038; Sarah\" data-date=\"2026-02-09T13:59:19+01:00\">\n\n\t<div class=\"post-thumbnail-wrap\">\n\t\t<div class=\"post-thumbnail\">\n\n\t\t\t<a class=\"post-thumbnail-rollover img-css-resize-wrapper\" aria-label=\"Image article\" href=\"https:\/\/www.ek-retail.com\/fr\/podcasts\/s1e10-g-maxx-ylana-en-sarah\/\"><img loading=\"lazy\" decoding=\"async\" width=\"1280\" height=\"552\" src=\"https:\/\/www.ek-retail.com\/wp-content\/uploads\/2026\/02\/gmaxx-in-fashioni-n-motion.jpg\" class=\"attachment-full size-full preload-me aspect\" alt=\"\" srcset=\"https:\/\/www.ek-retail.com\/wp-content\/uploads\/2026\/02\/gmaxx-in-fashioni-n-motion.jpg 1280w, https:\/\/www.ek-retail.com\/wp-content\/uploads\/2026\/02\/gmaxx-in-fashioni-n-motion-300x129.jpg 300w, https:\/\/www.ek-retail.com\/wp-content\/uploads\/2026\/02\/gmaxx-in-fashioni-n-motion-1024x442.jpg 1024w, https:\/\/www.ek-retail.com\/wp-content\/uploads\/2026\/02\/gmaxx-in-fashioni-n-motion-768x331.jpg 768w\" sizes=\"(max-width: 1280px) 100vw, 1280px\" style=\"--ratio: 1280 \/ 552;\" \/><span class=\"the7-hover-icon\"><i aria-hidden=\"true\" class=\"fas fa-microphone-alt\"><\/i><\/span><\/a>\n\t\t<\/div>\n\t<\/div>\n\n\n<div class=\"post-entry-content\">\n\n\t<h4 class=\"ele-entry-title\"><a href=\"https:\/\/www.ek-retail.com\/fr\/podcasts\/s1e10-g-maxx-ylana-en-sarah\/\" rel=\"bookmark\" title=\"S2E1 &#8211; G-Maxx &#8211; Ylana &#038; Sarah\">S2E1 &#8211; G-Maxx &#8211; Ylana &#038; Sarah<\/a><\/h4><a href=\"https:\/\/www.ek-retail.com\/fr\/podcasts\/s1e10-g-maxx-ylana-en-sarah\/\" target=\"\" aria-label=\"En savoir plus sur S2E1 &#8211; G-Maxx &#8211; Ylana &#038; Sarah\" class=\"box-button elementor-button elementor-size-md\">En savoir plus<\/a>\n<\/div><\/article><\/div><div class=\"hidden wf-cell\" data-post-id=\"64274\" data-date=\"2026-02-09T11:53:36+01:00\" data-name=\"S1E10 - EK Fashion - Een belangrijk websitedesign\"><article class=\"post visible post-64274 podcasts type-podcasts status-publish format-standard has-post-thumbnail hentry season_categories-s1\" data-name=\"S1E10 &#8211; EK Fashion &#8211; Een belangrijk websitedesign\" data-date=\"2026-02-09T11:53:36+01:00\">\n\n\t<div class=\"post-thumbnail-wrap\">\n\t\t<div class=\"post-thumbnail\">\n\n\t\t\t<a class=\"post-thumbnail-rollover img-css-resize-wrapper\" aria-label=\"Image article\" href=\"https:\/\/www.ek-retail.com\/fr\/podcasts\/s1e9-ek-fashion-een-belangrijk-websitedesign\/\"><img loading=\"lazy\" decoding=\"async\" width=\"1280\" height=\"552\" src=\"https:\/\/www.ek-retail.com\/wp-content\/uploads\/2026\/02\/website-podcast-fashion-in-motion-1.jpg\" class=\"attachment-full size-full preload-me aspect\" alt=\"\" srcset=\"https:\/\/www.ek-retail.com\/wp-content\/uploads\/2026\/02\/website-podcast-fashion-in-motion-1.jpg 1280w, https:\/\/www.ek-retail.com\/wp-content\/uploads\/2026\/02\/website-podcast-fashion-in-motion-1-300x129.jpg 300w, https:\/\/www.ek-retail.com\/wp-content\/uploads\/2026\/02\/website-podcast-fashion-in-motion-1-1024x442.jpg 1024w, https:\/\/www.ek-retail.com\/wp-content\/uploads\/2026\/02\/website-podcast-fashion-in-motion-1-768x331.jpg 768w\" sizes=\"(max-width: 1280px) 100vw, 1280px\" style=\"--ratio: 1280 \/ 552;\" \/><span class=\"the7-hover-icon\"><i aria-hidden=\"true\" class=\"fas fa-microphone-alt\"><\/i><\/span><\/a>\n\t\t<\/div>\n\t<\/div>\n\n\n<div class=\"post-entry-content\">\n\n\t<h4 class=\"ele-entry-title\"><a href=\"https:\/\/www.ek-retail.com\/fr\/podcasts\/s1e9-ek-fashion-een-belangrijk-websitedesign\/\" rel=\"bookmark\" title=\"S1E10 &#8211; EK Fashion &#8211; Een belangrijk websitedesign\">S1E10 &#8211; EK Fashion &#8211; Een belangrijk websitedesign<\/a><\/h4><a href=\"https:\/\/www.ek-retail.com\/fr\/podcasts\/s1e9-ek-fashion-een-belangrijk-websitedesign\/\" target=\"\" aria-label=\"En savoir plus sur S1E10 &#8211; EK Fashion &#8211; Een belangrijk websitedesign\" class=\"box-button elementor-button elementor-size-md\">En savoir plus<\/a>\n<\/div><\/article><\/div><div class=\"hidden wf-cell\" data-post-id=\"64268\" data-date=\"2026-02-09T11:48:35+01:00\" data-name=\"S1E9 - JOSH V - Josh Veldhuizen\"><article class=\"post visible post-64268 podcasts type-podcasts status-publish format-standard has-post-thumbnail hentry season_categories-s1\" data-name=\"S1E9 &#8211; JOSH V &#8211; Josh Veldhuizen\" data-date=\"2026-02-09T11:48:35+01:00\">\n\n\t<div class=\"post-thumbnail-wrap\">\n\t\t<div class=\"post-thumbnail\">\n\n\t\t\t<a class=\"post-thumbnail-rollover img-css-resize-wrapper\" aria-label=\"Image article\" href=\"https:\/\/www.ek-retail.com\/fr\/podcasts\/s1e9-josh-v-josh-veldhuizen\/\"><img loading=\"lazy\" decoding=\"async\" width=\"1280\" height=\"552\" src=\"https:\/\/www.ek-retail.com\/wp-content\/uploads\/2026\/02\/website-podcast-fashion-in-motion-josh-v.jpg\" class=\"attachment-full size-full preload-me aspect\" alt=\"\" srcset=\"https:\/\/www.ek-retail.com\/wp-content\/uploads\/2026\/02\/website-podcast-fashion-in-motion-josh-v.jpg 1280w, https:\/\/www.ek-retail.com\/wp-content\/uploads\/2026\/02\/website-podcast-fashion-in-motion-josh-v-300x129.jpg 300w, https:\/\/www.ek-retail.com\/wp-content\/uploads\/2026\/02\/website-podcast-fashion-in-motion-josh-v-1024x442.jpg 1024w, https:\/\/www.ek-retail.com\/wp-content\/uploads\/2026\/02\/website-podcast-fashion-in-motion-josh-v-768x331.jpg 768w\" sizes=\"(max-width: 1280px) 100vw, 1280px\" style=\"--ratio: 1280 \/ 552;\" \/><span class=\"the7-hover-icon\"><i aria-hidden=\"true\" class=\"fas fa-microphone-alt\"><\/i><\/span><\/a>\n\t\t<\/div>\n\t<\/div>\n\n\n<div class=\"post-entry-content\">\n\n\t<h4 class=\"ele-entry-title\"><a href=\"https:\/\/www.ek-retail.com\/fr\/podcasts\/s1e9-josh-v-josh-veldhuizen\/\" rel=\"bookmark\" title=\"S1E9 &#8211; JOSH V &#8211; Josh Veldhuizen\">S1E9 &#8211; JOSH V &#8211; Josh Veldhuizen<\/a><\/h4><a href=\"https:\/\/www.ek-retail.com\/fr\/podcasts\/s1e9-josh-v-josh-veldhuizen\/\" target=\"\" aria-label=\"En savoir plus sur S1E9 &#8211; JOSH V &#8211; Josh Veldhuizen\" class=\"box-button elementor-button elementor-size-md\">En savoir plus<\/a>\n<\/div><\/article><\/div><div class=\"hidden wf-cell\" data-post-id=\"64262\" data-date=\"2026-02-09T11:43:37+01:00\" data-name=\"S1E8 - De Rode Winkel - Daan Broekman\"><article class=\"post visible post-64262 podcasts type-podcasts status-publish format-standard has-post-thumbnail hentry season_categories-s1\" data-name=\"S1E8 &#8211; De Rode Winkel &#8211; Daan Broekman\" data-date=\"2026-02-09T11:43:37+01:00\">\n\n\t<div class=\"post-thumbnail-wrap\">\n\t\t<div class=\"post-thumbnail\">\n\n\t\t\t<a class=\"post-thumbnail-rollover img-css-resize-wrapper\" aria-label=\"Image article\" href=\"https:\/\/www.ek-retail.com\/fr\/podcasts\/s1e8-de-rode-winkel-daan-broekman\/\"><img loading=\"lazy\" decoding=\"async\" width=\"1280\" height=\"552\" src=\"https:\/\/www.ek-retail.com\/wp-content\/uploads\/2026\/02\/daan-broekman-fashion-in-motion.jpg\" class=\"attachment-full size-full preload-me aspect\" alt=\"\" srcset=\"https:\/\/www.ek-retail.com\/wp-content\/uploads\/2026\/02\/daan-broekman-fashion-in-motion.jpg 1280w, https:\/\/www.ek-retail.com\/wp-content\/uploads\/2026\/02\/daan-broekman-fashion-in-motion-300x129.jpg 300w, https:\/\/www.ek-retail.com\/wp-content\/uploads\/2026\/02\/daan-broekman-fashion-in-motion-1024x442.jpg 1024w, https:\/\/www.ek-retail.com\/wp-content\/uploads\/2026\/02\/daan-broekman-fashion-in-motion-768x331.jpg 768w\" sizes=\"(max-width: 1280px) 100vw, 1280px\" style=\"--ratio: 1280 \/ 552;\" \/><span class=\"the7-hover-icon\"><i aria-hidden=\"true\" class=\"fas fa-microphone-alt\"><\/i><\/span><\/a>\n\t\t<\/div>\n\t<\/div>\n\n\n<div class=\"post-entry-content\">\n\n\t<h4 class=\"ele-entry-title\"><a href=\"https:\/\/www.ek-retail.com\/fr\/podcasts\/s1e8-de-rode-winkel-daan-broekman\/\" rel=\"bookmark\" title=\"S1E8 &#8211; De Rode Winkel &#8211; Daan Broekman\">S1E8 &#8211; De Rode Winkel &#8211; Daan Broekman<\/a><\/h4><a href=\"https:\/\/www.ek-retail.com\/fr\/podcasts\/s1e8-de-rode-winkel-daan-broekman\/\" target=\"\" aria-label=\"En savoir plus sur S1E8 &#8211; De Rode Winkel &#8211; Daan Broekman\" class=\"box-button elementor-button elementor-size-md\">En savoir plus<\/a>\n<\/div><\/article><\/div><div class=\"hidden wf-cell\" data-post-id=\"64255\" data-date=\"2026-02-09T11:12:40+01:00\" data-name=\"S1E7 - Chocoloco - Martijn Heus\"><article class=\"post visible post-64255 podcasts type-podcasts status-publish format-standard has-post-thumbnail hentry season_categories-s1\" data-name=\"S1E7 &#8211; Chocoloco &#8211; Martijn Heus\" data-date=\"2026-02-09T11:12:40+01:00\">\n\n\t<div class=\"post-thumbnail-wrap\">\n\t\t<div class=\"post-thumbnail\">\n\n\t\t\t<a class=\"post-thumbnail-rollover img-css-resize-wrapper\" aria-label=\"Image article\" href=\"https:\/\/www.ek-retail.com\/fr\/podcasts\/s1e7-chocoloco-martijn-heus\/\"><img loading=\"lazy\" decoding=\"async\" width=\"1280\" height=\"552\" src=\"https:\/\/www.ek-retail.com\/wp-content\/uploads\/2026\/02\/chocoloco-website.jpg\" class=\"attachment-full size-full preload-me aspect\" alt=\"\" srcset=\"https:\/\/www.ek-retail.com\/wp-content\/uploads\/2026\/02\/chocoloco-website.jpg 1280w, https:\/\/www.ek-retail.com\/wp-content\/uploads\/2026\/02\/chocoloco-website-300x129.jpg 300w, https:\/\/www.ek-retail.com\/wp-content\/uploads\/2026\/02\/chocoloco-website-1024x442.jpg 1024w, https:\/\/www.ek-retail.com\/wp-content\/uploads\/2026\/02\/chocoloco-website-768x331.jpg 768w\" sizes=\"(max-width: 1280px) 100vw, 1280px\" style=\"--ratio: 1280 \/ 552;\" \/><span class=\"the7-hover-icon\"><i aria-hidden=\"true\" class=\"fas fa-microphone-alt\"><\/i><\/span><\/a>\n\t\t<\/div>\n\t<\/div>\n\n\n<div class=\"post-entry-content\">\n\n\t<h4 class=\"ele-entry-title\"><a href=\"https:\/\/www.ek-retail.com\/fr\/podcasts\/s1e7-chocoloco-martijn-heus\/\" rel=\"bookmark\" title=\"S1E7 &#8211; Chocoloco &#8211; Martijn Heus\">S1E7 &#8211; Chocoloco &#8211; Martijn Heus<\/a><\/h4><a href=\"https:\/\/www.ek-retail.com\/fr\/podcasts\/s1e7-chocoloco-martijn-heus\/\" target=\"\" aria-label=\"En savoir plus sur S1E7 &#8211; Chocoloco &#8211; Martijn Heus\" class=\"box-button elementor-button elementor-size-md\">En savoir plus<\/a>\n<\/div><\/article><\/div><div class=\"hidden wf-cell\" data-post-id=\"64245\" data-date=\"2026-02-09T11:01:55+01:00\" data-name=\"S1E6 - Frank and Lucie | Robert\"><article class=\"post visible post-64245 podcasts type-podcasts status-publish format-standard has-post-thumbnail hentry season_categories-s1\" data-name=\"S1E6 &#8211; Frank and Lucie | Robert\" data-date=\"2026-02-09T11:01:55+01:00\">\n\n\t<div class=\"post-thumbnail-wrap\">\n\t\t<div class=\"post-thumbnail\">\n\n\t\t\t<a class=\"post-thumbnail-rollover img-css-resize-wrapper\" aria-label=\"Image article\" href=\"https:\/\/www.ek-retail.com\/fr\/podcasts\/s1e4-westen-mannen-johan-van-westen-duplicate-57772\/\"><img loading=\"lazy\" decoding=\"async\" width=\"1280\" height=\"552\" src=\"https:\/\/www.ek-retail.com\/wp-content\/uploads\/2026\/02\/frank-and-lucie-website.jpg\" class=\"attachment-full size-full preload-me aspect\" alt=\"\" srcset=\"https:\/\/www.ek-retail.com\/wp-content\/uploads\/2026\/02\/frank-and-lucie-website.jpg 1280w, https:\/\/www.ek-retail.com\/wp-content\/uploads\/2026\/02\/frank-and-lucie-website-300x129.jpg 300w, https:\/\/www.ek-retail.com\/wp-content\/uploads\/2026\/02\/frank-and-lucie-website-1024x442.jpg 1024w, https:\/\/www.ek-retail.com\/wp-content\/uploads\/2026\/02\/frank-and-lucie-website-768x331.jpg 768w\" sizes=\"(max-width: 1280px) 100vw, 1280px\" style=\"--ratio: 1280 \/ 552;\" \/><span class=\"the7-hover-icon\"><i aria-hidden=\"true\" class=\"fas fa-microphone-alt\"><\/i><\/span><\/a>\n\t\t<\/div>\n\t<\/div>\n\n\n<div class=\"post-entry-content\">\n\n\t<h4 class=\"ele-entry-title\"><a href=\"https:\/\/www.ek-retail.com\/fr\/podcasts\/s1e4-westen-mannen-johan-van-westen-duplicate-57772\/\" rel=\"bookmark\" title=\"S1E6 &#8211; Frank and Lucie | Robert\">S1E6 &#8211; Frank and Lucie | Robert<\/a><\/h4><a href=\"https:\/\/www.ek-retail.com\/fr\/podcasts\/s1e4-westen-mannen-johan-van-westen-duplicate-57772\/\" target=\"\" aria-label=\"En savoir plus sur S1E6 &#8211; Frank and Lucie | Robert\" class=\"box-button elementor-button elementor-size-md\">En savoir plus<\/a>\n<\/div><\/article><\/div><div class=\"hidden wf-cell\" data-post-id=\"58055\" data-date=\"2025-12-10T15:11:57+01:00\" data-name=\"S1E5 - EK - Past TikTok in marketingstrategie?\"><article class=\"post visible post-58055 podcasts type-podcasts status-publish format-standard has-post-thumbnail hentry season_categories-s1\" data-name=\"S1E5 &#8211; EK &#8211; Past TikTok in marketingstrategie?\" data-date=\"2025-12-10T15:11:57+01:00\">\n\n\t<div class=\"post-thumbnail-wrap\">\n\t\t<div class=\"post-thumbnail\">\n\n\t\t\t<a class=\"post-thumbnail-rollover img-css-resize-wrapper\" aria-label=\"Image article\" href=\"https:\/\/www.ek-retail.com\/fr\/podcasts\/elementor-58055\/\"><img loading=\"lazy\" decoding=\"async\" width=\"1280\" height=\"552\" src=\"https:\/\/www.ek-retail.com\/wp-content\/uploads\/2025\/12\/website-podcast-fashion-in-motion.jpg\" class=\"attachment-full size-full preload-me aspect\" alt=\"\" srcset=\"https:\/\/www.ek-retail.com\/wp-content\/uploads\/2025\/12\/website-podcast-fashion-in-motion.jpg 1280w, https:\/\/www.ek-retail.com\/wp-content\/uploads\/2025\/12\/website-podcast-fashion-in-motion-300x129.jpg 300w, https:\/\/www.ek-retail.com\/wp-content\/uploads\/2025\/12\/website-podcast-fashion-in-motion-1024x442.jpg 1024w, https:\/\/www.ek-retail.com\/wp-content\/uploads\/2025\/12\/website-podcast-fashion-in-motion-768x331.jpg 768w\" sizes=\"(max-width: 1280px) 100vw, 1280px\" style=\"--ratio: 1280 \/ 552;\" \/><span class=\"the7-hover-icon\"><i aria-hidden=\"true\" class=\"fas fa-microphone-alt\"><\/i><\/span><\/a>\n\t\t<\/div>\n\t<\/div>\n\n\n<div class=\"post-entry-content\">\n\n\t<h4 class=\"ele-entry-title\"><a href=\"https:\/\/www.ek-retail.com\/fr\/podcasts\/elementor-58055\/\" rel=\"bookmark\" title=\"S1E5 &#8211; EK &#8211; Past TikTok in marketingstrategie?\">S1E5 &#8211; EK &#8211; Past TikTok in marketingstrategie?<\/a><\/h4><a href=\"https:\/\/www.ek-retail.com\/fr\/podcasts\/elementor-58055\/\" target=\"\" aria-label=\"En savoir plus sur S1E5 &#8211; EK &#8211; Past TikTok in marketingstrategie?\" class=\"box-button elementor-button elementor-size-md\">En savoir plus<\/a>\n<\/div><\/article><\/div><div class=\"hidden wf-cell\" data-post-id=\"57772\" data-date=\"2025-12-10T10:48:20+01:00\" data-name=\"S1E4 - Westen Mannen - Johan van Westen\"><article class=\"post visible post-57772 podcasts type-podcasts status-publish format-standard has-post-thumbnail hentry season_categories-s1\" data-name=\"S1E4 &#8211; Westen Mannen &#8211; Johan van Westen\" data-date=\"2025-12-10T10:48:20+01:00\">\n\n\t<div class=\"post-thumbnail-wrap\">\n\t\t<div class=\"post-thumbnail\">\n\n\t\t\t<a class=\"post-thumbnail-rollover img-css-resize-wrapper\" aria-label=\"Image article\" href=\"https:\/\/www.ek-retail.com\/fr\/podcasts\/s1e4-westen-mannen-johan-van-westen\/\"><img loading=\"lazy\" decoding=\"async\" width=\"1280\" height=\"552\" src=\"https:\/\/www.ek-retail.com\/wp-content\/uploads\/2025\/12\/westen-mannen-website.jpg\" class=\"attachment-full size-full preload-me aspect\" alt=\"\" srcset=\"https:\/\/www.ek-retail.com\/wp-content\/uploads\/2025\/12\/westen-mannen-website.jpg 1280w, https:\/\/www.ek-retail.com\/wp-content\/uploads\/2025\/12\/westen-mannen-website-300x129.jpg 300w, https:\/\/www.ek-retail.com\/wp-content\/uploads\/2025\/12\/westen-mannen-website-1024x442.jpg 1024w, https:\/\/www.ek-retail.com\/wp-content\/uploads\/2025\/12\/westen-mannen-website-768x331.jpg 768w\" sizes=\"(max-width: 1280px) 100vw, 1280px\" style=\"--ratio: 1280 \/ 552;\" \/><span class=\"the7-hover-icon\"><i aria-hidden=\"true\" class=\"fas fa-microphone-alt\"><\/i><\/span><\/a>\n\t\t<\/div>\n\t<\/div>\n\n\n<div class=\"post-entry-content\">\n\n\t<h4 class=\"ele-entry-title\"><a href=\"https:\/\/www.ek-retail.com\/fr\/podcasts\/s1e4-westen-mannen-johan-van-westen\/\" rel=\"bookmark\" title=\"S1E4 &#8211; Westen Mannen &#8211; Johan van Westen\">S1E4 &#8211; Westen Mannen &#8211; Johan van Westen<\/a><\/h4><a href=\"https:\/\/www.ek-retail.com\/fr\/podcasts\/s1e4-westen-mannen-johan-van-westen\/\" target=\"\" aria-label=\"En savoir plus sur S1E4 &#8211; Westen Mannen &#8211; Johan van Westen\" class=\"box-button elementor-button elementor-size-md\">En savoir plus<\/a>\n<\/div><\/article><\/div><div class=\"hidden wf-cell\" data-post-id=\"48626\" data-date=\"2025-07-15T17:00:55+02:00\" data-name=\"S1E3 - De drie gouden regels van emailmarketing\"><article class=\"post visible post-48626 podcasts type-podcasts status-publish format-standard has-post-thumbnail hentry season_categories-s1\" data-name=\"S1E3 &#8211; De drie gouden regels van emailmarketing\" data-date=\"2025-07-15T17:00:55+02:00\">\n\n\t<div class=\"post-thumbnail-wrap\">\n\t\t<div class=\"post-thumbnail\">\n\n\t\t\t<a class=\"post-thumbnail-rollover img-css-resize-wrapper\" aria-label=\"Image article\" href=\"https:\/\/www.ek-retail.com\/fr\/podcasts\/in-de-podcast-ek-fashion-de-drie-gouden-regels-van-emailmarketing\/\"><img loading=\"lazy\" decoding=\"async\" width=\"1280\" height=\"552\" src=\"https:\/\/www.ek-retail.com\/wp-content\/uploads\/2025\/07\/podcast-fashion-in-motion-yaya.jpg\" class=\"attachment-full size-full preload-me aspect\" alt=\"\" srcset=\"https:\/\/www.ek-retail.com\/wp-content\/uploads\/2025\/07\/podcast-fashion-in-motion-yaya.jpg 1280w, https:\/\/www.ek-retail.com\/wp-content\/uploads\/2025\/07\/podcast-fashion-in-motion-yaya-300x129.jpg 300w, https:\/\/www.ek-retail.com\/wp-content\/uploads\/2025\/07\/podcast-fashion-in-motion-yaya-1024x442.jpg 1024w, https:\/\/www.ek-retail.com\/wp-content\/uploads\/2025\/07\/podcast-fashion-in-motion-yaya-768x331.jpg 768w\" sizes=\"(max-width: 1280px) 100vw, 1280px\" style=\"--ratio: 1280 \/ 552;\" \/><span class=\"the7-hover-icon\"><i aria-hidden=\"true\" class=\"fas fa-microphone-alt\"><\/i><\/span><\/a>\n\t\t<\/div>\n\t<\/div>\n\n\n<div class=\"post-entry-content\">\n\n\t<h4 class=\"ele-entry-title\"><a href=\"https:\/\/www.ek-retail.com\/fr\/podcasts\/in-de-podcast-ek-fashion-de-drie-gouden-regels-van-emailmarketing\/\" rel=\"bookmark\" title=\"S1E3 &#8211; De drie gouden regels van emailmarketing\">S1E3 &#8211; De drie gouden regels van emailmarketing<\/a><\/h4><a href=\"https:\/\/www.ek-retail.com\/fr\/podcasts\/in-de-podcast-ek-fashion-de-drie-gouden-regels-van-emailmarketing\/\" target=\"\" aria-label=\"En savoir plus sur S1E3 &#8211; De drie gouden regels van emailmarketing\" class=\"box-button elementor-button elementor-size-md\">En savoir plus<\/a>\n<\/div><\/article><\/div><div class=\"hidden wf-cell\" data-post-id=\"48618\" data-date=\"2025-07-15T16:54:06+02:00\" data-name=\"S1E2 - Quotrell Hans Peters\"><article class=\"post visible post-48618 podcasts type-podcasts status-publish format-standard has-post-thumbnail hentry season_categories-s1\" data-name=\"S1E2 &#8211; Quotrell Hans Peters\" data-date=\"2025-07-15T16:54:06+02:00\">\n\n\t<div class=\"post-thumbnail-wrap\">\n\t\t<div class=\"post-thumbnail\">\n\n\t\t\t<a class=\"post-thumbnail-rollover img-css-resize-wrapper\" aria-label=\"Image article\" href=\"https:\/\/www.ek-retail.com\/fr\/podcasts\/48618\/\"><img loading=\"lazy\" decoding=\"async\" width=\"1280\" height=\"552\" src=\"https:\/\/www.ek-retail.com\/wp-content\/uploads\/2025\/07\/quotrell-website.jpg\" class=\"attachment-full size-full preload-me aspect\" alt=\"\" srcset=\"https:\/\/www.ek-retail.com\/wp-content\/uploads\/2025\/07\/quotrell-website.jpg 1280w, https:\/\/www.ek-retail.com\/wp-content\/uploads\/2025\/07\/quotrell-website-300x129.jpg 300w, https:\/\/www.ek-retail.com\/wp-content\/uploads\/2025\/07\/quotrell-website-1024x442.jpg 1024w, https:\/\/www.ek-retail.com\/wp-content\/uploads\/2025\/07\/quotrell-website-768x331.jpg 768w\" sizes=\"(max-width: 1280px) 100vw, 1280px\" style=\"--ratio: 1280 \/ 552;\" \/><span class=\"the7-hover-icon\"><i aria-hidden=\"true\" class=\"fas fa-microphone-alt\"><\/i><\/span><\/a>\n\t\t<\/div>\n\t<\/div>\n\n\n<div class=\"post-entry-content\">\n\n\t<h4 class=\"ele-entry-title\"><a href=\"https:\/\/www.ek-retail.com\/fr\/podcasts\/48618\/\" rel=\"bookmark\" title=\"S1E2 &#8211; Quotrell Hans Peters\">S1E2 &#8211; Quotrell Hans Peters<\/a><\/h4><a href=\"https:\/\/www.ek-retail.com\/fr\/podcasts\/48618\/\" target=\"\" aria-label=\"En savoir plus sur S1E2 &#8211; Quotrell Hans Peters\" class=\"box-button elementor-button elementor-size-md\">En savoir plus<\/a>\n<\/div><\/article><\/div><div class=\"hidden wf-cell\" data-post-id=\"48571\" data-date=\"2025-07-14T16:07:41+02:00\" data-name=\"S1E1 - Hoe start ik met duurzaamheid?\"><article class=\"post visible post-48571 podcasts type-podcasts status-publish format-standard has-post-thumbnail hentry season_categories-s1\" data-name=\"S1E1 &#8211; Hoe start ik met duurzaamheid?\" data-date=\"2025-07-14T16:07:41+02:00\">\n\n\t<div class=\"post-thumbnail-wrap\">\n\t\t<div class=\"post-thumbnail\">\n\n\t\t\t<a class=\"post-thumbnail-rollover img-css-resize-wrapper\" aria-label=\"Image article\" href=\"https:\/\/www.ek-retail.com\/fr\/podcasts\/in-de-podcast-ek-fashion-hoe-start-ik-met-duurzaamheid\/\"><img loading=\"lazy\" decoding=\"async\" width=\"1280\" height=\"552\" src=\"https:\/\/www.ek-retail.com\/wp-content\/uploads\/2025\/07\/website-format-ek-1.jpg\" class=\"attachment-full size-full preload-me aspect\" alt=\"\" srcset=\"https:\/\/www.ek-retail.com\/wp-content\/uploads\/2025\/07\/website-format-ek-1.jpg 1280w, https:\/\/www.ek-retail.com\/wp-content\/uploads\/2025\/07\/website-format-ek-1-300x129.jpg 300w, https:\/\/www.ek-retail.com\/wp-content\/uploads\/2025\/07\/website-format-ek-1-1024x442.jpg 1024w, https:\/\/www.ek-retail.com\/wp-content\/uploads\/2025\/07\/website-format-ek-1-768x331.jpg 768w\" sizes=\"(max-width: 1280px) 100vw, 1280px\" style=\"--ratio: 1280 \/ 552;\" \/><span class=\"the7-hover-icon\"><i aria-hidden=\"true\" class=\"fas fa-microphone-alt\"><\/i><\/span><\/a>\n\t\t<\/div>\n\t<\/div>\n\n\n<div class=\"post-entry-content\">\n\n\t<h4 class=\"ele-entry-title\"><a href=\"https:\/\/www.ek-retail.com\/fr\/podcasts\/in-de-podcast-ek-fashion-hoe-start-ik-met-duurzaamheid\/\" rel=\"bookmark\" title=\"S1E1 &#8211; Hoe start ik met duurzaamheid?\">S1E1 &#8211; Hoe start ik met duurzaamheid?<\/a><\/h4><a href=\"https:\/\/www.ek-retail.com\/fr\/podcasts\/in-de-podcast-ek-fashion-hoe-start-ik-met-duurzaamheid\/\" target=\"\" aria-label=\"En savoir plus sur S1E1 &#8211; Hoe start ik met duurzaamheid?\" class=\"box-button elementor-button elementor-size-md\">En savoir plus<\/a>\n<\/div><\/article><\/div><\/div><!-- iso-container|iso-grid --><div class=\"paginator filter-decorations paginator-more-button filter-pointer-underline\">\n\t\t\t\t<a class=\"button-load-more highlighted filter-item\" href=\"javascript:void(0);\" data-dt-page=\"1\" ><span class=\"button-caption\">Plus<\/span><i aria-hidden=\"true\" class=\"fas fa-arrow-circle-down\"><\/i><\/a>\n\t\t\t<\/div><\/div>\t\t\t\t<\/div>\n\t\t\t\t<\/div>\n\t\t\t\t\t<\/div>\n\t\t\t\t<\/div>\n\t\t\t\t<\/div>\n\t\t","protected":false},"excerpt":{"rendered":"<p>EK Fashion Une communaut\u00e9 pour la r\u00e9ussite individuelle. D\u00e9couvrez ce qu&rsquo;EK Fashion peut faire pour vous. Contactez-nous Passion pour le h\u00e9ros local EK Fashion offre des conseils personnalis\u00e9s et des services innovants pour pr\u00e9parer votre magasin \u00e0 l&rsquo;avenir. Gr\u00e2ce \u00e0 un soutien sur mesure, nous vous aidons \u00e0 acheter plus intelligemment, \u00e0 r\u00e9duire le gaspillage&hellip;<\/p>\n","protected":false},"author":2,"featured_media":0,"parent":0,"menu_order":0,"comment_status":"closed","ping_status":"closed","template":"elementor_header_footer","meta":{"footnotes":""},"class_list":["post-63535","page","type-page","status-publish","hentry"],"_links":{"self":[{"href":"https:\/\/www.ek-retail.com\/fr\/wp-json\/wp\/v2\/pages\/63535","targetHints":{"allow":["GET"]}}],"collection":[{"href":"https:\/\/www.ek-retail.com\/fr\/wp-json\/wp\/v2\/pages"}],"about":[{"href":"https:\/\/www.ek-retail.com\/fr\/wp-json\/wp\/v2\/types\/page"}],"author":[{"embeddable":true,"href":"https:\/\/www.ek-retail.com\/fr\/wp-json\/wp\/v2\/users\/2"}],"replies":[{"embeddable":true,"href":"https:\/\/www.ek-retail.com\/fr\/wp-json\/wp\/v2\/comments?post=63535"}],"version-history":[{"count":0,"href":"https:\/\/www.ek-retail.com\/fr\/wp-json\/wp\/v2\/pages\/63535\/revisions"}],"wp:attachment":[{"href":"https:\/\/www.ek-retail.com\/fr\/wp-json\/wp\/v2\/media?parent=63535"}],"curies":[{"name":"wp","href":"https:\/\/api.w.org\/{rel}","templated":true}]}}