{"id":63759,"date":"2025-07-31T10:22:08","date_gmt":"2025-07-31T08:22:08","guid":{"rendered":"https:\/\/www-preview.ek-retail.com\/ek-france\/"},"modified":"2026-02-13T12:58:57","modified_gmt":"2026-02-13T11:58:57","slug":"ek-france","status":"publish","type":"page","link":"https:\/\/www.ek-retail.com\/fr\/ek-france\/","title":{"rendered":"EK France"},"content":{"rendered":"\t\t<div data-elementor-type=\"wp-page\" data-elementor-id=\"63759\" class=\"elementor elementor-63759 elementor-49951\" data-elementor-post-type=\"page\">\n\t\t\t\t<div class=\"elementor-element elementor-element-1d4f7e8a hero-section e-flex e-con-boxed e-con e-parent\" data-id=\"1d4f7e8a\" data-element_type=\"container\" data-e-type=\"container\">\n\t\t\t\t\t<div class=\"e-con-inner\">\n\t\t<div class=\"elementor-element elementor-element-738da91e e-con-full e-flex e-con e-child\" data-id=\"738da91e\" data-element_type=\"container\" data-e-type=\"container\" data-settings=\"{&quot;background_background&quot;:&quot;classic&quot;}\">\n\t\t\t\t<div class=\"elementor-element elementor-element-55facb5 elementor-widget elementor-widget-image\" data-id=\"55facb5\" data-element_type=\"widget\" data-e-type=\"widget\" data-widget_type=\"image.default\">\n\t\t\t\t<div class=\"elementor-widget-container\">\n\t\t\t\t\t\t\t\t\t\t\t\t\t\t\t<img fetchpriority=\"high\" decoding=\"async\" width=\"1483\" height=\"652\" src=\"https:\/\/www.ek-retail.com\/wp-content\/uploads\/2025\/12\/EK-HOME-960x640-1-e1765458865891.jpg\" class=\"attachment-full size-full wp-image-63739\" alt=\"\" srcset=\"https:\/\/www.ek-retail.com\/wp-content\/uploads\/2025\/12\/EK-HOME-960x640-1-e1765458865891.jpg 1483w, https:\/\/www.ek-retail.com\/wp-content\/uploads\/2025\/12\/EK-HOME-960x640-1-e1765458865891-300x132.jpg 300w, https:\/\/www.ek-retail.com\/wp-content\/uploads\/2025\/12\/EK-HOME-960x640-1-e1765458865891-1024x450.jpg 1024w, https:\/\/www.ek-retail.com\/wp-content\/uploads\/2025\/12\/EK-HOME-960x640-1-e1765458865891-768x338.jpg 768w\" sizes=\"(max-width: 1483px) 100vw, 1483px\" \/>\t\t\t\t\t\t\t\t\t\t\t\t\t\t\t<\/div>\n\t\t\t\t<\/div>\n\t\t\t\t<\/div>\n\t\t<div class=\"elementor-element elementor-element-2c57bac8 e-con-full ind-ek-icon hero-text  e-flex e-con e-child\" data-id=\"2c57bac8\" data-element_type=\"container\" data-e-type=\"container\" data-settings=\"{&quot;background_background&quot;:&quot;classic&quot;}\">\n\t\t\t\t<div class=\"elementor-element elementor-element-4659e308 elementor-absolute hero-title elementor-widget elementor-widget-heading\" data-id=\"4659e308\" data-element_type=\"widget\" data-e-type=\"widget\" data-settings=\"{&quot;_position&quot;:&quot;absolute&quot;}\" data-widget_type=\"heading.default\">\n\t\t\t\t<div class=\"elementor-widget-container\">\n\t\t\t\t\t<h1 class=\"elementor-heading-title elementor-size-default\">EK FRANCE<\/h1>\t\t\t\t<\/div>\n\t\t\t\t<\/div>\n\t\t\t\t<div class=\"elementor-element elementor-element-723d41de elementor-widget elementor-widget-text-editor\" data-id=\"723d41de\" data-element_type=\"widget\" data-e-type=\"widget\" data-widget_type=\"text-editor.default\">\n\t\t\t\t<div class=\"elementor-widget-container\">\n\t\t\t\t\t\t\t\t\t<p dir=\"auto\">EK France rassemble 160 d\u00e9taillants ind\u00e9pendants sp\u00e9cialis\u00e9s dans les arts de la table, la d\u00e9coration int\u00e9rieure et les ustensiles de cuisine, notamment \u00e0 travers les marques Ambiance &amp; Styles et Culinarion. <\/p>\t\t\t\t\t\t\t\t<\/div>\n\t\t\t\t<\/div>\n\t\t\t\t<div class=\"elementor-element elementor-element-276d14f4 elementor-align-left elementor-widget elementor-widget-button\" data-id=\"276d14f4\" data-element_type=\"widget\" data-e-type=\"widget\" id=\"ind_living_button\" data-widget_type=\"button.default\">\n\t\t\t\t<div class=\"elementor-widget-container\">\n\t\t\t\t\t\t\t\t\t<div class=\"elementor-button-wrapper\">\n\t\t\t\t\t<a class=\"elementor-button elementor-button-link elementor-size-sm\" href=\"https:\/\/www.ek-retail.com\/fr\/contact\/\">\n\t\t\t\t\t\t<span class=\"elementor-button-content-wrapper\">\n\t\t\t\t\t\t\t\t\t<span class=\"elementor-button-text\">En savoir plus<\/span>\n\t\t\t\t\t<\/span>\n\t\t\t\t\t<\/a>\n\t\t\t\t<\/div>\n\t\t\t\t\t\t\t\t<\/div>\n\t\t\t\t<\/div>\n\t\t\t\t<\/div>\n\t\t\t\t\t<\/div>\n\t\t\t\t<\/div>\n\t\t<div class=\"elementor-element elementor-element-14092ce passion-local-section e-flex e-con-boxed e-con e-parent\" data-id=\"14092ce\" data-element_type=\"container\" data-e-type=\"container\">\n\t\t\t\t\t<div class=\"e-con-inner\">\n\t\t<div class=\"elementor-element elementor-element-30e1132 e-con-full passion-local-left-box e-flex e-con e-child\" data-id=\"30e1132\" data-element_type=\"container\" data-e-type=\"container\">\n\t\t\t\t<div class=\"elementor-element elementor-element-dea477f elementor-widget elementor-widget-heading\" data-id=\"dea477f\" data-element_type=\"widget\" data-e-type=\"widget\" data-widget_type=\"heading.default\">\n\t\t\t\t<div class=\"elementor-widget-container\">\n\t\t\t\t\t<h2 class=\"elementor-heading-title elementor-size-default\">Ce que nous faisons<\/h2>\t\t\t\t<\/div>\n\t\t\t\t<\/div>\n\t\t\t\t<div class=\"elementor-element elementor-element-d22e127 elementor-widget__width-initial elementor-widget elementor-widget-text-editor\" data-id=\"d22e127\" data-element_type=\"widget\" data-e-type=\"widget\" data-widget_type=\"text-editor.default\">\n\t\t\t\t<div class=\"elementor-widget-container\">\n\t\t\t\t\t\t\t\t\t<p dir=\"auto\">EK France, filiale de la coop\u00e9rative EK Retail, soutient les d\u00e9taillants ind\u00e9pendants en France depuis 1991. Bas\u00e9e \u00e0 Nanterre, EK France op\u00e8re selon un mod\u00e8le de commerce coop\u00e9ratif et associ\u00e9 qui combine la force d&rsquo;une grande organisation avec la flexibilit\u00e9 de l&rsquo;entrepreneuriat local. Notre mission est de fournir aux d\u00e9taillants membres une gamme compl\u00e8te de services &#8211; comprenant le marketing, la finance, les concepts de magasin, les solutions informatiques\/num\u00e9riques, la formation et le soutien de la cha\u00eene d&rsquo;approvisionnement &#8211; tout en pr\u00e9servant leur ind\u00e9pendance et leur identit\u00e9 locale.  <\/p>\t\t\t\t\t\t\t\t<\/div>\n\t\t\t\t<\/div>\n\t\t\t\t<\/div>\n\t\t<div class=\"elementor-element elementor-element-93ed453 e-con-full passion-local-right-box e-flex e-con e-child\" data-id=\"93ed453\" data-element_type=\"container\" data-e-type=\"container\">\n\t\t\t\t<div class=\"elementor-element elementor-element-06db188 elementor-absolute bg-title elementor-widget elementor-widget-heading\" data-id=\"06db188\" data-element_type=\"widget\" data-e-type=\"widget\" data-settings=\"{&quot;_position&quot;:&quot;absolute&quot;}\" data-widget_type=\"heading.default\">\n\t\t\t\t<div class=\"elementor-widget-container\">\n\t\t\t\t\t<h2 class=\"elementor-heading-title elementor-size-default\">avantages<\/h2>\t\t\t\t<\/div>\n\t\t\t\t<\/div>\n\t\t<div class=\"elementor-element elementor-element-27a5b76 e-con-full text-box e-flex e-con e-child\" data-id=\"27a5b76\" data-element_type=\"container\" data-e-type=\"container\" data-settings=\"{&quot;background_background&quot;:&quot;classic&quot;}\">\n\t\t\t\t<div class=\"elementor-element elementor-element-ecd1919 elementor-widget__width-initial elementor-widget elementor-widget-image\" data-id=\"ecd1919\" data-element_type=\"widget\" data-e-type=\"widget\" data-widget_type=\"image.default\">\n\t\t\t\t<div class=\"elementor-widget-container\">\n\t\t\t\t\t\t\t\t\t\t\t\t\t\t\t<img decoding=\"async\" width=\"273\" height=\"385\" src=\"https:\/\/www.ek-retail.com\/wp-content\/uploads\/2025\/12\/statementgeber-Ek-France.jpg\" class=\"attachment-large size-large wp-image-63740\" alt=\"\" srcset=\"https:\/\/www.ek-retail.com\/wp-content\/uploads\/2025\/12\/statementgeber-Ek-France.jpg 273w, https:\/\/www.ek-retail.com\/wp-content\/uploads\/2025\/12\/statementgeber-Ek-France-213x300.jpg 213w\" sizes=\"(max-width: 273px) 100vw, 273px\" \/>\t\t\t\t\t\t\t\t\t\t\t\t\t\t\t<\/div>\n\t\t\t\t<\/div>\n\t\t\t\t<div class=\"elementor-element elementor-element-547e78d elementor-widget__width-initial elementor-widget elementor-widget-text-editor\" data-id=\"547e78d\" data-element_type=\"widget\" data-e-type=\"widget\" data-widget_type=\"text-editor.default\">\n\t\t\t\t<div class=\"elementor-widget-container\">\n\t\t\t\t\t\t\t\t\t<p><br><em>Chez EK France, nous accordons la priorit\u00e9 \u00e0 la convivialit\u00e9 et aux exp\u00e9riences partag\u00e9es. Nous aidons les d\u00e9taillants \u00e0 cr\u00e9er des magasins inspirants et performants gr\u00e2ce \u00e0 un soutien expert, des solutions sur mesure et un accompagnement continu, en construisant un r\u00e9seau o\u00f9 le service et l&rsquo;expertise sont votre signature la plus forte. <\/em><\/p><p><span style=\"color: var(--e-global-color-el_color_1_2);\"><br>FABRICE BONTEMPS<br><\/span>CULINARION NIMES<\/p>\t\t\t\t\t\t\t\t<\/div>\n\t\t\t\t<\/div>\n\t\t\t\t<\/div>\n\t\t\t\t<\/div>\n\t\t\t\t\t<\/div>\n\t\t\t\t<\/div>\n\t\t<div class=\"elementor-element elementor-element-299c8a3 why-you-should-section e-flex e-con-boxed e-con e-parent\" data-id=\"299c8a3\" data-element_type=\"container\" data-e-type=\"container\" data-settings=\"{&quot;background_background&quot;:&quot;classic&quot;}\">\n\t\t\t\t\t<div class=\"e-con-inner\">\n\t\t\t\t<div class=\"elementor-element elementor-element-b8c8082 elementor-widget elementor-widget-heading\" data-id=\"b8c8082\" data-element_type=\"widget\" data-e-type=\"widget\" data-widget_type=\"heading.default\">\n\t\t\t\t<div class=\"elementor-widget-container\">\n\t\t\t\t\t<h2 class=\"elementor-heading-title elementor-size-default\">Pourquoi rejoindre EK France !<\/h2>\t\t\t\t<\/div>\n\t\t\t\t<\/div>\n\t\t\t\t<div class=\"elementor-element elementor-element-8d9e3af elementor-widget__width-initial elementor-widget elementor-widget-text-editor\" data-id=\"8d9e3af\" data-element_type=\"widget\" data-e-type=\"widget\" data-widget_type=\"text-editor.default\">\n\t\t\t\t<div class=\"elementor-widget-container\">\n\t\t\t\t\t\t\t\t\t<p>Valeur ajout\u00e9e gr\u00e2ce \u00e0 la collaboration<br><\/p>\t\t\t\t\t\t\t\t<\/div>\n\t\t\t\t<\/div>\n\t\t<div class=\"elementor-element elementor-element-5c29900 e-grid e-con-full why-you-should-grid e-con e-child\" data-id=\"5c29900\" data-element_type=\"container\" data-e-type=\"container\" data-settings=\"{&quot;background_background&quot;:&quot;classic&quot;}\">\n\t\t\t\t<div class=\"elementor-element elementor-element-33702dc first elementor-cta--skin-cover elementor-widget elementor-widget-call-to-action\" data-id=\"33702dc\" data-element_type=\"widget\" data-e-type=\"widget\" data-widget_type=\"call-to-action.default\">\n\t\t\t\t<div class=\"elementor-widget-container\">\n\t\t\t\t\t\t\t<div class=\"elementor-cta\">\n\t\t\t\t\t<div class=\"elementor-cta__bg-wrapper\">\n\t\t\t\t<div class=\"elementor-cta__bg elementor-bg\" style=\"background-image: url(https:\/\/www.ek-retail.com\/wp-content\/uploads\/2025\/10\/Photo-of-the-team.jpg);\" role=\"img\" aria-label=\"Photo de l&#039;\u00e9quipe\"><\/div>\n\t\t\t\t<div class=\"elementor-cta__bg-overlay\"><\/div>\n\t\t\t<\/div>\n\t\t\t\t\t\t\t<div class=\"elementor-cta__content\">\n\t\t\t\t\n\t\t\t\t\t\t\t\t\t<h2 class=\"elementor-cta__title elementor-cta__content-item elementor-content-item\">\n\t\t\t\t\t\tPour les d\u00e9taillants\t\t\t\t\t<\/h2>\n\t\t\t\t\n\t\t\t\t\t\t\t\t\t<div class=\"elementor-cta__description elementor-cta__content-item elementor-content-item\">\n\t\t\t\t\t\tEn tant que d\u00e9taillant chez EK, vous b\u00e9n\u00e9ficiez de conditions d\u2019achat am\u00e9lior\u00e9es, ce qui permet des n\u00e9gociations de prix plus favorables. La facturation centralis\u00e9e r\u00e9duit votre charge de travail administrative, tandis que le soutien marketing et l\u2019acc\u00e8s \u00e0 des informations pertinentes vous tiennent inform\u00e9 et efficace. \t\t\t\t\t<\/div>\n\t\t\t\t\n\t\t\t\t\t\t\t<\/div>\n\t\t\t\t\t\t<\/div>\n\t\t\t\t\t\t<\/div>\n\t\t\t\t<\/div>\n\t\t\t\t<div class=\"elementor-element elementor-element-a5af879 second elementor-cta--skin-cover elementor-widget elementor-widget-call-to-action\" data-id=\"a5af879\" data-element_type=\"widget\" data-e-type=\"widget\" data-widget_type=\"call-to-action.default\">\n\t\t\t\t<div class=\"elementor-widget-container\">\n\t\t\t\t\t\t\t<div class=\"elementor-cta\">\n\t\t\t\t\t<div class=\"elementor-cta__bg-wrapper\">\n\t\t\t\t<div class=\"elementor-cta__bg elementor-bg\" style=\"background-image: url(https:\/\/www.ek-retail.com\/wp-content\/uploads\/2025\/10\/vitrine-2-scaled.jpg);\" role=\"img\" aria-label=\"vitrine (2)\"><\/div>\n\t\t\t\t<div class=\"elementor-cta__bg-overlay\"><\/div>\n\t\t\t<\/div>\n\t\t\t\t\t\t\t<div class=\"elementor-cta__content\">\n\t\t\t\t\n\t\t\t\t\t\t\t\t\t<h2 class=\"elementor-cta__title elementor-cta__content-item elementor-content-item\">\n\t\t\t\t\t\tPour les fournisseurs\t\t\t\t\t<\/h2>\n\t\t\t\t\n\t\t\t\t\t\t\t\t\t<div class=\"elementor-cta__description elementor-cta__content-item elementor-content-item\">\n\t\t\t\t\t\tEn tant que fournisseur au sein du r\u00e9seau EK, vous profitez d\u2019une augmentation du volume des ventes gr\u00e2ce \u00e0 l\u2019acc\u00e8s \u00e0 un r\u00e9seau plus vaste de d\u00e9taillants. Les contrats \u00e0 long terme assurent la stabilit\u00e9 du march\u00e9, tandis qu\u2019une distribution efficace et une facturation centralis\u00e9e r\u00e9duisent les co\u00fbts op\u00e9rationnels. \t\t\t\t\t<\/div>\n\t\t\t\t\n\t\t\t\t\t\t\t<\/div>\n\t\t\t\t\t\t<\/div>\n\t\t\t\t\t\t<\/div>\n\t\t\t\t<\/div>\n\t\t\t\t<div class=\"elementor-element elementor-element-bfb2f65 third elementor-cta--skin-cover elementor-widget elementor-widget-call-to-action\" data-id=\"bfb2f65\" data-element_type=\"widget\" data-e-type=\"widget\" data-widget_type=\"call-to-action.default\">\n\t\t\t\t<div class=\"elementor-widget-container\">\n\t\t\t\t\t\t\t<div class=\"elementor-cta\">\n\t\t\t\t\t<div class=\"elementor-cta__bg-wrapper\">\n\t\t\t\t<div class=\"elementor-cta__bg elementor-bg\" style=\"background-image: url(https:\/\/www.ek-retail.com\/wp-content\/uploads\/2025\/10\/3-11-1.jpg);\" role=\"img\" aria-label=\"3-11-1\"><\/div>\n\t\t\t\t<div class=\"elementor-cta__bg-overlay\"><\/div>\n\t\t\t<\/div>\n\t\t\t\t\t\t\t<div class=\"elementor-cta__content\">\n\t\t\t\t\n\t\t\t\t\t\t\t\t\t<h2 class=\"elementor-cta__title elementor-cta__content-item elementor-content-item\">\n\t\t\t\t\t\tPour les fournisseurs de services\t\t\t\t\t<\/h2>\n\t\t\t\t\n\t\t\t\t\t\t\t\t\t<div class=\"elementor-cta__description elementor-cta__content-item elementor-content-item\">\n\t\t\t\t\t\tEn tant que fournisseur de services, un partenariat avec EK signifie avoir acc\u00e8s \u00e0 un vaste r\u00e9seau de d\u00e9taillants ind\u00e9pendants de taille moyenne. Notre gamme de services soutient les d\u00e9taillants dans les domaines de l\u2019approvisionnement, du marketing, de la logistique et plus encore, leur permettant de se concentrer sur leurs clients. \t\t\t\t\t<\/div>\n\t\t\t\t\n\t\t\t\t\t\t\t<\/div>\n\t\t\t\t\t\t<\/div>\n\t\t\t\t\t\t<\/div>\n\t\t\t\t<\/div>\n\t\t\t\t<\/div>\n\t\t\t\t\t<\/div>\n\t\t\t\t<\/div>\n\t\t<div class=\"elementor-element elementor-element-2531902 brands-caroussel-section e-flex e-con-boxed e-con e-parent\" data-id=\"2531902\" data-element_type=\"container\" data-e-type=\"container\" data-settings=\"{&quot;background_background&quot;:&quot;classic&quot;}\">\n\t\t\t\t\t<div class=\"e-con-inner\">\n\t\t\t\t<div class=\"elementor-element elementor-element-129db15 elementor-widget__width-inherit elementor-widget elementor-widget-text-editor\" data-id=\"129db15\" data-element_type=\"widget\" data-e-type=\"widget\" data-widget_type=\"text-editor.default\">\n\t\t\t\t<div class=\"elementor-widget-container\">\n\t\t\t\t\t\t\t\t\t<h2><strong>Nos concepts de magasin<\/strong><\/h2><p>En savoir plus sur nos deux concepts de magasin \u00e0 succ\u00e8s en France.<\/p>\t\t\t\t\t\t\t\t<\/div>\n\t\t\t\t<\/div>\n\t\t\t\t<div class=\"elementor-element elementor-element-efcd47b elementor-arrows-position-outside elementor-widget__width-inherit elementor-widget elementor-widget-n-carousel\" data-id=\"efcd47b\" data-element_type=\"widget\" data-e-type=\"widget\" data-settings=\"{&quot;carousel_items&quot;:[{&quot;slide_title&quot;:&quot;Slide #1&quot;,&quot;_id&quot;:&quot;b681537&quot;},{&quot;slide_title&quot;:&quot;Slide #1&quot;,&quot;_id&quot;:&quot;376a96f&quot;},{&quot;slide_title&quot;:&quot;chef_en_co&quot;,&quot;_id&quot;:&quot;7164e38&quot;}],&quot;slides_to_show&quot;:&quot;3&quot;,&quot;slides_to_scroll&quot;:&quot;1&quot;,&quot;image_spacing_custom&quot;:{&quot;unit&quot;:&quot;px&quot;,&quot;size&quot;:19,&quot;sizes&quot;:[]},&quot;slides_to_show_tablet&quot;:&quot;2&quot;,&quot;slides_to_show_mobile&quot;:&quot;1&quot;,&quot;infinite&quot;:&quot;yes&quot;,&quot;speed&quot;:500,&quot;offset_sides&quot;:&quot;none&quot;,&quot;arrows&quot;:&quot;yes&quot;,&quot;image_spacing_custom_tablet&quot;:{&quot;unit&quot;:&quot;px&quot;,&quot;size&quot;:&quot;&quot;,&quot;sizes&quot;:[]},&quot;image_spacing_custom_mobile&quot;:{&quot;unit&quot;:&quot;px&quot;,&quot;size&quot;:&quot;&quot;,&quot;sizes&quot;:[]}}\" data-widget_type=\"nested-carousel.default\">\n\t\t\t\t<div class=\"elementor-widget-container\">\n\t\t\t\t\t\t\t<div class=\"e-n-carousel swiper\" role=\"region\" aria-roledescription=\"carousel\" aria-label=\"Karussell\" dir=\"ltr\">\n\t\t\t<div class=\"swiper-wrapper\" aria-live=\"polite\">\n\t\t\t\t\t\t\t\t\t\t<div class=\"swiper-slide\" data-slide=\"1\" role=\"group\" aria-roledescription=\"slide\" aria-label=\"1 sur 3\">\n\t\t\t\t\t\t\t<div data-premium-element-link=\"{&quot;type&quot;:&quot;url&quot;,&quot;link&quot;:{&quot;url&quot;:&quot;https:\\\/\\\/www.culinarion.com\\\/&quot;,&quot;is_external&quot;:&quot;on&quot;,&quot;nofollow&quot;:&quot;&quot;,&quot;custom_attributes&quot;:&quot;&quot;},&quot;href&quot;:&quot;https:\\\/\\\/www.culinarion.com\\\/&quot;}\" style=\"cursor: pointer\" class=\"elementor-element elementor-element-d7cc765 logo-wrapper premium-wrapper-link-yes e-flex e-con-boxed e-con e-child\" data-id=\"d7cc765\" data-element_type=\"container\" data-e-type=\"container\" id=\"logo_01\">\n\t\t\t\t\t<div class=\"e-con-inner\">\n\t\t\t\t<div class=\"elementor-element elementor-element-3f2a940 elementor-widget elementor-widget-image\" data-id=\"3f2a940\" data-element_type=\"widget\" data-e-type=\"widget\" data-widget_type=\"image.default\">\n\t\t\t\t<div class=\"elementor-widget-container\">\n\t\t\t\t\t\t\t\t\t\t\t\t\t\t\t\t<a href=\"https:\/\/www.culinarion.com\/\" target=\"_blank\">\n\t\t\t\t\t\t\t<img decoding=\"async\" width=\"300\" height=\"200\" src=\"https:\/\/www.ek-retail.com\/wp-content\/uploads\/2025\/12\/culinarion_2_grey.png\" class=\"attachment-large size-large wp-image-63741\" alt=\"\" \/>\t\t\t\t\t\t\t\t<\/a>\n\t\t\t\t\t\t\t\t\t\t\t\t\t\t\t<\/div>\n\t\t\t\t<\/div>\n\t\t\t\t\t<\/div>\n\t\t\t\t<\/div>\n\t\t\t\t\t\t\t\t<\/div>\n\t\t\t\t\t\t\t\t\t\t\t<div class=\"swiper-slide\" data-slide=\"2\" role=\"group\" aria-roledescription=\"slide\" aria-label=\"2 sur 3\">\n\t\t\t\t\t\t\t<div data-premium-element-link=\"{&quot;type&quot;:&quot;url&quot;,&quot;link&quot;:{&quot;url&quot;:&quot;https:\\\/\\\/ambianceetstyles.com\\\/&quot;,&quot;is_external&quot;:&quot;on&quot;,&quot;nofollow&quot;:&quot;&quot;,&quot;custom_attributes&quot;:&quot;&quot;},&quot;href&quot;:&quot;https:\\\/\\\/ambianceetstyles.com\\\/&quot;}\" style=\"cursor: pointer\" class=\"elementor-element elementor-element-b8974aa logo-wrapper premium-wrapper-link-yes e-flex e-con-boxed e-con e-child\" data-id=\"b8974aa\" data-element_type=\"container\" data-e-type=\"container\" id=\"logo_02\">\n\t\t\t\t\t<div class=\"e-con-inner\">\n\t\t\t\t<div class=\"elementor-element elementor-element-e58806c elementor-widget elementor-widget-image\" data-id=\"e58806c\" data-element_type=\"widget\" data-e-type=\"widget\" id=\"logo_01\" data-widget_type=\"image.default\">\n\t\t\t\t<div class=\"elementor-widget-container\">\n\t\t\t\t\t\t\t\t\t\t\t\t\t\t\t\t<a href=\"https:\/\/ambianceetstyles.com\/\" target=\"_blank\">\n\t\t\t\t\t\t\t<img loading=\"lazy\" decoding=\"async\" width=\"300\" height=\"200\" src=\"https:\/\/www.ek-retail.com\/wp-content\/uploads\/2025\/12\/amb_grey.png\" class=\"attachment-large size-large wp-image-63742\" alt=\"\" \/>\t\t\t\t\t\t\t\t<\/a>\n\t\t\t\t\t\t\t\t\t\t\t\t\t\t\t<\/div>\n\t\t\t\t<\/div>\n\t\t\t\t\t<\/div>\n\t\t\t\t<\/div>\n\t\t\t\t\t\t\t\t<\/div>\n\t\t\t\t\t\t\t\t\t\t\t<div class=\"swiper-slide\" data-slide=\"3\" role=\"group\" aria-roledescription=\"slide\" aria-label=\"3 sur 3\">\n\t\t\t\t\t\t\t<div data-premium-element-link=\"{&quot;type&quot;:&quot;url&quot;,&quot;link&quot;:{&quot;url&quot;:&quot;https:\\\/\\\/www.culinarion.com\\\/marques\\\/200\\\/chefs-co&quot;,&quot;is_external&quot;:&quot;on&quot;,&quot;nofollow&quot;:&quot;&quot;,&quot;custom_attributes&quot;:&quot;&quot;},&quot;href&quot;:&quot;https:\\\/\\\/www.culinarion.com\\\/marques\\\/200\\\/chefs-co&quot;}\" style=\"cursor: pointer\" class=\"elementor-element elementor-element-ee6b628 logo-wrapper premium-wrapper-link-yes e-flex e-con-boxed e-con e-child\" data-id=\"ee6b628\" data-element_type=\"container\" data-e-type=\"container\" id=\"logo_03\">\n\t\t\t\t\t<div class=\"e-con-inner\">\n\t\t\t\t<div class=\"elementor-element elementor-element-ac685f3 elementor-widget elementor-widget-image\" data-id=\"ac685f3\" data-element_type=\"widget\" data-e-type=\"widget\" data-widget_type=\"image.default\">\n\t\t\t\t<div class=\"elementor-widget-container\">\n\t\t\t\t\t\t\t\t\t\t\t\t\t\t\t\t<a href=\"https:\/\/ambianceetstyles.com\/\" target=\"_blank\">\n\t\t\t\t\t\t\t<img loading=\"lazy\" decoding=\"async\" width=\"300\" height=\"200\" src=\"https:\/\/www.ek-retail.com\/wp-content\/uploads\/2025\/09\/chefs-co-002.png\" class=\"attachment-large size-large wp-image-63060\" alt=\"\" \/>\t\t\t\t\t\t\t\t<\/a>\n\t\t\t\t\t\t\t\t\t\t\t\t\t\t\t<\/div>\n\t\t\t\t<\/div>\n\t\t\t\t\t<\/div>\n\t\t\t\t<\/div>\n\t\t\t\t\t\t\t\t<\/div>\n\t\t\t\t\t\t\t\t<\/div>\n\t\t<\/div>\n\t\t\t\t\t<div class=\"elementor-swiper-button elementor-swiper-button-prev\" role=\"button\" tabindex=\"0\" aria-label=\"Pr\u00e9c\u00e9dent\">\n\t\t\t\t<i aria-hidden=\"true\" class=\"feather feather-chevron-left\"><\/i>\t\t\t<\/div>\n\t\t\t<div class=\"elementor-swiper-button elementor-swiper-button-next\" role=\"button\" tabindex=\"0\" aria-label=\"Suivant\">\n\t\t\t\t<i aria-hidden=\"true\" class=\"feather feather-chevron-right\"><\/i>\t\t\t<\/div>\n\t\t\t\t\t\t<\/div>\n\t\t\t\t<\/div>\n\t\t\t\t\t<\/div>\n\t\t\t\t<\/div>\n\t\t<div class=\"elementor-element elementor-element-c682e4b e-con-full out-branches-section e-flex e-con e-parent\" data-id=\"c682e4b\" data-element_type=\"container\" data-e-type=\"container\">\n\t\t\t\t<div class=\"elementor-element elementor-element-7d73711 elementor-widget elementor-widget-heading\" data-id=\"7d73711\" data-element_type=\"widget\" data-e-type=\"widget\" data-widget_type=\"heading.default\">\n\t\t\t\t<div class=\"elementor-widget-container\">\n\t\t\t\t\t<h2 class=\"elementor-heading-title elementor-size-default\">EK France&nbsp;: Nos concepts de magasin<\/h2>\t\t\t\t<\/div>\n\t\t\t\t<\/div>\n\t\t<div class=\"elementor-element elementor-element-1024df5 e-con-full out-branches-inner e-flex e-con e-child\" data-id=\"1024df5\" data-element_type=\"container\" data-e-type=\"container\">\n\t\t\t\t<div class=\"elementor-element elementor-element-89226fc tabs-box e-n-tabs-mobile elementor-widget elementor-widget-n-tabs\" data-id=\"89226fc\" data-element_type=\"widget\" data-e-type=\"widget\" data-settings=\"{&quot;tabs_justify_horizontal&quot;:&quot;start&quot;,&quot;horizontal_scroll&quot;:&quot;disable&quot;}\" data-widget_type=\"nested-tabs.default\">\n\t\t\t\t<div class=\"elementor-widget-container\">\n\t\t\t\t\t\t\t<div class=\"e-n-tabs\" data-widget-number=\"143795964\" aria-label=\"Onglets. Ouvrez des \u00e9l\u00e9ments avec Entrer ou Espace, fermez-les avec Echape et naviguez \u00e0 l&#039;aide des touches fl\u00e9ch\u00e9es.\">\n\t\t\t<div class=\"e-n-tabs-heading\" role=\"tablist\">\n\t\t\t\t\t<button id=\"e-n-tab-title-1437959641\" data-tab-title-id=\"e-n-tab-title-1437959641\" class=\"e-n-tab-title\" aria-selected=\"true\" data-tab-index=\"1\" role=\"tab\" tabindex=\"0\" aria-controls=\"e-n-tab-content-1437959641\" style=\"--n-tabs-title-order: 1;\">\n\t\t\t\t\t\t<span class=\"e-n-tab-title-text\">\n\t\t\t\tCulinarion\t\t\t<\/span>\n\t\t<\/button>\n\t\t\t\t<button id=\"e-n-tab-title-1437959642\" data-tab-title-id=\"e-n-tab-title-1437959642\" class=\"e-n-tab-title\" aria-selected=\"false\" data-tab-index=\"2\" role=\"tab\" tabindex=\"-1\" aria-controls=\"e-n-tab-content-1437959642\" style=\"--n-tabs-title-order: 2;\">\n\t\t\t\t\t\t<span class=\"e-n-tab-title-text\">\n\t\t\t\tAmbiance &amp; Styles\t\t\t<\/span>\n\t\t<\/button>\n\t\t\t\t\t<\/div>\n\t\t\t<div class=\"e-n-tabs-content\">\n\t\t\t\t<div id=\"e-n-tab-content-1437959641\" role=\"tabpanel\" aria-labelledby=\"e-n-tab-title-1437959641\" data-tab-index=\"1\" style=\"--n-tabs-title-order: 1;\" class=\"e-active elementor-element elementor-element-a9315e6 e-con-full e-flex e-con e-child\" data-id=\"a9315e6\" data-element_type=\"container\" data-e-type=\"container\">\n\t\t\t\t<div class=\"elementor-element elementor-element-d64b3de elementor-widget__width-initial elementor-absolute icon-box content-align-left icon-box-vertical-align-top icon-vertical-align-start elementor-widget elementor-widget-the7_image_box_grid_widget\" data-id=\"d64b3de\" data-element_type=\"widget\" data-e-type=\"widget\" data-settings=\"{&quot;_position&quot;:&quot;absolute&quot;,&quot;_animation&quot;:&quot;none&quot;}\" data-widget_type=\"the7_image_box_grid_widget.default\">\n\t\t\t\t<div class=\"elementor-widget-container\">\n\t\t\t\t\t<div class=\"the7-box-grid-wrapper the7-elementor-widget loading-effect-none the7_image_box_grid_widget-d64b3de\">\t\t\t<div class=\"dt-css-grid\">\n\t\t\t\t\t\t\t\t\t<div class=\"wf-cell shown\">\n\t\t\t\t\t\t<a class=\"the7-image-box-wrapper the7-box-wrapper the7-elementor-widget box-hover\" >\t\t\t\t\t\t\t<div class=\"box-content-wrapper\">\n\n\t\t\t\t\t\t\t\t\t\t\t\t\t\t\t\t\t<div class=\"elementor-image-div \">\n\t\t\t\t\t\t\t\t\t\t<div class=\"post-thumbnail-rollover img-css-resize-wrapper\"><img loading=\"lazy\" decoding=\"async\" width=\"300\" height=\"200\" src=\"https:\/\/www.ek-retail.com\/wp-content\/uploads\/2025\/12\/culinarion_2_grey.png\" class=\"attachment-full size-full preload-me aspect\" alt=\"\" style=\"--ratio: 300 \/ 200;\" \/><\/div>\t\t\t\t\t\t\t\t\t<\/div>\n\t\t\t\t\t\t\t\t\t\t\t\t\t\t\t\t<div class=\"box-content\">\n\t\t\t\t\t\t\t\t\t\t\t\t\t\t\t\t\t<\/div>\n\t\t\t\t\t\t\t<\/div>\n\t\t\t\t\t\t<\/a>\t\t\t\t\t<\/div>\n\t\t\t\t\t\t\t\t<\/div>\n\t\t\t<\/div>\t\t\t\t<\/div>\n\t\t\t\t<\/div>\n\t\t\t\t<div class=\"elementor-element elementor-element-330e849 elementor--h-position-center elementor--v-position-middle elementor-pagination-position-inside elementor-widget elementor-widget-slides\" data-id=\"330e849\" data-element_type=\"widget\" data-e-type=\"widget\" data-settings=\"{&quot;navigation&quot;:&quot;dots&quot;,&quot;infinite&quot;:&quot;yes&quot;,&quot;transition&quot;:&quot;slide&quot;,&quot;transition_speed&quot;:500}\" data-widget_type=\"slides.default\">\n\t\t\t\t<div class=\"elementor-widget-container\">\n\t\t\t\t\t\t\t\t\t<div class=\"elementor-swiper\">\n\t\t\t\t\t<div class=\"elementor-slides-wrapper elementor-main-swiper swiper\" role=\"region\" aria-roledescription=\"carousel\" aria-label=\"Slider\" dir=\"ltr\" data-animation=\"fadeInUp\">\n\t\t\t\t<div class=\"swiper-wrapper elementor-slides\">\n\t\t\t\t\t\t\t\t\t\t<div class=\"elementor-repeater-item-d54002b swiper-slide\" role=\"group\" aria-roledescription=\"slide\"><div class=\"swiper-slide-bg\" role=\"img\" aria-label=\"Photo du magasin Culinarion\"><\/div><a class=\"swiper-slide-inner\" href=\"https:\/\/www.culinarion.com\/\" target=\"_blank\"><div class=\"swiper-slide-contents\"><div class=\"elementor-slide-heading\">Pour les chefs \u00e0 domicile passionn\u00e9s<\/div><div class=\"elementor-slide-description\"><p>Culinarion est un concept d'ustensiles de cuisine haut de gamme con\u00e7u pour les clients urbains, amateurs de cuisine - hommes et femmes - qui sont passionn\u00e9s par la cuisine. Les magasins offrent une s\u00e9lection multimarque soigneusement s\u00e9lectionn\u00e9e d'outils innovants et de haute qualit\u00e9 dans les principales cat\u00e9gories culinaires&nbsp;: cuisine, pr\u00e9paration, coutellerie, p\u00e2tisserie, nettoyage et stockage. Avec une atmosph\u00e8re chaleureuse d'\u00ab&nbsp;atelier culinaire&nbsp;\u00bb, Culinarion associe des conseils d'experts \u00e0 des produits de qualit\u00e9 professionnelle.   <\/p>\n<p>Les magasins ont une superficie moyenne de 120&nbsp;m\u00b2 dans les centres-villes, sans frais d'entr\u00e9e ni redevances, et offrent de solides performances avec un chiffre d'affaires moyen de 4&nbsp;500&nbsp;\u20ac\/m\u00b2. <\/p>\n<\/div><div  class=\"elementor-button elementor-slide-button elementor-size-sm\">Aller sur le site web B2C<\/div><\/div><\/a><\/div>\t\t\t\t<\/div>\n\t\t\t\t\t\t\t<\/div>\n\t\t\t\t<\/div>\n\t\t\t\t\t\t\t\t<\/div>\n\t\t\t\t<\/div>\n\t\t\t\t<\/div>\n\t\t<div id=\"e-n-tab-content-1437959642\" role=\"tabpanel\" aria-labelledby=\"e-n-tab-title-1437959642\" data-tab-index=\"2\" style=\"--n-tabs-title-order: 2;\" class=\" elementor-element elementor-element-73bd292 e-con-full e-flex e-con e-child\" data-id=\"73bd292\" data-element_type=\"container\" data-e-type=\"container\">\n\t\t\t\t<div class=\"elementor-element elementor-element-19ceaeb elementor-widget__width-initial elementor-absolute icon-box content-align-left icon-box-vertical-align-top icon-vertical-align-start elementor-widget elementor-widget-the7_image_box_grid_widget\" data-id=\"19ceaeb\" data-element_type=\"widget\" data-e-type=\"widget\" data-settings=\"{&quot;_position&quot;:&quot;absolute&quot;,&quot;_animation&quot;:&quot;none&quot;}\" data-widget_type=\"the7_image_box_grid_widget.default\">\n\t\t\t\t<div class=\"elementor-widget-container\">\n\t\t\t\t\t<div class=\"the7-box-grid-wrapper the7-elementor-widget loading-effect-none the7_image_box_grid_widget-19ceaeb\">\t\t\t<div class=\"dt-css-grid\">\n\t\t\t\t\t\t\t\t\t<div class=\"wf-cell shown\">\n\t\t\t\t\t\t<a class=\"the7-image-box-wrapper the7-box-wrapper the7-elementor-widget box-hover\" >\t\t\t\t\t\t\t<div class=\"box-content-wrapper\">\n\n\t\t\t\t\t\t\t\t\t\t\t\t\t\t\t\t\t<div class=\"elementor-image-div \">\n\t\t\t\t\t\t\t\t\t\t<div class=\"post-thumbnail-rollover img-css-resize-wrapper\"><img loading=\"lazy\" decoding=\"async\" width=\"300\" height=\"200\" src=\"https:\/\/www.ek-retail.com\/wp-content\/uploads\/2025\/12\/amb_grey.png\" class=\"attachment-full size-full preload-me aspect\" alt=\"\" style=\"--ratio: 300 \/ 200;\" \/><\/div>\t\t\t\t\t\t\t\t\t<\/div>\n\t\t\t\t\t\t\t\t\t\t\t\t\t\t\t\t<div class=\"box-content\">\n\t\t\t\t\t\t\t\t\t\t\t\t\t\t\t\t\t<\/div>\n\t\t\t\t\t\t\t<\/div>\n\t\t\t\t\t\t<\/a>\t\t\t\t\t<\/div>\n\t\t\t\t\t\t\t\t<\/div>\n\t\t\t<\/div>\t\t\t\t<\/div>\n\t\t\t\t<\/div>\n\t\t\t\t<div class=\"elementor-element elementor-element-1f814ee elementor--h-position-center elementor--v-position-middle elementor-pagination-position-inside elementor-widget elementor-widget-slides\" data-id=\"1f814ee\" data-element_type=\"widget\" data-e-type=\"widget\" data-settings=\"{&quot;navigation&quot;:&quot;dots&quot;,&quot;infinite&quot;:&quot;yes&quot;,&quot;transition&quot;:&quot;slide&quot;,&quot;transition_speed&quot;:500}\" data-widget_type=\"slides.default\">\n\t\t\t\t<div class=\"elementor-widget-container\">\n\t\t\t\t\t\t\t\t\t<div class=\"elementor-swiper\">\n\t\t\t\t\t<div class=\"elementor-slides-wrapper elementor-main-swiper swiper\" role=\"region\" aria-roledescription=\"carousel\" aria-label=\"Slider\" dir=\"ltr\" data-animation=\"fadeInUp\">\n\t\t\t\t<div class=\"swiper-wrapper elementor-slides\">\n\t\t\t\t\t\t\t\t\t\t<div class=\"elementor-repeater-item-d54002b swiper-slide\" role=\"group\" aria-roledescription=\"slide\"><div class=\"swiper-slide-bg\" role=\"img\" aria-label=\"Photo du magasin A&amp;S\"><\/div><a class=\"swiper-slide-inner\" href=\"https:\/\/ambianceetstyles.com\/\" target=\"_blank\"><div class=\"swiper-slide-contents\"><div class=\"elementor-slide-heading\">La vie \u00e9l\u00e9gante en toute simplicit\u00e9<\/div><div class=\"elementor-slide-description\"><p>Ambiance &amp; Styles offre une exp\u00e9rience de magasinage raffin\u00e9e ax\u00e9e sur les arts de la table, les ustensiles de cuisine et la d\u00e9coration int\u00e9rieure. Positionn\u00e9e sur le march\u00e9 moyen \u00e0 haut de gamme, la marque s'associe \u00e0 de grands noms pour proposer des collections multimarques \u00e9l\u00e9gantes.<br \/>\nAvec un fort accent sur le plaisir, le partage et la convivialit\u00e9, les magasins attirent une client\u00e8le majoritairement f\u00e9minine gr\u00e2ce \u00e0 des \u00e9v\u00e9nements attrayants et des ateliers interactifs. Les formats de magasin varient de 250 \u00e0 400&nbsp;m\u00b2, sans frais d'entr\u00e9e ni redevances, et affichent de solides performances de vente.  <\/p>\n<\/div><div  class=\"elementor-button elementor-slide-button elementor-size-sm\">Aller sur le site web B2C<\/div><\/div><\/a><\/div>\t\t\t\t<\/div>\n\t\t\t\t\t\t\t<\/div>\n\t\t\t\t<\/div>\n\t\t\t\t\t\t\t\t<\/div>\n\t\t\t\t<\/div>\n\t\t\t\t<\/div>\n\t\t\t\t\t<\/div>\n\t\t<\/div>\n\t\t\t\t\t\t<\/div>\n\t\t\t\t<\/div>\n\t\t\t\t<\/div>\n\t\t\t\t<\/div>\n\t\t<div class=\"elementor-element elementor-element-b856945 news-slider-section elementor-hidden-mobile elementor-hidden-desktop elementor-hidden-tablet e-flex e-con-boxed e-con e-child\" data-id=\"b856945\" data-element_type=\"container\" data-e-type=\"container\">\n\t\t\t\t\t<div class=\"e-con-inner\">\n\t\t\t\t<div class=\"elementor-element elementor-element-ca92ade elementor-widget__width-initial elementor-widget elementor-widget-heading\" data-id=\"ca92ade\" data-element_type=\"widget\" data-e-type=\"widget\" data-widget_type=\"heading.default\">\n\t\t\t\t<div class=\"elementor-widget-container\">\n\t\t\t\t\t<h2 class=\"elementor-heading-title elementor-size-default\">Actualit\u00e9s d'EK France<\/h2>\t\t\t\t<\/div>\n\t\t\t\t<\/div>\n\t\t\t\t<div class=\"elementor-element elementor-element-0ad3d6f elementor-widget__width-initial elementor-widget elementor-widget-text-editor\" data-id=\"0ad3d6f\" data-element_type=\"widget\" data-e-type=\"widget\" data-widget_type=\"text-editor.default\">\n\t\t\t\t<div class=\"elementor-widget-container\">\n\t\t\t\t\t\t\t\t\t<p>D\u00e9couvrez les derni\u00e8res nouvelles de nos membres en France.<\/p>\t\t\t\t\t\t\t\t<\/div>\n\t\t\t\t<\/div>\n\t\t\t\t<div class=\"elementor-element elementor-element-6bb4875 news-grid preserve-img-ratio-cover elementor-widget elementor-widget-the7_elements\" data-id=\"6bb4875\" data-element_type=\"widget\" data-e-type=\"widget\" data-widget_type=\"the7_elements.default\">\n\t\t\t\t<div class=\"elementor-widget-container\">\n\t\t\t\t\t<div class=\"portfolio-shortcode the7-elementor-widget the7_elements-6bb4875 mode-grid dt-css-grid-wrap classic-layout-list description-under-image quick-scale-img content-bg-on enable-bg-rollover resize-by-browser-width loading-effect-move-up jquery-filter\" data-padding=\"20px\" data-mobile-columns-num=\"1\" data-tablet-columns-num=\"2\" data-desktop-columns-num=\"4\" data-wide-desktop-columns-num=\"4\" data-post-limit=\"-1\" data-pagination-mode=\"none\" data-scroll-offset=\"\" aria-live=\"assertive\"><div class=\"dt-css-grid custom-pagination-handler\"><div class=\"visible wf-cell\" data-post-id=\"66071\" data-date=\"2026-02-19T13:33:21+01:00\" data-name=\"De Binnenhuisadviseurs et EK Living unissent leurs forces\"><article class=\"post visible no-img post-66071 type-post status-publish format-standard hentry category-ek-living category-presse category-311 category-333 description-off\" data-name=\"De Binnenhuisadviseurs et EK Living unissent leurs forces\" data-date=\"2026-02-19T13:33:21+01:00\">\n\n<div class=\"post-entry-content\">\n\n\t<h3 class=\"ele-entry-title\"><a href=\"https:\/\/www.ek-retail.com\/fr\/2026\/02\/19\/de-binnenhuisadviseurs-et-ek-living-unissent-leurs-forces\/\" rel=\"bookmark\" title=\"De Binnenhuisadviseurs et EK Living unissent leurs forces\">De Binnenhuisadviseurs et EK Living unissent leurs forces<\/a><\/h3><div class=\"entry-meta\"><span class=\"meta-item category-link\"><a href=\"https:\/\/www.ek-retail.com\/fr\/category\/ek-living\/\" rel=\"tag\">EK Living<\/a>, <a href=\"https:\/\/www.ek-retail.com\/fr\/category\/presse\/\" rel=\"tag\">Presse<\/a><\/span><a href=\"https:\/\/www.ek-retail.com\/fr\/2026\/02\/19\/\" title=\"13h33\" class=\"meta-item data-link\" rel=\"bookmark\"><time class=\"entry-date updated\" datetime=\"2026-02-19T13:33:21+01:00\">19 f\u00e9vrier 2026<\/time><\/a><\/div><div class=\"entry-excerpt\"><p>De Binnenhuisadviseurs et EK Living ont conclu un partenariat strat\u00e9gique. Ce partenariat renforcera la position des deux parties dans le secteur du textile d\u2019int\u00e9rieur et&hellip;<\/p>\n<\/div><a href=\"https:\/\/www.ek-retail.com\/fr\/2026\/02\/19\/de-binnenhuisadviseurs-et-ek-living-unissent-leurs-forces\/\" target=\"\" aria-label=\"En savoir plus sur De Binnenhuisadviseurs et EK Living unissent leurs forces\" class=\"box-button elementor-button elementor-size-md\">En savoir plus<\/a>\n<\/div><\/article><\/div><div class=\"visible wf-cell\" data-post-id=\"67827\" data-date=\"2025-12-12T15:05:00+01:00\" data-name=\"Le Conseil de surveillance d&#039;EK Retail se reconstitue\"><article class=\"post visible no-img post-67827 type-post status-publish format-standard hentry category-non-categorise\" data-name=\"Le Conseil de surveillance d&rsquo;EK Retail se reconstitue\" data-date=\"2025-12-12T15:05:00+01:00\">\n\n<div class=\"post-entry-content\">\n\n\t<h3 class=\"ele-entry-title\"><a href=\"https:\/\/www.ek-retail.com\/fr\/2025\/12\/12\/le-conseil-de-surveillance-dek-retail-se-reconstitue\/\" rel=\"bookmark\" title=\"Le Conseil de surveillance d&rsquo;EK Retail se reconstitue\">Le Conseil de surveillance d&rsquo;EK Retail se reconstitue<\/a><\/h3><div class=\"entry-meta\"><span class=\"meta-item category-link\"><a href=\"https:\/\/www.ek-retail.com\/fr\/category\/non-categorise\/\" rel=\"tag\">Non cat\u00e9goris\u00e9<\/a><\/span><a href=\"https:\/\/www.ek-retail.com\/fr\/2025\/12\/12\/\" title=\"15h05\" class=\"meta-item data-link\" rel=\"bookmark\"><time class=\"entry-date updated\" datetime=\"2025-12-12T15:05:00+01:00\">12 d\u00e9cembre 2025<\/time><\/a><\/div><div class=\"entry-excerpt\"><p>Bielefeld, le 18 septembre 2025 L&rsquo;Assembl\u00e9e des repr\u00e9sentants \u00e9lit Johan G.M. Vlassak au Conseil de surveillance \/ Dr Marc Zgaga nomm\u00e9 nouveau vice-pr\u00e9sident du Conseil&hellip;<\/p>\n<\/div><a href=\"https:\/\/www.ek-retail.com\/fr\/2025\/12\/12\/le-conseil-de-surveillance-dek-retail-se-reconstitue\/\" target=\"\" aria-label=\"En savoir plus sur Le Conseil de surveillance d&rsquo;EK Retail se reconstitue\" class=\"box-button elementor-button elementor-size-md\">En savoir plus<\/a>\n<\/div><\/article><\/div><\/div><!-- iso-container|iso-grid --><\/div>\t\t\t\t<\/div>\n\t\t\t\t<\/div>\n\t\t\t\t\t<\/div>\n\t\t\t\t<\/div>\n\t\t<div class=\"elementor-element elementor-element-3f724fe whats-going-section-mobile elementor-hidden-desktop elementor-hidden-tablet elementor-hidden-mobile e-flex e-con-boxed e-con e-parent\" data-id=\"3f724fe\" data-element_type=\"container\" data-e-type=\"container\">\n\t\t\t\t\t<div class=\"e-con-inner\">\n\t\t\t\t<div class=\"elementor-element elementor-element-3b61d2f elementor-widget__width-initial elementor-widget elementor-widget-heading\" data-id=\"3b61d2f\" data-element_type=\"widget\" data-e-type=\"widget\" data-widget_type=\"heading.default\">\n\t\t\t\t<div class=\"elementor-widget-container\">\n\t\t\t\t\t<h2 class=\"elementor-heading-title elementor-size-default\">Actualit\u00e9s d'EK France<\/h2>\t\t\t\t<\/div>\n\t\t\t\t<\/div>\n\t\t\t\t<div class=\"elementor-element elementor-element-207c70f elementor-widget__width-initial elementor-widget elementor-widget-text-editor\" data-id=\"207c70f\" data-element_type=\"widget\" data-e-type=\"widget\" data-widget_type=\"text-editor.default\">\n\t\t\t\t<div class=\"elementor-widget-container\">\n\t\t\t\t\t\t\t\t\t<p>D\u00e9couvrez les derni\u00e8res nouvelles de nos membres en France.<\/p>\t\t\t\t\t\t\t\t<\/div>\n\t\t\t\t<\/div>\n\t\t\t\t<div class=\"elementor-element elementor-element-b5898f5 bullets-fill-in arrows-relative-to-box_area elementor-widget elementor-widget-the7_elements_carousel\" data-id=\"b5898f5\" data-element_type=\"widget\" data-e-type=\"widget\" data-settings=\"{&quot;widget_columns_wide_desktop_breakpoint&quot;:768,&quot;widget_columns&quot;:3,&quot;widget_columns_tablet&quot;:2,&quot;widget_columns_mobile&quot;:1,&quot;gap_between_posts&quot;:{&quot;unit&quot;:&quot;px&quot;,&quot;size&quot;:15,&quot;sizes&quot;:[]},&quot;gap_between_posts_tablet&quot;:{&quot;unit&quot;:&quot;px&quot;,&quot;size&quot;:&quot;&quot;,&quot;sizes&quot;:[]},&quot;gap_between_posts_mobile&quot;:{&quot;unit&quot;:&quot;px&quot;,&quot;size&quot;:&quot;&quot;,&quot;sizes&quot;:[]}}\" data-widget_type=\"the7_elements_carousel.default\">\n\t\t\t\t<div class=\"elementor-widget-container\">\n\t\t\t\t\t<div class=\"disable-arrows-hover-bg the7_elements_carousel-b5898f5 owl-carousel portfolio-carousel-shortcode elementor-owl-carousel-call portfolio-shortcode the7-elementor-widget content-bg-on classic-layout-list description-under-image quick-scale-img enable-bg-rollover\" data-scroll-mode=\"1\" data-auto-height=\"false\" data-speed=\"600\" data-autoplay=\"false\" data-autoplay_speed=\"\"><article class=\"post visible no-img post-66071 type-post status-publish format-standard hentry category-ek-living category-presse\">\n\n<div class=\"post-entry-content\">\n\n\t<h3 class=\"ele-entry-title\"><a href=\"https:\/\/www.ek-retail.com\/fr\/2026\/02\/19\/de-binnenhuisadviseurs-et-ek-living-unissent-leurs-forces\/\" rel=\"bookmark\" title=\"De Binnenhuisadviseurs et EK Living unissent leurs forces\">De Binnenhuisadviseurs et EK Living unissent leurs forces<\/a><\/h3><div class=\"entry-meta\"><span class=\"meta-item category-link\"><a href=\"https:\/\/www.ek-retail.com\/fr\/category\/ek-living\/\" rel=\"tag\">EK Living<\/a>, <a href=\"https:\/\/www.ek-retail.com\/fr\/category\/presse\/\" rel=\"tag\">Presse<\/a><\/span><a class=\"meta-item author vcard\" href=\"https:\/\/www.ek-retail.com\/fr\/author\/melina\/\" title=\"Voir tous les articles par Melina\" rel=\"author external\">Par <span class=\"fn\">Melina<\/span><\/a><a href=\"https:\/\/www.ek-retail.com\/fr\/2026\/02\/19\/\" title=\"13h33\" class=\"meta-item data-link\" rel=\"bookmark\"><time class=\"entry-date updated\" datetime=\"2026-02-19T13:33:21+01:00\">19 f\u00e9vrier 2026<\/time><\/a><\/div><div class=\"entry-excerpt\"><p>De Binnenhuisadviseurs et EK Living ont conclu un partenariat strat\u00e9gique. Ce partenariat renforcera la position des deux parties dans le secteur du textile d\u2019int\u00e9rieur et de l\u2019ameublement, tout en maintenant explicitement au c\u0153ur du dispositif l\u2019entrepreneuriat des magasins d\u2019ameublement ind\u00e9pendants. De Binnenhuisadviseurs est un collectif national de 29 magasins sp\u00e9cialis\u00e9s dans l\u2019ameublement, qui s\u2019adresse \u00e0&hellip;<\/p>\n<\/div><a href=\"https:\/\/www.ek-retail.com\/fr\/2026\/02\/19\/de-binnenhuisadviseurs-et-ek-living-unissent-leurs-forces\/\" target=\"\" aria-label=\"En savoir plus sur De Binnenhuisadviseurs et EK Living unissent leurs forces\" class=\"box-button elementor-button elementor-size-xs\">En savoir plus<\/a>\n<\/div><\/article><article class=\"post visible no-img post-67827 type-post status-publish format-standard hentry category-non-categorise\">\n\n<div class=\"post-entry-content\">\n\n\t<h3 class=\"ele-entry-title\"><a href=\"https:\/\/www.ek-retail.com\/fr\/2025\/12\/12\/le-conseil-de-surveillance-dek-retail-se-reconstitue\/\" rel=\"bookmark\" title=\"Le Conseil de surveillance d&rsquo;EK Retail se reconstitue\">Le Conseil de surveillance d&rsquo;EK Retail se reconstitue<\/a><\/h3><div class=\"entry-meta\"><span class=\"meta-item category-link\"><a href=\"https:\/\/www.ek-retail.com\/fr\/category\/non-categorise\/\" rel=\"tag\">Non cat\u00e9goris\u00e9<\/a><\/span><a class=\"meta-item author vcard\" href=\"https:\/\/www.ek-retail.com\/fr\/author\/melina\/\" title=\"Voir tous les articles par Melina\" rel=\"author external\">Par <span class=\"fn\">Melina<\/span><\/a><a href=\"https:\/\/www.ek-retail.com\/fr\/2025\/12\/12\/\" title=\"15h05\" class=\"meta-item data-link\" rel=\"bookmark\"><time class=\"entry-date updated\" datetime=\"2025-12-12T15:05:00+01:00\">12 d\u00e9cembre 2025<\/time><\/a><\/div><div class=\"entry-excerpt\"><p>Bielefeld, le 18 septembre 2025 L&rsquo;Assembl\u00e9e des repr\u00e9sentants \u00e9lit Johan G.M. Vlassak au Conseil de surveillance \/ Dr Marc Zgaga nomm\u00e9 nouveau vice-pr\u00e9sident du Conseil de surveillance Le 16 septembre 2025, les repr\u00e9sentants des membres d&rsquo;EK Retail se sont r\u00e9unis \u00e0 nouveau apr\u00e8s l&rsquo;Assembl\u00e9e annuelle qui s&rsquo;est tenue en avril \u00e0 Amersfoort, aux Pays-Bas \u2013&hellip;<\/p>\n<\/div><a href=\"https:\/\/www.ek-retail.com\/fr\/2025\/12\/12\/le-conseil-de-surveillance-dek-retail-se-reconstitue\/\" target=\"\" aria-label=\"En savoir plus sur Le Conseil de surveillance d&rsquo;EK Retail se reconstitue\" class=\"box-button elementor-button elementor-size-xs\">En savoir plus<\/a>\n<\/div><\/article><\/div><div class=\"owl-nav disabled\"><div class=\"owl-prev\" role=\"button\" tabindex=\"0\" aria-label=\"Prev slide\"><i class=\"feather feather-chevron-left\"><\/i><\/div><div class=\"owl-next\" role=\"button\" tabindex=\"0\" aria-label=\"Next slide\"><i class=\"feather feather-chevron-right\"><\/i><\/div><\/div>\t\t\t\t<\/div>\n\t\t\t\t<\/div>\n\t\t\t\t\t<\/div>\n\t\t\t\t<\/div>\n\t\t<div class=\"elementor-element elementor-element-645b17b1 elementor-hidden-desktop elementor-hidden-tablet elementor-hidden-mobile e-flex e-con-boxed e-con e-parent\" data-id=\"645b17b1\" data-element_type=\"container\" data-e-type=\"container\">\n\t\t\t\t\t<div class=\"e-con-inner\">\n\t\t\t\t<div class=\"elementor-element elementor-element-65cd12c3 elementor-widget__width-initial elementor-widget elementor-widget-text-editor\" data-id=\"65cd12c3\" data-element_type=\"widget\" data-e-type=\"widget\" data-widget_type=\"text-editor.default\">\n\t\t\t\t<div class=\"elementor-widget-container\">\n\t\t\t\t\t\t\t\t\t<h2><strong>Nos magasins <\/strong><\/h2><p>Apprenez \u00e0 conna\u00eetre certains de nos d\u00e9taillants fran\u00e7ais. <\/p>\t\t\t\t\t\t\t\t<\/div>\n\t\t\t\t<\/div>\n\t\t\t\t<div class=\"elementor-element elementor-element-3db004f1 elementor--h-position-left elementor-pagination-position-outside elementor--v-position-middle elementor-widget elementor-widget-slides\" data-id=\"3db004f1\" data-element_type=\"widget\" data-e-type=\"widget\" data-settings=\"{&quot;navigation&quot;:&quot;dots&quot;,&quot;transition&quot;:&quot;fade&quot;,&quot;transition_speed&quot;:1200,&quot;infinite&quot;:&quot;yes&quot;}\" data-widget_type=\"slides.default\">\n\t\t\t\t<div class=\"elementor-widget-container\">\n\t\t\t\t\t\t\t\t\t<div class=\"elementor-swiper\">\n\t\t\t\t\t<div class=\"elementor-slides-wrapper elementor-main-swiper swiper\" role=\"region\" aria-roledescription=\"carousel\" aria-label=\"Slider\" dir=\"ltr\" data-animation=\"fadeInUp\">\n\t\t\t\t<div class=\"swiper-wrapper elementor-slides\">\n\t\t\t\t\t\t\t\t\t\t<div class=\"elementor-repeater-item-95062e3 swiper-slide\" role=\"group\" aria-roledescription=\"slide\"><div class=\"swiper-slide-bg\" role=\"img\" aria-label=\"vitrine (2)\"><\/div><div class=\"swiper-slide-inner\" ><div class=\"swiper-slide-contents\"><\/div><\/div><\/div><div class=\"elementor-repeater-item-200e2d2 swiper-slide\" role=\"group\" aria-roledescription=\"slide\"><div class=\"swiper-slide-bg\" role=\"img\" aria-label=\"WhatsApp Image 2025-04-10 \u00e0 19.51.45_3f181055\"><\/div><div class=\"swiper-slide-inner\" ><div class=\"swiper-slide-contents\"><\/div><\/div><\/div><div class=\"elementor-repeater-item-8de7bd8 swiper-slide\" role=\"group\" aria-roledescription=\"slide\"><div class=\"swiper-slide-bg\" role=\"img\" aria-label=\"20230928_205214\"><\/div><div class=\"swiper-slide-inner\" ><div class=\"swiper-slide-contents\"><\/div><\/div><\/div>\t\t\t\t<\/div>\n\t\t\t\t\t\t\t\t\t\t\t\t\t\t\t\t\t\t\t\t<div class=\"swiper-pagination\"><\/div>\n\t\t\t\t\t\t\t\t\t\t\t\t<\/div>\n\t\t\t\t<\/div>\n\t\t\t\t\t\t\t\t<\/div>\n\t\t\t\t<\/div>\n\t\t\t\t\t<\/div>\n\t\t\t\t<\/div>\n\t\t\t\t<\/div>\n\t\t","protected":false},"excerpt":{"rendered":"<p>EK FRANCE EK France rassemble 160 d\u00e9taillants ind\u00e9pendants sp\u00e9cialis\u00e9s dans les arts de la table, la d\u00e9coration int\u00e9rieure et les ustensiles de cuisine, notamment \u00e0 travers les marques Ambiance &amp; Styles et Culinarion. En savoir plus Ce que nous faisons EK France, filiale de la coop\u00e9rative EK Retail, soutient les d\u00e9taillants ind\u00e9pendants en France depuis&hellip;<\/p>\n","protected":false},"author":2,"featured_media":0,"parent":0,"menu_order":0,"comment_status":"closed","ping_status":"closed","template":"elementor_header_footer","meta":{"footnotes":""},"class_list":["post-63759","page","type-page","status-publish","hentry"],"_links":{"self":[{"href":"https:\/\/www.ek-retail.com\/fr\/wp-json\/wp\/v2\/pages\/63759","targetHints":{"allow":["GET"]}}],"collection":[{"href":"https:\/\/www.ek-retail.com\/fr\/wp-json\/wp\/v2\/pages"}],"about":[{"href":"https:\/\/www.ek-retail.com\/fr\/wp-json\/wp\/v2\/types\/page"}],"author":[{"embeddable":true,"href":"https:\/\/www.ek-retail.com\/fr\/wp-json\/wp\/v2\/users\/2"}],"replies":[{"embeddable":true,"href":"https:\/\/www.ek-retail.com\/fr\/wp-json\/wp\/v2\/comments?post=63759"}],"version-history":[{"count":0,"href":"https:\/\/www.ek-retail.com\/fr\/wp-json\/wp\/v2\/pages\/63759\/revisions"}],"wp:attachment":[{"href":"https:\/\/www.ek-retail.com\/fr\/wp-json\/wp\/v2\/media?parent=63759"}],"curies":[{"name":"wp","href":"https:\/\/api.w.org\/{rel}","templated":true}]}}