{"id":64050,"date":"2025-07-03T11:56:51","date_gmt":"2025-07-03T09:56:51","guid":{"rendered":"https:\/\/www-preview.ek-retail.com\/presse\/"},"modified":"2026-04-02T14:54:47","modified_gmt":"2026-04-02T12:54:47","slug":"presse","status":"publish","type":"page","link":"https:\/\/www.ek-retail.com\/fr\/presse\/","title":{"rendered":"Presse"},"content":{"rendered":"\t\t<div data-elementor-type=\"wp-page\" data-elementor-id=\"64050\" class=\"elementor elementor-64050 elementor-47874\" data-elementor-post-type=\"page\">\n\t\t\t\t<div class=\"elementor-element elementor-element-42c35f4 hero-section e-flex e-con-boxed e-con e-parent\" data-id=\"42c35f4\" data-element_type=\"container\" data-e-type=\"container\">\n\t\t\t\t\t<div class=\"e-con-inner\">\n\t\t<div class=\"elementor-element elementor-element-f597dda e-con-full e-flex e-con e-child\" data-id=\"f597dda\" data-element_type=\"container\" data-e-type=\"container\" data-settings=\"{&quot;background_background&quot;:&quot;classic&quot;}\">\n\t\t\t\t<div class=\"elementor-element elementor-element-5cc31c4 elementor-widget__width-inherit elementor-widget elementor-widget-image\" data-id=\"5cc31c4\" data-element_type=\"widget\" data-e-type=\"widget\" data-widget_type=\"image.default\">\n\t\t\t\t<div class=\"elementor-widget-container\">\n\t\t\t\t\t\t\t\t\t\t\t\t\t\t\t<img fetchpriority=\"high\" decoding=\"async\" width=\"1500\" height=\"671\" src=\"https:\/\/www.ek-retail.com\/wp-content\/uploads\/2025\/05\/Image-placeholder-5-1-e1770222277748.jpg\" class=\"attachment-full size-full wp-image-64049\" alt=\"\" srcset=\"https:\/\/www.ek-retail.com\/wp-content\/uploads\/2025\/05\/Image-placeholder-5-1-e1770222277748.jpg 1500w, https:\/\/www.ek-retail.com\/wp-content\/uploads\/2025\/05\/Image-placeholder-5-1-e1770222277748-300x134.jpg 300w, https:\/\/www.ek-retail.com\/wp-content\/uploads\/2025\/05\/Image-placeholder-5-1-e1770222277748-1024x458.jpg 1024w, https:\/\/www.ek-retail.com\/wp-content\/uploads\/2025\/05\/Image-placeholder-5-1-e1770222277748-768x344.jpg 768w\" sizes=\"(max-width: 1500px) 100vw, 1500px\" \/>\t\t\t\t\t\t\t\t\t\t\t\t\t\t\t<\/div>\n\t\t\t\t<\/div>\n\t\t\t\t<\/div>\n\t\t<div class=\"elementor-element elementor-element-f89f6fe e-con-full ind-ek-icon hero-text press e-flex e-con e-child\" data-id=\"f89f6fe\" data-element_type=\"container\" data-e-type=\"container\" data-settings=\"{&quot;background_background&quot;:&quot;classic&quot;}\">\n\t\t\t\t<div class=\"elementor-element elementor-element-ac523d9 elementor-absolute hero-title elementor-widget elementor-widget-heading\" data-id=\"ac523d9\" data-element_type=\"widget\" data-e-type=\"widget\" data-settings=\"{&quot;_position&quot;:&quot;absolute&quot;}\" data-widget_type=\"heading.default\">\n\t\t\t\t<div class=\"elementor-widget-container\">\n\t\t\t\t\t<h1 class=\"elementor-heading-title elementor-size-default\">PRESSE<\/h1>\t\t\t\t<\/div>\n\t\t\t\t<\/div>\n\t\t\t\t<div class=\"elementor-element elementor-element-5cbf075 elementor-widget__width-inherit elementor-widget elementor-widget-text-editor\" data-id=\"5cbf075\" data-element_type=\"widget\" data-e-type=\"widget\" data-widget_type=\"text-editor.default\">\n\t\t\t\t<div class=\"elementor-widget-container\">\n\t\t\t\t\t\t\t\t\t<p dir=\"auto\">Avec nos partenaires, nous sommes r\u00e9guli\u00e8rement pr\u00e9sents dans la presse.<\/p>\t\t\t\t\t\t\t\t<\/div>\n\t\t\t\t<\/div>\n\t\t\t\t<div class=\"elementor-element elementor-element-246c410 elementor-align-left elementor-widget elementor-widget-button\" data-id=\"246c410\" data-element_type=\"widget\" data-e-type=\"widget\" data-widget_type=\"button.default\">\n\t\t\t\t<div class=\"elementor-widget-container\">\n\t\t\t\t\t\t\t\t\t<div class=\"elementor-button-wrapper\">\n\t\t\t\t\t<a class=\"elementor-button elementor-button-link elementor-size-sm\" href=\"https:\/\/www.ek-retail.com\/fr\/contact\/\" target=\"_blank\">\n\t\t\t\t\t\t<span class=\"elementor-button-content-wrapper\">\n\t\t\t\t\t\t\t\t\t<span class=\"elementor-button-text\">Contact<\/span>\n\t\t\t\t\t<\/span>\n\t\t\t\t\t<\/a>\n\t\t\t\t<\/div>\n\t\t\t\t\t\t\t\t<\/div>\n\t\t\t\t<\/div>\n\t\t\t\t<\/div>\n\t\t\t\t\t<\/div>\n\t\t\t\t<\/div>\n\t\t<div class=\"elementor-element elementor-element-0eebd0a news-slider-section e-flex e-con-boxed e-con e-child\" data-id=\"0eebd0a\" data-element_type=\"container\" data-e-type=\"container\">\n\t\t\t\t\t<div class=\"e-con-inner\">\n\t\t\t\t<div class=\"elementor-element elementor-element-accda0a elementor-widget__width-initial elementor-widget elementor-widget-heading\" data-id=\"accda0a\" data-element_type=\"widget\" data-e-type=\"widget\" data-widget_type=\"heading.default\">\n\t\t\t\t<div class=\"elementor-widget-container\">\n\t\t\t\t\t<h1 class=\"elementor-heading-title elementor-size-default\">Communiqu\u00e9s de presse<\/h1>\t\t\t\t<\/div>\n\t\t\t\t<\/div>\n\t\t\t\t<div class=\"elementor-element elementor-element-781846b elementor-widget__width-initial elementor-widget elementor-widget-text-editor\" data-id=\"781846b\" data-element_type=\"widget\" data-e-type=\"widget\" data-widget_type=\"text-editor.default\">\n\t\t\t\t<div class=\"elementor-widget-container\">\n\t\t\t\t\t\t\t\t\t<p>Que ce soit aux Pays-Bas, en France ou en Allemagne, nous sommes repr\u00e9sent\u00e9s partout dans la presse. <\/p>\t\t\t\t\t\t\t\t<\/div>\n\t\t\t\t<\/div>\n\t\t\t\t<div class=\"elementor-element elementor-element-337f2a0 news-grid preserve-img-ratio-cover elementor-widget elementor-widget-the7_elements\" data-id=\"337f2a0\" data-element_type=\"widget\" data-e-type=\"widget\" data-widget_type=\"the7_elements.default\">\n\t\t\t\t<div class=\"elementor-widget-container\">\n\t\t\t\t\t<div class=\"portfolio-shortcode the7-elementor-widget the7_elements-337f2a0 mode-grid dt-css-grid-wrap classic-layout-list description-under-image quick-scale-img content-bg-on enable-bg-rollover resize-by-browser-width widget-with-filter loading-effect-move-up jquery-filter\" data-padding=\"20px\" data-mobile-columns-num=\"1\" data-tablet-columns-num=\"2\" data-desktop-columns-num=\"4\" data-wide-desktop-columns-num=\"4\" data-post-limit=\"4\" data-pagination-mode=\"load-more\" data-scroll-offset=\"\" aria-live=\"assertive\"><div class=\"iso-filter filter-decorations css-grid-filter filter filter-pointer-default show-filter-categories   filter-underline-decoration\"><div class=\"filter-categories\" data-default-order=\"\" data-default-orderby=\"\"><a href=\"https:\/\/www.ek-retail.com\/fr\/presse\/\" class=\"show-all filter-item act\" data-filter=\"*\" aria-label=\"Apply filter: Tout afficher\">Tout afficher<\/a><a href=\"https:\/\/www.ek-retail.com\/fr\/presse\/?term=ek-diy\" class=\"filter-item ek-diy\" data-filter=\".category-314\" aria-label=\"Apply filter: EK DIY\">EK DIY<\/a><a href=\"https:\/\/www.ek-retail.com\/fr\/presse\/?term=ek-fashion\" class=\"filter-item ek-fashion\" data-filter=\".category-309\" aria-label=\"Apply filter: EK Fashion\">EK Fashion<\/a><a href=\"https:\/\/www.ek-retail.com\/fr\/presse\/?term=ek-home\" class=\"filter-item ek-home\" data-filter=\".category-317\" aria-label=\"Apply filter: EK Home\">EK Home<\/a><a href=\"https:\/\/www.ek-retail.com\/fr\/presse\/?term=ek-living\" class=\"filter-item ek-living\" data-filter=\".category-311\" aria-label=\"Apply filter: EK Living\">EK Living<\/a><a href=\"https:\/\/www.ek-retail.com\/fr\/presse\/?term=ek-sport\" class=\"filter-item ek-sport\" data-filter=\".category-336\" aria-label=\"Apply filter: EK Sport\">EK Sport<\/a><a href=\"https:\/\/www.ek-retail.com\/fr\/presse\/?term=non-categorise\" class=\"filter-item non-categorise\" data-filter=\".category-294\" aria-label=\"Apply filter: Non cat\u00e9goris\u00e9\">Non cat\u00e9goris\u00e9<\/a><a href=\"https:\/\/www.ek-retail.com\/fr\/presse\/?term=presse\" class=\"filter-item presse\" data-filter=\".category-333\" aria-label=\"Apply filter: Presse\">Presse<\/a><\/div><div class=\"filter-extras\"><div class=\"filter-by\"><a href=\"https:\/\/www.ek-retail.com\/fr\/presse\/?orderby=date&#038;order=desc\" class=\"sort-by-date act\" data-by=\"date\"><svg version=\"1.1\" xmlns=\"http:\/\/www.w3.org\/2000\/svg\" xmlns:xlink=\"http:\/\/www.w3.org\/1999\/xlink\" x=\"0px\" y=\"0px\" viewBox=\"0 0 16 16\" style=\"enable-background:new 0 0 16 16;\" xml:space=\"preserve\"><path d=\"M11,6.5C11,6.2,11.2,6,11.5,6h1C12.8,6,13,6.2,13,6.5v1C13,7.8,12.8,8,12.5,8h-1C11.2,8,11,7.8,11,7.5V6.5z M8,6.5C8,6.2,8.2,6,8.5,6h1C9.8,6,10,6.2,10,6.5v1C10,7.8,9.8,8,9.5,8h-1C8.2,8,8,7.8,8,7.5V6.5z M3,9.5C3,9.2,3.2,9,3.5,9h1C4.8,9,5,9.2,5,9.5v1C5,10.8,4.8,11,4.5,11h-1C3.2,11,3,10.8,3,10.5V9.5z M6,9.5C6,9.2,6.2,9,6.5,9h1C7.8,9,8,9.2,8,9.5v1C8,10.8,7.8,11,7.5,11h-1C6.2,11,6,10.8,6,10.5V9.5z\"\/><path d=\"M3.5,0C3.8,0,4,0.2,4,0.5V1h8V0.5C12,0.2,12.2,0,12.5,0S13,0.2,13,0.5V1h1c1.1,0,2,0.9,2,2v11c0,1.1-0.9,2-2,2H2c-1.1,0-2-0.9-2-2V3c0-1.1,0.9-2,2-2h1V0.5C3,0.2,3.2,0,3.5,0z M1,4v10c0,0.6,0.4,1,1,1h12c0.6,0,1-0.4,1-1V4H1z\"\/><\/svg><span class=\"filter-popup\">Trier par date<\/span><\/a><span class=\"filter-switch\"><\/span><a href=\"https:\/\/www.ek-retail.com\/fr\/presse\/?orderby=name&#038;order=desc\" class=\"sort-by-name\" data-by=\"name\"><svg version=\"1.1\" xmlns=\"http:\/\/www.w3.org\/2000\/svg\" xmlns:xlink=\"http:\/\/www.w3.org\/1999\/xlink\" x=\"0px\" y=\"0px\" viewBox=\"0 0 16 16\" style=\"enable-background:new 0 0 16 16;\" xml:space=\"preserve\"><path d=\"M2.2,13.1l0.9-2.8h3.5l0.9,2.8h1.3L5.5,3.8H4.3L1,13.1H2.2z M4.9,5.2l1.4,4.2H3.5L4.9,5.2C4.9,5.2,4.9,5.2,4.9,5.2z\"\/><g><path d=\"M10,12.4l2.8-3.6c0.3-0.3,0.5-0.6,0.8-1v0h-3.3V6.9h4.7l0,0.7l-2.7,3.6c-0.3,0.3-0.5,0.6-0.8,1v0H15v0.9h-5V12.4z\"\/><\/g><\/svg><span class=\"filter-popup\">Trier par nom<\/span><\/a><\/div><div class=\"filter-sorting\"><a href=\"https:\/\/www.ek-retail.com\/fr\/presse\/?orderby=date&#038;order=desc\" class=\"sort-by-desc act\" data-sort=\"desc\"><svg version=\"1.1\" xmlns=\"http:\/\/www.w3.org\/2000\/svg\" xmlns:xlink=\"http:\/\/www.w3.org\/1999\/xlink\" x=\"0px\" y=\"0px\"viewBox=\"0 0 16 16\" style=\"enable-background:new 0 0 16 16;\" xml:space=\"preserve\"><path d=\"M3.5,2.5C3.5,2.2,3.3,2,3,2S2.5,2.2,2.5,2.5v8.8l-1.1-1.1c-0.2-0.2-0.5-0.2-0.7,0s-0.2,0.5,0,0.7l0,0l2,2l0,0c0.2,0.2,0.5,0.2,0.7,0l2-2c0.2-0.2,0.2-0.5,0-0.7c-0.2-0.2-0.5-0.2-0.7,0l-1.1,1.1V2.5z M7,3.5C7,3.2,7.2,3,7.5,3h7C14.8,3,15,3.2,15,3.5S14.8,4,14.5,4h-7C7.2,4,7,3.8,7,3.5z M7.5,6C7.2,6,7,6.2,7,6.5S7.2,7,7.5,7h5C12.8,7,13,6.8,13,6.5S12.8,6,12.5,6H7.5z M7.5,9C7.2,9,7,9.2,7,9.5S7.2,10,7.5,10h3c0.3,0,0.5-0.2,0.5-0.5S10.8,9,10.5,9H7.5z M7.5,12C7.2,12,7,12.2,7,12.5S7.2,13,7.5,13h1C8.8,13,9,12.8,9,12.5S8.8,12,8.5,12H7.5z\"\/><\/svg><span class=\"filter-popup\">Descendant <\/span><\/a><span class=\"filter-switch\"><\/span><a href=\"https:\/\/www.ek-retail.com\/fr\/presse\/?orderby=date&#038;order=asc\" class=\"sort-by-asc\" data-sort=\"asc\"><svg version=\"1.1\" xmlns=\"http:\/\/www.w3.org\/2000\/svg\" xmlns:xlink=\"http:\/\/www.w3.org\/1999\/xlink\" x=\"0px\" y=\"0px\" viewBox=\"0 0 16 16\" style=\"enable-background:new 0 0 16 16;\" xml:space=\"preserve\"><path d=\"M3.5,12.5C3.5,12.8,3.3,13,3,13s-0.5-0.2-0.5-0.5V3.7L1.4,4.9C1.2,5,0.8,5,0.6,4.9s-0.2-0.5,0-0.7l2-2l0,0C2.8,2,3.2,2,3.4,2.1l2,2c0.2,0.2,0.2,0.5,0,0.7S4.8,5,4.6,4.9L3.5,3.7V12.5z M7,3.5C7,3.2,7.2,3,7.5,3h7C14.8,3,15,3.2,15,3.5S14.8,4,14.5,4h-7C7.2,4,7,3.8,7,3.5z M7.5,6C7.2,6,7,6.2,7,6.5S7.2,7,7.5,7h5C12.8,7,13,6.8,13,6.5S12.8,6,12.5,6H7.5z M7.5,9C7.2,9,7,9.2,7,9.5S7.2,10,7.5,10h3c0.3,0,0.5-0.2,0.5-0.5S10.8,9,10.5,9H7.5z M7.5,12C7.2,12,7,12.2,7,12.5S7.2,13,7.5,13h1C8.8,13,9,12.8,9,12.5S8.8,12,8.5,12H7.5z\"\/><\/svg><span class=\"filter-popup\">Ascendant<\/span><\/a><\/div><\/div><\/div><div class=\"dt-css-grid custom-pagination-handler\"><div class=\"visible wf-cell category-311\" data-post-id=\"67736\" data-date=\"2026-04-02T12:24:41+02:00\" data-name=\"Retour sur une session de formation commerciale inspirante chez EK Living\"><article class=\"post visible post-67736 stories type-stories status-publish format-standard has-post-thumbnail hentry category-ek-living description-off\" data-name=\"Retour sur une session de formation commerciale inspirante chez EK Living\" data-date=\"2026-04-02T12:24:41+02:00\">\n\n\t<div class=\"post-thumbnail-wrap\">\n\t\t<div class=\"post-thumbnail\">\n\n\t\t\t<a class=\"post-thumbnail-rollover img-css-resize-wrapper\" aria-label=\"Image article\" href=\"https:\/\/www.ek-retail.com\/fr\/stories\/retour-sur-une-session-de-formation-commerciale-inspirante-chez-ek-living\/\"><img decoding=\"async\" width=\"1080\" height=\"1080\" src=\"https:\/\/www.ek-retail.com\/wp-content\/uploads\/2026\/04\/afbeelding.png\" class=\"attachment-full size-full preload-me aspect\" alt=\"\" srcset=\"https:\/\/www.ek-retail.com\/wp-content\/uploads\/2026\/04\/afbeelding.png 1080w, https:\/\/www.ek-retail.com\/wp-content\/uploads\/2026\/04\/afbeelding-300x300.png 300w, https:\/\/www.ek-retail.com\/wp-content\/uploads\/2026\/04\/afbeelding-1024x1024.png 1024w, https:\/\/www.ek-retail.com\/wp-content\/uploads\/2026\/04\/afbeelding-150x150.png 150w, https:\/\/www.ek-retail.com\/wp-content\/uploads\/2026\/04\/afbeelding-768x768.png 768w\" sizes=\"(max-width: 1080px) 100vw, 1080px\" style=\"--ratio: 1080 \/ 1080;\" \/><span class=\"the7-hover-icon\"><i aria-hidden=\"true\" class=\"fas fa-plus\"><\/i><\/span><\/a>\n\t\t<\/div>\n\t<\/div>\n\n\n<div class=\"post-entry-content\">\n\n\t<h3 class=\"ele-entry-title\"><a href=\"https:\/\/www.ek-retail.com\/fr\/stories\/retour-sur-une-session-de-formation-commerciale-inspirante-chez-ek-living\/\" rel=\"bookmark\" title=\"Retour sur une session de formation commerciale inspirante chez EK Living\">Retour sur une session de formation commerciale inspirante chez EK Living<\/a><\/h3><div class=\"entry-meta\"><span class=\"meta-item category-link\"><a href=\"https:\/\/www.ek-retail.com\/fr\/category\/ek-living\/\" rel=\"tag\">EK Living<\/a><\/span><span class=\"meta-item data-link\"><time class=\"entry-date updated\" datetime=\"2026-04-02T12:24:41+02:00\">2 avril 2026<\/time><\/span><\/div><div class=\"entry-excerpt\"><p>Le lundi 23 mars, la formation commerciale annuelle a eu lieu \u00e0 Amersfoort pour la deuxi\u00e8me ann\u00e9e cons\u00e9cutive, dirig\u00e9e par Richard Beune de Salespiration. Ce&hellip;<\/p>\n<\/div><a href=\"https:\/\/www.ek-retail.com\/fr\/stories\/retour-sur-une-session-de-formation-commerciale-inspirante-chez-ek-living\/\" target=\"\" aria-label=\"En savoir plus sur Retour sur une session de formation commerciale inspirante chez EK Living\" class=\"box-button elementor-button elementor-size-md\">En savoir plus<\/a>\n<\/div><\/article><\/div><div class=\"visible wf-cell category-317 category-333\" data-post-id=\"67760\" data-date=\"2026-03-31T14:22:25+02:00\" data-name=\"Plus forts ensemble : electroplus k\u00fcchenplus et Miele lancent une nouvelle campagne publicitaire\"><article class=\"post visible post-67760 stories type-stories status-publish format-standard has-post-thumbnail hentry category-ek-home category-presse description-off\" data-name=\"Plus forts ensemble : electroplus k\u00fcchenplus et Miele lancent une nouvelle campagne publicitaire\" data-date=\"2026-03-31T14:22:25+02:00\">\n\n\t<div class=\"post-thumbnail-wrap\">\n\t\t<div class=\"post-thumbnail\">\n\n\t\t\t<a class=\"post-thumbnail-rollover img-css-resize-wrapper\" aria-label=\"Image article\" href=\"https:\/\/www.ek-retail.com\/fr\/stories\/plus-forts-ensemble-electroplus-kuchenplus-et-miele-lancent-une-nouvelle-campagne-publicitaire\/\"><img decoding=\"async\" width=\"2560\" height=\"2039\" src=\"https:\/\/www.ek-retail.com\/wp-content\/uploads\/2026\/03\/2026-03-27-PM-Gemeinsam-stark-electroplus-kuchenplus-und-Miele-starten-neue-Werbekampagne-scaled.jpg\" class=\"attachment-full size-full preload-me aspect\" alt=\"\" srcset=\"https:\/\/www.ek-retail.com\/wp-content\/uploads\/2026\/03\/2026-03-27-PM-Gemeinsam-stark-electroplus-kuchenplus-und-Miele-starten-neue-Werbekampagne-scaled.jpg 2560w, https:\/\/www.ek-retail.com\/wp-content\/uploads\/2026\/03\/2026-03-27-PM-Gemeinsam-stark-electroplus-kuchenplus-und-Miele-starten-neue-Werbekampagne-300x239.jpg 300w, https:\/\/www.ek-retail.com\/wp-content\/uploads\/2026\/03\/2026-03-27-PM-Gemeinsam-stark-electroplus-kuchenplus-und-Miele-starten-neue-Werbekampagne-1024x815.jpg 1024w, https:\/\/www.ek-retail.com\/wp-content\/uploads\/2026\/03\/2026-03-27-PM-Gemeinsam-stark-electroplus-kuchenplus-und-Miele-starten-neue-Werbekampagne-768x612.jpg 768w, https:\/\/www.ek-retail.com\/wp-content\/uploads\/2026\/03\/2026-03-27-PM-Gemeinsam-stark-electroplus-kuchenplus-und-Miele-starten-neue-Werbekampagne-1536x1223.jpg 1536w, https:\/\/www.ek-retail.com\/wp-content\/uploads\/2026\/03\/2026-03-27-PM-Gemeinsam-stark-electroplus-kuchenplus-und-Miele-starten-neue-Werbekampagne-2048x1631.jpg 2048w\" sizes=\"(max-width: 2560px) 100vw, 2560px\" style=\"--ratio: 2560 \/ 2039;\" \/><span class=\"the7-hover-icon\"><i aria-hidden=\"true\" class=\"fas fa-plus\"><\/i><\/span><\/a>\n\t\t<\/div>\n\t<\/div>\n\n\n<div class=\"post-entry-content\">\n\n\t<h3 class=\"ele-entry-title\"><a href=\"https:\/\/www.ek-retail.com\/fr\/stories\/plus-forts-ensemble-electroplus-kuchenplus-et-miele-lancent-une-nouvelle-campagne-publicitaire\/\" rel=\"bookmark\" title=\"Plus forts ensemble : electroplus k\u00fcchenplus et Miele lancent une nouvelle campagne publicitaire\">Plus forts ensemble : electroplus k\u00fcchenplus et Miele lancent une nouvelle campagne publicitaire<\/a><\/h3><div class=\"entry-meta\"><span class=\"meta-item category-link\"><a href=\"https:\/\/www.ek-retail.com\/fr\/category\/ek-home\/\" rel=\"tag\">EK Home<\/a>, <a href=\"https:\/\/www.ek-retail.com\/fr\/category\/presse\/\" rel=\"tag\">Presse<\/a><\/span><span class=\"meta-item data-link\"><time class=\"entry-date updated\" datetime=\"2026-03-31T14:22:25+02:00\">31 mars 2026<\/time><\/span><\/div><div class=\"entry-excerpt\"><p>Bielefeld, le 27 mars 2026 \u2013 Ce printemps, electroplus k\u00fcchenplus et Miele placent le th\u00e8me de la long\u00e9vit\u00e9 au c\u0153ur d&rsquo;une campagne cross-m\u00e9dia, soutenant ainsi&hellip;<\/p>\n<\/div><a href=\"https:\/\/www.ek-retail.com\/fr\/stories\/plus-forts-ensemble-electroplus-kuchenplus-et-miele-lancent-une-nouvelle-campagne-publicitaire\/\" target=\"\" aria-label=\"En savoir plus sur Plus forts ensemble : electroplus k\u00fcchenplus et Miele lancent une nouvelle campagne publicitaire\" class=\"box-button elementor-button elementor-size-md\">En savoir plus<\/a>\n<\/div><\/article><\/div><div class=\"visible wf-cell category-317 category-333\" data-post-id=\"67748\" data-date=\"2026-03-31T14:09:50+02:00\" data-name=\"R\u00e9ouverture r\u00e9ussie chez electroplus k\u00fcchenplus Dick\"><article class=\"post visible no-img post-67748 stories type-stories status-publish format-standard hentry category-ek-home category-presse description-off\" data-name=\"R\u00e9ouverture r\u00e9ussie chez electroplus k\u00fcchenplus Dick\" data-date=\"2026-03-31T14:09:50+02:00\">\n\n<div class=\"post-entry-content\">\n\n\t<h3 class=\"ele-entry-title\"><a href=\"https:\/\/www.ek-retail.com\/fr\/stories\/reouverture-reussie-chez-electroplus-kuchenplus-dick\/\" rel=\"bookmark\" title=\"R\u00e9ouverture r\u00e9ussie chez electroplus k\u00fcchenplus Dick\">R\u00e9ouverture r\u00e9ussie chez electroplus k\u00fcchenplus Dick<\/a><\/h3><div class=\"entry-meta\"><span class=\"meta-item category-link\"><a href=\"https:\/\/www.ek-retail.com\/fr\/category\/ek-home\/\" rel=\"tag\">EK Home<\/a>, <a href=\"https:\/\/www.ek-retail.com\/fr\/category\/presse\/\" rel=\"tag\">Presse<\/a><\/span><span class=\"meta-item data-link\"><time class=\"entry-date updated\" datetime=\"2026-03-31T14:09:50+02:00\">31 mars 2026<\/time><\/span><\/div><div class=\"entry-excerpt\"><p>Bielefeld\/Bad Kreuznach\/Deux-Ponts, le 24 mars 2026 \u2013 Ce qui a commenc\u00e9 \u00e0 l\u2019\u00e9t\u00e9 2024 comme une solution de succession strat\u00e9gique au sein de la famille&hellip;<\/p>\n<\/div><a href=\"https:\/\/www.ek-retail.com\/fr\/stories\/reouverture-reussie-chez-electroplus-kuchenplus-dick\/\" target=\"\" aria-label=\"En savoir plus sur R\u00e9ouverture r\u00e9ussie chez electroplus k\u00fcchenplus Dick\" class=\"box-button elementor-button elementor-size-md\">En savoir plus<\/a>\n<\/div><\/article><\/div><div class=\"visible wf-cell category-317 category-333\" data-post-id=\"67386\" data-date=\"2026-03-19T13:17:12+01:00\" data-name=\"Le voyage d&#039;\u00e9tude EK Retail emm\u00e8ne des partenaires de quatre pays au Inspired Home Show \u2013 Voyage au salon professionnel de Chicago\"><article class=\"post visible no-img post-67386 stories type-stories status-publish format-standard hentry category-ek-home category-presse description-off\" data-name=\"Le voyage d&rsquo;\u00e9tude EK Retail emm\u00e8ne des partenaires de quatre pays au Inspired Home Show \u2013 Voyage au salon professionnel de Chicago\" data-date=\"2026-03-19T13:17:12+01:00\">\n\n<div class=\"post-entry-content\">\n\n\t<h3 class=\"ele-entry-title\"><a href=\"https:\/\/www.ek-retail.com\/fr\/stories\/le-voyage-detude-ek-retail-emmene-des-partenaires-de-quatre-pays-au-inspired-home-show-voyage-au-salon-professionnel-de-chicago\/\" rel=\"bookmark\" title=\"Le voyage d&rsquo;\u00e9tude EK Retail emm\u00e8ne des partenaires de quatre pays au Inspired Home Show \u2013 Voyage au salon professionnel de Chicago\">Le voyage d&rsquo;\u00e9tude EK Retail emm\u00e8ne des partenaires de quatre pays au Inspired Home Show \u2013 Voyage au salon professionnel de Chicago<\/a><\/h3><div class=\"entry-meta\"><span class=\"meta-item category-link\"><a href=\"https:\/\/www.ek-retail.com\/fr\/category\/ek-home\/\" rel=\"tag\">EK Home<\/a>, <a href=\"https:\/\/www.ek-retail.com\/fr\/category\/presse\/\" rel=\"tag\">Presse<\/a><\/span><span class=\"meta-item data-link\"><time class=\"entry-date updated\" datetime=\"2026-03-19T13:17:12+01:00\">19 mars 2026<\/time><\/span><\/div><div class=\"entry-excerpt\"><p>Communiqu\u00e9 de presse Le voyage d&rsquo;\u00e9tude EK Retail emm\u00e8ne des partenaires de quatre pays au Inspired Home ShowVoyage au salon professionnel de Chicago Bielefeld\/Chicago, le&hellip;<\/p>\n<\/div><a href=\"https:\/\/www.ek-retail.com\/fr\/stories\/le-voyage-detude-ek-retail-emmene-des-partenaires-de-quatre-pays-au-inspired-home-show-voyage-au-salon-professionnel-de-chicago\/\" target=\"\" aria-label=\"En savoir plus sur Le voyage d&rsquo;\u00e9tude EK Retail emm\u00e8ne des partenaires de quatre pays au Inspired Home Show \u2013 Voyage au salon professionnel de Chicago\" class=\"box-button elementor-button elementor-size-md\">En savoir plus<\/a>\n<\/div><\/article><\/div><div class=\"hidden wf-cell category-336\" data-post-id=\"66353\" data-date=\"2026-02-27T15:28:28+01:00\" data-name=\"Pieter-Bas Stehmann nomm\u00e9 nouveau directeur d\u2019EK Sport\"><article class=\"post visible no-img post-66353 stories type-stories status-publish format-standard hentry category-ek-sport description-off\" data-name=\"Pieter-Bas Stehmann nomm\u00e9 nouveau directeur d\u2019EK Sport\" data-date=\"2026-02-27T15:28:28+01:00\">\n\n<div class=\"post-entry-content\">\n\n\t<h3 class=\"ele-entry-title\"><a href=\"https:\/\/www.ek-retail.com\/fr\/stories\/pieter-bas-stehmann-nomme-nouveau-directeur-dek-sport\/\" rel=\"bookmark\" title=\"Pieter-Bas Stehmann nomm\u00e9 nouveau directeur d\u2019EK Sport\">Pieter-Bas Stehmann nomm\u00e9 nouveau directeur d\u2019EK Sport<\/a><\/h3><div class=\"entry-meta\"><span class=\"meta-item category-link\"><a href=\"https:\/\/www.ek-retail.com\/fr\/category\/ek-sport\/\" rel=\"tag\">EK Sport<\/a><\/span><span class=\"meta-item data-link\"><time class=\"entry-date updated\" datetime=\"2026-02-27T15:28:28+01:00\">27 f\u00e9vrier 2026<\/time><\/span><\/div><div class=\"entry-excerpt\"><p>Amersfoort, le 6 janvier 2025 \u2013 Pieter-Bas Stehmann a \u00e9t\u00e9 nomm\u00e9 directeur g\u00e9n\u00e9ral d\u2019EK Sport, l\u2019une des unit\u00e9s commerciales de l\u2019organisation europ\u00e9enne de services aux&hellip;<\/p>\n<\/div><a href=\"https:\/\/www.ek-retail.com\/fr\/stories\/pieter-bas-stehmann-nomme-nouveau-directeur-dek-sport\/\" target=\"\" aria-label=\"En savoir plus sur Pieter-Bas Stehmann nomm\u00e9 nouveau directeur d\u2019EK Sport\" class=\"box-button elementor-button elementor-size-md\">En savoir plus<\/a>\n<\/div><\/article><\/div><div class=\"hidden wf-cell category-317\" data-post-id=\"66229\" data-date=\"2026-02-26T12:07:28+01:00\" data-name=\"\u00ab Snack Friday \u00bb au lieu de \u00ab Black Friday \u00bb \u2013 electroplus k\u00fcchenplus &amp; licht+concept font un don \u00e0 brotZeit e.V.\"><article class=\"post visible no-img post-66229 stories type-stories status-publish format-standard hentry category-ek-home description-off\" data-name=\"\u00ab Snack Friday \u00bb au lieu de \u00ab Black Friday \u00bb \u2013 electroplus k\u00fcchenplus &amp; licht+concept font un don \u00e0 brotZeit e.V.\" data-date=\"2026-02-26T12:07:28+01:00\">\n\n<div class=\"post-entry-content\">\n\n\t<h3 class=\"ele-entry-title\"><a href=\"https:\/\/www.ek-retail.com\/fr\/stories\/snack-friday-au-lieu-de-black-friday-electroplus-kuchenplus-lichtconcept-font-un-don-a-brotzeit-e-v\/\" rel=\"bookmark\" title=\"\u00ab Snack Friday \u00bb au lieu de \u00ab Black Friday \u00bb \u2013 electroplus k\u00fcchenplus &amp; licht+concept font un don \u00e0 brotZeit e.V.\">\u00ab Snack Friday \u00bb au lieu de \u00ab Black Friday \u00bb \u2013 electroplus k\u00fcchenplus &amp; licht+concept font un don \u00e0 brotZeit e.V.<\/a><\/h3><div class=\"entry-meta\"><span class=\"meta-item category-link\"><a href=\"https:\/\/www.ek-retail.com\/fr\/category\/ek-home\/\" rel=\"tag\">EK Home<\/a><\/span><span class=\"meta-item data-link\"><time class=\"entry-date updated\" datetime=\"2026-02-26T12:07:28+01:00\">26 f\u00e9vrier 2026<\/time><\/span><\/div><div class=\"entry-excerpt\"><p>Bielefeld, le 4 f\u00e9vrier 2026 \u2013 Outre de nombreuses innovations produits et offres promotionnelles, un \u00e9v\u00e9nement sp\u00e9cial a \u00e9t\u00e9 l\u2019un des moments les plus marquants&hellip;<\/p>\n<\/div><a href=\"https:\/\/www.ek-retail.com\/fr\/stories\/snack-friday-au-lieu-de-black-friday-electroplus-kuchenplus-lichtconcept-font-un-don-a-brotzeit-e-v\/\" target=\"\" aria-label=\"En savoir plus sur \u00ab Snack Friday \u00bb au lieu de \u00ab Black Friday \u00bb \u2013 electroplus k\u00fcchenplus &amp; licht+concept font un don \u00e0 brotZeit e.V.\" class=\"box-button elementor-button elementor-size-md\">En savoir plus<\/a>\n<\/div><\/article><\/div><div class=\"hidden wf-cell category-317\" data-post-id=\"66219\" data-date=\"2026-02-26T11:57:14+01:00\" data-name=\"Un d\u00e9but d\u2019ann\u00e9e en force \u2014 Campagne conjointe r\u00e9ussie d\u2019electroplus k\u00fcchenplus et Bosch\"><article class=\"post visible no-img post-66219 stories type-stories status-publish format-standard hentry category-ek-home description-off\" data-name=\"Un d\u00e9but d\u2019ann\u00e9e en force \u2014 Campagne conjointe r\u00e9ussie d\u2019electroplus k\u00fcchenplus et Bosch\" data-date=\"2026-02-26T11:57:14+01:00\">\n\n<div class=\"post-entry-content\">\n\n\t<h3 class=\"ele-entry-title\"><a href=\"https:\/\/www.ek-retail.com\/fr\/stories\/un-debut-dannee-en-force-campagne-conjointe-reussie-delectroplus-kuchenplus-et-bosch\/\" rel=\"bookmark\" title=\"Un d\u00e9but d\u2019ann\u00e9e en force \u2014 Campagne conjointe r\u00e9ussie d\u2019electroplus k\u00fcchenplus et Bosch\">Un d\u00e9but d\u2019ann\u00e9e en force \u2014 Campagne conjointe r\u00e9ussie d\u2019electroplus k\u00fcchenplus et Bosch<\/a><\/h3><div class=\"entry-meta\"><span class=\"meta-item category-link\"><a href=\"https:\/\/www.ek-retail.com\/fr\/category\/ek-home\/\" rel=\"tag\">EK Home<\/a><\/span><span class=\"meta-item data-link\"><time class=\"entry-date updated\" datetime=\"2026-02-26T11:57:14+01:00\">26 f\u00e9vrier 2026<\/time><\/span><\/div><div class=\"entry-excerpt\"><p>Bielefeld, le 17 f\u00e9vrier 2026 \u2013 Avec leur campagne de fin d\u2019ann\u00e9e en deux \u00e9tapes, electroplus k\u00fcchenplus et Bosch ont d\u00e9montr\u00e9 de mani\u00e8re impressionnante toute&hellip;<\/p>\n<\/div><a href=\"https:\/\/www.ek-retail.com\/fr\/stories\/un-debut-dannee-en-force-campagne-conjointe-reussie-delectroplus-kuchenplus-et-bosch\/\" target=\"\" aria-label=\"En savoir plus sur Un d\u00e9but d\u2019ann\u00e9e en force \u2014 Campagne conjointe r\u00e9ussie d\u2019electroplus k\u00fcchenplus et Bosch\" class=\"box-button elementor-button elementor-size-md\">En savoir plus<\/a>\n<\/div><\/article><\/div><div class=\"hidden wf-cell category-294 category-333\" data-post-id=\"66235\" data-date=\"2026-02-26T11:41:59+01:00\" data-name=\"EK Retail annonce une nouvelle structure du Conseil d&#039;administration\"><article class=\"post visible no-img post-66235 stories type-stories status-publish format-standard hentry category-non-categorise category-presse description-off\" data-name=\"EK Retail annonce une nouvelle structure du Conseil d&rsquo;administration\" data-date=\"2026-02-26T11:41:59+01:00\">\n\n<div class=\"post-entry-content\">\n\n\t<h3 class=\"ele-entry-title\"><a href=\"https:\/\/www.ek-retail.com\/fr\/stories\/ek-retail-annonce-une-nouvelle-structure-du-conseil-dadministration\/\" rel=\"bookmark\" title=\"EK Retail annonce une nouvelle structure du Conseil d&rsquo;administration\">EK Retail annonce une nouvelle structure du Conseil d&rsquo;administration<\/a><\/h3><div class=\"entry-meta\"><span class=\"meta-item category-link\"><a href=\"https:\/\/www.ek-retail.com\/fr\/category\/non-categorise\/\" rel=\"tag\">Non cat\u00e9goris\u00e9<\/a>, <a href=\"https:\/\/www.ek-retail.com\/fr\/category\/presse\/\" rel=\"tag\">Presse<\/a><\/span><span class=\"meta-item data-link\"><time class=\"entry-date updated\" datetime=\"2026-02-26T11:41:59+01:00\">26 f\u00e9vrier 2026<\/time><\/span><\/div><div class=\"entry-excerpt\"><p>Frank Duijst nomm\u00e9 Directeur G\u00e9n\u00e9ral \/ Rik Klercq rejoint le Conseil d&rsquo;administration en tant que CIO \/ Martin Richrath quitte l\u2019entreprise pour saisir une nouvelle&hellip;<\/p>\n<\/div><a href=\"https:\/\/www.ek-retail.com\/fr\/stories\/ek-retail-annonce-une-nouvelle-structure-du-conseil-dadministration\/\" target=\"\" aria-label=\"En savoir plus sur EK Retail annonce une nouvelle structure du Conseil d&rsquo;administration\" class=\"box-button elementor-button elementor-size-md\">En savoir plus<\/a>\n<\/div><\/article><\/div><div class=\"hidden wf-cell category-317\" data-post-id=\"66207\" data-date=\"2026-02-26T11:20:22+01:00\" data-name=\"Assortiments, concepts, services \u2013 EK LIVE 2026 : un d\u00e9marrage en force dans la nouvelle ann\u00e9e !\"><article class=\"post visible no-img post-66207 stories type-stories status-publish format-standard hentry category-ek-home description-off\" data-name=\"Assortiments, concepts, services \u2013 EK LIVE 2026 : un d\u00e9marrage en force dans la nouvelle ann\u00e9e !\" data-date=\"2026-02-26T11:20:22+01:00\">\n\n<div class=\"post-entry-content\">\n\n\t<h3 class=\"ele-entry-title\"><a href=\"https:\/\/www.ek-retail.com\/fr\/stories\/assortiments-concepts-services-ek-live-2026-un-demarrage-en-force-dans-la-nouvelle-annee\/\" rel=\"bookmark\" title=\"Assortiments, concepts, services \u2013 EK LIVE 2026 : un d\u00e9marrage en force dans la nouvelle ann\u00e9e !\">Assortiments, concepts, services \u2013 EK LIVE 2026 : un d\u00e9marrage en force dans la nouvelle ann\u00e9e !<\/a><\/h3><div class=\"entry-meta\"><span class=\"meta-item category-link\"><a href=\"https:\/\/www.ek-retail.com\/fr\/category\/ek-home\/\" rel=\"tag\">EK Home<\/a><\/span><span class=\"meta-item data-link\"><time class=\"entry-date updated\" datetime=\"2026-02-26T11:20:22+01:00\">26 f\u00e9vrier 2026<\/time><\/span><\/div><div class=\"entry-excerpt\"><p>Bielefeld, le 21 janvier 2026 \u2013 Qu\u2019est-ce qui motive les consommateurs d\u2019aujourd\u2019hui ? Et de quoi le commerce sp\u00e9cialis\u00e9 a-t-il besoin pour renforcer durablement la&hellip;<\/p>\n<\/div><a href=\"https:\/\/www.ek-retail.com\/fr\/stories\/assortiments-concepts-services-ek-live-2026-un-demarrage-en-force-dans-la-nouvelle-annee\/\" target=\"\" aria-label=\"En savoir plus sur Assortiments, concepts, services \u2013 EK LIVE 2026 : un d\u00e9marrage en force dans la nouvelle ann\u00e9e !\" class=\"box-button elementor-button elementor-size-md\">En savoir plus<\/a>\n<\/div><\/article><\/div><div class=\"hidden wf-cell category-317\" data-post-id=\"66199\" data-date=\"2026-02-26T11:13:13+01:00\" data-name=\"Le partenariat de longue date entre EK Retail et le Groupe SEB continue de se d\u00e9velopper\"><article class=\"post visible no-img post-66199 stories type-stories status-publish format-standard hentry category-ek-home description-off\" data-name=\"Le partenariat de longue date entre EK Retail et le Groupe SEB continue de se d\u00e9velopper\" data-date=\"2026-02-26T11:13:13+01:00\">\n\n<div class=\"post-entry-content\">\n\n\t<h3 class=\"ele-entry-title\"><a href=\"https:\/\/www.ek-retail.com\/fr\/stories\/le-partenariat-de-longue-date-entre-ek-retail-et-le-groupe-seb-continue-de-se-developper\/\" rel=\"bookmark\" title=\"Le partenariat de longue date entre EK Retail et le Groupe SEB continue de se d\u00e9velopper\">Le partenariat de longue date entre EK Retail et le Groupe SEB continue de se d\u00e9velopper<\/a><\/h3><div class=\"entry-meta\"><span class=\"meta-item category-link\"><a href=\"https:\/\/www.ek-retail.com\/fr\/category\/ek-home\/\" rel=\"tag\">EK Home<\/a><\/span><span class=\"meta-item data-link\"><time class=\"entry-date updated\" datetime=\"2026-02-26T11:13:13+01:00\">26 f\u00e9vrier 2026<\/time><\/span><\/div><div class=\"entry-excerpt\"><p>EK Retail et le Groupe SEB lancent une coop\u00e9ration strat\u00e9gique s\u2019appuyant sur plus de 60 ans de partenariat \/ EK Retail reprendra la fourniture exclusive&hellip;<\/p>\n<\/div><a href=\"https:\/\/www.ek-retail.com\/fr\/stories\/le-partenariat-de-longue-date-entre-ek-retail-et-le-groupe-seb-continue-de-se-developper\/\" target=\"\" aria-label=\"En savoir plus sur Le partenariat de longue date entre EK Retail et le Groupe SEB continue de se d\u00e9velopper\" class=\"box-button elementor-button elementor-size-md\">En savoir plus<\/a>\n<\/div><\/article><\/div><div class=\"hidden wf-cell category-294 category-333\" data-post-id=\"66191\" data-date=\"2026-02-26T09:29:49+01:00\" data-name=\"S\u00e9bastien Zott, CEO of Peugeot Saveurs SNC, joins the jury of the European Retail Award\"><article class=\"post visible no-img post-66191 stories type-stories status-publish format-standard hentry category-non-categorise category-presse description-off\" data-name=\"S\u00e9bastien Zott, CEO of Peugeot Saveurs SNC, joins the jury of the European Retail Award\" data-date=\"2026-02-26T09:29:49+01:00\">\n\n<div class=\"post-entry-content\">\n\n\t<h3 class=\"ele-entry-title\"><a href=\"https:\/\/www.ek-retail.com\/fr\/stories\/sebastien-zott-ceo-of-peugeot-saveurs-snc-joins-the-jury-of-the-european-retail-award\/\" rel=\"bookmark\" title=\"S\u00e9bastien Zott, CEO of Peugeot Saveurs SNC, joins the jury of the European Retail Award\">S\u00e9bastien Zott, CEO of Peugeot Saveurs SNC, joins the jury of the European Retail Award<\/a><\/h3><div class=\"entry-meta\"><span class=\"meta-item category-link\"><a href=\"https:\/\/www.ek-retail.com\/fr\/category\/non-categorise\/\" rel=\"tag\">Non cat\u00e9goris\u00e9<\/a>, <a href=\"https:\/\/www.ek-retail.com\/fr\/category\/presse\/\" rel=\"tag\">Presse<\/a><\/span><span class=\"meta-item data-link\"><time class=\"entry-date updated\" datetime=\"2026-02-26T09:29:49+01:00\">26 f\u00e9vrier 2026<\/time><\/span><\/div><div class=\"entry-excerpt\"><p>Le jury de l&rsquo;ERA deviendra encore plus international en 2026 \/ La Dre Claudia Wasser quitte le comit\u00e9 apr\u00e8s plus de 10 ans Bielefeld, 18&hellip;<\/p>\n<\/div><a href=\"https:\/\/www.ek-retail.com\/fr\/stories\/sebastien-zott-ceo-of-peugeot-saveurs-snc-joins-the-jury-of-the-european-retail-award\/\" target=\"\" aria-label=\"En savoir plus sur S\u00e9bastien Zott, CEO of Peugeot Saveurs SNC, joins the jury of the European Retail Award\" class=\"box-button elementor-button elementor-size-md\">En savoir plus<\/a>\n<\/div><\/article><\/div><div class=\"hidden wf-cell category-311\" data-post-id=\"66098\" data-date=\"2026-02-19T14:13:57+01:00\" data-name=\"De Binnenhuisadviseurs et EK Living unissent leurs forces\"><article class=\"post visible no-img post-66098 stories type-stories status-publish format-standard hentry category-ek-living description-off\" data-name=\"De Binnenhuisadviseurs et EK Living unissent leurs forces\" data-date=\"2026-02-19T14:13:57+01:00\">\n\n<div class=\"post-entry-content\">\n\n\t<h3 class=\"ele-entry-title\"><a href=\"https:\/\/www.ek-retail.com\/fr\/stories\/de-binnenhuisadviseurs-et-ek-living-unissent-leurs-forces\/\" rel=\"bookmark\" title=\"De Binnenhuisadviseurs et EK Living unissent leurs forces\">De Binnenhuisadviseurs et EK Living unissent leurs forces<\/a><\/h3><div class=\"entry-meta\"><span class=\"meta-item category-link\"><a href=\"https:\/\/www.ek-retail.com\/fr\/category\/ek-living\/\" rel=\"tag\">EK Living<\/a><\/span><span class=\"meta-item data-link\"><time class=\"entry-date updated\" datetime=\"2026-02-19T14:13:57+01:00\">19 f\u00e9vrier 2026<\/time><\/span><\/div><div class=\"entry-excerpt\"><p>De Binnenhuisadviseurs et EK Living ont conclu un partenariat strat\u00e9gique. Gr\u00e2ce \u00e0 cette collaboration, les deux parties renforcent leur position sur le march\u00e9 du textile&hellip;<\/p>\n<\/div><a href=\"https:\/\/www.ek-retail.com\/fr\/stories\/de-binnenhuisadviseurs-et-ek-living-unissent-leurs-forces\/\" target=\"\" aria-label=\"En savoir plus sur De Binnenhuisadviseurs et EK Living unissent leurs forces\" class=\"box-button elementor-button elementor-size-md\">En savoir plus<\/a>\n<\/div><\/article><\/div><div class=\"hidden wf-cell category-311 category-333\" data-post-id=\"66090\" data-date=\"2026-02-19T14:03:58+01:00\" data-name=\"Une collaboration unique entre EK Living et Auping donne naissance \u00e0 une nouvelle marque de matelas : Topdream.\"><article class=\"post visible no-img post-66090 stories type-stories status-publish format-standard hentry category-ek-living category-presse description-off\" data-name=\"Une collaboration unique entre EK Living et Auping donne naissance \u00e0 une nouvelle marque de matelas : Topdream.\" data-date=\"2026-02-19T14:03:58+01:00\">\n\n<div class=\"post-entry-content\">\n\n\t<h3 class=\"ele-entry-title\"><a href=\"https:\/\/www.ek-retail.com\/fr\/stories\/une-collaboration-unique-entre-ek-living-et-auping-donne-naissance-a-une-nouvelle-marque-de-matelas-topdream\/\" rel=\"bookmark\" title=\"Une collaboration unique entre EK Living et Auping donne naissance \u00e0 une nouvelle marque de matelas : Topdream.\">Une collaboration unique entre EK Living et Auping donne naissance \u00e0 une nouvelle marque de matelas : Topdream.<\/a><\/h3><div class=\"entry-meta\"><span class=\"meta-item category-link\"><a href=\"https:\/\/www.ek-retail.com\/fr\/category\/ek-living\/\" rel=\"tag\">EK Living<\/a>, <a href=\"https:\/\/www.ek-retail.com\/fr\/category\/presse\/\" rel=\"tag\">Presse<\/a><\/span><span class=\"meta-item data-link\"><time class=\"entry-date updated\" datetime=\"2026-02-19T14:03:58+01:00\">19 f\u00e9vrier 2026<\/time><\/span><\/div><div class=\"entry-excerpt\"><p>16 f\u00e9vrier \u2013 EK Living et Koninklijke Auping sont fiers d&rsquo;annoncer une collaboration unique dans le secteur du sommeil. Ensemble, ils lancent Topdream, une gamme&hellip;<\/p>\n<\/div><a href=\"https:\/\/www.ek-retail.com\/fr\/stories\/une-collaboration-unique-entre-ek-living-et-auping-donne-naissance-a-une-nouvelle-marque-de-matelas-topdream\/\" target=\"\" aria-label=\"En savoir plus sur Une collaboration unique entre EK Living et Auping donne naissance \u00e0 une nouvelle marque de matelas : Topdream.\" class=\"box-button elementor-button elementor-size-md\">En savoir plus<\/a>\n<\/div><\/article><\/div><div class=\"hidden wf-cell category-309\" data-post-id=\"64961\" data-date=\"2026-02-11T09:14:00+01:00\" data-name=\"Sous les projecteurs : Dolimah de Best-Dumernit \u2013 37 ans de passion pour la mode chez Cees de Best B.V.\"><article class=\"post visible no-img post-64961 stories type-stories status-publish format-standard hentry category-ek-fashion description-off\" data-name=\"Sous les projecteurs : Dolimah de Best-Dumernit \u2013 37 ans de passion pour la mode chez Cees de Best B.V.\" data-date=\"2026-02-11T09:14:00+01:00\">\n\n<div class=\"post-entry-content\">\n\n\t<h3 class=\"ele-entry-title\"><a href=\"https:\/\/www.ek-retail.com\/fr\/stories\/sous-les-projecteurs-dolimah-de-best-dumernit-37-ans-de-passion-pour-la-mode-chez-cees-de-best-b-v\/\" rel=\"bookmark\" title=\"Sous les projecteurs : Dolimah de Best-Dumernit \u2013 37 ans de passion pour la mode chez Cees de Best B.V.\">Sous les projecteurs : Dolimah de Best-Dumernit \u2013 37 ans de passion pour la mode chez Cees de Best B.V.<\/a><\/h3><div class=\"entry-meta\"><span class=\"meta-item category-link\"><a href=\"https:\/\/www.ek-retail.com\/fr\/category\/ek-fashion\/\" rel=\"tag\">EK Fashion<\/a><\/span><span class=\"meta-item data-link\"><time class=\"entry-date updated\" datetime=\"2026-02-11T09:14:00+01:00\">11 f\u00e9vrier 2026<\/time><\/span><\/div><div class=\"entry-excerpt\"><p>\u00c0 propos de croissance, de collaboration et de l&rsquo;avenir de la mode\u00a0\u00bb Une vie dans la modeAvec pas moins de 37 ans d&rsquo;exp\u00e9rience dans le&hellip;<\/p>\n<\/div><a href=\"https:\/\/www.ek-retail.com\/fr\/stories\/sous-les-projecteurs-dolimah-de-best-dumernit-37-ans-de-passion-pour-la-mode-chez-cees-de-best-b-v\/\" target=\"\" aria-label=\"En savoir plus sur Sous les projecteurs : Dolimah de Best-Dumernit \u2013 37 ans de passion pour la mode chez Cees de Best B.V.\" class=\"box-button elementor-button elementor-size-md\">En savoir plus<\/a>\n<\/div><\/article><\/div><div class=\"hidden wf-cell category-309\" data-post-id=\"64952\" data-date=\"2026-02-10T16:42:01+01:00\" data-name=\"In de spotlight: Peter van \u2019t Veen \u2013 De ondernemer achter JANSEN Amsterdam\"><article class=\"post visible no-img post-64952 stories type-stories status-publish format-standard hentry category-ek-fashion description-off\" data-name=\"In de spotlight: Peter van \u2019t Veen \u2013 De ondernemer achter JANSEN Amsterdam\" data-date=\"2026-02-10T16:42:01+01:00\">\n\n<div class=\"post-entry-content\">\n\n\t<h3 class=\"ele-entry-title\"><a href=\"https:\/\/www.ek-retail.com\/fr\/stories\/in-de-spotlight-peter-van-t-veen-de-ondernemer-achter-jansen-amsterdam\/\" rel=\"bookmark\" title=\"In de spotlight: Peter van \u2019t Veen \u2013 De ondernemer achter JANSEN Amsterdam\">In de spotlight: Peter van \u2019t Veen \u2013 De ondernemer achter JANSEN Amsterdam<\/a><\/h3><div class=\"entry-meta\"><span class=\"meta-item category-link\"><a href=\"https:\/\/www.ek-retail.com\/fr\/category\/ek-fashion\/\" rel=\"tag\">EK Fashion<\/a><\/span><span class=\"meta-item data-link\"><time class=\"entry-date updated\" datetime=\"2026-02-10T16:42:01+01:00\">10 f\u00e9vrier 2026<\/time><\/span><\/div><div class=\"entry-excerpt\"><p>Cr\u00e9er des v\u00eatements qui aident les femmes \u00e0 se sentir confiantes et belles. Peter van &lsquo;t Veen est un v\u00e9ritable homme de mode. Son parcours&hellip;<\/p>\n<\/div><a href=\"https:\/\/www.ek-retail.com\/fr\/stories\/in-de-spotlight-peter-van-t-veen-de-ondernemer-achter-jansen-amsterdam\/\" target=\"\" aria-label=\"En savoir plus sur In de spotlight: Peter van \u2019t Veen \u2013 De ondernemer achter JANSEN Amsterdam\" class=\"box-button elementor-button elementor-size-md\">En savoir plus<\/a>\n<\/div><\/article><\/div><div class=\"hidden wf-cell category-309\" data-post-id=\"63899\" data-date=\"2026-02-02T16:22:46+01:00\" data-name=\"\u00c0 la une : Anne &amp; Jet Mode \u00e0 Dokkum\"><article class=\"post visible no-img post-63899 stories type-stories status-publish format-standard hentry category-ek-fashion description-off\" data-name=\"\u00c0 la une : Anne &amp; Jet Mode \u00e0 Dokkum\" data-date=\"2026-02-02T16:22:46+01:00\">\n\n<div class=\"post-entry-content\">\n\n\t<h3 class=\"ele-entry-title\"><a href=\"https:\/\/www.ek-retail.com\/fr\/stories\/pleins-feux-sur-anne-jet-mode-a-dokkum\/\" rel=\"bookmark\" title=\"\u00c0 la une : Anne &amp; Jet Mode \u00e0 Dokkum\">\u00c0 la une : Anne &amp; Jet Mode \u00e0 Dokkum<\/a><\/h3><div class=\"entry-meta\"><span class=\"meta-item category-link\"><a href=\"https:\/\/www.ek-retail.com\/fr\/category\/ek-fashion\/\" rel=\"tag\">EK Fashion<\/a><\/span><span class=\"meta-item data-link\"><time class=\"entry-date updated\" datetime=\"2026-02-02T16:22:46+01:00\">2 f\u00e9vrier 2026<\/time><\/span><\/div><div class=\"entry-excerpt\"><p>Un magasin o\u00f9 la passion pour la mode et le service personnalis\u00e9 se rencontrent Au c\u0153ur de Dokkum, vous trouverez Anne &amp; Jet Mode, un&hellip;<\/p>\n<\/div><a href=\"https:\/\/www.ek-retail.com\/fr\/stories\/pleins-feux-sur-anne-jet-mode-a-dokkum\/\" target=\"\" aria-label=\"En savoir plus sur \u00c0 la une : Anne &amp; Jet Mode \u00e0 Dokkum\" class=\"box-button elementor-button elementor-size-md\">En savoir plus<\/a>\n<\/div><\/article><\/div><div class=\"hidden wf-cell category-314\" data-post-id=\"64098\" data-date=\"2026-01-29T10:49:13+01:00\" data-name=\"Arno van der Heijden : \u00ab Fort en personnalisation \u00bb\"><article class=\"post visible no-img post-64098 stories type-stories status-publish format-standard hentry category-ek-diy description-off\" data-name=\"Arno van der Heijden : \u00ab Fort en personnalisation \u00bb\" data-date=\"2026-01-29T10:49:13+01:00\">\n\n<div class=\"post-entry-content\">\n\n\t<h3 class=\"ele-entry-title\"><a href=\"https:\/\/www.ek-retail.com\/fr\/stories\/arno-van-der-heijden-fort-en-personnalisation\/\" rel=\"bookmark\" title=\"Arno van der Heijden : \u00ab Fort en personnalisation \u00bb\">Arno van der Heijden : \u00ab Fort en personnalisation \u00bb<\/a><\/h3><div class=\"entry-meta\"><span class=\"meta-item category-link\"><a href=\"https:\/\/www.ek-retail.com\/fr\/category\/ek-diy\/\" rel=\"tag\">EK DIY<\/a><\/span><span class=\"meta-item data-link\"><time class=\"entry-date updated\" datetime=\"2026-01-29T10:49:13+01:00\">29 janvier 2026<\/time><\/span><\/div><div class=\"entry-excerpt\"><p>\u00ab Nous avons toujours impliqu\u00e9 nos collaborateurs dans le processus de transformation vers Hubo et nous avons \u00e9galement visit\u00e9 les magasins n\u00e9cessaires. La combinaison avec&hellip;<\/p>\n<\/div><a href=\"https:\/\/www.ek-retail.com\/fr\/stories\/arno-van-der-heijden-fort-en-personnalisation\/\" target=\"\" aria-label=\"En savoir plus sur Arno van der Heijden : \u00ab Fort en personnalisation \u00bb\" class=\"box-button elementor-button elementor-size-md\">En savoir plus<\/a>\n<\/div><\/article><\/div><div class=\"hidden wf-cell category-314\" data-post-id=\"64101\" data-date=\"2026-01-29T10:48:27+01:00\" data-name=\"Jurgen van Rooij&nbsp;: \u00ab&nbsp;Le contact personnel est primordial&nbsp;\u00bb\"><article class=\"post visible no-img post-64101 stories type-stories status-publish format-standard hentry category-ek-diy description-off\" data-name=\"Jurgen van Rooij&nbsp;: \u00ab&nbsp;Le contact personnel est primordial&nbsp;\u00bb\" data-date=\"2026-01-29T10:48:27+01:00\">\n\n<div class=\"post-entry-content\">\n\n\t<h3 class=\"ele-entry-title\"><a href=\"https:\/\/www.ek-retail.com\/fr\/stories\/jurgen-van-rooij-le-contact-personnel-est-primordial\/\" rel=\"bookmark\" title=\"Jurgen van Rooij&nbsp;: \u00ab&nbsp;Le contact personnel est primordial&nbsp;\u00bb\">Jurgen van Rooij&nbsp;: \u00ab&nbsp;Le contact personnel est primordial&nbsp;\u00bb<\/a><\/h3><div class=\"entry-meta\"><span class=\"meta-item category-link\"><a href=\"https:\/\/www.ek-retail.com\/fr\/category\/ek-diy\/\" rel=\"tag\">EK DIY<\/a><\/span><span class=\"meta-item data-link\"><time class=\"entry-date updated\" datetime=\"2026-01-29T10:48:27+01:00\">29 janvier 2026<\/time><\/span><\/div><div class=\"entry-excerpt\"><p>\u00ab\u00a0Lorsque Formido a cess\u00e9 d\u2019exister en tant qu\u2019organisation, nous avons d\u00fb chercher une alternative. Nous avons choisi Hubo parce que le concept nous plaisait vraiment\u00a0\u00bb,&hellip;<\/p>\n<\/div><a href=\"https:\/\/www.ek-retail.com\/fr\/stories\/jurgen-van-rooij-le-contact-personnel-est-primordial\/\" target=\"\" aria-label=\"En savoir plus sur Jurgen van Rooij&nbsp;: \u00ab&nbsp;Le contact personnel est primordial&nbsp;\u00bb\" class=\"box-button elementor-button elementor-size-md\">En savoir plus<\/a>\n<\/div><\/article><\/div><div class=\"hidden wf-cell category-314\" data-post-id=\"64104\" data-date=\"2026-01-29T10:47:20+01:00\" data-name=\"Sander Veneklaas Slots : \u00ab Pour moi, Hubo est le seul choix. \u00bb\"><article class=\"post visible no-img post-64104 stories type-stories status-publish format-standard hentry category-ek-diy description-off\" data-name=\"Sander Veneklaas Slots : \u00ab Pour moi, Hubo est le seul choix. \u00bb\" data-date=\"2026-01-29T10:47:20+01:00\">\n\n<div class=\"post-entry-content\">\n\n\t<h3 class=\"ele-entry-title\"><a href=\"https:\/\/www.ek-retail.com\/fr\/stories\/sander-veneklaas-slots-pour-moi-hubo-est-le-seul-choix\/\" rel=\"bookmark\" title=\"Sander Veneklaas Slots : \u00ab Pour moi, Hubo est le seul choix. \u00bb\">Sander Veneklaas Slots : \u00ab Pour moi, Hubo est le seul choix. \u00bb<\/a><\/h3><div class=\"entry-meta\"><span class=\"meta-item category-link\"><a href=\"https:\/\/www.ek-retail.com\/fr\/category\/ek-diy\/\" rel=\"tag\">EK DIY<\/a><\/span><span class=\"meta-item data-link\"><time class=\"entry-date updated\" datetime=\"2026-01-29T10:47:20+01:00\">29 janvier 2026<\/time><\/span><\/div><div class=\"entry-excerpt\"><p>\u00ab J&rsquo;avais 24 ans lorsque je suis devenu entrepreneur ind\u00e9pendant avec mon propre magasin de bricolage \u00e0 Rolde, o\u00f9 j&rsquo;avais travaill\u00e9 auparavant. C&rsquo;\u00e9tait en 2001,&hellip;<\/p>\n<\/div><a href=\"https:\/\/www.ek-retail.com\/fr\/stories\/sander-veneklaas-slots-pour-moi-hubo-est-le-seul-choix\/\" target=\"\" aria-label=\"En savoir plus sur Sander Veneklaas Slots : \u00ab Pour moi, Hubo est le seul choix. \u00bb\" class=\"box-button elementor-button elementor-size-md\">En savoir plus<\/a>\n<\/div><\/article><\/div><div class=\"hidden wf-cell category-311\" data-post-id=\"64082\" data-date=\"2026-01-29T10:42:39+01:00\" data-name=\"EK Living pr\u00e9sent aux Voorjaarsvakdagen 2026\"><article class=\"post visible no-img post-64082 stories type-stories status-publish format-standard hentry category-ek-living description-off\" data-name=\"EK Living pr\u00e9sent aux Voorjaarsvakdagen 2026\" data-date=\"2026-01-29T10:42:39+01:00\">\n\n<div class=\"post-entry-content\">\n\n\t<h3 class=\"ele-entry-title\"><a href=\"https:\/\/www.ek-retail.com\/fr\/stories\/ek-living-present-aux-voorjaarsvakdagen-2026\/\" rel=\"bookmark\" title=\"EK Living pr\u00e9sent aux Voorjaarsvakdagen 2026\">EK Living pr\u00e9sent aux Voorjaarsvakdagen 2026<\/a><\/h3><div class=\"entry-meta\"><span class=\"meta-item category-link\"><a href=\"https:\/\/www.ek-retail.com\/fr\/category\/ek-living\/\" rel=\"tag\">EK Living<\/a><\/span><span class=\"meta-item data-link\"><time class=\"entry-date updated\" datetime=\"2026-01-29T10:42:39+01:00\">29 janvier 2026<\/time><\/span><\/div><div class=\"entry-excerpt\"><p>La nouvelle ann\u00e9e de l&rsquo;am\u00e9nagement int\u00e9rieur est sur le point de commencer, et EK Living y sera. Du dimanche 1er f\u00e9vrier au mercredi 4 f\u00e9vrier&hellip;<\/p>\n<\/div><a href=\"https:\/\/www.ek-retail.com\/fr\/stories\/ek-living-present-aux-voorjaarsvakdagen-2026\/\" target=\"\" aria-label=\"En savoir plus sur EK Living pr\u00e9sent aux Voorjaarsvakdagen 2026\" class=\"box-button elementor-button elementor-size-md\">En savoir plus<\/a>\n<\/div><\/article><\/div><div class=\"hidden wf-cell category-311\" data-post-id=\"64148\" data-date=\"2026-01-28T17:07:00+01:00\" data-name=\"EK Living et .Crew remportent un double or aux Dutch Search Awards !\"><article class=\"post visible no-img post-64148 stories type-stories status-publish format-standard hentry category-ek-living description-off\" data-name=\"EK Living et .Crew remportent un double or aux Dutch Search Awards !\" data-date=\"2026-01-28T17:07:00+01:00\">\n\n<div class=\"post-entry-content\">\n\n\t<h3 class=\"ele-entry-title\"><a href=\"https:\/\/www.ek-retail.com\/fr\/stories\/ek-living-et-crew-remportent-un-double-or-aux-dutch-search-awards\/\" rel=\"bookmark\" title=\"EK Living et .Crew remportent un double or aux Dutch Search Awards !\">EK Living et .Crew remportent un double or aux Dutch Search Awards !<\/a><\/h3><div class=\"entry-meta\"><span class=\"meta-item category-link\"><a href=\"https:\/\/www.ek-retail.com\/fr\/category\/ek-living\/\" rel=\"tag\">EK Living<\/a><\/span><span class=\"meta-item data-link\"><time class=\"entry-date updated\" datetime=\"2026-01-28T17:07:00+01:00\">28 janvier 2026<\/time><\/span><\/div><div class=\"entry-excerpt\"><p>Utrecht, 12 d\u00e9cembre 2025 Grand succ\u00e8s pour EK Living et notre partenaire .Crew aux Dutch Search Awards.Le duo a remport\u00e9 le troph\u00e9e d&rsquo;or dans pas&hellip;<\/p>\n<\/div><a href=\"https:\/\/www.ek-retail.com\/fr\/stories\/ek-living-et-crew-remportent-un-double-or-aux-dutch-search-awards\/\" target=\"\" aria-label=\"En savoir plus sur EK Living et .Crew remportent un double or aux Dutch Search Awards !\" class=\"box-button elementor-button elementor-size-md\">En savoir plus<\/a>\n<\/div><\/article><\/div><div class=\"hidden wf-cell category-311\" data-post-id=\"64154\" data-date=\"2026-01-28T17:04:01+01:00\" data-name=\"Hunter Douglas et EK Living pr\u00e9sentent la collection Home de protection solaire aux entrepreneurs\"><article class=\"post visible no-img post-64154 stories type-stories status-publish format-standard hentry category-ek-living description-off\" data-name=\"Hunter Douglas et EK Living pr\u00e9sentent la collection Home de protection solaire aux entrepreneurs\" data-date=\"2026-01-28T17:04:01+01:00\">\n\n<div class=\"post-entry-content\">\n\n\t<h3 class=\"ele-entry-title\"><a href=\"https:\/\/www.ek-retail.com\/fr\/stories\/hunter-douglas-et-ek-living-presentent-la-collection-home-de-protection-solaire-aux-entrepreneurs\/\" rel=\"bookmark\" title=\"Hunter Douglas et EK Living pr\u00e9sentent la collection Home de protection solaire aux entrepreneurs\">Hunter Douglas et EK Living pr\u00e9sentent la collection Home de protection solaire aux entrepreneurs<\/a><\/h3><div class=\"entry-meta\"><span class=\"meta-item category-link\"><a href=\"https:\/\/www.ek-retail.com\/fr\/category\/ek-living\/\" rel=\"tag\">EK Living<\/a><\/span><span class=\"meta-item data-link\"><time class=\"entry-date updated\" datetime=\"2026-01-28T17:04:01+01:00\">28 janvier 2026<\/time><\/span><\/div><div class=\"entry-excerpt\"><p>Amersfoort\/Rotterdam, 17 octobre 2025 Lors d&rsquo;un lancement festif sur le SS Rotterdam, Hunter Douglas et EK Living ont pr\u00e9sent\u00e9 leur nouvelle collection Home de stores&hellip;<\/p>\n<\/div><a href=\"https:\/\/www.ek-retail.com\/fr\/stories\/hunter-douglas-et-ek-living-presentent-la-collection-home-de-protection-solaire-aux-entrepreneurs\/\" target=\"\" aria-label=\"En savoir plus sur Hunter Douglas et EK Living pr\u00e9sentent la collection Home de protection solaire aux entrepreneurs\" class=\"box-button elementor-button elementor-size-md\">En savoir plus<\/a>\n<\/div><\/article><\/div><div class=\"hidden wf-cell category-311\" data-post-id=\"64160\" data-date=\"2026-01-28T17:00:00+01:00\" data-name=\"EK Living choisit Hunter Douglas comme fournisseur exclusif de rev\u00eatements de fen\u00eatre de marque priv\u00e9e\"><article class=\"post visible no-img post-64160 stories type-stories status-publish format-standard hentry category-ek-living description-off\" data-name=\"EK Living choisit Hunter Douglas comme fournisseur exclusif de rev\u00eatements de fen\u00eatre de marque priv\u00e9e\" data-date=\"2026-01-28T17:00:00+01:00\">\n\n<div class=\"post-entry-content\">\n\n\t<h3 class=\"ele-entry-title\"><a href=\"https:\/\/www.ek-retail.com\/fr\/stories\/ek-living-choisit-hunter-douglas-comme-fournisseur-exclusif-de-revetements-de-fenetre-de-marque-privee\/\" rel=\"bookmark\" title=\"EK Living choisit Hunter Douglas comme fournisseur exclusif de rev\u00eatements de fen\u00eatre de marque priv\u00e9e\">EK Living choisit Hunter Douglas comme fournisseur exclusif de rev\u00eatements de fen\u00eatre de marque priv\u00e9e<\/a><\/h3><div class=\"entry-meta\"><span class=\"meta-item category-link\"><a href=\"https:\/\/www.ek-retail.com\/fr\/category\/ek-living\/\" rel=\"tag\">EK Living<\/a><\/span><span class=\"meta-item data-link\"><time class=\"entry-date updated\" datetime=\"2026-01-28T17:00:00+01:00\">28 janvier 2026<\/time><\/span><\/div><div class=\"entry-excerpt\"><p>Apr\u00e8s un processus de s\u00e9lection intensif, EK Living a choisi Hunter Douglas comme fournisseur exclusif de ses rev\u00eatements de fen\u00eatre de marque priv\u00e9e.La d\u00e9cision a&hellip;<\/p>\n<\/div><a href=\"https:\/\/www.ek-retail.com\/fr\/stories\/ek-living-choisit-hunter-douglas-comme-fournisseur-exclusif-de-revetements-de-fenetre-de-marque-privee\/\" target=\"\" aria-label=\"En savoir plus sur EK Living choisit Hunter Douglas comme fournisseur exclusif de rev\u00eatements de fen\u00eatre de marque priv\u00e9e\" class=\"box-button elementor-button elementor-size-md\">En savoir plus<\/a>\n<\/div><\/article><\/div><div class=\"hidden wf-cell category-317\" data-post-id=\"64166\" data-date=\"2025-12-17T13:52:00+01:00\" data-name=\"Hausger\u00e4te Huth d\u00e9marre avec un nouveau magasin electroplus k\u00fcchenplus dans le Hunsr\u00fcck\"><article class=\"post visible no-img post-64166 stories type-stories status-publish format-standard hentry category-ek-home description-off\" data-name=\"Hausger\u00e4te Huth d\u00e9marre avec un nouveau magasin electroplus k\u00fcchenplus dans le Hunsr\u00fcck\" data-date=\"2025-12-17T13:52:00+01:00\">\n\n<div class=\"post-entry-content\">\n\n\t<h3 class=\"ele-entry-title\"><a href=\"https:\/\/www.ek-retail.com\/fr\/stories\/hausgerate-huth-demarre-avec-un-nouveau-magasin-electroplus-kuchenplus-dans-le-hunsruck\/\" rel=\"bookmark\" title=\"Hausger\u00e4te Huth d\u00e9marre avec un nouveau magasin electroplus k\u00fcchenplus dans le Hunsr\u00fcck\">Hausger\u00e4te Huth d\u00e9marre avec un nouveau magasin electroplus k\u00fcchenplus dans le Hunsr\u00fcck<\/a><\/h3><div class=\"entry-meta\"><span class=\"meta-item category-link\"><a href=\"https:\/\/www.ek-retail.com\/fr\/category\/ek-home\/\" rel=\"tag\">EK Home<\/a><\/span><span class=\"meta-item data-link\"><time class=\"entry-date updated\" datetime=\"2025-12-17T13:52:00+01:00\">17 d\u00e9cembre 2025<\/time><\/span><\/div><div class=\"entry-excerpt\"><p>Bielefeld\/Kastellaun, 17 d\u00e9cembre 2025 \u2013 Comment r\u00e9inventer le commerce de d\u00e9tail physique en milieu rural \u2013 moderne, fort en marques et proche des clients \u00e0&hellip;<\/p>\n<\/div><a href=\"https:\/\/www.ek-retail.com\/fr\/stories\/hausgerate-huth-demarre-avec-un-nouveau-magasin-electroplus-kuchenplus-dans-le-hunsruck\/\" target=\"\" aria-label=\"En savoir plus sur Hausger\u00e4te Huth d\u00e9marre avec un nouveau magasin electroplus k\u00fcchenplus dans le Hunsr\u00fcck\" class=\"box-button elementor-button elementor-size-md\">En savoir plus<\/a>\n<\/div><\/article><\/div><div class=\"hidden wf-cell category-317\" data-post-id=\"65964\" data-date=\"2025-12-12T09:03:00+01:00\" data-name=\"Nouveau magasin electroplus k\u00fcchenplus \u00e0 Rosenheim\"><article class=\"post visible no-img post-65964 stories type-stories status-publish format-standard hentry category-ek-home description-off\" data-name=\"Nouveau magasin electroplus k\u00fcchenplus \u00e0 Rosenheim\" data-date=\"2025-12-12T09:03:00+01:00\">\n\n<div class=\"post-entry-content\">\n\n\t<h3 class=\"ele-entry-title\"><a href=\"https:\/\/www.ek-retail.com\/fr\/stories\/nouveau-magasin-electroplus-kuchenplus-a-rosenheim\/\" rel=\"bookmark\" title=\"Nouveau magasin electroplus k\u00fcchenplus \u00e0 Rosenheim\">Nouveau magasin electroplus k\u00fcchenplus \u00e0 Rosenheim<\/a><\/h3><div class=\"entry-meta\"><span class=\"meta-item category-link\"><a href=\"https:\/\/www.ek-retail.com\/fr\/category\/ek-home\/\" rel=\"tag\">EK Home<\/a><\/span><span class=\"meta-item data-link\"><time class=\"entry-date updated\" datetime=\"2025-12-12T09:03:00+01:00\">12 d\u00e9cembre 2025<\/time><\/span><\/div><div class=\"entry-excerpt\"><p>Bielefeld\/Rosenheim, le 10 d\u00e9cembre 2025 Lorsqu&rsquo;un nouveau magasin sp\u00e9cialis\u00e9 en \u00e9lectrom\u00e9nager et cuisines ouvre ses portes, cela n\u00e9cessite non seulement du courage entrepreneurial, mais aussi&hellip;<\/p>\n<\/div><a href=\"https:\/\/www.ek-retail.com\/fr\/stories\/nouveau-magasin-electroplus-kuchenplus-a-rosenheim\/\" target=\"\" aria-label=\"En savoir plus sur Nouveau magasin electroplus k\u00fcchenplus \u00e0 Rosenheim\" class=\"box-button elementor-button elementor-size-md\">En savoir plus<\/a>\n<\/div><\/article><\/div><div class=\"hidden wf-cell category-317\" data-post-id=\"65971\" data-date=\"2025-12-11T13:59:00+01:00\" data-name=\"4mybaby prend son envol avec le concept happybaby\"><article class=\"post visible no-img post-65971 stories type-stories status-publish format-standard hentry category-ek-home description-off\" data-name=\"4mybaby prend son envol avec le concept happybaby\" data-date=\"2025-12-11T13:59:00+01:00\">\n\n<div class=\"post-entry-content\">\n\n\t<h3 class=\"ele-entry-title\"><a href=\"https:\/\/www.ek-retail.com\/fr\/stories\/4mybaby-prend-son-envol-avec-le-concept-happybaby\/\" rel=\"bookmark\" title=\"4mybaby prend son envol avec le concept happybaby\">4mybaby prend son envol avec le concept happybaby<\/a><\/h3><div class=\"entry-meta\"><span class=\"meta-item category-link\"><a href=\"https:\/\/www.ek-retail.com\/fr\/category\/ek-home\/\" rel=\"tag\">EK Home<\/a><\/span><span class=\"meta-item data-link\"><time class=\"entry-date updated\" datetime=\"2025-12-11T13:59:00+01:00\">11 d\u00e9cembre 2025<\/time><\/span><\/div><div class=\"entry-excerpt\"><p>Bielefeld\/Regensdorf, le 11 d\u00e9cembre 2025 \u2013 Grande inauguration au Gr\u00fctpark \u00e0 Regensdorf\/Zurich Depuis la fin du mois de novembre, un nouveau magasin sp\u00e9cialis\u00e9 dans la&hellip;<\/p>\n<\/div><a href=\"https:\/\/www.ek-retail.com\/fr\/stories\/4mybaby-prend-son-envol-avec-le-concept-happybaby\/\" target=\"\" aria-label=\"En savoir plus sur 4mybaby prend son envol avec le concept happybaby\" class=\"box-button elementor-button elementor-size-md\">En savoir plus<\/a>\n<\/div><\/article><\/div><div class=\"hidden wf-cell category-317\" data-post-id=\"65980\" data-date=\"2025-12-04T14:01:00+01:00\" data-name=\"electroplus k\u00fcchenplus et Miele c\u00e9l\u00e8brent le succ\u00e8s de la campagne avec une augmentation significative des ventes\"><article class=\"post visible no-img post-65980 stories type-stories status-publish format-standard hentry category-ek-home description-off\" data-name=\"electroplus k\u00fcchenplus et Miele c\u00e9l\u00e8brent le succ\u00e8s de la campagne avec une augmentation significative des ventes\" data-date=\"2025-12-04T14:01:00+01:00\">\n\n<div class=\"post-entry-content\">\n\n\t<h3 class=\"ele-entry-title\"><a href=\"https:\/\/www.ek-retail.com\/fr\/stories\/electroplus-kuchenplus-et-miele-celebrent-le-succes-de-la-campagne-avec-une-augmentation-significative-des-ventes\/\" rel=\"bookmark\" title=\"electroplus k\u00fcchenplus et Miele c\u00e9l\u00e8brent le succ\u00e8s de la campagne avec une augmentation significative des ventes\">electroplus k\u00fcchenplus et Miele c\u00e9l\u00e8brent le succ\u00e8s de la campagne avec une augmentation significative des ventes<\/a><\/h3><div class=\"entry-meta\"><span class=\"meta-item category-link\"><a href=\"https:\/\/www.ek-retail.com\/fr\/category\/ek-home\/\" rel=\"tag\">EK Home<\/a><\/span><span class=\"meta-item data-link\"><time class=\"entry-date updated\" datetime=\"2025-12-04T14:01:00+01:00\">4 d\u00e9cembre 2025<\/time><\/span><\/div><div class=\"entry-excerpt\"><p>Bielefeld, 4 d\u00e9cembre 2025 Lorsque deux acteurs majeurs de l&rsquo;industrie unissent leurs forces pour la premi\u00e8re fois, les attentes sont \u00e9lev\u00e9es. Et le r\u00e9sultat est&hellip;<\/p>\n<\/div><a href=\"https:\/\/www.ek-retail.com\/fr\/stories\/electroplus-kuchenplus-et-miele-celebrent-le-succes-de-la-campagne-avec-une-augmentation-significative-des-ventes\/\" target=\"\" aria-label=\"En savoir plus sur electroplus k\u00fcchenplus et Miele c\u00e9l\u00e8brent le succ\u00e8s de la campagne avec une augmentation significative des ventes\" class=\"box-button elementor-button elementor-size-md\">En savoir plus<\/a>\n<\/div><\/article><\/div><div class=\"hidden wf-cell category-309\" data-post-id=\"65612\" data-date=\"2025-12-03T13:15:00+01:00\" data-name=\"Frank Heus prend la direction d&#039;EK Fashion\"><article class=\"post visible no-img post-65612 stories type-stories status-publish format-standard hentry category-ek-fashion description-off\" data-name=\"Frank Heus prend la direction d&rsquo;EK Fashion\" data-date=\"2025-12-03T13:15:00+01:00\">\n\n<div class=\"post-entry-content\">\n\n\t<h3 class=\"ele-entry-title\"><a href=\"https:\/\/www.ek-retail.com\/fr\/stories\/frank-heus-prend-la-direction-dek-fashion\/\" rel=\"bookmark\" title=\"Frank Heus prend la direction d&rsquo;EK Fashion\">Frank Heus prend la direction d&rsquo;EK Fashion<\/a><\/h3><div class=\"entry-meta\"><span class=\"meta-item category-link\"><a href=\"https:\/\/www.ek-retail.com\/fr\/category\/ek-fashion\/\" rel=\"tag\">EK Fashion<\/a><\/span><span class=\"meta-item data-link\"><time class=\"entry-date updated\" datetime=\"2025-12-03T13:15:00+01:00\">3 d\u00e9cembre 2025<\/time><\/span><\/div><div class=\"entry-excerpt\"><p>Amersfoort\/Bielefeld, 3 d\u00e9cembre 2025 \u2013 Frank Heus deviendra le nouveau directeur de l&rsquo;unit\u00e9 commerciale EK Fashion : Le dirigeant n\u00e9erlandais prendra la responsabilit\u00e9 du segment&hellip;<\/p>\n<\/div><a href=\"https:\/\/www.ek-retail.com\/fr\/stories\/frank-heus-prend-la-direction-dek-fashion\/\" target=\"\" aria-label=\"En savoir plus sur Frank Heus prend la direction d&rsquo;EK Fashion\" class=\"box-button elementor-button elementor-size-md\">En savoir plus<\/a>\n<\/div><\/article><\/div><div class=\"hidden wf-cell category-336\" data-post-id=\"67785\" data-date=\"2025-11-27T17:10:00+01:00\" data-name=\"Catrin van der Heide-Barth : \u00ab L\u2019assurance de b\u00e9n\u00e9ficier des meilleures offres aupr\u00e8s des fournisseurs de marques \u00bb\"><article class=\"post visible post-67785 stories type-stories status-publish format-standard has-post-thumbnail hentry category-ek-sport description-off\" data-name=\"Catrin van der Heide-Barth : \u00ab L\u2019assurance de b\u00e9n\u00e9ficier des meilleures offres aupr\u00e8s des fournisseurs de marques \u00bb\" data-date=\"2025-11-27T17:10:00+01:00\">\n\n\t<div class=\"post-thumbnail-wrap\">\n\t\t<div class=\"post-thumbnail\">\n\n\t\t\t<a class=\"post-thumbnail-rollover img-css-resize-wrapper\" aria-label=\"Image article\" href=\"https:\/\/www.ek-retail.com\/fr\/stories\/catrin-van-der-heide-barth-lassurance-de-beneficier-des-meilleures-offres-aupres-des-fournisseurs-de-marques\/\"><img loading=\"lazy\" decoding=\"async\" width=\"950\" height=\"535\" src=\"https:\/\/www.ek-retail.com\/wp-content\/uploads\/2025\/10\/catrinvanderheide.png\" class=\"attachment-full size-full preload-me aspect\" alt=\"\" srcset=\"https:\/\/www.ek-retail.com\/wp-content\/uploads\/2025\/10\/catrinvanderheide.png 950w, https:\/\/www.ek-retail.com\/wp-content\/uploads\/2025\/10\/catrinvanderheide-300x169.png 300w, https:\/\/www.ek-retail.com\/wp-content\/uploads\/2025\/10\/catrinvanderheide-768x433.png 768w\" sizes=\"(max-width: 950px) 100vw, 950px\" style=\"--ratio: 950 \/ 535;\" \/><span class=\"the7-hover-icon\"><i aria-hidden=\"true\" class=\"fas fa-plus\"><\/i><\/span><\/a>\n\t\t<\/div>\n\t<\/div>\n\n\n<div class=\"post-entry-content\">\n\n\t<h3 class=\"ele-entry-title\"><a href=\"https:\/\/www.ek-retail.com\/fr\/stories\/catrin-van-der-heide-barth-lassurance-de-beneficier-des-meilleures-offres-aupres-des-fournisseurs-de-marques\/\" rel=\"bookmark\" title=\"Catrin van der Heide-Barth : \u00ab L\u2019assurance de b\u00e9n\u00e9ficier des meilleures offres aupr\u00e8s des fournisseurs de marques \u00bb\">Catrin van der Heide-Barth : \u00ab L\u2019assurance de b\u00e9n\u00e9ficier des meilleures offres aupr\u00e8s des fournisseurs de marques \u00bb<\/a><\/h3><div class=\"entry-meta\"><span class=\"meta-item category-link\"><a href=\"https:\/\/www.ek-retail.com\/fr\/category\/ek-sport\/\" rel=\"tag\">EK Sport<\/a><\/span><span class=\"meta-item data-link\"><time class=\"entry-date updated\" datetime=\"2025-11-27T17:10:00+01:00\">27 novembre 2025<\/time><\/span><\/div><div class=\"entry-excerpt\"><p>\u00ab En plus d\u2019INTERSPORT Roden, je poss\u00e8de un autre magasin sp\u00e9cialis\u00e9 dans les sports d\u2019hiver, avec lequel je suis \u00e9galement affili\u00e9e \u00e0 EK Retail. Nos&hellip;<\/p>\n<\/div><a href=\"https:\/\/www.ek-retail.com\/fr\/stories\/catrin-van-der-heide-barth-lassurance-de-beneficier-des-meilleures-offres-aupres-des-fournisseurs-de-marques\/\" target=\"\" aria-label=\"En savoir plus sur Catrin van der Heide-Barth : \u00ab L\u2019assurance de b\u00e9n\u00e9ficier des meilleures offres aupr\u00e8s des fournisseurs de marques \u00bb\" class=\"box-button elementor-button elementor-size-md\">En savoir plus<\/a>\n<\/div><\/article><\/div><div class=\"hidden wf-cell category-317\" data-post-id=\"65987\" data-date=\"2025-11-25T14:06:00+01:00\" data-name=\"Nouvelle recrue chez EK Home Housewares\"><article class=\"post visible no-img post-65987 stories type-stories status-publish format-standard hentry category-ek-home description-off\" data-name=\"Nouvelle recrue chez EK Home Housewares\" data-date=\"2025-11-25T14:06:00+01:00\">\n\n<div class=\"post-entry-content\">\n\n\t<h3 class=\"ele-entry-title\"><a href=\"https:\/\/www.ek-retail.com\/fr\/stories\/nouvelle-recrue-chez-ek-home-housewares\/\" rel=\"bookmark\" title=\"Nouvelle recrue chez EK Home Housewares\">Nouvelle recrue chez EK Home Housewares<\/a><\/h3><div class=\"entry-meta\"><span class=\"meta-item category-link\"><a href=\"https:\/\/www.ek-retail.com\/fr\/category\/ek-home\/\" rel=\"tag\">EK Home<\/a><\/span><span class=\"meta-item data-link\"><time class=\"entry-date updated\" datetime=\"2025-11-25T14:06:00+01:00\">25 novembre 2025<\/time><\/span><\/div><div class=\"entry-excerpt\"><p>Bielefeld, le 25 novembre 2025 Nantje Meyer prend la direction de la gestion de cat\u00e9gorie Articles m\u00e9nagers Bielefeld, le 25 novembre 2025 \u2013 EK Home&hellip;<\/p>\n<\/div><a href=\"https:\/\/www.ek-retail.com\/fr\/stories\/nouvelle-recrue-chez-ek-home-housewares\/\" target=\"\" aria-label=\"En savoir plus sur Nouvelle recrue chez EK Home Housewares\" class=\"box-button elementor-button elementor-size-md\">En savoir plus<\/a>\n<\/div><\/article><\/div><div class=\"hidden wf-cell category-294\" data-post-id=\"65614\" data-date=\"2025-11-14T13:11:00+01:00\" data-name=\"Chicago mise sur le \u00ab Made in Germany \u00bb : un \u00ab Pavillon allemand \u00bb au salon The Inspired Home Show 2026\"><article class=\"post visible no-img post-65614 stories type-stories status-publish format-standard hentry category-non-categorise description-off\" data-name=\"Chicago mise sur le \u00ab Made in Germany \u00bb : un \u00ab Pavillon allemand \u00bb au salon The Inspired Home Show 2026\" data-date=\"2025-11-14T13:11:00+01:00\">\n\n<div class=\"post-entry-content\">\n\n\t<h3 class=\"ele-entry-title\"><a href=\"https:\/\/www.ek-retail.com\/fr\/stories\/chicago-mise-sur-le-made-in-germany-un-pavillon-allemand-au-salon-the-inspired-home-show-2026\/\" rel=\"bookmark\" title=\"Chicago mise sur le \u00ab Made in Germany \u00bb : un \u00ab Pavillon allemand \u00bb au salon The Inspired Home Show 2026\">Chicago mise sur le \u00ab Made in Germany \u00bb : un \u00ab Pavillon allemand \u00bb au salon The Inspired Home Show 2026<\/a><\/h3><div class=\"entry-meta\"><span class=\"meta-item category-link\"><a href=\"https:\/\/www.ek-retail.com\/fr\/category\/non-categorise\/\" rel=\"tag\">Non cat\u00e9goris\u00e9<\/a><\/span><span class=\"meta-item data-link\"><time class=\"entry-date updated\" datetime=\"2025-11-14T13:11:00+01:00\">14 novembre 2025<\/time><\/span><\/div><div class=\"entry-excerpt\"><p>Berlin\/Bielefeld\/Chicago, le 14 novembre 2025 Le label de qualit\u00e9 \u00ab Made in Germany \u00bb jouit toujours d\u2019une excellente r\u00e9putation mondiale. C\u2019est une raison suffisante pour&hellip;<\/p>\n<\/div><a href=\"https:\/\/www.ek-retail.com\/fr\/stories\/chicago-mise-sur-le-made-in-germany-un-pavillon-allemand-au-salon-the-inspired-home-show-2026\/\" target=\"\" aria-label=\"En savoir plus sur Chicago mise sur le \u00ab Made in Germany \u00bb : un \u00ab Pavillon allemand \u00bb au salon The Inspired Home Show 2026\" class=\"box-button elementor-button elementor-size-md\">En savoir plus<\/a>\n<\/div><\/article><\/div><div class=\"hidden wf-cell category-317\" data-post-id=\"66000\" data-date=\"2025-11-13T09:58:00+01:00\" data-name=\"Un nouveau lieu pour les jeunes familles \u2013 Nouveau partenaire happybaby : Jungmann mini &amp; me \u00e0 Bolzano\"><article class=\"post visible no-img post-66000 stories type-stories status-publish format-standard hentry category-ek-home description-off\" data-name=\"Un nouveau lieu pour les jeunes familles \u2013 Nouveau partenaire happybaby : Jungmann mini &amp; me \u00e0 Bolzano\" data-date=\"2025-11-13T09:58:00+01:00\">\n\n<div class=\"post-entry-content\">\n\n\t<h3 class=\"ele-entry-title\"><a href=\"https:\/\/www.ek-retail.com\/fr\/stories\/un-nouveau-lieu-pour-les-jeunes-familles-nouveau-partenaire-happybaby-jungmann-mini-me-a-bolzano\/\" rel=\"bookmark\" title=\"Un nouveau lieu pour les jeunes familles \u2013 Nouveau partenaire happybaby : Jungmann mini &amp; me \u00e0 Bolzano\">Un nouveau lieu pour les jeunes familles \u2013 Nouveau partenaire happybaby : Jungmann mini &amp; me \u00e0 Bolzano<\/a><\/h3><div class=\"entry-meta\"><span class=\"meta-item category-link\"><a href=\"https:\/\/www.ek-retail.com\/fr\/category\/ek-home\/\" rel=\"tag\">EK Home<\/a><\/span><span class=\"meta-item data-link\"><time class=\"entry-date updated\" datetime=\"2025-11-13T09:58:00+01:00\">13 novembre 2025<\/time><\/span><\/div><div class=\"entry-excerpt\"><p>Un nouveau lieu pour les jeunes familles Nouveau partenaire happybaby : Jungmann mini &amp; me \u00e0 Bolzano Bielefeld\/Bolzano, le 13 novembre 2025 \u2013 Le centre&hellip;<\/p>\n<\/div><a href=\"https:\/\/www.ek-retail.com\/fr\/stories\/un-nouveau-lieu-pour-les-jeunes-familles-nouveau-partenaire-happybaby-jungmann-mini-me-a-bolzano\/\" target=\"\" aria-label=\"En savoir plus sur Un nouveau lieu pour les jeunes familles \u2013 Nouveau partenaire happybaby : Jungmann mini &amp; me \u00e0 Bolzano\" class=\"box-button elementor-button elementor-size-md\">En savoir plus<\/a>\n<\/div><\/article><\/div><div class=\"hidden wf-cell category-336\" data-post-id=\"67792\" data-date=\"2025-11-04T13:32:00+01:00\" data-name=\"Arnold den Dikken : \u00ab INTERSPORT nous assure une strat\u00e9gie omnicanale \u00bb\"><article class=\"post visible post-67792 stories type-stories status-publish format-standard has-post-thumbnail hentry category-ek-sport description-off\" data-name=\"Arnold den Dikken : \u00ab INTERSPORT nous assure une strat\u00e9gie omnicanale \u00bb\" data-date=\"2025-11-04T13:32:00+01:00\">\n\n\t<div class=\"post-thumbnail-wrap\">\n\t\t<div class=\"post-thumbnail\">\n\n\t\t\t<a class=\"post-thumbnail-rollover img-css-resize-wrapper\" aria-label=\"Image article\" href=\"https:\/\/www.ek-retail.com\/fr\/stories\/arnold-den-dikken-intersport-nous-assure-une-strategie-omnicanale\/\"><img loading=\"lazy\" decoding=\"async\" width=\"2000\" height=\"1241\" src=\"https:\/\/www.ek-retail.com\/wp-content\/uploads\/2025\/11\/240605-intersport0463.jpg\" class=\"attachment-full size-full preload-me aspect\" alt=\"\" srcset=\"https:\/\/www.ek-retail.com\/wp-content\/uploads\/2025\/11\/240605-intersport0463.jpg 2000w, https:\/\/www.ek-retail.com\/wp-content\/uploads\/2025\/11\/240605-intersport0463-300x186.jpg 300w, https:\/\/www.ek-retail.com\/wp-content\/uploads\/2025\/11\/240605-intersport0463-1024x635.jpg 1024w, https:\/\/www.ek-retail.com\/wp-content\/uploads\/2025\/11\/240605-intersport0463-768x477.jpg 768w, https:\/\/www.ek-retail.com\/wp-content\/uploads\/2025\/11\/240605-intersport0463-1536x953.jpg 1536w\" sizes=\"(max-width: 2000px) 100vw, 2000px\" style=\"--ratio: 2000 \/ 1241;\" \/><span class=\"the7-hover-icon\"><i aria-hidden=\"true\" class=\"fas fa-plus\"><\/i><\/span><\/a>\n\t\t<\/div>\n\t<\/div>\n\n\n<div class=\"post-entry-content\">\n\n\t<h3 class=\"ele-entry-title\"><a href=\"https:\/\/www.ek-retail.com\/fr\/stories\/arnold-den-dikken-intersport-nous-assure-une-strategie-omnicanale\/\" rel=\"bookmark\" title=\"Arnold den Dikken : \u00ab INTERSPORT nous assure une strat\u00e9gie omnicanale \u00bb\">Arnold den Dikken : \u00ab INTERSPORT nous assure une strat\u00e9gie omnicanale \u00bb<\/a><\/h3><div class=\"entry-meta\"><span class=\"meta-item category-link\"><a href=\"https:\/\/www.ek-retail.com\/fr\/category\/ek-sport\/\" rel=\"tag\">EK Sport<\/a><\/span><span class=\"meta-item data-link\"><time class=\"entry-date updated\" datetime=\"2025-11-04T13:32:00+01:00\">4 novembre 2025<\/time><\/span><\/div><div class=\"entry-excerpt\"><p>\u00ab Je suis Arnold den Dikken, un entrepreneur INTERSPORT \u00e0 Nunspeet, avec mon \u00e9pouse, Karla. Nous g\u00e9rons le magasin INTERSPORT \u00e0 Nunspeet depuis 15 ans.&hellip;<\/p>\n<\/div><a href=\"https:\/\/www.ek-retail.com\/fr\/stories\/arnold-den-dikken-intersport-nous-assure-une-strategie-omnicanale\/\" target=\"\" aria-label=\"En savoir plus sur Arnold den Dikken : \u00ab INTERSPORT nous assure une strat\u00e9gie omnicanale \u00bb\" class=\"box-button elementor-button elementor-size-md\">En savoir plus<\/a>\n<\/div><\/article><\/div><div class=\"hidden wf-cell category-294\" data-post-id=\"65616\" data-date=\"2025-10-23T13:13:00+02:00\" data-name=\"Eus Peters rejoint le jury de l\u2019European Retail Award\"><article class=\"post visible no-img post-65616 stories type-stories status-publish format-standard hentry category-non-categorise description-off\" data-name=\"Eus Peters rejoint le jury de l\u2019European Retail Award\" data-date=\"2025-10-23T13:13:00+02:00\">\n\n<div class=\"post-entry-content\">\n\n\t<h3 class=\"ele-entry-title\"><a href=\"https:\/\/www.ek-retail.com\/fr\/stories\/eus-peters-rejoint-le-jury-de-leuropean-retail-award\/\" rel=\"bookmark\" title=\"Eus Peters rejoint le jury de l\u2019European Retail Award\">Eus Peters rejoint le jury de l\u2019European Retail Award<\/a><\/h3><div class=\"entry-meta\"><span class=\"meta-item category-link\"><a href=\"https:\/\/www.ek-retail.com\/fr\/category\/non-categorise\/\" rel=\"tag\">Non cat\u00e9goris\u00e9<\/a><\/span><span class=\"meta-item data-link\"><time class=\"entry-date updated\" datetime=\"2025-10-23T13:13:00+02:00\">23 octobre 2025<\/time><\/span><\/div><div class=\"entry-excerpt\"><p>Bielefeld, le 23 octobre 2025Eus Peters rejoint le jury de l\u2019European Retail AwardKlaus Schmelzeisen se retire apr\u00e8s 14 ans en tant que membre du jury&hellip;<\/p>\n<\/div><a href=\"https:\/\/www.ek-retail.com\/fr\/stories\/eus-peters-rejoint-le-jury-de-leuropean-retail-award\/\" target=\"\" aria-label=\"En savoir plus sur Eus Peters rejoint le jury de l\u2019European Retail Award\" class=\"box-button elementor-button elementor-size-md\">En savoir plus<\/a>\n<\/div><\/article><\/div><div class=\"hidden wf-cell category-336\" data-post-id=\"67798\" data-date=\"2025-10-19T08:35:00+02:00\" data-name=\"Danny Pormes : \u00ab Avec Runnersworld, nous faisons la diff\u00e9rence \u00bb\"><article class=\"post visible post-67798 stories type-stories status-publish format-standard has-post-thumbnail hentry category-ek-sport description-off\" data-name=\"Danny Pormes : \u00ab Avec Runnersworld, nous faisons la diff\u00e9rence \u00bb\" data-date=\"2025-10-19T08:35:00+02:00\">\n\n\t<div class=\"post-thumbnail-wrap\">\n\t\t<div class=\"post-thumbnail\">\n\n\t\t\t<a class=\"post-thumbnail-rollover img-css-resize-wrapper\" aria-label=\"Image article\" href=\"https:\/\/www.ek-retail.com\/fr\/stories\/danny-pormes-avec-runnersworld-nous-faisons-la-difference\/\"><img loading=\"lazy\" decoding=\"async\" width=\"950\" height=\"633\" src=\"https:\/\/www.ek-retail.com\/wp-content\/uploads\/2025\/10\/dannypormes.jpg\" class=\"attachment-full size-full preload-me aspect\" alt=\"\" srcset=\"https:\/\/www.ek-retail.com\/wp-content\/uploads\/2025\/10\/dannypormes.jpg 950w, https:\/\/www.ek-retail.com\/wp-content\/uploads\/2025\/10\/dannypormes-300x200.jpg 300w, https:\/\/www.ek-retail.com\/wp-content\/uploads\/2025\/10\/dannypormes-768x512.jpg 768w\" sizes=\"(max-width: 950px) 100vw, 950px\" style=\"--ratio: 950 \/ 633;\" \/><span class=\"the7-hover-icon\"><i aria-hidden=\"true\" class=\"fas fa-plus\"><\/i><\/span><\/a>\n\t\t<\/div>\n\t<\/div>\n\n\n<div class=\"post-entry-content\">\n\n\t<h3 class=\"ele-entry-title\"><a href=\"https:\/\/www.ek-retail.com\/fr\/stories\/danny-pormes-avec-runnersworld-nous-faisons-la-difference\/\" rel=\"bookmark\" title=\"Danny Pormes : \u00ab Avec Runnersworld, nous faisons la diff\u00e9rence \u00bb\">Danny Pormes : \u00ab Avec Runnersworld, nous faisons la diff\u00e9rence \u00bb<\/a><\/h3><div class=\"entry-meta\"><span class=\"meta-item category-link\"><a href=\"https:\/\/www.ek-retail.com\/fr\/category\/ek-sport\/\" rel=\"tag\">EK Sport<\/a><\/span><span class=\"meta-item data-link\"><time class=\"entry-date updated\" datetime=\"2025-10-19T08:35:00+02:00\">19 octobre 2025<\/time><\/span><\/div><div class=\"entry-excerpt\"><p>\u00ab La coop\u00e9ration avec EK Retail a renforc\u00e9 nos magasins. Les achats group\u00e9s sont essentiels ici, tout comme les campagnes de marketing nationales conjointes avec&hellip;<\/p>\n<\/div><a href=\"https:\/\/www.ek-retail.com\/fr\/stories\/danny-pormes-avec-runnersworld-nous-faisons-la-difference\/\" target=\"\" aria-label=\"En savoir plus sur Danny Pormes : \u00ab Avec Runnersworld, nous faisons la diff\u00e9rence \u00bb\" class=\"box-button elementor-button elementor-size-md\">En savoir plus<\/a>\n<\/div><\/article><\/div><div class=\"hidden wf-cell category-317\" data-post-id=\"66004\" data-date=\"2025-09-18T14:04:00+02:00\" data-name=\"Innovation, Inspiration, Interaction : le salon d&#039;automne EK LIVE pr\u00e9sente \u00ab Impulses to Go \u00bb\"><article class=\"post visible no-img post-66004 stories type-stories status-publish format-standard hentry category-ek-home description-off\" data-name=\"Innovation, Inspiration, Interaction : le salon d&rsquo;automne EK LIVE pr\u00e9sente \u00ab Impulses to Go \u00bb\" data-date=\"2025-09-18T14:04:00+02:00\">\n\n<div class=\"post-entry-content\">\n\n\t<h3 class=\"ele-entry-title\"><a href=\"https:\/\/www.ek-retail.com\/fr\/stories\/innovation-inspiration-interaction-le-salon-dautomne-ek-live-presente-impulses-to-go\/\" rel=\"bookmark\" title=\"Innovation, Inspiration, Interaction : le salon d&rsquo;automne EK LIVE pr\u00e9sente \u00ab Impulses to Go \u00bb\">Innovation, Inspiration, Interaction : le salon d&rsquo;automne EK LIVE pr\u00e9sente \u00ab Impulses to Go \u00bb<\/a><\/h3><div class=\"entry-meta\"><span class=\"meta-item category-link\"><a href=\"https:\/\/www.ek-retail.com\/fr\/category\/ek-home\/\" rel=\"tag\">EK Home<\/a><\/span><span class=\"meta-item data-link\"><time class=\"entry-date updated\" datetime=\"2025-09-18T14:04:00+02:00\">18 septembre 2025<\/time><\/span><\/div><div class=\"entry-excerpt\"><p>Bielefeld, le 17 septembre 2025 Du 17 au 19 septembre 2025, Bielefeld devient le point de rencontre des d\u00e9taillants sp\u00e9cialis\u00e9s ind\u00e9pendants : plus de 250&hellip;<\/p>\n<\/div><a href=\"https:\/\/www.ek-retail.com\/fr\/stories\/innovation-inspiration-interaction-le-salon-dautomne-ek-live-presente-impulses-to-go\/\" target=\"\" aria-label=\"En savoir plus sur Innovation, Inspiration, Interaction : le salon d&rsquo;automne EK LIVE pr\u00e9sente \u00ab Impulses to Go \u00bb\" class=\"box-button elementor-button elementor-size-md\">En savoir plus<\/a>\n<\/div><\/article><\/div><div class=\"hidden wf-cell category-294\" data-post-id=\"65617\" data-date=\"2025-09-18T11:27:00+02:00\" data-name=\"Le Conseil de surveillance d&#039;EK Retail se reconstitue\"><article class=\"post visible no-img post-65617 stories type-stories status-publish format-standard hentry category-non-categorise description-off\" data-name=\"Le Conseil de surveillance d&rsquo;EK Retail se reconstitue\" data-date=\"2025-09-18T11:27:00+02:00\">\n\n<div class=\"post-entry-content\">\n\n\t<h3 class=\"ele-entry-title\"><a href=\"https:\/\/www.ek-retail.com\/fr\/stories\/le-conseil-de-surveillance-dek-retail-se-reconstitue\/\" rel=\"bookmark\" title=\"Le Conseil de surveillance d&rsquo;EK Retail se reconstitue\">Le Conseil de surveillance d&rsquo;EK Retail se reconstitue<\/a><\/h3><div class=\"entry-meta\"><span class=\"meta-item category-link\"><a href=\"https:\/\/www.ek-retail.com\/fr\/category\/non-categorise\/\" rel=\"tag\">Non cat\u00e9goris\u00e9<\/a><\/span><span class=\"meta-item data-link\"><time class=\"entry-date updated\" datetime=\"2025-09-18T11:27:00+02:00\">18 septembre 2025<\/time><\/span><\/div><div class=\"entry-excerpt\"><p>Bielefeld, le 18 septembre 2025 L&rsquo;Assembl\u00e9e des repr\u00e9sentants \u00e9lit Johan G.M. Vlassak au Conseil de surveillance \/ Dr Marc Zgaga nomm\u00e9 nouveau vice-pr\u00e9sident du Conseil&hellip;<\/p>\n<\/div><a href=\"https:\/\/www.ek-retail.com\/fr\/stories\/le-conseil-de-surveillance-dek-retail-se-reconstitue\/\" target=\"\" aria-label=\"En savoir plus sur Le Conseil de surveillance d&rsquo;EK Retail se reconstitue\" class=\"box-button elementor-button elementor-size-md\">En savoir plus<\/a>\n<\/div><\/article><\/div><div class=\"hidden wf-cell category-309\" data-post-id=\"63905\" data-date=\"2025-07-17T14:18:09+02:00\" data-name=\"Pleins feux sur&nbsp;: Fabienne Chapot\"><article class=\"post visible no-img post-63905 stories type-stories status-publish format-standard hentry category-ek-fashion description-off\" data-name=\"Pleins feux sur&nbsp;: Fabienne Chapot\" data-date=\"2025-07-17T14:18:09+02:00\">\n\n<div class=\"post-entry-content\">\n\n\t<h3 class=\"ele-entry-title\"><a href=\"https:\/\/www.ek-retail.com\/fr\/stories\/pleins-feux-sur-fabienne-chapot\/\" rel=\"bookmark\" title=\"Pleins feux sur&nbsp;: Fabienne Chapot\">Pleins feux sur&nbsp;: Fabienne Chapot<\/a><\/h3><div class=\"entry-meta\"><span class=\"meta-item category-link\"><a href=\"https:\/\/www.ek-retail.com\/fr\/category\/ek-fashion\/\" rel=\"tag\">EK Fashion<\/a><\/span><span class=\"meta-item data-link\"><time class=\"entry-date updated\" datetime=\"2025-07-17T14:18:09+02:00\">17 juillet 2025<\/time><\/span><\/div><div class=\"entry-excerpt\"><p>&lsquo;\u00ab\u00a0Ce n\u2019est pas si difficile de cr\u00e9er un engouement, c\u2019est difficile de le maintenir.\u00a0\u00bb Dites-nous, qui est Fabienne\u00a0?\u00ab\u00a0Je suis Fabienne et je travaille sur Fabienne&hellip;<\/p>\n<\/div><a href=\"https:\/\/www.ek-retail.com\/fr\/stories\/pleins-feux-sur-fabienne-chapot\/\" target=\"\" aria-label=\"En savoir plus sur Pleins feux sur&nbsp;: Fabienne Chapot\" class=\"box-button elementor-button elementor-size-md\">En savoir plus<\/a>\n<\/div><\/article><\/div><div class=\"hidden wf-cell category-309\" data-post-id=\"63911\" data-date=\"2025-07-17T14:15:00+02:00\" data-name=\"Sous les projecteurs : Masai Copenhagen \u2013 Jeroen Meijer\"><article class=\"post visible no-img post-63911 stories type-stories status-publish format-standard hentry category-ek-fashion description-off\" data-name=\"Sous les projecteurs : Masai Copenhagen \u2013 Jeroen Meijer\" data-date=\"2025-07-17T14:15:00+02:00\">\n\n<div class=\"post-entry-content\">\n\n\t<h3 class=\"ele-entry-title\"><a href=\"https:\/\/www.ek-retail.com\/fr\/stories\/sous-les-projecteurs-masai-copenhagen-jeroen-meijer\/\" rel=\"bookmark\" title=\"Sous les projecteurs : Masai Copenhagen \u2013 Jeroen Meijer\">Sous les projecteurs : Masai Copenhagen \u2013 Jeroen Meijer<\/a><\/h3><div class=\"entry-meta\"><span class=\"meta-item category-link\"><a href=\"https:\/\/www.ek-retail.com\/fr\/category\/ek-fashion\/\" rel=\"tag\">EK Fashion<\/a><\/span><span class=\"meta-item data-link\"><time class=\"entry-date updated\" datetime=\"2025-07-17T14:15:00+02:00\">17 juillet 2025<\/time><\/span><\/div><div class=\"entry-excerpt\"><p>\u00ab Con\u00e7u avec r\u00e9flexion \u00e0 Copenhague, inspir\u00e9 par les femmes \u00bb Jeroen est responsable des ventes Benelux chez Masai Copenhagen. Masai est une marque danoise&hellip;<\/p>\n<\/div><a href=\"https:\/\/www.ek-retail.com\/fr\/stories\/sous-les-projecteurs-masai-copenhagen-jeroen-meijer\/\" target=\"\" aria-label=\"En savoir plus sur Sous les projecteurs : Masai Copenhagen \u2013 Jeroen Meijer\" class=\"box-button elementor-button elementor-size-md\">En savoir plus<\/a>\n<\/div><\/article><\/div><div class=\"hidden wf-cell category-309\" data-post-id=\"63917\" data-date=\"2025-07-17T14:13:49+02:00\" data-name=\"Pleins feux sur&nbsp;: Maribelle Mode - Tineke Ottevanger\"><article class=\"post visible no-img post-63917 stories type-stories status-publish format-standard hentry category-ek-fashion description-off\" data-name=\"Pleins feux sur&nbsp;: Maribelle Mode &#8211; Tineke Ottevanger\" data-date=\"2025-07-17T14:13:49+02:00\">\n\n<div class=\"post-entry-content\">\n\n\t<h3 class=\"ele-entry-title\"><a href=\"https:\/\/www.ek-retail.com\/fr\/stories\/pleins-feux-sur-maribelle-mode-tineke-ottevanger\/\" rel=\"bookmark\" title=\"Pleins feux sur&nbsp;: Maribelle Mode &#8211; Tineke Ottevanger\">Pleins feux sur&nbsp;: Maribelle Mode &#8211; Tineke Ottevanger<\/a><\/h3><div class=\"entry-meta\"><span class=\"meta-item category-link\"><a href=\"https:\/\/www.ek-retail.com\/fr\/category\/ek-fashion\/\" rel=\"tag\">EK Fashion<\/a><\/span><span class=\"meta-item data-link\"><time class=\"entry-date updated\" datetime=\"2025-07-17T14:13:49+02:00\">17 juillet 2025<\/time><\/span><\/div><div class=\"entry-excerpt\"><p>\u00ab\u00a0Vous devez cr\u00e9er vous-m\u00eame une atmosph\u00e8re agr\u00e9able chaque jour.\u00a0\u00bb Tineke est propri\u00e9taire de Maribelle Mode, un magasin de mode f\u00e9minine \u00e0 Klundert, depuis 32\u00a0ans. Lorsqu\u2019elle&hellip;<\/p>\n<\/div><a href=\"https:\/\/www.ek-retail.com\/fr\/stories\/pleins-feux-sur-maribelle-mode-tineke-ottevanger\/\" target=\"\" aria-label=\"En savoir plus sur Pleins feux sur&nbsp;: Maribelle Mode &#8211; Tineke Ottevanger\" class=\"box-button elementor-button elementor-size-md\">En savoir plus<\/a>\n<\/div><\/article><\/div><\/div><!-- iso-container|iso-grid --><div class=\"paginator filter-decorations paginator-more-button filter-pointer-underline\">\n\t\t\t\t<a class=\"button-load-more highlighted filter-item\" href=\"javascript:void(0);\" data-dt-page=\"1\" ><i aria-hidden=\"true\" class=\"fas fa-arrow-circle-down\"><\/i><span class=\"button-caption\">Charger plus<\/span><\/a>\n\t\t\t<\/div><\/div>\t\t\t\t<\/div>\n\t\t\t\t<\/div>\n\t\t\t\t\t<\/div>\n\t\t\t\t<\/div>\n\t\t\t\t<\/div>\n\t\t","protected":false},"excerpt":{"rendered":"<p>PRESSE Avec nos partenaires, nous sommes r\u00e9guli\u00e8rement pr\u00e9sents dans la presse. Contact Communiqu\u00e9s de presse Que ce soit aux Pays-Bas, en France ou en Allemagne, nous sommes repr\u00e9sent\u00e9s partout dans la presse. Tout afficherEK DIYEK FashionEK HomeEK LivingEK SportGroup LevelPressSort by dateSort by nameDescendingAscending A look back at an inspiring sales training session at EK&hellip;<\/p>\n","protected":false},"author":2,"featured_media":0,"parent":0,"menu_order":0,"comment_status":"closed","ping_status":"closed","template":"elementor_header_footer","meta":{"footnotes":""},"class_list":["post-64050","page","type-page","status-publish","hentry","description-off"],"_links":{"self":[{"href":"https:\/\/www.ek-retail.com\/fr\/wp-json\/wp\/v2\/pages\/64050","targetHints":{"allow":["GET"]}}],"collection":[{"href":"https:\/\/www.ek-retail.com\/fr\/wp-json\/wp\/v2\/pages"}],"about":[{"href":"https:\/\/www.ek-retail.com\/fr\/wp-json\/wp\/v2\/types\/page"}],"author":[{"embeddable":true,"href":"https:\/\/www.ek-retail.com\/fr\/wp-json\/wp\/v2\/users\/2"}],"replies":[{"embeddable":true,"href":"https:\/\/www.ek-retail.com\/fr\/wp-json\/wp\/v2\/comments?post=64050"}],"version-history":[{"count":0,"href":"https:\/\/www.ek-retail.com\/fr\/wp-json\/wp\/v2\/pages\/64050\/revisions"}],"wp:attachment":[{"href":"https:\/\/www.ek-retail.com\/fr\/wp-json\/wp\/v2\/media?parent=64050"}],"curies":[{"name":"wp","href":"https:\/\/api.w.org\/{rel}","templated":true}]}}