{"id":64021,"date":"2025-07-03T11:56:51","date_gmt":"2025-07-03T09:56:51","guid":{"rendered":"https:\/\/www-preview.ek-retail.com\/pers\/"},"modified":"2026-04-02T15:02:46","modified_gmt":"2026-04-02T13:02:46","slug":"pers","status":"publish","type":"page","link":"https:\/\/www.ek-retail.com\/nl\/pers\/","title":{"rendered":"Pers"},"content":{"rendered":"\t\t<div data-elementor-type=\"wp-page\" data-elementor-id=\"64021\" class=\"elementor elementor-64021 elementor-47874\" data-elementor-post-type=\"page\">\n\t\t\t\t<div class=\"elementor-element elementor-element-42c35f4 hero-section e-flex e-con-boxed e-con e-parent\" data-id=\"42c35f4\" data-element_type=\"container\" data-e-type=\"container\">\n\t\t\t\t\t<div class=\"e-con-inner\">\n\t\t<div class=\"elementor-element elementor-element-f597dda e-con-full e-flex e-con e-child\" data-id=\"f597dda\" data-element_type=\"container\" data-e-type=\"container\" data-settings=\"{&quot;background_background&quot;:&quot;classic&quot;}\">\n\t\t\t\t<div class=\"elementor-element elementor-element-5cc31c4 elementor-widget__width-inherit elementor-widget elementor-widget-image\" data-id=\"5cc31c4\" data-element_type=\"widget\" data-e-type=\"widget\" data-widget_type=\"image.default\">\n\t\t\t\t<div class=\"elementor-widget-container\">\n\t\t\t\t\t\t\t\t\t\t\t\t\t\t\t<img fetchpriority=\"high\" decoding=\"async\" width=\"1500\" height=\"671\" src=\"https:\/\/www.ek-retail.com\/wp-content\/uploads\/2025\/05\/Image-placeholder-5-1-e1770222277748.jpg\" class=\"attachment-full size-full wp-image-64020\" alt=\"\" srcset=\"https:\/\/www.ek-retail.com\/wp-content\/uploads\/2025\/05\/Image-placeholder-5-1-e1770222277748.jpg 1500w, https:\/\/www.ek-retail.com\/wp-content\/uploads\/2025\/05\/Image-placeholder-5-1-e1770222277748-300x134.jpg 300w, https:\/\/www.ek-retail.com\/wp-content\/uploads\/2025\/05\/Image-placeholder-5-1-e1770222277748-1024x458.jpg 1024w, https:\/\/www.ek-retail.com\/wp-content\/uploads\/2025\/05\/Image-placeholder-5-1-e1770222277748-768x344.jpg 768w\" sizes=\"(max-width: 1500px) 100vw, 1500px\" \/>\t\t\t\t\t\t\t\t\t\t\t\t\t\t\t<\/div>\n\t\t\t\t<\/div>\n\t\t\t\t<\/div>\n\t\t<div class=\"elementor-element elementor-element-f89f6fe e-con-full ind-ek-icon hero-text press e-flex e-con e-child\" data-id=\"f89f6fe\" data-element_type=\"container\" data-e-type=\"container\" data-settings=\"{&quot;background_background&quot;:&quot;classic&quot;}\">\n\t\t\t\t<div class=\"elementor-element elementor-element-ac523d9 elementor-absolute hero-title elementor-widget elementor-widget-heading\" data-id=\"ac523d9\" data-element_type=\"widget\" data-e-type=\"widget\" data-settings=\"{&quot;_position&quot;:&quot;absolute&quot;}\" data-widget_type=\"heading.default\">\n\t\t\t\t<div class=\"elementor-widget-container\">\n\t\t\t\t\t<h1 class=\"elementor-heading-title elementor-size-default\">PERS<\/h1>\t\t\t\t<\/div>\n\t\t\t\t<\/div>\n\t\t\t\t<div class=\"elementor-element elementor-element-5cbf075 elementor-widget__width-inherit elementor-widget elementor-widget-text-editor\" data-id=\"5cbf075\" data-element_type=\"widget\" data-e-type=\"widget\" data-widget_type=\"text-editor.default\">\n\t\t\t\t<div class=\"elementor-widget-container\">\n\t\t\t\t\t\t\t\t\t<p dir=\"auto\">Samen met onze partners worden we regelmatig in de pers vermeld.<\/p>\t\t\t\t\t\t\t\t<\/div>\n\t\t\t\t<\/div>\n\t\t\t\t<div class=\"elementor-element elementor-element-246c410 elementor-align-left elementor-widget elementor-widget-button\" data-id=\"246c410\" data-element_type=\"widget\" data-e-type=\"widget\" data-widget_type=\"button.default\">\n\t\t\t\t<div class=\"elementor-widget-container\">\n\t\t\t\t\t\t\t\t\t<div class=\"elementor-button-wrapper\">\n\t\t\t\t\t<a class=\"elementor-button elementor-button-link elementor-size-sm\" href=\"https:\/\/www.ek-retail.com\/nl\/contact\/\" target=\"_blank\">\n\t\t\t\t\t\t<span class=\"elementor-button-content-wrapper\">\n\t\t\t\t\t\t\t\t\t<span class=\"elementor-button-text\">Contact<\/span>\n\t\t\t\t\t<\/span>\n\t\t\t\t\t<\/a>\n\t\t\t\t<\/div>\n\t\t\t\t\t\t\t\t<\/div>\n\t\t\t\t<\/div>\n\t\t\t\t<\/div>\n\t\t\t\t\t<\/div>\n\t\t\t\t<\/div>\n\t\t<div class=\"elementor-element elementor-element-0eebd0a news-slider-section e-flex e-con-boxed e-con e-child\" data-id=\"0eebd0a\" data-element_type=\"container\" data-e-type=\"container\">\n\t\t\t\t\t<div class=\"e-con-inner\">\n\t\t\t\t<div class=\"elementor-element elementor-element-accda0a elementor-widget__width-initial elementor-widget elementor-widget-heading\" data-id=\"accda0a\" data-element_type=\"widget\" data-e-type=\"widget\" data-widget_type=\"heading.default\">\n\t\t\t\t<div class=\"elementor-widget-container\">\n\t\t\t\t\t<h1 class=\"elementor-heading-title elementor-size-default\">Persberichten<\/h1>\t\t\t\t<\/div>\n\t\t\t\t<\/div>\n\t\t\t\t<div class=\"elementor-element elementor-element-781846b elementor-widget__width-initial elementor-widget elementor-widget-text-editor\" data-id=\"781846b\" data-element_type=\"widget\" data-e-type=\"widget\" data-widget_type=\"text-editor.default\">\n\t\t\t\t<div class=\"elementor-widget-container\">\n\t\t\t\t\t\t\t\t\t<p>Of het nu in Nederland, Frankrijk of Duitsland is, we zijn overal in de pers vertegenwoordigd. <\/p>\t\t\t\t\t\t\t\t<\/div>\n\t\t\t\t<\/div>\n\t\t\t\t<div class=\"elementor-element elementor-element-337f2a0 news-grid preserve-img-ratio-cover elementor-widget elementor-widget-the7_elements\" data-id=\"337f2a0\" data-element_type=\"widget\" data-e-type=\"widget\" data-widget_type=\"the7_elements.default\">\n\t\t\t\t<div class=\"elementor-widget-container\">\n\t\t\t\t\t<div class=\"portfolio-shortcode the7-elementor-widget the7_elements-337f2a0 mode-grid dt-css-grid-wrap classic-layout-list description-under-image quick-scale-img content-bg-on enable-bg-rollover resize-by-browser-width widget-with-filter loading-effect-move-up jquery-filter\" data-padding=\"20px\" data-mobile-columns-num=\"1\" data-tablet-columns-num=\"2\" data-desktop-columns-num=\"4\" data-wide-desktop-columns-num=\"4\" data-post-limit=\"4\" data-pagination-mode=\"load-more\" data-scroll-offset=\"\" aria-live=\"assertive\"><div class=\"iso-filter filter-decorations css-grid-filter filter filter-pointer-default show-filter-categories   filter-underline-decoration\"><div class=\"filter-categories\" data-default-order=\"\" data-default-orderby=\"\"><a href=\"https:\/\/www.ek-retail.com\/nl\/pers\/\" class=\"show-all filter-item act\" data-filter=\"*\" aria-label=\"Apply filter: Alles weergeven\">Alles weergeven<\/a><a href=\"https:\/\/www.ek-retail.com\/nl\/pers\/?term=ek-diy\" class=\"filter-item ek-diy\" data-filter=\".category-313\" aria-label=\"Apply filter: EK DIY\">EK DIY<\/a><a href=\"https:\/\/www.ek-retail.com\/nl\/pers\/?term=ek-fashion\" class=\"filter-item ek-fashion\" data-filter=\".category-308\" aria-label=\"Apply filter: EK Fashion\">EK Fashion<\/a><a href=\"https:\/\/www.ek-retail.com\/nl\/pers\/?term=ek-home\" class=\"filter-item ek-home\" data-filter=\".category-316\" aria-label=\"Apply filter: EK Home\">EK Home<\/a><a href=\"https:\/\/www.ek-retail.com\/nl\/pers\/?term=ek-living\" class=\"filter-item ek-living\" data-filter=\".category-307\" aria-label=\"Apply filter: EK Living\">EK Living<\/a><a href=\"https:\/\/www.ek-retail.com\/nl\/pers\/?term=ek-sport\" class=\"filter-item ek-sport\" data-filter=\".category-335\" aria-label=\"Apply filter: EK Sport\">EK Sport<\/a><a href=\"https:\/\/www.ek-retail.com\/nl\/pers\/?term=ongecategoriseerd\" class=\"filter-item ongecategoriseerd\" data-filter=\".category-292\" aria-label=\"Apply filter: Ongecategoriseerd\">Ongecategoriseerd<\/a><a href=\"https:\/\/www.ek-retail.com\/nl\/pers\/?term=pers\" class=\"filter-item pers\" data-filter=\".category-332\" aria-label=\"Apply filter: Pers\">Pers<\/a><\/div><div class=\"filter-extras\"><div class=\"filter-by\"><a href=\"https:\/\/www.ek-retail.com\/nl\/pers\/?orderby=date&#038;order=desc\" class=\"sort-by-date act\" data-by=\"date\"><svg version=\"1.1\" xmlns=\"http:\/\/www.w3.org\/2000\/svg\" xmlns:xlink=\"http:\/\/www.w3.org\/1999\/xlink\" x=\"0px\" y=\"0px\" viewBox=\"0 0 16 16\" style=\"enable-background:new 0 0 16 16;\" xml:space=\"preserve\"><path d=\"M11,6.5C11,6.2,11.2,6,11.5,6h1C12.8,6,13,6.2,13,6.5v1C13,7.8,12.8,8,12.5,8h-1C11.2,8,11,7.8,11,7.5V6.5z M8,6.5C8,6.2,8.2,6,8.5,6h1C9.8,6,10,6.2,10,6.5v1C10,7.8,9.8,8,9.5,8h-1C8.2,8,8,7.8,8,7.5V6.5z M3,9.5C3,9.2,3.2,9,3.5,9h1C4.8,9,5,9.2,5,9.5v1C5,10.8,4.8,11,4.5,11h-1C3.2,11,3,10.8,3,10.5V9.5z M6,9.5C6,9.2,6.2,9,6.5,9h1C7.8,9,8,9.2,8,9.5v1C8,10.8,7.8,11,7.5,11h-1C6.2,11,6,10.8,6,10.5V9.5z\"\/><path d=\"M3.5,0C3.8,0,4,0.2,4,0.5V1h8V0.5C12,0.2,12.2,0,12.5,0S13,0.2,13,0.5V1h1c1.1,0,2,0.9,2,2v11c0,1.1-0.9,2-2,2H2c-1.1,0-2-0.9-2-2V3c0-1.1,0.9-2,2-2h1V0.5C3,0.2,3.2,0,3.5,0z M1,4v10c0,0.6,0.4,1,1,1h12c0.6,0,1-0.4,1-1V4H1z\"\/><\/svg><span class=\"filter-popup\">Sorteer op datum<\/span><\/a><span class=\"filter-switch\"><\/span><a href=\"https:\/\/www.ek-retail.com\/nl\/pers\/?orderby=name&#038;order=desc\" class=\"sort-by-name\" data-by=\"name\"><svg version=\"1.1\" xmlns=\"http:\/\/www.w3.org\/2000\/svg\" xmlns:xlink=\"http:\/\/www.w3.org\/1999\/xlink\" x=\"0px\" y=\"0px\" viewBox=\"0 0 16 16\" style=\"enable-background:new 0 0 16 16;\" xml:space=\"preserve\"><path d=\"M2.2,13.1l0.9-2.8h3.5l0.9,2.8h1.3L5.5,3.8H4.3L1,13.1H2.2z M4.9,5.2l1.4,4.2H3.5L4.9,5.2C4.9,5.2,4.9,5.2,4.9,5.2z\"\/><g><path d=\"M10,12.4l2.8-3.6c0.3-0.3,0.5-0.6,0.8-1v0h-3.3V6.9h4.7l0,0.7l-2.7,3.6c-0.3,0.3-0.5,0.6-0.8,1v0H15v0.9h-5V12.4z\"\/><\/g><\/svg><span class=\"filter-popup\">Sorteer op naam<\/span><\/a><\/div><div class=\"filter-sorting\"><a href=\"https:\/\/www.ek-retail.com\/nl\/pers\/?orderby=date&#038;order=desc\" class=\"sort-by-desc act\" data-sort=\"desc\"><svg version=\"1.1\" xmlns=\"http:\/\/www.w3.org\/2000\/svg\" xmlns:xlink=\"http:\/\/www.w3.org\/1999\/xlink\" x=\"0px\" y=\"0px\"viewBox=\"0 0 16 16\" style=\"enable-background:new 0 0 16 16;\" xml:space=\"preserve\"><path d=\"M3.5,2.5C3.5,2.2,3.3,2,3,2S2.5,2.2,2.5,2.5v8.8l-1.1-1.1c-0.2-0.2-0.5-0.2-0.7,0s-0.2,0.5,0,0.7l0,0l2,2l0,0c0.2,0.2,0.5,0.2,0.7,0l2-2c0.2-0.2,0.2-0.5,0-0.7c-0.2-0.2-0.5-0.2-0.7,0l-1.1,1.1V2.5z M7,3.5C7,3.2,7.2,3,7.5,3h7C14.8,3,15,3.2,15,3.5S14.8,4,14.5,4h-7C7.2,4,7,3.8,7,3.5z M7.5,6C7.2,6,7,6.2,7,6.5S7.2,7,7.5,7h5C12.8,7,13,6.8,13,6.5S12.8,6,12.5,6H7.5z M7.5,9C7.2,9,7,9.2,7,9.5S7.2,10,7.5,10h3c0.3,0,0.5-0.2,0.5-0.5S10.8,9,10.5,9H7.5z M7.5,12C7.2,12,7,12.2,7,12.5S7.2,13,7.5,13h1C8.8,13,9,12.8,9,12.5S8.8,12,8.5,12H7.5z\"\/><\/svg><span class=\"filter-popup\">Aflopend<\/span><\/a><span class=\"filter-switch\"><\/span><a href=\"https:\/\/www.ek-retail.com\/nl\/pers\/?orderby=date&#038;order=asc\" class=\"sort-by-asc\" data-sort=\"asc\"><svg version=\"1.1\" xmlns=\"http:\/\/www.w3.org\/2000\/svg\" xmlns:xlink=\"http:\/\/www.w3.org\/1999\/xlink\" x=\"0px\" y=\"0px\" viewBox=\"0 0 16 16\" style=\"enable-background:new 0 0 16 16;\" xml:space=\"preserve\"><path d=\"M3.5,12.5C3.5,12.8,3.3,13,3,13s-0.5-0.2-0.5-0.5V3.7L1.4,4.9C1.2,5,0.8,5,0.6,4.9s-0.2-0.5,0-0.7l2-2l0,0C2.8,2,3.2,2,3.4,2.1l2,2c0.2,0.2,0.2,0.5,0,0.7S4.8,5,4.6,4.9L3.5,3.7V12.5z M7,3.5C7,3.2,7.2,3,7.5,3h7C14.8,3,15,3.2,15,3.5S14.8,4,14.5,4h-7C7.2,4,7,3.8,7,3.5z M7.5,6C7.2,6,7,6.2,7,6.5S7.2,7,7.5,7h5C12.8,7,13,6.8,13,6.5S12.8,6,12.5,6H7.5z M7.5,9C7.2,9,7,9.2,7,9.5S7.2,10,7.5,10h3c0.3,0,0.5-0.2,0.5-0.5S10.8,9,10.5,9H7.5z M7.5,12C7.2,12,7,12.2,7,12.5S7.2,13,7.5,13h1C8.8,13,9,12.8,9,12.5S8.8,12,8.5,12H7.5z\"\/><\/svg><span class=\"filter-popup\">Oplopend<\/span><\/a><\/div><\/div><\/div><div class=\"dt-css-grid custom-pagination-handler\"><div class=\"visible wf-cell category-308\" data-post-id=\"67924\" data-date=\"2026-04-08T13:46:42+02:00\" data-name=\"In de spotlight: Laurent Vergne (Laurent Vergne Reepmaker)\"><article class=\"post visible post-67924 stories type-stories status-publish format-standard has-post-thumbnail hentry category-ek-fashion description-off\" data-name=\"In de spotlight: Laurent Vergne (Laurent Vergne Reepmaker)\" data-date=\"2026-04-08T13:46:42+02:00\">\n\n\t<div class=\"post-thumbnail-wrap\">\n\t\t<div class=\"post-thumbnail\">\n\n\t\t\t<a class=\"post-thumbnail-rollover img-css-resize-wrapper\" aria-label=\"Berichtafbeelding\" href=\"https:\/\/www.ek-retail.com\/nl\/stories\/in-de-spotlight-laurent-vergne-laurent-vergne-reepmaker\/\"><img decoding=\"async\" width=\"2560\" height=\"1078\" src=\"https:\/\/www.ek-retail.com\/wp-content\/uploads\/2026\/04\/Website-format-EK-1-1-scaled.png\" class=\"attachment-full size-full preload-me aspect\" alt=\"\" srcset=\"https:\/\/www.ek-retail.com\/wp-content\/uploads\/2026\/04\/Website-format-EK-1-1-scaled.png 2560w, https:\/\/www.ek-retail.com\/wp-content\/uploads\/2026\/04\/Website-format-EK-1-1-300x126.png 300w, https:\/\/www.ek-retail.com\/wp-content\/uploads\/2026\/04\/Website-format-EK-1-1-1024x431.png 1024w, https:\/\/www.ek-retail.com\/wp-content\/uploads\/2026\/04\/Website-format-EK-1-1-768x323.png 768w, https:\/\/www.ek-retail.com\/wp-content\/uploads\/2026\/04\/Website-format-EK-1-1-1536x647.png 1536w, https:\/\/www.ek-retail.com\/wp-content\/uploads\/2026\/04\/Website-format-EK-1-1-2048x862.png 2048w\" sizes=\"(max-width: 2560px) 100vw, 2560px\" style=\"--ratio: 2560 \/ 1078;\" \/><span class=\"the7-hover-icon\"><i aria-hidden=\"true\" class=\"fas fa-plus\"><\/i><\/span><\/a>\n\t\t<\/div>\n\t<\/div>\n\n\n<div class=\"post-entry-content\">\n\n\t<h3 class=\"ele-entry-title\"><a href=\"https:\/\/www.ek-retail.com\/nl\/stories\/in-de-spotlight-laurent-vergne-laurent-vergne-reepmaker\/\" rel=\"bookmark\" title=\"In de spotlight: Laurent Vergne (Laurent Vergne Reepmaker)\">In de spotlight: Laurent Vergne (Laurent Vergne Reepmaker)<\/a><\/h3><div class=\"entry-meta\"><span class=\"meta-item category-link\"><a href=\"https:\/\/www.ek-retail.com\/nl\/category\/ek-fashion\/\" rel=\"tag\">EK Fashion<\/a><\/span><span class=\"meta-item data-link\"><time class=\"entry-date updated\" datetime=\"2026-04-08T13:46:42+02:00\">8 april 2026<\/time><\/span><\/div><div class=\"entry-excerpt\"><p>Over ambacht, zelfvertrouwen en het bouwen van een modern herenmerk. Een internationale achtergrond als fundament Laurent Vergne groeide op met een dubbele culturele achtergrond, die&hellip;<\/p>\n<\/div><a href=\"https:\/\/www.ek-retail.com\/nl\/stories\/in-de-spotlight-laurent-vergne-laurent-vergne-reepmaker\/\" target=\"\" aria-label=\"Lesen Sie mehr \u00fcber In de spotlight: Laurent Vergne (Laurent Vergne Reepmaker)\" class=\"box-button elementor-button elementor-size-md\">Lees meer<\/a>\n<\/div><\/article><\/div><div class=\"visible wf-cell category-307\" data-post-id=\"67720\" data-date=\"2026-04-02T12:24:41+02:00\" data-name=\"Terugblik op een inspirerende verkooptraining bij EK Living\"><article class=\"post visible post-67720 stories type-stories status-publish format-standard has-post-thumbnail hentry category-ek-living description-off\" data-name=\"Terugblik op een inspirerende verkooptraining bij EK Living\" data-date=\"2026-04-02T12:24:41+02:00\">\n\n\t<div class=\"post-thumbnail-wrap\">\n\t\t<div class=\"post-thumbnail\">\n\n\t\t\t<a class=\"post-thumbnail-rollover img-css-resize-wrapper\" aria-label=\"Berichtafbeelding\" href=\"https:\/\/www.ek-retail.com\/nl\/stories\/terugblik-op-een-inspirerende-verkooptraining-bij-ek-living\/\"><img decoding=\"async\" width=\"1080\" height=\"1080\" src=\"https:\/\/www.ek-retail.com\/wp-content\/uploads\/2026\/04\/afbeelding.png\" class=\"attachment-full size-full preload-me aspect\" alt=\"\" srcset=\"https:\/\/www.ek-retail.com\/wp-content\/uploads\/2026\/04\/afbeelding.png 1080w, https:\/\/www.ek-retail.com\/wp-content\/uploads\/2026\/04\/afbeelding-300x300.png 300w, https:\/\/www.ek-retail.com\/wp-content\/uploads\/2026\/04\/afbeelding-1024x1024.png 1024w, https:\/\/www.ek-retail.com\/wp-content\/uploads\/2026\/04\/afbeelding-150x150.png 150w, https:\/\/www.ek-retail.com\/wp-content\/uploads\/2026\/04\/afbeelding-768x768.png 768w\" sizes=\"(max-width: 1080px) 100vw, 1080px\" style=\"--ratio: 1080 \/ 1080;\" \/><span class=\"the7-hover-icon\"><i aria-hidden=\"true\" class=\"fas fa-plus\"><\/i><\/span><\/a>\n\t\t<\/div>\n\t<\/div>\n\n\n<div class=\"post-entry-content\">\n\n\t<h3 class=\"ele-entry-title\"><a href=\"https:\/\/www.ek-retail.com\/nl\/stories\/terugblik-op-een-inspirerende-verkooptraining-bij-ek-living\/\" rel=\"bookmark\" title=\"Terugblik op een inspirerende verkooptraining bij EK Living\">Terugblik op een inspirerende verkooptraining bij EK Living<\/a><\/h3><div class=\"entry-meta\"><span class=\"meta-item category-link\"><a href=\"https:\/\/www.ek-retail.com\/nl\/category\/ek-living\/\" rel=\"tag\">EK Living<\/a><\/span><span class=\"meta-item data-link\"><time class=\"entry-date updated\" datetime=\"2026-04-02T12:24:41+02:00\">2 april 2026<\/time><\/span><\/div><div class=\"entry-excerpt\"><p>Maandag 23 maart vond voor het tweede jaar op rij de jaarlijkse verkooptraining plaats in Amersfoort, verzorgd door Richard Beune van Salespiration. Het was een&hellip;<\/p>\n<\/div><a href=\"https:\/\/www.ek-retail.com\/nl\/stories\/terugblik-op-een-inspirerende-verkooptraining-bij-ek-living\/\" target=\"\" aria-label=\"Lesen Sie mehr \u00fcber Terugblik op een inspirerende verkooptraining bij EK Living\" class=\"box-button elementor-button elementor-size-md\">Lees meer<\/a>\n<\/div><\/article><\/div><div class=\"visible wf-cell category-316 category-332\" data-post-id=\"67762\" data-date=\"2026-03-31T14:22:25+02:00\" data-name=\"Samen sterker: electroplus k\u00fcchenplus en Miele lanceren nieuwe reclamecampagne\"><article class=\"post visible post-67762 stories type-stories status-publish format-standard has-post-thumbnail hentry category-ek-home category-pers description-off\" data-name=\"Samen sterker: electroplus k\u00fcchenplus en Miele lanceren nieuwe reclamecampagne\" data-date=\"2026-03-31T14:22:25+02:00\">\n\n\t<div class=\"post-thumbnail-wrap\">\n\t\t<div class=\"post-thumbnail\">\n\n\t\t\t<a class=\"post-thumbnail-rollover img-css-resize-wrapper\" aria-label=\"Berichtafbeelding\" href=\"https:\/\/www.ek-retail.com\/nl\/stories\/samen-sterker-electroplus-kuchenplus-en-miele-lanceren-nieuwe-reclamecampagne\/\"><img loading=\"lazy\" decoding=\"async\" width=\"2560\" height=\"2039\" src=\"https:\/\/www.ek-retail.com\/wp-content\/uploads\/2026\/03\/2026-03-27-PM-Gemeinsam-stark-electroplus-kuchenplus-und-Miele-starten-neue-Werbekampagne-scaled.jpg\" class=\"attachment-full size-full preload-me aspect\" alt=\"\" srcset=\"https:\/\/www.ek-retail.com\/wp-content\/uploads\/2026\/03\/2026-03-27-PM-Gemeinsam-stark-electroplus-kuchenplus-und-Miele-starten-neue-Werbekampagne-scaled.jpg 2560w, https:\/\/www.ek-retail.com\/wp-content\/uploads\/2026\/03\/2026-03-27-PM-Gemeinsam-stark-electroplus-kuchenplus-und-Miele-starten-neue-Werbekampagne-300x239.jpg 300w, https:\/\/www.ek-retail.com\/wp-content\/uploads\/2026\/03\/2026-03-27-PM-Gemeinsam-stark-electroplus-kuchenplus-und-Miele-starten-neue-Werbekampagne-1024x815.jpg 1024w, https:\/\/www.ek-retail.com\/wp-content\/uploads\/2026\/03\/2026-03-27-PM-Gemeinsam-stark-electroplus-kuchenplus-und-Miele-starten-neue-Werbekampagne-768x612.jpg 768w, https:\/\/www.ek-retail.com\/wp-content\/uploads\/2026\/03\/2026-03-27-PM-Gemeinsam-stark-electroplus-kuchenplus-und-Miele-starten-neue-Werbekampagne-1536x1223.jpg 1536w, https:\/\/www.ek-retail.com\/wp-content\/uploads\/2026\/03\/2026-03-27-PM-Gemeinsam-stark-electroplus-kuchenplus-und-Miele-starten-neue-Werbekampagne-2048x1631.jpg 2048w\" sizes=\"(max-width: 2560px) 100vw, 2560px\" style=\"--ratio: 2560 \/ 2039;\" \/><span class=\"the7-hover-icon\"><i aria-hidden=\"true\" class=\"fas fa-plus\"><\/i><\/span><\/a>\n\t\t<\/div>\n\t<\/div>\n\n\n<div class=\"post-entry-content\">\n\n\t<h3 class=\"ele-entry-title\"><a href=\"https:\/\/www.ek-retail.com\/nl\/stories\/samen-sterker-electroplus-kuchenplus-en-miele-lanceren-nieuwe-reclamecampagne\/\" rel=\"bookmark\" title=\"Samen sterker: electroplus k\u00fcchenplus en Miele lanceren nieuwe reclamecampagne\">Samen sterker: electroplus k\u00fcchenplus en Miele lanceren nieuwe reclamecampagne<\/a><\/h3><div class=\"entry-meta\"><span class=\"meta-item category-link\"><a href=\"https:\/\/www.ek-retail.com\/nl\/category\/ek-home\/\" rel=\"tag\">EK Home<\/a>, <a href=\"https:\/\/www.ek-retail.com\/nl\/category\/pers\/\" rel=\"tag\">Pers<\/a><\/span><span class=\"meta-item data-link\"><time class=\"entry-date updated\" datetime=\"2026-03-31T14:22:25+02:00\">31 maart 2026<\/time><\/span><\/div><div class=\"entry-excerpt\"><p>Bielefeld, 27 maart 2026 \u2013 Dit voorjaar stellen electroplus k\u00fcchenplus en Miele het thema duurzaamheid centraal in een crossmediale campagne, waarmee zij aangesloten electroplus-vakhandelaren ondersteunen&hellip;<\/p>\n<\/div><a href=\"https:\/\/www.ek-retail.com\/nl\/stories\/samen-sterker-electroplus-kuchenplus-en-miele-lanceren-nieuwe-reclamecampagne\/\" target=\"\" aria-label=\"Lesen Sie mehr \u00fcber Samen sterker: electroplus k\u00fcchenplus en Miele lanceren nieuwe reclamecampagne\" class=\"box-button elementor-button elementor-size-md\">Lees meer<\/a>\n<\/div><\/article><\/div><div class=\"visible wf-cell category-316 category-332\" data-post-id=\"67753\" data-date=\"2026-03-31T14:09:50+02:00\" data-name=\"Succesvolle heropening bij electroplus k\u00fcchenplus Dick\"><article class=\"post visible no-img post-67753 stories type-stories status-publish format-standard hentry category-ek-home category-pers description-off\" data-name=\"Succesvolle heropening bij electroplus k\u00fcchenplus Dick\" data-date=\"2026-03-31T14:09:50+02:00\">\n\n<div class=\"post-entry-content\">\n\n\t<h3 class=\"ele-entry-title\"><a href=\"https:\/\/www.ek-retail.com\/nl\/stories\/succesvolle-heropening-bij-electroplus-kuchenplus-dick\/\" rel=\"bookmark\" title=\"Succesvolle heropening bij electroplus k\u00fcchenplus Dick\">Succesvolle heropening bij electroplus k\u00fcchenplus Dick<\/a><\/h3><div class=\"entry-meta\"><span class=\"meta-item category-link\"><a href=\"https:\/\/www.ek-retail.com\/nl\/category\/ek-home\/\" rel=\"tag\">EK Home<\/a>, <a href=\"https:\/\/www.ek-retail.com\/nl\/category\/pers\/\" rel=\"tag\">Pers<\/a><\/span><span class=\"meta-item data-link\"><time class=\"entry-date updated\" datetime=\"2026-03-31T14:09:50+02:00\">31 maart 2026<\/time><\/span><\/div><div class=\"entry-excerpt\"><p>Bielefeld\/Bad Kreuznach\/Zweibr\u00fccken, 24 maart 2026 \u2013 Wat in de zomer van 2024 begon als een strategische opvolgingsoplossing binnen de electroplus k\u00fcchenplus-familie, werd op 14 januari&hellip;<\/p>\n<\/div><a href=\"https:\/\/www.ek-retail.com\/nl\/stories\/succesvolle-heropening-bij-electroplus-kuchenplus-dick\/\" target=\"\" aria-label=\"Lesen Sie mehr \u00fcber Succesvolle heropening bij electroplus k\u00fcchenplus Dick\" class=\"box-button elementor-button elementor-size-md\">Lees meer<\/a>\n<\/div><\/article><\/div><div class=\"hidden wf-cell category-316 category-332\" data-post-id=\"67277\" data-date=\"2026-03-19T13:17:12+01:00\" data-name=\"De EK Retail Study Trip neemt partners uit vier landen mee naar The Inspired Home Show \u2013 Beursreis naar Chicago\"><article class=\"post visible no-img post-67277 stories type-stories status-publish format-standard hentry category-ek-home category-pers description-off\" data-name=\"De EK Retail Study Trip neemt partners uit vier landen mee naar The Inspired Home Show \u2013 Beursreis naar Chicago\" data-date=\"2026-03-19T13:17:12+01:00\">\n\n<div class=\"post-entry-content\">\n\n\t<h3 class=\"ele-entry-title\"><a href=\"https:\/\/www.ek-retail.com\/nl\/stories\/de-ek-retail-study-trip-neemt-partners-uit-vier-landen-mee-naar-the-inspired-home-show-beursreis-naar-chicago\/\" rel=\"bookmark\" title=\"De EK Retail Study Trip neemt partners uit vier landen mee naar The Inspired Home Show \u2013 Beursreis naar Chicago\">De EK Retail Study Trip neemt partners uit vier landen mee naar The Inspired Home Show \u2013 Beursreis naar Chicago<\/a><\/h3><div class=\"entry-meta\"><span class=\"meta-item category-link\"><a href=\"https:\/\/www.ek-retail.com\/nl\/category\/ek-home\/\" rel=\"tag\">EK Home<\/a>, <a href=\"https:\/\/www.ek-retail.com\/nl\/category\/pers\/\" rel=\"tag\">Pers<\/a><\/span><span class=\"meta-item data-link\"><time class=\"entry-date updated\" datetime=\"2026-03-19T13:17:12+01:00\">19 maart 2026<\/time><\/span><\/div><div class=\"entry-excerpt\"><p>Persbericht De EK Retail Study Trip neemt partners uit vier landen mee naar The Inspired Home ShowBeursreis naar Chicago Bielefeld\/Chicago, 19 maart 2026 \u2013 Wie&hellip;<\/p>\n<\/div><a href=\"https:\/\/www.ek-retail.com\/nl\/stories\/de-ek-retail-study-trip-neemt-partners-uit-vier-landen-mee-naar-the-inspired-home-show-beursreis-naar-chicago\/\" target=\"\" aria-label=\"Lesen Sie mehr \u00fcber De EK Retail Study Trip neemt partners uit vier landen mee naar The Inspired Home Show \u2013 Beursreis naar Chicago\" class=\"box-button elementor-button elementor-size-md\">Lees meer<\/a>\n<\/div><\/article><\/div><div class=\"hidden wf-cell category-335\" data-post-id=\"66351\" data-date=\"2026-02-27T15:28:28+01:00\" data-name=\"Pieter-Bas Stehmann aangesteld als nieuwe directeur van EK Sport\"><article class=\"post visible no-img post-66351 stories type-stories status-publish format-standard hentry category-ek-sport description-off\" data-name=\"Pieter-Bas Stehmann aangesteld als nieuwe directeur van EK Sport\" data-date=\"2026-02-27T15:28:28+01:00\">\n\n<div class=\"post-entry-content\">\n\n\t<h3 class=\"ele-entry-title\"><a href=\"https:\/\/www.ek-retail.com\/nl\/stories\/pieter-bas-stehmann-aangesteld-als-nieuwe-directeur-van-ek-sport\/\" rel=\"bookmark\" title=\"Pieter-Bas Stehmann aangesteld als nieuwe directeur van EK Sport\">Pieter-Bas Stehmann aangesteld als nieuwe directeur van EK Sport<\/a><\/h3><div class=\"entry-meta\"><span class=\"meta-item category-link\"><a href=\"https:\/\/www.ek-retail.com\/nl\/category\/ek-sport\/\" rel=\"tag\">EK Sport<\/a><\/span><span class=\"meta-item data-link\"><time class=\"entry-date updated\" datetime=\"2026-02-27T15:28:28+01:00\">27 februari 2026<\/time><\/span><\/div><div class=\"entry-excerpt\"><p>Amersfoort, 6 januari 2025 \u2013 Pieter-Bas Stehmann is benoemd tot directeur van EK Sport, een van de business units van de Europese retail-serviceorganisatie EK Retail.&hellip;<\/p>\n<\/div><a href=\"https:\/\/www.ek-retail.com\/nl\/stories\/pieter-bas-stehmann-aangesteld-als-nieuwe-directeur-van-ek-sport\/\" target=\"\" aria-label=\"Lesen Sie mehr \u00fcber Pieter-Bas Stehmann aangesteld als nieuwe directeur van EK Sport\" class=\"box-button elementor-button elementor-size-md\">Lees meer<\/a>\n<\/div><\/article><\/div><div class=\"hidden wf-cell category-316\" data-post-id=\"66226\" data-date=\"2026-02-26T12:07:28+01:00\" data-name=\"\u201cSnack Friday\u201d in plaats van \u201cBlack Friday\u201d - electroplus k\u00fcchenplus &amp; licht+concept doneren aan brotZeit e.V.\"><article class=\"post visible no-img post-66226 stories type-stories status-publish format-standard hentry category-ek-home description-off\" data-name=\"\u201cSnack Friday\u201d in plaats van \u201cBlack Friday\u201d &#8211; electroplus k\u00fcchenplus &amp; licht+concept doneren aan brotZeit e.V.\" data-date=\"2026-02-26T12:07:28+01:00\">\n\n<div class=\"post-entry-content\">\n\n\t<h3 class=\"ele-entry-title\"><a href=\"https:\/\/www.ek-retail.com\/nl\/stories\/snack-friday-in-plaats-van-black-friday-electroplus-kuchenplus-lichtconcept-doneren-aan-brotzeit-e-v\/\" rel=\"bookmark\" title=\"\u201cSnack Friday\u201d in plaats van \u201cBlack Friday\u201d &#8211; electroplus k\u00fcchenplus &amp; licht+concept doneren aan brotZeit e.V.\">\u201cSnack Friday\u201d in plaats van \u201cBlack Friday\u201d &#8211; electroplus k\u00fcchenplus &amp; licht+concept doneren aan brotZeit e.V.<\/a><\/h3><div class=\"entry-meta\"><span class=\"meta-item category-link\"><a href=\"https:\/\/www.ek-retail.com\/nl\/category\/ek-home\/\" rel=\"tag\">EK Home<\/a><\/span><span class=\"meta-item data-link\"><time class=\"entry-date updated\" datetime=\"2026-02-26T12:07:28+01:00\">26 februari 2026<\/time><\/span><\/div><div class=\"entry-excerpt\"><p>Bielefeld, 4 februari 2026 \u2013 Naast talrijke productinnovaties en promotionele aanbiedingen werd een bijzonder hoogtepunt een van de meest spraakmakende momenten van de recente EK&hellip;<\/p>\n<\/div><a href=\"https:\/\/www.ek-retail.com\/nl\/stories\/snack-friday-in-plaats-van-black-friday-electroplus-kuchenplus-lichtconcept-doneren-aan-brotzeit-e-v\/\" target=\"\" aria-label=\"Lesen Sie mehr \u00fcber \u201cSnack Friday\u201d in plaats van \u201cBlack Friday\u201d &#8211; electroplus k\u00fcchenplus &amp; licht+concept doneren aan brotZeit e.V.\" class=\"box-button elementor-button elementor-size-md\">Lees meer<\/a>\n<\/div><\/article><\/div><div class=\"hidden wf-cell category-316\" data-post-id=\"66217\" data-date=\"2026-02-26T11:57:14+01:00\" data-name=\"Een krachtige start van het nieuwe jaar - Succesvolle gezamenlijke campagne van electroplus k\u00fcchenplus en Bosch\"><article class=\"post visible no-img post-66217 stories type-stories status-publish format-standard hentry category-ek-home description-off\" data-name=\"Een krachtige start van het nieuwe jaar &#8211; Succesvolle gezamenlijke campagne van electroplus k\u00fcchenplus en Bosch\" data-date=\"2026-02-26T11:57:14+01:00\">\n\n<div class=\"post-entry-content\">\n\n\t<h3 class=\"ele-entry-title\"><a href=\"https:\/\/www.ek-retail.com\/nl\/stories\/een-krachtige-start-van-het-nieuwe-jaar-succesvolle-gezamenlijke-campagne-van-electroplus-kuchenplus-en-bosch\/\" rel=\"bookmark\" title=\"Een krachtige start van het nieuwe jaar &#8211; Succesvolle gezamenlijke campagne van electroplus k\u00fcchenplus en Bosch\">Een krachtige start van het nieuwe jaar &#8211; Succesvolle gezamenlijke campagne van electroplus k\u00fcchenplus en Bosch<\/a><\/h3><div class=\"entry-meta\"><span class=\"meta-item category-link\"><a href=\"https:\/\/www.ek-retail.com\/nl\/category\/ek-home\/\" rel=\"tag\">EK Home<\/a><\/span><span class=\"meta-item data-link\"><time class=\"entry-date updated\" datetime=\"2026-02-26T11:57:14+01:00\">26 februari 2026<\/time><\/span><\/div><div class=\"entry-excerpt\"><p>Bielefeld, 17 februari 2026 \u2013 Met hun tweetraps eindejaarscampagne hebben electroplus k\u00fcchenplus en Bosch op indrukwekkende wijze aangetoond hoe krachtig de interactie tussen retail, industrie&hellip;<\/p>\n<\/div><a href=\"https:\/\/www.ek-retail.com\/nl\/stories\/een-krachtige-start-van-het-nieuwe-jaar-succesvolle-gezamenlijke-campagne-van-electroplus-kuchenplus-en-bosch\/\" target=\"\" aria-label=\"Lesen Sie mehr \u00fcber Een krachtige start van het nieuwe jaar &#8211; Succesvolle gezamenlijke campagne van electroplus k\u00fcchenplus en Bosch\" class=\"box-button elementor-button elementor-size-md\">Lees meer<\/a>\n<\/div><\/article><\/div><div class=\"hidden wf-cell category-292 category-332\" data-post-id=\"66213\" data-date=\"2026-02-26T11:41:59+01:00\" data-name=\"EK Retail kondigt nieuwe directiestructuur aan\"><article class=\"post visible no-img post-66213 stories type-stories status-publish format-standard hentry category-ongecategoriseerd category-pers description-off\" data-name=\"EK Retail kondigt nieuwe directiestructuur aan\" data-date=\"2026-02-26T11:41:59+01:00\">\n\n<div class=\"post-entry-content\">\n\n\t<h3 class=\"ele-entry-title\"><a href=\"https:\/\/www.ek-retail.com\/nl\/stories\/ek-retail-kondigt-nieuwe-directiestructuur-aan\/\" rel=\"bookmark\" title=\"EK Retail kondigt nieuwe directiestructuur aan\">EK Retail kondigt nieuwe directiestructuur aan<\/a><\/h3><div class=\"entry-meta\"><span class=\"meta-item category-link\"><a href=\"https:\/\/www.ek-retail.com\/nl\/category\/ongecategoriseerd\/\" rel=\"tag\">Ongecategoriseerd<\/a>, <a href=\"https:\/\/www.ek-retail.com\/nl\/category\/pers\/\" rel=\"tag\">Pers<\/a><\/span><span class=\"meta-item data-link\"><time class=\"entry-date updated\" datetime=\"2026-02-26T11:41:59+01:00\">26 februari 2026<\/time><\/span><\/div><div class=\"entry-excerpt\"><p>Frank Duijst benoemd tot CEO \/ Rik Klercq treedt toe tot de directie als CIO \/ Martin Richrath verlaat de onderneming voor een nieuwe professionele&hellip;<\/p>\n<\/div><a href=\"https:\/\/www.ek-retail.com\/nl\/stories\/ek-retail-kondigt-nieuwe-directiestructuur-aan\/\" target=\"\" aria-label=\"Lesen Sie mehr \u00fcber EK Retail kondigt nieuwe directiestructuur aan\" class=\"box-button elementor-button elementor-size-md\">Lees meer<\/a>\n<\/div><\/article><\/div><div class=\"hidden wf-cell category-316\" data-post-id=\"66205\" data-date=\"2026-02-26T11:20:22+01:00\" data-name=\"Assortimenten, concepten, diensten \u2013 EK LIVE 2026: Een sterke start van het nieuwe jaar!\"><article class=\"post visible no-img post-66205 stories type-stories status-publish format-standard hentry category-ek-home description-off\" data-name=\"Assortimenten, concepten, diensten \u2013 EK LIVE 2026: Een sterke start van het nieuwe jaar!\" data-date=\"2026-02-26T11:20:22+01:00\">\n\n<div class=\"post-entry-content\">\n\n\t<h3 class=\"ele-entry-title\"><a href=\"https:\/\/www.ek-retail.com\/nl\/stories\/assortimenten-concepten-diensten-ek-live-2026-een-sterke-start-van-het-nieuwe-jaar\/\" rel=\"bookmark\" title=\"Assortimenten, concepten, diensten \u2013 EK LIVE 2026: Een sterke start van het nieuwe jaar!\">Assortimenten, concepten, diensten \u2013 EK LIVE 2026: Een sterke start van het nieuwe jaar!<\/a><\/h3><div class=\"entry-meta\"><span class=\"meta-item category-link\"><a href=\"https:\/\/www.ek-retail.com\/nl\/category\/ek-home\/\" rel=\"tag\">EK Home<\/a><\/span><span class=\"meta-item data-link\"><time class=\"entry-date updated\" datetime=\"2026-02-26T11:20:22+01:00\">26 februari 2026<\/time><\/span><\/div><div class=\"entry-excerpt\"><p>Bielefeld, 21 januari 2026 \u2013 Wat drijft de consument van vandaag? En wat heeft de vakhandel nodig om de bezoekersaantallen, winstgevendheid en het marktprofiel duurzaam&hellip;<\/p>\n<\/div><a href=\"https:\/\/www.ek-retail.com\/nl\/stories\/assortimenten-concepten-diensten-ek-live-2026-een-sterke-start-van-het-nieuwe-jaar\/\" target=\"\" aria-label=\"Lesen Sie mehr \u00fcber Assortimenten, concepten, diensten \u2013 EK LIVE 2026: Een sterke start van het nieuwe jaar!\" class=\"box-button elementor-button elementor-size-md\">Lees meer<\/a>\n<\/div><\/article><\/div><div class=\"hidden wf-cell category-316\" data-post-id=\"66197\" data-date=\"2026-02-26T11:13:13+01:00\" data-name=\"Langdurige samenwerking tussen EK Retail en Groupe SEB blijft groeien\"><article class=\"post visible no-img post-66197 stories type-stories status-publish format-standard hentry category-ek-home description-off\" data-name=\"Langdurige samenwerking tussen EK Retail en Groupe SEB blijft groeien\" data-date=\"2026-02-26T11:13:13+01:00\">\n\n<div class=\"post-entry-content\">\n\n\t<h3 class=\"ele-entry-title\"><a href=\"https:\/\/www.ek-retail.com\/nl\/stories\/langdurige-samenwerking-tussen-ek-retail-en-groupe-seb-blijft-groeien\/\" rel=\"bookmark\" title=\"Langdurige samenwerking tussen EK Retail en Groupe SEB blijft groeien\">Langdurige samenwerking tussen EK Retail en Groupe SEB blijft groeien<\/a><\/h3><div class=\"entry-meta\"><span class=\"meta-item category-link\"><a href=\"https:\/\/www.ek-retail.com\/nl\/category\/ek-home\/\" rel=\"tag\">EK Home<\/a><\/span><span class=\"meta-item data-link\"><time class=\"entry-date updated\" datetime=\"2026-02-26T11:13:13+01:00\">26 februari 2026<\/time><\/span><\/div><div class=\"entry-excerpt\"><p>EK Retail en Groupe SEB lanceren strategische samenwerking op basis van meer dan 60 jaar partnerschap \/ EK Retail neemt exclusieve levering aan speciaalzaken over&hellip;<\/p>\n<\/div><a href=\"https:\/\/www.ek-retail.com\/nl\/stories\/langdurige-samenwerking-tussen-ek-retail-en-groupe-seb-blijft-groeien\/\" target=\"\" aria-label=\"Lesen Sie mehr \u00fcber Langdurige samenwerking tussen EK Retail en Groupe SEB blijft groeien\" class=\"box-button elementor-button elementor-size-md\">Lees meer<\/a>\n<\/div><\/article><\/div><div class=\"hidden wf-cell category-292 category-332\" data-post-id=\"66189\" data-date=\"2026-02-26T09:29:49+01:00\" data-name=\"S\u00e9bastien Zott, CEO van Peugeot Saveurs SNC, treedt toe tot de jury van de European Retail Award\"><article class=\"post visible no-img post-66189 stories type-stories status-publish format-standard hentry category-ongecategoriseerd category-pers description-off\" data-name=\"S\u00e9bastien Zott, CEO van Peugeot Saveurs SNC, treedt toe tot de jury van de European Retail Award\" data-date=\"2026-02-26T09:29:49+01:00\">\n\n<div class=\"post-entry-content\">\n\n\t<h3 class=\"ele-entry-title\"><a href=\"https:\/\/www.ek-retail.com\/nl\/stories\/sebastien-zott-ceo-van-peugeot-saveurs-snc-treedt-toe-tot-de-jury-van-de-european-retail-award\/\" rel=\"bookmark\" title=\"S\u00e9bastien Zott, CEO van Peugeot Saveurs SNC, treedt toe tot de jury van de European Retail Award\">S\u00e9bastien Zott, CEO van Peugeot Saveurs SNC, treedt toe tot de jury van de European Retail Award<\/a><\/h3><div class=\"entry-meta\"><span class=\"meta-item category-link\"><a href=\"https:\/\/www.ek-retail.com\/nl\/category\/ongecategoriseerd\/\" rel=\"tag\">Ongecategoriseerd<\/a>, <a href=\"https:\/\/www.ek-retail.com\/nl\/category\/pers\/\" rel=\"tag\">Pers<\/a><\/span><span class=\"meta-item data-link\"><time class=\"entry-date updated\" datetime=\"2026-02-26T09:29:49+01:00\">26 februari 2026<\/time><\/span><\/div><div class=\"entry-excerpt\"><p>De ERA-jury wordt in 2026 nog internationaler \/ Dr. Claudia Wasser verlaat de commissie na meer dan 10 jaar Bielefeld, 18 februari 2026 \u2013 Voor&hellip;<\/p>\n<\/div><a href=\"https:\/\/www.ek-retail.com\/nl\/stories\/sebastien-zott-ceo-van-peugeot-saveurs-snc-treedt-toe-tot-de-jury-van-de-european-retail-award\/\" target=\"\" aria-label=\"Lesen Sie mehr \u00fcber S\u00e9bastien Zott, CEO van Peugeot Saveurs SNC, treedt toe tot de jury van de European Retail Award\" class=\"box-button elementor-button elementor-size-md\">Lees meer<\/a>\n<\/div><\/article><\/div><div class=\"hidden wf-cell category-307\" data-post-id=\"66096\" data-date=\"2026-02-19T14:13:57+01:00\" data-name=\"De Binnenhuisadviseurs en EK Living bundelen krachten\"><article class=\"post visible no-img post-66096 stories type-stories status-publish format-standard hentry category-ek-living description-off\" data-name=\"De Binnenhuisadviseurs en EK Living bundelen krachten\" data-date=\"2026-02-19T14:13:57+01:00\">\n\n<div class=\"post-entry-content\">\n\n\t<h3 class=\"ele-entry-title\"><a href=\"https:\/\/www.ek-retail.com\/nl\/stories\/de-binnenhuisadviseurs-en-ek-living-bundelen-krachten\/\" rel=\"bookmark\" title=\"De Binnenhuisadviseurs en EK Living bundelen krachten\">De Binnenhuisadviseurs en EK Living bundelen krachten<\/a><\/h3><div class=\"entry-meta\"><span class=\"meta-item category-link\"><a href=\"https:\/\/www.ek-retail.com\/nl\/category\/ek-living\/\" rel=\"tag\">EK Living<\/a><\/span><span class=\"meta-item data-link\"><time class=\"entry-date updated\" datetime=\"2026-02-19T14:13:57+01:00\">19 februari 2026<\/time><\/span><\/div><div class=\"entry-excerpt\"><p>De Binnenhuisadviseurs en EK Living zijn een strategische samenwerking aangegaan. Met de samenwerking versterken beide partijen hun positie in de woningtextiel- en woonbranche, waarbij het&hellip;<\/p>\n<\/div><a href=\"https:\/\/www.ek-retail.com\/nl\/stories\/de-binnenhuisadviseurs-en-ek-living-bundelen-krachten\/\" target=\"\" aria-label=\"Lesen Sie mehr \u00fcber De Binnenhuisadviseurs en EK Living bundelen krachten\" class=\"box-button elementor-button elementor-size-md\">Lees meer<\/a>\n<\/div><\/article><\/div><div class=\"hidden wf-cell category-307 category-332\" data-post-id=\"66085\" data-date=\"2026-02-19T14:03:58+01:00\" data-name=\"Unieke samenwerking EK Living en Auping leidt tot introductie van nieuw matrassenmerk: Topdream\"><article class=\"post visible no-img post-66085 stories type-stories status-publish format-standard hentry category-ek-living category-pers description-off\" data-name=\"Unieke samenwerking EK Living en Auping leidt tot introductie van nieuw matrassenmerk: Topdream\" data-date=\"2026-02-19T14:03:58+01:00\">\n\n<div class=\"post-entry-content\">\n\n\t<h3 class=\"ele-entry-title\"><a href=\"https:\/\/www.ek-retail.com\/nl\/stories\/unieke-samenwerking-ek-living-en-auping-leidt-tot-introductie-van-nieuw-matrassenmerk-topdream\/\" rel=\"bookmark\" title=\"Unieke samenwerking EK Living en Auping leidt tot introductie van nieuw matrassenmerk: Topdream\">Unieke samenwerking EK Living en Auping leidt tot introductie van nieuw matrassenmerk: Topdream<\/a><\/h3><div class=\"entry-meta\"><span class=\"meta-item category-link\"><a href=\"https:\/\/www.ek-retail.com\/nl\/category\/ek-living\/\" rel=\"tag\">EK Living<\/a>, <a href=\"https:\/\/www.ek-retail.com\/nl\/category\/pers\/\" rel=\"tag\">Pers<\/a><\/span><span class=\"meta-item data-link\"><time class=\"entry-date updated\" datetime=\"2026-02-19T14:03:58+01:00\">19 februari 2026<\/time><\/span><\/div><div class=\"entry-excerpt\"><p>16 februari &#8211; EK Living en Koninklijke Auping kondigen met trots een unieke samenwerking aan binnen de slaapbranche. Gezamenlijk lanceren zij Topdream: een exclusieve circulaire&hellip;<\/p>\n<\/div><a href=\"https:\/\/www.ek-retail.com\/nl\/stories\/unieke-samenwerking-ek-living-en-auping-leidt-tot-introductie-van-nieuw-matrassenmerk-topdream\/\" target=\"\" aria-label=\"Lesen Sie mehr \u00fcber Unieke samenwerking EK Living en Auping leidt tot introductie van nieuw matrassenmerk: Topdream\" class=\"box-button elementor-button elementor-size-md\">Lees meer<\/a>\n<\/div><\/article><\/div><div class=\"hidden wf-cell category-308\" data-post-id=\"64955\" data-date=\"2026-02-11T09:14:00+01:00\" data-name=\"In de spotlight: Dolimah de Best-Dumernit \u2013 37 jaar passie voor mode bij Cees de Best B.V.\"><article class=\"post visible post-64955 stories type-stories status-publish format-standard has-post-thumbnail hentry category-ek-fashion description-off\" data-name=\"In de spotlight: Dolimah de Best-Dumernit \u2013 37 jaar passie voor mode bij Cees de Best B.V.\" data-date=\"2026-02-11T09:14:00+01:00\">\n\n\t<div class=\"post-thumbnail-wrap\">\n\t\t<div class=\"post-thumbnail\">\n\n\t\t\t<a class=\"post-thumbnail-rollover img-css-resize-wrapper\" aria-label=\"Berichtafbeelding\" href=\"https:\/\/www.ek-retail.com\/nl\/stories\/in-de-spotlight-dolimah-de-best-dumernit-37-jaar-passie-voor-mode-bij-cees-de-best-b-v\/\"><img loading=\"lazy\" decoding=\"async\" width=\"1280\" height=\"552\" src=\"https:\/\/www.ek-retail.com\/wp-content\/uploads\/2026\/02\/cees-de-best.jpg\" class=\"attachment-full size-full preload-me aspect\" alt=\"\" srcset=\"https:\/\/www.ek-retail.com\/wp-content\/uploads\/2026\/02\/cees-de-best.jpg 1280w, https:\/\/www.ek-retail.com\/wp-content\/uploads\/2026\/02\/cees-de-best-300x129.jpg 300w, https:\/\/www.ek-retail.com\/wp-content\/uploads\/2026\/02\/cees-de-best-1024x442.jpg 1024w, https:\/\/www.ek-retail.com\/wp-content\/uploads\/2026\/02\/cees-de-best-768x331.jpg 768w\" sizes=\"(max-width: 1280px) 100vw, 1280px\" style=\"--ratio: 1280 \/ 552;\" \/><span class=\"the7-hover-icon\"><i aria-hidden=\"true\" class=\"fas fa-plus\"><\/i><\/span><\/a>\n\t\t<\/div>\n\t<\/div>\n\n\n<div class=\"post-entry-content\">\n\n\t<h3 class=\"ele-entry-title\"><a href=\"https:\/\/www.ek-retail.com\/nl\/stories\/in-de-spotlight-dolimah-de-best-dumernit-37-jaar-passie-voor-mode-bij-cees-de-best-b-v\/\" rel=\"bookmark\" title=\"In de spotlight: Dolimah de Best-Dumernit \u2013 37 jaar passie voor mode bij Cees de Best B.V.\">In de spotlight: Dolimah de Best-Dumernit \u2013 37 jaar passie voor mode bij Cees de Best B.V.<\/a><\/h3><div class=\"entry-meta\"><span class=\"meta-item category-link\"><a href=\"https:\/\/www.ek-retail.com\/nl\/category\/ek-fashion\/\" rel=\"tag\">EK Fashion<\/a><\/span><span class=\"meta-item data-link\"><time class=\"entry-date updated\" datetime=\"2026-02-11T09:14:00+01:00\">11 februari 2026<\/time><\/span><\/div><div class=\"entry-excerpt\"><p>Over groei, samenwerking en de toekomst van mode. Een leven in de mode Met maar liefst 37 jaar ervaring in de fashionbranche mag Dolimah de&hellip;<\/p>\n<\/div><a href=\"https:\/\/www.ek-retail.com\/nl\/stories\/in-de-spotlight-dolimah-de-best-dumernit-37-jaar-passie-voor-mode-bij-cees-de-best-b-v\/\" target=\"\" aria-label=\"Lesen Sie mehr \u00fcber In de spotlight: Dolimah de Best-Dumernit \u2013 37 jaar passie voor mode bij Cees de Best B.V.\" class=\"box-button elementor-button elementor-size-md\">Lees meer<\/a>\n<\/div><\/article><\/div><div class=\"hidden wf-cell category-308\" data-post-id=\"64947\" data-date=\"2026-02-10T16:42:01+01:00\" data-name=\"In de spotlight: Peter van \u2019t Veen \u2013 De ondernemer achter JANSEN Amsterdam\"><article class=\"post visible post-64947 stories type-stories status-publish format-standard has-post-thumbnail hentry category-ek-fashion description-off\" data-name=\"In de spotlight: Peter van \u2019t Veen \u2013 De ondernemer achter JANSEN Amsterdam\" data-date=\"2026-02-10T16:42:01+01:00\">\n\n\t<div class=\"post-thumbnail-wrap\">\n\t\t<div class=\"post-thumbnail\">\n\n\t\t\t<a class=\"post-thumbnail-rollover img-css-resize-wrapper\" aria-label=\"Berichtafbeelding\" href=\"https:\/\/www.ek-retail.com\/nl\/stories\/in-de-spotlight-peter-van-t-veen-de-ondernemer-achter-jansen-amsterdam\/\"><img loading=\"lazy\" decoding=\"async\" width=\"1280\" height=\"552\" src=\"https:\/\/www.ek-retail.com\/wp-content\/uploads\/2026\/02\/in-de-spotlight-peter-van-t-veen.jpg\" class=\"attachment-full size-full preload-me aspect\" alt=\"\" srcset=\"https:\/\/www.ek-retail.com\/wp-content\/uploads\/2026\/02\/in-de-spotlight-peter-van-t-veen.jpg 1280w, https:\/\/www.ek-retail.com\/wp-content\/uploads\/2026\/02\/in-de-spotlight-peter-van-t-veen-300x129.jpg 300w, https:\/\/www.ek-retail.com\/wp-content\/uploads\/2026\/02\/in-de-spotlight-peter-van-t-veen-1024x442.jpg 1024w, https:\/\/www.ek-retail.com\/wp-content\/uploads\/2026\/02\/in-de-spotlight-peter-van-t-veen-768x331.jpg 768w\" sizes=\"(max-width: 1280px) 100vw, 1280px\" style=\"--ratio: 1280 \/ 552;\" \/><span class=\"the7-hover-icon\"><i aria-hidden=\"true\" class=\"fas fa-plus\"><\/i><\/span><\/a>\n\t\t<\/div>\n\t<\/div>\n\n\n<div class=\"post-entry-content\">\n\n\t<h3 class=\"ele-entry-title\"><a href=\"https:\/\/www.ek-retail.com\/nl\/stories\/in-de-spotlight-peter-van-t-veen-de-ondernemer-achter-jansen-amsterdam\/\" rel=\"bookmark\" title=\"In de spotlight: Peter van \u2019t Veen \u2013 De ondernemer achter JANSEN Amsterdam\">In de spotlight: Peter van \u2019t Veen \u2013 De ondernemer achter JANSEN Amsterdam<\/a><\/h3><div class=\"entry-meta\"><span class=\"meta-item category-link\"><a href=\"https:\/\/www.ek-retail.com\/nl\/category\/ek-fashion\/\" rel=\"tag\">EK Fashion<\/a><\/span><span class=\"meta-item data-link\"><time class=\"entry-date updated\" datetime=\"2026-02-10T16:42:01+01:00\">10 februari 2026<\/time><\/span><\/div><div class=\"entry-excerpt\"><p>Kleding maken die vrouwen helpt om zich zelfverzekerd en mooi te voelen.&nbsp; Peter van \u2019t Veen is een echte modeman. Zijn reis begon in 1985&hellip;<\/p>\n<\/div><a href=\"https:\/\/www.ek-retail.com\/nl\/stories\/in-de-spotlight-peter-van-t-veen-de-ondernemer-achter-jansen-amsterdam\/\" target=\"\" aria-label=\"Lesen Sie mehr \u00fcber In de spotlight: Peter van \u2019t Veen \u2013 De ondernemer achter JANSEN Amsterdam\" class=\"box-button elementor-button elementor-size-md\">Lees meer<\/a>\n<\/div><\/article><\/div><div class=\"hidden wf-cell category-308\" data-post-id=\"63897\" data-date=\"2026-02-02T16:22:46+01:00\" data-name=\"In de spotlight: Anne &amp; Jet Mode in Dokkum\"><article class=\"post visible post-63897 stories type-stories status-publish format-standard has-post-thumbnail hentry category-ek-fashion description-off\" data-name=\"In de spotlight: Anne &amp; Jet Mode in Dokkum\" data-date=\"2026-02-02T16:22:46+01:00\">\n\n\t<div class=\"post-thumbnail-wrap\">\n\t\t<div class=\"post-thumbnail\">\n\n\t\t\t<a class=\"post-thumbnail-rollover img-css-resize-wrapper\" aria-label=\"Berichtafbeelding\" href=\"https:\/\/www.ek-retail.com\/nl\/stories\/in-de-spotlight-anne-jet-mode-in-dokkum\/\"><img loading=\"lazy\" decoding=\"async\" width=\"1335\" height=\"1103\" src=\"https:\/\/www.ek-retail.com\/wp-content\/uploads\/2026\/02\/fashion_anne_en_jet.png\" class=\"attachment-full size-full preload-me aspect\" alt=\"\" srcset=\"https:\/\/www.ek-retail.com\/wp-content\/uploads\/2026\/02\/fashion_anne_en_jet.png 1335w, https:\/\/www.ek-retail.com\/wp-content\/uploads\/2026\/02\/fashion_anne_en_jet-300x248.png 300w, https:\/\/www.ek-retail.com\/wp-content\/uploads\/2026\/02\/fashion_anne_en_jet-1024x846.png 1024w, https:\/\/www.ek-retail.com\/wp-content\/uploads\/2026\/02\/fashion_anne_en_jet-768x635.png 768w\" sizes=\"(max-width: 1335px) 100vw, 1335px\" style=\"--ratio: 1335 \/ 1103;\" \/><span class=\"the7-hover-icon\"><i aria-hidden=\"true\" class=\"fas fa-plus\"><\/i><\/span><\/a>\n\t\t<\/div>\n\t<\/div>\n\n\n<div class=\"post-entry-content\">\n\n\t<h3 class=\"ele-entry-title\"><a href=\"https:\/\/www.ek-retail.com\/nl\/stories\/in-de-spotlight-anne-jet-mode-in-dokkum\/\" rel=\"bookmark\" title=\"In de spotlight: Anne &amp; Jet Mode in Dokkum\">In de spotlight: Anne &amp; Jet Mode in Dokkum<\/a><\/h3><div class=\"entry-meta\"><span class=\"meta-item category-link\"><a href=\"https:\/\/www.ek-retail.com\/nl\/category\/ek-fashion\/\" rel=\"tag\">EK Fashion<\/a><\/span><span class=\"meta-item data-link\"><time class=\"entry-date updated\" datetime=\"2026-02-02T16:22:46+01:00\">2 februari 2026<\/time><\/span><\/div><div class=\"entry-excerpt\"><p>Een winkel waar passie voor mode en persoonlijke service samenkomen. In het hart van Dokkum vind je Anne &amp; Jet Mode, een winkel waar passie&hellip;<\/p>\n<\/div><a href=\"https:\/\/www.ek-retail.com\/nl\/stories\/in-de-spotlight-anne-jet-mode-in-dokkum\/\" target=\"\" aria-label=\"Lesen Sie mehr \u00fcber In de spotlight: Anne &amp; Jet Mode in Dokkum\" class=\"box-button elementor-button elementor-size-md\">Lees meer<\/a>\n<\/div><\/article><\/div><div class=\"hidden wf-cell category-313\" data-post-id=\"64089\" data-date=\"2026-01-29T10:49:13+01:00\" data-name=\"Arno van der Heijden: &quot;Sterk in maatwerk&quot;\"><article class=\"post visible no-img post-64089 stories type-stories status-publish format-standard hentry category-ek-diy description-off\" data-name=\"Arno van der Heijden: &#8220;Sterk in maatwerk&#8221;\" data-date=\"2026-01-29T10:49:13+01:00\">\n\n<div class=\"post-entry-content\">\n\n\t<h3 class=\"ele-entry-title\"><a href=\"https:\/\/www.ek-retail.com\/nl\/stories\/arno-van-der-heijden-sterk-in-maatwerk\/\" rel=\"bookmark\" title=\"Arno van der Heijden: &#8220;Sterk in maatwerk&#8221;\">Arno van der Heijden: &#8220;Sterk in maatwerk&#8221;<\/a><\/h3><div class=\"entry-meta\"><span class=\"meta-item category-link\"><a href=\"https:\/\/www.ek-retail.com\/nl\/category\/ek-diy\/\" rel=\"tag\">EK DIY<\/a><\/span><span class=\"meta-item data-link\"><time class=\"entry-date updated\" datetime=\"2026-01-29T10:49:13+01:00\">29 januari 2026<\/time><\/span><\/div><div class=\"entry-excerpt\"><p>&#8220;Wij hebben onze medewerkers steeds meegenomen in het traject naar de ombouw tot Hubo en ook de nodige winkels bezocht. De combinatie met Decorette werkt&hellip;<\/p>\n<\/div><a href=\"https:\/\/www.ek-retail.com\/nl\/stories\/arno-van-der-heijden-sterk-in-maatwerk\/\" target=\"\" aria-label=\"Lesen Sie mehr \u00fcber Arno van der Heijden: &#8220;Sterk in maatwerk&#8221;\" class=\"box-button elementor-button elementor-size-md\">Lees meer<\/a>\n<\/div><\/article><\/div><div class=\"hidden wf-cell category-313\" data-post-id=\"64092\" data-date=\"2026-01-29T10:48:27+01:00\" data-name=\"Jurgen van Rooij: &quot;Persoonlijk contact staat voorop&quot;\"><article class=\"post visible no-img post-64092 stories type-stories status-publish format-standard hentry category-ek-diy description-off\" data-name=\"Jurgen van Rooij: &#8220;Persoonlijk contact staat voorop&#8221;\" data-date=\"2026-01-29T10:48:27+01:00\">\n\n<div class=\"post-entry-content\">\n\n\t<h3 class=\"ele-entry-title\"><a href=\"https:\/\/www.ek-retail.com\/nl\/stories\/jurgen-van-rooij-persoonlijk-contact-staat-voorop\/\" rel=\"bookmark\" title=\"Jurgen van Rooij: &#8220;Persoonlijk contact staat voorop&#8221;\">Jurgen van Rooij: &#8220;Persoonlijk contact staat voorop&#8221;<\/a><\/h3><div class=\"entry-meta\"><span class=\"meta-item category-link\"><a href=\"https:\/\/www.ek-retail.com\/nl\/category\/ek-diy\/\" rel=\"tag\">EK DIY<\/a><\/span><span class=\"meta-item data-link\"><time class=\"entry-date updated\" datetime=\"2026-01-29T10:48:27+01:00\">29 januari 2026<\/time><\/span><\/div><div class=\"entry-excerpt\"><p>&#8220;Toen Formido als organisatie ophield te bestaan, moesten wij op zoek naar een alternatief. Wij kozen voor Hubo omdat het concept ons echt aansprak,&#8221; zegt&hellip;<\/p>\n<\/div><a href=\"https:\/\/www.ek-retail.com\/nl\/stories\/jurgen-van-rooij-persoonlijk-contact-staat-voorop\/\" target=\"\" aria-label=\"Lesen Sie mehr \u00fcber Jurgen van Rooij: &#8220;Persoonlijk contact staat voorop&#8221;\" class=\"box-button elementor-button elementor-size-md\">Lees meer<\/a>\n<\/div><\/article><\/div><div class=\"hidden wf-cell category-313\" data-post-id=\"64095\" data-date=\"2026-01-29T10:47:20+01:00\" data-name=\"Sander Veneklaas Slots: &quot;Voor mij is Hubo de enige keuze.&quot;\"><article class=\"post visible no-img post-64095 stories type-stories status-publish format-standard hentry category-ek-diy description-off\" data-name=\"Sander Veneklaas Slots: &#8220;Voor mij is Hubo de enige keuze.&#8221;\" data-date=\"2026-01-29T10:47:20+01:00\">\n\n<div class=\"post-entry-content\">\n\n\t<h3 class=\"ele-entry-title\"><a href=\"https:\/\/www.ek-retail.com\/nl\/stories\/sander-veneklaas-slots-voor-mij-is-hubo-de-enige-keuze\/\" rel=\"bookmark\" title=\"Sander Veneklaas Slots: &#8220;Voor mij is Hubo de enige keuze.&#8221;\">Sander Veneklaas Slots: &#8220;Voor mij is Hubo de enige keuze.&#8221;<\/a><\/h3><div class=\"entry-meta\"><span class=\"meta-item category-link\"><a href=\"https:\/\/www.ek-retail.com\/nl\/category\/ek-diy\/\" rel=\"tag\">EK DIY<\/a><\/span><span class=\"meta-item data-link\"><time class=\"entry-date updated\" datetime=\"2026-01-29T10:47:20+01:00\">29 januari 2026<\/time><\/span><\/div><div class=\"entry-excerpt\"><p>&#8220;Ik was 24 jaar oud toen ik zelfstandig ondernemer werd met mijn eigen doe-het-zelfzaak in Rolde, waar ik eerder had gewerkt. Dat was in 2001,&hellip;<\/p>\n<\/div><a href=\"https:\/\/www.ek-retail.com\/nl\/stories\/sander-veneklaas-slots-voor-mij-is-hubo-de-enige-keuze\/\" target=\"\" aria-label=\"Lesen Sie mehr \u00fcber Sander Veneklaas Slots: &#8220;Voor mij is Hubo de enige keuze.&#8221;\" class=\"box-button elementor-button elementor-size-md\">Lees meer<\/a>\n<\/div><\/article><\/div><div class=\"hidden wf-cell category-307\" data-post-id=\"62920\" data-date=\"2026-01-29T10:42:39+01:00\" data-name=\"EK Living aanwezig op de Voorjaarsvakdagen 2026\"><article class=\"post visible no-img post-62920 stories type-stories status-publish format-standard hentry category-ek-living description-off\" data-name=\"EK Living aanwezig op de Voorjaarsvakdagen 2026\" data-date=\"2026-01-29T10:42:39+01:00\">\n\n<div class=\"post-entry-content\">\n\n\t<h3 class=\"ele-entry-title\"><a href=\"https:\/\/www.ek-retail.com\/nl\/stories\/ek-living-aanwezig-op-de-voorjaarsvakdagen-2026\/\" rel=\"bookmark\" title=\"EK Living aanwezig op de Voorjaarsvakdagen 2026\">EK Living aanwezig op de Voorjaarsvakdagen 2026<\/a><\/h3><div class=\"entry-meta\"><span class=\"meta-item category-link\"><a href=\"https:\/\/www.ek-retail.com\/nl\/category\/ek-living\/\" rel=\"tag\">EK Living<\/a><\/span><span class=\"meta-item data-link\"><time class=\"entry-date updated\" datetime=\"2026-01-29T10:42:39+01:00\">29 januari 2026<\/time><\/span><\/div><div class=\"entry-excerpt\"><p>Het nieuwe interieurjaar staat op het punt te beginnen, en EK Living zal erbij zijn. Van zondag 1 februari tot woensdag 4 februari 2026 zijn&hellip;<\/p>\n<\/div><a href=\"https:\/\/www.ek-retail.com\/nl\/stories\/ek-living-aanwezig-op-de-voorjaarsvakdagen-2026\/\" target=\"\" aria-label=\"Lesen Sie mehr \u00fcber EK Living aanwezig op de Voorjaarsvakdagen 2026\" class=\"box-button elementor-button elementor-size-md\">Lees meer<\/a>\n<\/div><\/article><\/div><div class=\"hidden wf-cell category-307\" data-post-id=\"62922\" data-date=\"2026-01-28T17:07:00+01:00\" data-name=\"EK Living en .Crew winnen dubbel goud bij de Dutch Search Awards!\"><article class=\"post visible no-img post-62922 stories type-stories status-publish format-standard hentry category-ek-living description-off\" data-name=\"EK Living en .Crew winnen dubbel goud bij de Dutch Search Awards!\" data-date=\"2026-01-28T17:07:00+01:00\">\n\n<div class=\"post-entry-content\">\n\n\t<h3 class=\"ele-entry-title\"><a href=\"https:\/\/www.ek-retail.com\/nl\/stories\/ek-living-en-crew-winnen-dubbel-goud-bij-de-dutch-search-awards\/\" rel=\"bookmark\" title=\"EK Living en .Crew winnen dubbel goud bij de Dutch Search Awards!\">EK Living en .Crew winnen dubbel goud bij de Dutch Search Awards!<\/a><\/h3><div class=\"entry-meta\"><span class=\"meta-item category-link\"><a href=\"https:\/\/www.ek-retail.com\/nl\/category\/ek-living\/\" rel=\"tag\">EK Living<\/a><\/span><span class=\"meta-item data-link\"><time class=\"entry-date updated\" datetime=\"2026-01-28T17:07:00+01:00\">28 januari 2026<\/time><\/span><\/div><div class=\"entry-excerpt\"><p>Utrecht, 12 december 2025 Groot succes voor EK Living en onze partner .Crew bij de Dutch Search Awards.Het duo won de gouden trofee in maar&hellip;<\/p>\n<\/div><a href=\"https:\/\/www.ek-retail.com\/nl\/stories\/ek-living-en-crew-winnen-dubbel-goud-bij-de-dutch-search-awards\/\" target=\"\" aria-label=\"Lesen Sie mehr \u00fcber EK Living en .Crew winnen dubbel goud bij de Dutch Search Awards!\" class=\"box-button elementor-button elementor-size-md\">Lees meer<\/a>\n<\/div><\/article><\/div><div class=\"hidden wf-cell category-307\" data-post-id=\"62924\" data-date=\"2026-01-28T17:04:01+01:00\" data-name=\"Hunter Douglas en EK Living introduceren Home Collection zonwering voor ondernemers\"><article class=\"post visible no-img post-62924 stories type-stories status-publish format-standard hentry category-ek-living description-off\" data-name=\"Hunter Douglas en EK Living introduceren Home Collection zonwering voor ondernemers\" data-date=\"2026-01-28T17:04:01+01:00\">\n\n<div class=\"post-entry-content\">\n\n\t<h3 class=\"ele-entry-title\"><a href=\"https:\/\/www.ek-retail.com\/nl\/stories\/hunter-douglas-en-ek-living-introduceren-home-collection-zonwering-voor-ondernemers\/\" rel=\"bookmark\" title=\"Hunter Douglas en EK Living introduceren Home Collection zonwering voor ondernemers\">Hunter Douglas en EK Living introduceren Home Collection zonwering voor ondernemers<\/a><\/h3><div class=\"entry-meta\"><span class=\"meta-item category-link\"><a href=\"https:\/\/www.ek-retail.com\/nl\/category\/ek-living\/\" rel=\"tag\">EK Living<\/a><\/span><span class=\"meta-item data-link\"><time class=\"entry-date updated\" datetime=\"2026-01-28T17:04:01+01:00\">28 januari 2026<\/time><\/span><\/div><div class=\"entry-excerpt\"><p>Amersfoort\/Rotterdam, 17 oktober 2025 Tijdens een feestelijke lancering op de SS Rotterdam hebben Hunter Douglas en EK Living hun nieuwe Home Collection raamdecoratie gepresenteerd aan&hellip;<\/p>\n<\/div><a href=\"https:\/\/www.ek-retail.com\/nl\/stories\/hunter-douglas-en-ek-living-introduceren-home-collection-zonwering-voor-ondernemers\/\" target=\"\" aria-label=\"Lesen Sie mehr \u00fcber Hunter Douglas en EK Living introduceren Home Collection zonwering voor ondernemers\" class=\"box-button elementor-button elementor-size-md\">Lees meer<\/a>\n<\/div><\/article><\/div><div class=\"hidden wf-cell category-307\" data-post-id=\"62926\" data-date=\"2026-01-28T17:00:00+01:00\" data-name=\"EK Living selecteert Hunter Douglas als exclusieve leverancier voor private label raamdecoratie\"><article class=\"post visible no-img post-62926 stories type-stories status-publish format-standard hentry category-ek-living description-off\" data-name=\"EK Living selecteert Hunter Douglas als exclusieve leverancier voor private label raamdecoratie\" data-date=\"2026-01-28T17:00:00+01:00\">\n\n<div class=\"post-entry-content\">\n\n\t<h3 class=\"ele-entry-title\"><a href=\"https:\/\/www.ek-retail.com\/nl\/stories\/ek-living-selecteert-hunter-douglas-als-exclusieve-leverancier-voor-private-label-raamdecoratie\/\" rel=\"bookmark\" title=\"EK Living selecteert Hunter Douglas als exclusieve leverancier voor private label raamdecoratie\">EK Living selecteert Hunter Douglas als exclusieve leverancier voor private label raamdecoratie<\/a><\/h3><div class=\"entry-meta\"><span class=\"meta-item category-link\"><a href=\"https:\/\/www.ek-retail.com\/nl\/category\/ek-living\/\" rel=\"tag\">EK Living<\/a><\/span><span class=\"meta-item data-link\"><time class=\"entry-date updated\" datetime=\"2026-01-28T17:00:00+01:00\">28 januari 2026<\/time><\/span><\/div><div class=\"entry-excerpt\"><p>Na een intensief pitchproces heeft EK Living Hunter Douglas geselecteerd als exclusieve leverancier voor haar private label raamdecoratie.De beslissing werd genomen door een ondernemerscommissie bestaande&hellip;<\/p>\n<\/div><a href=\"https:\/\/www.ek-retail.com\/nl\/stories\/ek-living-selecteert-hunter-douglas-als-exclusieve-leverancier-voor-private-label-raamdecoratie\/\" target=\"\" aria-label=\"Lesen Sie mehr \u00fcber EK Living selecteert Hunter Douglas als exclusieve leverancier voor private label raamdecoratie\" class=\"box-button elementor-button elementor-size-md\">Lees meer<\/a>\n<\/div><\/article><\/div><div class=\"hidden wf-cell category-316\" data-post-id=\"64116\" data-date=\"2025-12-17T13:52:00+01:00\" data-name=\"Hausger\u00e4te Huth start met een nieuwe electroplus k\u00fcchenplus winkel in de Hunsr\u00fcck\"><article class=\"post visible no-img post-64116 stories type-stories status-publish format-standard hentry category-ek-home description-off\" data-name=\"Hausger\u00e4te Huth start met een nieuwe electroplus k\u00fcchenplus winkel in de Hunsr\u00fcck\" data-date=\"2025-12-17T13:52:00+01:00\">\n\n<div class=\"post-entry-content\">\n\n\t<h3 class=\"ele-entry-title\"><a href=\"https:\/\/www.ek-retail.com\/nl\/stories\/hausgerate-huth-start-met-een-nieuwe-electroplus-kuchenplus-winkel-in-de-hunsruck\/\" rel=\"bookmark\" title=\"Hausger\u00e4te Huth start met een nieuwe electroplus k\u00fcchenplus winkel in de Hunsr\u00fcck\">Hausger\u00e4te Huth start met een nieuwe electroplus k\u00fcchenplus winkel in de Hunsr\u00fcck<\/a><\/h3><div class=\"entry-meta\"><span class=\"meta-item category-link\"><a href=\"https:\/\/www.ek-retail.com\/nl\/category\/ek-home\/\" rel=\"tag\">EK Home<\/a><\/span><span class=\"meta-item data-link\"><time class=\"entry-date updated\" datetime=\"2025-12-17T13:52:00+01:00\">17 december 2025<\/time><\/span><\/div><div class=\"entry-excerpt\"><p>Bielefeld\/Kastellaun, 17 december 2025 \u2013 Hoe kan de fysieke detailhandel in landelijke gebieden opnieuw worden vormgegeven \u2013 modern, sterk in merken en tegelijkertijd dicht bij&hellip;<\/p>\n<\/div><a href=\"https:\/\/www.ek-retail.com\/nl\/stories\/hausgerate-huth-start-met-een-nieuwe-electroplus-kuchenplus-winkel-in-de-hunsruck\/\" target=\"\" aria-label=\"Lesen Sie mehr \u00fcber Hausger\u00e4te Huth start met een nieuwe electroplus k\u00fcchenplus winkel in de Hunsr\u00fcck\" class=\"box-button elementor-button elementor-size-md\">Lees meer<\/a>\n<\/div><\/article><\/div><div class=\"hidden wf-cell category-316\" data-post-id=\"64386\" data-date=\"2025-12-12T09:03:00+01:00\" data-name=\"Nieuwe electroplus k\u00fcchenplus winkel in Rosenheim\"><article class=\"post visible no-img post-64386 stories type-stories status-publish format-standard hentry category-ek-home description-off\" data-name=\"Nieuwe electroplus k\u00fcchenplus winkel in Rosenheim\" data-date=\"2025-12-12T09:03:00+01:00\">\n\n<div class=\"post-entry-content\">\n\n\t<h3 class=\"ele-entry-title\"><a href=\"https:\/\/www.ek-retail.com\/nl\/stories\/nieuwe-electroplus-kuchenplus-winkel-in-rosenheim\/\" rel=\"bookmark\" title=\"Nieuwe electroplus k\u00fcchenplus winkel in Rosenheim\">Nieuwe electroplus k\u00fcchenplus winkel in Rosenheim<\/a><\/h3><div class=\"entry-meta\"><span class=\"meta-item category-link\"><a href=\"https:\/\/www.ek-retail.com\/nl\/category\/ek-home\/\" rel=\"tag\">EK Home<\/a><\/span><span class=\"meta-item data-link\"><time class=\"entry-date updated\" datetime=\"2025-12-12T09:03:00+01:00\">12 december 2025<\/time><\/span><\/div><div class=\"entry-excerpt\"><p>Bielefeld\/Rosenheim, 10 december 2025 Wanneer een nieuwe elektro- en keukenspeciaalzaak opent, vereist dit niet alleen ondernemingsmoed maar ook een solide concept. In Rosenheim komen beide&hellip;<\/p>\n<\/div><a href=\"https:\/\/www.ek-retail.com\/nl\/stories\/nieuwe-electroplus-kuchenplus-winkel-in-rosenheim\/\" target=\"\" aria-label=\"Lesen Sie mehr \u00fcber Nieuwe electroplus k\u00fcchenplus winkel in Rosenheim\" class=\"box-button elementor-button elementor-size-md\">Lees meer<\/a>\n<\/div><\/article><\/div><div class=\"hidden wf-cell category-316\" data-post-id=\"65620\" data-date=\"2025-12-11T13:59:00+01:00\" data-name=\"4mybaby maakt een vliegende start met het happybaby-concept\"><article class=\"post visible no-img post-65620 stories type-stories status-publish format-standard hentry category-ek-home description-off\" data-name=\"4mybaby maakt een vliegende start met het happybaby-concept\" data-date=\"2025-12-11T13:59:00+01:00\">\n\n<div class=\"post-entry-content\">\n\n\t<h3 class=\"ele-entry-title\"><a href=\"https:\/\/www.ek-retail.com\/nl\/stories\/4mybaby-maakt-een-vliegende-start-met-het-happybaby-concept\/\" rel=\"bookmark\" title=\"4mybaby maakt een vliegende start met het happybaby-concept\">4mybaby maakt een vliegende start met het happybaby-concept<\/a><\/h3><div class=\"entry-meta\"><span class=\"meta-item category-link\"><a href=\"https:\/\/www.ek-retail.com\/nl\/category\/ek-home\/\" rel=\"tag\">EK Home<\/a><\/span><span class=\"meta-item data-link\"><time class=\"entry-date updated\" datetime=\"2025-12-11T13:59:00+01:00\">11 december 2025<\/time><\/span><\/div><div class=\"entry-excerpt\"><p>Bielefeld\/Regensdorf, 11 december 2025 \u2013 Feestelijke opening in Gr\u00fctpark in Regensdorf\/Z\u00fcrich Sinds eind november zet een nieuwe speciaalzaak in de regio Z\u00fcrich de standaard voor&hellip;<\/p>\n<\/div><a href=\"https:\/\/www.ek-retail.com\/nl\/stories\/4mybaby-maakt-een-vliegende-start-met-het-happybaby-concept\/\" target=\"\" aria-label=\"Lesen Sie mehr \u00fcber 4mybaby maakt een vliegende start met het happybaby-concept\" class=\"box-button elementor-button elementor-size-md\">Lees meer<\/a>\n<\/div><\/article><\/div><div class=\"hidden wf-cell category-316\" data-post-id=\"65623\" data-date=\"2025-12-04T14:01:00+01:00\" data-name=\"electroplus k\u00fcchenplus en Miele vieren campagnesucces met aanzienlijke omzetstijging\"><article class=\"post visible no-img post-65623 stories type-stories status-publish format-standard hentry category-ek-home description-off\" data-name=\"electroplus k\u00fcchenplus en Miele vieren campagnesucces met aanzienlijke omzetstijging\" data-date=\"2025-12-04T14:01:00+01:00\">\n\n<div class=\"post-entry-content\">\n\n\t<h3 class=\"ele-entry-title\"><a href=\"https:\/\/www.ek-retail.com\/nl\/stories\/electroplus-kuchenplus-en-miele-vieren-campagnesucces-met-aanzienlijke-omzetstijging\/\" rel=\"bookmark\" title=\"electroplus k\u00fcchenplus en Miele vieren campagnesucces met aanzienlijke omzetstijging\">electroplus k\u00fcchenplus en Miele vieren campagnesucces met aanzienlijke omzetstijging<\/a><\/h3><div class=\"entry-meta\"><span class=\"meta-item category-link\"><a href=\"https:\/\/www.ek-retail.com\/nl\/category\/ek-home\/\" rel=\"tag\">EK Home<\/a><\/span><span class=\"meta-item data-link\"><time class=\"entry-date updated\" datetime=\"2025-12-04T14:01:00+01:00\">4 december 2025<\/time><\/span><\/div><div class=\"entry-excerpt\"><p>Bielefeld, 4 december 2025 Wanneer twee sterke spelers uit de sector voor het eerst de krachten bundelen, zijn de verwachtingen hooggespannen. En het resultaat stelt&hellip;<\/p>\n<\/div><a href=\"https:\/\/www.ek-retail.com\/nl\/stories\/electroplus-kuchenplus-en-miele-vieren-campagnesucces-met-aanzienlijke-omzetstijging\/\" target=\"\" aria-label=\"Lesen Sie mehr \u00fcber electroplus k\u00fcchenplus en Miele vieren campagnesucces met aanzienlijke omzetstijging\" class=\"box-button elementor-button elementor-size-md\">Lees meer<\/a>\n<\/div><\/article><\/div><div class=\"hidden wf-cell category-308\" data-post-id=\"65600\" data-date=\"2025-12-03T13:15:00+01:00\" data-name=\"Frank Heus neemt het stokje over als hoofd van EK Fashion\"><article class=\"post visible no-img post-65600 stories type-stories status-publish format-standard hentry category-ek-fashion description-off\" data-name=\"Frank Heus neemt het stokje over als hoofd van EK Fashion\" data-date=\"2025-12-03T13:15:00+01:00\">\n\n<div class=\"post-entry-content\">\n\n\t<h3 class=\"ele-entry-title\"><a href=\"https:\/\/www.ek-retail.com\/nl\/stories\/frank-heus-neemt-het-stokje-over-als-hoofd-van-ek-fashion\/\" rel=\"bookmark\" title=\"Frank Heus neemt het stokje over als hoofd van EK Fashion\">Frank Heus neemt het stokje over als hoofd van EK Fashion<\/a><\/h3><div class=\"entry-meta\"><span class=\"meta-item category-link\"><a href=\"https:\/\/www.ek-retail.com\/nl\/category\/ek-fashion\/\" rel=\"tag\">EK Fashion<\/a><\/span><span class=\"meta-item data-link\"><time class=\"entry-date updated\" datetime=\"2025-12-03T13:15:00+01:00\">3 december 2025<\/time><\/span><\/div><div class=\"entry-excerpt\"><p>Amersfoort\/Bielefeld, 3 december 2025 \u2013 Frank Heus wordt de nieuwe directeur van de businessunit EK Fashion: de Nederlandse topman neemt per 1 januari 2026 de&hellip;<\/p>\n<\/div><a href=\"https:\/\/www.ek-retail.com\/nl\/stories\/frank-heus-neemt-het-stokje-over-als-hoofd-van-ek-fashion\/\" target=\"\" aria-label=\"Lesen Sie mehr \u00fcber Frank Heus neemt het stokje over als hoofd van EK Fashion\" class=\"box-button elementor-button elementor-size-md\">Lees meer<\/a>\n<\/div><\/article><\/div><div class=\"hidden wf-cell category-335\" data-post-id=\"67779\" data-date=\"2025-11-27T17:10:00+01:00\" data-name=\"Catrin van der Heide-Barth: \u201cVerzekerd van de beste deals met de merkleveranciers\u201d\"><article class=\"post visible post-67779 stories type-stories status-publish format-standard has-post-thumbnail hentry category-ek-sport description-off\" data-name=\"Catrin van der Heide-Barth: \u201cVerzekerd van de beste deals met de merkleveranciers\u201d\" data-date=\"2025-11-27T17:10:00+01:00\">\n\n\t<div class=\"post-thumbnail-wrap\">\n\t\t<div class=\"post-thumbnail\">\n\n\t\t\t<a class=\"post-thumbnail-rollover img-css-resize-wrapper\" aria-label=\"Berichtafbeelding\" href=\"https:\/\/www.ek-retail.com\/nl\/stories\/catrin-van-der-heide-barth-verzekerd-van-de-beste-deals-met-de-merkleveranciers\/\"><img loading=\"lazy\" decoding=\"async\" width=\"950\" height=\"535\" src=\"https:\/\/www.ek-retail.com\/wp-content\/uploads\/2025\/10\/catrinvanderheide.png\" class=\"attachment-full size-full preload-me aspect\" alt=\"\" srcset=\"https:\/\/www.ek-retail.com\/wp-content\/uploads\/2025\/10\/catrinvanderheide.png 950w, https:\/\/www.ek-retail.com\/wp-content\/uploads\/2025\/10\/catrinvanderheide-300x169.png 300w, https:\/\/www.ek-retail.com\/wp-content\/uploads\/2025\/10\/catrinvanderheide-768x433.png 768w\" sizes=\"(max-width: 950px) 100vw, 950px\" style=\"--ratio: 950 \/ 535;\" \/><span class=\"the7-hover-icon\"><i aria-hidden=\"true\" class=\"fas fa-plus\"><\/i><\/span><\/a>\n\t\t<\/div>\n\t<\/div>\n\n\n<div class=\"post-entry-content\">\n\n\t<h3 class=\"ele-entry-title\"><a href=\"https:\/\/www.ek-retail.com\/nl\/stories\/catrin-van-der-heide-barth-verzekerd-van-de-beste-deals-met-de-merkleveranciers\/\" rel=\"bookmark\" title=\"Catrin van der Heide-Barth: \u201cVerzekerd van de beste deals met de merkleveranciers\u201d\">Catrin van der Heide-Barth: \u201cVerzekerd van de beste deals met de merkleveranciers\u201d<\/a><\/h3><div class=\"entry-meta\"><span class=\"meta-item category-link\"><a href=\"https:\/\/www.ek-retail.com\/nl\/category\/ek-sport\/\" rel=\"tag\">EK Sport<\/a><\/span><span class=\"meta-item data-link\"><time class=\"entry-date updated\" datetime=\"2025-11-27T17:10:00+01:00\">27 november 2025<\/time><\/span><\/div><div class=\"entry-excerpt\"><p>\u201cNaast INTERSPORT Roden heb ik nog een wintersportspeciaalzaak, waarmee ik ook ben aangesloten bij EK Retail. Onze inkoop voor INTERSPORT verloopt via EK Retail en&hellip;<\/p>\n<\/div><a href=\"https:\/\/www.ek-retail.com\/nl\/stories\/catrin-van-der-heide-barth-verzekerd-van-de-beste-deals-met-de-merkleveranciers\/\" target=\"\" aria-label=\"Lesen Sie mehr \u00fcber Catrin van der Heide-Barth: \u201cVerzekerd van de beste deals met de merkleveranciers\u201d\" class=\"box-button elementor-button elementor-size-md\">Lees meer<\/a>\n<\/div><\/article><\/div><div class=\"hidden wf-cell category-316\" data-post-id=\"65626\" data-date=\"2025-11-25T14:06:00+01:00\" data-name=\"Nieuwe aanwinst voor EK Home Housewares\"><article class=\"post visible no-img post-65626 stories type-stories status-publish format-standard hentry category-ek-home description-off\" data-name=\"Nieuwe aanwinst voor EK Home Housewares\" data-date=\"2025-11-25T14:06:00+01:00\">\n\n<div class=\"post-entry-content\">\n\n\t<h3 class=\"ele-entry-title\"><a href=\"https:\/\/www.ek-retail.com\/nl\/stories\/nieuwe-aanwinst-voor-ek-home-housewares\/\" rel=\"bookmark\" title=\"Nieuwe aanwinst voor EK Home Housewares\">Nieuwe aanwinst voor EK Home Housewares<\/a><\/h3><div class=\"entry-meta\"><span class=\"meta-item category-link\"><a href=\"https:\/\/www.ek-retail.com\/nl\/category\/ek-home\/\" rel=\"tag\">EK Home<\/a><\/span><span class=\"meta-item data-link\"><time class=\"entry-date updated\" datetime=\"2025-11-25T14:06:00+01:00\">25 november 2025<\/time><\/span><\/div><div class=\"entry-excerpt\"><p>Bielefeld, 25 november 2025 Nantje Meyer treedt aan als Head of Category Management Housewares Bielefeld, 25 november 2025 \u2013 EK Home versterkt per 1 december&hellip;<\/p>\n<\/div><a href=\"https:\/\/www.ek-retail.com\/nl\/stories\/nieuwe-aanwinst-voor-ek-home-housewares\/\" target=\"\" aria-label=\"Lesen Sie mehr \u00fcber Nieuwe aanwinst voor EK Home Housewares\" class=\"box-button elementor-button elementor-size-md\">Lees meer<\/a>\n<\/div><\/article><\/div><div class=\"hidden wf-cell category-292\" data-post-id=\"65601\" data-date=\"2025-11-14T13:11:00+01:00\" data-name=\"Chicago zet in op \u201cMade in Germany\u201d: \u201cDuits Paviljoen\u201d op The Inspired Home Show 2026\"><article class=\"post visible no-img post-65601 stories type-stories status-publish format-standard hentry category-ongecategoriseerd description-off\" data-name=\"Chicago zet in op \u201cMade in Germany\u201d: \u201cDuits Paviljoen\u201d op The Inspired Home Show 2026\" data-date=\"2025-11-14T13:11:00+01:00\">\n\n<div class=\"post-entry-content\">\n\n\t<h3 class=\"ele-entry-title\"><a href=\"https:\/\/www.ek-retail.com\/nl\/stories\/chicago-zet-in-op-made-in-germany-duits-paviljoen-op-the-inspired-home-show-2026\/\" rel=\"bookmark\" title=\"Chicago zet in op \u201cMade in Germany\u201d: \u201cDuits Paviljoen\u201d op The Inspired Home Show 2026\">Chicago zet in op \u201cMade in Germany\u201d: \u201cDuits Paviljoen\u201d op The Inspired Home Show 2026<\/a><\/h3><div class=\"entry-meta\"><span class=\"meta-item category-link\"><a href=\"https:\/\/www.ek-retail.com\/nl\/category\/ongecategoriseerd\/\" rel=\"tag\">Ongecategoriseerd<\/a><\/span><span class=\"meta-item data-link\"><time class=\"entry-date updated\" datetime=\"2025-11-14T13:11:00+01:00\">14 november 2025<\/time><\/span><\/div><div class=\"entry-excerpt\"><p>Berlijn\/Bielefeld\/Chicago, 14 november 2025 Het kwaliteitskeurmerk \u201cMade in Germany\u201d geniet wereldwijd nog steeds een uitstekende reputatie. Dat is reden genoeg voor de International Housewares Association&hellip;<\/p>\n<\/div><a href=\"https:\/\/www.ek-retail.com\/nl\/stories\/chicago-zet-in-op-made-in-germany-duits-paviljoen-op-the-inspired-home-show-2026\/\" target=\"\" aria-label=\"Lesen Sie mehr \u00fcber Chicago zet in op \u201cMade in Germany\u201d: \u201cDuits Paviljoen\u201d op The Inspired Home Show 2026\" class=\"box-button elementor-button elementor-size-md\">Lees meer<\/a>\n<\/div><\/article><\/div><div class=\"hidden wf-cell category-316\" data-post-id=\"65629\" data-date=\"2025-11-13T09:58:00+01:00\" data-name=\"Een nieuwe plek voor jonge gezinnen \u2013 Nieuwe happybaby-partner: Jungmann mini &amp; me in Bolzano\"><article class=\"post visible no-img post-65629 stories type-stories status-publish format-standard hentry category-ek-home description-off\" data-name=\"Een nieuwe plek voor jonge gezinnen \u2013 Nieuwe happybaby-partner: Jungmann mini &amp; me in Bolzano\" data-date=\"2025-11-13T09:58:00+01:00\">\n\n<div class=\"post-entry-content\">\n\n\t<h3 class=\"ele-entry-title\"><a href=\"https:\/\/www.ek-retail.com\/nl\/stories\/een-nieuwe-plek-voor-jonge-gezinnen-nieuwe-happybaby-partner-jungmann-mini-me-in-bolzano\/\" rel=\"bookmark\" title=\"Een nieuwe plek voor jonge gezinnen \u2013 Nieuwe happybaby-partner: Jungmann mini &amp; me in Bolzano\">Een nieuwe plek voor jonge gezinnen \u2013 Nieuwe happybaby-partner: Jungmann mini &amp; me in Bolzano<\/a><\/h3><div class=\"entry-meta\"><span class=\"meta-item category-link\"><a href=\"https:\/\/www.ek-retail.com\/nl\/category\/ek-home\/\" rel=\"tag\">EK Home<\/a><\/span><span class=\"meta-item data-link\"><time class=\"entry-date updated\" datetime=\"2025-11-13T09:58:00+01:00\">13 november 2025<\/time><\/span><\/div><div class=\"entry-excerpt\"><p>Een nieuwe plek voor jonge gezinnen Nieuwe happybaby-partner: Jungmann mini &amp; me in Bolzano Bielefeld\/Bolzano, 13 november 2025 \u2013 Jungmann Home Center, een gevestigde naam&hellip;<\/p>\n<\/div><a href=\"https:\/\/www.ek-retail.com\/nl\/stories\/een-nieuwe-plek-voor-jonge-gezinnen-nieuwe-happybaby-partner-jungmann-mini-me-in-bolzano\/\" target=\"\" aria-label=\"Lesen Sie mehr \u00fcber Een nieuwe plek voor jonge gezinnen \u2013 Nieuwe happybaby-partner: Jungmann mini &amp; me in Bolzano\" class=\"box-button elementor-button elementor-size-md\">Lees meer<\/a>\n<\/div><\/article><\/div><div class=\"hidden wf-cell category-335\" data-post-id=\"67790\" data-date=\"2025-11-04T13:32:00+01:00\" data-name=\"Arnold den Dikken: \u201cINTERSPORT zorgt ervoor dat wij een omnichannel-strategie hebben\u201d\"><article class=\"post visible post-67790 stories type-stories status-publish format-standard has-post-thumbnail hentry category-ek-sport description-off\" data-name=\"Arnold den Dikken: \u201cINTERSPORT zorgt ervoor dat wij een omnichannel-strategie hebben\u201d\" data-date=\"2025-11-04T13:32:00+01:00\">\n\n\t<div class=\"post-thumbnail-wrap\">\n\t\t<div class=\"post-thumbnail\">\n\n\t\t\t<a class=\"post-thumbnail-rollover img-css-resize-wrapper\" aria-label=\"Berichtafbeelding\" href=\"https:\/\/www.ek-retail.com\/nl\/stories\/arnold-den-dikken-intersport-zorgt-ervoor-dat-wij-een-omnichannel-strategie-hebben\/\"><img loading=\"lazy\" decoding=\"async\" width=\"2000\" height=\"1241\" src=\"https:\/\/www.ek-retail.com\/wp-content\/uploads\/2025\/11\/240605-intersport0463.jpg\" class=\"attachment-full size-full preload-me aspect\" alt=\"\" srcset=\"https:\/\/www.ek-retail.com\/wp-content\/uploads\/2025\/11\/240605-intersport0463.jpg 2000w, https:\/\/www.ek-retail.com\/wp-content\/uploads\/2025\/11\/240605-intersport0463-300x186.jpg 300w, https:\/\/www.ek-retail.com\/wp-content\/uploads\/2025\/11\/240605-intersport0463-1024x635.jpg 1024w, https:\/\/www.ek-retail.com\/wp-content\/uploads\/2025\/11\/240605-intersport0463-768x477.jpg 768w, https:\/\/www.ek-retail.com\/wp-content\/uploads\/2025\/11\/240605-intersport0463-1536x953.jpg 1536w\" sizes=\"(max-width: 2000px) 100vw, 2000px\" style=\"--ratio: 2000 \/ 1241;\" \/><span class=\"the7-hover-icon\"><i aria-hidden=\"true\" class=\"fas fa-plus\"><\/i><\/span><\/a>\n\t\t<\/div>\n\t<\/div>\n\n\n<div class=\"post-entry-content\">\n\n\t<h3 class=\"ele-entry-title\"><a href=\"https:\/\/www.ek-retail.com\/nl\/stories\/arnold-den-dikken-intersport-zorgt-ervoor-dat-wij-een-omnichannel-strategie-hebben\/\" rel=\"bookmark\" title=\"Arnold den Dikken: \u201cINTERSPORT zorgt ervoor dat wij een omnichannel-strategie hebben\u201d\">Arnold den Dikken: \u201cINTERSPORT zorgt ervoor dat wij een omnichannel-strategie hebben\u201d<\/a><\/h3><div class=\"entry-meta\"><span class=\"meta-item category-link\"><a href=\"https:\/\/www.ek-retail.com\/nl\/category\/ek-sport\/\" rel=\"tag\">EK Sport<\/a><\/span><span class=\"meta-item data-link\"><time class=\"entry-date updated\" datetime=\"2025-11-04T13:32:00+01:00\">4 november 2025<\/time><\/span><\/div><div class=\"entry-excerpt\"><p>\u201cIk ben Arnold den Dikken, samen met mijn vrouw Karla ben ik INTERSPORT-ondernemer in Nunspeet. We runnen de INTERSPORT-winkel in Nunspeet inmiddels 15 jaar. Ik&hellip;<\/p>\n<\/div><a href=\"https:\/\/www.ek-retail.com\/nl\/stories\/arnold-den-dikken-intersport-zorgt-ervoor-dat-wij-een-omnichannel-strategie-hebben\/\" target=\"\" aria-label=\"Lesen Sie mehr \u00fcber Arnold den Dikken: \u201cINTERSPORT zorgt ervoor dat wij een omnichannel-strategie hebben\u201d\" class=\"box-button elementor-button elementor-size-md\">Lees meer<\/a>\n<\/div><\/article><\/div><div class=\"hidden wf-cell category-292\" data-post-id=\"65602\" data-date=\"2025-10-23T13:13:00+02:00\" data-name=\"Eus Peters treedt toe tot de jury van de European Retail Award\"><article class=\"post visible no-img post-65602 stories type-stories status-publish format-standard hentry category-ongecategoriseerd description-off\" data-name=\"Eus Peters treedt toe tot de jury van de European Retail Award\" data-date=\"2025-10-23T13:13:00+02:00\">\n\n<div class=\"post-entry-content\">\n\n\t<h3 class=\"ele-entry-title\"><a href=\"https:\/\/www.ek-retail.com\/nl\/stories\/eus-peters-treedt-toe-tot-de-jury-van-de-european-retail-award\/\" rel=\"bookmark\" title=\"Eus Peters treedt toe tot de jury van de European Retail Award\">Eus Peters treedt toe tot de jury van de European Retail Award<\/a><\/h3><div class=\"entry-meta\"><span class=\"meta-item category-link\"><a href=\"https:\/\/www.ek-retail.com\/nl\/category\/ongecategoriseerd\/\" rel=\"tag\">Ongecategoriseerd<\/a><\/span><span class=\"meta-item data-link\"><time class=\"entry-date updated\" datetime=\"2025-10-23T13:13:00+02:00\">23 oktober 2025<\/time><\/span><\/div><div class=\"entry-excerpt\"><p>Bielefeld, 23 oktober 2025Eus Peters treedt toe tot de jury van de European Retail AwardKlaus Schmelzeisen treedt na 14 jaar terug als jurylid Tijdens de&hellip;<\/p>\n<\/div><a href=\"https:\/\/www.ek-retail.com\/nl\/stories\/eus-peters-treedt-toe-tot-de-jury-van-de-european-retail-award\/\" target=\"\" aria-label=\"Lesen Sie mehr \u00fcber Eus Peters treedt toe tot de jury van de European Retail Award\" class=\"box-button elementor-button elementor-size-md\">Lees meer<\/a>\n<\/div><\/article><\/div><div class=\"hidden wf-cell category-335\" data-post-id=\"67796\" data-date=\"2025-10-19T08:35:00+02:00\" data-name=\"Danny Pormes: \u2018Met Runnersworld maken we het verschil\u2019\"><article class=\"post visible post-67796 stories type-stories status-publish format-standard has-post-thumbnail hentry category-ek-sport description-off\" data-name=\"Danny Pormes: \u2018Met Runnersworld maken we het verschil\u2019\" data-date=\"2025-10-19T08:35:00+02:00\">\n\n\t<div class=\"post-thumbnail-wrap\">\n\t\t<div class=\"post-thumbnail\">\n\n\t\t\t<a class=\"post-thumbnail-rollover img-css-resize-wrapper\" aria-label=\"Berichtafbeelding\" href=\"https:\/\/www.ek-retail.com\/nl\/stories\/danny-pormes-met-runnersworld-maken-we-het-verschil\/\"><img loading=\"lazy\" decoding=\"async\" width=\"950\" height=\"633\" src=\"https:\/\/www.ek-retail.com\/wp-content\/uploads\/2025\/10\/dannypormes.jpg\" class=\"attachment-full size-full preload-me aspect\" alt=\"\" srcset=\"https:\/\/www.ek-retail.com\/wp-content\/uploads\/2025\/10\/dannypormes.jpg 950w, https:\/\/www.ek-retail.com\/wp-content\/uploads\/2025\/10\/dannypormes-300x200.jpg 300w, https:\/\/www.ek-retail.com\/wp-content\/uploads\/2025\/10\/dannypormes-768x512.jpg 768w\" sizes=\"(max-width: 950px) 100vw, 950px\" style=\"--ratio: 950 \/ 633;\" \/><span class=\"the7-hover-icon\"><i aria-hidden=\"true\" class=\"fas fa-plus\"><\/i><\/span><\/a>\n\t\t<\/div>\n\t<\/div>\n\n\n<div class=\"post-entry-content\">\n\n\t<h3 class=\"ele-entry-title\"><a href=\"https:\/\/www.ek-retail.com\/nl\/stories\/danny-pormes-met-runnersworld-maken-we-het-verschil\/\" rel=\"bookmark\" title=\"Danny Pormes: \u2018Met Runnersworld maken we het verschil\u2019\">Danny Pormes: \u2018Met Runnersworld maken we het verschil\u2019<\/a><\/h3><div class=\"entry-meta\"><span class=\"meta-item category-link\"><a href=\"https:\/\/www.ek-retail.com\/nl\/category\/ek-sport\/\" rel=\"tag\">EK Sport<\/a><\/span><span class=\"meta-item data-link\"><time class=\"entry-date updated\" datetime=\"2025-10-19T08:35:00+02:00\">19 oktober 2025<\/time><\/span><\/div><div class=\"entry-excerpt\"><p>\u201cDe samenwerking met EK Retail heeft onze winkels versterkt. Collectieve inkoop is hierbij belangrijk, evenals de gezamenlijke landelijke marketingcampagnes waarmee we de naamsbekendheid van Runnersworld&hellip;<\/p>\n<\/div><a href=\"https:\/\/www.ek-retail.com\/nl\/stories\/danny-pormes-met-runnersworld-maken-we-het-verschil\/\" target=\"\" aria-label=\"Lesen Sie mehr \u00fcber Danny Pormes: \u2018Met Runnersworld maken we het verschil\u2019\" class=\"box-button elementor-button elementor-size-md\">Lees meer<\/a>\n<\/div><\/article><\/div><div class=\"hidden wf-cell category-316\" data-post-id=\"65632\" data-date=\"2025-09-18T14:04:00+02:00\" data-name=\"Innovatie, inspiratie, interactie: najaarsvakbeurs EK LIVE presenteert \u201cImpulses to Go\u201d\"><article class=\"post visible no-img post-65632 stories type-stories status-publish format-standard hentry category-ek-home description-off\" data-name=\"Innovatie, inspiratie, interactie: najaarsvakbeurs EK LIVE presenteert \u201cImpulses to Go\u201d\" data-date=\"2025-09-18T14:04:00+02:00\">\n\n<div class=\"post-entry-content\">\n\n\t<h3 class=\"ele-entry-title\"><a href=\"https:\/\/www.ek-retail.com\/nl\/stories\/innovatie-inspiratie-interactie-najaarsvakbeurs-ek-live-presenteert-impulses-to-go\/\" rel=\"bookmark\" title=\"Innovatie, inspiratie, interactie: najaarsvakbeurs EK LIVE presenteert \u201cImpulses to Go\u201d\">Innovatie, inspiratie, interactie: najaarsvakbeurs EK LIVE presenteert \u201cImpulses to Go\u201d<\/a><\/h3><div class=\"entry-meta\"><span class=\"meta-item category-link\"><a href=\"https:\/\/www.ek-retail.com\/nl\/category\/ek-home\/\" rel=\"tag\">EK Home<\/a><\/span><span class=\"meta-item data-link\"><time class=\"entry-date updated\" datetime=\"2025-09-18T14:04:00+02:00\">18 september 2025<\/time><\/span><\/div><div class=\"entry-excerpt\"><p>Bielefeld, 17 september 2025 Van 17 tot en met 19 september 2025 is Bielefeld de ontmoetingsplaats voor door de eigenaar geleide vakhandelaren: meer dan 250&hellip;<\/p>\n<\/div><a href=\"https:\/\/www.ek-retail.com\/nl\/stories\/innovatie-inspiratie-interactie-najaarsvakbeurs-ek-live-presenteert-impulses-to-go\/\" target=\"\" aria-label=\"Lesen Sie mehr \u00fcber Innovatie, inspiratie, interactie: najaarsvakbeurs EK LIVE presenteert \u201cImpulses to Go\u201d\" class=\"box-button elementor-button elementor-size-md\">Lees meer<\/a>\n<\/div><\/article><\/div><div class=\"hidden wf-cell category-292\" data-post-id=\"65603\" data-date=\"2025-09-18T11:27:00+02:00\" data-name=\"Raad van Commissarissen van EK Retail herstructureert zichzelf\"><article class=\"post visible no-img post-65603 stories type-stories status-publish format-standard hentry category-ongecategoriseerd description-off\" data-name=\"Raad van Commissarissen van EK Retail herstructureert zichzelf\" data-date=\"2025-09-18T11:27:00+02:00\">\n\n<div class=\"post-entry-content\">\n\n\t<h3 class=\"ele-entry-title\"><a href=\"https:\/\/www.ek-retail.com\/nl\/stories\/raad-van-commissarissen-van-ek-retail-herstructureert-zichzelf\/\" rel=\"bookmark\" title=\"Raad van Commissarissen van EK Retail herstructureert zichzelf\">Raad van Commissarissen van EK Retail herstructureert zichzelf<\/a><\/h3><div class=\"entry-meta\"><span class=\"meta-item category-link\"><a href=\"https:\/\/www.ek-retail.com\/nl\/category\/ongecategoriseerd\/\" rel=\"tag\">Ongecategoriseerd<\/a><\/span><span class=\"meta-item data-link\"><time class=\"entry-date updated\" datetime=\"2025-09-18T11:27:00+02:00\">18 september 2025<\/time><\/span><\/div><div class=\"entry-excerpt\"><p>Bielefeld, 18 september 2025 Vertegenwoordigende Vergadering kiest Johan G.M. Vlassak in de Raad van Commissarissen \/ Dr. Marc Zgaga benoemd tot nieuwe vicevoorzitter van de&hellip;<\/p>\n<\/div><a href=\"https:\/\/www.ek-retail.com\/nl\/stories\/raad-van-commissarissen-van-ek-retail-herstructureert-zichzelf\/\" target=\"\" aria-label=\"Lesen Sie mehr \u00fcber Raad van Commissarissen van EK Retail herstructureert zichzelf\" class=\"box-button elementor-button elementor-size-md\">Lees meer<\/a>\n<\/div><\/article><\/div><div class=\"hidden wf-cell category-308\" data-post-id=\"63903\" data-date=\"2025-07-17T14:18:09+02:00\" data-name=\"In de spotlight: Fabienne Chapot\"><article class=\"post visible no-img post-63903 stories type-stories status-publish format-standard hentry category-ek-fashion description-off\" data-name=\"In de spotlight: Fabienne Chapot\" data-date=\"2025-07-17T14:18:09+02:00\">\n\n<div class=\"post-entry-content\">\n\n\t<h3 class=\"ele-entry-title\"><a href=\"https:\/\/www.ek-retail.com\/nl\/stories\/in-de-spotlight-fabienne-chapot\/\" rel=\"bookmark\" title=\"In de spotlight: Fabienne Chapot\">In de spotlight: Fabienne Chapot<\/a><\/h3><div class=\"entry-meta\"><span class=\"meta-item category-link\"><a href=\"https:\/\/www.ek-retail.com\/nl\/category\/ek-fashion\/\" rel=\"tag\">EK Fashion<\/a><\/span><span class=\"meta-item data-link\"><time class=\"entry-date updated\" datetime=\"2025-07-17T14:18:09+02:00\">17 juli 2025<\/time><\/span><\/div><div class=\"entry-excerpt\"><p>&#8216;&#8220;Het is niet zo moeilijk om een hype te cre\u00ebren, het is moeilijk om deze vol te houden.&#8221; Vertel ons, wie is Fabienne?&#8220;Ik ben Fabienne&hellip;<\/p>\n<\/div><a href=\"https:\/\/www.ek-retail.com\/nl\/stories\/in-de-spotlight-fabienne-chapot\/\" target=\"\" aria-label=\"Lesen Sie mehr \u00fcber In de spotlight: Fabienne Chapot\" class=\"box-button elementor-button elementor-size-md\">Lees meer<\/a>\n<\/div><\/article><\/div><div class=\"hidden wf-cell category-308\" data-post-id=\"63909\" data-date=\"2025-07-17T14:15:00+02:00\" data-name=\"In de spotlight: Masai Copenhagen \u2013 Jeroen Meijer\"><article class=\"post visible no-img post-63909 stories type-stories status-publish format-standard hentry category-ek-fashion description-off\" data-name=\"In de spotlight: Masai Copenhagen \u2013 Jeroen Meijer\" data-date=\"2025-07-17T14:15:00+02:00\">\n\n<div class=\"post-entry-content\">\n\n\t<h3 class=\"ele-entry-title\"><a href=\"https:\/\/www.ek-retail.com\/nl\/stories\/in-de-spotlight-masai-copenhagen-jeroen-meijer\/\" rel=\"bookmark\" title=\"In de spotlight: Masai Copenhagen \u2013 Jeroen Meijer\">In de spotlight: Masai Copenhagen \u2013 Jeroen Meijer<\/a><\/h3><div class=\"entry-meta\"><span class=\"meta-item category-link\"><a href=\"https:\/\/www.ek-retail.com\/nl\/category\/ek-fashion\/\" rel=\"tag\">EK Fashion<\/a><\/span><span class=\"meta-item data-link\"><time class=\"entry-date updated\" datetime=\"2025-07-17T14:15:00+02:00\">17 juli 2025<\/time><\/span><\/div><div class=\"entry-excerpt\"><p>&#8220;Doordacht ontworpen in Kopenhagen, ge\u00efnspireerd door vrouwen&#8221; Jeroen is Head of Sales Benelux bij Masai Copenhagen. Masai is een Deens label dat in 1992 werd&hellip;<\/p>\n<\/div><a href=\"https:\/\/www.ek-retail.com\/nl\/stories\/in-de-spotlight-masai-copenhagen-jeroen-meijer\/\" target=\"\" aria-label=\"Lesen Sie mehr \u00fcber In de spotlight: Masai Copenhagen \u2013 Jeroen Meijer\" class=\"box-button elementor-button elementor-size-md\">Lees meer<\/a>\n<\/div><\/article><\/div><div class=\"hidden wf-cell category-308\" data-post-id=\"63915\" data-date=\"2025-07-17T14:13:49+02:00\" data-name=\"In de spotlight: Maribelle Mode - Tineke Ottevanger\"><article class=\"post visible no-img post-63915 stories type-stories status-publish format-standard hentry category-ek-fashion description-off\" data-name=\"In de spotlight: Maribelle Mode &#8211; Tineke Ottevanger\" data-date=\"2025-07-17T14:13:49+02:00\">\n\n<div class=\"post-entry-content\">\n\n\t<h3 class=\"ele-entry-title\"><a href=\"https:\/\/www.ek-retail.com\/nl\/stories\/in-de-spotlight-maribelle-mode-tineke-ottevanger\/\" rel=\"bookmark\" title=\"In de spotlight: Maribelle Mode &#8211; Tineke Ottevanger\">In de spotlight: Maribelle Mode &#8211; Tineke Ottevanger<\/a><\/h3><div class=\"entry-meta\"><span class=\"meta-item category-link\"><a href=\"https:\/\/www.ek-retail.com\/nl\/category\/ek-fashion\/\" rel=\"tag\">EK Fashion<\/a><\/span><span class=\"meta-item data-link\"><time class=\"entry-date updated\" datetime=\"2025-07-17T14:13:49+02:00\">17 juli 2025<\/time><\/span><\/div><div class=\"entry-excerpt\"><p>&#8220;U moet elke dag zelf een aangename sfeer cre\u00ebren.&#8221; Tineke is al 32 jaar eigenaar van Maribelle Mode, een damesmodezaak in Klundert. Toen zij 21&hellip;<\/p>\n<\/div><a href=\"https:\/\/www.ek-retail.com\/nl\/stories\/in-de-spotlight-maribelle-mode-tineke-ottevanger\/\" target=\"\" aria-label=\"Lesen Sie mehr \u00fcber In de spotlight: Maribelle Mode &#8211; Tineke Ottevanger\" class=\"box-button elementor-button elementor-size-md\">Lees meer<\/a>\n<\/div><\/article><\/div><div class=\"hidden wf-cell category-308\" data-post-id=\"67802\" data-date=\"2025-07-17T14:12:48+02:00\" data-name=\"In the spotlight: Arthur&amp;Willemijn - Sander van Buiten\"><article class=\"post visible no-img post-67802 stories type-stories status-publish format-standard hentry category-ek-fashion description-off\" data-name=\"In the spotlight: Arthur&amp;Willemijn &#8211; Sander van Buiten\" data-date=\"2025-07-17T14:12:48+02:00\">\n\n<div class=\"post-entry-content\">\n\n\t<h3 class=\"ele-entry-title\"><a href=\"https:\/\/www.ek-retail.com\/nl\/stories\/in-the-spotlight-arthurwillemijn-sander-van-buiten\/\" rel=\"bookmark\" title=\"In the spotlight: Arthur&amp;Willemijn &#8211; Sander van Buiten\">In the spotlight: Arthur&amp;Willemijn &#8211; Sander van Buiten<\/a><\/h3><div class=\"entry-meta\"><span class=\"meta-item category-link\"><a href=\"https:\/\/www.ek-retail.com\/nl\/category\/ek-fashion\/\" rel=\"tag\">EK Fashion<\/a><\/span><span class=\"meta-item data-link\"><time class=\"entry-date updated\" datetime=\"2025-07-17T14:12:48+02:00\">17 juli 2025<\/time><\/span><\/div><div class=\"entry-excerpt\"><p>\u201cDe klant helpen en daarvoor gewaardeerd worden. Doen waar uw passie ligt.\u201d Vertel eens, wie is Sander?**\u201cMijn naam is Sander van Buiten en mijn ouders&hellip;<\/p>\n<\/div><a href=\"https:\/\/www.ek-retail.com\/nl\/stories\/in-the-spotlight-arthurwillemijn-sander-van-buiten\/\" target=\"\" aria-label=\"Lesen Sie mehr \u00fcber In the spotlight: Arthur&amp;Willemijn &#8211; Sander van Buiten\" class=\"box-button elementor-button elementor-size-md\">Lees meer<\/a>\n<\/div><\/article><\/div><div class=\"hidden wf-cell category-308\" data-post-id=\"67809\" data-date=\"2025-07-17T14:11:35+02:00\" data-name=\"In de schijnwerpers: De Rode Winkel \u2013 Daan Broekman\"><article class=\"post visible no-img post-67809 stories type-stories status-publish format-standard hentry category-ek-fashion description-off\" data-name=\"In de schijnwerpers: De Rode Winkel \u2013 Daan Broekman\" data-date=\"2025-07-17T14:11:35+02:00\">\n\n<div class=\"post-entry-content\">\n\n\t<h3 class=\"ele-entry-title\"><a href=\"https:\/\/www.ek-retail.com\/nl\/stories\/in-de-schijnwerpers-de-rode-winkel-daan-broekman\/\" rel=\"bookmark\" title=\"In de schijnwerpers: De Rode Winkel \u2013 Daan Broekman\">In de schijnwerpers: De Rode Winkel \u2013 Daan Broekman<\/a><\/h3><div class=\"entry-meta\"><span class=\"meta-item category-link\"><a href=\"https:\/\/www.ek-retail.com\/nl\/category\/ek-fashion\/\" rel=\"tag\">EK Fashion<\/a><\/span><span class=\"meta-item data-link\"><time class=\"entry-date updated\" datetime=\"2025-07-17T14:11:35+02:00\">17 juli 2025<\/time><\/span><\/div><div class=\"entry-excerpt\"><p>&#8220;Ik loop hier binnen en het is altijd feest \u2014 het is nooit dat ik denk: ik voel het niet.&#8221; Vertel ons, wie is Daan&hellip;<\/p>\n<\/div><a href=\"https:\/\/www.ek-retail.com\/nl\/stories\/in-de-schijnwerpers-de-rode-winkel-daan-broekman\/\" target=\"\" aria-label=\"Lesen Sie mehr \u00fcber In de schijnwerpers: De Rode Winkel \u2013 Daan Broekman\" class=\"box-button elementor-button elementor-size-md\">Lees meer<\/a>\n<\/div><\/article><\/div><div class=\"hidden wf-cell category-308\" data-post-id=\"67820\" data-date=\"2025-07-17T14:10:18+02:00\" data-name=\"In de schijnwerpers: Modestal 2.0 \u2013 Ben Kooyman\"><article class=\"post visible no-img post-67820 stories type-stories status-publish format-standard hentry category-ek-fashion description-off\" data-name=\"In de schijnwerpers: Modestal 2.0 \u2013 Ben Kooyman\" data-date=\"2025-07-17T14:10:18+02:00\">\n\n<div class=\"post-entry-content\">\n\n\t<h3 class=\"ele-entry-title\"><a href=\"https:\/\/www.ek-retail.com\/nl\/stories\/in-de-schijnwerpers-modestal-2-0-ben-kooyman\/\" rel=\"bookmark\" title=\"In de schijnwerpers: Modestal 2.0 \u2013 Ben Kooyman\">In de schijnwerpers: Modestal 2.0 \u2013 Ben Kooyman<\/a><\/h3><div class=\"entry-meta\"><span class=\"meta-item category-link\"><a href=\"https:\/\/www.ek-retail.com\/nl\/category\/ek-fashion\/\" rel=\"tag\">EK Fashion<\/a><\/span><span class=\"meta-item data-link\"><time class=\"entry-date updated\" datetime=\"2025-07-17T14:10:18+02:00\">17 juli 2025<\/time><\/span><\/div><div class=\"entry-excerpt\"><p>\u201cGrote modeondernemers in Putten komen nu maandelijks samen\u201d We trappen de serie af met Ben Kooyman. Samen met zijn vrouw Marjan is hij eigenaar van&hellip;<\/p>\n<\/div><a href=\"https:\/\/www.ek-retail.com\/nl\/stories\/in-de-schijnwerpers-modestal-2-0-ben-kooyman\/\" target=\"\" aria-label=\"Lesen Sie mehr \u00fcber In de schijnwerpers: Modestal 2.0 \u2013 Ben Kooyman\" class=\"box-button elementor-button elementor-size-md\">Lees meer<\/a>\n<\/div><\/article><\/div><\/div><!-- iso-container|iso-grid --><div class=\"paginator filter-decorations paginator-more-button filter-pointer-underline\">\n\t\t\t\t<a class=\"button-load-more highlighted filter-item\" href=\"javascript:void(0);\" data-dt-page=\"1\" ><i aria-hidden=\"true\" class=\"fas fa-arrow-circle-down\"><\/i><span class=\"button-caption\">Meer laden<\/span><\/a>\n\t\t\t<\/div><\/div>\t\t\t\t<\/div>\n\t\t\t\t<\/div>\n\t\t\t\t\t<\/div>\n\t\t\t\t<\/div>\n\t\t\t\t<\/div>\n\t\t","protected":false},"excerpt":{"rendered":"<p>PERS Samen met onze partners worden we regelmatig in de pers vermeld. Contact Persberichten Of het nu in Nederland, Frankrijk of Duitsland is, we zijn overal in de pers vertegenwoordigd. Alles weergevenEK DIYEK FashionEK HomeEK LivingEK SportGroup LevelPressSort by dateSort by nameDescendingAscending A look back at an inspiring sales training session at EK Living EK&hellip;<\/p>\n","protected":false},"author":2,"featured_media":0,"parent":0,"menu_order":0,"comment_status":"closed","ping_status":"closed","template":"elementor_header_footer","meta":{"footnotes":""},"class_list":["post-64021","page","type-page","status-publish","hentry","description-off"],"_links":{"self":[{"href":"https:\/\/www.ek-retail.com\/nl\/wp-json\/wp\/v2\/pages\/64021","targetHints":{"allow":["GET"]}}],"collection":[{"href":"https:\/\/www.ek-retail.com\/nl\/wp-json\/wp\/v2\/pages"}],"about":[{"href":"https:\/\/www.ek-retail.com\/nl\/wp-json\/wp\/v2\/types\/page"}],"author":[{"embeddable":true,"href":"https:\/\/www.ek-retail.com\/nl\/wp-json\/wp\/v2\/users\/2"}],"replies":[{"embeddable":true,"href":"https:\/\/www.ek-retail.com\/nl\/wp-json\/wp\/v2\/comments?post=64021"}],"version-history":[{"count":0,"href":"https:\/\/www.ek-retail.com\/nl\/wp-json\/wp\/v2\/pages\/64021\/revisions"}],"wp:attachment":[{"href":"https:\/\/www.ek-retail.com\/nl\/wp-json\/wp\/v2\/media?parent=64021"}],"curies":[{"name":"wp","href":"https:\/\/api.w.org\/{rel}","templated":true}]}}